{"version":"1.0","provider_name":"Sport24","provider_url":"https:\/\/sport24.24.hu","author_name":"Bruckner G\u00e1bor","author_url":"https:\/\/sport24.24.hu\/author\/brucknerg\/","title":"K\u00e9zilabda: egy igazi csapat az olimpi\u00e1n \u2013 de mi\u00e9rt tekintj\u00fck csodak\u00f6zeli teljes\u00edtm\u00e9nynek a kijut\u00e1st?","html":"A magyar f\u00e9rfi k\u00e9zilabda-v\u00e1logatott 1997 \u00f3ta nem ker\u00fclt a legjobb n\u00e9gy k\u00f6z\u00e9 Eur\u00f3pa-bajnoks\u00e1gon vagy vb-n, de mindk\u00e9tszer negyedik helyen v\u00e9gzett, amikor olimpi\u00e1n j\u00e1tszhatott (2004, 2012). De ez P\u00e1rizsra egy\u00e1ltal\u00e1n nem biztos, hogy igaz.\r\n\r\nA v\u00e9g\u00e9re fogunk eml\u00e9kezni, \u00e1m a kvalifik\u00e1ci\u00f3s proced\u00fara a tavalyi vil\u00e1gbajnoks\u00e1gon kezd\u0151d\u00f6tt. A mutatott j\u00e1t\u00e9kra a helyez\u00e9s kent gy\u00f3gy\u00edrt, mert a csapat nagy \u00e9s megal\u00e1z\u00f3 \u2013 olykor rekord- \u2013 k\u00fcl\u00f6nbs\u00e9g\u0171 veres\u00e9gekbe szaladt bele Portug\u00e1lia, Sv\u00e9dorsz\u00e1g, D\u00e1nia \u00e9s Norv\u00e9gia ellen. Egy Izland elleni, hajr\u00e1ban aratott gy\u0151zelem (<strong>Bod\u00f3<\/strong> \u00e9s <strong>Mikler<\/strong> nagy perceivel), meg a portug\u00e1lok megmagyar\u00e1zhatatlan, Braz\u00edlia elleni botl\u00e1sa seg\u00edtette a t\u00e1rsas\u00e1got a 8. helyhez, \u00edgy pedig az olimpiai kvalifik\u00e1ci\u00f3s torn\u00e1n val\u00f3 r\u00e9szv\u00e9tel jog\u00e1nak korai megszerz\u00e9s\u00e9vel az \u201eegy\u00e9ves nyugalom v\u00f6lgy\u00e9be\u201d. Ha nincs <strong>Martins\u00e9k<\/strong> v\u00e1ratlan d\u00f6ntetlenje, a magyar csapat a 13. helyen v\u00e9gez.\r\n\r\nA magyar v\u00e1logatott \u00e9s spanyol sz\u00f6vets\u00e9gi kapit\u00e1nya,\r\n\r\n<span class=\"highlight-block\">Chema Rodriguez egy esztend\u0151nyi k\u00eds\u00e9rleti id\u0151szakhoz jutott.<\/span>\r\n\r\nA v\u00e1logatott alighanem ennek k\u00f6sz\u00f6nheti <strong>Imre Benc\u00e9t<\/strong> \u00e9s <strong>Bartucz L\u00e1szl\u00f3t<\/strong>, \u00f6nbizalm\u00e1nak \u00e9s val\u00f3sz\u00edn\u0171leg taktikai elemeinek egy r\u00e9sz\u00e9t is. Ez id\u0151 alatt a csapat v\u00e9rfriss\u00edt\u00e9sen eshetett \u00e1t, teher n\u00e9lk\u00fcl j\u00e1tszhatott (az Eb-selejtez\u0151 nyilv\u00e1nval\u00f3an nem jelenthetett gondot), \u00e9s v\u00e9g\u00fcl egy torn\u00e1ra is \u00fagy utazhatott el, hogy nem volt min agg\u00f3dnia (m\u00e1rmint az olimpiai kvalifik\u00e1ci\u00f3 szempontj\u00e1b\u00f3l). R\u00e1ad\u00e1sul, a taktikai vari\u00e1ci\u00f3k sz\u00ednes\u00edt\u00e9s\u00e9ben, begyakorl\u00e1s\u00e1ban \u00e9s szem\u00e9lyre szab\u00e1s\u00e1ban is szabads\u00e1got adott \u00e9ppen az az id\u0151szak, amikor Chema imm\u00e1ron a Benfica csapat\u00e1t elhagyva, f\u0151\u00e1ll\u00e1s\u00fa kapit\u00e1nyk\u00e9nt szellemi energi\u00e1i eg\u00e9sz\u00e9t a v\u00e1logatottra ford\u00edthatta. Vajon Chema ugyanolyan b\u00e1tran vitte volna mag\u00e1val az idei, janu\u00e1ri Eb-re az \u0151sszel szinte v\u00e9gig s\u00e9r\u00fclt Imre Benc\u00e9t, ha ott kell belekapaszkodni az utols\u00f3 szalmasz\u00e1lba, vagy net\u00e1n az eg\u00e9szs\u00e9ges rutin mellett d\u00f6nt\u00f6tt volna? Vajon ennyire felszabadultan k\u00e9zilabd\u00e1zhatott volna a csapat a nyomaszt\u00f3 t\u00e9t alatt, \u00e9s \u00edgy bizony\u00edthatta volna mag\u00e1nak: sokkal t\u00f6bbre is k\u00e9pes, mint amit eddig mutatott?\r\n\r\n[caption id=\"attachment_12338\" align=\"alignnone\" width=\"4380\"]<img class=\"size-full wp-image-12338\" src=\"https:\/\/sport24.24.hu\/app\/uploads\/sites\/24\/2024\/03\/bartucz.jpg\" alt=\"\" width=\"4380\" height=\"2920\" \/> Bartucz L\u00e1szl\u00f3 a selejtez\u0151torna egyik magyar h\u0151se volt.[\/caption]\r\n\r\nBiztosan nem tudhatjuk, de a v\u00e1lasz nagyon nagy val\u00f3sz\u00edn\u0171s\u00e9ggel k\u00e9tszer is nem. A v\u00e1logatott sz\u00e1m\u00e1ra az el\u00e1tkozott dujshebajevi k\u00eds\u00e9rlet \u00e9s nyolc \u00e9v ut\u00e1n \u00fajra felfedezett Bartuczzal kapcsolatban t\u00e1n k\u00e1r is felvetni a k\u00e9rd\u00e9st, mert az akkora nagy NEM: Mikler nem k\u00e9rt volna pihen\u0151t, Bartucz nem utazott volna az Eb-re.\r\n\r\n<span class=\"highlight-block-small\">A magyar egy\u00fcttes a kvalifik\u00e1ci\u00f3s torn\u00e1ra a \u201enyugalmi Eb-n\u201d \u00e1talakulva, az ottani tapasztalatokat levonva, meger\u0151s\u00f6dve, \u00f6sszecsiszol\u00f3dva \u00e9rkezett meg. <\/span>\r\n\r\nA kezd\u0151csapatot \u2013 ami persze k\u00e9zilabd\u00e1ban elvileg l\u00e9nyegtelen \u2013 m\u00e1r nagy magabiztoss\u00e1ggal tudhatjuk, \u00e9s v\u00e1ltoz\u00e1s az olimpi\u00e1ig is csak s\u00e9r\u00fcl\u00e9s vagy nagyon l\u00e1tv\u00e1nyos formaingadoz\u00e1s eset\u00e9n v\u00e1rhat\u00f3. Ak\u00e1r meg is tanulhatjuk: Mikler, Imre, <strong>Ancsin<\/strong>, <strong>L\u00e9kai<\/strong>, <strong>B\u00e1nhidi<\/strong>, <strong>Szita<\/strong>, <strong>B\u00f3ka<\/strong>, v\u00e9dekez\u00e9sben <strong>Sipos<\/strong>. A meccseket a magyar egy\u00fcttes t\u00e1mad\u00e1sban B\u00e1nhidinek az ellenf\u00e9l legkisebb vagy legkev\u00e9sb\u00e9 er\u0151snek taks\u00e1lt v\u00e9d\u0151j\u00e9re helyez\u00e9s\u00e9vel kezdi, ahogyan ez Tun\u00e9zi\u00e1val szemben a riv\u00e1lis jobbsz\u00e9ls\u0151je, Portug\u00e1lia ellen a kettest v\u00e9dekez\u0151 balsz\u00e9ls\u0151, Fernandes volt. Gyakran sz\u00e9ls\u0151befut\u00e1ssal teremt\u00fcnk helyet a l\u00f6v\u0151knek, vagy kett\u0151-kettes helyzetet B\u00e1nhidi \u00e9s egy t\u00e1rsa sz\u00e1m\u00e1ra. A magyar csapat j\u00e1t\u00e9ka k\u00f6zben folyamatos v\u00e1ltoz\u00e1sban van, \u00e9s m\u00e1r k\u00e9rd\u00e9ses, hogy m\u00e9g mindig egy\u00e9rtelm\u0171en be\u00e1ll\u00f3 \u00e9s \u00e1tl\u00f6v\u0151 centrikus-e. M\u00e1r az Eb-n mutatott l\u00f6v\u0151hat\u00e9konys\u00e1g alapj\u00e1n is \u00e9rz\u00e9kelhet\u0151 volt, hogy a sz\u00e9ls\u0151k megj\u00e1tsz\u00e1s\u00e1ban t\u00f6bb lehet\u0151s\u00e9g rejlik. Ezen a h\u00e1rom meccsen ez tendenci\u00e1v\u00e1 v\u00e1lt. A h\u00e1rom olimpiai kvalifik\u00e1ci\u00f3s torna \u00f6sszesen 12 csapata k\u00f6z\u00fcl a magyar pr\u00f3b\u00e1lkozott a m\u00e1sodik legt\u00f6bb l\u00f6v\u00e9ssel sz\u00e9lr\u0151l, \u00e9s a m\u00e1sodik legt\u00f6bb g\u00f3lt szerezte onnan, ami rendk\u00edv\u00fcl szokatlan. \u00c9s ha ezt p\u00e1rba \u00e1ll\u00edtjuk azzal, hogy mindek\u00f6zben magyar kezek ind\u00edtott\u00e1k \u00fatj\u00e1ra a legkevesebb t\u00e1voli l\u00f6v\u00e9st, \u00e9s a mieink \u00e9rt\u00e9k el a legkevesebb t\u00e1voli g\u00f3lt, kijelenthet\u0151: az egy\u00fcttes j\u00e1t\u00e9ka meg\u00fajult.\r\n\r\nEnnek t\u00f6bb oka van, de nem \u00e1rt hangs\u00falyozni, hogy a nagy versenyek statisztik\u00e1i alapj\u00e1n\r\n\r\n<span class=\"highlight-block\">eleve nagyobb es\u00e9llyel kecsegtet g\u00f3llal egy sz\u00e9ls\u0151befejez\u00e9s, mint egy \u00e1tl\u00f6v\u00e9si k\u00eds\u00e9rlet.<\/span>\r\n\r\nErre a torn\u00e1ra l\u00f6v\u0151ink egyike sem \u00e9rkezett kirobban\u00f3 \u00e1llapotban: az Eb-n legkiegyens\u00falyozottabb Ancsin G\u00e1bor s\u00e9r\u00fcl\u00e9sb\u0151l t\u00e9rt vissza, Szita \u00e9s Bod\u00f3 nem h\u00faz\u00f3, ink\u00e1bb kieg\u00e9sz\u00edt\u0151 ember a klubj\u00e1ban, <strong>Ilicsnek<\/strong> pedig az el\u0151z\u0151 vil\u00e1gversenye nem siker\u00fclt el\u00e9g j\u00f3l ahhoz, hogy nagy \u00f6nbizalommal v\u00e1llalkozzon. Ez m\u00e1r az els\u0151 meccsen megmutatkozott, \u00e9s kifele terelte a j\u00e1t\u00e9kunkat. V\u00e9g\u00fcl mindh\u00e1rom tal\u00e1lkoz\u00f3t \u00fagy fejezt\u00fck be, hogy az ellenf\u00e9l t\u00f6bbsz\u00f6r volt eredm\u00e9nyes nagy hat\u00f3t\u00e1vols\u00e1g\u00fa l\u00f6v\u00e9sekb\u0151l. A sz\u00e9ls\u0151 befejez\u00e9sek sz\u00e1m\u00e1t tov\u00e1bb n\u00f6velte az emberel\u0151ny\u00f6s j\u00e1t\u00e9kunk, amely am\u00fagy is t\u00f6bb mindent mutat meg, mint azt egy ilyen fel\u00e1ll\u00e1st\u00f3l az ember v\u00e1rn\u00e1. A 7-5 elleni t\u00e1mad\u00e1sok r\u00f6vidke p\u00e1lyafut\u00e1sa a magyar v\u00e1logatottn\u00e1l Chema Rodriguez \u00faj\u00edt\u00f3 sz\u00e1nd\u00e9k\u00e1nak, makacss\u00e1g\u00e1nak \u00e9s ravaszs\u00e1g\u00e1nak is bizony\u00edt\u00e9ka. A nemzetk\u00f6zi k\u00e9zilabdaszc\u00e9n\u00e1ban ezt kevesen alkalmazz\u00e1k, nagy j\u00e1t\u00e9kosok ir\u00e1nti bizalmat ig\u00e9nyel az edz\u0151 r\u00e9sz\u00e9r\u0151l a saj\u00e1t kapu fenyeget\u0151 \u00fcress\u00e9ge miatt. Az Eb-n ezt m\u00e1r l\u00e1thattuk, n\u00e9h\u00e1ny meccs ut\u00e1n viszont az ellenfelek jobban reag\u00e1ltak, \u00e9s Chema ink\u00e1bb lemondott r\u00f3la; visszat\u00e9rt a sima, 6-5 elleni el\u0151ny\u00f6kh\u00f6z. Chema azonban hitt az \u00f6tlet\u00e9ben (makacss\u00e1g), \u00e9s kicsit megv\u00e1ltoztatva azt (B\u00e1nhidi mellett m\u00e1r kiz\u00e1r\u00f3lag <strong>Rosta<\/strong> szerepelt benne be\u00e1ll\u00f3k\u00e9nt, az Eb-n m\u00e9g <strong>Ligetv\u00e1ri<\/strong> is el\u0151fordult) \u2013 az ellenfelek sz\u00e1m\u00e1ra v\u00e1ratlanul \u2013 el\u0151vette a k\u00e9t legfontosabb tal\u00e1lkoz\u00f3ra (ravaszs\u00e1g). A norv\u00e9gok ellen <strong>Fazekas Gerg\u0151<\/strong> ezekb\u0151l a helyzetekb\u0151l villogott, \u00e9s siker\u00fclt sz\u0171k\u00edtenie a k\u00fcl\u00f6nbs\u00e9get, a portug\u00e1lokkal szemben pedig 4 el\u0151nyb\u0151l 8-szor g\u00f3lt hozott a 7-5-\u00f6s j\u00e1t\u00e9k. Mindezek mellett a visszacser\u00e9ket is t\u00f6k\u00e9letesen oldotta meg a csapat.\r\n\r\n<span class=\"highlight-block\">Az emberel\u0151ny\u00f6knek nagy szerep\u00fck volt az utols\u00f3 meccs megnyer\u00e9s\u00e9ben.<\/span>\r\n\r\n[caption id=\"attachment_12341\" align=\"alignnone\" width=\"4225\"]<img class=\"size-full wp-image-12341\" src=\"https:\/\/sport24.24.hu\/app\/uploads\/sites\/24\/2024\/03\/chema.jpg\" alt=\"\" width=\"4225\" height=\"2817\" \/> Chema Rodr\u00edguez, a magyar v\u00e1logatott sz\u00f6vets\u00e9gi kapit\u00e1nya.[\/caption]\r\n\r\n<div class=\"payable-content-section\"><\/div>\r\nNegyed\u00f3ra m\u00falt\u00e1n j\u00f6nnek \u00faj emberek a p\u00e1ly\u00e1ra, \u00e9s a csapat \u00e1t\u00e1ll k\u00e9t cser\u00e9re t\u00e1mad\u00e1s \u00e9s v\u00e9dekez\u00e9s k\u00f6z\u00f6tt. A jelenlegi trendek szerint \u00e1ltal\u00e1nosnak tekinthet\u0151, hogy a meccsek elej\u00e9n igyekeznek a csapatok a m\u00e9g friss ellenf\u00e9llel szemben a lehet\u0151 legkevesebb cser\u00e9vel j\u00e1tszani, k\u00e9s\u0151bb ebb\u0151l engednek. N\u00e1lunk ez a v\u00e9dekez\u00e9snek a Ligetv\u00e1ri, Sipos kett\u0151s behozatal\u00e1val j\u00f3t tesz, mik\u00e9ppen B\u00e1nhidinek is t\u00f6bb ereje marad a t\u00e1mad\u00e1sokra, r\u00e1ad\u00e1sul ilyenkor \u00e9rkezik az a Bod\u00f3, akivel a szegedi be\u00e1ll\u00f3nak a l\u00f6v\u0151k k\u00f6z\u00fcl a legstabilabb \u00e9s a legr\u00e9gebbi a p\u00e1roskapcsolata. A n\u00e1lunk sebess\u00e9gben gyakran jobb adotts\u00e1g\u00fa ellenfelek ilyenkor v\u00e1laszthatj\u00e1k azt, hogy \u2013 kihaszn\u00e1lva a k\u00e9t cser\u00e9nket \u2013 gyors\u00edtanak, megnehez\u00edtve a visszarendez\u0151d\u00e9st, vagy azt, hogy \u0151k is t\u00f6bbet v\u00e1ltoztatnak. Mindk\u00e9t ellenfel\u00fcnk az ut\u00f3bbi mellett d\u00f6nt\u00f6tt, a norv\u00e9gok k\u00e9t, a portug\u00e1lok olykor h\u00e1rom cser\u00e9t hajtottak v\u00e9gre, hogy \u00e1thatolhatatlanabb\u00e1 tegy\u00e9k a v\u00e9delm\u00fcket \u00e9s megfojts\u00e1k a be\u00e1ll\u00f3 k\u00f6r\u00fcli akci\u00f3inkat. A norv\u00e9gok k\u00fcl\u00f6nleges cseretaktik\u00e1t alkalmaznak, amelyben a kapust haszn\u00e1lva hat mez\u0151nyj\u00e1t\u00e9kost \u00e1lland\u00f3an p\u00e1ly\u00e1n tartva v\u00e1ltoztatj\u00e1k \u00e1t a v\u00e9d\u0151form\u00e1ci\u00f3t t\u00e1mad\u00f3ra \u00e9s akad\u00e1lyozz\u00e1k meg az ellenf\u00e9l szabad cser\u00e9it, a gyors labdafelhozatalt. A t\u00f6bb cser\u00e9t egyszerre k\u00e9pesek v\u00e9grehajtani, ennek kulcsa egy olyan v\u00e9d\u0151specialista, mint <strong>O'Sullivan<\/strong>, aki t\u00e1mad\u00e1sban is kiemelked\u0151. A norv\u00e9g v\u00e1logatott ennyivel biztosan t\u00f6bb a mi\u00e9nkn\u00e9l.\r\n\r\nChema Rodriguez az eddig v\u00e1zolt alaps\u00e9ma mellett a tov\u00e1bbiakban az aktu\u00e1lisan mutatott j\u00e1t\u00e9k \u00e9s az ellenf\u00e9l alapj\u00e1n vari\u00e1lja a csapatot, ha kell, nyitott v\u00e9dekez\u00e9st \u00e9s egy alacsonyabb, gyorsabb szerkezet\u0171 csapatot (Ilics, <strong>Hanusz<\/strong>, Fazekas) is \u00f6sszerak, ahogyan az a norv\u00e9gok elleni tal\u00e1lkoz\u00f3n meg is t\u00f6rt\u00e9nt. Az olimpi\u00e1ra kisebb keretek utazhatnak, \u00edgy ott a vari\u00e1ci\u00f3k sz\u00e1ma besz\u0171k\u00fclhet, mert kev\u00e9s a komplex magyar j\u00e1t\u00e9kos, de ennek megold\u00e1sa m\u00e1r Chema k\u00f6vetkez\u0151 h\u00f3napjainak feladata.\r\n\r\nNeh\u00e9z eld\u00f6nteni, hogy ezeknek a taktikai megfontol\u00e1soknak a sora \u00e9s a csapat kisug\u00e1rz\u00e1sa, hangulata mekkora ar\u00e1nyban j\u00e1rult hozz\u00e1 a mostani eredm\u00e9nyhez, de szembe\u00f6tl\u0151, hogy\r\n\r\n<span class=\"highlight-block\">a j\u00e1t\u00e9kosok mindegyike k\u00e9pes hozz\u00e1tenni a k\u00f6z\u00f6s sikerhez. <\/span>\r\n\r\nHa csak a portug\u00e1lok elleni utols\u00f3 meccset n\u00e9zz\u00fck, Ancsin s\u00e9r\u00fcl\u00e9se ut\u00e1n a kor\u00e1bban gyakran bizonytalannak l\u00e1tsz\u00f3 Ilics, vagy B\u00e1nhidi \u00e1tmeneti kies\u00e9sekor Rosta is n\u00e9lk\u00fcl\u00f6zhetetlen megold\u00e1sokkal sz\u00e1llt be. Ez egy igazi csapat, amelyben az azonos poszton j\u00e1tsz\u00f3k kieg\u00e9sz\u00edtik egym\u00e1st, amire tal\u00e1n a legjobb kontrasztp\u00e1r a cselez\u0151k\u00e9szs\u00e9g\u00e9vel showmank\u00e9nt \u00e9l\u0151, fiatal Fazekas \u00e9s a csapat majd minden j\u00e1t\u00e9kos\u00e1nak al\u00e1dolgoz\u00f3, gyakran szinte \u00e9szrev\u00e9tlen el\u0151ny\u00f6ket hoz\u00f3, tapasztalt L\u00e9kai ir\u00e1ny\u00edt\u00f3du\u00f3ja. A mostaniak sok kor\u00e1bbi t\u00e1rsas\u00e1ggal szemben k\u00e9pesek a feladatokat lehet\u0151s\u00e9gk\u00e9nt \u00e9s nem teherk\u00e9nt meg\u00e9lni, amihez alighanem a sz\u00f6vets\u00e9gi kapit\u00e1ny \u2013 meccs el\u0151tti interj\u00fakban is j\u00f3l \u00e9rz\u00e9kelhet\u0151 \u2013 \u0151szinte \u00e9s nem felvett pozit\u00edv attit\u0171dje nagyban hozz\u00e1j\u00e1rul. A katartikus pillanatokat, L\u00e9kai hajr\u00e1ban mutatott klasszis ir\u00e1ny\u00edt\u00f3j\u00e1t\u00e9k\u00e1t, Imre forr\u00f3 helyzetekben is higgadt befejez\u00e9seit \u00e9s Bartucz f\u00e9l perccel a v\u00e9ge el\u0151tt bemutatott var\u00e1zsv\u00e9d\u00e9s\u00e9t nem felejtj\u00fck el.\r\n\r\n[caption id=\"attachment_12340\" align=\"alignnone\" width=\"3758\"]<img class=\"size-full wp-image-12340\" src=\"https:\/\/sport24.24.hu\/app\/uploads\/sites\/24\/2024\/03\/lekai.jpg\" alt=\"\" width=\"3758\" height=\"2505\" \/> L\u00e9kai M\u00e1t\u00e9 remek\u00fcl j\u00e1tszott a kritikus pillanatokban.[\/caption]\r\n\r\nEz brav\u00far, \u00edgy \u00f6r\u00f6m. Ha a magyar k\u00e9zilabd\u00e1z\u00e1s nagyobb k\u00e9p\u00e9t n\u00e9zz\u00fck, akkor viszont felvet k\u00e9rd\u00e9seket. Az-e a norm\u00e1lis, hogy ennyi befektet\u00e9s ut\u00e1n \u00e1ltal\u00e1nos meg\u00edt\u00e9l\u00e9s alapj\u00e1n is csodak\u00f6zeli teljes\u00edtm\u00e9nyk\u00e9nt \u00e9lj\u00fck meg az olimpiai kijut\u00e1st? Azt, amely \u2013 miut\u00e1n most a vil\u00e1g egyik legjobb csapata, Franciaorsz\u00e1g rendez\u0151k\u00e9nt, egy m\u00e1sik, Egyiptom kiv\u00e9telesen Afrika k\u00e9pvisel\u0151jek\u00e9nt vesz r\u00e9szt a j\u00e1t\u00e9kokon \u2013 elvileg k\u00f6nnyebb is volt, mint m\u00e1skor? A sport\u00e1g idehaza b\u0151 egy \u00e9vtizednyi tejben-vajban f\u00fcrd\u00e9s ut\u00e1n sem tud m\u00e9g olyan v\u00e1logatottkeretet felmutatni, amely alapj\u00e1n azt mondhatn\u00e1nk: a mi j\u00e1t\u00e9kosaink jobbak, term\u00e9szetes, hogy es\u00e9lyesek vagyunk. Az anyagi lehet\u0151s\u00e9gekre nagyon j\u00f3 p\u00e9lda, hogy <strong>Paulo Pereira<\/strong> portug\u00e1l kapit\u00e1ny szavai szerint\r\n<blockquote class=\"small-quote\">Magyarorsz\u00e1g sorra rendezi a torn\u00e1kat, nek\u00fcnk meg semmire sincs p\u00e9nz\u00fcnk.<\/blockquote>\r\nA portug\u00e1loknak csak egy haszn\u00e1lhat\u00f3 ar\u00e9n\u00e1juk van, a n\u00e1lunk j\u00f3val gazdagabb norv\u00e9gok pedig az\u00e9rt nem v\u00e1llalt\u00e1k a mostani esem\u00e9nyt, mert k\u00e9t megfelel\u0151 l\u00e9tes\u00edtm\u00e9ny\u00fck a rentabilit\u00e1s miatt m\u00e1r j\u00f3 el\u0151re foglalt volt, Magyarorsz\u00e1g viszont sim\u00e1n el\u0151r\u00e1ntott a legal\u00e1bb h\u00e9t alkalmasb\u00f3l egy \u00e1llami fenntart\u00e1s\u00fa, kihaszn\u00e1latlan csarnokot. \u00c9s ez val\u00f3ban csak egy p\u00e9lda, mert az olykor klubonk\u00e9nt is \u00e9vi milli\u00e1rdos TAO-p\u00e9nzekre sehol nincs p\u00e1rhuzamos v\u00e1lasz.\r\n\r\nAmi P\u00e1rizst illeti, sokkal nehezebbnek \u00edg\u00e9rkezik, mint \u00e1ltal\u00e1ban az olimpi\u00e1k, \u00e9s \u00e9ppen az\u00e9rt, ami\u00e9rt a selejtez\u0151 picit egyszer\u0171bb volt: most a h\u00e1zigazda sem Jap\u00e1n vagy Nagy-Britannia, ne meg az Afrika-bajnok sem k\u00e9zlegyint\u00e9ssel elint\u00e9zhet\u0151 csapat. \u00d6sszehasonl\u00edtva 2004-gyel \u00e9s 2012-vel,\r\n\r\n<span class=\"highlight-block\">m\u00e1r a csoportk\u00fczdelmek is roppant neh\u00e9znek \u00edg\u00e9rkeznek, <\/span>\r\n\r\n\u00e9s nem lesz el\u00e9g csak a negyedd\u00f6nt\u0151re koncentr\u00e1lni.\r\n\r\nDe ez m\u00e1r a t\u00f6rt\u00e9net \u00faj fejezete.\r\n\r\n[prefabricated_shortcode in_app=\"0\" code=\"%3Cdiv%20class%3D%22article_box_border%22%20style%3D%22background%3A%20url%28%27https%3A%2F%2F24.p3k.hu%2Fapp%2Fuploads%2Fsites%2F24%2F2021%2F05%2Fsport24-pattern.png%27%29%20no-repeat%20left%20-16px%20%23f3f3f4%3B%20border%3A%20none%3B%22%3E%0D%0A%3Cdiv%20class%3D%22article_solidheader%22%3E%0D%0A%3Ch2%20style%3D%22color%3A%20%23111115%21important%3B%20font-size%3A%2036px%3B%20font-weight%3A%20bold%3B%20margin-bottom%3A%2030px%3B%20margin-top%3A%2020px%3B%20text-align%3A%20center%3B%20line-height%3A%2036px%3B%22%3E%3Cimg%20class%3D%22aligncenter%20size-full%20wp-image-141%22%20src%3D%22https%3A%2F%2F24.p3k.hu%2Fapp%2Fuploads%2Fsites%2F24%2F2021%2F05%2Fs24-logo-dt.png%22%20alt%3D%22%22%20width%3D%22408%22%20height%3D%2290%22%20%2F%3E%3C%2Fh2%3E%0D%0A%3Ch2%20style%3D%22color%3A%20%23111115%21important%3B%20font-size%3A%2036px%3B%20font-weight%3A%20bold%3B%20margin-bottom%3A%2030px%3B%20margin-top%3A%2020px%3B%20text-align%3A%20center%3B%20line-height%3A%2040px%3B%22%3ECsatlakozz%20a%20Sport24%20k%C3%B6z%C3%B6ss%C3%A9ghez%2C%20mondd%20el%20v%C3%A9lem%C3%A9nyedet%20z%C3%A1rt%20Facebook-csoportunkban%2C%20%C3%A9s%20vegy%C3%A9l%20r%C3%A9szt%20csak%20el%C5%91fizet%C5%91knek%20el%C3%A9rhet%C5%91%20exkluz%C3%ADv%20esem%C3%A9nyeinken.%3C%2Fh2%3E%0D%0A%3C%2Fdiv%3E%0D%0A%3Cp%20style%3D%22background%3A%20%2357A600%3B%20margin-top%3A%2020px%3B%20padding%3A%2020px%3B%20text-align%3A%20center%3B%22%3E%3Ca%20style%3D%22color%3A%20%23ffffff%3B%20font-size%3A%2026px%3B%20font-weight%3A%20600%3B%22%20href%3D%22https%3A%2F%2Fwww.facebook.com%2Fgroups%2F212344460412327%22%3ECSATLAKOZOM%3C%2Fa%3E%3C%2Fp%3E%0D%0A%0D%0A%3C%2Fdiv%3E\"]","type":"rich","thumbnail_url":"https:\/\/s.24.hu\/app\/uploads\/sites\/24\/2024\/03\/kezi-150x150.jpg","thumbnail_width":150,"thumbnail_height":150}