{"version":"1.0","provider_name":"Sport24","provider_url":"https:\/\/sport24.24.hu","author_name":"Bruckner G\u00e1bor","author_url":"https:\/\/sport24.24.hu\/author\/brucknerg\/","title":"B\u00e1r k\u00ednos a Barcelona eddigi produkci\u00f3ja, voltak enn\u00e9l sokkal rosszabb \u00e9vkezdetei is","html":"Hatvann\u00e9gyben p\u00e9ld\u00e1ul k\u00e9t zak\u00f3val kezdett a Barca, kikapott a Las Palmast\u00f3l (1-2) \u00e9s az Atl\u00e9tico Madridt\u00f3l (2-3) is. Ezt k\u00e9t sikerrel \u201ekiegyenl\u00edtette\u201d, de azt\u00e1n a Levante \u2013 a brazil <strong>Wanderley Machado<\/strong>, valamint <strong>Seraf\u00edn<\/strong> f\u0151szerepl\u00e9s\u00e9vel \u2013 5-1-re elt\u00e1ng\u00e1lta. H\u00e9t fordul\u00f3 ut\u00e1n h\u00e1rom gy\u0151zelem \u00e9s n\u00e9gy veres\u00e9g volt a szomor\u00fa m\u00e9rleg, a tizenkettedik fordul\u00f3ban az Elch\u00e9t\u0151l elszenvedett 0-2 ut\u00e1n pedig hat gy\u0151zelmet \u00e9s hat veres\u00e9get r\u00f6gz\u00edtett a statisztika.\r\n\r\nIlyent\u00e1jt, okt\u00f3berben ki is r\u00fagt\u00e1k <strong>Cesar Rodr\u00edguez<\/strong> edz\u0151t. Nem ak\u00e1rkit menesztettek. Ez a Cesar 1942 \u00e9s 1955 k\u00f6z\u00f6tt 351 t\u00e9tmeccsen 232 g\u00f3lt \u00e9rt el a Barcelona egy\u00fcttes\u00e9ben (192-t a spanyol bajnoks\u00e1gban). Rekordj\u00e1t 2012 m\u00e1rcius\u00e1ban bizonyos <strong>Lionel Messi<\/strong> d\u00f6nt\u00f6tte meg. A tr\u00e9ner ut\u00f3dja, <strong>Vicente Sasot<\/strong> sem tett csod\u00e1t, a Barcelona a hatodik helyen z\u00e1rta a La Liga \u00e9vad\u00e1t. Pedig h\u00e1rom, 1964-es Eur\u00f3pa-bajnok \u2013 <strong>Olivella, Fust\u00e9, Pereda<\/strong> (mindannyian szerepeltek a magyarok elleni 2-1-es madridi el\u0151d\u00f6nt\u0151ben) \u2013, valamint a paraguayi <strong>Cayetano R\u00e9<\/strong> is a kerethez tartozott. Ezzel egy\u00fctt\r\n\r\n<span class=\"highlight-block\">a v\u00f6r\u00f6s-k\u00e9kek 1960 \u00e9s 1974 k\u00f6z\u00f6tt egyszer sem voltak bajnokok. <\/span>\r\n\r\nA Real Madrid k\u00f6zben kilencszer is. \u00dagyhogy nagyon is \u00fcnnepelt\u00e9k Barcelon\u00e1ban a kiegyenesed\u00e9s bizony\u00edt\u00e9k\u00e1t, az 1966-os V\u00e1s\u00e1rv\u00e1rosok Kup\u00e1ja-diadalt. Spanyol d\u00f6nt\u0151 volt, annak els\u0151 meccs\u00e9t \u2013 <strong>Zsolt Istv\u00e1n<\/strong> j\u00e1t\u00e9kvezet\u00e9se mellett, a Real Madridban is j\u00e1tsz\u00f3 brazil <strong>Canario<\/strong> g\u00f3lj\u00e1val \u2013 a Zaragoza nyerte 1-0-ra a Nou Campban. A visszav\u00e1g\u00f3n idegenben 4-2-re gy\u0151z\u00f6tt a Barca, <strong>Llu\u00eds Pujol<\/strong> mesterh\u00e1rmast \u00e9rt el. Ez az\u00e9rt is felt\u0171n\u00e9st keltett, mert a Kir\u00e1ly Kupa 1965-\u00f6s negyedd\u00f6nt\u0151j\u00e9ben a Zaragoza 6-4-gyel ejtette ki a Barcelon\u00e1t. Nem \u00f6sszes\u00edt\u00e9sben. Ennyi volt az eredm\u00e9ny a La Romareda stadionban.\r\n\r\nUgye, milyen gy\u00f6ny\u00f6r\u0171ek a mostani mutat\u00f3k?\r\n<div class=\"payable-content-section\"><\/div>\r\nAz 1980\/81-es szezon kezdet\u00e9n sem voltak szebbek. Kilenc fordul\u00f3 eltelt\u00e9vel n\u00e9gy gy\u0151zelemmel \u00e9s \u00f6t veres\u00e9ggel kullogott a csapat. Alulmaradt a Gij\u00f3nnal (1-2), a Valenci\u00e1val (0-3), az Osasun\u00e1val (0-1), a Real Sociedaddal (0-2) \u00e9s a Betisszel szemben (1-3). A 9-13-as g\u00f3lk\u00fcl\u00f6nbs\u00e9g tal\u00e1n m\u00e9g enn\u00e9l is jobban megr\u00e1zta Barcelon\u00e1t. Az igazi csap\u00e1s azonban akkor k\u00f6vetkezett, amikor a <strong>Harald Schumachert, Rainer Bonhofot, Pierre Littbarskit, Dieter M\u00fcllert<\/strong> vagy a sv\u00e1jci karmester <strong>Ren\u00e9 Botteront<\/strong> felvonultat\u00f3 K\u00f6ln \u00e9rkezett UEFA Kupa-tal\u00e1lkoz\u00f3ra az <strong>Alexanc\u00f3val, Miguelivel, Asensivel, Quinivel,<\/strong> a d\u00e1n <strong>Allan Simonsennel,<\/strong> az osztr\u00e1k <strong>Hans Krankllal<\/strong> sem villog\u00f3 Barcelon\u00e1hoz.\r\n\r\nA n\u00e9met csapat 4-0-ra nyert, <strong>Kubala L\u00e1szl\u00f3<\/strong> edz\u0151t ugyan\u00fagy kipender\u00edtett\u00e9k, mint a m\u00e1sik legend\u00e1t, Cesar Rodr\u00edguezt. Err\u0151l idehaza nem szok\u00e1s megeml\u00e9kezni, mert a m\u00e1sodik vil\u00e1gh\u00e1bor\u00fa ut\u00e1n k\u00fclf\u00f6ldre szakadt minden magyar emigr\u00e1ns feje f\u00f6l\u00e9 gl\u00f3ria ker\u00fcl, a k\u00e9t h\u00e1bor\u00fa k\u00f6z\u00f6tt t\u00f6meg\u00e9vel kit\u00e1ntorg\u00f3kr\u00f3l meg alig hallani.\r\n\r\n<span class=\"highlight-block-small\">Kubala persze a Barcelona \u00f6r\u00f6k v\u00e9djegyei k\u00f6z\u00e9 tartozik, de ki tudott r\u00f3la, hogy tr\u00e9nerk\u00e9nt 1980 \u0151sz\u00e9n eltan\u00e1csolt\u00e1k?<\/span>\r\n\r\n[caption id=\"attachment_2177\" align=\"alignnone\" width=\"1024\"]<img class=\"size-large wp-image-2177\" src=\"https:\/\/sport24.24.hu\/app\/uploads\/sites\/24\/2021\/10\/gettyimages-699329282-masolat-1024x683.jpg\" alt=\"\" width=\"1024\" height=\"683\" \/> Kubala L\u00e1szl\u00f3 szobra a Camp Nou el\u0151tt.[\/caption]\r\n\r\nJ\u00f6tt helyette a kor\u00e1bbi barcelonai edz\u0151, majd az Internazionale m\u00e1gusa, az argentin <strong>Helenio Herrera<\/strong>. A bajnoks\u00e1gban csak az \u00f6t\u00f6dik helyig tudta \u201efelvinni\u201d az egy\u00fcttest, viszont k\u00f6zrem\u0171k\u00f6d\u00e9s\u00e9vel a Barcelona elnyerte a spanyol Kir\u00e1ly Kup\u00e1t. Majd 1982-ben elh\u00f3d\u00edtotta a KEK-et. A d\u00f6nt\u0151ben azt a Standard Li\u00e9ge-t gy\u0151zte le 2-1-re, amely a m\u00e1sodik fordul\u00f3ban a <strong>T\u00f6r\u00f6k P\u00e9terrel, Komj\u00e1ti Andr\u00e1ssal, Zombori S\u00e1ndorral, Kiss L\u00e1szl\u00f3val, Izs\u00f3 Ign\u00e1ccal, V\u00e1rady B\u00e9l\u00e1val<\/strong> ki\u00e1ll\u00f3 Vasassal szemben ment tov\u00e1bb kett\u0151s gy\u0151zelemmel.\r\n\r\nAm\u00fagy a Barcelona 1974 \u00e9s 1985 k\u00f6z\u00f6tt megint nem jutott bajnoki c\u00edmhez. Nyolcvan\u00f6tben m\u00e1r az angol <strong>Terry Venables<\/strong> volt a tr\u00e9ner. Olyan nagyon j\u00f3l \u0151 sem j\u00e1rt, de h\u00e1t ez a szakvezet\u0151k sorsa.\r\n\r\nA brit mester barcelonai v\u00e9gzet\u00e9t az 1987\/88-as id\u00e9nykezdet okozta. H\u00e9t fordul\u00f3 ut\u00e1n k\u00e9t gy\u0151zelemmel, egy d\u00f6ntetlennel \u00e9s n\u00e9gy veres\u00e9ggel (Sevilla 1-2, Espanyol 0-2, Valencia 0-1, Atl\u00e9tico Madrid 1-2) szer\u00e9nykedett az imm\u00e1r a n\u00e9met <strong>Bernd Schustert<\/strong> \u00e9s az angol <strong>Gary Linekert<\/strong> is megszerz\u0151 katal\u00e1n csapat, ez\u00e9rt azt\u00e1n Venablest elbocs\u00e1tott\u00e1k, \u00e9rkezett 1988 m\u00e1jus\u00e1ig <strong>Luis Aragon\u00e9s<\/strong>, azt\u00e1n meg a holland <strong>Johan Cruyff<\/strong>. Ez \u00faj t\u00e1vlatot nyitott, hiszen a Barcelona 1989-ben elh\u00f3d\u00edtotta a KEK-et, 1992-ben \u2013 t\u00f6rt\u00e9net\u00e9ben el\u0151sz\u00f6r \u2013 a Bajnokok Lig\u00e1j\u00e1v\u00e1 \u00e1tszervezett BEK-et (a d\u00f6nt\u0151ben mindk\u00e9tszer a Sampdoria ellen), r\u00e1ad\u00e1sul 1991 \u00e9s 1994 k\u00f6z\u00f6tt sz\u00e9ri\u00e1ban n\u00e9gyszer nyert bajnoki arany\u00e9rmet.\r\n\r\n<span class=\"highlight-block\">\u00c1m m\u00e9g ekkor sem volt minden fen\u00e9kig tejfel.<\/span>\r\n\r\nAz 1991\/92-es \u00e9vad els\u0151 hat m\u00e9rk\u0151z\u00e9se ut\u00e1n k\u00e9t gy\u0151zelem, egy d\u00f6ntetlen, h\u00e1rom veres\u00e9g \u00e1llt a Barca neve mellett a tabell\u00e1n. A Sevilla 4-2-re, a Gij\u00f3n \u00e9s az Oviedo egyar\u00e1nt 2-1-re nyert a favorit ellen, amely azt\u00e1n rendk\u00edv\u00fcli k\u00f6r\u00fclm\u00e9nyek k\u00f6z\u00f6tt szerezte meg az els\u0151s\u00e9get. Az utols\u00f3 fordul\u00f3ban a listavezet\u0151 Real Madrid pontel\u0151nnyel utazott Tenerif\u00e9re, ahol sz\u0171k f\u00e9l \u00f3ra alatt 2-0-s el\u0151nyre tett szert <strong>Fernando Hierro<\/strong> fejes\u00e9vel \u00e9s a rom\u00e1n <strong>Gheorghe Hagi<\/strong> mes\u00e9s szabadr\u00fag\u00e1s\u00e1val. A h\u00e1zigazd\u00e1k sz\u00e9p\u00edtettek, majd <strong>Ricardo Rocha<\/strong> \u0151r\u00fclt percei k\u00f6vetkeztek: a kir\u00e1lyi g\u00e1rda 39-szeres brazil v\u00e1logatott h\u00e1tv\u00e9dje \u2013 aki ott volt az 1994-es vb arany\u00e9rmes keret\u00e9ben, de egyszer sem j\u00e1tszott \u2013 el\u0151bb \u00f6ng\u00f3lt r\u00fagott, azt\u00e1n nagy \u00edvben adott haza, ett\u0151l <strong>Francisco Buyo<\/strong> kapus megzavarodott, \u00e9s a kapuf\u00e1ra \u00fct\u00f6tte a labd\u00e1t, a kipattan\u00f3t pedig <strong>Pier<\/strong> bepasszolta. A Tenerife 3-2-re gy\u0151z\u00f6tt, a bajnoks\u00e1got pedig a Bilba\u00f3t 2-0-ra fel\u00fclm\u00fal\u00f3 Barcelona nyerte. S amint arr\u00f3l m\u00e1r volt sz\u00f3, a BL-ben is diadalt aratott a <strong>Zubizarreta \u2013 Nando, Ronald Koeman, Juan Carlos, Ferrer \u2013 Eusebio, Guardiola (Alexanco), Bakero \u2013 Sztojcskov, Julio Salinas (Goicoechea), Michael Laudrup<\/strong> \u00f6sszet\u00e9tel\u0171 katal\u00e1n csapat, amelynek gy\u0151ztes g\u00f3lj\u00e1t a londoni d\u00f6nt\u0151ben a mostani edz\u0151, Ronald Koeman l\u0151tte szabadr\u00fag\u00e1sb\u00f3l a 112. percben (1-0).\r\n\r\n[caption id=\"attachment_2178\" align=\"alignnone\" width=\"1024\"]<img class=\"size-large wp-image-2178\" src=\"https:\/\/sport24.24.hu\/app\/uploads\/sites\/24\/2021\/10\/000_par2003120541911-1024x756.jpg\" alt=\"\" width=\"1024\" height=\"756\" \/> Ronald Koeman 1992-ben Barca-j\u00e1t\u00e9kosk\u00e9nt.[\/caption]\r\n\r\nT\u00edz \u00e9vvel k\u00e9s\u0151bb megint nagy volt a baj. Az <strong>Enke \u2013 Reiziger, Fernando Navarro, Thiago Motta, Frank de Boer \u2013 Xavi, Fabio Rochemback, Riquelme, Gerard, Gabri (Mendieta) \u2013 Giovanni (Saviola)<\/strong> \u00f6sszet\u00e9tel\u0171 Barcelona a Kir\u00e1ly Kupa els\u0151 fordul\u00f3j\u00e1ban kiesett a harmadoszt\u00e1ly\u00fa Noveld\u00e1val szemben \u2013 a kis csapat \u00f3ri\u00e1ss\u00e1 n\u0151tt csat\u00e1ra, <strong>Antonio Madrigal<\/strong> mesterh\u00e1rmast \u00e9rt el \u2013, a bajnoks\u00e1gban pedig \u00f6t fordul\u00f3 m\u00falt\u00e1n k\u00e9t gy\u0151zelmet, egy d\u00f6ntetlent \u00e9s k\u00e9t veres\u00e9get (Betis 0-3, Valladolid 1-2) mutatott fel.\r\n\r\n<span class=\"highlight-block\">Az \u00e9vad v\u00e9g\u00e9n nem is tudott el\u0151r\u00e9bb ker\u00fclni a hatodik helyn\u00e9l. <\/span>\r\n\r\nA holland <strong>Louis van Gaalt<\/strong> szezon k\u00f6zben menesztett\u00e9k az edz\u0151i posztr\u00f3l, majd a szint\u00e9n holland <strong>Frank Rijkaard<\/strong> v\u00e1ltotta a beugr\u00f3 szerb<strong> Radomir Anticsot.<\/strong>\r\n\r\nEleinte Rijkaarddal sem ment jobban. A 2003\/04-es \u00e9vad els\u0151 h\u00e9t fordul\u00f3ja ut\u00e1n \u00edgy festett a barcelonai \u00f6sszes\u00edt\u00e9s: k\u00e9t gy\u0151zelem, h\u00e1rom d\u00f6ntetlen, k\u00e9t veres\u00e9g. A g\u00f3lk\u00fcl\u00f6nbs\u00e9g 5-5 volt, h\u00e1rom meccsen (Atl\u00e9tico Madrid 0-0, Valencia 0-1, La Coruna 0-2) null\u00e1s maradt a Barca... Azt\u00e1n ez\u00fcst\u00e9rmet szerzett, majd 2005-ben \u2013 hat \u00e9v sz\u00fcnet ut\u00e1n \u2013 megnyerte a bajnoks\u00e1got. Ahogyan 2006-ban a BL-t is. A <strong>Valdes \u2013 Oleguer (Belletti), Marquez, Puyol, Van Bronckhorst \u2013 Edm\u00edlson (Iniesta), Deco, Van Bommel (Henrik Larsson) \u2013 Giuly, Eto'o, Ronaldinho<\/strong> \u00f6ssze\u00e1ll\u00edt\u00e1s\u00fa csapat a Stade de France-ban rendezett p\u00e1rizsi d\u00f6nt\u0151ben 2-1-re gy\u0151z\u00f6tt az Arsenal ellen.\r\n\r\n<span class=\"highlight-block-small\">Ez volt a Barcelona m\u00e1sodik BL-diadala az 1992-es premier ut\u00e1n.<\/span>\r\n\r\nVan teh\u00e1t felt\u00e1mad\u00e1s. Ha a <strong>Ter Stegen \u2013 Mingueza (Puig), Ronald Ara\u00fajo, Piqu\u00e9, Serginho Dest (Lenglet) \u2013 Frankie de Jong, Busquets, Nico Gonz\u00e1lez (Sergi Roberto) \u2013 Gavi (Luuk de Jong), Depay, Philippe Coutinho (Ansu Fati)<\/strong> \u00f6sszet\u00e9tel\u0171 jelenlegi egy\u00fcttesr\u0151l Bajnokok Lig\u00e1ja-gy\u0151zelmet neh\u00e9z is elk\u00e9pzelni...\r\n\r\n[prefabricated_shortcode in_app=\"0\" code=\"%3Cdiv%20class%3D%22article_box_border%22%20style%3D%22background%3A%20url%28%27https%3A%2F%2F24.p3k.hu%2Fapp%2Fuploads%2Fsites%2F24%2F2021%2F05%2Fsport24-pattern.png%27%29%20no-repeat%20left%20-16px%20%23f3f3f4%3B%20border%3A%20none%3B%22%3E%0D%0A%3Cdiv%20class%3D%22article_solidheader%22%3E%0D%0A%3Ch2%20style%3D%22color%3A%20%23111115%21important%3B%20font-size%3A%2036px%3B%20font-weight%3A%20bold%3B%20margin-bottom%3A%2030px%3B%20margin-top%3A%2020px%3B%20text-align%3A%20center%3B%20line-height%3A%2036px%3B%22%3E%3Cimg%20class%3D%22aligncenter%20size-full%20wp-image-141%22%20src%3D%22https%3A%2F%2F24.p3k.hu%2Fapp%2Fuploads%2Fsites%2F24%2F2021%2F05%2Fs24-logo-dt.png%22%20alt%3D%22%22%20width%3D%22408%22%20height%3D%2290%22%20%2F%3E%3C%2Fh2%3E%0D%0A%3Ch2%20style%3D%22color%3A%20%23111115%21important%3B%20font-size%3A%2036px%3B%20font-weight%3A%20bold%3B%20margin-bottom%3A%2030px%3B%20margin-top%3A%2020px%3B%20text-align%3A%20center%3B%20line-height%3A%2040px%3B%22%3ECsatlakozz%20a%20Sport24%20k%C3%B6z%C3%B6ss%C3%A9ghez%2C%20mondd%20el%20v%C3%A9lem%C3%A9nyedet%20z%C3%A1rt%20Facebook-csoportunkban%2C%20%C3%A9s%20vegy%C3%A9l%20r%C3%A9szt%20csak%20el%C5%91fizet%C5%91knek%20el%C3%A9rhet%C5%91%20exkluz%C3%ADv%20esem%C3%A9nyeinken.%3C%2Fh2%3E%0D%0A%3C%2Fdiv%3E%0D%0A%3Cp%20style%3D%22background%3A%20%2357A600%3B%20margin-top%3A%2020px%3B%20padding%3A%2020px%3B%20text-align%3A%20center%3B%22%3E%3Ca%20style%3D%22color%3A%20%23ffffff%3B%20font-size%3A%2026px%3B%20font-weight%3A%20600%3B%22%20href%3D%22https%3A%2F%2Fwww.facebook.com%2Fgroups%2F212344460412327%22%3ECSATLAKOZOM%3C%2Fa%3E%3C%2Fp%3E%0D%0A%0D%0A%3C%2Fdiv%3E\"]","type":"rich","thumbnail_url":"https:\/\/s.24.hu\/app\/uploads\/sites\/24\/2021\/10\/000_14l65b-masolat-150x150.jpg","thumbnail_width":150,"thumbnail_height":150}