{"version":"1.0","provider_name":"Sport24","provider_url":"https:\/\/sport24.24.hu","author_name":"Aranyossy \u00c1ron","author_url":"https:\/\/sport24.24.hu\/author\/aranyossya\/","title":"A l\u00e1thatatlan t\u00f6r\u00f6k\u00f6kt\u0151l az olasz gy\u00f6ngyszemekig","html":"<h3>24. T\u00f6r\u00f6korsz\u00e1g<\/h3>\r\nA t\u00f6r\u00f6k v\u00e1logatott belovagolt R\u00f3m\u00e1ba, \u00e9s r\u00f6gt\u00f6n elesett. A toplig\u00e1s pedigr\u00e9 mellett a s\u00e9r\u00f3k \u00e9s szak\u00e1llak is megvoltak, m\u00e1s nem nagyon. A legeml\u00e9kezetesebb esem\u00e9ny: az Eb alatt <strong>Calhanoglu<\/strong> a Milanb\u00f3l az Interhez igazolt.\r\n<h3>23. \u00c9szak-Maced\u00f3nia<\/h3>\r\nA bar\u00e1ts\u00e1gos hangulat\u00fa Eb egyik legszebb pillanata volt, amikor az Amszterdamban rendezett Hollandia\u2013\u00c9szak-Maced\u00f3nia meccs k\u00e9t percre f\u00e9lbeszakadt a lecser\u00e9lt <strong>Goran Pandev<\/strong> \u00fcnnepl\u00e9se miatt. Az \u00e9szak-maced\u00f3nok szimpatikus focit j\u00e1tszottak, \u0151szint\u00e9n mentek el\u0151re, a 24 csapatos Eb az ilyen orsz\u00e1gok jelenl\u00e9te \u00e9s hozz\u00e1\u00e1ll\u00e1sa miatt j\u00f3 \u00f6tlet.\r\n<h3>22. Sk\u00f3cia<\/h3>\r\nGyerekkoromban sokszor drukkoltam a sk\u00f3toknak, a s\u00f6t\u00e9tk\u00e9k mez, a melankolikus l\u00fazers\u00e9g, valamint <strong>McStay<\/strong>, <strong>McCoist<\/strong>, <strong>McInally<\/strong> \u00e9s <strong>McDonalds<\/strong> miatt. <strong>Gordon Durie<\/strong>, micsoda dallam! Az nem sz\u00e1m\u00edt, hogy a csoportk\u00f6rb\u0151l m\u00e9g sehol, semmikor \u00e9s sehogy sem jutottak tov\u00e1bb. Jegyezz\u00fck meg: nekik k\u00f6sz\u00f6nhetj\u00fck a k\u00e9s\u0151bbi d\u00f6nt\u0151s angol v\u00e1logatott leg\u00e9lvezetesebb meccs\u00e9t az Eb-n, az angol\u2013sk\u00f3t 0:0-t.\r\n<h3>21. Lengyelorsz\u00e1g<\/h3>\r\nSz\u00e1momra \u00e9rtelmezhetetlen a lengyel v\u00e1logatottat \u00f6vez\u0151 kultusz,\r\n\r\n<span class=\"highlight-block-small\">a dwa bratanki m\u00f6g\u00f6tt a futballp\u00e1ly\u00e1n nincs m\u00e1s, csak az egy sz\u00e1l <strong>Lewandowski<\/strong>, a vil\u00e1g pillanatnyilag legjobb centere.<\/span>\r\n\r\nSokat elmond a t\u00f6bbiekr\u0151l, hogy a lengyeleknek egy ilyen csat\u00e1r birtok\u00e1ban is siker\u00fclt kikapniuk Szlov\u00e1ki\u00e1t\u00f3l, majd Sv\u00e9dorsz\u00e1gt\u00f3l.\r\n<h3>20. Magyarorsz\u00e1g<\/h3>\r\nSokf\u00e9lek\u00e9ppen lehet dics\u00e9rni a magyar v\u00e1logatott Eb-szerepl\u00e9s\u00e9t, a mentalit\u00e1st, a futballist\u00e1kat, <strong>Rossit<\/strong>. A portug\u00e1lok ellen elb\u00e9n\u00e1ztuk a v\u00e9g\u00e9t, a franci\u00e1k ellen h\u0151siesen k\u00fczd\u00f6tt\u00fcnk, a n\u00e9metek ellen pedig: az m\u00e1r igazi, komoly, min\u0151s\u00e9gi futball volt, olyan, amit utolj\u00e1ra a <strong>Mezey Gy\u00f6rgy<\/strong>-f\u00e9le v\u00e1logatott tudott produk\u00e1lni jobb napjain. A n\u00e9met\u2013magyar az ut\u00f3bbi harminc\u00f6t \u00e9v legnagyobb futball\u00e9lm\u00e9nye volt, k\u00f6sz, sr\u00e1cok!\r\n\r\n<img class=\"alignnone size-full wp-image-1494\" src=\"https:\/\/sport24.24.hu\/app\/uploads\/sites\/24\/2021\/07\/magyarok.jpg\" alt=\"\" width=\"1024\" height=\"682\" \/>\r\n<h3>19. Szlov\u00e1kia<\/h3>\r\nSzomor\u00fa, hogy hi\u00e1ba a lengyelek brav\u00faros legy\u0151z\u00e9se, a n\u00e9z\u0151k eml\u00e9kezet\u00e9ben a spanyolok elleni 0:5 marad meg ink\u00e1bb. Na meg szeg\u00e9ny <strong>D\u00fabravka<\/strong>, aki a napf\u00e9nyes Sevill\u00e1ban (ny\u00e1ri \u00e1tlagh\u0151m\u00e9rs\u00e9klet: 35 fok) ber\u00f6plabd\u00e1zott egy \u00f6ng\u00f3lt a saj\u00e1t kapuj\u00e1ba, elind\u00edtva csapat\u00e1t a lejt\u0151n. J\u00e1r neki a Moilanen-d\u00edj.\r\n<div class=\"payable-content-section\"><\/div>\r\n<h3>18. Oroszorsz\u00e1g<\/h3>\r\nHogy \u00e9n mennyire szerettem <strong>Karpint<\/strong> \u00e9s <strong>Mosztovojt<\/strong>, azel\u0151tt pedig <strong>Belanovot<\/strong> \u00e9s <strong>Protaszovot<\/strong>! M\u00e9g <strong>Dzagojevet<\/strong> is. De ez az \u00edv egyre lehangol\u00f3bb, a k\u00f6r\u00fclm\u00e9nyes, lass\u00fa robusztus robotemberfoci ma m\u00e1r nem men\u0151. <strong>Csercseszov<\/strong> toporz\u00e9kol, Dzjuba p\u00f6r\u00f6g a tengelye k\u00f6r\u00fcl, Lobanovszkij forog a s\u00edrj\u00e1ban.\r\n<h3>17. Finnorsz\u00e1g<\/h3>\r\nDer\u00e9k, dolgos iparoscsapat a finn, amelyb\u0151l k\u00e9t k\u00f6z\u00e9pp\u00e1ly\u00e1st emeln\u00e9k ki. Az egyik az olaszos st\u00edlus\u00fa labdam\u0171v\u00e9sz, <strong>Robin Lod<\/strong> \u2013 t\u0151le keveset l\u00e1ttunk. A m\u00e1sik a finnek Kant\u00e9ja, Kamara \u2013 \u0151 t\u00f6bbet mutatott. T\u00f6rt\u00e9net\u00fck els\u0151 vil\u00e1gtorn\u00e1s meccs\u00e9t megnyert\u00e9k, de rajtuk k\u00edv\u00fcl erre m\u00e1s nem fog eml\u00e9kezni: a finn\u2013d\u00e1n Eriksen dr\u00e1m\u00e1ja miatt marad eml\u00e9kezetes.\r\n<h3>16. Wales<\/h3>\r\n<span class=\"highlight-block-small\">Wales, Wales, Wales\u2026 Hm. Igen, a t\u00f6r\u00f6k\u00f6k ellen volt n\u00e9h\u00e1ny sz\u00e9p g\u00f3ljuk, p\u00e9ld\u00e1ul egy abszurd sz\u00f6gletvari\u00e1ci\u00f3 r\u00e9v\u00e9n, de ezen k\u00edv\u00fcl mintha ott sem lettek volna ezen az Eur\u00f3pa-bajnoks\u00e1gon.<\/span>\r\n\r\nA sors szesz\u00e9lye miatt ez most nyolcadd\u00f6nt\u0151t \u00e9rt, mik\u00f6zben az utols\u00f3 lehelet\u00fcket is kik\u00f6p\u0151 magyarok vagy maced\u00f3nok m\u00e1r a csoportk\u00f6r ut\u00e1n kiz\u00fagtak. \u00c9n most j\u00f3l ellenn\u00e9k p\u00e1r walesmentes futballtorn\u00e1val.\r\n<h3>15. N\u00e9metorsz\u00e1g<\/h3>\r\nA n\u00e9met foci m\u00e1r egy ideje nem \u201en\u00e9met\u201d, nincsenek effenbergek \u00e9s b\u00e1zlerek a csapatban. N\u00e9ha azonban sz\u00fcks\u00e9g lenne r\u00e1juk, ez der\u00fclt ki ezen az Eur\u00f3pa-bajnoks\u00e1gon. Ha a kulcsemberek (<strong>M\u00fcller<\/strong>, <strong>Werner<\/strong>, <strong>San\u00e9<\/strong>) betliznek, a rutinos sz\u00f6vkap pedig egyszerre \u00e1raszt mag\u00e1b\u00f3l letargi\u00e1t \u00e9s zavarodotts\u00e1got, akkor j\u00f3l j\u00f6nne egy olyan bunk\u00f3, aki ber\u00fagja a motort. \u0150gyelg\u0151, szimpatikus deszk\u00e1s kamaszok, f\u00fcves cigivel a kez\u00fckben, plusz n\u00e9h\u00e1ny f\u00e1radt, g\u00f6rcs\u00f6s, id\u0151s\u00f6d\u0151 fodbalista \u2013 ez volt a n\u00e9met csapat 2021-ben.\r\n<h3>14. Horv\u00e1torsz\u00e1g<\/h3>\r\nAz m\u00e1r az angolok elleni meccs tizen\u00f6t\u00f6dik perc\u00e9ben l\u00e1tszott, hogy ez nem a h\u00e1rom \u00e9vvel ezel\u0151tti vb-ez\u00fcst\u00e9rmes csapat. Csikorogtak a fogaskerekek, a balk\u00e1ni szenved\u00e9lyb\u0151l \u00e9s a j\u00e1t\u00e9k sz\u00e9ps\u00e9g\u00e9b\u0151l csak villan\u00e1sok maradtak. <strong>Modri\u0107<\/strong> \u00e9s m\u00e1s semmi. Egy percig sem lehetett elhinni, hogy a horv\u00e1tok id\u00e9n el\u00e9rnek valamit. \u00c9s a j\u00f6v\u0151? <strong>Gvardiol<\/strong> igen, <strong>Ivanu\u0161ec<\/strong> tal\u00e1n, <strong>Brekalo<\/strong> soha.\r\n<h3>13. Portug\u00e1lia<\/h3>\r\n<strong>Ronaldo<\/strong> feltette a koron\u00e1t az idei szezonban mutatott teljes\u00edtm\u00e9ny\u00e9re. Az olasz bajnoks\u00e1g ut\u00e1n az Eur\u00f3pa-bajnoks\u00e1gon is g\u00f3lkir\u00e1ly lett. Sz\u00e9p egy\u00e9ni siker.\r\n\r\n<span class=\"highlight-block-small\">Csak \u00e9ppen a csapatok t\u00f6nkremennek k\u00f6r\u00fcl\u00f6tte,<\/span>\r\n\r\nRonaldo sz\u00e9pen lassan egyed\u00fcl marad a futballp\u00e1ly\u00e1n, k\u00f6r\u00fcl\u00f6tte felperzselt pr\u00e9ri, kisz\u00e1radt f\u0171csom\u00f3k, \u00f6rd\u00f6gszek\u00e9r. Csillog\u00f3 izmok a napf\u00e9nyben.\r\n\r\n<img class=\"alignnone size-full wp-image-1495\" src=\"https:\/\/sport24.24.hu\/app\/uploads\/sites\/24\/2021\/07\/ronaldo.jpg\" alt=\"\" width=\"1024\" height=\"682\" \/>\r\n<h3>12. Ausztria<\/h3>\r\nAligha t\u00falz\u00e1s: a k\u00e9s\u0151bbi gy\u0151ztes olasz v\u00e1logatottnak Ausztria okozta a legnagyobb fejt\u00f6r\u00e9st az Eb-n, az osztr\u00e1kok elleni nyolcadd\u00f6nt\u0151 m\u00e1sodik f\u00e9lidej\u00e9ben Olaszorsz\u00e1g tot\u00e1l lefagyott. Ausztria azon a meccsen durva er\u0151focival rukkolt el\u0151, de a csapat l\u00e1tv\u00e1nyosan is tud futballozni, ami kider\u00fclt Ukrajna \u00e9s \u00c9szak-Maced\u00f3nia ellen. A <strong>Lainer<\/strong> &amp; <strong>Laimer<\/strong> Gmbh. munkat\u00e1rsai j\u00f3 korban \u00e9s kondiban vannak, \u00e9rdekl\u0151d\u00e9ssel figyelem tov\u00e1bbi p\u00e1lyafut\u00e1sukat.\r\n<h3>11. Franciaorsz\u00e1g<\/h3>\r\nNeh\u00e9z szurkolni annak a csapatnak, ahol olyan alakok j\u00e1tszanak, mint <strong>Benzema<\/strong>. Ahol a vil\u00e1gklasszis csat\u00e1rok azon vitatkoznak egym\u00e1ssal, hogy ki passzol kinek. Ahol a legszimpatikusabb focista (<strong>Kant\u00e9<\/strong>) is csak a fogait csikorgatja, mintha kavicsokat kellene r\u00e1gnia vel\u00fck. <strong>Deschamps<\/strong>? Ehh. Ezek a fi\u00fak nem akartak megd\u00f6gleni egym\u00e1s\u00e9rt a p\u00e1ly\u00e1n, \u00e9s akkor m\u00e9g nagyon finoman fogalmaztunk.\r\n\r\n<span class=\"highlight-block\">A vil\u00e1g legjobb kerete, a vil\u00e1g legnagyobb mell\u00e9nye. Agy\u0151.<\/span>\r\n<h3>10. Sv\u00e9dorsz\u00e1g<\/h3>\r\nA sv\u00e9dekben mindig van valami sz\u00fcrkes\u00e9g, ami az ukr\u00e1nok elleni k\u00f3rh\u00e1zrev\u00fc ut\u00e1n kis h\u00edj\u00e1n ism\u00e9t legjobb nyolc k\u00f6z\u00e9 jut\u00e1st \u00e9rt. (Sv\u00e9dorsz\u00e1g a legjobb nyolc k\u00f6z\u00f6tt, az\u00e9rt ez rossz vicc lett volna.) Ezzel egy\u00fctt <strong>Alexander Isak<\/strong> a leg\u00fcd\u00edt\u0151bb jelens\u00e9g, akivel ezen az Eur\u00f3pa-bajnoks\u00e1gon megismerkedtem. Egyel\u0151re vele kell be\u00e9rn\u00fcnk, am\u00edg feln\u0151 az \u00faj <strong>Henke Larsson<\/strong>.\r\n<h3>9. Hollandia<\/h3>\r\n\u00dcgyes, kedves, szimpatikus ifikett\u0151vel j\u00f6ttek a hollandok, akik az els\u0151 nagyobb pr\u00f3bat\u00e9tel sor\u00e1n \u00f6sszecsin\u00e1lt\u00e1k magukat. A csehek szor\u00edt\u00f3fog\u00e1sa \u00e9s <strong>De Ligt<\/strong> ki\u00e1ll\u00edt\u00e1sa sok volt nekik a nyolcadd\u00f6nt\u0151ben. Mi t\u00f6rt\u00e9nt vel\u00fck? A futballokosok azt mondj\u00e1k: <strong>Frank de Boer<\/strong> t\u00f6rt\u00e9nt vel\u00fck. Lehet. Ami\u00f3ta a 2000-es Eb-el\u0151d\u00f6nt\u0151ben kikacsintott a kamer\u00e1kba, majd kihagyta a m\u00e1sodik tizenegyes\u00e9t is, b\u00e1rmit el tudok k\u00e9pzelni r\u00f3la.\r\n<h3>8. Ukrajna<\/h3>\r\nA Dinamo Kijev-f\u00e9le atomfocit\u00f3l m\u00e9g messze vannak az ukr\u00e1nok, de id\u00e9n n\u00e1lam \u0151k voltak a szlavisztika futballtansz\u00e9k legjobbjai. <strong>Malinovszkij<\/strong> mellett <strong>Mikola Betonfal Matvijenko<\/strong> is oktatott, a torna egyik felfedezettje pedig a 18 \u00e9ves <strong>Illia Zabarnyi<\/strong> volt. <strong>Zincsenk\u00f3r\u00f3l<\/strong> nem is besz\u00e9lve, aki egy \u00e1llat. M\u00e1s k\u00e9rd\u00e9s, hogy az ukr\u00e1nok sz\u00e1m\u00e1ra ez a negyedd\u00f6nt\u0151zget\u00e9s kicsit er\u0151s, a 2006-os vb ut\u00e1n most is s\u00falyos ver\u00e9st kaptak. Persze, <strong>Sevcsenk\u00f3nak<\/strong> m\u00e9g ez is j\u00f3l \u00e1ll, love.\r\n<h3>7. Sv\u00e1jc<\/h3>\r\nSoha nem fogom elfelejteni, ahogy Sv\u00e1jc a nyolcadd\u00f6nt\u0151ben fel\u00e1llt a padl\u00f3r\u00f3l Franciaorsz\u00e1g ellen, mit \u00e9rezhettek akkor a sv\u00e1jciak? Szerintem bazi nagy sv\u00e1jci \u00f6r\u00f6m\u00f6t, mert ez a multikulti sv\u00e1jci v\u00e1logatott \u2013 mint ezen az Eb-n minden sikeres v\u00e1logatott \u2013 igazi, nagybet\u0171s csapat volt. Persze, lehet n\u00e9zegetni, ki hol sz\u00fcletett, lehet sorolni a mindenf\u00e9le n\u00e1ci\u00f3kat, orsz\u00e1gneveket (hogy Bosznia, Koszov\u00f3, Alb\u00e1nia, Maced\u00f3nia), de ez m\u00e1r cs\u00f6ppet sem \u00e9rdekes, s\u0151t, ink\u00e1bb unalmas. Sv\u00e1jc nagyon j\u00f3 csapat, pont. \u00c9ljenek a r\u00e9torom\u00e1nok.\r\n<h3>6. Csehorsz\u00e1g<\/h3>\r\nA torna v\u00e9geredm\u00e9nye \u00e9s a statisztik\u00e1k alapj\u00e1n Csehorsz\u00e1g jogosan szerezte meg a hatodik helyet \u2013<strong>Masopoust\u00e9k<\/strong> metron\u00f3mszer\u0171 munk\u00e1sfocija azonban nyomokban sem volt olyan l\u00e1tv\u00e1nyos \u00e9s mag\u00e1val ragad\u00f3, mint amilyen mostan\u00e1ban p\u00e9ld\u00e1ul a Slavia. Ezek az izzad\u00f3 cseh kisemberek most nem \u0160vejket \u00e9s Hrabalt (vagy r\u00e9szegen Karel Gottot) id\u00e9zt\u00e9k, hanem a Metropolis vil\u00e1g\u00e1t Fritz Langt\u00f3l.\r\n<h3>5. Belgium<\/h3>\r\n<span class=\"highlight-block-small\">M\u00e1r a portug\u00e1lok ellen is m\u00e1kjuk volt, az olaszok ellen pedig kider\u00fclt r\u00f3luk, hogy v\u00e9szhelyzetben egyetlen \u00e9pk\u00e9zl\u00e1b \u00f6tlet\u00fck sincs.<\/span>\r\n\r\nEgy\u00e9niben \u00edgy is a legjobbak k\u00f6z\u00e9 tartoztak, de a foci csapatj\u00e1t\u00e9k, m\u00e1rpedig \u00e9n egy pillanatig sem \u00e9reztem, hogy a belga j\u00e1t\u00e9kosok csapatot alkotn\u00e1nak. <strong>Lukaku<\/strong> gyors\u00edtott, <strong>Hazard<\/strong> testcselezett, <strong>De Bruyne<\/strong> villant, <strong>Witsel<\/strong> gyilkolt, k\u00fcl\u00f6n-k\u00fcl\u00f6n. Valaki v\u00e9gre megmondhatn\u00e1, hogy Belgium v\u00e1logatottja mit keresett \u00e9vekig a FIFA-vil\u00e1granglista els\u0151 hely\u00e9n.\r\n<h3>4. D\u00e1nia<\/h3>\r\nEddig csak a h\u00fcgge, valamint a d\u00e1n emberek \u00e9s a d\u00e1n t\u00e1rsadalom rajong\u00f3ja voltam, de most j\u00f6het a foci is. <strong>Schmeichel<\/strong>, <strong>Kj\u00e6r<\/strong>, <strong>Christensen<\/strong>, <strong>Hj\u00f6bjerg<\/strong>, <strong>M\u00e6hle<\/strong>, <strong>Damsgaard<\/strong> \u2013 felsorolok n\u00e9h\u00e1ny j\u00e1t\u00e9kost, akiket l\u00e1tva leesett az ember \u00e1lla. Micsoda kompakt kis futballist\u00e1k, akik a belg\u00e1kkal ellent\u00e9tben val\u00f3di k\u00f6z\u00f6ss\u00e9get alkottak. Sz\u00e1momra D\u00e1nia jelentette a torna \u00fcde sz\u00ednfoltj\u00e1t. Gyors, \u0151szinte, al\u00e1zatos focijukat \u00f6r\u00f6m volt n\u00e9zni, meg\u00e9rdemelt\u00e9k az el\u0151d\u00f6nt\u0151t. <strong>Eriksen<\/strong> miatt. Maguk miatt. A k\u00f6z\u00f6ns\u00e9g\u00fck miatt. A hozz\u00e1\u00e1ll\u00e1suk miatt.\r\n\r\n<img class=\"alignnone size-full wp-image-1496\" src=\"https:\/\/sport24.24.hu\/app\/uploads\/sites\/24\/2021\/07\/dania.jpg\" alt=\"\" width=\"5472\" height=\"3648\" \/>\r\n<h3>3. Spanyolorsz\u00e1g<\/h3>\r\nA spanyolok az Eb-el\u0151d\u00f6nt\u0151ben valamivel jobbak voltak az olaszokn\u00e1l, \u00e9s csak tizenegyesekkel kaptak ki a k\u00e9s\u0151bbi gy\u0151ztest\u0151l \u2013 egyr\u00e9szt. A spanyolok a rendes j\u00e1t\u00e9kid\u0151ben k\u00e9ptelenek voltak legy\u0151zni ezen az Eur\u00f3pa-bajnoks\u00e1gon Sv\u00e9dorsz\u00e1got, Lengyelorsz\u00e1got, Horv\u00e1torsz\u00e1got, Sv\u00e1jcot \u00e9s Olaszorsz\u00e1got \u2013 m\u00e1sr\u00e9szt. N\u00e1lam ez a t\u00e9ny t\u00f6bbet nyom a latba: minimalista gy\u0151ztesb\u0151l el\u00e9g volt nek\u00fcnk Portug\u00e1lia \u00f6t \u00e9vvel ezel\u0151tt. (A g\u00f6r\u00f6g\u00f6kh\u00f6z az\u00e9rt nem hasonl\u00edtom a spanyolokat.) A m\u00e1sodik gener\u00e1ci\u00f3s spanyol tiki-taka m\u00e9g az els\u0151n\u00e9l is \u00e1lmos\u00edt\u00f3bb, r\u00e1ad\u00e1sul a tizenhatoson bel\u00fcl most nem <strong>David Villa<\/strong> \u00e9s <strong>Fernando Torres<\/strong> k\u00f6r\u00f6z, hanem <strong>\u00c1lvaro Morata<\/strong> \u00e9s <strong>Mikel Oyarzabal<\/strong>.\r\n<h2>2. Anglia<\/h2>\r\n<span class=\"highlight-block-small\">Mit \u00e9rdemel az a csapat, amelyik egy Eb-d\u00f6nt\u0151 legelej\u00e9n vezet\u00e9st szerez, majd az azt k\u00f6vet\u0151 118 perc alatt egyetlen kapura tart\u00f3 l\u00f6v\u00e9st sem k\u00e9pes \u00f6sszehozni? Eb-c\u00edmet semmik\u00e9ppen.<\/span>\r\n\r\nPedig harminc perc alatt kiv\u00e9gezhett\u00e9k volna Olaszorsz\u00e1got egy olyan d\u00f6nt\u0151ben, ahov\u00e1 hazai p\u00e1ly\u00e1n, b\u00e1rsonysz\u0151nyegen mas\u00edrozhattak be, az elm\u00falt \u00e9vtizedek leger\u0151sebb j\u00e1t\u00e9koskeret\u00e9vel. Mi kell m\u00e9g? Nem tudom, mi hozhatna sikert Angli\u00e1nak, amely 55 \u00e9v ut\u00e1n jutott be ism\u00e9t egy nagy torna d\u00f6nt\u0151j\u00e9be. Angolosan \u00e9vtizedek \u00f3ta nem ment, \u00e9s most nem ment olaszosan sem, mert egyszer csak j\u00f6ttek az igazi olaszok.\r\n\r\nAz angol v\u00e1logatottban mintha lenne valami velesz\u00fcletett merevs\u00e9g, az \u00e9vsz\u00e1zados futballd\u00f6lyf \u00e9s a sorozatos sikertelens\u00e9g miatti frusztr\u00e1ci\u00f3 furcsa egyvelege, aminek a v\u00e9ge mindig ugyanaz: a kudarc \u00e9s a f\u00e1jdalom. Sajn\u00e1latra m\u00e9lt\u00f3 mell\u00e9kz\u00f6ng\u00e9kkel: Southgate \u00e1t\u00f6r\u00f6k\u00edtett tizenegyes-pszich\u00f3zis\u00e1val, a remeg\u0151 l\u00e1b\u00fa tin\u00e9dzserekkel (<strong>Rashford<\/strong> is the new <strong>Zaza<\/strong>!), majd az olasz szurkol\u00f3k levad\u00e1sz\u00e1s\u00e1val \u00e9s a rasszista gy\u0171l\u00f6letkelt\u00e9ssel az Instagramon. Nem t\u00fal sz\u00e9p t\u00f6rt\u00e9net.\r\n\r\n[central_article_recommendation title=\"Kapcsol\u00f3d\u00f3\" url=\"https:\/\/sport24.24.hu\/foci\/2021\/07\/12\/foci-eb-olasz-angol-donto-elemzes\/\" image=\"1\" lead=\"1\"]\r\n<h2>1. Olaszorsz\u00e1g<\/h2>\r\nElbukhattak volna az osztr\u00e1kok elleni b\u0171nrossz m\u00e1sodik f\u00e9lid\u0151ben, kiverhette volna \u0151ket a spanyol csapat, ha nem Oyarzabal \u00e9s Morata t\u00e1madja \u0151ket (ld. fent), \u00e9s alulmaradhattak volna Angli\u00e1val szemben is a d\u00f6nt\u0151ben, azonban Southgate-et a f\u00e9lelem ir\u00e1ny\u00edtotta, az angol j\u00e1t\u00e9kosok pedig nem \u00e9rezt\u00e9k meg az els\u0151 f\u00e9lid\u0151ben a v\u00e9rszagot. Ehelyett Olaszorsz\u00e1g, zsin\u00f3rban 34 veretlen\u00fcl megv\u00edvott meccsel a h\u00e1ta m\u00f6g\u00f6tt megszerezte t\u00f6rt\u00e9nete m\u00e1sodik Eur\u00f3pa-bajnoki c\u00edm\u00e9t. Persze, lehet tov\u00e1bbra is azzal j\u00f6nni, hogy csak gyenge ellenfeleket tudtak legy\u0151zni, hogy szimul\u00e1l\u00e1s \u00e9s catenaccio. Ok\u00e9, volt n\u00e9mi szerencs\u00e9j\u00fck a tizenegyesekkel,\r\n\r\n<span class=\"highlight-block\">de az biztos, hogy csapatmor\u00e1lban \u00e9s egys\u00e9gess\u00e9gben messze \u0151k voltak a legjobbak, m\u00e1rpedig a nagy torn\u00e1kon ez sz\u00e1m\u00edt.<\/span>\r\n\r\n\u00d6t j\u00e1t\u00e9kosuk lett h\u00e1zi g\u00f3lkir\u00e1ly k\u00e9t-k\u00e9t tal\u00e1lattal, ak\u00e1rcsak 2006-ban, a vb-gy\u0151zelem alkalm\u00e1val \u2013 ez sem v\u00e9letlen.<strong> Mancini<\/strong> csapata ez\u00fattal nemcsak az ellenfeleket m\u00falta fel\u00fcl, hanem mag\u00e1t az olasz futballhagyom\u00e1nyt is: a siker kulcsa a keretbe pakolt sokoldal\u00fa, gyors t\u00e1mad\u00e1sorient\u00e1lt j\u00e1t\u00e9kosok t\u00f6mege, akik k\u00f6z\u00fcl olyan gy\u00f6ngyszemeket bukkantak el\u0151 az \u00e1tlagos eur\u00f3pai fociszurkol\u00f3k sz\u00e1m\u00e1ra, mint <strong>Locatelli<\/strong>,<strong> Pessina<\/strong> vagy \u00e9ppen <strong>Spinazzola<\/strong>.\r\n\r\nCalcio-rajong\u00f3k\u00e9nt elfogult vagyok, de tal\u00e1n most ez t\u00e9ny is: a torna legjobb csapata nyerte az Eur\u00f3pa-bajnoks\u00e1got.","type":"rich","thumbnail_url":"https:\/\/s.24.hu\/app\/uploads\/sites\/24\/2021\/07\/gettyimages-1233963728-e1626697999872-150x150.jpg","thumbnail_width":150,"thumbnail_height":150}