{"version":"1.0","provider_name":"Sport24","provider_url":"https:\/\/sport24.24.hu","author_name":"Aranyossy \u00c1ron","author_url":"https:\/\/sport24.24.hu\/author\/aranyossya\/","title":"\u201eHa gy\u0151zt\u00fcnk, mindent megengedett. Ha kikaptunk, nemegyszer sz\u00e9tesett az \u00f6lt\u00f6z\u0151\u201d \u2013 80 \u00e9ves M\u00e9sz\u00f6ly K\u00e1lm\u00e1n","html":"Felh\u00edvott <strong>Garaba Imre.<\/strong>\r\n<blockquote>Szeretn\u00e9k k\u00e9rni t\u0151led valamit<\/blockquote>\r\nEgy 82-szeres v\u00e1logatott futballista, aki m\u00e9g dali\u00e1s korban, <strong>M\u00e9sz\u00e1ros \u201eBubu\u201d, T\u00f6r\u00f6k P\u00e9ter, B\u00e1lint L\u00e1szl\u00f3, M\u00fcller S\u00e1ndor, Nyilasi Tibor, D\u00e9t\u00e1ri Lajos, Kiss L\u00e1szl\u00f3, T\u00f6r\u0151csik Andr\u00e1s, V\u00e1rady B\u00e9la, Kiprich J\u00f3zsef<\/strong> idej\u00e9n lett 82-szeres, nagyj\u00e1b\u00f3l b\u00e1rmit k\u00e9rhet, mondtam is kap\u00e1sb\u00f3l:\r\n\u2013 Parancsolj.\r\n\u2013 L\u00e9gy sz\u00edves, \u00edrj egy cikket.\r\n\u2013 R\u00f3lad?\r\n\u2013 Nem. A K\u00e1lm\u00e1nr\u00f3l.\r\n\r\nA magyar futballban volt n\u00e9h\u00e1ny h\u00edres K\u00e1lm\u00e1n, hogy csup\u00e1n <strong>Ih\u00e1sz K\u00e1lm\u00e1nt, S\u00f3v\u00e1ri K\u00e1lm\u00e1nt, Kov\u00e1cs K\u00e1lm\u00e1nt<\/strong> eml\u00edtsem a v\u00e1logatott t\u00f6rzsg\u00e1rdist\u00e1i k\u00f6z\u00fcl, \u00e1m nem kellett k\u00e9rdeznem, melyik K\u00e1lm\u00e1nr\u00f3l van sz\u00f3. Az a <em>K\u00e1lm\u00e1nt<\/em> a magyar futballban \u00e9vtizedekre visszamen\u0151leg \u2013 \u00e9s gyan\u00edtom: dek\u00e1dokkal el\u0151re \u2013 lefoglalta M\u00e9sz\u00f6ly.\r\n\r\n\u2013 Mert p\u00e9nteken nyolcvan\u00e9ves?\r\n\u2013 E miatt jutott az eszembe, de nem ez\u00e9rt. Hanem, mert v\u00e9gigk\u00eds\u00e9rte az \u00e9letemet.\r\n\u2013 Gyerekkorodban Sz\u0151d\u00f6n M\u00e9sz\u00f6lyt j\u00e1tszott\u00e1l?\r\n\u2013 Azt sem tudtam, hogy \u0151 kicsoda. \u00c1m nyolc\u00e9ves lehettem, sz\u0151ke voltam, fejelgettem, mire apuk\u00e1m azt mondta:\r\n<blockquote>Szeretn\u00e9m, ha olyan lenn\u00e9l, mint M\u00e9sz\u00f6ly K\u00e1lm\u00e1n<\/blockquote>\r\nEbben az a sz\u00e9p, hogy \u00e9desap\u00e1m a Fradinak drukkolt, \u00e9s a hatvanas \u00e9vekben a Ferencv\u00e1ros \u00e9s a Vasas volt a k\u00e9t legnagyobb riv\u00e1lis: n\u00e9gyszer nyert bajnoki c\u00edmet az FTC, ugyancsak n\u00e9gyszer a Vasas. A papa m\u00e9gis a vet\u00e9lyt\u00e1rst\u00f3l v\u00e1lasztott nekem p\u00e9ldak\u00e9pet.\r\n<div class=\"payable-content-section\"><\/div>\r\n\u2013 Az lett?\r\n\u2013 De mennyire! Feln\u00e9zek r\u00e1, ami\u00f3ta ismerem.\r\n\u2013 Mikor tal\u00e1lkozt\u00e1l vele szem\u00e9lyesen el\u0151sz\u00f6r?\r\n\u2013 Nyolcvanban, \u00e1m hol vagyunk m\u00e9g att\u00f3l! Tizenn\u00e9gy \u00e9vesen apuk\u00e1m levitt a III. Ker\u00fcleti TTVE-hez. Azel\u0151tt sosem j\u00e1rtam Budapesten, \u00fagy \u00e9reztem, elveszek a forgatagban. Azt\u00e1n egyszer csak azt hallom: \u201eItt a kis M\u00e9sz\u00f6ly!\u201d Meg hogy \u00e9n leszek az ut\u00f3da. Most m\u00e1r kezdett foglalkoztatni a dolog, ut\u00e1na n\u00e9ztem, ki az a M\u00e9sz\u00f6ly, b\u00e1r rossz futballista nem lehet, gondoltam, ha ennyiszer emlegetik. Megtudtam, miel\u0151tt a Vasashoz ker\u00fclt, a Ker\u00fcletben j\u00e1tszott.\r\n\u2013 T\u00e9ged is h\u00edvtak Angyalf\u00f6ldre?\r\n\u2013 El\u0151bb V\u00e1cra h\u00edvtak, onnan meg Kispestre. Az 1979-1980-as \u00e9vad k\u00f6zben ker\u00fcltem a Honv\u00e9dhoz, \u00e9s huszon\u00f6t \u00e9v ut\u00e1n akkor nyert el\u0151sz\u00f6r bajnoki c\u00edmet a csapat. <strong>Tichy Lajos<\/strong> \u00f6tven\u00f6tben j\u00e1t\u00e9kosk\u00e9nt, nyolcvanban edz\u0151k\u00e9nt \u00fcnnepelt. Majd beaj\u00e1nlott a v\u00e1logatottba.\r\n\u2013 M\u00e9sz\u00f6lynek?\r\n\u2013 Majdnem. <strong>Dr. Lakat K\u00e1roly<\/strong> sz\u00f6vets\u00e9gi kapit\u00e1nyi b\u00facs\u00fameccs\u00e9n vehettem fel el\u0151sz\u00f6r a c\u00edmeres mezt, m\u00e1sodik v\u00e1logatotts\u00e1gom alkalm\u00e1val pedig m\u00e1r K\u00e1lm\u00e1n volt a szakvezet\u0151. A csehszlov\u00e1k\u2013magyar 1-0 \u00e9s a magyar\u2013sk\u00f3t 3-1 k\u00f6z\u00f6tt egy h\u00f3nap telt el 1980 tavasz\u00e1n.\r\n\u2013 A nyolcvankett\u0151 azt bizony\u00edtja, eg\u00e9szen j\u00f3l bev\u00e1lt\u00e1l.\r\n\u2013 M\u00e9sz\u00f6lyi magass\u00e1gokba nem emelkedtem, nem tartoztam a vil\u00e1g legnagyobbjai k\u00f6z\u00e9. De van p\u00e1rhuzam, mert ugyan\u00fagy a megalkuv\u00e1st nem t\u0171r\u0151 j\u00e1t\u00e9k jellemzett, mint \u0151t, \u00e9s hozz\u00e1 hasonl\u00f3an tiszteltem a j\u00e1t\u00e9kost\u00e1rsaimat. Ahogyan ez a nagy vag\u00e1ny besz\u00e9lt <strong>Bundzs\u00e1kr\u00f3l<\/strong>, <strong>G\u00f6r\u00f6csr\u0151l, Albertr\u0151l, S\u00e1ndor Csikarr\u00f3l<\/strong>, az megragadott. M\u00e9g ink\u00e1bb lebilincselt, amikor nyolcvanegy v\u00e9ge fel\u00e9 azt mondta:\r\n<blockquote>Most m\u00e1r tegezhetsz<\/blockquote>\r\n[caption id=\"attachment_1450\" align=\"alignnone\" width=\"6048\"]<img class=\"wp-image-1450 size-full\" src=\"https:\/\/sport24.24.hu\/app\/uploads\/sites\/24\/2021\/07\/ivd_9857.jpeg\" alt=\"\" width=\"6048\" height=\"4024\" \/> Garaba Imre[\/caption]\r\n\r\nM\u00e9g ma is nehezen megy, pedig ennek m\u00e1r maholnap negyven \u00e9ve.\r\n\u2013 Nyilv\u00e1n az\u00e9rt volt ilyen enged\u00e9keny, mert a v\u00e1logatott csoportels\u0151 lett az akkori vb-selejtez\u0151k\u00f6n!\r\n\u2013 M\u00e9ghozz\u00e1 Anglia, Rom\u00e1nia, Sv\u00e1jc \u00e9s Norv\u00e9gia el\u0151tt. A z\u00e1r\u00f3 meccs a magyar\u2013norv\u00e9g volt. Felh\u00edvott a feles\u00e9gem Tat\u00e1n, hogy kellene h\u00e1rom jegy. Majd felh\u00edvott \u00fajra, hogy kell m\u00e9g hat. Nem ragozom: csak Sz\u0151dr\u0151l sz\u00e1zharminc bel\u00e9p\u0151t k\u00e9rtek.\r\n\u2013 Megszerezted mindet?\r\n\u2013 Annyit nem tudtam k\u00e9rni. M\u00e1r csak az\u00e9rt sem, mert a v\u00e1s\u00e1rolhat\u00f3 jegyek sz\u00e1m\u00e1t hatvannyolcezerben maxim\u00e1lt\u00e1k. N\u00e9gy-egyre nyert\u00fcnk, okt\u00f3berben olyan hangulat uralkodott, ak\u00e1r a maj\u00e1lison. Am\u00fagy is belecs\u00f6ppentem a j\u00f3ba. Harmadik v\u00e1logatott meccsemen, az osztr\u00e1kok ellen <strong>Pel\u00e9<\/strong> volt a kezd\u0151r\u00fag\u00f3, mert akkor forgatt\u00e1k Pesten a <em>Menek\u00fcl\u00e9s a gy\u0151zelembe<\/em> c\u00edm\u0171 filmet a p\u00e1ratlan brazillal, tov\u00e1bb\u00e1 az argentin <strong>Osvaldo Ardilesszel<\/strong>, a lengyel <strong>Kazimierz Deyn\u00e1val<\/strong>, az angol <strong>Bobby Moore-ral<\/strong>, a belga <strong>Paul van Himsttel<\/strong>, megannyi labdar\u00fag\u00f3-vil\u00e1gszt\u00e1rral. Majd nyolcvanegy nyar\u00e1n a magyar\u2013angolra huszon\u00f6t \u00e9v ut\u00e1n hazat\u00e9rt <strong>Pusk\u00e1s Ferenc<\/strong>. Azt \u00e9reztem, ami egy mai kis sr\u00e1cot akkor fog el, ha <strong>Cristiano Ronaldo<\/strong> vagy <strong>Lionel Messi<\/strong> k\u00f6zvetlen k\u00f6zel\u00e9be ker\u00fcl. \u00d6csi b\u00e1csi j\u00e1tszott is a vb-selejtez\u0151t megel\u0151z\u0151 Budapest\u2013Vid\u00e9k \u00f6regfi\u00fakmeccsen.\r\n<blockquote>M\u00e1r nagy hasa volt, de jobban r\u00fagott, mint <strong>Roberto Carlos<\/strong><\/blockquote>\r\n(Err\u0151l az esem\u00e9nyr\u0151l \u00edgy eml\u00e9kezett meg 2013 okt\u00f3ber\u00e9ben a Nemzeti Sport: \u201eAz is Pusk\u00e1s volt, aki <strong>Franc\u00f3val<\/strong> parol\u00e1zott vagy \u00e9ppen meghajolt <strong>K\u00e1d\u00e1r<\/strong> apr\u00f3 d\u00f6gei el\u0151tt, mint ahogyan azt 1981-ben, a N\u00e9pstadion d\u00edsztrib\u00fcnje fel\u00e9 fordulva tette huszon\u00f6t \u00e9v t\u00e1voll\u00e9t ut\u00e1n, m\u00e1r magyarorsz\u00e1gi leteleped\u00e9s\u00e9nek meg\u00e1gyazva.\u201d A \u201eK\u00e1d\u00e1r apr\u00f3 d\u00f6gei\u201d harmoniz\u00e1l a hum\u00e1num hetilapja, a Magyar F\u00f3rum 2009. okt\u00f3beri cikk\u00e9vel, amelyben <strong>Csurka Istv\u00e1n<\/strong> a \u201eK\u00e1d\u00e1r\u2013Apr\u00f3\u2013D\u00f6gei-s\u00f6pred\u00e9ket\u201d emlegette.)\r\n\r\n\u2013 A vb-n azt\u00e1n csal\u00f3dtunk!\r\n\u2013 Az Eb-ez\u00fcst\u00e9rmes belg\u00e1k v\u00e9dhet\u0151 l\u00f6v\u00e9ssel egyenl\u00edtettek ellen\u00fcnk, de a legnagyobb hib\u00e1t az angol j\u00e1t\u00e9kvezet\u0151 k\u00f6vette el, amikor 1-0-s vezet\u00e9s\u00fcnkn\u00e9l nem \u00e1ll\u00edtotta ki a <strong>Fazekas Lacit<\/strong> letarol\u00f3 <strong>Jean-Marie Pfaff<\/strong> kapust. Ha nyer\u00fcnk, akkor a k\u00f6z\u00e9pd\u00f6nt\u0151 h\u00e1rmas csoportj\u00e1ban a lengyel \u00e9s a szovjet csapattal ker\u00fcl\u00fcnk szembe, \u00e9s nem kell elrugaszkodni a f\u00f6ldt\u0151l, hogy feltegy\u00fck: ebb\u0151l a keleti k\u00f6rb\u0151l ak\u00e1r a legjobb n\u00e9gy k\u00f6z\u00e9 is bejuthattunk volna.\r\n\u2013 M\u00e9sz\u00f6ly tombolt?\r\n\u2013 Ha gy\u0151zt\u00fcnk, mindent megengedett. Ha kikaptunk, nemegyszer sz\u00e9tesett az \u00f6lt\u00f6z\u0151. Mindig ilyen volt: ami a sz\u00edv\u00e9n, az a sz\u00e1j\u00e1n. \u00c1m azt, aki rosszat mond r\u00f3la, meg se hallgatom.\r\n<blockquote>Tess\u00e9k ut\u00e1na csin\u00e1lni: j\u00e1t\u00e9kosk\u00e9nt \u00e9s sz\u00f6vets\u00e9gi kapit\u00e1nyk\u00e9nt is vb-n volt.<\/blockquote>\r\n\u2013 Garaba edz\u0151k\u00e9nt m\u00e1r nem lesz!\r\n\u2013 De tudok m\u00e9g egyez\u00e9st: K\u00e1lm\u00e1n is j\u00e1tszott, \u00e9n is futballoztam olyan v\u00e1logatottban, amelyik legy\u0151zte a brazilokat. J\u00f3, a hatvanhatos 3-1 kicsit \u00e9rt\u00e9kesebb volt a nyolcvanhatos 3-0-n\u00e1l, mert azt a vb-n rendezt\u00e9k, r\u00e1ad\u00e1sul a k\u00e9tszeres c\u00edmv\u00e9d\u0151 \u00e1llt a t\u00faloldalon, \u00e9s K\u00e1lm\u00e1n g\u00f3lt is l\u0151tt. De nyolcvanhat se semmi, magyar futballcsapat az\u00f3ta sem j\u00e1rt vil\u00e1gbajnoks\u00e1gon. Jut eszembe, <strong>Esterh\u00e1zy Marci\u00e9k<\/strong> \u00e9s <strong>Hidegkuti N\u00e1ndor\u00e9k<\/strong> k\u00f6z\u00f6tt egy civil lakott a R\u00f3mai-parton. Egyszer csak azt hallott\u00e1k, hogy a k\u00f6z\u00e9ps\u0151 h\u00e1z tulajdonosa kiab\u00e1l valakivel: \u201eMenjen m\u00e1r, nekem mindk\u00e9t szomsz\u00e9dom g\u00f3lt r\u00fagott a braziloknak!\u201d\r\n<div class=\"article_box_border\">\r\n<div class=\"article_solidheader\">\r\n<h2>M\u00e9sz\u00f6ly K\u00e1lm\u00e1n<\/h2>\r\n<\/div>\r\nA nyolcvan\u00e9ves M\u00e9sz\u00f6ly K\u00e1lm\u00e1n 61-szeres v\u00e1logatott volt, \u00e9s ugyancsak 61 m\u00e9rk\u0151z\u00e9sen dirig\u00e1lta a v\u00e1logatottat sz\u00f6vets\u00e9gi kapit\u00e1nyk\u00e9nt. A Vasas j\u00e1t\u00e9kosak\u00e9nt n\u00e9gyszer nyert bajnoki c\u00edmet \u2013 1966-ban veretlen\u00fcl v\u00e9gzett az \u00e9len a piros-k\u00e9k csapat \u2013, a v\u00e1logatott tagjak\u00e9nt k\u00e9t vil\u00e1gbajnoks\u00e1gon j\u00e1tszott. A harmadikr\u00f3l Marseille, a csehszlov\u00e1kokt\u00f3l a vb-p\u00f3tselejtez\u0151n elszenvedett 1-4 miatt maradt le. Kor\u00e1nak legjobbjai k\u00f6z\u00e9 tartozott nem csup\u00e1n itthon, de az eg\u00e9sz vil\u00e1gon.\r\n\r\n&nbsp;\r\n\r\n\u00cdme, egy csapat azokb\u00f3l, akikkel egy\u00fctt futballozott az Eur\u00f3pa-, illetve a vil\u00e1gv\u00e1logatott csapatokban: <strong>Jasi<\/strong>n (szovjet) \u2013<strong> Carlos Alberto<\/strong> (brazil), <strong>Beckenbauer<\/strong> (n\u00e9met), <strong>Facchetti<\/strong> (olasz) \u2013 <strong>Cruyff<\/strong> (holland), <strong>Masopust<\/strong> (csehszlov\u00e1k), <strong>Bobby Charlton<\/strong> (angol), <strong>Rivera<\/strong> (olasz) \u2013 <strong>Best<\/strong> (\u00e9szak\u00edr), <strong>Gerd M\u00fcller<\/strong> (n\u00e9met), <strong>Eusebio<\/strong> (portug\u00e1l).\r\n\r\n&nbsp;\r\n\r\nKilenc aranylabd\u00e1s szerepel e tizenegyben, valamint egy m\u00e1sodik helyezett (Giacinto Facchetti) meg egy brazil vil\u00e1gbajnok (Carlos Alberto), akire az 1970-es Aranylabda-v\u00e1laszt\u00e1son m\u00e9g nem lehetett szavazni. A legjobb itthoniak, akikkel M\u00e9sz\u00f6ly egy\u00fctt j\u00e1tszott: <strong>Grosics \u2013 M\u00e1trai, Sipos, S\u00e1rosi \u2013 Bozsik, Bundzs\u00e1k \u2013 S\u00e1ndor, Bene, G\u00f6r\u00f6cs, Albert, Tichy, Farkas<\/strong>. Igen, nem t\u00e9ved\u00e9s, ez 12 n\u00e9v, de a a hat egyenrang\u00fa csat\u00e1rb\u00f3l nem lehet eld\u00f6nteni, ki maradjon ki.\r\n\r\n&nbsp;\r\n\r\nM\u00e9sz\u00f6ly az 1962-es vb esztendej\u00e9ben elnyerte Az \u00e9v labdar\u00fag\u00f3ja c\u00edmet \u2013 azon a Mundialon nevezt\u00e9k el Sz\u0151ke Szikl\u00e1nak \u2013, \u00e9s r\u00e9szese volt minden id\u0151k legjobb magyar Eb-szerepl\u00e9s\u00e9nek, az 1964-es bronz\u00e9remnek. A hatvanas-hetvenes \u00e9vekben a v\u00e1logatottal \u00e9s a Vasassal \u00fagy j\u00e1rt D\u00e9l-Amerik\u00e1ba, mint m\u00e1s a Balatonra. A chilei Copa Hexagonal elnyer\u00e9se (1967) ut\u00e1n megk\u00f6rny\u00e9kezte a montevide\u00f3i Penarol, el\u0151tte az Internazionale \u00e9s a Real Madrid, de nem akart \u201edisszid\u00e1lni\u201d.\r\n\r\n&nbsp;\r\n\r\nAngyalf\u00f6ldre az\u00e9rt ker\u00fclt, mert \u00e9desapja, aki 1945 el\u0151tt a Magyar Kir\u00e1lyi Statisztikai Hivatal f\u0151tan\u00e1csosa volt, azt javasolta neki: ha a Vasasba megy, abb\u00f3l baj nem lehet. B\u00e1r az \u0151t eltilt\u00f3 piros-k\u00e9kekt\u0151l haraggal v\u00e1lt el, nem igazolt m\u00e1shova, az els\u0151 oszt\u00e1lyban kiz\u00e1r\u00f3lag piros-k\u00e9kben j\u00e1tszott (279 alkalommal). Farkassal \u00e9s Ih\u00e1sszal k\u00f6z\u00f6s b\u00facs\u00fameccs\u00e9n m\u00e9g a salakp\u00e1ly\u00e1n is tolongtak a n\u00e9z\u0151k 1974 fagyos febru\u00e1rj\u00e1ban a F\u00e1y utc\u00e1ban. Akkor m\u00e9g csak harminckett\u0151 volt, b\u0151ven futballozhatott volna. Olyan sz\u00ednvonalon, ahogyan k\u00f6z\u00e9ph\u00e1tv\u00e9d ebben a min\u0151s\u00e9gi labdar\u00fag\u00f3ban valaha oly gazdag orsz\u00e1gban val\u00f3sz\u00edn\u0171leg sem el\u0151tte, sem ut\u00e1na nem j\u00e1tszott.\r\n\r\n<\/div>","type":"rich","thumbnail_url":"https:\/\/s.24.hu\/app\/uploads\/sites\/24\/2021\/07\/d__yt20141209011-150x150.jpg","thumbnail_width":150,"thumbnail_height":150}