{"version":"1.0","provider_name":"Sport24","provider_url":"https:\/\/sport24.24.hu","author_name":"Dajka Bal\u00e1zs","author_url":"https:\/\/sport24.24.hu\/author\/dajkab\/","title":"Nem is tudod, val\u00f3j\u00e1ban mekkora brav\u00far Olaszorsz\u00e1g Eb-gy\u0151zelme","html":"Volna itt k\u00e9t, egym\u00e1snak l\u00e1tsz\u00f3lag ellentmond\u00f3 \u00e1ll\u00edt\u00e1s, amiket \u00e9rdemes k\u00f6zelebbr\u0151l megn\u00e9zni. Az egyik az, hogy az eg\u00e9sz torna alapj\u00e1n Olaszorsz\u00e1g vastagon meg\u00e9rdemelte az Eur\u00f3pa-bajnoki c\u00edmet. A m\u00e1sik pedig az, hogy Anglia, illetve <strong>Gareth Southgate<\/strong> kapit\u00e1ny n\u00e9lk\u00fcl Olaszorsz\u00e1g nem nyerte volna meg az Eb-t.\r\n\r\n[central_article_recommendation title=\"Kapcsol\u00f3d\u00f3\" url=\"https:\/\/sport24.24.hu\/foci\/2021\/07\/12\/podcast-ajtoablak-olasz-angol-eb-donto\/\" image=\"1\" lead=\"1\"]\r\n\r\n<strong>Roberto Mancini<\/strong> fiainak gy\u0151zelme egy epikus h\u0151sk\u00f6ltem\u00e9ny. Nincs r\u00e1 jobb kifejez\u00e9s, mert azok a j\u00e1t\u00e9kosok, akik a meccs lef\u00faj\u00e1s\u00e1nak a pillanat\u00e1ban a p\u00e1ly\u00e1n voltak, sem j\u00e1t\u00e9ktud\u00e1suk, sem a bajnoki form\u00e1juk alapj\u00e1n nem t\u0171ntek Eb-gy\u0151ztes mat\u00e9ri\u00e1nak. Legal\u00e1bbis azok, akik meccs k\u00f6zben j\u00f6ttek be.\r\n<h2>Csak nyomai maradtak a leger\u0151sebb csapatnak<\/h2>\r\nK\u00f6nny\u0171 lenne azt mondani, hogy a csoportk\u00f6rben, illetve az egyenes kies\u00e9ses szakaszban l\u00e1tott olasz v\u00e1logatott k\u00f6z\u00f6tt a legnagyobb k\u00fcl\u00f6nbs\u00e9g az ellenfelek min\u0151s\u00e9g\u00e9ben volt. B\u00e1r ez a meg\u00e1llap\u00edt\u00e1s nagy koncentr\u00e1ci\u00f3ban tartalmaz igazs\u00e1got, azt sem szabad elfelejten\u00fcnk, hogy Mancini csapata a torna v\u00e9g\u00e9re \u00fagy elfogyott, hogy az angolok t\u00f6ketlenked\u00e9se n\u00e9lk\u00fcl soha nem nyerte volna meg a fin\u00e1l\u00e9t.\r\n\r\nMancini nem kap mellszobrot a calcio elef\u00e1ntcsonttorny\u00e1ban, Covercian\u00f3ban, taktikailag nem volt egy nagy truv\u00e1j, amit kital\u00e1lt, \u00e9s a leger\u0151sebb kezd\u0151csapat\u00e1val kapcsolatban sem \u00e1rult zs\u00e1kbamacsk\u00e1t. Ha tehette volna, a Mister minden meccsen \u00edgy k\u00fcldte volna p\u00e1ly\u00e1ra az \u00f6v\u00e9it:\r\n\r\n<em>Donnarumma - Florenzi, Bonucci, Chiellini, Spinazzola - Barella, Jorginho, Verratti - Insigne, Immobile, Berardi.\u00a0<\/em>\r\n\r\nAhogy <a href=\"https:\/\/sport24.24.hu\/sport\/2021\/07\/11\/eb-donto-elott-latszik-mivel-foghatok-de-nyerni-nagyon-tudnak-mancini-olaszai\/\">kor\u00e1bban megt\u00e1rgyaltuk<\/a>, a csapat j\u00e1t\u00e9ka nem t\u00fal bonyolult, viszont nagyon is hat\u00e9kony, a k\u00f6z\u00e9pp\u00e1lya tele van j\u00f3l passzol\u00f3, de a v\u00e9dekez\u00e9sben is akt\u00edv j\u00e1t\u00e9kosokkal, megvan benne a sebess\u00e9g, a l\u00f6v\u0151er\u0151, \u00e9s egy titkos fegyver, a t\u00e1mad\u00e1sokkal fell\u00e9p\u0151 balh\u00e1tv\u00e9d, <strong>Leo Spinazzola<\/strong>. \u00cdgy futott neki az Eur\u00f3pa-bajnoks\u00e1gnak Olaszorsz\u00e1g, \u00e9s am\u00edg fenn\u00e1llt a status quo, a v\u00e9gs\u0151 gy\u0151zelemre is es\u00e9lyesnek t\u0171nt a j\u00e1t\u00e9ka alapj\u00e1n. De ez nem tartott sok\u00e1ig.\r\n<div class=\"payable-content-section\"><\/div>\r\n<h2>H\u00e1tul be\u00fct a m\u00e9nk\u0171<\/h2>\r\nA csillog\u00f3-villog\u00f3 olasz j\u00e1t\u00e9k nem tartott sokkal tov\u00e1bb a csoportk\u00f6r v\u00e9g\u00e9n\u00e9l, ami nem is csoda, hiszen Spinazzola m\u00e1r a negyedd\u00f6nt\u0151ben megs\u00e9r\u00fclt. Norm\u00e1l esetben egy balh\u00e1tv\u00e9d kies\u00e9se nem okoz \u00f3ri\u00e1si gondot, csakhogy ahogy fent is l\u00e1thattuk, a Roma sz\u00e1rnyv\u00e9d\u0151j\u00e9nek nem a v\u00e9dekez\u00e9sben, hanem sokkal ink\u00e1bb a t\u00e1mad\u00e1sokban volt p\u00f3tolhatatlan szerepe. Spinazzola kies\u00e9se alapjaiban v\u00e1ltoztatta meg az olaszok j\u00e1t\u00e9k\u00e1t.\r\n\r\nPersze nem az AS Roma j\u00e1t\u00e9kosa volt az els\u0151 kies\u0151, hanem egy m\u00e1sik r\u00f3mai, <strong>Alessandro Florenzi<\/strong> (\u0151 a f\u0151v\u00e1ros sz\u00fcl\u00f6tte, de jelenleg a PSG j\u00e1t\u00e9kosa), m\u00e9ghozz\u00e1 egyb\u0151l az els\u0151 meccsen. Florenzivel azt az opci\u00f3t vesz\u00edtette el Mancini, hogy a v\u00e9delem jobb oldal\u00e1n nyisson ki h\u00e1romv\u00e9d\u0151sre az olasz v\u00e1logatott, ha esetleg valami t\u00f6rt\u00e9nne Spinazzol\u00e1val, \u00e9s az elgondol\u00e1s abszol\u00fat jogos volt, hiszen Florenzi hasonl\u00f3 profil\u00fa sz\u00e9ls\u0151 v\u00e9d\u0151, mint csapatt\u00e1rsa.\r\n\r\n<span class=\"highlight-block-small\">M\u00e9g a legjobb nyolc k\u00f6z\u00f6tt j\u00e1rtak csak az olaszok, amikor mindk\u00e9t j\u00e1t\u00e9kos kid\u0151lt, \u00edgy az \u00e1tmeneti j\u00e1t\u00e9k \u00f3ri\u00e1si \u00fct\u00e9st kapott, \u00e9s ez olvashat\u00f3 volt az olaszokon a torna h\u00e1tralev\u0151 h\u00e1rom meccs\u00e9n.\u00a0<\/span>\r\n<h2>El\u00f6l is gondok ad\u00f3dnak<\/h2>\r\nA k\u00e9t s\u00e9r\u00fcl\u00e9s s\u00falyos csap\u00e1s volt, f\u0151leg annak a f\u00e9ny\u00e9ben, hogy volt m\u00e1s gondja is Mancininek. El\u0151sz\u00f6r is ott volt a centerposzt, ahol pap\u00edron t\u00f6k\u00e9letes megold\u00e1st k\u00edn\u00e1lt <strong>Ciro Immobile<\/strong>, csakhogy az a j\u00e1t\u00e9kk\u00e9p, ami az olaszok meccsein kialakult, nagyon nem a saj\u00e1tja a Lazio csat\u00e1r\u00e1nak. A tavalyi eur\u00f3pai aranycip\u0151s \u2013 36 g\u00f3lt szerzett a 2019-2020-as olasz bajnoks\u00e1gban \u2013 semmit nem tudott hozz\u00e1tenni a csapata j\u00e1t\u00e9k\u00e1hoz (ez nem meglep\u0151, a h\u00e1romszoros Serie A-g\u00f3lkir\u00e1ly eg\u00e9szen m\u00e1s t\u00edpus\u00fa csat\u00e1r, mint amilyenre sz\u00fcks\u00e9ge lett volna Mancininek), r\u00e1ad\u00e1sul m\u00f6g\u00f6tte csak az abszol\u00fat hasonl\u00f3 attrib\u00fatumokkal rendelkez\u0151 <strong>Andrea Belotti<\/strong> jelentett opci\u00f3t, akit\u0151l pont annyit lehetett v\u00e1rni, amennyit v\u00e9g\u00fcl a k\u00f6z\u00f6sbe tett (semmit).\r\n\r\nMancini ugyan bev\u00e1logatta a szezont remek\u00fcl z\u00e1r\u00f3, rendk\u00edv\u00fcl \u00edg\u00e9retes <strong>Giacomo Raspadorit<\/strong>, de azt lehetett sejteni, hogy r\u00e1 nem v\u00e1r komoly szerep. Az olaszok csat\u00e1rgondjai nem sz\u00e1m\u00edtanak \u00fajdons\u00e1gnak, a Serie A-ban is nyomozni kell a nemzetk\u00f6zi m\u00e9rc\u00e9vel is kiemelked\u0151 egy\u00e9nis\u00e9geket, \u00e9s Mancini tal\u00e1n lett volna akkora punk, hogy h\u00faz egy mindenki sz\u00e1m\u00e1ra meglep\u0151t, \u00e9s mag\u00e1val viszi a d\u00f6bbenetes p\u00e1lyafut\u00e1st teljes\u00edt\u0151 <strong>Franco Caput\u00f3t<\/strong>, ha nem sz\u00f3l k\u00f6zbe a sors.\r\n\r\nCaputo 30 \u00e9vesen l\u00e9pett p\u00e1ly\u00e1ra \u00e9let\u00e9ben el\u0151sz\u00f6r a Serie A-ban, addig alacsonyabb oszt\u00e1lyokban j\u00e1tszott. A kies\u0151 Empoliban nagyszer\u0171en mutatkozott be, \u00e9s a Sassuol\u00f3hoz ker\u00fclve is bizony\u00edtotta, hogy pont az a fajta k\u00f6z\u00e9pcsat\u00e1r, akire rendk\u00edv\u00fcl nagy sz\u00fcks\u00e9ge lett volna az Eb-n Mancininek is.\r\n\r\n[central_article_recommendation title=\"Kapcsol\u00f3d\u00f3\" url=\"https:\/\/rangado.24.hu\/nemzetkozi_foci\/2020\/08\/15\/francesco-ciccio-caputo-sassuolo-serie-a\/\" image=\"1\" lead=\"1\"]\r\n\r\nA m\u00e1r harminch\u00e1rom \u00e9ves csat\u00e1r m\u00f6g\u00f6tt viszont egy s\u00e9r\u00fcl\u00e9sekkel t\u0171zdelt szezon volt (tizenkilenc meccsen \u00edgy is v\u00e1gott tizenegy g\u00f3lt), \u00e9s a kapit\u00e1ny nem akart kock\u00e1ztatni.\r\n\r\nImmobile haszn\u00e1lhatatlans\u00e1ga egy\u00fattal azt is jelentette, hogy az olaszok csak a k\u00e9t sz\u00e9ls\u0151 sebess\u00e9g\u00e9ben b\u00edzhattak, \u00e1m ez \u2013 k\u00fcl\u00f6nb\u00f6z\u0151 okok miatt \u2013 sem az osztr\u00e1kok, sem k\u00e9s\u0151bb a spanyolok \u00e9s az angolok ellen nem volt \u00e1t\u00fct\u0151 erej\u0171 fegyver. Nagyon kellett volna egy befejez\u0151 csat\u00e1r.\r\n<h2>Az olaszok Eb-flopja, Nicol\u00f3 Barella<\/h2>\r\nA m\u00f6g\u00f6tt\u00fcnk hagyott szezon sor\u00e1n t\u00f6bbsz\u00f6r is le\u00edrtam azt a b\u00e1tor gondolatot, hogy Barella nemcsak az Inter, hanem az eg\u00e9sz Serie A legjobb k\u00f6z\u00e9pp\u00e1ly\u00e1sa. Neh\u00e9z is volt vele vitatkozni, a sz\u00e1rd j\u00e1t\u00e9kos kiegyens\u00falyozottan sz\u00e1ll\u00edtotta a mark\u00e1ns klasszisteljes\u00edtm\u00e9nyeket, \u00e9s biztosan nem \u00e9n v\u00e1rtam t\u0151le egyed\u00fcl, hogy az olaszoknak is akkora vez\u00e9re lesz, mint a mil\u00e1n\u00f3iaknak. Ebb\u0151l megd\u00f6bbent\u0151en kev\u00e9s v\u00e1lt val\u00f3ra.\r\n\r\nBarella sajnos egyszer\u0171en elfogyott. Van r\u00e1 ments\u00e9ge, hiszen nemcsak v\u00e9gigdar\u00e1lta a bajnoki c\u00edmmel z\u00e1rt szezont, de tavaly m\u00e9g a d\u00f6nt\u0151ig menetelt az Eur\u00f3pa Lig\u00e1ban is, \u00edgy \u0151 val\u00f3ban szinte v\u00e9gigfocizta az eg\u00e9sz \u00e9vet. Att\u00f3l azonban, hogy van r\u00e1 ments\u00e9ge, m\u00e9g t\u00e9ny marad, hogy az olasz csapat pont a nyolcas poszton maradt el messze a v\u00e1rakoz\u00e1sokt\u00f3l, \u00e9s ez term\u00e9szetesen hat\u00e1ssal volt az \u00e1tmeneti j\u00e1t\u00e9kra, a labdakihozatalokra \u00e9s az ellenfelek v\u00e9d\u0151harmad\u00e1ban kifejtett nyom\u00e1s fenntart\u00e1s\u00e1ra is \u2013 ut\u00f3bbit a csoportk\u00f6r ut\u00e1n kv\u00e1zi el is engedte Mancini.\r\n\r\nMivel a csoportk\u00f6r alatt az olasz k\u00f6z\u00e9pp\u00e1lya egyik legjobbja <strong>Manuel Locatelli<\/strong> volt, sok szurkol\u00f3 v\u00e9lte \u00fagy, hogy Barella f\u00e1radts\u00e1ga nem fog komoly gondot okozni, csakhogy a Sassuolo k\u00f6z\u00e9pp\u00e1ly\u00e1sa a j\u00e1t\u00e9ka alapj\u00e1n nem Barella, hanem <strong>Marco Verratti<\/strong> logikus cser\u00e9je. T\u00e1mad\u00f3 k\u00f6z\u00e9pp\u00e1ly\u00e1ssal nagyon nem \u00e1llt j\u00f3l Mancini, aki a fenti gondok miatt m\u00e1r olyan szinten ker\u00fclt k\u00e9nyszerp\u00e1ly\u00e1ra, hogy mindk\u00e9t keze meg volt k\u00f6tve.\r\n\r\n<span class=\"highlight-block-small\">Nemcsak meglepet\u00e9st nem tudott okozni az ellenfeleknek, de m\u00e9g az alapj\u00e1t\u00e9khoz sem \u00e1lltak \u00f6ssze a dolgok igaz\u00e1n.\u00a0<\/span>\r\n\r\nBarell\u00e1t a belg\u00e1k elleni negyedd\u00f6nt\u0151 (ez volt egy\u00e9bk\u00e9nt a legjobb meccse az Eb-n) kiv\u00e9tel\u00e9vel minden m\u00e9rk\u0151z\u00e9sen lecser\u00e9lte Mancini, pedig tudhatta, hogy a helyettesek ink\u00e1bb csak p\u00f3tl\u00e9kok. <strong>Bryan Cristant\u00e9nak<\/strong> nem volt j\u00f3 szezonja a pocs\u00e9k Rom\u00e1ban, ahol r\u00e1ad\u00e1sul gyakran a v\u00e9delem k\u00f6zep\u00e9n kellett j\u00e1tszania, <strong>Matteo Pessina<\/strong> pedig egy f\u00e9l sorral feljebb \u00e9rzi igaz\u00e1n j\u00f3l mag\u00e1t, ahogy azt l\u00e1thattuk az Atalant\u00e1ban.\r\n<h2>Hogy lesz ebb\u0151l Eb-gy\u0151zelem?<\/h2>\r\nNem el\u00e9g, hogy Anglia a m\u00e1sodik percben megszerezte a vezet\u00e9st, Mancini mindk\u00e9t sz\u00e9len a cserev\u00e9d\u0151ivel, egy haszn\u00e1lhatatlan centerrel, \u00e9s egy f\u00e1radt, kicsit tal\u00e1n f\u00e1sult t\u00e1mad\u00f3 k\u00f6z\u00e9pp\u00e1ly\u00e1ssal kellett, hogy megoldja a helyzetet, m\u00e9ghozz\u00e1 \u00fagy, hogy hi\u00e1ba mustr\u00e1lgatta a kispadot, igazi clutch-cser\u00e9t sehogy sem tal\u00e1lhatott. K\u00e9ts\u00e9gbeejt\u0151 helyzet.\r\n\r\nEbb\u0151l csak \u00e9s kiz\u00e1r\u00f3lag \u00fagy lesz Eb-gy\u0151zelem, ha a csapat fennmarad\u00f3 r\u00e9sze nemcsak brut\u00e1lis mel\u00f3t tesz a k\u00f6z\u00f6sbe, de a teljes\u00edtm\u00e9ny\u00e9nek a sz\u00ednvonala is magasan az \u00e1tlag feletti. Mancini szerencs\u00e9j\u00e9re ebben nem volt hiba: a v\u00e9delem k\u00f6zep\u00e9n a <strong>Leonardo Bonucci, Giorgio Chiellini<\/strong> p\u00e1ros, a regista posztj\u00e1n<strong> Jorginho<\/strong>, a t\u00e1mad\u00f3sorban pedig <strong>Fede Chiesa<\/strong> j\u00e1tszott \u00f3ri\u00e1sit \u2013 \u00e9s nem csak a d\u00f6nt\u0151ben, hanem az eg\u00e9sz torn\u00e1n.\r\n\r\nAzon m\u00e1r a fentiek f\u00e9ny\u00e9ben kevesen lep\u0151dnek meg, hogy Chies\u00e1t is s\u00e9r\u00fcl\u00e9s miatt kellett lecser\u00e9lni, \u00e9s Jorginho is a fr\u00e1szt hozta minden olaszra, amikor m\u00e9g az els\u0151 f\u00e9lid\u0151ben le\u00fclt a f\u00f6ldre, \u00e9s \u00e1pol\u00e1st k\u00e9rt. A m\u00e9lys\u00e9gi ir\u00e1ny\u00edt\u00f3 szerencs\u00e9re tudta folytatni a j\u00e1t\u00e9kot, mert ha \u0151 is kiesett volna, az olaszok j\u00e1t\u00e9ka \u00f6sszeomlik, \u00e9s b\u00e1rhogy f\u00farja is az angol es\u00e9lyeket Southgate, \u0151k nyerik meg a d\u00f6nt\u0151t.\r\n\r\nJorginho tudta folytatni (n\u00e9gy labdaszerz\u00e9s\u00e9vel szok\u00e1s szerint a legjobb volt a mez\u0151nyben), Chiesa kies\u00e9se a 86. percben pedig csak annyit jelentett, hogy az olaszok a b\u00fcntet\u0151ket vett\u00e9k c\u00e9lba a hosszabb\u00edt\u00e1sban, mert a Juve sz\u00e9ls\u0151je n\u00e9lk\u00fcl nem is igaz\u00e1n besz\u00e9lhett\u00fcnk t\u00e1mad\u00f3j\u00e1t\u00e9kr\u00f3l.\r\n\r\n<span class=\"highlight-block-small\">A b\u00fcntet\u0151k el\u00e9r\u00e9s\u00e9ben viszont joggal b\u00edzhattak az olaszok, hiszen az eg\u00e9sz Eur\u00f3pa-bajnoks\u00e1g toronymagasan legjobb v\u00e9d\u0151p\u00e1rosa nem sok leveg\u0151t engedett az angol t\u00e1mad\u00f3knak. A Bonucci-Chiellini p\u00e1ros kiegyens\u00falyozottan, magabiztosan \u00e9s szinte hiba n\u00e9lk\u00fcl hozta le az eg\u00e9sz torn\u00e1t, \u00e9s b\u00e1r ez sokaknak term\u00e9szetes lehetett, egy\u00e1ltal\u00e1n nem volt az.\u00a0<\/span>\r\n\r\nA zsin\u00f3rban megnyert kilenc bajnoki c\u00edm ut\u00e1n csak egy irt\u00f3zatos m\u00e1zlival beh\u00fazott negyedik helyig jut\u00f3 Juventusban nem pont \u00edgy mentek a dolgok. Chiellini a szezon nagy r\u00e9sz\u00e9t s\u00e9r\u00fcl\u00e9s miatt kihagyta, Bonucci pedig \u2013 aki egy az egyben sosem volt igaz\u00e1n er\u0151s, \u00e9s egy h\u00e1romv\u00e9d\u0151s rendszer liber\u00f3jak\u00e9nt tud igaz\u00e1n kiteljesedni \u2013 rengeteget szenvedett Pirlo n\u00e9gyv\u00e9d\u0151s rendszer\u00e9ben. Egyik\u00fck sem fiatal, \u00e9s Bonucci v\u00e9gigj\u00e1tszotta az eg\u00e9sz szezont, \u00fagyhogy b\u0151ven volt mit\u0151l tartani.\r\n\r\nEhhez k\u00e9pest a k\u00e9t rutinos v\u00e9d\u0151 a legszebb napjait id\u00e9zve j\u00e1tszotta v\u00e9gig a torn\u00e1t, b\u00f3nuszk\u00e9nt Bonucci a fin\u00e1l\u00e9ban d\u00f6nt\u0151 \u00e9rdemeket szerzett a g\u00f3lj\u00e1val is. B\u00e1r az UEFA \u00fagy d\u00f6nt\u00f6tt,<strong> Gigi Donnarumm\u00e1t<\/strong> v\u00e1lasztja meg a torna j\u00e1t\u00e9kos\u00e1nak, saj\u00e1t magamat is meglepve ki kell jelentenem, hogy az Eur\u00f3pa-bajnoks\u00e1g legjobbja v\u00e9lem\u00e9nyem szerint Leonardo Bonucci volt.\r\n\r\n[central_article_recommendation title=\"Kapcsol\u00f3d\u00f3\" url=\"https:\/\/eb2020.24.hu\/hirek\/2021\/07\/12\/gianluigi-donarumma-foci-eb-gyozelem-zlatan-ibrahimovic-uzenet\/\" image=\"1\" lead=\"1\"]\r\n<h2>Ahogy a magyarok: els\u0151 a csapat!<\/h2>\r\nAz olasz csapat szervezetts\u00e9ge \u00e9s kompakt j\u00e1t\u00e9ka nem lehetett senki sz\u00e1m\u00e1ra meglepet\u00e9s, amit viszont egys\u00e9gben mutatott ez a t\u00e1rsas\u00e1g, az nem mindig volt jellemz\u0151 az olaszokra. Ez\u00fattal mindenki egy ir\u00e1nyba h\u00fazott, nem volt durrog\u00e1s \u00e9s sz\u00e9th\u00faz\u00e1s, a folyamatosan fenntartott koncentr\u00e1ci\u00f3 pedig olyan hat\u00e1rozott csapatj\u00e1t\u00e9kot eredm\u00e9nyezett, ami nem volt mindig jellemz\u0151 Mancini csapat\u00e1ra sem.\r\n\r\nAnnak, hogy fejben ennyire rendben volt az olasz v\u00e1logatott, akkor \u00e9rtj\u00fck meg a fontoss\u00e1g\u00e1t, ha egy\u00e9nileg n\u00e9z\u00fcnk v\u00e9gig az Eur\u00f3pa-bajnok kereten, illetve azon, ahogy az Eb-t kezdt\u00e9k a j\u00e1t\u00e9kosok. Donnarumm\u00e1t teli sz\u00e1jjal \u00e1rul\u00f3zz\u00e1k Mil\u00e1n\u00f3ban, miut\u00e1n nem hosszabb\u00edtott szerz\u0151d\u00e9st, <strong>Giovanni Di Lorenzo<\/strong> az utols\u00f3 fordul\u00f3ban cs\u00faszott ki a Napolival a BL-b\u0151l, a Juve m\u00e9lyrep\u00fcl\u00e9sben volt Pirl\u00f3val szinte eg\u00e9sz \u00e9vben, Spinazzola pedig egy teljesen rem\u00e9nytelen Rom\u00e1ban hozott le k\u00f6zepes id\u00e9nyt.\r\n\r\n[central_article_recommendation title=\"Kapcsol\u00f3d\u00f3\" url=\"https:\/\/eb2020.24.hu\/hirek\/2021\/07\/12\/eb-donto-olasz-valogatott-aranyerem-leonardo-spinazzola\/\" image=\"1\" lead=\"1\"]\r\n\r\nVerratti a francia bajnoks\u00e1got sem tudta megnyerni a PSG-vel, <strong>Lorenzo Insigne<\/strong> Di Lorenz\u00f3val egy\u00fctt bukott el a Napolival, <strong>Domenico Berardi<\/strong> \u00e9s Locatelli pedig a nyolcadik helyen v\u00e9geztek a Sassuol\u00f3val. A k\u00e9t kakukktoj\u00e1s a Chelsea-vel BL-t nyer\u0151 Jorginho \u00e9s az Interrel scudett\u00f3t nyer\u0151 Barella, valamint tal\u00e1n idevehet\u0151 Immobile is, aki ugyan t\u00edz ponttal maradt le a BL-helyekt\u0151l a Lazi\u00f3val, de a tavalyi aranycip\u0151 (\u00e9s Serie A-\u00f6r\u00f6krekord) ut\u00e1n id\u00e9n is ber\u00e1molt h\u00fasz g\u00f3lt.\r\n\r\nA kieg\u00e9sz\u00edt\u0151 emberb\u0151l el\u0151l\u00e9p\u0151 f\u0151szerepl\u0151ket hagyjuk is: Cristante csak verg\u0151d\u00f6tt a Rom\u00e1ban, <strong>Emersonnak<\/strong> m\u00e9g ennyi sem jutott a Chelsea-ben, hiszen \u00f6sszesen 15 meccset j\u00e1tszott, Belotti pedig konkr\u00e9tan a kies\u00e9s ellen k\u00fczd\u00f6tte v\u00e9gig a szezont a Torin\u00f3val.\r\n\r\nOlvastam egy cikket a d\u00f6nt\u0151 el\u0151tt, amiben egy \u00e9rdekes t\u00e9nyez\u0151re h\u00edvta fel a figyelmet a szerz\u0151. A Corriere opinionist\u00e1ja abban l\u00e1tta meg az olasz v\u00e1logatott erej\u00e9t, hogy t\u00e9nyleg teljes Olaszorsz\u00e1g k\u00e9pviselte mag\u00e1t benne.\r\n\r\nEz igaz volt f\u00f6ldrajzilag is, hiszen a hagyom\u00e1nyoknak megfelel\u0151en sz\u00e9p sz\u00e1mmal voltak oriund\u00f3k (az olasz diaszp\u00f3ra re-migr\u00e1nsa a brazil sz\u00e1rmaz\u00e1s\u00fa Jorginho, <strong>Rafael Tol\u00f3i<\/strong> \u00e9s Emerson is), Insigne \u00e9s Donnarumma n\u00e1polyi sz\u00fclet\u00e9s\u0171ek, Florenzi r\u00f3mai, Chiesa genovai, Chiellini \u00e9s Di Lorenzo toszk\u00e1nok, Pessina \u00e9s Belotti lombardok, \u00e9s m\u00e9g k\u00e9t sz\u00e1rd is befigyelt Barella \u00e9s <strong>Salvatore Sirigu<\/strong> szem\u00e9ly\u00e9ben.\r\n\r\n<span class=\"highlight-block-small\">Ez eg\u00e9sz Olaszorsz\u00e1g, illetve az olasz futball gy\u0151zelme.<\/span>\r\n\r\nAz egyetemi v\u00e9gzetts\u00e9g\u0171 Chiellini, valamint a szint\u00e9n f\u0151iskol\u00e1t v\u00e9gzett Pessina ugyan\u00fagy kulcsszerepl\u0151 volt, mint a m\u00e1r k\u00f6z\u00e9piskol\u00e1s kor\u00e1ban a Milan kapuj\u00e1t v\u00e9d\u0151 Donnarumma. Mancini csapat\u00e1nak a j\u00e1t\u00e9ka m\u00e1r nem \u00fagy olaszos, ahogy azt \u00e9vtizedeken \u00e1t megszokhattuk, de az\u00e9rt az is kider\u00fclt az Eur\u00f3pa-bajnoks\u00e1gon, hogy a zsigerb\u0151l j\u00f6v\u0151 catenacci\u00f3hoz b\u00e1rmikor vissza tud ny\u00falni.\r\n\r\nA v\u00e9gs\u0151 gy\u0151zelemhez tal\u00e1n kellettek az angolok is, de hogy Olaszorsz\u00e1g meg\u00e9rdemelten \u00fclt fel a tr\u00f3nra, azt senki nem vitathatja.","type":"rich","thumbnail_url":"https:\/\/s.24.hu\/app\/uploads\/sites\/24\/2021\/07\/chie-150x150.jpg","thumbnail_width":150,"thumbnail_height":150}