{"version":"1.0","provider_name":"Sport24","provider_url":"https:\/\/sport24.24.hu","author_name":"Fut\u00f3 Csaba","author_url":"https:\/\/sport24.24.hu\/author\/futocs\/","title":"Nincs ok optimizmusra a Fradin\u00e1l, a be\u00edg\u00e9rt karakteres j\u00e1t\u00e9knak m\u00e9g nyoma sincs","html":"Az elm\u00falt \u00e9vekben \u00f6r\u00f6k\u00f6s magyar bajnok Ferencv\u00e1ros, mint id\u00e9n (is) egyetlen eur\u00f3pai f\u0151t\u00e1bl\u00e1s magyar klubcsapat, a m\u00e1sodik sz\u00e1m\u00fa kupasorozatban, az Eur\u00f3pa Lig\u00e1ban kezdte meg a nemzetk\u00f6zi szerepl\u00e9s\u00e9t. A m\u00e1sik k\u00e9t eur\u00f3pai torn\u00e1hoz hasonl\u00f3 r\u00e1ncfelvarr\u00e1son esett \u00e1t az EL is, \u00edgy az FTC-nek imm\u00e1r nyolc k\u00fcl\u00f6nb\u00f6z\u0151 ellenf\u00e9llel kell janu\u00e1rig bez\u00e1r\u00f3lag megm\u00e9rk\u0151znie a csoportk\u00f6r helyett alapszakasznak elkeresztelt f\u00e1zisban. Az els\u0151 ellenf\u00e9l a belga Anderlecht volt idegenben, amely sz\u00e1munkra <strong>Juh\u00e1sz Roland<\/strong> egykori klubjak\u00e9nt lehet ismer\u0151s. A br\u00fcsszeliek mostans\u00e1g nincsenek j\u00f3 form\u00e1ban: utols\u00f3 n\u00e9gy hazai bajnokijukon nyeretlenek maradtak. A rossz sorozat <strong>Brian Riemer<\/strong> edz\u0151 <a href=\"https:\/\/rangado.24.hu\/nemzetkozi_foci\/2024\/09\/19\/anderlecht-tavozik-brian-riemer-edzo-ftc-europa-liga\/\">\u00e1ll\u00e1s\u00e1ba ker\u00fclt<\/a>, \u00edgy a m\u00falt h\u00e9tv\u00e9g\u00e9n a Charleroi elleni 0-0 alkalm\u00e1val m\u00e1r az U18-as csapatt\u00f3l beugr\u00f3, mind\u00f6ssze 36 \u00e9ves <strong>David Hubert<\/strong> ir\u00e1ny\u00edtott.\r\n\r\n<span class=\"highlight-block-small\">A Ferencv\u00e1ros, amely a Borac Banja Luka elleni dupla d\u00f6ntetlen ut\u00e1n jutott be az Eur\u00f3pa Liga f\u0151t\u00e1bl\u00e1j\u00e1ra, id\u00e1ig nem tudta meggy\u0151z\u0151en el\u0151adni a <strong>Pascal Jansen<\/strong> \u00e1ltal Hollandi\u00e1b\u00f3l import\u00e1lt poz\u00edci\u00f3s futballt, legink\u00e1bb annak gyenge m\u00e1solat\u00e1t l\u00e1thattuk a m\u00e9rk\u0151z\u00e9seken.<\/span>\r\n\r\nIdegenben a holland edz\u0151 \u00fagy gondolkodott, hogy lemond a labda birtokl\u00e1s\u00e1r\u00f3l, \u00e9s pap\u00edron gyeng\u00e9bb csapatk\u00e9nt ink\u00e1bb 4-2-3-1-es, emberfog\u00e1sos v\u00e9dekez\u00e9ssel pr\u00f3b\u00e1lja a belg\u00e1kat semleges\u00edteni. Jansent\u0151l ez sem idegen, az Alkmaar edz\u0151jek\u00e9nt, nemzetk\u00f6zi szinten is l\u00e1thattuk m\u00e1r t\u0151le er\u0151sebb ellenfelekkel szemben. A reaktiv\u00e1lt <strong>Botka<\/strong>, <strong>Ciss\u00e9<\/strong>, a ny\u00e1ron \u00e9rkezett <strong>Szalai G\u00e1bor<\/strong> \u00e9s a r\u00e9gi-\u00faj balh\u00e1tv\u00e9d <strong>Ram\u00edrez<\/strong> n\u00e9gyese \u00edgy viszonylag m\u00e9lyen helyezkedett, el\u0151tt\u00fck <strong>Abu Fani<\/strong> \u00e9s a kihagyhatatlan belga Rommens igyekezett megsz\u0171rni a t\u00e1mad\u00e1sokat. El\u00f6l<strong> Varga Barnab\u00e1s<\/strong> csak id\u0151nk\u00e9nt t\u00e1madta meg oldalr\u00f3l a labd\u00e1t birtokl\u00f3 k\u00f6z\u00e9ph\u00e1tv\u00e9det, hogy <strong>Traor\u00e9<\/strong>, <strong>Zachariassen<\/strong> \u00e9s az \u00faj brazil-lengyel szerzem\u00e9ny, <strong>Kady<\/strong> bevon\u00e1s\u00e1val megzavarj\u00e1k a labdakihozatalokat. Amikor \u00edgy tettek, akkor a t\u00f6bbiek is a k\u00f6zvetlen p\u00e1rjukat kerest\u00e9k, ami n\u00e9mileg megn\u00f6velte a t\u00e1vols\u00e1got a j\u00e1t\u00e9kosok k\u00f6z\u00f6tt, cser\u00e9be azonban lehet\u0151s\u00e9get adott azonnali nyom\u00e1st helyezni a labd\u00e1s j\u00e1t\u00e9kosra.\r\n\r\nEz a v\u00e9dekez\u00e9s sem a n\u00e9z\u0151k, sem a j\u00e1t\u00e9kosok sz\u00e1m\u00e1ra nem ismeretlen: m\u00e1r <strong>Sztanyiszlav Csercseszov<\/strong> \u00e9s <strong>Dejan Stankovic<\/strong> idej\u00e9ben is rengeteget j\u00e1tszotta ezt a Fradi az eur\u00f3pai m\u00e9rk\u0151z\u00e9seken.\r\n<div class=\"payable-content-section\"><\/div>\r\n<img class=\"alignnone size-full wp-image-13772\" src=\"https:\/\/sport24.24.hu\/app\/uploads\/sites\/24\/2024\/09\/andftc1.png\" alt=\"\" width=\"1280\" height=\"720\" \/>\r\n\r\n<em>A Ferencv\u00e1ros 4-2-3-1-ben, emberfog\u00e1ssal v\u00e9dekezik. Varga oldalr\u00f3l t\u00e1madja meg a labd\u00e1s k\u00f6z\u00e9ph\u00e1tv\u00e9det, a k\u00f6z\u00e9pp\u00e1ly\u00e1n let\u00fckr\u00f6zz\u00fck a belg\u00e1k 4-3-3-m\u00e1t. Dolberg visszal\u00e9p, Ciss\u00e9 azonban k\u00f6veti a v\u00e9d\u0151falb\u00f3l, siker\u00fcl is a labdaszerz\u00e9s.<\/em>\r\n\r\nA labd\u00e1val val\u00f3 kezdem\u00e9nyez\u00e9s \u00edgy teljesen a belg\u00e1k nyak\u00e1ba szakadt, akik az els\u0151 f\u00e9lid\u0151ben \u00edgy nem kevesebb, mint 62 sz\u00e1zal\u00e9kban birtokolhatt\u00e1k a labd\u00e1t. Az Anderlecht az ortodox vonalsz\u00e9ls\u0151s megold\u00e1s helyett befel\u00e9 mozg\u00f3 sz\u00e9ls\u0151kkel \u00e9s felfut\u00f3 sz\u00e9ls\u0151 v\u00e9d\u0151kkel j\u00e1tszott: a k\u00e9t j\u00f3l cselez\u0151 j\u00e1t\u00e9kos, <strong>Francis Amuzu<\/strong> \u00e9s az angol, City-nevel\u00e9s<strong> Samuel Edozie<\/strong> is sokat mozgott befel\u00e9, mik\u00f6zben <strong>Killian Sardella<\/strong> \u00e9s a Barca akad\u00e9mi\u00e1j\u00e1t is megj\u00e1rt szeneg\u00e1li <strong>Moussa N\u2019Diaye<\/strong> egyszerre l\u00e9phettek fel a t\u00e1mad\u00e1ssal.\r\n\r\n<span class=\"highlight-block-small\">A m\u00e9lyen \u00fcl\u0151 ferencv\u00e1rosi v\u00e9dekez\u00e9s azonban t\u00f6bbnyire el\u00e9g volt a belg\u00e1k meg\u00e1ll\u00edt\u00e1s\u00e1ra, akkor is, ha az ellenf\u00e9l hat-h\u00e9t j\u00e1t\u00e9kost is \u00e1t tudott pakolni a ferencv\u00e1rosi t\u00e9rf\u00e9lre.<\/span>\r\n\r\nApr\u00f3bb lehet\u0151s\u00e9gek az els\u0151 f\u00e9lid\u0151ben legink\u00e1bb csak Edozie \u00e9s Amuzu egy\u00e9ni megindul\u00e1saib\u00f3l alakultak ki. A ferencv\u00e1rosi h\u00e1ts\u00f3 alakzat olyan stabilan \u00e1llt a l\u00e1b\u00e1n az els\u0151 45 percben, hogy akci\u00f3b\u00f3l (open play) mind\u00f6ssze 0.2 xG-nyi helyzetet enged\u00e9lyezett a hazaiaknak.\r\n\r\n<img class=\"alignnone size-full wp-image-13773\" src=\"https:\/\/sport24.24.hu\/app\/uploads\/sites\/24\/2024\/09\/andftc2.png\" alt=\"\" width=\"1280\" height=\"720\" \/>\r\n\r\n<em>Az Anderlecht j\u00e1t\u00e9ka fel\u00e1llt fal ellen. Mindk\u00e9t sz\u00e9lt \u201edupl\u00e1zz\u00e1k\u201d a belg\u00e1k, Amuzu befel\u00e9 cselez, de a Fradi fegyelmezetten, k\u00e9t vonalban v\u00e9di a tizenhatost, siker\u00fcl is kifejelni a bead\u00e1st.<\/em>\r\n\r\nA h\u00e1ts\u00f3 stabilit\u00e1s\u00e9rt cser\u00e9be sokat fel kellett \u00e1ldozni az eddig am\u00fagy sem magas szinten m\u0171k\u00f6d\u0151 t\u00e1mad\u00f3j\u00e1t\u00e9kb\u00f3l. B\u00e1r az el\u0151bbi mutat\u00f3b\u00f3l az els\u0151 f\u00e9lid\u0151ben a Fradi az ellenfel\u00e9n\u00e9l t\u00f6bbet, 0,40-et hozott \u00f6ssze, ez nem sokkal magasabb sz\u00e1m, ink\u00e1bb: kev\u00e9sb\u00e9 alacsony.\r\n\r\nN\u00e9h\u00e1ny alkalommal azonban siker\u00fclt a ferencv\u00e1rosiaknak h\u00e1tulr\u00f3l kihozni a labd\u00e1t. Ekkor a belg\u00e1k t\u00f6bbnyire \u00f6t emberrel t\u00e1madt\u00e1k le a magyar bajnokot, ahol a kor\u00e1bbi ajaxos <strong>Kasper Dolberg<\/strong> mell\u00e9 t\u00f6bbnyire a k\u00f6z\u00e9pp\u00e1ly\u00e1s <strong>Stroeykens<\/strong> csatlakozott, aki pap\u00edron a belg\u00e1k egyik leg\u00e9rt\u00e9kesebb j\u00e1t\u00e9kosa. A 4-1-3-2-es fel\u00e1ll\u00e1sban az els\u0151 f\u00e9lid\u0151ben azonban a vend\u00e9gl\u00e1t\u00f3k gyakran t\u00fal nagy t\u00e1vols\u00e1gokat hagytak az el\u00f6l \u00e9s a h\u00e1tul j\u00e1tsz\u00f3k k\u00f6z\u00f6tt, ezt siker\u00fclt Jansen csapat\u00e1nak t\u00f6bbsz\u00f6r is kihaszn\u00e1lni. Az ortodox alakzatban, h\u00e1tul hat, el\u00f6l n\u00e9gy j\u00e1t\u00e9kossal \u00e9p\u00edtkez\u0151 Fradi f\u0151k\u00e9ppen a jobb oldalon, a Botka, Abu Fani \u00e9s Traor\u00e9 alkotta h\u00e1romsz\u00f6g seg\u00edts\u00e9g\u00e9vel pr\u00f3b\u00e1lta kihozni a labd\u00e1kat.\r\n\r\n<img class=\"alignnone size-full wp-image-13774\" src=\"https:\/\/sport24.24.hu\/app\/uploads\/sites\/24\/2024\/09\/andftc3.png\" alt=\"\" width=\"1280\" height=\"720\" \/>\r\n\r\n<em>A belg\u00e1k \u00f6t emberrel t\u00e1madnak le, de kett\u00e9szakad a csapat, Abu Fani \u00f3ri\u00e1si ter\u00fcletben veheti \u00e1t a labd\u00e1t. A Fradinak siker\u00fcl \u00e1thelyezni a j\u00e1t\u00e9kot az ellenf\u00e9l t\u00e9rfel\u00e9re, \u00e9s Zachariassen bevon\u00e1s\u00e1val a bal oldalra forgatni.<\/em>\r\n\r\nHa siker\u00fclt labd\u00e1val \u00e1t\u00e9rni az ellenf\u00e9l t\u00e9rfel\u00e9re, akkor is visszak\u00f6sz\u00f6ntek az eddigi m\u00e9rk\u0151z\u00e9seken m\u00e1r l\u00e1tott hi\u00e1nyoss\u00e1gok:\r\n\r\n<span class=\"highlight-block-small\">a ferencv\u00e1rosi j\u00e1t\u00e9kosok statikusan, line\u00e1risan, t\u00f6bbnyire szigor\u00faan a saj\u00e1t poz\u00edci\u00f3jukat elfoglalva futballoztak.<\/span>\r\n\r\nA k\u00e9t sz\u00e9ls\u0151, Traor\u00e9 \u00e9s Kady t\u00f6bbnyire a vonal mellett futballoztak, a f\u00e9lter\u00fcletb\u0151l indul\u00f3 Ram\u00edrez hajtott csak id\u0151nk\u00e9nt v\u00e9gre m\u00f6g\u00e9ker\u00fcl\u00e9seket a brazil balsz\u00e9ls\u0151 mellett. A v\u00e9delembe val\u00f3 dinamikus beindul\u00e1sok azonban ilyenkor is gyakran hi\u00e1nyoztak, \u00edgy min\u0151s\u00e9gi helyzeteket a magyar bajnoknak sem siker\u00fclt kialak\u00edtani. Sokat elmond a Fradi hat\u00e9konys\u00e1g\u00e1r\u00f3l az ellenf\u00e9l kapuja el\u0151tt, hogy a 9 ferencv\u00e1rosi l\u00f6v\u00e9sb\u0151l \u00f6t\u00f6t(!) blokkoltak az ellenf\u00e9l v\u00e9d\u0151i.\r\n\r\n<img class=\"alignnone size-full wp-image-13775\" src=\"https:\/\/sport24.24.hu\/app\/uploads\/sites\/24\/2024\/09\/andftc4.png\" alt=\"\" width=\"1280\" height=\"720\" \/>\r\n\r\n<em>Az el\u0151z\u0151 jelenet folytat\u00e1sa. Traor\u00e9 befel\u00e9 cselez, Ram\u00edrez m\u00f6g\u00e9ker\u00fcl, de Zachariassen elt\u0171nik a v\u00e9d\u0151k k\u00f6z\u00f6tt, senki nem fut be az ellenf\u00e9l sz\u00e9ls\u0151 \u00e9s bels\u0151 v\u00e9d\u0151je k\u00f6z\u00e9.<\/em>\r\n\r\nA m\u00e1sodik f\u00e9lid\u0151 els\u0151 fele is t\u00f6bbnyire belga labdabirtokl\u00e1si f\u00f6l\u00e9nnyel telt, \u00e1m a vezet\u0151 g\u00f3lt v\u00e9g\u00fcl egy ferencv\u00e1rosi hiba hozta el. Egy saj\u00e1t t\u00e9rfeles labdakihozataln\u00e1l elvesz\u00edtett labda ut\u00e1n hat ferencv\u00e1rosi j\u00e1t\u00e9kos vissza tudott z\u00e1rni, \u00e1m ez nem volt el\u00e9g: Stroeykens passz\u00e1b\u00f3l<strong> Verschaeren<\/strong> tal\u00e1lt a kapuba, kihaszn\u00e1lva, hogy Abu Faninak \u00e9s Rommensnek kellett volna lev\u00e9dekeznie n\u00e9gy j\u00e1t\u00e9kosnyi ter\u00fcletet.\r\n\r\n<img class=\"alignnone size-full wp-image-13776\" src=\"https:\/\/sport24.24.hu\/app\/uploads\/sites\/24\/2024\/09\/andftc5.png\" alt=\"\" width=\"1280\" height=\"720\" \/>\r\n\r\n<em>Az Anderlecht els\u0151 g\u00f3lja. Hatan is vissza\u00e9rnek a labdaveszt\u00e9s ut\u00e1n, \u00e1m a sz\u00e9ls\u0151k el\u00f6l ragadnak. Abu Fani \u00e9s Rommens ketten pr\u00f3b\u00e1lj\u00e1k lev\u00e9deni a v\u00e9delem el\u0151tti ter\u00fcletet. Abu Fani kiseg\u00edti a jobbh\u00e1tv\u00e9det, \u00e1m \u00edgy Stroeykens marad \u00fcresen, a passz\u00e1b\u00f3l Verschaeren tal\u00e1l a kapuba, 1-0.<\/em>\r\n\r\nAz egyg\u00f3los belga el\u0151nyt r\u00f6videsen Dolberg n\u00f6velte b\u00fcntet\u0151b\u0151l Botka szab\u00e1lytalans\u00e1ga ut\u00e1n. Ezt k\u00f6vet\u0151en a Fradi azonban m\u00e9g ink\u00e1bb kiesett a ritmusb\u00f3l: a belg\u00e1k a kapu el\u00e9 val\u00f3 visszah\u00faz\u00f3d\u00e1s helyett imm\u00e1r agressz\u00edvan, a labd\u00e1ra kell\u0151 nyom\u00e1st helyezve sz\u00edvt\u00e1k el a leveg\u0151t a Ferencv\u00e1ros el\u0151l. Az er\u0151s emberfog\u00e1s, ahogy az eddigi ellenfelekkel szemben, \u00fagy most sem \u00edzlett a magyar bajnoknak: hi\u00e1ba \u00e9rkezett a k\u00f6z\u00e9pp\u00e1ly\u00e1ra <strong>Maiga<\/strong> \u00e9s <strong>Ben Romdhane<\/strong>, valamint el\u0151re az \u00faj brazil szerzem\u00e9ny, <strong>Matheus Saldanha<\/strong>, t\u00f6bbnyire el sem jutott a labda a ferencv\u00e1rosi t\u00e1mad\u00f3khoz.\r\n\r\n<img class=\"alignnone size-full wp-image-13777\" src=\"https:\/\/sport24.24.hu\/app\/uploads\/sites\/24\/2024\/09\/andftc6.png\" alt=\"\" width=\"1280\" height=\"720\" \/>\r\n\r\n<em>A belg\u00e1k sokkal agressz\u00edvabban t\u00e1madnak le, a cserek\u00e9nt be\u00e1llt jobbh\u00e1tv\u00e9d, Gartenmann nyom\u00e1s alatt. Saldanha visszal\u00e9p, \u00e1m \u0151t is k\u00f6veti a v\u00e9d\u0151je, az \u00f3ri\u00e1si t\u00e1vols\u00e1gok miatt a Fradi nem tudja kihozni a labd\u00e1t.<\/em>\r\n\r\n<span class=\"highlight-block-small\">Mindent elmond a Fradi m\u00e1sodik f\u00e9lidei j\u00e1t\u00e9k\u00e1r\u00f3l, hogy a belga els\u0151 g\u00f3lt k\u00f6vet\u0151en \u00f6sszesen egy, azaz egy l\u00f6v\u00e9si k\u00eds\u00e9rletet siker\u00fclt \u00f6sszehozni a m\u00e9rk\u0151z\u00e9s utols\u00f3 30 perc\u00e9ben.<\/span>\r\n\r\nIgaz, abb\u00f3l g\u00f3l lett: a 86. percben egy nagy bedob\u00e1s ut\u00e1n Traor\u00e9 l\u00f6v\u00e9se egy v\u00e9d\u0151 seg\u00edts\u00e9g\u00e9vel pattant a kapuba.\r\n\r\nA hosszabb\u00edt\u00e1s percei pedig ink\u00e1bb a szab\u00e1lytalans\u00e1gokkal, mintsem ferencv\u00e1rosi t\u00e1mad\u00e1sokkal teltek. Hi\u00e1ba hozott \u00f6ssze a Ferencv\u00e1ros akci\u00f3b\u00f3l magasabb xG-mutat\u00f3t az ellenf\u00e9ln\u00e9l, az Anderlecht \u00edgy is v\u00e9gig kontroll\u00e1lni tudta a m\u00e9rk\u0151z\u00e9st.\r\n\r\n<img class=\"size-full wp-image-13778 aligncenter\" src=\"https:\/\/sport24.24.hu\/app\/uploads\/sites\/24\/2024\/09\/andftc7.png\" alt=\"\" width=\"638\" height=\"864\" \/>\r\n\r\nB\u00e1r a m\u00e9rk\u0151z\u00e9s telev\u00edzi\u00f3s szak\u00e9rt\u0151i a sz\u00fcnetben \u00e9s a lef\u00faj\u00e1s ut\u00e1n is pozit\u00edvan \u00e9rt\u00e9kelt\u00e9k a csapat teljes\u00edtm\u00e9ny\u00e9t, a j\u00f6v\u0151re n\u00e9zve nincs ok a kincst\u00e1ri optimizmusra.\r\n\r\n<span class=\"highlight-block-small\">A Ferencv\u00e1ros szinte min\u0151s\u00e9gi helyzetek n\u00e9lk\u00fcl hozott le kilencven percet egy kr\u00edzisben l\u00e9v\u0151 ellenf\u00e9llel szemben, mik\u00f6zben a Pascal Jansen \u00e1ltal el\u0151ir\u00e1nyzott, karakteres j\u00e1t\u00e9k m\u00e9g mindig nem l\u00e1tszik kialakulni.<\/span>\r\n\r\nB\u00e1r az ellenfelek l\u00e9nyegesen er\u0151sebbek, mint a Konferencia Lig\u00e1ban lenn\u00e9nek egy szinttel lejjebb, \u00f6t \u00e9vnyi folyamatos nemzetk\u00f6zi szerepl\u00e9s ut\u00e1n a szurkol\u00f3k \u00e9s a k\u00f6zv\u00e9lem\u00e9ny joggal v\u00e1rja el, hogy a Fradi nemzetk\u00f6zi szinten is bemutassa az identit\u00e1s\u00e1ra jellemz\u0151, domin\u00e1ns futballt.\r\n\r\nA Tottenham, a Frankfurt, vagy a hipszterkedvenc Malm\u00f6 ellen ez alighanem m\u00e9g nehezebb feladat lesz.\r\n\r\n[central_article_recommendation title=\"Kapcsol\u00f3d\u00f3\" url=\"https:\/\/rangado.24.hu\/nemzetkozi_foci\/2024\/09\/26\/anderlecht-ferencvaros-europa-liga-pascal-jansen\/\" image=\"1\" lead=\"1\"]","type":"rich","thumbnail_url":"https:\/\/s.24.hu\/app\/uploads\/sites\/24\/2024\/09\/zachariassen-150x150.jpg","thumbnail_width":150,"thumbnail_height":150}