{"version":"1.0","provider_name":"Sport24","provider_url":"https:\/\/sport24.24.hu","author_name":"Fut\u00f3 Csaba","author_url":"https:\/\/sport24.24.hu\/author\/futocs\/","title":"Sztr\u00e1jkkal fenyegetnek a futballvil\u00e1g t\u00falterhelt szt\u00e1rjai, de van-e ennek realit\u00e1sa?","html":"El tudunk k\u00e9pzelni egy olyan forgat\u00f3k\u00f6nyvet, melyben a Premier League szuperrangad\u00f3j\u00e1ra \u2013 Manchester City\u2013Arsenal \u2013 kil\u00e1togatni k\u00edv\u00e1n\u00f3 drukkerek csak egy \u00fcres stadiont \u00e9s figyelmeztet\u0151 t\u00e1bl\u00e1kat tal\u00e1lnak, miszerint \u201ea meccs elmarad sztr\u00e1jk miatt\u201d?\r\n\r\nEgyel\u0151re aligha. A labdar\u00fag\u00e1s \u2013 eddig \u2013 nem volt k\u00fcl\u00f6n\u00f6sebben sztr\u00e1jkvesz\u00e9lyes sport, \u00e1m egyre t\u00f6bb szt\u00e1rj\u00e1t\u00e9kos c\u00e9loz arra: tal\u00e1n csak munkabesz\u00fcntet\u00e9ssel tudj\u00e1k kiv\u00edvni a terhel\u00e9s\u00fck cs\u00f6kkent\u00e9s\u00e9t. A m\u00falt h\u00e9ten az Eur\u00f3pa-bajnok spanyol v\u00e1logatott \u00e9s a Manchester City kulcsembere, <strong>Rodri<\/strong> besz\u00e9lt err\u0151l a m\u00e9dia k\u00e9pvisel\u0151inek.\r\n<blockquote>Azt hiszem, k\u00f6zel \u00e1llunk ahhoz, hogy sz\u00f3ba ker\u00fclj\u00f6n a sztr\u00e1jk. Ha minden \u00edgy folytat\u00f3dik tov\u00e1bb, akkor aligha van m\u00e1s v\u00e1laszt\u00e1sunk<\/blockquote>\r\n\u2013 jelentette ki.\r\n\r\nKev\u00e9s j\u00e1t\u00e9kos besz\u00e9lhet hitelesebben a kifacsarts\u00e1gr\u00f3l, mint Rodri: a v\u00e9dekez\u0151 k\u00f6z\u00e9pp\u00e1ly\u00e1s a 2023\/24-es id\u00e9nyben 343 napon bel\u00fcl 63-szor l\u00e9pett p\u00e1ly\u00e1ra t\u00e9tm\u00e9rk\u0151z\u00e9sen. A felk\u00e9sz\u00fcl\u00e9si m\u00e9rk\u0151z\u00e9seket is belesz\u00e1molva a FIFPro adatai szerint 72-szer volt meccskeretben Rodri, \u00e9s 6107 percet t\u00f6lt\u00f6tt a p\u00e1ly\u00e1n. Annyira kil\u00fagozott volt az Eur\u00f3pa-bajnoks\u00e1g ut\u00e1n, hogy meghosszabb\u00edtott pihen\u0151t kapott az edz\u0151j\u00e9t\u0151l, <strong>Pep Guardiol\u00e1t\u00f3l<\/strong> \u2013 \u00e9s m\u00e9g \u00edgy is \u00fagy t\u0171nik, hogy <a href=\"https:\/\/rangado.24.hu\/nemzetkozi_foci\/2024\/09\/23\/serules-premier-league-manchester-city-rodri\/\">v\u00e9get \u00e9rt a szezonja<\/a> egy s\u00e9r\u00fcl\u00e9s miatt, mind\u00f6ssze 66 percnyi Premier League-j\u00e1t\u00e9kot k\u00f6vet\u0151en...\r\n\r\nMi\u00e9rt olyan magas sz\u00e1m ez? \u2013 k\u00e9rdezhetne vissza a k\u00f6z\u00f6ns\u00e9g. S mi\u00e9rt kellene sajn\u00e1lni azokat a szinte felfoghatatlan \u00f6sszegeket keres\u0151 j\u00e1t\u00e9kosokat, akik \u2013 micsoda neh\u00e9z sors! \u2013 eur\u00f3t\u00edzmilli\u00f3kra v\u00e1ltj\u00e1k a tehets\u00e9g\u00fcket? A BBC remek, b\u00e1r m\u00e1r kicsit elavult (2015-\u00f6s) <a href=\"https:\/\/www.bbc.com\/news\/world-31110113\">kalkul\u00e1tora<\/a> szerint, ha valaki \u00e9vi nett\u00f3 h\u00e9tmilli\u00f3 forintot keres, akkor 486 \u00e9v alatt ak\u00e1r meg is kereshetn\u00e9 azt a p\u00e9nzt, amit <strong>Cristiano Ronaldo<\/strong> akkoriban \u00e9vente keresett.\r\n\r\n<span class=\"highlight-block-small\">Ilyen sz\u00e1mokkal szembes\u00fclve a sz\u00f3rakoz\u00e1sra v\u00e1r\u00f3 \u00e1tlagemberek j\u00f3 r\u00e9sze azt mondhatja: \u201eEz\u00e9rt a p\u00e9nz\u00e9rt dolgozz, \u00e9s kuss.\u201d<\/span>\r\n<div class=\"payable-content-section\"><\/div>\r\nAz \u00e9rme m\u00e1sik oldal\u00e1t n\u00e9zve: lehet, hogy felfoghatatlan \u00f6sszegeket keres egy j\u00e1t\u00e9kos, de mi t\u00f6rt\u00e9nik, ha nem tud (kimer\u00fclts\u00e9g, s\u00e9r\u00fcl\u00e9sek stb. miatt) megfelel\u0151en sz\u00f3rakoztatni? Emberekr\u0151l \u00e9s nem g\u00e9pekr\u0151l van sz\u00f3, b\u00e1rmennyit is keresnek \u00e9s b\u00e1rmekkora szt\u00e1rok. Nem elvitathat\u00f3 joga a futballist\u00e1knak, hogy megfelel\u0151 \u201efoglalkoztat\u00e1si k\u00f6r\u00fclm\u00e9nyeket\u201d harcoljanak ki maguknak \u2013 \u00e9s, ha kell, ak\u00e1r a sport\u00e1g ir\u00e1ny\u00edt\u00f3 test\u00fcleteivel is megv\u00edvjanak ennek \u00e9rdek\u00e9ben.\r\n\r\n<img class=\"alignnone size-full wp-image-13765\" src=\"https:\/\/sport24.24.hu\/app\/uploads\/sites\/24\/2024\/09\/bajnokok-ligaja.jpg\" alt=\"\" width=\"1024\" height=\"682\" \/>\r\n\r\n\u201eA sztr\u00e1jk \u00e1lland\u00f3 t\u00e9ma lett a j\u00e1t\u00e9kosok k\u00f6r\u00e9ben, \u00e9rezni, hogy valami megv\u00e1ltozott. A k\u00fcl\u00f6nb\u00f6z\u0151 \u00e9rdekv\u00e9delmi szervezetek t\u00f6bb mint \u00f6t \u00e9ve dolgoznak ezen a probl\u00e9m\u00e1n, a j\u00e1t\u00e9kosok \u00e9szrev\u00e9teleit \u00e9s aggodalmait tolm\u00e1csoltuk a FIFA-nak. Amikor a nemzeti \u00e9rdekv\u00e9delmi szervezetek az id\u00e9ny el\u0151tti megbesz\u00e9l\u00e9sek keret\u00e9ben megl\u00e1togatj\u00e1k a j\u00e1t\u00e9kosokat, az els\u0151 sz\u00e1m\u00fa probl\u00e9ma mindig a t\u00falterhel\u00e9s k\u00e9rd\u00e9se. A j\u00e1t\u00e9kosoknak hosszabb pihen\u0151id\u0151kre van sz\u00fcks\u00e9g\u00fck, valamint meccslimitre, hogy k\u00e9pess\u00e9geikhez m\u00e9lt\u00f3n teljes\u00edtsenek, \u00e9s a p\u00e1lyafut\u00e1sukat is \u00f3vj\u00e1k. Ennyire egyszer\u0171 az eg\u00e9sz\u201d \u2013 mutatott r\u00e1 <strong>Alexander Bielefeld<\/strong>, a FIFPro j\u00e1t\u00e9kosszakszervezet strat\u00e9giai igazgat\u00f3ja.\r\n\r\nA vil\u00e1g hetven orsz\u00e1g\u00e1nak \u00e9rdekv\u00e9delmi szervezeteit t\u00f6m\u00f6r\u00edt\u0151 test\u00fclet a terhel\u00e9scs\u00f6kkent\u00e9s egyik legf\u0151bb sz\u00f3sz\u00f3l\u00f3ja, egyben a versenynapt\u00e1rat kontroll\u00e1l\u00f3 FIFA egyik f\u0151 ellenl\u00e1basa a k\u00e9rd\u00e9sben. A sztr\u00e1jkot egyre gyakrabban lebegtet\u0151 j\u00e1t\u00e9kosokat val\u00f3sz\u00edn\u0171leg a toplig\u00e1s edz\u0151k j\u00f3 r\u00e9sze is t\u00e1mogatn\u00e1 \u2013 nyilatkozataikkal legal\u00e1bbis erre utaltak.\r\n<blockquote>Ez az \u00fczlet menne edz\u0151k, sportigazgat\u00f3k, m\u00e9dia, tulajdonosok n\u00e9lk\u00fcl is. De j\u00e1t\u00e9kosok n\u00e9lk\u00fcl eg\u00e9szen biztosan nem. A j\u00e1t\u00e9kosok kez\u00e9ben van az er\u0151, hogy v\u00e1ltoztassanak. Ha v\u00e1ltoz\u00e1sok k\u00f6vetkeznek be, azokat \u0151k fogj\u00e1k kezdem\u00e9nyezni<\/blockquote>\r\n\u2013 v\u00e9lekedett Pep Guardiola.\r\n\r\n<strong>Enzo Maresca<\/strong>, a Chelsea edz\u0151je szint\u00e9n megjegyezte, hogy egy\u00e9rtelm\u0171en t\u00fal sok a m\u00e9rk\u0151z\u00e9s, a j\u00e1t\u00e9kosok eg\u00e9szs\u00e9g\u00e9nek v\u00e9delme pedig nem megfelel\u0151. A k\u00e9rd\u00e9ssel kapcsolatban megnyilv\u00e1nul\u00f3 edz\u0151k egyet\u00e9rtenek abban, hogy ez alapvet\u0151en a j\u00e1t\u00e9kosok (illetve szakszervezeteik) harca, \u0151k csak k\u00fcls\u0151 t\u00e1mogat\u00e1st tudnak ny\u00fajtani.\r\n\r\nA FIFPro b\u00edr\u00f3s\u00e1g el\u00e9 akarja vinni a FIFA-t azzal az indokl\u00e1ssal, hogy a vil\u00e1gszervezet elm\u00falt \u00e9vekben meghozott d\u00f6nt\u00e9sei kiz\u00e1r\u00f3lag a saj\u00e1t rendezv\u00e9nysorozatait \u00e9s \u00fczleti \u00e9rdekeit szolg\u00e1lj\u00e1k.\r\n\r\n\u201eA szervezet elhanyagolta a k\u00f6teless\u00e9geit a vil\u00e1gfutball ir\u00e1ny\u00edt\u00f3 test\u00fcletek\u00e9nt, egyben k\u00e1rt okozott a nemzeti bajnoks\u00e1goknak \u00e9s \u00e1rtott a j\u00e1t\u00e9kosok j\u00f3ll\u00e9t\u00e9nek\u201d \u2013 \u00e1ll\u00edtja az \u00e9rdekv\u00e9delmi szervezet. Az els\u0151 sz\u00e1m\u00fa botr\u00e1nyk\u0151 a harminck\u00e9t csapatosra b\u0151v\u00edtett klubvil\u00e1gbajnoks\u00e1g, melyet el\u0151sz\u00f6r 2025-ben rendezn\u00e9nek meg ilyen form\u00e1tumban. M\u00e1r, ha minden \u00f6ssze\u00e1ll, mert jelenleg nincs k\u00f6zvet\u00edt\u0151 partner \u2013 <strong>Gianni Infantino<\/strong>, a FIFA eln\u00f6ke ez\u00e9rt <a href=\"https:\/\/www.nytimes.com\/athletic\/5779549\/2024\/09\/19\/fifa-club-world-cup-broadcast-rights\/\">rendk\u00edv\u00fcli \u00e9rtekezletet<\/a> h\u00edvott \u00f6ssze \u2013, \u00e9s a helysz\u00edneket sem v\u00e9gleges\u00edtett\u00e9k m\u00e9g. Mindenesetre a versenynapt\u00e1rba beker\u00fcl egy \u00fajabb egy h\u00f3napos nagy torna, ami az utols\u00f3 dolog, ami hi\u00e1nyzik a j\u00e1t\u00e9kosoknak. A FIFA \u00e1ltal \u00edg\u00e9rt p\u00e9nzt persze mindenki sz\u00edvesen felvenn\u00e9\u2026\r\n\r\n[caption id=\"attachment_13766\" align=\"alignnone\" width=\"1024\"]<img class=\"size-full wp-image-13766\" src=\"https:\/\/sport24.24.hu\/app\/uploads\/sites\/24\/2024\/09\/gianni-infantino.jpg\" alt=\"\" width=\"1024\" height=\"682\" \/> Gianni Infantino FIFA-eln\u00f6k.[\/caption]\r\n\r\nA vil\u00e1gsz\u00f6vets\u00e9g k\u00e9pmutat\u00f3nak nevezte a klubvil\u00e1gbajnoks\u00e1ggal kapcsolatos kritik\u00e1kat, \u00e9s arra mutatott r\u00e1: a t\u00f6bb pihen\u0151id\u0151\u00e9rt kamp\u00e1nyol\u00f3 szuperklubok klubv\u00e9b\u00e9 n\u00e9lk\u00fcl p\u00e9nzszerz\u0151 felk\u00e9sz\u00fcl\u00e9si turn\u00e9kra induln\u00e1nak, ami aligha jelentene nagy k\u00f6nnyebbs\u00e9get a j\u00e1t\u00e9kosoknak. Ebben is lehet valami, \u00e1m egy 32 csapatos torna intenzit\u00e1sa aligha \u00f6sszevethet\u0151 a bemutat\u00f3m\u00e9rk\u0151z\u00e9sek sor\u00e1val.\r\n\r\n\u201eA futballt ir\u00e1ny\u00edt\u00f3 szervezeteknek \u00f3vatosnak kell lenni\u00fck, ha szinten akarj\u00e1k tartani a sport\u00e1g sz\u00ednvonal\u00e1t \u00e9s sz\u00f3rakoztat\u00f3 \u00e9rt\u00e9k\u00e9t. Elj\u00f6n az a pont, amikor valahol engedni kell, \u00e9s azt hiszem, ezt a min\u0151s\u00e9g b\u00e1nja majd. A legnagyobb szt\u00e1rokat kevesebbet fogj\u00e1k p\u00e1ly\u00e1ra k\u00fcldeni a s\u00e9r\u00fcl\u00e9sek miatt. Nagyon neh\u00e9z ennyi, ilyen magas intenzit\u00e1s\u00fa m\u00e9rk\u0151z\u00e9st kib\u00edrni\u201d \u2013 mondta sajt\u00f3t\u00e1j\u00e9koztat\u00f3j\u00e1n <strong>Russell Martin<\/strong>, a Southampton szakvezet\u0151je.\r\n\r\nBizonyos \u00e9rtelemben kifejezetten az elit probl\u00e9m\u00e1j\u00e1r\u00f3l van sz\u00f3. A FIFPro 2024-es, a t\u00falterhel\u00e9ssel foglalkoz\u00f3 munkaanyaga <a href=\"https:\/\/www.fifpro.org\/media\/ad4lyibk\/en_pwm_men-s-annual-report-2024.pdf\">59 oldalon<\/a> \u00e1t elemzi a probl\u00e9mak\u00f6rt, de 1500 f\u0151s mint\u00e1j\u00e1nak t\u00f6bb mint fel\u00e9t Eur\u00f3p\u00e1ban szerepl\u0151 j\u00e1t\u00e9kosok adj\u00e1k (838 a vizsg\u00e1lt 1500-b\u00f3l). A tanulm\u00e1nyban kiemelt id\u00e9zetek egyt\u0151l egyig a szuperklubok k\u00f6r\u00e9be tartoz\u00f3 csapatokban futballoz\u00f3 j\u00e1t\u00e9kosokt\u00f3l sz\u00e1rmaznak, \u00e9s a terhel\u00e9sn\u00f6veked\u00e9s is els\u0151sorban ezt a csoportot \u00e9rinti. Erre a spanyol liga (La Liga) eln\u00f6ke, <strong>Javier Tebas<\/strong> is r\u00e1mutatott, amikor a <a href=\"https:\/\/www.bbc.com\/sport\/football\/articles\/cx20lg01mndo\">BBC Sportnak<\/a> nyilatkozott.\r\n<blockquote>Egy 150\u2013200 f\u0151s csoportr\u00f3l besz\u00e9l\u00fcnk, amikor azokat a j\u00e1t\u00e9kosokat emlegetj\u00fck, akik ennyi m\u00e9rk\u0151z\u00e9sen j\u00e1tszanak. K\u00f6zben csak Eur\u00f3p\u00e1ban van m\u00e9g t\u00f6bb mint 50\u202f000 futballista, akik nem kapnak ekkora terhel\u00e9st. A labdar\u00fag\u00e1st nem lehet \u00fagy ir\u00e1ny\u00edtani, hogy egy kis csoport \u00e9rdekei alapj\u00e1n hozzuk meg a d\u00f6nt\u00e9seket.<\/blockquote>\r\nMint mindenkinek, Tebasnak is van (r\u00e9sz)igazs\u00e1ga, \u00e9s ezt adatok is al\u00e1t\u00e1masztj\u00e1k. A nemzetk\u00f6zi labdar\u00fag\u00e1s statisztik\u00e1ival foglalkoz\u00f3 kutat\u00f3int\u00e9zet (CIES) 2012\u20132024 k\u00f6z\u00f6tt vizsg\u00e1lta a meccsterhel\u00e9st. Az id\u00e9n publik\u00e1lt kutat\u00e1s szerint az \u00e1tlagterhel\u00e9s a 2023\/24-es id\u00e9nyben 42,4 m\u00e9rk\u0151z\u00e9sen \u00e1llt, ez elmarad a 2014\/15-\u00f6s, norm\u00e1lis (Covid \u00e1ltal nem befoly\u00e1solt) cs\u00facspontt\u00f3l (42,6). Norm\u00e1l esetben id\u00e9nyenk\u00e9nt 41,6 \u00e9s 42,6 k\u00f6z\u00f6tt van az \u00e1tlagos meccsterhel\u00e9s egy csapatnak \u2013 \u00e9rdemi v\u00e1ltoz\u00e1s nem t\u00f6rt\u00e9nt. A Bajnokok Lig\u00e1ja-r\u00e9sztvev\u0151 csapatok j\u00f3val t\u00f6bbet j\u00e1tszanak (a mostani \u00e1tlag 50,8, a cs\u00facspont 55,2 volt, 2002\/03-ban, a dupla csoportk\u00f6r\u00f6s BL-lebonyol\u00edt\u00e1s egyik \u00e9v\u00e9ben), de alapvet\u0151en az \u0151 terhel\u00e9s\u00fck sem v\u00e1ltozott hossz\u00fa ideje: 50,8\u201355,2 meccs k\u00f6z\u00f6tt mozog. A vizsg\u00e1lat t\u00e1rgy\u00e1t k\u00e9pez\u0151 klubok majdnem fele 40-n\u00e9l kevesebb hivatalos m\u00e9rk\u0151z\u00e9st j\u00e1tszott, a 60-asn\u00e1l nagyobb meccsterhel\u00e9st el\u00e9r\u0151 csapatok ar\u00e1nya \u00e1ltal\u00e1ban 4\u20136 sz\u00e1zal\u00e9k \u2013 ebben a csoportban jobb\u00e1ra d\u00e9l-amerikai (p\u00e9ld\u00e1ul brazil) csapatokat \u00e9s topklubokat tal\u00e1lunk.\r\n\r\n<iframe class=\"flourish-embed-iframe\" style=\"width: 100%;height: 600px\" title=\"Interactive or visual content\" src=\"https:\/\/flo.uri.sh\/visualisation\/19517971\/embed\" frameborder=\"0\" scrolling=\"no\"><\/iframe>\r\n<div style=\"width: 100%!;margin-top: 4px!important;text-align: right!important\"><a class=\"flourish-credit\" style=\"text-decoration: none!important\" href=\"https:\/\/public.flourish.studio\/visualisation\/19517971\/?utm_source=embed&amp;utm_campaign=visualisation\/19517971\" target=\"_top\" rel=\"noopener\"><img style=\"width: 105px!important;height: 16px!important;border: none!important;margin: 0!important\" src=\"https:\/\/public.flourish.studio\/resources\/made_with_flourish.svg\" alt=\"Made with Flourish\" \/> <\/a><\/div>\r\nA CIES az eur\u00f3pai kupasorozatok form\u00e1tum\u00e1nak \u00e1talak\u00edt\u00e1sa \u00e9s a kib\u0151v\u00edtett klubvil\u00e1gbajnoks\u00e1g, valamint a 48 csapatosra emelt vil\u00e1gbajnoks\u00e1g ellen\u00e9re sem v\u00e1r nagy n\u00f6veked\u00e9st. A projekci\u00f3 szerint az \u00e1tlagcsapat m\u00e9rk\u0151z\u00e9ssz\u00e1ma 42\u201343 k\u00f6z\u00f6tt lesz. Ugyanakkor a sz\u0171k elit tagjait \u00e9rintik a leger\u0151sebben a v\u00e1ltoztat\u00e1sok: a m\u00e1r most is nagyon sok (60\u201369) m\u00e9rk\u0151z\u00e9st j\u00e1tsz\u00f3 csapatok terhel\u00e9se n\u00f6vekedik majd v\u00e1rhat\u00f3an a legnagyobb m\u00e9rt\u00e9kben, 0,8 sz\u00e1zal\u00e9kkal.\r\n\r\n<span class=\"highlight-block-small\">R\u00f6viden: aki most is t\u00f6bbet j\u00e1tszik, az m\u00e9g t\u00f6bbet fog j\u00e1tszani.<\/span>\r\n\r\nEz egybev\u00e1g Tebas \u00e1ll\u00edt\u00e1s\u00e1val, \u00e9s r\u00e1mutat arra, hogy a probl\u00e9ma messze nem egyform\u00e1n \u00e9rinti a profi csapatokat. A leger\u0151sebben az egy\u00e9bk\u00e9nt is t\u00falterhelt \u2013 \u00e1m \u00e1ltal\u00e1ban b\u0151 keret\u0171 \u2013 szt\u00e1rcsapatok, illetve a k\u00edm\u00e9letlen menetrend\u0171, nagy l\u00e9tsz\u00e1m\u00fa (gondoljunk a d\u00e9l-amerikai k\u00fczdelemsorozatokra, illetve az angol m\u00e1sod-, harmad- \u00e9s negyedoszt\u00e1lyra) bajnoks\u00e1gokban szerepl\u0151 klubok \u00e9rintettek. Az el\u0151bbiek eset\u00e9ben tov\u00e1bbi negat\u00edv v\u00e1ltoz\u00e1s v\u00e1rhat\u00f3, nem v\u00e9letlen, hogy az \u0151 j\u00e1t\u00e9kosaik akadtak ki.\r\n\r\nSzint\u00e9n \u0151ket \u00e9rinti a leger\u0151sebben a kimer\u00edt\u0151 utaz\u00e1sok mell\u00e9kprobl\u00e9m\u00e1ja: a FIFPro jelent\u00e9se szerint <strong>Cristian Romero<\/strong> (Tottenham Hotspur, Argent\u00edna) egy id\u00e9ny alatt 163\u202fezer kilom\u00e9tert utazott \u2013 \u00e9s ebben az Angli\u00e1n bel\u00fcli utak nincsenek benne. A topkateg\u00f3ri\u00e1s fiatal tehets\u00e9gekre is kimondottan vesz\u00e9lyes lehet az extr\u00e9m terhel\u00e9s, \u00e9s term\u00e9szetesen ezek a j\u00e1t\u00e9kosok is a legjobb csapatokban \u00f6sszpontosulnak. A FIFPro adatai szerint <strong>Jude Bellingham<\/strong> 21 \u00e9ves kor\u00e1ra 4,6-szoros terhel\u00e9st kapott t\u00e9tmeccseken <strong>David Beckhamhez<\/strong> k\u00e9pest, de m\u00e9g a szint\u00e9n agyonj\u00e1tszatott <strong>Wayne Rooney-n\u00e1l<\/strong> is k\u00f6zel negyven meccsel t\u00f6bb van a l\u00e1b\u00e1ban azonos id\u0151szakot tekintve. <strong>Florian Wirtz<\/strong> majd\u2019 h\u00e1romszor annyi j\u00e1t\u00e9kpercet kapott 21 \u00e9ves kor\u00e1ig, mint <strong>Michael Ballack<\/strong>, <strong>Vin\u00edcius J\u00fanior<\/strong> pedig 24 \u00e9ves kor\u00e1ig t\u00f6bb mint k\u00e9tszer annyi m\u00e9rk\u0151z\u00e9sen szerepelt, mint <strong>Ronaldinho<\/strong>.\r\n\r\n[caption id=\"attachment_13767\" align=\"alignnone\" width=\"1024\"]<img class=\"size-full wp-image-13767\" src=\"https:\/\/sport24.24.hu\/app\/uploads\/sites\/24\/2024\/09\/jude-bellingham.jpg\" alt=\"\" width=\"1024\" height=\"678\" \/> Jude Bellingham m\u00e9g csak 21 \u00e9ves, de m\u00e1r csap\u00e1gyasra van j\u00e1ratva.[\/caption]\r\n\r\nT\u00e9rj\u00fcnk vissza a sztr\u00e1jk lebegtet\u00e9s\u00e9hez: egy esetleges munkabesz\u00fcntet\u00e9s \u201eerej\u00e9t\u201d n\u00f6velheti, hogy az elit j\u00e1t\u00e9kosoknak, a k\u00f6z\u00f6ns\u00e9gvonz\u00f3 szt\u00e1roknak van a legt\u00f6bb okuk a tiltakoz\u00e1sra. A nemzetk\u00f6zi futball sokszint\u0171, \u00f3ri\u00e1si k\u00fcl\u00f6nbs\u00e9geket mag\u00e1ban foglal\u00f3 piramisa viszont cs\u00f6kkenti a sztr\u00e1jkfenyeget\u00e9s erej\u00e9t, hiszen egy szuperklub keret\u00e9be tartoz\u00f3 meghat\u00e1roz\u00f3 j\u00e1t\u00e9kos \u00e9s egy d\u00e9l-amerikai m\u00e1sodoszt\u00e1lyban profiskod\u00f3 labdar\u00fag\u00f3 \u00e9rdekei nem felt\u00e9tlen\u00fcl esnek egybe. S\u0151t, ak\u00e1r ellent\u00e9tesek is lehetnek \u2013 az ut\u00f3bbi, t\u00e9nyleg a meg\u00e9lhet\u00e9s\u00e9rt fociz\u00f3 j\u00e1t\u00e9kos lehet, ink\u00e1bb t\u00f6bb meccset (\u00e9s t\u00f6bb pr\u00e9mium lehet\u0151s\u00e9get) szeretne. Ha a j\u00e1t\u00e9kosok v\u00e1ltoz\u00e1st szeretn\u00e9nek el\u0151id\u00e9zni, akkor nem el\u00e9g csak az elitnek tiltakoznia; sok, m\u00e1s orsz\u00e1gban j\u00e1tsz\u00f3 vagy alacsonyabb szinten futballoz\u00f3 koll\u00e9g\u00e1t is meg kellene gy\u0151zni. A j\u00e1t\u00e9kossztr\u00e1jkot r\u00e1ad\u00e1sul orsz\u00e1gr\u00f3l orsz\u00e1gra koordin\u00e1lni kellene, elt\u00e9r\u0151 jogi k\u00f6rnyezetben.\r\n<blockquote>A j\u00e1t\u00e9kosok m\u00e1r sokszor fenyeget\u0151ztek sztr\u00e1jkkal a modern futball t\u00f6rt\u00e9net\u00e9ben, de alig-alig l\u00e1ttunk t\u00e9nyleges sztr\u00e1jkot, olyan m\u00e9ret\u0171t meg egy\u00e1ltal\u00e1n nem, amir\u0151l most sz\u00f3 van. Milyen meccseket \u00e9rintene a sztr\u00e1jk, milyen k\u00fczdelemsorozatokban? R\u00e1ad\u00e1sul a j\u00e1t\u00e9kosok \u00e9rdekei is elt\u00e9rnek. Lehet, hogy Rodrit ki\u00e9gette a rengeteg m\u00e9rk\u0151z\u00e9s, de egy Premier League-als\u00f3h\u00e1zi csapatban j\u00e1tsz\u00f3 koll\u00e9g\u00e1j\u00e1nak, akinek a klubja kiesett a hazai kupasorozatokb\u00f3l is, 40 m\u00e9rk\u0151z\u00e9se lesz csak. \u00cdgy a j\u00e1t\u00e9kosok k\u00f6z\u00f6tt is neh\u00e9z lesz konszenzust tal\u00e1lni<\/blockquote>\r\n\u2013 morfond\u00edrozott <strong>Simon Stone<\/strong>, a BBC vezet\u0151 futballszak\u00edr\u00f3ja.\r\n\r\nAligha v\u00e9letlen, hogy sokkal jobb az \u00e9rdek\u00e9rv\u00e9nyes\u00edt\u0151 k\u00e9pess\u00e9g\u00fck a z\u00e1rt rendszer\u0171 amerikai profilig\u00e1k sportol\u00f3inak \u2013 a tulajdonosokkal \u00e9s a lig\u00e1val folytatott k\u00f6t\u00e9lh\u00faz\u00e1s id\u0151r\u0151l id\u0151re sztr\u00e1jkokhoz, illetve lockout-szitu\u00e1ci\u00f3k kialakul\u00e1s\u00e1hoz vezetett, ez pedig olykor megr\u00f6vid\u00edtett vagy egyenesen elt\u00f6r\u00f6lt teljes id\u00e9nyeket eredm\u00e9nyezett. A terhel\u00e9s k\u00e9rd\u00e9se itt is konfliktusos t\u00e9ma, a legjobb p\u00e9lda erre az NBA-ben a \u201eload management\u201d (meghat\u00e1roz\u00f3, eg\u00e9szs\u00e9ges j\u00e1t\u00e9kosok pihentet\u00e9se) k\u00f6r\u00fcli miz\u00e9ria, amely szab\u00e1lyv\u00e1ltoz\u00e1sokhoz vezetett. Megold\u00e1st tal\u00e1lni viszont \u2013 egy legfeljebb k\u00e9t orsz\u00e1got \u00e9rint\u0151, z\u00e1rt profilig\u00e1ban \u2013 sokkal k\u00f6nnyebb.\r\n\r\nA FIFPro \u00e9s a European Leagues \u00e9rdekv\u00e9delmi szervezet az Eur\u00f3pai Bizotts\u00e1g el\u0151tt panaszolja be a FIFA-t \u2013 versenyjogi agg\u00e1lyokkal \u2013 a nemzetk\u00f6zi versenynapt\u00e1r \u00e1talak\u00edt\u00e1sa miatt. Az \u00e9rdekv\u00e9delmi szervezetek s\u00e9relmezik, hogy a vil\u00e1gsz\u00f6vets\u00e9g egyeztet\u00e9s n\u00e9lk\u00fcli d\u00f6nt\u00e9seivel k\u00e9sz helyzet el\u00e9 \u00e1ll\u00edtja \u0151ket, \u00e9rdemi dial\u00f3gus pedig nincs. K\u00e9rd\u00e9s, hogy a jogi k\u00f6t\u00e9lh\u00faz\u00e1st a j\u00e1t\u00e9kosok milyen tiltakoz\u00f3 akci\u00f3val tudj\u00e1k megt\u00e1mogatni \u2013 bonyolults\u00e1ga miatt egy t\u00e9nyleges sztr\u00e1jk el\u00e9g val\u00f3sz\u00edn\u0171tlennek t\u0171nik. De a t\u00falterhelts\u00e9g probl\u00e9m\u00e1ja val\u00f3s \u00e9s a legjobbakat \u00e9rinti a leger\u0151sebben, sz\u00f3val alighanem sok\u00e1ig ter\u00edt\u00e9ken is marad. Ahogy <strong>Jules Kound\u00e9<\/strong>, a Barcelona \u00e9s a francia v\u00e1logatott v\u00e9d\u0151je mondta:\r\n<blockquote>Ez \u0151r\u00fclet. Ha \u00edgy marad, elj\u00f6n a pillanat, amikor a sztr\u00e1jkon k\u00edv\u00fcl t\u00e9nyleg nem lesz m\u00e1s opci\u00f3nk.<\/blockquote>\r\n[central_article_recommendation title=\"Kapcsol\u00f3d\u00f3\" url=\"https:\/\/rangado.24.hu\/nemzetkozi_foci\/2024\/09\/17\/premier-league-penzugyi-botrany-manchester-city-targyalas\/\" image=\"1\" lead=\"1\"]","type":"rich","thumbnail_url":"https:\/\/s.24.hu\/app\/uploads\/sites\/24\/2024\/09\/rodri-150x150.jpg","thumbnail_width":150,"thumbnail_height":150}