{"version":"1.0","provider_name":"Sport24","provider_url":"https:\/\/sport24.24.hu","author_name":"Fut\u00f3 Csaba","author_url":"https:\/\/sport24.24.hu\/author\/futocs\/","title":"Amikor az Inter a futball s\u00f6t\u00e9t m\u0171v\u00e9szek\u00e9nt betett Eur\u00f3p\u00e1nak \u00e9s D\u00e9l-Amerik\u00e1nak is","html":"K\u00e9t els\u0151 b\u00e1loz\u00f3 tal\u00e1lkozott 1964-ben a klub Vil\u00e1g Kup\u00e1\u00e9rt v\u00edvott m\u00e9rk\u0151z\u00e9seken: az Independiente el\u0151sz\u00f6r nyerte el a Libertadores Kup\u00e1t \u2013 azt\u00e1n h\u00fasz \u00e9v alatt m\u00e9g hatszor gy\u0151z\u00f6tt, \u00e9s egyszer sem vesztett d\u00f6nt\u0151t \u2013, az Internazionale ugyancsak el\u0151sz\u00f6r h\u00f3d\u00edtotta el a BEK-et. A nagyobb brav\u00far az Inter\u00e9 volt, mert a d\u00f6nt\u0151ben a <strong>Vicente<\/strong> \u2013 <strong>Isidro<\/strong>, <strong>Santamaria<\/strong>,<strong> Zoco<\/strong>, <strong>Pachin<\/strong> \u2013 <strong>Felo<\/strong>, <strong>Muller<\/strong> \u2013 <strong>Amancio<\/strong>, <strong>Di Stefano<\/strong>, <strong>Pusk\u00e1s<\/strong>, <strong>Gento<\/strong> \u00f6sszet\u00e9tel\u0171 Real Madridot gy\u0151zte le 3-1-re a b\u00e9csi Pr\u00e1ter stadion 71 333 n\u00e9z\u0151je el\u0151tt.\r\n\r\nhttps:\/\/www.youtube.com\/watch?v=VlKDzKgKBSg&amp;ab_channel=TheGreatOneInterist\r\n\r\nA catenaccio atyjak\u00e9nt emlegetett, akkoriban a vil\u00e1g legjobban fizetett edz\u0151jek\u00e9nt sz\u00e1mon tartott <strong>Helenio Herrera<\/strong> csapat\u00e1nak diadal\u00e1r\u00f3l azt \u00edrt\u00e1k:\r\n<blockquote>Minden m\u00e1sn\u00e1l jobban meger\u0151s\u00edtette a futball s\u00f6t\u00e9t m\u0171v\u00e9szet\u00e9nek k\u00e9pvisel\u0151je, az Internazionale h\u00edrnev\u00e9t.<\/blockquote>\r\n(A catenacci\u00f3t It\u00e1li\u00e1ban az \u00f6tvenes \u00e9vek Padov\u00e1j\u00e1n\u00e1l a k\u00e9s\u0151bb a Milant k\u00e9tszer is BEK-gy\u0151zelemig vezet\u0151 <strong>Nereo Rocco<\/strong> honos\u00edtotta meg a sv\u00e1jci <strong>Karl Rappan<\/strong> k\u00f6vet\u0151jek\u00e9nt. Az argentin Herrera nem felfedez\u0151, hanem a fegyelem \u00e9s az engedelmess\u00e9g k\u00e9rlelhetetlen megk\u00f6vetel\u0151je volt. Azt, aki j\u00e1t\u00e9kosai k\u00f6z\u00fcl a meccs el\u0151tt \u00fagy besz\u00e9lt, hogy \u201ej\u00e1tszani j\u00f6tt\u00fcnk\u201d, \u00e9s nem \u00fagy, hogy \u201egy\u0151zni j\u00f6tt\u00fcnk\u201d, kihagyta a csapatb\u00f3l. Mag\u00e1t sem k\u00edm\u00e9lte, aszketikusan \u00e9lt, m\u00e9g vizet is csak keveset ivott, alkoholt egy cseppet sem. Minden reggel j\u00f3g\u00e1zott, k\u00f6zben azt hajtogatta mag\u00e1ban: \u201eEr\u0151s vagyok, nyugodt vagyok, nem f\u00e9lek semmit\u0151l.\u201d)\r\n\r\nAz Independiente a d\u00e9l-amerikai el\u0151d\u00f6nt\u0151ben a Real Madrid brazil megfelel\u0151j\u00e9t, a Santost m\u00falta fel\u00fcl, de brav\u00farj\u00e1nak \u00e9rt\u00e9k\u00e9t cs\u00f6kkentette, hogy ellenfele m\u00f3dfelett tartal\u00e9kosan \u00e1llt fel: <strong>Maur\u00f3t<\/strong>, <strong>Joel Camarg\u00f3t<\/strong>, <strong>Lim\u00e1t<\/strong>, <strong>Mengalvi\u00f3t<\/strong>, <strong>Coutinh\u00f3t<\/strong> \u00e9s <strong>Pel\u00e9<\/strong> \u201ekir\u00e1lyt\u201d is n\u00e9lk\u00fcl\u00f6zte. A ri\u00f3i Maracan\u00e1ban rendezett m\u00e9rk\u0151z\u00e9sen, amelyre \u00edgy csak 80 ezren l\u00e1togattak ki, a Sao Paulo \u00e1llami Santos f\u00e9l \u00f3ra m\u00falt\u00e1n 2-0-ra vezetett, de az argentin csapat ford\u00edtott, gy\u0151ztes g\u00f3lj\u00e1t Luis Eduardo Suarez az utols\u00f3 el\u0151tti percben szerezte a 26. sz\u00fclet\u00e9snapj\u00e1n.\r\n\r\nA Buenos Aires-i visszav\u00e1g\u00f3n, amelyen a brazil hi\u00e1nyz\u00f3k k\u00f6z\u00fcl csak Lima t\u00e9rt vissza, az argentin csapat 2-1-re nyert a <strong>Gilmar<\/strong> \u2013<strong> Ismael<\/strong>, <strong>Haroldo<\/strong>, <strong>Modesto<\/strong>, <strong>Dalmo<\/strong> \u2013 <strong>Zito<\/strong>, <strong>Lima<\/strong> \u2013 <strong>Peixinho<\/strong>, <strong>Almir<\/strong>, <strong>Toninho Guerreiro<\/strong>, <strong>Pepe<\/strong> tizeneggyel felvonul\u00f3, kalandos \u00f6sszet\u00e9tel\u0171 c\u00edmv\u00e9d\u0151 ellen.\r\n<div class=\"payable-content-section\"><\/div>\r\nA Vil\u00e1g Kupa-p\u00e1rharc 1964. szeptember 9-\u00e9n, Buenos Airesben kezd\u0151d\u00f6tt, a visszav\u00e1g\u00f3t k\u00e9t h\u00e9ttel k\u00e9s\u0151bb tartott\u00e1k Mil\u00e1n\u00f3ban. A d\u00e1tum keresztbe tett a szint\u00e9n szeptember 23-ra ki\u00edrt Jugoszl\u00e1via\u2013Eur\u00f3pa-v\u00e1logatott tal\u00e1lkoz\u00f3t szervez\u0151 <strong>Barcs S\u00e1ndornak<\/strong>, az UEFA v\u00e9grehajt\u00f3 bizotts\u00e1gi tagj\u00e1nak, a Kupagy\u0151ztesek Eur\u00f3pa Kup\u00e1ja \u201efeltal\u00e1l\u00f3j\u00e1nak\u201d \u2013 tizen\u00f6t \u00e9vvel kor\u00e1bban a Rajk-per n\u00e9pi \u00fcln\u00f6k\u00e9nek \u2013, mert \u00edgy az olaszokra nem sz\u00e1m\u00edthatott, mik\u00e9nt nem h\u00edvhatta meg az Inter spanyol l\u00e9gi\u00f3s\u00e1t, <strong>Luis Suarez Miramontest<\/strong> sem.\r\n\r\n\u201e\u00d3ri\u00e1si neh\u00e9zs\u00e9gekkel kell megk\u00fczden\u00fcnk \u2013 mondta a k\u00e9s\u0151bb az UEFA aleln\u00f6k\u00e9v\u00e9, s\u0151t megb\u00edzott eln\u00f6k\u00e9v\u00e9 is el\u0151l\u00e9p\u0151 sportvezet\u0151 a szkopjei f\u00f6ldreng\u00e9s \u00e1ldozatai csal\u00e1dtagjainak megseg\u00edt\u00e9s\u00e9re rendezett g\u00e1lameccs el\u0151tt \u2013, ezekben a hetekben ugyanis igen nagy a kiv\u00e1l\u00f3 j\u00e1t\u00e9kosok ig\u00e9nybev\u00e9tele, az Internazionale\u2013Independiente visszav\u00e1g\u00f3val pedig nem tudunk mit kezdeni.\u201d\r\n\r\nA kontinenscsapat kerete \u00edgy \u00e1llt \u00f6ssze: <strong>Tilkowski<\/strong>, <strong>Schnellinger<\/strong>, <strong>Szymaniak<\/strong>,<strong> Seeler<\/strong> (mind nyugatn\u00e9met), <strong>L\u00e1la<\/strong>, <strong>Pluskal<\/strong>, <strong>Masopust<\/strong> (mind csehszlov\u00e1k), <strong>M\u00e1trai<\/strong>, <strong>M\u00e9sz\u00f6ly<\/strong>, <strong>S\u00e1ndor<\/strong> (mind magyar), <strong>Augusto<\/strong>, <strong>Eusebio<\/strong>, <strong>Simoes<\/strong> (mind portug\u00e1l), <strong>Jasin<\/strong>, <strong>Voronyin<\/strong> (mindkett\u0151 szovjet). A belgr\u00e1di tal\u00e1lkoz\u00f3n az Eur\u00f3pa-v\u00e1logatott 7-2-re gy\u0151z\u00f6tt, de szakvezet\u0151je, a nyugatn\u00e9met <strong>Helmut Sch\u00f6n<\/strong> hallatlanul komolyan vette a m\u00e9rk\u0151z\u00e9st, \u00e9s m\u00e9g \u00f6tg\u00f3los k\u00fcl\u00f6nbs\u00e9gn\u00e9l sem cser\u00e9lte be M\u00e1trai S\u00e1ndort, tov\u00e1bb\u00e1 k\u00e9t honfit\u00e1rs\u00e1t, Hans Tilkowskit \u00e9s Horst Szymaniakot.\r\n\r\nS\u00e1ndor K\u00e1rolyt sem akarta p\u00e1ly\u00e1ra k\u00fcldeni, de M\u00e9sz\u00f6ly K\u00e1lm\u00e1n a sz\u00fcnetben sz\u00f3lt neki, hogy ez \u201eCsikar\u201d utols\u00f3 \u00e9ve a p\u00e1ly\u00e1n. Ett\u0151l a k\u00e9rlelhetetlen mester megenyh\u00fclt, leh\u00edvta Antonio Simoest, \u00e9s bek\u00fcldte a visszavonul\u00e1s el\u0151tt \u00e1ll\u00f3 Hung\u00e1ria k\u00f6r\u00fati legend\u00e1t.\r\n\r\nK\u00f6zben az Intern\u00e9l el\u0151re megrendelt\u00e9k a madridi rep\u00fcl\u0151jegyeket, mert a FIFA k\u00f6z\u00f6lte: ha a San Sir\u00f3ban olasz siker sz\u00fcletik, akkor a harmadik m\u00e9rk\u0151z\u00e9st a Bernabeu stadionban rendezik. A La Gazetta dello Sport szalagc\u00edme is ehhez igazodott a m\u00e1sodik meccs reggel\u00e9n:\r\n<blockquote>Vil\u00e1g Kupa h\u00e1rom l\u00e9pcs\u0151ben: Buenos Aires\u2013Mil\u00e1n\u00f3\u2013Madrid.<\/blockquote>\r\nIt\u00e1li\u00e1ban meg\u00e9rezt\u00e9k, mi lesz. A magyar j\u00e1t\u00e9kvezet\u0151i h\u00e1rmas \u2013 Gere Gyula, Feh\u00e9rv\u00e1ri Ferenc, Vadas Gy\u00f6rgy \u2013 k\u00f6zrem\u0171k\u00f6d\u00e9s\u00e9vel lezajlott tal\u00e1lkoz\u00f3n a k\u00e9k-feket\u00e9k 38 perc alatt elrendeztek mindent (2-0), a tov\u00e1bbiakr\u00f3l pedig az jelent meg a N\u00e9psportban: \u201eAmit ezut\u00e1n l\u00e1ttunk, annak m\u00e1r kev\u00e9s k\u00f6ze volt a labdar\u00fag\u00e1shoz.\u201d Ezt m\u00e1r csak az\u00e9rt is megjegyezhette az \u00fajs\u00e1g, mert<strong> Roberto Ferreiro<\/strong> s\u00edpsz\u00f3 ut\u00e1n beler\u00fagott az Inter Suarez\u00e9be, ami\u00e9rt Gere nyomban ki\u00e1ll\u00edtotta.\r\n\r\nA harmadik tal\u00e1lkoz\u00f3n Herrera kihagyta csapata talizm\u00e1nj\u00e1t, a f\u00e1radt <strong>Sandro Mazzol\u00e1t<\/strong>, \u00e9s nem j\u00e1tszatta m\u00e1sik kulcsember\u00e9t, a brazil Jairt sem. A <strong>Sarti<\/strong> \u2013 <strong>Malatrasi<\/strong>, <strong>Guarneri<\/strong>, <strong>Picchi<\/strong>, <strong>Facchetti<\/strong> \u2013 <strong>Tagnin<\/strong>, <strong>Suarez<\/strong>, <strong>Corso<\/strong> \u2013 <strong>Domenghini<\/strong>, <strong>Peiro<\/strong>, <strong>Milani<\/strong> \u00f6sszet\u00e9tel\u0171 egy\u00fcttes azonban, ha nehezen is, elh\u00f3d\u00edtotta a tr\u00f3fe\u00e1t, j\u00f3llehet a k\u00f6z\u00f6ns\u00e9g az Independient\u00e9nek, pontosabban a BEK-d\u00f6nt\u0151ben a Real Madridot fel\u00fclm\u00fal\u00f3 Inter ellen szurkolt.\r\n\r\n<span class=\"highlight-block-small\">Ez\u00e9rt azt\u00e1n \u00f3ri\u00e1si volt a felh\u00e1borod\u00e1s, ami\u00e9rt Ortiz de Mendibil spanyol j\u00e1t\u00e9kvezet\u0151 a 84. percben les c\u00edm\u00e9n \u00e9rv\u00e9nytelen\u00edtette az argentin jobbsz\u00e9ls\u0151, Raul Bernao g\u00f3lj\u00e1t.<\/span>\r\n\r\nA lel\u00e1t\u00f3i t\u00fcntet\u00e9s csak a rendes j\u00e1t\u00e9kid\u0151 v\u00e9g\u00e9n csitult el, majd \u00fajra fell\u00e1ngolt, mert a hosszabb\u00edt\u00e1s huszadik perc\u00e9ben Mario Corso mellre vette, majd menthetetlen\u00fcl a h\u00e1l\u00f3ba k\u00fcldte a Bernabeuban egy\u00e1ltal\u00e1n nem kedvelt, az Atletico Madridt\u00f3l import\u00e1lt Joaquin Peiro labd\u00e1j\u00e1t (1-0).\r\n\r\nhttps:\/\/www.youtube.com\/watch?v=TE2i4rFROuY&amp;ab_channel=MichaelBeshay\r\n\r\nPusk\u00e1s Ferenc hazai p\u00e1ly\u00e1n is felid\u00e9zhette azt a b\u00f6lcsess\u00e9get, amellyel a b\u00e9csi BEK-d\u00f6nt\u0151 ut\u00e1n frapp\u00edrozta a riportereket:\r\n<blockquote>Az Internek szerencs\u00e9je is volt, de r\u00e9gi igazs\u00e1g, hogy k\u00e9t csapat egyszerre nem gy\u0151zhet.<\/blockquote>","type":"rich","thumbnail_url":"https:\/\/s.24.hu\/app\/uploads\/sites\/24\/2024\/09\/inter-150x150.jpg","thumbnail_width":150,"thumbnail_height":150}