{"version":"1.0","provider_name":"Sport24","provider_url":"https:\/\/sport24.24.hu","author_name":"Fut\u00f3 Csaba","author_url":"https:\/\/sport24.24.hu\/author\/futocs\/","title":"Nem j\u00e1t\u00e9kostemet\u0151, de nem is ugr\u00f3deszka: j\u00f3 d\u00f6nt\u00e9s volt-e Sallai Rolandt\u00f3l a Galatasaray?","html":"<span class=\"highlight-block-small\">Tudj\u00e1k, mi k\u00f6ti \u00f6ssze <strong>Sallai Rolandot<\/strong> \u00e9s <strong>G\u00fcl Bab\u00e1t<\/strong>?<\/span>\r\n\r\nA v\u00e1lasz term\u00e9szetesen a Galatasaray: a magyar v\u00e1logatott 27 esztend\u0151s t\u00e1mad\u00f3ja nemr\u00e9g \u00edrt al\u00e1 T\u00f6r\u00f6korsz\u00e1g legsikeresebb futballklubj\u00e1hoz, amely 24 bajnoki c\u00edmmel, 18 kupagy\u0151zelemmel, illetve UEFA Kupa- \u00e9s eur\u00f3pai Szuperkupa-sikerrel is b\u00fcszk\u00e9lkedhet. No meg azzal, hogy szellemi atyj\u00e1nak a Bud\u00e1n eltemetett G\u00fcl Bab\u00e1t tartj\u00e1k: a 15\u201316. sz\u00e1zadban \u00e9lt oszm\u00e1n t\u00f6r\u00f6k k\u00f6lt\u0151 \u00e9s dervis nev\u00e9hez k\u00f6ti ugyanis a hagyom\u00e1ny a Galatasaray k\u00f6z\u00e9piskola (eredetileg szult\u00e1ni iskola) l\u00e9tes\u00edt\u00e9s\u00e9t, \u00e9s itt alap\u00edtotta meg bar\u00e1taival <strong>Ali Sami Yen<\/strong> 1905-ben a Galatasaray S. K. sportklubot.\r\n\r\nEnnyit G\u00fcl Bab\u00e1r\u00f3l, a tov\u00e1bbiakban Sallai Rolandra \u00e9s a Galatasaray-ra koncentr\u00e1lunk.\r\n\r\nSallai \u00e1tigazol\u00e1sa megosztotta a magyar futballrajong\u00f3k k\u00f6z\u00f6ss\u00e9g\u00e9t: a t\u00f6bbs\u00e9g alapvet\u0151en pozit\u00edvan \u00e9rt\u00e9kelte a klubv\u00e1lt\u00e1st (nagyobb, nevesebb csapathoz megy, m\u00e9g ha a Bundeslig\u00e1n\u00e1l gyeng\u00e9bb sz\u00ednvonal\u00fa bajnoks\u00e1gba is), de voltak olyanok, akik \u201eSza\u00fad-Ar\u00e1bia lightk\u00e9nt\u201d tekintettek a t\u00f6r\u00f6k Szuperlig\u00e1ra, mondv\u00e1n, az egy j\u00e1t\u00e9kostemet\u0151.\r\n\r\n[caption id=\"attachment_13752\" align=\"alignnone\" width=\"1024\"]<img class=\"size-full wp-image-13752\" src=\"https:\/\/sport24.24.hu\/app\/uploads\/sites\/24\/2024\/09\/sallai.jpg\" alt=\"\" width=\"1024\" height=\"683\" \/> Sallai Roland a T\u00f6r\u00f6korsz\u00e1gba \u00e9rkez\u00e9sekor.[\/caption]\r\n\r\nM\u00e9g ha ez t\u00falz\u00e1s is, az az\u00e9rt kijelenthet\u0151, hogy nagyobb a mozg\u00e1s toplig\u00e1kb\u00f3l a t\u00f6r\u00f6k Szuperlig\u00e1ba, mint az ellenkez\u0151 ir\u00e1nyba, f\u0151leg a 25 \u00e9vesn\u00e9l id\u0151sebb j\u00e1t\u00e9kosok k\u00f6r\u00e9ben. A t\u00f6r\u00f6k \u00e9s a g\u00f6r\u00f6g \u00e9lvonal sok szempontb\u00f3l nagyon hasonl\u00edt egym\u00e1sra: a helyi topklubok sz\u0171k k\u00f6re k\u00e9pes szt\u00e1rl\u00e9gi\u00f3sokat szerz\u0151dtetni, de \u00e1ltal\u00e1ban a karrierj\u00fck zenitj\u00e9t el\u00e9rt sp\u00edlerekr\u0151l vagy onnan lefel\u00e9 tart\u00f3 veter\u00e1n futballist\u00e1kr\u00f3l van sz\u00f3. Mindk\u00e9t bajnoks\u00e1g egy\u00e9bk\u00e9nt is \u201eid\u0151s\u201d: T\u00f6r\u00f6korsz\u00e1gban az \u00f6sszes j\u00e1t\u00e9kperc 31 sz\u00e1zal\u00e9k\u00e1t 30 \u00e9ves vagy id\u0151sebb futballist\u00e1k kapt\u00e1k, G\u00f6r\u00f6gorsz\u00e1gban ugyanez az adat 33 sz\u00e1zal\u00e9k.\r\n\r\nNem kimondottan \u201eszt\u00e1rkeltet\u0151\u201d bajnoks\u00e1g a t\u00f6r\u00f6k: a hazai j\u00e1t\u00e9kosok k\u00f6z\u00f6tt sok a fiatal; de a klubok az azonnali siker el\u00e9r\u00e9se rem\u00e9ny\u00e9ben \u00e1ltal\u00e1ban j\u00f3 nev\u0171, m\u00e1r jelent\u0151s rutinnal b\u00edr\u00f3 l\u00e9gi\u00f3sokkal er\u0151s\u00edtenek. A Galatasaray eset\u00e9ben egy\u00e9rtelm\u0171en ebbe a sorba illik bele\r\n<ul>\r\n \t<li>a k\u00f6lcs\u00f6n ut\u00e1n v\u00e9gleg megszerzett <strong>Hakim Zijes<\/strong> (31),<\/li>\r\n \t<li>a v\u00e1rosi riv\u00e1lis Fenerbahc\u00e9t\u00f3l \u00e9rkezett <strong>Michy Batshuayi<\/strong> (30)<\/li>\r\n \t<li>\u00e9s Sallai (27),<\/li>\r\n \t<li>de <strong>Gabriel Sara<\/strong> (25),<\/li>\r\n \t<li><strong>Ismail Jakobs<\/strong> (25),<\/li>\r\n \t<li>pl\u00e1ne a Napolit\u00f3l k\u00f6lcs\u00f6nvett, \u00e1tigazol\u00e1si huzavon\u00e1ja v\u00e9g\u00e9n k\u00e9t sz\u00e9k k\u00f6z\u00fcl a pad al\u00e1 es\u0151, \u00e9s Isztambulba ker\u00fcl\u0151 <strong>Victor Osimhen<\/strong> (25) is<\/li>\r\n<\/ul>\r\njelent\u0151s tapasztalatot gy\u0171jt\u00f6tt magas szinten.\r\n\r\nA Galatasaray-nak \u2013 ahogy legnagyobb riv\u00e1lisainak, a Fenerbahc\u00e9nak, a Besiktasnak \u00e9s a Trabzonspornak \u2013 ugyanis egyetlen c\u00e9lja van:\r\n\r\n<span class=\"highlight-block\">Nyerni! Most!<\/span>\r\n<div class=\"payable-content-section\"><\/div>\r\nEz egyszerre lehet vonzer\u0151 \u00e9s teher a t\u00f6r\u00f6k nagycsapatokhoz \u00e9rkez\u0151 j\u00e1t\u00e9kosok sz\u00e1m\u00e1ra. Tr\u00f3fe\u00e1k\u00e9rt k\u00fczdhetnek minden \u00e9vben, kiemelked\u0151 fizet\u00e9st kapnak \u2013 Sallai Roland eset\u00e9ben az \u00e1tigazol\u00e1si d\u00edj (6 milli\u00f3 eur\u00f3 n\u00e9gy r\u00e9szletben) \u00e9s alapfizet\u00e9s egyar\u00e1nt publikus, a Galatasaray id\u00e9nyenk\u00e9nt nett\u00f3 2,5 milli\u00f3 eur\u00f3t ad a magyar j\u00e1t\u00e9kosnak, \u00e9s <a href=\"https:\/\/www.capology.com\/player\/roland-sallai-35572\/\">ez messze fel\u00fclm\u00falja a freiburgi fizet\u00e9s\u00e9t<\/a>. Az \u00faj fi\u00fak f\u00e9lelmetes szurkol\u00f3t\u00e1bor el\u0151tt futballozhatnak, viszont az ezerfej\u0171 nem t\u00fcrelmes a szt\u00e1rigazol\u00e1sokkal szemben. Azonnal teljes\u00edteni \u2013 \u00e9s nyerni \u2013 kell egy Galatasaray szint\u0171 nagycsapatban, a kudarc nem opci\u00f3, a drukkerek meg a stadionban, illetve a k\u00f6z\u00f6ss\u00e9gi m\u00e9di\u00e1ban igen hangosan tudatj\u00e1k a tetsz\u00e9s\u00fcket vagy a nemtetsz\u00e9s\u00fcket.\r\n\r\nhttps:\/\/twitter.com\/GalatasaraySK\/status\/1834653506164101143\r\n\r\n\u00d3ri\u00e1si a kontraszt Sallai el\u0151z\u0151 \u00e1llom\u00e1shely\u00e9hez, a Freiburghoz k\u00e9pest. A baden-w\u00fcrttembergi csapat sok\u00e1ig a nyugalom sziget\u00e9nek sz\u00e1m\u00edtott a n\u00e9met futballban: legend\u00e1s edz\u0151je, <strong>Christian Streich<\/strong> 2011 \u00e9s 2024 k\u00f6z\u00f6tt ir\u00e1ny\u00edtotta a csapatot, mely a legt\u00f6bb id\u00e9nyben b\u00e9k\u00e9sen belesimult a Bundesliga k\u00f6z\u00e9pmez\u0151ny\u00e9be. A dobog\u00f3 el\u00e9r\u00e9s\u00e9hez sosem volt el\u00e9g er\u0151s a klub (az \u00f6t\u00f6dik-hatodik helyez\u00e9sek \u00e9s az egyetlen kupad\u00f6nt\u0151 is hatalmas brav\u00farnak sz\u00e1m\u00edtott), viszont a kies\u00e9st \u00e1ltal\u00e1ban sim\u00e1n elker\u00fclte. Fejl\u0151d\u00e9shez t\u00f6k\u00e9letes ez a k\u00f6zeg, pl\u00e1ne, hogy Eur\u00f3pa egyik legjobb bajnoks\u00e1g\u00e1ban m\u00e9retik meg magukat a j\u00e1t\u00e9kosok h\u00e9tr\u0151l h\u00e9tre; \u00e1m azzal is mindenki tiszt\u00e1ban van: tr\u00f3fe\u00e1kat val\u00f3sz\u00edn\u0171leg nem Freiburgban fog nyerni.\r\n\r\nEbb\u0151l a szempontb\u00f3l pedig Sallai d\u00f6nt\u00e9se \u00e9rthet\u0151:\r\n\r\n<span class=\"highlight-block-small\">27 \u00e9ves, \u00e9s h\u00edvja egy olyan klub, amely magasabb preszt\u00edzs\u0171 \u00e9s sokkal n\u00e9pszer\u0171bb, mint eddigi csapata, m\u00e9g ha nem is j\u00e1tszik olyan j\u00f3 bajnoks\u00e1gban \u2013 r\u00e1ad\u00e1sul sokkal magasabb fizet\u00e9st \u00edg\u00e9r neki.<\/span>\r\n\r\nA magyar t\u00e1mad\u00f3 p\u00e1lyafut\u00e1s\u00e1nak eddigi egyetlen tr\u00f3fe\u00e1ja a ciprusi APOEL-lel megnyert bajnoki c\u00edm, a Galatasaray-jal a t\u00f6r\u00f6k porondon mindig a favoritok k\u00f6z\u00f6tt lesz, \u00e9s az eur\u00f3pai kupaszerepl\u00e9s is val\u00f3sz\u00edn\u0171s\u00edthet\u0151 \u00e9vr\u0151l \u00e9vre. Az isztambuli topklub ebben az id\u00e9nyben lemaradt a Bajnokok Lig\u00e1ja f\u0151t\u00e1bl\u00e1j\u00e1r\u00f3l \u2013 anyagilag is f\u00e1jdalmas kudarc ez \u2013, \u00e1m az Eur\u00f3pa Lig\u00e1ban versenyk\u00e9pes lehet.\r\n\r\nA Sallai szerz\u0151dtet\u00e9s\u00e9re szint\u00e9n hajt\u00f3 Leeds United aligha tudta volna \u201et\u00fal\u00edg\u00e9rni\u201d a t\u00f6r\u00f6k aj\u00e1nlatot a Championship k\u00f6z\u00e9pmez\u0151ny\u00e9b\u0151l. Az angol m\u00e1sodoszt\u00e1ly gyilkos dar\u00e1l\u00f3j\u00e1b\u00f3l nem garant\u00e1lt a feljut\u00e1s, m\u00e1rpedig Sallai aligha akart volna karrierje zenitj\u00e9n egy m\u00e1sodik lig\u00e1s klubn\u00e1l maradni. A kor\u00e1bbi toplig\u00e1s k\u00e9r\u0151k nem kopogtattak, \u00e9s ugyan a magyar j\u00e1t\u00e9kos hagyhatta volna kifutni szerz\u0151d\u00e9s\u00e9t a k\u00f6vetkez\u0151 ny\u00e1ron, ez viszont azzal a kock\u00e1zattal j\u00e1rt volna, hogy a Freiburg jegelni kezdi, mondv\u00e1n, \u00fagyis eligazol.\r\n\r\n[caption id=\"attachment_13754\" align=\"alignnone\" width=\"1024\"]<img class=\"size-full wp-image-13754\" src=\"https:\/\/sport24.24.hu\/app\/uploads\/sites\/24\/2024\/09\/sallai-freiburg.jpg\" alt=\"\" width=\"1024\" height=\"684\" \/> Hat \u00e9v ut\u00e1n hagyta el a Freiburg csapat\u00e1t Sallai Roland.[\/caption]\r\n\r\nAzt is tegy\u00fck hozz\u00e1: Sallainak voltak kiemelked\u0151 m\u00e9rk\u0151z\u00e9sei, de nem mindig ny\u00fajtott egyenletes teljes\u00edtm\u00e9nyt, \u00e9s j\u00e1t\u00e9kosindexei sem emelt\u00e9k ki annyira, hogy toplig\u00e1s \u00e9lcsapatok vigy\u00e9k el. A FotMob\/Opta rangsor\u00e1ban minden freiburgi id\u00e9ny\u00e9ben 7 alatt maradt az \u00e1tlaga (szezonr\u00f3l szezonra: 6,4, 6,4, 6,8, 6,8, 6,9, 6,9), a Kicker rendre a Nationale Klasse kateg\u00f3ri\u00e1ba sorolta, amely felett m\u00e9g van k\u00e9t polc (Internationale Klasse, Weltklasse). Sallaival egy rutinos, vesz\u00e9lyes, sokat l\u00f6v\u0151, j\u00f3l cselez\u0151, sokat dolgoz\u00f3, a leveg\u0151ben posztt\u00e1rsaihoz viszony\u00edtva er\u0151s t\u00e1mad\u00f3hoz jut a csapata, akinek viszont nem kiemelked\u0151 az eredm\u00e9nyess\u00e9ge. Ez nyilv\u00e1n az ellenfelekt\u0151l is f\u00fcgg \u2013 k\u00f6nnyen elk\u00e9pzelhet\u0151, hogy a t\u00f6r\u00f6k \u00e9lvonalban megd\u00f6nti egy\u00e9ni cs\u00facs\u00e1t a g\u00f3lokat \u00e9s a g\u00f3lpasszokat tekintve, hisz egy, a konkurenci\u00e1hoz viszony\u00edtva kiemelked\u0151en er\u0151s csapatba igazolt.\r\n\r\nA v\u00e1logatott sz\u00f6vets\u00e9gi kapit\u00e1nya, <strong>Marco Rossi<\/strong> <a href=\"https:\/\/rangado.24.hu\/magyar_foci\/2024\/09\/16\/sallai-roland-galatasaray-marco-rossi-magyar-valogatott\/\">pozit\u00edvan nyilatkozott<\/a> Sallai klubv\u00e1lt\u00e1s\u00e1r\u00f3l:\r\n<blockquote>A sz\u00ednvonal folyamatosan emelkedik, \u00e9s nagyszer\u0171 j\u00e1t\u00e9kosok \u00e9rkeznek. Roland kifejezetten j\u00f3 d\u00f6nt\u00e9st hozott. 27 \u00e9ves \u00e9s a karrierje legprodukt\u00edvabb id\u0151szak\u00e1ban \u00e9rkezik a Galatasaray-hoz<\/blockquote>\r\n\u2013 v\u00e9lekedett. Az olasz szakember k\u00f6zben persze nagyon drukkolhat annak, hogy Sallai \u00e1lland\u00f3 (de legal\u00e1bbis rendszeres) j\u00e1t\u00e9klehet\u0151s\u00e9ghez jusson a szt\u00e1rokkal telezs\u00fafolt t\u00e1mad\u00f3szekci\u00f3ban. A Cimbom kerete er\u0151sen orrneh\u00e9z:\r\n<ul>\r\n \t<li>centerben ott van Victor Osimhen, <strong>Mauro Icardi<\/strong> \u00e9s Michy Batshuayi,<\/li>\r\n \t<li>t\u00edzesben <strong>Dries Mertens<\/strong> a kezd\u0151,<\/li>\r\n \t<li>a sz\u00e9leken meg ott van Hakim Zijes, Sallai Roland, az egyar\u00e1nt t\u00f6r\u00f6k v\u00e1logatott <strong>Yunus Akg\u00fcn<\/strong> \u00e9s <strong>Baris Yilmaz<\/strong>, illetve az osztr\u00e1k v\u00e1logatott <strong>Yusuf Demir.<\/strong><\/li>\r\n<\/ul>\r\nEz az\u00e9rt gyenge konkurenci\u00e1nak semmik\u00e9pp sem mondhat\u00f3, de Sallai mellett sz\u00f3l, hogy sokoldal\u00fa t\u00e1mad\u00f3, aki mindk\u00e9t sz\u00e9len, t\u00edzesben, csat\u00e1rk\u00e9nt, sz\u00fcks\u00e9g eset\u00e9n sz\u00e1rnyv\u00e9d\u0151k\u00e9nt is bevethet\u0151.<strong> Okan Buruk<\/strong>, a Galatasaray vezet\u0151edz\u0151je \u00e1ltal\u00e1ban 4\u20132\u20133\u20131-es form\u00e1ci\u00f3t j\u00e1tszat csapat\u00e1val (n\u00e9ha dupla centerre v\u00e1lt), Sallainak ebben a fel\u00e1ll\u00e1sban a k\u00f6z\u00e9pcsat\u00e1r m\u00f6g\u00f6tt a t\u00e1mad\u00f3szekci\u00f3 b\u00e1rmely pontj\u00e1n helye lehet.\r\n\r\nFelvet\u0151dhet a k\u00e9rd\u00e9s: mik\u00e9nt tudnak a t\u00f6r\u00f6k klubok ennyit k\u00f6lteni \u00e9s ekkora fizet\u00e9seket adni szt\u00e1rj\u00e1t\u00e9kosaiknak, amikor k\u00f6zben jelent\u0151s ad\u00f3ss\u00e1gokat g\u00f6rgetnek? A h\u00e1rom legnagyobb klub b\u00e9rkerete (Galatasaray: 50 milli\u00f3 eur\u00f3, Fenerbahce: 42 milli\u00f3, Besiktas: 31 milli\u00f3) 2023-ban nagyobb volt, mint a tradicion\u00e1lis portug\u00e1l topcsapatok\u00e9. Az \u00f6sszes t\u00f6r\u00f6k nagycsapat s\u00falyos ad\u00f3ss\u00e1gokba verte mag\u00e1t \u2013 a Galatasaray, Fenerbahce, Besiktas, Trabzonspor n\u00e9gyes egy\u00fcttes ad\u00f3ss\u00e1g\u00e1llom\u00e1ny\u00e1t 2021-ben 410 milli\u00f3 eur\u00f3ra becs\u00fclt\u00e9k \u2013, \u00e9s ez m\u00e1r politikai beavatkoz\u00e1st is kiv\u00e1ltott. A kluboknak a tervek szerint 2030-ig vissza kell(ene) fizetni\u00fck az ad\u00f3ss\u00e1gaikat, melyek \u00e1tstruktur\u00e1l\u00e1s\u00e1ban \u00e1llami bankok seg\u00edtenek. De a jelsz\u00f3 az \u201eut\u00e1nunk az \u00f6z\u00f6nv\u00edz\u201d; akkor is, ha az \u00e1llam \u00e9s az UEFA p\u00e9nz\u00fcgyi regul\u00e1ci\u00f3s rendszere egyar\u00e1nt felel\u0151sebb gazd\u00e1lkod\u00e1sra noszogatn\u00e1 a csapatokat.\r\n<blockquote>Farokm\u00e9reget\u0151 verseny ez a klubok k\u00f6z\u00f6tt, k\u00fcl\u00f6n\u00f6sen, ha a Galatasaray-r\u00f3l \u00e9s a Fenerbahc\u00e9r\u00f3l van sz\u00f3<\/blockquote>\r\n\u2013 mondta tavaly <strong>Bora Isyar<\/strong> kutat\u00f3, a t\u00f6r\u00f6k futball gazdas\u00e1gi szak\u00e9rt\u0151je a <a href=\"https:\/\/www.nytimes.com\/athletic\/4852149\/2023\/09\/14\/turkey-galatasaray-fenerbahce-transfers\/\">The Athleticnek<\/a>. Az \u00e9lvonalbeli csapatok \u00e1tigazol\u00e1si m\u00e9rlege a 2020-as \u00e9vekben mindig negat\u00edv volt, ez a t\u00edz leger\u0151sebb eur\u00f3pai liga k\u00f6z\u00fcl a S\u00fcper Ligen k\u00edv\u00fcl csak az angol Premier League-re igaz. A topcsapatok tiszt\u00e1ban vannak azzal: t\u00e1rsadalmi fontoss\u00e1guk \u00e9s n\u00e9pszer\u0171s\u00e9g\u00fck miatt a \u201etoo big to fail\u201d kateg\u00f3ri\u00e1ba ker\u00fcltek, \u00e9s b\u00e1rmennyire is t\u00e9kozl\u00f3an gazd\u00e1lkodnak, sz\u00e1m\u00edthatnak az \u00e1llam seg\u00edts\u00e9g\u00e9re.\r\n\r\n\u201eA labdar\u00fag\u00e1s \u2013 \u00e9s k\u00fcl\u00f6n\u00f6sen a h\u00e1rom isztambuli nagycsapat \u2013 annyira n\u00e9pszer\u0171 T\u00f6r\u00f6korsz\u00e1gban, hogy senki sem meri megkock\u00e1ztatni b\u00e1rmelyik\u00fck cs\u0151dj\u00e9t. Ha b\u00e1rmilyen m\u00e1s c\u00e9gr\u0151l lenne sz\u00f3, akkor m\u00e1r \u00e9vekkel ezel\u0151tt cs\u0151dbe mentek volna. De a t\u00e1rsadalmi fontoss\u00e1guk miatt a t\u00f6r\u00f6k topklubok gyakorlatilag \u00e9rinthetetlenek, \u00e9s ezt mindenki tudja. Biztosak abban, hogyha baj van, akkor majd a korm\u00e1ny kimenti \u0151ket\u201d \u2013 v\u00e9lekedett Isyar.\r\n\r\n[caption id=\"attachment_13755\" align=\"alignnone\" width=\"1024\"]<img class=\"size-full wp-image-13755\" src=\"https:\/\/sport24.24.hu\/app\/uploads\/sites\/24\/2024\/09\/galatasaray.jpg\" alt=\"\" width=\"1024\" height=\"683\" \/> A Galatasaray szurkol\u00f3t\u00e1bora vil\u00e1gszerte ismert.[\/caption]\r\n<blockquote>A klubeln\u00f6k\u00f6kre az\u00e9rt eml\u00e9keznek, mert tr\u00f3fe\u00e1kat nyertek, nem az\u00e9rt, mert gazdas\u00e1gilag j\u00f3l \u00fczemeltett\u00e9k a csapatot \u2013 \u00e9s \u00e9pp ez\u00e9rt a legt\u00f6bb klubot felel\u0151tlen\u00fcl igazgatj\u00e1k<\/blockquote>\r\n\u2013 mutatott r\u00e1 <strong>John McManus<\/strong>, a t\u00f6r\u00f6k labdar\u00fag\u00e1s t\u00f6rt\u00e9net\u00e9r\u0151l sz\u00f3l\u00f3 <em>Welcome to Hell?<\/em> c\u00edm\u0171 k\u00f6nyv \u00edr\u00f3ja.\r\n\r\nA Galatasaray-n\u00e1l a 2021 nyar\u00e1n megv\u00e1lasztott <strong>Burak Elmas<\/strong> eln\u00f6k reformokat \u00e9s hossz\u00fa t\u00e1v\u00fa klubv\u00edzi\u00f3t \u00edg\u00e9rt, de kevesebb mint egy \u00e9v alatt megbukott, mert a csapat a gyal\u00e1zatosnak sz\u00e1m\u00edt\u00f3 13. helyen (ez a klubt\u00f6rt\u00e9net legrosszabb helyez\u00e9se) v\u00e9gzett a t\u00f6r\u00f6k \u00e9lvonalban. Az eln\u00f6ki posztot egyszer m\u00e1r bet\u00f6lt\u0151 <strong>Dursun \u00d6zbek<\/strong> visszat\u00e9rt, a Galatasaray ism\u00e9t teljes lend\u00fclettel belevetette mag\u00e1t a k\u00f6ltekez\u00e9si versenybe. Az eredm\u00e9ny k\u00e9t bajnoki c\u00edm \u2013 a m\u00e1sodik rendk\u00edv\u00fcli, 102 pontos teljes\u00edtm\u00e9nnyel \u2013 \u00e9s a t\u00f6r\u00f6k futballtr\u00f3n visszaszerz\u00e9se. A Fenerbahce d\u00fasgazdag tulajdonos\u00e1t, <strong>Ali Ko\u00e7ot<\/strong> aligha bosszantja jobban enn\u00e9l b\u00e1rmi, k\u00fcl\u00f6n\u00f6sen, hogy a Kan\u00e1rik m\u00e1r t\u00edz \u00e9ve v\u00e1rnak az \u00fajabb bajnoki c\u00edmre. Az el\u0151z\u0151 id\u00e9nyben 99 pont sem volt el\u00e9g, most <strong>Jos\u00e9 Mourinh\u00f3val<\/strong> \u00e9s \u00fajabb szt\u00e1rigazol\u00e1sokkal ism\u00e9t megpr\u00f3b\u00e1lj\u00e1k\u2026\r\n\r\nA t\u00f6r\u00f6k gazdas\u00e1g jelenlegi helyzet\u00e9ben a topkluboknak k\u00fcl\u00f6n\u00f6sen j\u00f3l j\u00f6nn\u00e9nek a BL-bev\u00e9telek, \u00e1m T\u00f6r\u00f6korsz\u00e1g 2022\/23-ban elvesztette a garant\u00e1lt hely\u00e9t a f\u0151t\u00e1bl\u00e1n, \u00e9s az\u00f3ta a kvalifik\u00e1ci\u00f3s k\u00eds\u00e9rletekb\u0151l csak egy j\u00e1rt sikerrel (az el\u0151z\u0151 id\u00e9nyben a Galatasaray-\u00e9), a mostani id\u00e9nyben sem lesz f\u0151t\u00e1bl\u00e1s t\u00f6r\u00f6k csapat. A b\u0151kez\u0171en k\u00f6ltekez\u0151 Galatasaray-nak \u00e9s Fenerbahc\u00e9nak (no meg a t\u00f6bbi klubnak) villantani kellene valamit a kontinent\u00e1lis porondon, hogy a S\u00fcper Lig visszakapja fix BL-hely\u00e9t. A bajnoknak j\u00e1r\u00f3 garant\u00e1lt f\u0151t\u00e1bl\u00e1s hely persze csak \u00fajabb \u201efegyverkez\u00e9si versenyt\u201d ind\u00edtana el a nagyok k\u00f6z\u00f6tt \u2013 az elszabadult vonaton a jelek szerint t\u00e9nyleg nincsen f\u00e9k.\r\n\r\nV\u00e9g\u00fcl tegy\u00fck fel a k\u00e9rd\u00e9st:\r\n\r\n<span class=\"highlight-block\">vajon isztambuli szerz\u0151d\u00e9se ut\u00e1n lehet-e vissza\u00fat Sallai Rolandnak a toplig\u00e1kba?<\/span>\r\n\r\nA Transfermarkt a 2020-as \u00e9vekben 35 olyan \u00e1tigazol\u00e1st (v\u00e9gleges v\u00e1lt\u00e1st vagy k\u00f6lcs\u00f6n\u00fcgyletet) regisztr\u00e1lt, melyben a Galatasaray toplig\u00e1s futballist\u00e1t igazolt \u2013 Sallai egy ezek k\u00f6z\u00fcl. A toplig\u00e1kba t\u00e1voz\u00f3 j\u00e1t\u00e9kosok rubrik\u00e1j\u00e1ban azonban csak 16 szerepelt: ezek vagy magas preszt\u00edzs\u0171, id\u0151sebb, topbajnoks\u00e1gokban m\u00e1r sokat bizony\u00edtott futballist\u00e1k, vagy legfeljebb 25 \u00e9ves, fejl\u0151d\u0151k\u00e9pes labdar\u00fag\u00f3k.\r\n\r\n[caption id=\"attachment_13753\" align=\"alignnone\" width=\"1024\"]<img class=\"size-full wp-image-13753\" src=\"https:\/\/sport24.24.hu\/app\/uploads\/sites\/24\/2024\/09\/sallai1.jpg\" alt=\"\" width=\"1024\" height=\"683\" \/> A v\u00e1logatott szempontj\u00e1b\u00f3l is fontos, hogy Sallai Roland sokat j\u00e1tsszon.[\/caption]\r\n\r\nA Galatasaray a fiatal t\u00f6r\u00f6k j\u00e1t\u00e9kosoknak vagy fiatalon megszerzett l\u00e9gi\u00f3soknak lehet ugr\u00f3deszka, de a rutinos k\u00fclf\u00f6ldi futballist\u00e1knak m\u00e1r kev\u00e9sb\u00e9; \u00e9s az sem v\u00e1rhat\u00f3, hogy a magas fizet\u00e9s\u0171, h\u00faszas \u00e9veik v\u00e9g\u00e9n vagy harmincas \u00e9veikben j\u00e1r\u00f3 j\u00e1t\u00e9kosok ut\u00e1n kapkodjanak a topklubok, f\u0151leg, ha \u00e9l\u0151 szerz\u0151d\u00e9s\u00fck van. A nemzetk\u00f6zi futballkutat\u00f3 int\u00e9zet (CIES) adatai alapj\u00e1n az ut\u00f3bbi \u00f6t \u00e9v trendje egy\u00e9bk\u00e9nt is az, hogy a klubok a kor\u00e1bbihoz viszony\u00edtva kevesebb p\u00e9nzt k\u00f6ltenek 26\u201329 \u00e9ves j\u00e1t\u00e9kosokra, a fejl\u0151d\u00e9si potenci\u00e1llal b\u00edr\u00f3 fiatalokra (21 \u00e9ven aluli vagy 22\u201325 \u00e9ves kateg\u00f3ri\u00e1k) viszont egyre t\u00f6bbet. A Bundeslig\u00e1ban kiv\u00edvott renom\u00e9j\u00e1val Sallainak biztosan lesz vissza\u00fat N\u00e9metorsz\u00e1gba, ha ez sz\u00fcks\u00e9gess\u00e9 v\u00e1lik \u2013 eml\u00e9kezz\u00fcnk r\u00e1, <strong>Huszti Szabolcsot<\/strong> harmincon t\u00fal, K\u00edn\u00e1b\u00f3l is elhozta az Eintracht Frankfurt \u2013, de amennyiben rendszeres j\u00e1t\u00e9klehet\u0151s\u00e9get kap, akkor cs\u00facs\u00e9veit val\u00f3sz\u00edn\u0171leg a Galatasaray-n\u00e1l fogja t\u00f6lteni. Ha fontos j\u00e1t\u00e9kosk\u00e9nt tr\u00f3fe\u00e1kat nyer Isztambulban, aligha b\u00e1nja meg ezt a v\u00e1lt\u00e1st ak\u00e1r \u0151, ak\u00e1r Marco Rossi.\r\n\r\n<span class=\"highlight-block-small\">De h\u00e1t maga Sallai is megmondta: gy\u0151zni j\u00f6tt Isztambulba.<\/span>\r\n\r\nAz els\u0151 pr\u00f3bat\u00e9tele a legnagyobb t\u00f6r\u00f6k rangad\u00f3n lehet: szombaton Fenerbahce\u2013Galatasaray, pokoli hangulatban. Enn\u00e9l m\u00e9lyebb v\u00edzbe aligha dobhatj\u00e1k az embert.\r\n\r\n[central_article_recommendation title=\"Kapcsol\u00f3d\u00f3\" url=\"https:\/\/rangado.24.hu\/nemzetkozi_foci\/2024\/09\/14\/sallai-roland-as-roma-nicola-zalewski-galatasaray\/\" image=\"1\" lead=\"1\"]","type":"rich","thumbnail_url":"https:\/\/s.24.hu\/app\/uploads\/sites\/24\/2024\/09\/sallai-roland-150x150.jpg","thumbnail_width":150,"thumbnail_height":150}