{"version":"1.0","provider_name":"Sport24","provider_url":"https:\/\/sport24.24.hu","author_name":"Fut\u00f3 Csaba","author_url":"https:\/\/sport24.24.hu\/author\/futocs\/","title":"Mbapp\u00e9nak nagyobb sz\u00fcks\u00e9ge volt a Realra, mint a Realnak r\u00e1","html":"A ny\u00e1r legnagyobb dob\u00e1sa egy\u00e9rtelm\u0171en a Real Madrid\u00e9 volt, amely j\u00fanius 3-\u00e1n, k\u00e9t nappal a klub 15. BEK\/BL-gy\u0151zelme ut\u00e1n hivatalosan is bejelentette <strong>Kylian Mbapp\u00e9<\/strong> szerz\u0151dtet\u00e9s\u00e9t. A Real hossz\u00fa \u00e9vek \u00f3ta ostromolta a francia t\u00e1mad\u00f3t, akit eddig mindig siker\u00fclt marad\u00e1sra b\u00edrni P\u00e1rizsban. Legut\u00f3bb k\u00e9t \u00e9ve hosszabb\u00edtott, de m\u00e1r akkor is sejtelmes nyilatkozatot tett a j\u00f6v\u0151j\u00e9vel kapcsolatban.\r\n<blockquote>Nem a Real Madridnak mondtam nemet, hanem a Paris Saint-Germainnek mondtam igent<\/blockquote>\r\n\u2013 sz\u00f6gezte le Mbapp\u00e9, akinek id\u00e9n ny\u00e1ron j\u00e1rt le a szerz\u0151d\u00e9se, \u00edgy ingyen \u00e9rkezett Madridba. <strong>Florentino P\u00e9rez<\/strong> klubeln\u00f6k elsz\u00e1nts\u00e1g\u00e1t ismerve nem okozott volna neki gondot ak\u00e1r vil\u00e1grekordot jelent\u0151 \u00f6sszeget kifizetni Mbapp\u00e9\u00e9rt, de \u00edgy m\u00e9g nagyobb preszt\u00edzsgy\u0151zelmet aratott.\r\n\r\n<span class=\"highlight-block-small\">Mert ez az, P\u00e9rez szem\u00e9lyes gy\u0151zelme, szakmailag ugyanis nem sok minden indokolta Mbapp\u00e9 leigazol\u00e1s\u00e1t.<\/span>\r\n\r\nErre a transzferre Mbapp\u00e9nak nagyobb sz\u00fcks\u00e9ge volt, mint a Realnak. A 25 \u00e9ves j\u00e1t\u00e9kos tal\u00e1n a vil\u00e1g legjobbja jelenleg, ezt k\u00e1r is lenne vitatni. A Real azonban m\u00e1r eddig is halomsz\u00e1mra h\u00fazta be a Bajnokok Lig\u00e1ja-sikereket. Mbapp\u00e9 \u00f6n\u00e9letrajz\u00e1ban ezzel szemben nincs semmi n\u00e9h\u00e1ny francia bajnoki c\u00edmen \u00e9s kupagy\u0151zelmen k\u00edv\u00fcl. A Paris Saint-Germain kiapadhatatlan anyagi forr\u00e1sa ellen\u00e9re sem a Bajnokok Lig\u00e1ja-gy\u0151zelem, sem az Aranylabda megnyer\u00e9se nem j\u00f6tt neki \u00f6ssze. Ett\u0151l m\u00e9g persze Mbapp\u00e9 jobb\u00e1 teheti a Realt, de egyel\u0151re a szerepk\u00f6r\u00e9nek megtal\u00e1l\u00e1sa is kih\u00edv\u00e1s el\u00e9 \u00e1ll\u00edtja <strong>Carlo Ancelottit<\/strong>.\r\n<div class=\"payable-content-section\"><\/div>\r\nM\u00e9g miel\u0151tt azt a k\u00f6vetkeztet\u00e9st vonn\u00e1nk le, hogy Mbapp\u00e9 felesleges ebbe a Realba, azt az\u00e9rt le kell sz\u00f6gezni, hogy a madridiaknak nagy sz\u00fcks\u00e9g\u00fck volt egy ilyen g\u00f3ler\u0151s t\u00e1mad\u00f3ra. Mbapp\u00e9 a francia bajnoks\u00e1g legut\u00f3bbi szezonj\u00e1ban 27 g\u00f3lt l\u0151tt \u2013 enn\u00e9l kevesebbet csak k\u00e9tszer szerzett a P\u00e1rizsban t\u00f6lt\u00f6tt h\u00e9t \u00e9ve alatt. A Realn\u00e1l eg\u00e9szen 2016-ig kell visszamenni az id\u0151ben, hogy olyan j\u00e1t\u00e9kost tal\u00e1ljunk, aki enn\u00e9l t\u00f6bb g\u00f3lra volt k\u00e9pes a La Lig\u00e1ban (<strong>Cristiano Ronaldo<\/strong>, 35). Tavaly<strong> Jude Bellingham<\/strong> volt a legeredm\u00e9nyesebb j\u00e1t\u00e9kos tizenkilenc g\u00f3llal, ami remek teljes\u00edtm\u00e9ny \u2013 pl\u00e1ne egy 20 \u00e9ves k\u00f6z\u00e9pp\u00e1ly\u00e1st\u00f3l \u2013, de mindezt 11,1-es xG-b\u0151l \u00e9rte el, ami 7,9 g\u00f3los fel\u00fclteljes\u00edt\u00e9st jelent. Az \u00e1tlagosn\u00e1l jobb k\u00e9pess\u00e9g\u0171 j\u00e1t\u00e9kosokra jellemz\u0151, hogy az xG-j\u00fckh\u00f6z k\u00e9pest t\u00f6bb g\u00f3lt l\u0151nek, de ez a fajta t\u00falteljes\u00edt\u00e9s hossz\u00fat\u00e1von fenntarthatatlan. Bellingham g\u00f3l\u00e1tlaga teh\u00e1t v\u00e1rhat\u00f3an vissza fog esni, \u00edgy viszont r\u00f6gt\u00f6n fel\u00e9rt\u00e9kel\u0151dik Mbapp\u00e9 leigazol\u00e1sa.\r\n\r\n<img class=\"alignnone size-full wp-image-13667\" src=\"https:\/\/sport24.24.hu\/app\/uploads\/sites\/24\/2024\/09\/1.png\" alt=\"\" width=\"2366\" height=\"1556\" \/>\r\n\r\nA fenti \u00e1br\u00e1n Mbapp\u00e9 90 percre vet\u00edtett r\u00fagott g\u00f3l\u00e1tlaga \u00e9s xG-je l\u00e1that\u00f3 a Ligue 1 elm\u00falt h\u00e9t szezonj\u00e1ban. A legels\u0151 p\u00e1rizsi \u00e9v\u00e9t lesz\u00e1m\u00edtva minden alkalommal fel\u00fclr\u00fagta az xG-j\u00e9t, viszont \u2013 Bellinghammel ellent\u00e9tben \u2013 eg\u00e9szs\u00e9ges, fenntarthat\u00f3 m\u00e9rt\u00e9kben. Ha a La Lig\u00e1ban is marad ez a hat\u00e9konys\u00e1g, akkor v\u00e1rhat\u00f3an ott is meglesz neki a 25-30 g\u00f3los szezon.\r\n\r\nMbapp\u00e9 leigazol\u00e1sa kapcs\u00e1n a legnagyobb szakmai k\u00e9rd\u00e9s az volt, hogy hol lesz a helye a p\u00e1ly\u00e1n. A Paris Saint-Germainben is t\u00f6bbsz\u00f6r el\u0151fordult, hogy csat\u00e1rt j\u00e1tszott,\r\n\r\n<span class=\"highlight-block-small\">de Mbapp\u00e9 \u00e1ltal\u00e1ban akkor \u00e9rzi j\u00f3l mag\u00e1t, ha a bal oldalr\u00f3l indulhat. Ugyanez igaz viszont <strong>Vin\u00edciusra<\/strong> is.<\/span>\r\n\r\nAncelottinak teh\u00e1t egy olyan megold\u00e1st kell kidolgoznia, amely lehet\u0151v\u00e9 teszi, hogy mindh\u00e1rom szuperszt\u00e1rja (Mbapp\u00e9, Bellingham, Vin\u00edcius) egyszerre legyen a p\u00e1ly\u00e1n, mik\u00f6zben <strong>Rodryg\u00f3t<\/strong> is betuszkolja valahogy a csapatba. Az Atalanta elleni eur\u00f3pai Szuperkupa-meccsen, majd <a href=\"https:\/\/rangado.24.hu\/nemzetkozi_foci\/2024\/08\/19\/mallorca-real-madrid-la-lila-kylian-mbappe-carlo-ancelotti\/\">a Mallorca elleni bajnokin<\/a> Ancelotti a 4\u20132\u20133\u20131-es form\u00e1ci\u00f3val pr\u00f3b\u00e1lta biztos\u00edtani mindezt, ahol pap\u00edron Mbapp\u00e9 volt a kilences (<a href=\"https:\/\/rangado.24.hu\/nemzetkozi_foci\/2024\/08\/25\/la-liga-spanyol-foci-real-madrid-valladolid-valladolid\/\">a Valladolid<\/a> \u00e9s <a href=\"https:\/\/rangado.24.hu\/nemzetkozi_foci\/2024\/08\/30\/real-madrid-las-palmas-spanyol-bajnoksag-la-liga-mbappe-labdarugas-foci-kylian-mbappe\/\">a Las Palmas ellen<\/a> Bellingham nem j\u00e1tszott). A val\u00f3s\u00e1gban viszont Mbapp\u00e9 \u00e9s Vin\u00edcius folyamatosan cser\u00e9lgett\u00e9k a poz\u00edci\u00f3jukat, s\u0151t n\u00e9ha olyan sz\u00fcrre\u00e1lis jelenetek is el\u0151fordultak, hogy Mbapp\u00e9, Vin\u00edcius, Bellingham \u00e9s Rodrygo egy oldalon t\u0171ntek fel.\r\n\r\n<img class=\"alignnone size-full wp-image-13668\" src=\"https:\/\/sport24.24.hu\/app\/uploads\/sites\/24\/2024\/09\/2.png\" alt=\"\" width=\"2112\" height=\"1188\" \/>\r\n\r\nA Mallorca elleni bajnoki 47. perc\u00e9ben Mbapp\u00e9, Rodrygo, Vin\u00edcius \u00e9s Bellingham n\u00e9h\u00e1ny m\u00e9terre \u00e1ll egym\u00e1st\u00f3l a bal oldalon. Nyolc Mallorca-j\u00e1t\u00e9kos kiz\u00e1r\u00f3lag erre a ter\u00fcletre f\u00f3kusz\u00e1l, a m\u00e1sik oldalt <strong>Dani Carvajal<\/strong> az egyetlen megj\u00e1tszhat\u00f3 ember. \u00c9rdekess\u00e9g, hogy a labda m\u00e1r b\u0151ven a t\u00e1mad\u00f3harmadban van, de a Real-j\u00e1t\u00e9kosok a tizenhatos k\u00f6zel\u00e9ben sincsenek, helyette m\u00e9lys\u00e9gi fut\u00e1sokkal pr\u00f3b\u00e1lj\u00e1k meg t\u00e1madni a kapu el\u0151ter\u00e9t.\r\n\r\n<img class=\"alignnone size-full wp-image-13669\" src=\"https:\/\/sport24.24.hu\/app\/uploads\/sites\/24\/2024\/09\/3.png\" alt=\"\" width=\"2112\" height=\"1188\" \/>\r\n\r\nB\u0151 t\u00edz perccel k\u00e9s\u0151bb hasonl\u00f3 jeleneteket l\u00e1tunk: Mbapp\u00e9, Rodrygo, Vin\u00edcius \u00e9s Bellingham megint egy oldalon. Hat Mallorca-v\u00e9d\u0151 figyel r\u00e1juk, a legel\u00f6l l\u00e9v\u0151 ember <strong>Federico Valverde<\/strong>. A tizenhatoson bel\u00fcl most sincs senki.\r\n\r\n<img class=\"alignnone size-full wp-image-13670\" src=\"https:\/\/sport24.24.hu\/app\/uploads\/sites\/24\/2024\/09\/4.png\" alt=\"\" width=\"2112\" height=\"1188\" \/>\r\n\r\nEz m\u00e1r a Valladolid elleni bajnoki, de ugyanaz a szitu\u00e1ci\u00f3. Bellingham ugyan nem j\u00e1tszott, de Mbapp\u00e9, Rodrygo \u00e9s Vin\u00edcius megint egyszerre vannak a bal oldalon, \u00e9s kicsiben, lend\u00fcletb\u0151l pr\u00f3b\u00e1lj\u00e1k t\u00e1madni a tizenhatost.\r\n\r\nA bal oldal t\u00falt\u00f6lt\u00e9se nem \u00faj elem a Real j\u00e1t\u00e9k\u00e1ban. Anno <strong>Karim Benzema<\/strong> is sokat mozgott ki a sz\u00e9lre, \u00e9s a tizenhatoson bel\u00fcl akkor sem volt senki. Ott volt viszont <strong>Toni Kroos<\/strong> a csapatban, aki sz\u00fcks\u00e9g eset\u00e9n \u00e1t tudta forgatni a j\u00e1t\u00e9kot a jobb oldalra.\r\n\r\n<span class=\"highlight-block-small\">A n\u00e9met hi\u00e1ny\u00e1ban nagy k\u00e9rd\u00e9s, hogy ki fogja mag\u00e1ra v\u00e1llalni ezeket a passzokat; \u00e9s ha mag\u00e1ra v\u00e1llalja, tudja-e olyan hat\u00e9konys\u00e1ggal kivitelezni \u0151ket, mint Kroos.<\/span>\r\n\r\nA m\u00e1sik dolog, hogy ha Rodrygo rendszeresen \u00e1tmegy a bal oldalra, akkor a jobb sz\u00e9len Carvajal marad az egyetlen megj\u00e1tszhat\u00f3 ember, t\u0151le meg a bead\u00e1s a legt\u00f6bb, amire sz\u00e1m\u00edtani lehet. A Real t\u00e1mad\u00f3inak pedig nem az a profilja, hogy a tizenhatoson bel\u00fcl v\u00e1rj\u00e1k a be\u00edvelt labd\u00e1kat.\r\n\r\nA k\u00f6vetkez\u0151 \u00e1bra Mbapp\u00e9 labda\u00e9rint\u00e9seinek hely\u00e9t mutatja az eddig lej\u00e1tszott h\u00e1rom bajnokin. J\u00f3l l\u00e1tszik, hogy a Mallorca ellen gyakorlatilag teljesen a bal oldalra korl\u00e1toz\u00f3dott a j\u00e1t\u00e9ka \u2013 szinte olyan, mintha valamelyik francia v\u00e1logatottban j\u00e1tszott meccs\u00e9t l\u00e1tn\u00e1nk. A Valladolid \u00e9s a Las Palmas ellen m\u00e1r j\u00f3val nagyobb szabads\u00e1got kapott, \u00e9s gyakran a p\u00e1lya k\u00f6zep\u00e9n vagy a jobb sz\u00e9len tal\u00e1lt\u00e1k \u0151t meg a t\u00e1rsak. \u00c9s nagy val\u00f3sz\u00edn\u0171s\u00e9g szerint ez lesz Mbapp\u00e9 j\u00e1t\u00e9ka: a t\u00e1rsak seg\u00edts\u00e9g\u00e9vel valamelyik sz\u00e9l t\u00falt\u00f6lt\u00e9se, ahol azt\u00e1n vagy megoldj\u00e1k kicsiben, vagy \u00e1tforgatj\u00e1k a j\u00e1t\u00e9kot az ellenkez\u0151 oldalra. Az az\u00e9rt el\u00e9g biztosnak t\u0171nik, hogy Mbapp\u00e9 els\u0151sorban m\u00e9lys\u00e9gb\u0151l fogja t\u00e1madni a kaput, \u00e9s nem az \u00fagynevezett tap-in g\u00f3ljai lesznek t\u00fals\u00falyban.\r\n\r\nNagy \u00f6rd\u00f6ng\u00f6ss\u00e9g teh\u00e1t nem v\u00e1rhat\u00f3 az elm\u00falt \u00e9vekhez k\u00e9pest, de Mbapp\u00e9nak nyilv\u00e1nval\u00f3an bele kell szoknia az \u00faj k\u00f6rnyezetbe.\r\n\r\n<img class=\"alignnone size-full wp-image-13671\" src=\"https:\/\/sport24.24.hu\/app\/uploads\/sites\/24\/2024\/09\/5.png\" alt=\"\" width=\"2366\" height=\"1556\" \/>\r\n\r\nVan m\u00e9g egy fontos dolog, amit Mbapp\u00e9 kapcs\u00e1n \u00e9rdemes megeml\u00edteni. A fenti \u00e1br\u00e1n l\u00e1tjuk, hogy a Mallorca ellen k\u00e9tszer, a Valladolid ellen n\u00e9gyszer, a Las Palmas ellen h\u00e1romszor \u00e9rt labd\u00e1ba a saj\u00e1t t\u00e9rfel\u00e9n. Mbapp\u00e9nak nyilv\u00e1nval\u00f3an nem a v\u00e9dekez\u00e9s a legfontosabb feladata, de biztosan lesznek majd olyan meccsek, amikor ebb\u0151l is ki kell vennie a r\u00e9sz\u00e9t. A Paris Saint-Germainben viszont t\u00f6bbsz\u00f6r el\u0151fordult, hogy meg\u00e1llt a felez\u0151vonaln\u00e1l \u00e9s nem z\u00e1rt vissza. Voltak olyan Bajnokok Lig\u00e1ja-p\u00e1rharcok, amelyek konkr\u00e9tan azon mentek el, hogy Mbapp\u00e9, <strong>Neymar<\/strong> \u00e9s <strong>Lionel Messi<\/strong> nem v\u00e9dekeztek. T\u00edz \u00e9vvel ezel\u0151tt m\u00e9g lehetett \u00fagy BL-t nyerni, hogy \u00c1ngel Di Mar\u00eda v\u00e9gezte Cristiano Ronaldo v\u00e9d\u0151munk\u00e1j\u00e1t is, de a mai fociban m\u00e1r egy ember kies\u00e9se sem f\u00e9r bele. A Real r\u00e1ad\u00e1sul el\u0151szeretettel adja \u00e1t a kezdem\u00e9nyez\u00e9st \u00e9s \u00e1ll be v\u00e9dekezni jobb ellenfelekkel szemben, ahogy azt p\u00e9ld\u00e1ul a Bayern M\u00fcnchen vagy a Manchester City elleni BL-p\u00e1rharcokban l\u00e1ttuk.\r\n\r\nA 2023\/2024-es id\u00e9nyben a bajnoks\u00e1got \u00e9s a BL-t alapul v\u00e9ve \u00edgy teljes\u00edtettek a j\u00e1t\u00e9kosok a v\u00e9dekez\u0151 p\u00e1rharcokban:\r\n<ul>\r\n \t<li>Mbapp\u00e9: 1,48 v\u00e9dekez\u0151 p\u00e1rharc 90 percenk\u00e9nt (41,4%-os sikeress\u00e9g)<\/li>\r\n \t<li>Rodrygo: 2,66 (60,2%)<\/li>\r\n \t<li>Vin\u00edcius: 4,25 (56%)<\/li>\r\n \t<li>Bellingham: 5,05 (56,4%)<\/li>\r\n<\/ul>\r\nMbapp\u00e9 mind a v\u00e9dekez\u0151 p\u00e1rharcok sz\u00e1m\u00e1t, mind azok sikeress\u00e9g\u00e9t illet\u0151en jelent\u0151sen elmaradt \u00faj csapatt\u00e1rsaihoz k\u00e9pest. A t\u00e1mad\u00f3j\u00e1t\u00e9kon t\u00fal teh\u00e1t azt is \u00e9rdemes lesz figyelni, hogy az \u00faj szuperszt\u00e1r hogyan \u00e1ll be a sorba \u2013 m\u00e1r, ha be\u00e1ll egy\u00e1ltal\u00e1n.\r\n\r\n<span class=\"highlight-block-small\">Mbapp\u00e9 csapatba illeszt\u00e9se tal\u00e1n beletelik n\u00e9mi id\u0151be, de ett\u0151l f\u00fcggetlen\u00fcl mindk\u00e9t f\u00e9l j\u00f3l j\u00e1rt a transzferrel.<\/span>\r\n\r\nA klub \u00f6r\u00fclhet, hiszen v\u00e9gre-valah\u00e1ra siker\u00fclt megszereznie a szurkol\u00f3k nagy kedvenc\u00e9t (r\u00e1ad\u00e1sul ingyen), \u00edgy most m\u00e1r a vil\u00e1g n\u00e9gy leg\u00e9rt\u00e9kesebb j\u00e1t\u00e9kosa k\u00f6z\u00fcl h\u00e1rom a madridiak\u00e9. A j\u00e1t\u00e9kos pedig szint\u00e9n boldog lehet, hiszen ha Mbapp\u00e9 bev\u00e1lik, akkor ak\u00e1r m\u00e9g hossz\u00fa \u00e9vekre elny\u00fajthatja a Real dinaszti\u00e1j\u00e1t a BL-ben, amivel annyi sikertelen pr\u00f3b\u00e1lkoz\u00e1s ut\u00e1n v\u00e9gre \u0151 is fel\u00e9rne a klubfoci cs\u00facs\u00e1ra.\r\n\r\n<em>A szerz\u0151 Kov\u00e1cs G\u00e1bor, a Ferencv\u00e1ros adatelemz\u0151je.\u00a0<\/em>\r\n\r\n[central_article_recommendation title=\"Kapcsol\u00f3d\u00f3\" url=\"https:\/\/sport24.24.hu\/foci\/2024\/08\/29\/bajnokok-ligaja-csoportkor-reform-uefa-svajci-rendszer\/\" image=\"1\" lead=\"1\"]","type":"rich","thumbnail_url":"https:\/\/s.24.hu\/app\/uploads\/sites\/24\/2024\/09\/kylian-mbappe-150x150.jpg","thumbnail_width":150,"thumbnail_height":150}