{"version":"1.0","provider_name":"Sport24","provider_url":"https:\/\/sport24.24.hu","author_name":"Fut\u00f3 Csaba","author_url":"https:\/\/sport24.24.hu\/author\/futocs\/","title":"A d\u00f6nt\u0151 ut\u00e1n le kellett fogni a Vidi-csat\u00e1rt, de az MLSZ \u00faj \u00f6tlete mindenkinek tetszett","html":"Miut\u00e1n a selejtez\u0151k\u00f6n veretlen\u00fcl kiesett, \u00e9s sorozatban m\u00e1sodszor nem vehetett r\u00e9szt a vil\u00e1gbajnoks\u00e1gon a magyar labdar\u00fag\u00f3-v\u00e1logatott, az MLSZ int\u00e9zked\u00e9sek sor\u00e1t hozta \u00f6tven \u00e9vvel ezel\u0151tt.\r\n\r\n<span class=\"highlight-block-small\">A legjobb \u00f6tletek egyike a Bajnokok Torn\u00e1ja ki\u00edr\u00e1sa volt.<\/span>\r\n\r\nA BT ny\u00e1ri torna volt, helysz\u00edn\u00e9\u00fcl a N\u00e9pstadiont jel\u00f6lt\u00e9k ki, \u00e9s a vet\u00e9lked\u0151re megh\u00edvtak h\u00e9t bajnokcsapatot \u2013 az \u00dajpestet (az 1973\/74-es bajnoks\u00e1gban 1. volt), az FTC-t (2.), a Gy\u0151ri ETO-t (3.), a Honv\u00e9dot (6.), a Vasast (8.), az MTK-t (10.), a Csepelt (11.) \u2013, valamint az el\u0151z\u0151 \u00e9vadban rajtuk k\u00edv\u00fcl a legjobb helyez\u00e9st (4.) el\u00e9r\u0151, NB I-es arany\u00e9rmet addig sosem nyer\u0151 Videotont.\r\n\r\n<img class=\"alignnone size-full wp-image-13625\" src=\"https:\/\/sport24.24.hu\/app\/uploads\/sites\/24\/2024\/08\/magyarhirlap_1975_07__pages386-386.jpg\" alt=\"\" width=\"2280\" height=\"245\" \/>\r\n\r\nA K\u00e9pes Sport feltette a k\u00e9rd\u00e9st: \u201eA Videoton j\u00e1tszhat a Vasassal augusztus 6-\u00e1n? Mi\u00e9rt ne?\u201d A lap a j\u00f6v\u0151be l\u00e1tott, a jelzett napon ez a k\u00e9t csapat v\u00edvta a d\u00f6nt\u0151t.\r\n\r\nA N\u00e9pstadionban 1974-ben 76 329 f\u00e9r\u0151hely volt, telt h\u00e1zra azonban senki nem sz\u00e1m\u00edtott, j\u00f3llehet az aggaszt\u00f3an sikertelen 1974-es esztend\u0151ben 78 428 fizet\u0151 n\u00e9z\u0151 tolongott az \u00dajpest\u2013Bayern M\u00fcnchen tal\u00e1lkoz\u00f3n, amelyet a BEK-d\u00f6nt\u0151be jut\u00e1s\u00e9rt v\u00edvtak \u00e1prilis 10-\u00e9n. (Magyar k\u00e9pvisel\u0151 akkor j\u00e1tszott mindm\u00e1ig utolj\u00e1ra tavasszal is az els\u0151 sz\u00e1m\u00fa eur\u00f3pai klubtorn\u00e1n. Ez f\u00e9l \u00e9vsz\u00e1zada a legjobb n\u00e9gyet, a legfinomabb kr\u00e9met jelentette.)\r\n\r\nA Bajnokok Torn\u00e1ja premierj\u00e9t j\u00falius 30-\u00e1n a Honv\u00e9d\u2013Gy\u0151r, FTC\u2013Videoton kett\u0151s m\u00e9rk\u0151z\u00e9ssel tartott\u00e1k. Az ar\u00e9n\u00e1t 25 ezren kerest\u00e9k fel, a ferencv\u00e1rosiak azonban s\u00falyosan csal\u00f3dtak, mert a <strong>Kov\u00e1cs L\u00e1szl\u00f3<\/strong> \u2013 <strong>Harty\u00e1ni<\/strong>, <strong>Nagy III<\/strong>, <strong>Fejes<\/strong>, <strong>Czeczeli<\/strong> \u2013 <strong>Kov\u00e1cs J\u00f3zsef<\/strong>, <strong>Karsai<\/strong>, <strong>Burka<\/strong> \u2013 <strong>Wollek<\/strong>, <strong>Nagy II<\/strong>, <strong>Tieber<\/strong> \u00f6sszet\u00e9tel\u0171 feh\u00e9rv\u00e1ri egy\u00fcttes \u00fagy nyert 3-1-re, hogy m\u00e1r 3-0-ra is vezetett.\r\n\r\n<span class=\"highlight-block-small\">Az sem mindegy, hogyan: Wollek Tibor \u00e9s az FTC-t sokszor elszomor\u00edt\u00f3 Tieber L\u00e1szl\u00f3 g\u00f3lja ut\u00e1n <strong>Megyesi Istv\u00e1n<\/strong>, a z\u00f6ld-feh\u00e9rek balbekkje h\u00fasz m\u00e9terr\u0151l (!) fejelt a saj\u00e1t h\u00e1l\u00f3j\u00e1ba.<\/span>\r\n\r\nKiestek a z\u00f6ldek, majd m\u00e1snap a lil\u00e1k is. A Csepel (15 000 n\u00e9z\u0151 el\u0151tt) 2-1-re legy\u0151zte az \u00dajpestet, amelyben <strong>Dunai Antal<\/strong> csak csere volt, az \u00f6ssze\u00e1ll\u00edt\u00e1s \u00edgy n\u00e9zett ki: <strong>Szigethy<\/strong> (<strong>Rothermel<\/strong>) \u2013 <strong>Kol\u00e1r<\/strong>, <strong>Hars\u00e1nyi<\/strong>, <strong>Horv\u00e1th<\/strong>, <strong>Nagy L\u00e1szl\u00f3<\/strong> \u2013 <strong>Dunai III<\/strong>,<strong> T\u00f3th Andr\u00e1s<\/strong> \u2013 <strong>Fazekas<\/strong> (Dunai II), <strong>Bene<\/strong>, <strong>Fekete<\/strong>, <strong>Z\u00e1mb\u00f3<\/strong>.\r\n\r\nA Magyar Ifj\u00fas\u00e1g c\u00edm\u0171 hetilap ut\u00f3bb meg\u00e1llap\u00edtotta: \u201eA Bajnokok Torn\u00e1j\u00e1n nem volt k\u00f6nny\u0171 ellenf\u00e9l \u00e9s el\u0151re lefutott m\u00e9rk\u0151z\u00e9s, ezt bizony\u00edtja a bajnok \u00dajpesti D\u00f3zsa \u00e9s a kupagy\u0151ztes FTC korai b\u00facs\u00faja.\u201d\r\n<div class=\"payable-content-section\"><\/div>\r\nA Vasas versenyben maradt, els\u0151 meccs\u00e9n 2-0-ra nyert az MTK ellen a tizennyolc \u00e9ves Izs\u00f3 Ign\u00e1c, valamint az FTC-t\u0151l menesztett<strong> K\u0171 Lajos<\/strong> g\u00f3lj\u00e1val. A k\u00f6z\u00e9pp\u00e1ly\u00e1s a k\u00f6vetkez\u0151 levelet kapta 1974 forr\u00f3 nyar\u00e1n:\r\n\r\n\u201eK\u0171 Lajos sportt\u00e1rs! Az FTC int\u00e9z\u0151 bizotts\u00e1ga foly\u00f3 \u00e9v j\u00falius 4-\u00e9n tartott \u00fcl\u00e9s\u00e9n \u00fagy hat\u00e1rozott, hogy az \u00d6n szerepl\u00e9s\u00e9re nem tart ig\u00e9nyt. Term\u00e9szetesen szabad kezet ad \u00d6nnek arra, hogy tetsz\u00e9se szerint v\u00e1lassza meg azt a sportegyes\u00fcletet, amelynek labdar\u00fag\u00f3-szakoszt\u00e1ly\u00e1ban a sportol\u00e1st folytatni k\u00edv\u00e1nja, \u00e1tigazol\u00e1s\u00e1hoz a Ferencv\u00e1ros hozz\u00e1j\u00e1rul. Har\u00f3t J\u00e1nos, az FTC \u00fcgyvezet\u0151 eln\u00f6ke.\u201d\r\n\r\n<strong>Dalnoki Jen\u0151<\/strong> edz\u0151 a d\u00f6nt\u00e9s ut\u00e1n megjegyezte: \u201eAz az igazs\u00e1g, hogy K\u0171t m\u00e1r r\u00e9gen el kellett volna tan\u00e1csolnunk. De \u00fajra \u00e9s \u00fajra k\u00eds\u00e9rletezt\u00fcnk, \u00fajabb \u00e9s \u00fajabb lehet\u0151s\u00e9get adtunk neki. Nincs \u00e9rtelme sorolni a fegyelmezetlens\u00e9geit, a kileng\u00e9seket, a k\u00fcl\u00f6nb\u00f6z\u0151 szervezked\u00e9seket, felesleges ecsetelni, hogy mi\u00e9rt volt rossz hat\u00e1ssal a fiatalabb j\u00e1t\u00e9kosokra.\r\n<blockquote>Bomlaszt\u00f3 jelenl\u00e9te t\u00f6bbet \u00e1rtott az egy\u00fcttesnek, mint amennyit kiv\u00e9teles j\u00e1t\u00e9ktud\u00e1sa haszn\u00e1lt.<\/blockquote>\r\nEgy folyamat v\u00e9g\u00e9re \u00e9rt\u00fcnk, \u00e9s azt most lez\u00e1rtuk.\u201d\r\n\r\n[caption id=\"attachment_13626\" align=\"aligncenter\" width=\"549\"]<img class=\"wp-image-13626 size-central-twocol\" src=\"https:\/\/sport24.24.hu\/app\/uploads\/sites\/24\/2024\/08\/sportkonyvek_687-1601934249__pages73-73-549x660.jpg\" alt=\"\" width=\"549\" height=\"660\" \/> Tiber L\u00e1szl\u00f3[\/caption]\r\n\r\nK\u0171 j\u00falius 12-\u00e9n jelentkezett a Vasasn\u00e1l, amelyet 1974 nyar\u00e1t\u00f3l \u00fajra <strong>Illovszky Rudolf<\/strong> ir\u00e1ny\u00edtott. A mester az el\u0151z\u0151 h\u00e1rom \u00e9vben (is) sz\u00f6vets\u00e9gi kapit\u00e1ny volt, \u00e9s \u0151 v\u00e1logatta be 1972-ben K\u0171 Lajost, akinek mind a nyolc v\u00e1logatotts\u00e1ga, Eb-negyedik helyez\u00e9se \u00e9s olimpiai ez\u00fcst\u00e9rme Illovszkyhoz k\u00f6t\u0151d\u00f6tt. Az edz\u0151 nem sokat medit\u00e1lt, szerz\u0151dtet\u00e9sre javasolta a \u201erossz \u00e9let\u0171\u201d labdar\u00fag\u00f3t, aki azzal tette be maga m\u00f6g\u00f6tt a ferencv\u00e1rosi kaput, hogy egy Honv\u00e9d\u2013FTC rangad\u00f3 el\u0151tti \u00f6sszetart\u00e1sr\u00f3l az \u00f6tletad\u00f3 <strong>Albert Fl\u00f3ri\u00e1nnal<\/strong> egy\u00fctt kisz\u00f6k\u00f6tt a Maxim Variet\u00e9be. (K\u00e9pzelj\u00e9k, amint a k\u00f6zismert p\u00e1ros \u00e9jf\u00e9l t\u00e1jban, z\u00f6ld meleg\u00edt\u0151ben megjelent az Ak\u00e1cfa utcai mulat\u00f3ban!) A kispestiek 2-0-ra gy\u0151ztek, a kimarad\u00e1st a \u201eCs\u00e1sz\u00e1rnak\u201d eln\u00e9zt\u00e9k, K\u0171nek nem\u2026\r\n\r\nA cseles K\u0171 a Vasasban is tr\u00fckk\u00f6sen kezdett:<strong> Izs\u00f3<\/strong> \u00e1tad\u00e1s\u00e1val sz\u00e9pen elfektette a Honv\u00e9dt\u00f3l az MTK-hoz igazol\u00f3 <strong>Bicskei Bertalan<\/strong> kapust, miel\u0151tt a h\u00e1l\u00f3ba gur\u00edtott. Az angyalf\u00f6ldi reneg\u00e1t \u00e9rt\u00e9kel\u00e9se \u00edgy sz\u00f3lt: \u201eA k\u00f6z\u00e9pp\u00e1ly\u00e1sok k\u00f6z\u00fcl \u0151 adta a legt\u00f6bb j\u00f3 labd\u00e1t, g\u00f3lt is l\u0151tt.\u201d\r\n\r\nK\u0171 a Vasas m\u00e1sodik tal\u00e1lkoz\u00f3j\u00e1n szint\u00e9n g\u00f3lt \u00e9rt el, \u00e9s a F\u00e1y utcaiak 1-2-r\u0151l 4-2-re ford\u00edtottak a Csepel ellen. A legnagyobb sz\u00e1m azonban a bajnoki m\u00e9rk\u0151z\u00e9st 1974. m\u00e1rcius 9. \u00f3ta nem j\u00e1tsz\u00f3 <strong>Pusk\u00e1s Lajos<\/strong> visszat\u00e9r\u00e9se volt, a H\u00e9tf\u0151i H\u00edrek h\u00edzelg\u0151en taglalta: \u201ePusk\u00e1s hossz\u00fa s\u00e9r\u00fcl\u00e9s ut\u00e1n kapott \u00fajra helyet az angyalf\u00f6ldi csapatban, kit\u0171n\u0151en j\u00e1tszott, par\u00e1d\u00e9s g\u00f3lt l\u0151tt.\u201d\r\n\r\nA m\u00e1sik \u00e1gon a Videoton 0-0 ut\u00e1n 11-esekkel jutott a d\u00f6nt\u0151be a Honv\u00e9ddal szemben. Nem csoda, ha nem esett g\u00f3l, mert a tal\u00e1lkoz\u00f3 els\u0151 perceiben szinte tr\u00f3pusi zivatar z\u00fadult a p\u00e1ly\u00e1ra, \u00e9s a N\u00e9pszabads\u00e1g szerint j\u00f3 ideig csak \u201ekorcsoly\u00e1z\u00f3 szabadgyakorlatokat\u201d v\u00e9geztek a k\u00e9t csapat j\u00e1t\u00e9kosai.\r\n\r\nA d\u00f6nt\u0151re nyolcezren mentek ki; ha az FTC, Honv\u00e9d, \u00dajpest, Vasas n\u00e9gyesb\u0151l b\u00e1rmelyik kett\u0151 csat\u00e1zott volna az els\u0151s\u00e9g\u00e9rt, akkor f\u00e9l h\u00e1zat m\u00e9g a szabads\u00e1gol\u00e1sok idej\u00e9n is rem\u00e9lni lehetett volna. A beugr\u00f3 Videoton Pesten nem volt annyira vonz\u00f3...\r\n\r\nAz MLSZ viszont nemcsak a Bajnokok Torn\u00e1ja bevezet\u00e9s\u00e9vel el\u0151zte meg kor\u00e1t, hanem azzal is, hogy az 1974\/75-\u00f6s \u00e9vadban \u00e1lland\u00f3 mezsz\u00e1moz\u00e1st \u00edrt el\u0151. A Vasasn\u00e1l ez \u00edgy festett a d\u00f6nt\u0151ben: 12 <strong>M\u00e9sz\u00e1ros<\/strong> \u2013 2<strong> F\u00e1bi\u00e1n<\/strong>, 3 <strong>Lakinger<\/strong>, 6 <strong>Vid\u00e1ts<\/strong>, 16 <strong>K\u00e1ntor<\/strong> \u2013 5 <strong>T\u00f6r\u00f6k<\/strong>, 19 <strong>Komj\u00e1ti<\/strong> (18 Pusk\u00e1s), 9 K\u0171 \u2013 7 <strong>M\u00fcller<\/strong>, 21 Izs\u00f3 (13 Gass), 20 V\u00e1rady.\r\n\r\nAz angyalf\u00f6ldiek \u2013 l\u00e1tv\u00e1nyos kontr\u00e1kkal \u2013 3-0-ra elh\u00faztak, \u00e9s 3-1-re nyertek, a sportsajt\u00f3 pedig melegen m\u00e9ltatta \u0151ket: \u201eM\u00e9sz\u00e1ros nagy er\u0151ss\u00e9ge volt az egy\u00fcttesnek, brav\u00farokat is l\u00e1ttunk t\u0151le\u201d; \u201ea k\u00f6z\u00e9pp\u00e1ly\u00e1n nagyszer\u0171en j\u00e1tszott, viharos t\u00e1mad\u00e1sokat vezetett \u00e9s j\u00f3l adott be T\u00f6r\u00f6k\u201d; \u201ePusk\u00e1s \u00faj sz\u00ednt vitt a csapatj\u00e1t\u00e9kba\u201d; \u201eM\u00fcller a sz\u00fcnet ut\u00e1n volt vesz\u00e9lyes, sz\u00e9p g\u00f3lt l\u0151tt, mik\u00e9nt V\u00e1rady is\u201d; \u201enagyon \u00fcgyesen j\u00e1tszott a fiatal Izs\u00f3, de Gass m\u00e9g n\u00e1la is lend\u00fcletesebben \u00e9s f\u0151k\u00e9nt \u00e9szszer\u0171en\u201d.\r\n\r\nA Magyar H\u00edrlap viszont megjegyezte: \u201eA m\u00e9rk\u0151z\u00e9s utols\u00f3 perceiben Vid\u00e1ts meg\u00fct\u00f6tte Tiebert, \u00e9s az egyik legjobb magyar j\u00e1t\u00e9kvezet\u0151, a FIFA-b\u00edr\u00f3 Palotai K\u00e1roly egyszer\u0171en szemet hunyt! Vajon mi\u00e9rt?\u201d\r\n\r\n<span class=\"highlight-block-small\">Tiebert \u00fagy kellett lefogni, <strong>Kov\u00e1cs Ferenc<\/strong> edz\u0151 k\u00eds\u00e9ret\u00e9ben vezett\u00e9k az \u00f6lt\u00f6z\u0151be, a j\u00f3 er\u0151ben l\u00e9v\u0151 csapatkapit\u00e1ny, Vid\u00e1ts Csaba meg \u00e1tvette a tr\u00f3fe\u00e1t.<\/span>\r\n\r\nA N\u00e9psport eltekintett a balh\u00e9s befejez\u00e9st\u0151l: \u201eT\u00f6bbet kaptunk a v\u00e1rtn\u00e1l \u2013 \u00e1llap\u00edtotta meg. \u2013 Igaz\u00e1n csak dics\u00e9rni lehet azokat, akik kezdem\u00e9nyez\u0151i voltak a Bajnokok Torn\u00e1j\u00e1nak. A k\u00fczdelmek sor\u00e1n t\u00f6bb mint f\u00e9l sz\u00e1zezren szurkoltak a lel\u00e1t\u00f3kon, s bizony\u00e1ra azok is nagyszer\u0171en sz\u00f3rakoztak, akik a telev\u00edzi\u00f3 k\u00e9perny\u0151j\u00e9n n\u00e9zt\u00e9k v\u00e9gig a d\u00f6nt\u0151t.\u201d\r\n\r\nHasonl\u00f3 hangnemben \u00edrt a Magyar Ifj\u00fas\u00e1g: \u201eA labdar\u00fag\u00e1s \u00faj arculat\u00e1n csod\u00e1lkozott el a k\u00f6z\u00f6ns\u00e9g. Mert azt nem szabad elfelejteni, hogy 60 ezren voltak el\u0151id\u00e9nyben a N\u00e9pstadionban.\u201d\r\n\r\nAz Esti H\u00edrlap szint\u00e9n dics\u00e9rt: \u201eKit\u0171n\u0151 kezdem\u00e9nyez\u00e9s a bajnoki \u00e9v nyit\u00e1nya el\u0151tt ez az \u00fajszer\u0171 k\u00fczdelemsorozat, amely a Bajnokok Torn\u00e1ja n\u00e9v alatt el\u0151sz\u00f6r a Vasas siker\u00e9t hozta.\u201d\r\n\r\n<img class=\"alignnone size-full wp-image-13627\" src=\"https:\/\/sport24.24.hu\/app\/uploads\/sites\/24\/2024\/08\/keletmagyarorszag_1974_08-1674609220__pages53-53.jpg\" alt=\"\" width=\"1081\" height=\"468\" \/>\r\n\r\nAz \u0151sszel a h\u00e1rom NB I-es kett\u0151s rangad\u00f3t \u00f6sszesen 135 000 (\u00e1tlagban 45 000) n\u00e9z\u0151 l\u00e1tta, majd 1975 szeptember\u00e9ben egym\u00e1s ut\u00e1n k\u00e9tszer is el\u0151fordult, hogy zs\u00fafolt h\u00e1z, 75 000 szurkol\u00f3 jelenl\u00e9t\u00e9ben j\u00f6tt \u00f6ssze az FTC, a Honv\u00e9d, az \u00dajpest, a Vasas.\r\n\r\nA Bajnokok Torn\u00e1j\u00e1t ma nem lehetne megrendezni. A m\u00faltj\u00e1t megcs\u00fafol\u00f3 MTK-val \u00e9s \u00dajpesttel? Vagy a trad\u00edci\u00f3it m\u00e9g ink\u00e1bb rombol\u00f3, ebben az er\u0151sen f\u00e9kezett habz\u00e1s\u00fa mez\u0151nyben is csak NB II-es Honv\u00e9ddal \u00e9s Vasassal?\r\n\r\nNem mondom, hogy nem voltunk szomor\u00faak, ami\u00e9rt a v\u00e1logatott nem lehetett ott a vil\u00e1gbajnoks\u00e1g akkor m\u00e9g 16 csapata k\u00f6z\u00f6tt, de mit adn\u00e1nk az\u00f3ta az 1974-es sz\u00f6rny\u0171 kr\u00edzis\u00e9rt!","type":"rich","thumbnail_url":"https:\/\/s.24.hu\/app\/uploads\/sites\/24\/2024\/08\/nevtelen-1-150x150.jpg","thumbnail_width":150,"thumbnail_height":150}