{"version":"1.0","provider_name":"Sport24","provider_url":"https:\/\/sport24.24.hu","author_name":"Fut\u00f3 Csaba","author_url":"https:\/\/sport24.24.hu\/author\/futocs\/","title":"Elt\u0171ntek a nagyok, \u00e9rdekesen alakulhat a feljut\u00e1si csata a Championshipben","html":"Tavaly ilyenkor m\u00e1r el\u0151zetesen is sejthett\u00fck, hogy kikr\u0151l fog sz\u00f3lni a Championship id\u00e9nye, hiszen a Premier League-b\u0151l csupa massz\u00edv \u00e9s biztos alapokra \u00e9p\u00fclt csapat esett ki, \u00edgy a k\u00e9rd\u00e9s csak az lehetett, tudja-e b\u00e1rki tartani a l\u00e9p\u00e9st a Leicester, Leeds, Southampton h\u00e1rmassal. V\u00e9g\u00fcl az Ipswich nemcsak, hogy tudta, de be is j\u00f6tt m\u00e1sodiknak, \u00e1m a mez\u0151ny t\u00f6bbi r\u00e9sze csak a messzi t\u00e1volb\u00f3l figyelte a n\u00e9gy csapat feljut\u00e1s\u00e9rt folytatott k\u00fczdelm\u00e9t. Id\u00e9n m\u00e1r nem ilyen egy\u00e9rtelm\u0171 a helyzet, \u00e9s ez ny\u00edltabb versenyt eredm\u00e9nyezhet, b\u00e1r az ut\u00f3bbi p\u00e1r \u00e9vben rendszerint egy vagy k\u00e9t csapat nagyon el tudott h\u00fazni a mez\u0151nyt\u0151l, \u00e9s ez nem felt\u00e9tlen\u00fcl el\u0151rel\u00e9p\u00e9s a tavalyi n\u00e9gyes vet\u00e9lked\u00e9shez k\u00e9pest, s\u0151t.\r\n<h2>A kies\u0151k<\/h2>\r\nDe az most egy\u00e9rtelm\u0171en \u00fagy t\u0171nik, hogy a h\u00e1rom Premier League-kies\u0151 rosszabb b\u0151rben van, mint a tavalyiak voltak. M\u00e9g a Luton Town t\u0171nik a legstabilabbnak, hiszen ott nemcsak maradt a szakvezet\u00e9s \u00e9s nagyr\u00e9szt v\u00e1ltozatlan a j\u00e1t\u00e9koskeret is, de maga a klub modellje is stabil, \u00e9s gyakorlatilag el\u0151re be is \u00e1razt\u00e1k a kies\u00e9st, ami \u00edgy nem okoz nagy megr\u00e1zk\u00f3dtat\u00e1st a k\u00f6lts\u00e9gvet\u00e9sben, hiszen nem is v\u00e1s\u00e1roltak be jelent\u0151sen a feljut\u00e1skor. Ez a fenntarthat\u00f3s\u00e1g tov\u00e1bbra is a legfontosabb szempont a Lutonn\u00e1l, hiszen most se k\u00f6lt\u00f6ttek eddig \u00faj j\u00e1t\u00e9kosokra, aki j\u00f6tt, annak mind lej\u00e1rt a szerz\u0151d\u00e9se.\r\n\r\nT\u00e1vozott viszont a csapat legjobbja, <strong>Ross Barkley<\/strong>, \u00e9s \u0151t nem lesz k\u00f6nny\u0171 p\u00f3tolni, de <strong>Gabriel Osho<\/strong> is alapember volt a v\u00e9delemben. J\u00f6tt viszont Shandon Baptiste a k\u00f6z\u00e9pp\u00e1ly\u00e1ra a Brentfordb\u00f3l, az Arsenalt\u00f3l elcs\u00e1b\u00edtott, fiatal <strong>Reuell Walters<\/strong> megszerz\u00e9se pedig nagy h\u00faz\u00e1s. Nagy felfordul\u00e1s teh\u00e1t nincs, r\u00e1ad\u00e1sul <strong>Rob Edwards<\/strong> is maradt a kispadon, \u00e9s a csapat v\u00e1rakoz\u00e1son fel\u00fcl szerepelt a Premier League-ben is, ahol az \u00fajoncok k\u00f6z\u00fcl az el\u0151z\u0151leg lesajn\u00e1lt Luton \u00e1llt legk\u00f6zelebb a bennmarad\u00e1shoz. M\u00e9gse v\u00e1rhat\u00f3, hogy \u00e1tg\u00e1zoljanak a mez\u0151ny\u00f6n, ink\u00e1bb a megb\u00edzhat\u00f3an harcos foci val\u00f3sz\u00edn\u0171, amely j\u00f3 esetben az els\u0151 helyek valamelyik\u00e9re is el\u00e9g lehet, de az is benne van a pakliban, hogy kelleni fog egy konszolid\u00e1ci\u00f3s szezon az elm\u00falt k\u00e9t \u00e9v rohan\u00e1sa ut\u00e1n, pl\u00e1ne, hogy annyit nem fejl\u0151d\u00f6tt a keret az\u00f3ta.\r\n\r\n<span class=\"highlight-block-small\">Ak\u00e1rhogy is, trag\u00e9dia akkor se lesz, ha most nem jutnak egyb\u0151l vissza \u2013 ilyen egy j\u00f3l m\u0171k\u00f6d\u0151 fociklub.<\/span>\r\n\r\n[caption id=\"attachment_13543\" align=\"alignnone\" width=\"4620\"]<img class=\"size-full wp-image-13543\" src=\"https:\/\/sport24.24.hu\/app\/uploads\/sites\/24\/2024\/08\/rob-edwards.jpg\" alt=\"\" width=\"4620\" height=\"3080\" \/> Rob Edwards maradt a Luton kispadj\u00e1n.[\/caption]\r\n\r\nNagyobb v\u00e1ltoz\u00e1sok vannak a Burnleyn\u00e9l, amely csal\u00f3d\u00e1st kelt\u0151 id\u00e9nyen van t\u00fal, hiszen nem sokat tudott mutatni abb\u00f3l a focib\u00f3l, amellyel el\u0151tte leg\u00e1zolta a m\u00e1sodoszt\u00e1lyt. Az elhib\u00e1zott igazol\u00e1spolitika csak mennyis\u00e9gi, nem pedig min\u0151s\u00e9gi er\u0151s\u00edt\u00e9st hozott, viszont sz\u00e9tvert\u00e9k a csapategys\u00e9get, \u00e9s <strong>Vincent Kompanyt<\/strong> sem az elm\u00falt \u00e9vben mutatott teljes\u00edtm\u00e9nye alapj\u00e1n szerz\u0151dtette a Bayern. A csapat teh\u00e1t elvesztette sikeredz\u0151j\u00e9t, \u00e9s a j\u00e1t\u00e9kosai k\u00f6z\u00fcl ugyan egyel\u0151re csak az Ipswichbe szerz\u0151d\u0151 Muric kapus a komolyabb vesztes\u00e9g \u2013 akit ugyanonnan p\u00f3toltak is <strong>V\u00e1clav Hladkyval<\/strong> \u2013, t\u00f6bb kulcsembert is \u00e9lcsapatok ker\u00fclgetnek. \u00cdgy szeptemberig t\u00e1vozhat m\u00e9g a v\u00e9d\u0151 Dara O\u2019Shea, a k\u00f6z\u00e9pp\u00e1ly\u00e1s Sander Berge \u00e9s a sz\u00e9ls\u0151 <strong>Wilson Odobert<\/strong> is, nem besz\u00e9lve az U21 Eur\u00f3pa-bajnok angol kapusr\u00f3l, <strong>James Traffordr\u00f3l<\/strong>.\r\n\r\nAz \u00e9rkez\u0151k t\u00f6bbs\u00e9ge ism\u00e9t s\u00f6t\u00e9t l\u00f3, mint a brazil<strong> Lucas Pires<\/strong> vagy a benini-francia <strong>Andr\u00e9as Hountondji<\/strong>, akik fiatalok ugyan, de m\u00e9g nem l\u00e1tszik a szerep\u00fck a csapatban, az \u00faj edz\u0151nek, <strong>Scott Parkernek<\/strong> pedig nem lesz k\u00f6nny\u0171 dolga. Hi\u00e1ba van egy\u00fctt a 2023-as bajnokcsapat legjava, a j\u00e1t\u00e9kos\u00e1llom\u00e1ny \u00f6nmag\u00e1ban nem garancia a sikerre. F\u0151leg, hogy Parker eddig mindk\u00e9tszer nagyon er\u0151s csapatokat juttatott fel (Fulham \u00e9s Bournemouth), itt most az\u00e9rt jobban meg kell kevernie a k\u00e1rty\u00e1kat, ha ebb\u0151l az alaposan felf\u00fajt keretb\u0151l bajnokes\u00e9lyes csapatot akar faragni. A Burnley-t \u00edgy is az \u00e9lmez\u0151nybe v\u00e1rj\u00e1k a szak\u00e9rt\u0151k, de meglep\u0151 lenne, ha megism\u00e9teln\u00e9k a k\u00e9t \u00e9vvel ezel\u0151tti szerepl\u00e9s\u00fcket, amikor kiemelked\u0151en a legjobb csapat voltak a lig\u00e1ban \u2013 igaz, akkor se v\u00e1rta ezt t\u0151l\u00fck el\u0151zetesen senki.\r\n<div class=\"payable-content-section\"><\/div>\r\nA Sheffield United esete t\u0171nik a legkomplik\u00e1ltabbnak: a csapat katasztrof\u00e1lisan szerepelt tavaly, t\u00f6kutols\u00f3k\u00e9nt esett ki a Premier League-b\u0151l, r\u00e1ad\u00e1sul m\u00e9g mindig bizonytalans\u00e1g van a tulajdonosokat illet\u0151en, hiszen a sza\u00fadiak \u00e9vek \u00f3ta el akarj\u00e1k adni a klubot, de eddig hi\u00e1ba, \u00e9s ennek a csapat itta meg a lev\u00e9t. Most pedig szinte teljesen \u00fajj\u00e1 kell \u00e9p\u00edteni a keretet, hiszen sokan t\u00e1voztak, \u00e9s meglepet\u00e9s lenne az is, ha az<strong> Ahmedhod\u017ei\u0107<\/strong>, <strong>Hamer<\/strong>,<strong> Souza<\/strong> tri\u00f3 is maradna. Viszont a saj\u00e1t nevel\u00e9s\u0171, h\u00fasz\u00e9ves k\u00f6z\u00e9pp\u00e1ly\u00e1s,<strong> Ollie Arblaster<\/strong> van olyan j\u00f3 m\u00e1r most, hogy \u00e9rdemes k\u00f6r\u00e9je \u00e9p\u00edteni a csapatot.\r\n\r\nAz \u00fajj\u00e1\u00e9p\u00edt\u00e9ssel r\u00e1ad\u00e1sul azt a <strong>Chris Wildert<\/strong> b\u00edzt\u00e1k meg, akit\u0151l egyszer m\u00e1r elk\u00f6sz\u00f6nt a klub, \u00e9s ugyan m\u00e9lt\u00e1n legend\u00e1s st\u00e1tusz\u00fa edz\u0151 a klubn\u00e1l, semmi garancia nincs r\u00e1, hogy \u00fajra siker\u00fcl neki sz\u00e1mottev\u0151 er\u0151v\u00e9 form\u00e1lni a csapatot. Pedig a nevek szintj\u00e9n nem rosszak: \u00e9rkezett a ny\u00e1ron a Premier League-klubok \u00e1ltal is keresett t\u00e1mad\u00f3 k\u00f6z\u00e9pp\u00e1ly\u00e1s, <strong>Callum O\u2019Hare<\/strong> a Coventryt\u0151l, itt van az ezen a szinten klasszisnak sz\u00e1m\u00edt\u00f3 walesi csat\u00e1r,<strong> Kieffer Moore<\/strong> is, \u00e9s j\u00f6tt a Peterborough g\u00f3lpasszkir\u00e1ly balh\u00e1tv\u00e9dje, <strong>Harrison Burrows<\/strong>. S\u0151t, nagy versenyben megszerezt\u00e9k k\u00f6lcs\u00f6nbe a Crystal Palace tr\u00fckk\u00f6s sz\u00e9ls\u0151j\u00e9t, <strong>Jesurun Rak-Sakyit<\/strong> is. Viszont m\u00e9g a legjobb esetben is id\u0151 kell a csapatnak, hogy \u00f6ssze\u00e1lljon, ez\u00e9rt m\u00e1r a r\u00e1j\u00e1tsz\u00e1st \u00e9r\u0151 3-6. helyek valamelyike is j\u00f3 eredm\u00e9ny lenne.\r\n<h2>A liga eddigi er\u0151s emberei<\/h2>\r\nA tavalyi id\u00e9ny nagy vesztese a Leeds United, mely nemcsak a feljut\u00e1sr\u00f3l maradt le, de elvesz\u00edtette legjobb j\u00e1t\u00e9kos\u00e1t, a West Hamhez szerz\u0151d\u0151 <strong>Crysencio Summerville-t<\/strong>, m\u00edg a szurkol\u00f3knak m\u00e9g jobban f\u00e1jt, hogy a saj\u00e1t nevel\u00e9s\u0171, a klubhoz ezer sz\u00e1llal k\u00f6t\u0151d\u0151<strong> Archie Grayt<\/strong> is eladt\u00e1k a Tottenhamnek. Siker\u00fclt ugyan megv\u00e1s\u00e1rolni a tavaly k\u00f6lcs\u00f6nj\u00e1t\u00e9kosk\u00e9nt bizony\u00edt\u00f3 v\u00e9d\u0151t, <strong>Joe Rodont<\/strong>, \u00e9s j\u00f6tt k\u00f6lcs\u00f6nbe a k\u00f6z\u00e9pp\u00e1ly\u00e1s<strong> Joe Rothwell<\/strong>, valamint megvett\u00e9k a jobbh\u00e1tv\u00e9d <strong>Jayden Bogle-t<\/strong> is a Sheffield Unitedt\u0151l, de m\u00e9g Summerville-t is p\u00f3tolni kell. M\u00e1sfel\u0151l egyel\u0151re siker\u00fclt megtartani a szint\u00e9n sokak \u00e1ltal keresett <strong>Georginio Ruttert<\/strong> \u00e9s <strong>Wilfred Gnont\u00f3t<\/strong>, \u00edgy a csapat magja tov\u00e1bbra is nagyon er\u0151s.\r\n\r\n<span class=\"highlight-block-small\">Daniel Farke csapata egy-k\u00e9t tov\u00e1bbi er\u0151s\u00edt\u00e9ssel b\u00e1rki ellen felveheti a harcot a lig\u00e1ban \u2013 musz\u00e1j is lesz, mert ha most se siker\u00fcl a feljut\u00e1s, akkor a marad\u00e9k csal\u00e1di ez\u00fcst\u00f6t is p\u00e9nzz\u00e9 kell majd tenni j\u00f6v\u0151re.<\/span>\r\n\r\nM\u00e9g ink\u00e1bb igaz ez a West Bromwich Albionra, amelyet p\u00e9nz\u00fcgyi probl\u00e9m\u00e1i miatt \u00e1tigazol\u00e1si korl\u00e1toz\u00e1ssal s\u00fajtottak, \u00e9s ha ez nem volna el\u00e9g, kulcsj\u00e1t\u00e9kosok t\u00e1voztak a klubt\u00f3l, k\u00f6zt\u00fck a csat\u00e1r <strong>Brandon Thomas-Asante<\/strong>, a t\u00f6r\u00f6k k\u00f6z\u00e9pp\u00e1ly\u00e1s <strong>Okay Yoku\u015flu<\/strong> \u00e9s a balh\u00e1tv\u00e9d <strong>Connor Townsend<\/strong>, \u00e9s a klub nagyr\u00e9szt ingyenes igazol\u00e1sokra \u00e9s k\u00f6lcs\u00f6nj\u00e1t\u00e9kosokra t\u00e1maszkodhat. Nem v\u00e9letlen, hogy Carlos Corber\u00e1n edz\u0151 m\u00e1r el\u0151zetesen \u00e9lete legnehezebb id\u00e9ny\u00e9nek nevezte a mostanit. A West Bromot az\u00e9rt le\u00edrni \u00edgy sem szabad, egyr\u00e9szt pont Corber\u00e1n miatt, m\u00e1sr\u00e9szt maradt m\u00e9g el\u00e9g j\u00f3 j\u00e1t\u00e9kos a keretben, de az biztos, hogy a tavalyi \u00f6t\u00f6dik helyez\u00e9s m\u00e1r brav\u00far lenne a jelen helyzetben.\r\n\r\nNem t\u00falzottan optimist\u00e1k a Norwich szurkol\u00f3i sem, pedig a ny\u00e1ron szerz\u0151dtett\u00e9k a rendk\u00edv\u00fcl tehets\u00e9ges edz\u0151nek tartott, d\u00e1n <strong>Johanness Hoff Thorupot<\/strong>, \u00e1m p\u00e9nzz\u00e9 tett\u00e9k legjobbjukat, a Galatasarayhoz t\u00e1voz\u00f3 brazil <strong>Gabriel Sar\u00e1t<\/strong>, m\u00edg a nagy tehets\u00e9g<strong> Jonathan Rowe-t<\/strong> jelenleg is ostromolja t\u00f6bb klub is. Az \u00e9rkez\u0151k k\u00f6z\u00fcl csak a Manchester Cityb\u0151l k\u00f6lcs\u00f6nbe \u00e9rkez\u0151 fiatal v\u00e9d\u0151, <strong>Callum Doyle<\/strong> az, aki m\u00e1r bizony\u00edtott a lig\u00e1ban, vagyis Thorup egyb\u0151l a m\u00e9lyv\u00edzbe haj\u00edtva igazolhatja j\u00f3 h\u00edr\u00e9t.\r\n\r\n[caption id=\"attachment_13544\" align=\"alignnone\" width=\"1024\"]<img class=\"size-full wp-image-13544\" src=\"https:\/\/sport24.24.hu\/app\/uploads\/sites\/24\/2024\/08\/jonathan-rowe.jpg\" alt=\"\" width=\"1024\" height=\"681\" \/> Jonathan Rowe[\/caption]\r\n\r\nAz ut\u00f3bbi k\u00e9t klubbal \u00f6sszehasonl\u00edtva sokkal jobb a hangulat a Middlesbrough-n\u00e1l, amely tavaly ugyan nem szerepelt k\u00fcl\u00f6n\u00f6sebben j\u00f3l, \u00e1m id\u00e9n a vezet\u0151s\u00e9g hangs\u00falyosabban t\u00e1mogatja <strong>Michael Carrick<\/strong> munk\u00e1j\u00e1t, \u00e9s nem tett p\u00e9nzz\u00e9 senkit a csapat er\u0151ss\u00e9gei k\u00f6z\u00fcl (a k\u00f6z\u00e9pp\u00e1ly\u00e1s <strong>Hayden Hackney<\/strong>, a csat\u00e1r <strong>Emmanuel Latte Lath<\/strong> \u00e9s a v\u00e9d\u0151 <strong>Rav van den Berg<\/strong> sorolhat\u00f3 ide f\u0151leg), j\u00f6tt viszont egy sokra taks\u00e1lt amerikai k\u00f6z\u00e9pp\u00e1ly\u00e1s (<strong>Aidan Morris<\/strong>), \u00e9s Carrick kapcsolatait ismerve biztosra vehet\u0151, hogy \u00e9rkeznek m\u00e9g tehets\u00e9ges k\u00f6lcs\u00f6nj\u00e1t\u00e9kosok is (mint a Manchester City fiatalja, <strong>Micah Hamilton<\/strong>, akit nem sokkal a cikk z\u00e1r\u00e1sa el\u0151tt jelentettek be). A vet\u00e9lyt\u00e1rsak helyzet\u00e9t eln\u00e9zve pedig aligha lesz jobb es\u00e9lye a Bor\u00f3nak egy j\u00f3 szerepl\u00e9sre, mint most.\r\n\r\nV\u00e9g\u00fcl a Coventryvel z\u00e1rul a feljut\u00e1sra legink\u00e1bb es\u00e9lyes csapatok sora: <strong>Mark Robins<\/strong> csapat\u00e1val imm\u00e1r hagyom\u00e1nyosan sz\u00e1molni kell, m\u00e9g ha tavaly nem is siker\u00fclt \u00fajra a r\u00e1j\u00e1tsz\u00e1sba ker\u00fclnie, helyette az FA-kup\u00e1ban vit\u00e9zkedett. Volt ugyan n\u00e9mi \u00e1trendez\u0151d\u00e9s, a Sheffieldbe t\u00e1voz\u00f3 O\u2019Hare p\u00e9ld\u00e1ul \u00e9rz\u00e9keny vesztes\u00e9g, \u00e9s k\u00f6vetheti \u0151t m\u00e9g a holland \u00e9lcsapatok \u00e1ltal k\u00f6r\u00fcludvarolt jobbh\u00e1tv\u00e9d, <strong>Milan van Ewijk<\/strong> is, er\u0151sebb az \u00e9rkez\u0151k n\u00e9vsora: Thomas-Asant\u00e9t m\u00e1r eml\u00edtett\u00fck, de a sv\u00e9d v\u00e1logatott kapus, <strong>Oliver Dovin<\/strong> is nagy n\u00e9v, m\u00edg a Huddersfieldt\u0151l elhozott <strong>Jack Rudoni<\/strong> p\u00f3tolhatja O\u2019Hare-t. \u00c9s a legfontosabb, hogy a csapatkapit\u00e1nynak kinevezett k\u00f6z\u00e9pp\u00e1ly\u00e1s, Ben Sheaf egyel\u0151re \u00fagy t\u0171nik, marad. Pof\u00e1san n\u00e9z ki most a Coventry, \u00e9s a Bor\u00f3hoz hasonl\u00f3an nekik is ez lehet a nagy lehet\u0151s\u00e9g\u00fck.\r\n<h2>Akiknek m\u00e9g tal\u00e1n \u00f6sszej\u00f6het<\/h2>\r\nBet\u00f6rhetnek persze m\u00e1sok is az els\u0151 hat k\u00f6z\u00e9, de az m\u00e1r ink\u00e1bb a meglepet\u00e9s kateg\u00f3ria lenne. A Sheffield Wednesday \u00e9s a Queens Park Rangers egyar\u00e1nt ide sorolhat\u00f3, mindketten a kies\u00e9s ellen k\u00fczd\u00f6ttek ugyan tavaly, \u00e1m az id\u00e9ny k\u00f6zben \u00e9rkez\u0151 edz\u0151ik (a n\u00e9met <strong>Danny R\u00f6hl<\/strong> illetve a spanyol <strong>Mart\u00ed Cifuentes<\/strong>) olyan kvalit\u00e1sokat mutattak, hogy egy teljes szezonban m\u00e1r sokkal feljebb l\u00e9phetnek. Igaz, egyik\u00fck se k\u00f6lt\u00f6tt sok p\u00e9nzt a ny\u00e1ron, de mindk\u00e9t csapathoz \u00e9rkeztek er\u0151s\u00edt\u00e9st jelent\u0151 j\u00e1t\u00e9kosok \u2013 a Baglyokn\u00e1l Nathaniel Chalobah rutinja \u00e9rhet sokat, a QPR sorsa pedig nagyban m\u00falhat azon, eredm\u00e9nyes lesz-e a legjobbjuk, Ilias Chair fellebbez\u00e9se, vagy pedig b\u00f6rt\u00f6nbe kell vonulnia, ugyanis azzal v\u00e1dolj\u00e1k, hogy Antwerpenben f\u00e9lholtra vert egy kamionsof\u0151rt.\r\n\r\nA Sunderland szerepl\u00e9se legink\u00e1bb att\u00f3l f\u00fcgg, siker\u00fcl-e megtartaniuk a balsz\u00e9ls\u0151 <strong>Jack Clarke-ot<\/strong>, aki <a href=\"https:\/\/sport24.24.hu\/foci\/2024\/06\/13\/angol-valogatott-adam-wharton-foci-eb-2024-championship\/\">a liga egyik legvesz\u00e9lyesebb j\u00e1t\u00e9kos\u00e1v\u00e1<\/a> n\u0151tte ki mag\u00e1t tavaly, \u00e1m \u00e9lvonalbeli csapatok ker\u00fclgetik, \u00e9s az is meglep\u0151, hogy m\u00e9g mindig a klubn\u00e1l van. S\u0151t, a t\u00f6bbi er\u0151ss\u00e9g is maradt, \u00edgy<strong> Jobe Bellingham<\/strong> is (Jude \u00f6ccse ugyeb\u00e1r), de az \u00e1tigazol\u00e1si id\u0151szak a h\u00f3nap v\u00e9g\u00e9ig tart, \u00e9s sanszos, hogy lesz itt m\u00e9g mozg\u00e1s mindk\u00e9t ir\u00e1nyba, mert eddig szokatlanul csendes a ny\u00e1r. J\u00f6tt viszont egy \u00faj edz\u0151, a francia <strong>R\u00e9gis Le Bris<\/strong> szem\u00e9ly\u00e9ben, aki ide\u00e1lis lehet ehhez a fiatal csapathoz, csod\u00e1t azonban \u0151 se tud tenni, ha id\u00e9n se j\u00f6n egy valamireval\u00f3 befejez\u0151 csat\u00e1r. A Prestont\u00f3l elhozott k\u00f6z\u00e9pp\u00e1ly\u00e1s, <strong>Alan Browne<\/strong> viszont nagy fog\u00e1s, \u00e9s azt mutatja, a klub v\u00e1ltoztat a csak fiatalokra koncentr\u00e1l\u00f3 \u00e1tigazol\u00e1si strat\u00e9gi\u00e1j\u00e1n.\r\n\r\nSokat v\u00e1rnak egy m\u00e1sik tehets\u00e9ges edz\u0151t\u0151l, a Bristol City kispadj\u00e1n \u00fcl\u0151 <strong>Liam Manningt\u0151l<\/strong> is, aki tavaly szezon k\u00f6zben \u00e9rkezve m\u00e1r megismerhette a j\u00e1t\u00e9kosait, most pedig m\u00e1r a saj\u00e1t csapat\u00e1v\u00e1 is form\u00e1lhatja \u0151ket. Ehhez most a csat\u00e1rsort er\u0151s\u00edtett\u00e9k meg, de m\u00e9g visszaj\u00f6het Manning kor\u00e1bbi j\u00e1t\u00e9kosa, <strong>Scott Twine<\/strong> is a Burnleyt\u0151l, \u00e9s a Derbyt\u0151l elhozott k\u00f6z\u00e9pp\u00e1ly\u00e1s, <strong>Max Bird<\/strong> is nagy fog\u00e1s. A tehets\u00e9ges edz\u0151k sor\u00e1t pedig folytassuk a Swansea-n\u00e1l dolgoz\u00f3 <strong>Luke Williamsszel<\/strong>, akinek nehezebb dolga lesz, l\u00e9v\u00e9n p\u00e9nz nincs sok, \u00edgy nagy er\u0151s\u00edt\u00e9sr\u0151l nincs sz\u00f3, viszont a portug\u00e1l <strong>Gon\u00e7alo Franc\u00f3t\u00f3l<\/strong> \u00edgy is sokat v\u00e1rnak.\r\n\r\n[caption id=\"attachment_13545\" align=\"alignnone\" width=\"1024\"]<img class=\"size-full wp-image-13545\" src=\"https:\/\/sport24.24.hu\/app\/uploads\/sites\/24\/2024\/08\/ryna-lowe.jpg\" alt=\"\" width=\"1024\" height=\"682\" \/> Ryan Lowe[\/caption]\r\n\r\nA Preston szok\u00e1s szerint lepattan\u00f3kkal \u00e9s k\u00f6lcs\u00f6nj\u00e1t\u00e9kosokkal er\u0151s\u00edt, <strong>Ryan Lowe<\/strong> csapata \u00edgy is harcban volt tavaly a r\u00e1j\u00e1tsz\u00e1s\u00e9rt, id\u00e9n ehhez az kellene, hogy az izlandi v\u00e1logatott <strong>Stef\u00e1n Teitur \u00de\u00f3r\u00f0arson<\/strong> p\u00f3tolni tudja Browne-t a k\u00f6z\u00e9pp\u00e1ly\u00e1n, ami minimum k\u00e9ts\u00e9ges. A hetedik helyen v\u00e9gzett Hull sem lett er\u0151sebb tavalyhoz k\u00e9pest: k\u00f6lcs\u00f6nj\u00e1t\u00e9kosaik t\u00e1voztak, legjobbjaik k\u00f6z\u00fcl pedig <strong>Greaves<\/strong> \u00e9s <strong>Philogene<\/strong> is a Premier League-be igazoltak. Az \u00e9rkez\u0151k n\u00e9vsora egyel\u0151re j\u00f3val kev\u00e9sb\u00e9 veretes, \u00e9s az \u00faj edz\u0151, a n\u00e9met <strong>Tim Walter<\/strong> alkalmass\u00e1g\u00e1r\u00f3l is megoszlanak a v\u00e9lem\u00e9nyek, jelen \u00e1ll\u00e1s szerint brav\u00far lenne a tavalyihoz hasonl\u00f3 szerepl\u00e9s, de itt az\u00e9rt v\u00e1rhat\u00f3 m\u00e9g tov\u00e1bbi er\u0151s\u00edt\u00e9s.\r\n\r\nA feljut\u00e1sra p\u00e1ly\u00e1z\u00f3k sor\u00e1t a Stoke z\u00e1rja, amely hi\u00e1ba szerz\u0151dtetett sikeredz\u0151t<strong> Steven Schumacher<\/strong> szem\u00e9ly\u00e9ben, a keret m\u00e9g mindig nem t\u0171nik alkalmasnak komolyabb feladatokra, ezzel a klub tov\u00e1bbra is a Championship nagy alulteljes\u00edt\u0151je maradhat. A tavalyi 17. helyez\u00e9shez k\u00e9pest mindenk\u00e9ppen el\u0151rel\u00e9p\u00e9s v\u00e1rhat\u00f3, de a nagy ugr\u00e1sra m\u00e9g lehet, hogy v\u00e1rni kell. Viszont a liga egyik legjobb kapusa az \u00f6v\u00e9k: a sv\u00e9d <strong>Viktor Johanssont<\/strong> a Rotherhamt\u0151l cs\u00e1b\u00edtott\u00e1k el.\r\n<h2>Akik h\u00e1trafel\u00e9 n\u00e9zegethetnek<\/h2>\r\nRendben, a Watford szerepeltet\u00e9se tal\u00e1n t\u00falz\u00e1s a kies\u0151jel\u00f6ltek k\u00f6z\u00f6tt, de neh\u00e9z elk\u00e9pzelni, hogy a nem is olyan r\u00e9gen m\u00e9g \u00e9lvonalbeli klub a tabella els\u0151 fel\u00e9ben verjen gy\u00f6keret. Mintha most, hogy m\u00e1r a Premier League-b\u0151l val\u00f3 kies\u00e9st kompenz\u00e1l\u00f3 p\u00e9nzek is elapadtak, az olasz tulajdonosok is elengedt\u00e9k volna ezt a projektet, a csapat folyamatosan elvesz\u00edti legjobbjait (id\u00e9n <strong>Yaser Asprill\u00e1t<\/strong>), az \u00e9rkez\u0151k nem k\u00e9pviselnek hasonl\u00f3 kalibert, lesz\u00e1m\u00edtva <strong>Moussa Sissok\u00f3t<\/strong>, aki azonban 35 \u00e9vesen k\u00e9rd\u00e9ses, hogy mennyit tud seg\u00edteni a csapaton. A kispadon pedig <strong>Tom Cleverley<\/strong> szint\u00e9n zs\u00e1kbamacska, \u00e9s a csapat r\u00e9mes el\u0151szezonon van t\u00fal, \u00fagyhogy optimizmusra nem sok ok van most.\r\n\r\nA Millwall viszonylag stabilnak t\u0171nik ugyan, de <strong>Neil Harris<\/strong> csapat\u00e1t\u00f3l az\u00e9rt legjobb esetben is k\u00f6zepes szerepl\u00e9s v\u00e1rhat\u00f3: sem az ink\u00e1bb t\u0171zolt\u00f3nak tartott edz\u0151 szem\u00e9lye, sem a keret nem t\u0171nik olyan er\u0151snek, mint amelyik a kor\u00e1bbi \u00e9vekben harcba sz\u00e1llt a r\u00e1j\u00e1tsz\u00e1st jelent\u0151 helyek\u00e9rt. Viszont a negyedoszt\u00e1lyb\u00f3l \u00e9rkez\u0151 g\u00f3lv\u00e1g\u00f3, <strong>Macaulay Langstaff<\/strong> bemutatkoz\u00e1s\u00e1t sokan v\u00e1rj\u00e1k k\u00edv\u00e1ncsian, egyesek m\u00e1r az \u00faj <strong>Jamie Vardyt<\/strong> l\u00e1tj\u00e1k benne. A Cardiff sem lehet eg\u00e9szen nyugodt: tavaly er\u0151n fel\u00fcl teljes\u00edtett a t\u00f6r\u00f6k Erol Bulut keze alatt, \u00e1m legink\u00e1bb pont amiatt agg\u00f3dnak a szurkol\u00f3k, hogy sz\u00fcks\u00e9gszer\u0171en visszaes\u00e9s j\u00f6n egy ilyen szezon ut\u00e1n. Igaz, a k\u00e9t \u00faj sz\u00e9ls\u0151, <strong>Chris Willock<\/strong> \u00e9s Anwar El Ghazi leigazol\u00e1sa n\u00e9mik\u00e9pp eloszlatta az aggodalmaikat.\r\n\r\nAkik pedig igaz\u00e1n agg\u00f3dhatnak, az a Blackburn \u00e9s a Plymouth, mindk\u00e9t csapat \u00e9ppen csak, hogy elker\u00fclte a kies\u00e9st legut\u00f3bb, \u00e9s nem sok jel utal r\u00e1, hogy az id\u00e9n javul\u00e1sra sz\u00e1m\u00edthatnak a szurkol\u00f3ik. A Blackburn legink\u00e1bb <strong>Sammie Szmodics<\/strong> g\u00f3ljainak k\u00f6sz\u00f6nhette a bennmarad\u00e1st, \u0151 pedig eg\u00e9sz biztosan nem lesz m\u00e1r ott szeptemberben (hetek \u00f3ta t\u00e1rgyal r\u00f3la az Ipswich a klubbal), r\u00e1ad\u00e1sul nem \u0151 az egyed\u00fcli t\u00e1voz\u00f3. Az igazol\u00e1soknak ink\u00e1bb t\u0171zolt\u00f3 jelleg\u00fck van, \u00e9s <strong>John Eustace<\/strong> hi\u00e1ba k\u00e9pes 110 sz\u00e1zal\u00e9kot is kihozni egy csapatb\u00f3l, itt most enn\u00e9l is t\u00f6bbre lesz sz\u00fcks\u00e9g.\r\n\r\n<span class=\"highlight-block-small\">A Plymouthr\u00f3l pedig t\u00e9nyleg mindent elmond, hogy <a href=\"https:\/\/sport24.24.hu\/foci\/2024\/05\/08\/wayne-rooney-kieran-mckenna-ipswich-birmingham-leicester-city-championship\/\">a tavalyi szezon ut\u00e1n<\/a> k\u00e9pes volt szerz\u0151dtetni Wayne Rooneyt a kispadra. T\u00e9nyleg abban b\u00edzhatnak, hogy a csapat k\u00e9t szt\u00e1rja, a kapus Michael Cooper \u00e9s a t\u00e1mad\u00f3 Morgan Whittaker maradni fog, mert n\u00e9lk\u00fcl\u00fck pokoli neh\u00e9z lesz a magyar j\u00e1t\u00e9kost, a Kecskem\u00e9tt\u0151l \u00e9rkez\u0151 Sz\u0171cs Korn\u00e9lt is foglalkoztat\u00f3 csapatnak.<\/span>\r\n\r\n[caption id=\"attachment_13546\" align=\"alignnone\" width=\"2858\"]<img class=\"size-full wp-image-13546\" src=\"https:\/\/sport24.24.hu\/app\/uploads\/sites\/24\/2024\/08\/szucs-kornel.jpg\" alt=\"\" width=\"2858\" height=\"2157\" \/> Sz\u0171cs Korn\u00e9l Kecskem\u00e9tr\u0151l Angli\u00e1ba igazolt.[\/caption]\r\n\r\nAnn\u00e1l is ink\u00e1bb, mert az \u00fajoncok megint csak nem feltartott k\u00e9zzel \u00e9rkeznek, m\u00e9g ha az Ipswich tavalyi teljes\u00edtm\u00e9ny\u00e9t nem is val\u00f3sz\u00edn\u0171, hogy b\u00e1rmelyik\u00fck megism\u00e9tli. A legt\u00f6bbet a Portsmouth csapat\u00e1t\u00f3l v\u00e1rhatjuk, melyet ambici\u00f3zus fiatal edz\u0151 ir\u00e1ny\u00edt <strong>John Mousinho<\/strong> szem\u00e9ly\u00e9ben, \u00e9s a keret sz\u00e9pen er\u0151s\u00f6d\u00f6tt a ny\u00e1ron, kipr\u00f3b\u00e1lt veter\u00e1nokkal \u00e9s fejl\u0151d\u0151k\u00e9pes j\u00e1t\u00e9kosokkal egyar\u00e1nt. A sz\u00e9ls\u0151<strong> Josh Murphy<\/strong> nev\u00e9t kell k\u00f6z\u00fcl\u00fck kiemelni, viszont a h\u00e1zi g\u00f3lkir\u00e1ly Colby Bishop sz\u00edvm\u0171t\u00e9tje miatt az id\u00e9ny nagy r\u00e9sz\u00e9t ki kell, hogy hagyja, \u0151t m\u00e9g mindenk\u00e9ppen p\u00f3tolni kell.\r\n\r\nA Derby County is massz\u00edvnak t\u0171nik,<strong> Paul Warne<\/strong> csapata nem t\u00fal izgalmas focit j\u00e1tszik, de nem is felt\u00e9tlen\u00fcl erre lesz sz\u00fcks\u00e9g a bennmarad\u00e1shoz. R\u00e1ad\u00e1sul \u00e9rkezett n\u00e9h\u00e1ny eg\u00e9sz j\u00f3 n\u00e9v, k\u00f6zt\u00fck a csat\u00e1r <strong>Jerry Yates<\/strong> \u00e9s a Premier League-et megj\u00e1rt Ben Osborn ezen a szinten komoly er\u0151s\u00edt\u00e9st jelent, \u00e9s a t\u00f6bbiek k\u00f6z\u00f6tt is vannak m\u00e9g potenci\u00e1lis kiv\u00e1l\u00f3s\u00e1gok. Nem t\u00f6lt\u00f6tt\u00e9k t\u00e9tlen\u00fcl a nyarat az Oxford United vezet\u0151i sem, \u00e1m itt komolyabb er\u0151s\u00edt\u00e9sekre volt sz\u00fcks\u00e9g, hiszen a csapat meglepet\u00e9sre jutott fel a r\u00e1j\u00e1tsz\u00e1sb\u00f3l, nem t\u00fal ac\u00e9los kerettel, r\u00e1ad\u00e1sul a Pompey elhappolta a playoff-d\u00f6nt\u0151 szt\u00e1rj\u00e1t, <strong>Josh Murphyt<\/strong> is. A sok \u00faj \u00e9rkez\u0151t (ott van k\u00f6zt\u00fck a West Bromt\u00f3l \u00e9rkez\u0151, tapasztalt <strong>Matt Phillips<\/strong> \u00e9s a Derby \u00f6r\u00f6k \u00edg\u00e9rete, <strong>Louis Sibley<\/strong>) azonban csapatt\u00e1 kell gy\u00farni, \u00e9s ez nem lesz k\u00f6nny\u0171, viszont az Oxford legnagyobb er\u0151ss\u00e9g\u00e9nek pont az edz\u0151t, az Indi\u00e1b\u00f3l hazat\u00e9r\u0151 <strong>Des Buckinghamet<\/strong> tartj\u00e1k, itt az alkalom a bizony\u00edt\u00e1sra.","type":"rich","thumbnail_url":"https:\/\/s.24.hu\/app\/uploads\/sites\/24\/2024\/08\/champo-150x150.jpg","thumbnail_width":150,"thumbnail_height":150}