{"version":"1.0","provider_name":"Sport24","provider_url":"https:\/\/sport24.24.hu","author_name":"Aranyossy \u00c1ron","author_url":"https:\/\/sport24.24.hu\/author\/aranyossya\/","title":"M\u00e9g id\u0151re lesz sz\u00fcks\u00e9g, hogy Pascal Jansen j\u00e1t\u00e9kelk\u00e9pzel\u00e9s\u00e9t magas min\u0151s\u00e9gben hozza a Fradi","html":"Az ellentmond\u00e1sos k\u00f6r\u00fclm\u00e9nyek k\u00f6z\u00f6tt Oroszorsz\u00e1gba t\u00e1voz\u00f3 szerb <strong>Dejan Stankovic<\/strong> ut\u00f3dj\u00e1t v\u00e9g\u00fcl Hollandi\u00e1b\u00f3l v\u00e1lasztotta ki az FTC vezet\u0151s\u00e9ge. A londoni sz\u00fclet\u00e9s\u0171 <strong>Pascal Jansen<\/strong> egy t\u00e9rds\u00e9r\u00fcl\u00e9s miatt m\u00e9g ut\u00e1np\u00f3tl\u00e1s j\u00e1t\u00e9kosk\u00e9nt abba kellett hogy hagyja a futballt, noha t\u00f6bbek k\u00f6z\u00f6tt az AZ Alkmaar vagy az Ajax ificsapat\u00e1ban is megfordult. Az edz\u0151i szakm\u00e1t t\u00f6bb holland klubn\u00e1l, valamint egy r\u00f6vid ideig az Egyes\u00fclt Arab Emir\u00e1tusokban tanulta ki. Kezdetben a PSV Eindhoven k\u00fcl\u00f6nb\u00f6z\u0151 ut\u00e1np\u00f3tl\u00e1s-csapatait tren\u00edrozta, majd az AZ Alkmaarn\u00e1l <strong>Arne Slot<\/strong> asszisztense is volt, miel\u0151tt 2020 december\u00e9ben beugr\u00f3k\u00e9nt vette t\u0151le \u00e1t az els\u0151 csapatot.\r\n\r\nA k\u00f6z\u00e9pmez\u0151nyben s\u00ednyl\u0151d\u0151 csapatot a 2020-21-es szezon v\u00e9g\u00e9re a dobog\u00f3 harmadik hely\u00e9re hozta be, az\u00f3ta pedig egy \u00f6t\u00f6dik \u00e9s egy negyedik helyez\u00e9st \u00e9rt el a piros-feh\u00e9rekkel. Id\u00e9n janu\u00e1rban m\u00e9gis azonnali hat\u00e1llyal menesztett\u00e9k a klubt\u00f3l, miut\u00e1n a csapat sim\u00e1n kiesett a Konferencia Liga csoportk\u00f6r\u00e9b\u0151l, r\u00e1ad\u00e1sul a Holland Kup\u00e1ban is megszenvedett egy alacsonyabb oszt\u00e1ly\u00fa ellenf\u00e9llel szemben.\r\n\r\n[caption id=\"attachment_13539\" align=\"aligncenter\" width=\"1024\"]<img class=\"wp-image-13539 size-large\" src=\"https:\/\/sport24.24.hu\/app\/uploads\/sites\/24\/2024\/08\/gettyimages-1855949025-1024x683.jpg\" alt=\"\" width=\"1024\" height=\"683\" \/> Sikersztorinak indult az alkmaari feladat.[\/caption]\r\n\r\nMint az Eredivisie legt\u00f6bb csapata, az Alkmaar is alapvet\u0151en poz\u00edci\u00f3s j\u00e1t\u00e9kot \u00e9s emberfog\u00e1s alap\u00fa let\u00e1mad\u00e1s j\u00e1tszott, legt\u00f6bbsz\u00f6r 4-2-3-1-es fel\u00e1ll\u00e1sban. A csapat szinte az \u00f6sszes relev\u00e1ns mutat\u00f3ban (labdabirtokl\u00e1s, let\u00e1mad\u00e1s stb.) stabilan a mez\u0151ny negyedik-\u00f6t\u00f6dik hely\u00e9n volt. Mivel azonban a holland bajnoks\u00e1g legt\u00f6bb csapata hasonl\u00f3 j\u00e1t\u00e9kelk\u00e9pzel\u00e9ssel rendelkezik, er\u0151sebb ellenfelek ellen (pl. PSV, Feyenoord) el\u0151fordult, hogy Jansen csapat\u00e1nak gondjai voltak a nyom\u00e1s alatti \u00e9p\u00edtkez\u00e9ssel, illetve labda n\u00e9lk\u00fcl hosszabb peri\u00f3dusokat kellett \u00e1tv\u00e9szelni\u00fck. Az Alkmaar a tavalyi szezonban olyan j\u00e1t\u00e9kosokat tudhatott a soraiban, mint a kor\u00e1bbi holland v\u00e1logatott <strong>Jordy Clasie<\/strong> \u00e9s <strong>Bruno Martins Indi<\/strong>, vagy a g\u00f6r\u00f6g g\u00f3lfelel\u0151s, <strong>Vanfelis Pavlidis<\/strong>.\r\n\r\nPascal els\u0151 k\u00e9t m\u00e9rk\u0151z\u00e9se a Ferencv\u00e1ros kispadj\u00e1n a New Saints elleni p\u00e1rharc volt, a walesi csapatot a hazai 5-0-s gy\u0151zelem ut\u00e1n idegenben 2-1-re siker\u00fclt elint\u00e9zni, ezzel magabiztosan hozva a pap\u00edrform\u00e1t: a Fradi m\u00e1r huszon\u00f6t percnyi j\u00e1t\u00e9k ut\u00e1n 3-0-ra vezetett. A magyar bajnok nemcsak a k\u00e9t sz\u00e9len tudott eredm\u00e9nyesen futballozni <strong>Marquinhos<\/strong> \u00e9s <strong>Adama Traor\u00e9<\/strong> r\u00e9v\u00e9n, hanem gyakran a p\u00e1lya k\u00f6zep\u00e9n, direkt felpasszokkal is meg tudta j\u00e1tszani <strong>Zachariassent<\/strong> \u00e9s <strong>Pesicet<\/strong>.\r\n<div class=\"payable-content-section\"><\/div>\r\nA d\u00e1n Midtjylland \u2013 ahogy azt a klubt\u00f3l az elm\u00falt \u00e9vekben megszokhattuk \u2013 direktebb, er\u0151s let\u00e1mad\u00e1sra \u00e9p\u00fcl\u0151 j\u00e1t\u00e9kot j\u00e1tszott, gondosan kidolgozott pontr\u00fag\u00e1sokkal. A Ferencv\u00e1rosnak ez m\u00e1r a m\u00e9rk\u0151z\u00e9s elej\u00e9n is okozott gondokat: hol 4-2-3-1-ben vagy 4-1-4-1-ben, hol 4-4-2-ben pr\u00f3b\u00e1lt\u00e1k megzavarni. \u00c1ltal\u00e1ban a lengyel k\u00f6z\u00e9pcsat\u00e1r, <strong>Adam Buksa<\/strong> ind\u00edtotta a\u00a0let\u00e1mad\u00e1st, hozz\u00e1 csatlakozott alkalomadt\u00e1n <strong>S\u00f6rensen<\/strong>.\r\n\r\nAz ellenf\u00e9l t\u00e9rfel\u00e9n a Midtjylland gyakran emberfog\u00e1st alkalmazott: a c\u00e9l a labd\u00e1s k\u00f6zvetlen nyom\u00e1s al\u00e1 helyez\u00e9se volt. Ennek \u00e9rdek\u00e9ben, ha a labda a ferencv\u00e1rosi sz\u00e9ls\u0151 v\u00e9d\u0151kh\u00f6z ker\u00fclt, az ellenf\u00e9l sz\u00e9ls\u0151i \u00e1ltal\u00e1ban kil\u00e9ptek r\u00e1juk, m\u00edg a visszal\u00e9p\u0151 <strong>Maig\u00e1t<\/strong> az uruguayi k\u00f6z\u00e9pp\u00e1ly\u00e1s, <strong>Emiliano Mart\u00ednez<\/strong> k\u00f6vette. Az eddigi m\u00e9rk\u0151z\u00e9seken nyugodtan \u00e9p\u00edtkez\u0151 ferencv\u00e1rosiakat \u00edgy t\u00f6bbsz\u00f6r siker\u00fclt \u00edvel\u00e9sre k\u00e9nyszer\u00edteni, s\u0151t negyed\u00f3ra ut\u00e1n egy rossz hazaad\u00e1sb\u00f3l Buksa vezet\u00e9st is szerzett, miut\u00e1n a d\u00e1nok sikeresen szor\u00edtott\u00e1k egyre h\u00e1tr\u00e9bb a labdakihozatalt.\r\n\r\n[caption id=\"attachment_13533\" align=\"aligncenter\" width=\"1024\"]<img class=\"wp-image-13533 size-large\" src=\"https:\/\/sport24.24.hu\/app\/uploads\/sites\/24\/2024\/08\/midftc1-1024x631.png\" alt=\"\" width=\"1024\" height=\"631\" \/> A Ferencv\u00e1ros labdakihozatala a saj\u00e1t t\u00e9rf\u00e9lr\u0151l.[\/caption]\r\n\r\nN\u00e9h\u00e1ny alkalommal az\u00e9rt siker\u00fclt a Fradinak nyom\u00e1s alatt is kihozni a labd\u00e1t, legink\u00e1bb a jobb oldalon, ebben pedig legink\u00e1bb <strong>Makreckisnek<\/strong> volt kulcsszerepe. A lett jobbh\u00e1tv\u00e9d ugyanis gyakran a f\u00e9lter\u00fcletbe b\u00e1tran bemozogva, a d\u00e1n k\u00f6z\u00e9pp\u00e1ly\u00e1sokat mag\u00e1ra csalogatva kapta meg a labd\u00e1t, Traor\u00e9vel, vagy a visszal\u00e9p\u0151 Zachariassen\u2013Pesic p\u00e1rossal az \u00f6sszj\u00e1t\u00e9kot keresve. Ezek a szitu\u00e1ci\u00f3k voltak legink\u00e1bb k\u00e9pesek dinamiz\u00e1ni a Fradi labd\u00e1s j\u00e1t\u00e9k\u00e1t, \u00e1m az ebb\u0151l kialakul\u00f3 helyzetek rendre kimaradtak.\r\n\r\nHa ez nem siker\u00fclt, akkor a Fradinak gyakran kellett fel\u00e1llt fal ellen futballoznia. Ilyenkor t\u00f6bbnyire hat visszal\u00e9p\u0151 j\u00e1t\u00e9kossal j\u00e1ratt\u00e1k a labd\u00e1t az \u00e9p\u00edtkez\u00e9s kezdet\u00e9n, m\u00edg Traor\u00e9 \u00e9s a nig\u00e9riai szerzem\u00e9ny, <strong>Tosin Kehinde<\/strong> biztos\u00edtott\u00e1k a sz\u00e9less\u00e9get a p\u00e1lya k\u00e9t oldal\u00e1n. Id\u0151vel Kehinde egyre t\u00f6bbet kezdett befel\u00e9 mozogni, m\u00edg a balh\u00e1tv\u00e1d <strong>Cristian Ram\u00edrez<\/strong> a vonal mellett csatlakozott a t\u00e1mad\u00e1sokhoz. Az ilyenkor j\u00f3l szervezett 4-4-2-es vagy 4-2-3-1-es d\u00e1n k\u00f6z\u00e9ps\u0151 blokkot k\u00f6z\u00e9pen ritk\u00e1n siker\u00fclt \u00e1tpasszolni, hi\u00e1ba l\u00e9pett fel Makreckis a jobboldalon egyre t\u00f6bbsz\u00f6r a f\u00e9lter\u00fcletben Maiga \u00e9s <strong>Rommens<\/strong> mell\u00e9, a bal oldalon pedig a visszaz\u00e1r\u00f3 <strong>Osorio<\/strong> v\u00e9dekezte le viszonylag sim\u00e1n Ram\u00edrez felfut\u00e1sait.\r\n\r\n[caption id=\"attachment_13540\" align=\"aligncenter\" width=\"1024\"]<img class=\"wp-image-13540 size-large\" src=\"https:\/\/sport24.24.hu\/app\/uploads\/sites\/24\/2024\/08\/k_epa20240807013-1024x683.jpg\" alt=\"\" width=\"1024\" height=\"683\" \/> Kehinde Oluwatosin befel\u00e9 indul\u00f3 mozg\u00e1s\u00e1val nyitott ter\u00fcletet, de erre sz\u00e1m\u00edtottak a d\u00e1nok.[\/caption]\r\n\r\nAz ecuadori balh\u00e1tv\u00e9d \u00edgy hi\u00e1ba \u00e9rt j\u00f3val t\u00f6bbet a labd\u00e1hoz (62), mint a jobb oldalon Makreckis (46), kevesebb vesz\u00e9lyt jelentett:\r\n\r\n<span class=\"highlight-block-small\">m\u00edg Makreckisnek kilenc sikeres passza volt a t\u00e1mad\u00f3 harmadba, az Ram\u00edreznek csak \u00f6t, a legt\u00f6bb kialak\u00edtott helyzet pedig szint\u00e9n k\u00e9t jobb oldalon j\u00e1tsz\u00f3 j\u00e1t\u00e9kos, Rommens (6) \u00e9s Traor\u00e9 (4) nev\u00e9hez f\u0171z\u0151dik. A legt\u00f6bb vesz\u00e9lyt \u00edgy a jobb oldalon a vonal mellett j\u00e1tsz\u00f3 Traor\u00e9 r\u00e9v\u00e9n siker\u00fclt kialak\u00edtani. <\/span>\r\n\r\nFontos momentum volt, hogy a kapu el\u00e9 \u00e9rkez\u0151 Pesic, Zachariassen, \u00e9s gyakran m\u00e9g k\u00e9t m\u00e1sik j\u00e1t\u00e9kos is tudatosan v\u00e1rta a bead\u00e1sokat, a v\u00e9d\u0151k \u00e1ltal esetlegesen kikotort labd\u00e1kra azonnal visszat\u00e1madva. A legt\u00f6bb, n\u00e9gy kapura l\u00f6v\u00e9si k\u00eds\u00e9rlete a ferencv\u00e1rosi csapatb\u00f3l egy\u00e9bk\u00e9nt a csat\u00e1r m\u00f6g\u00f6tt j\u00e1tsz\u00f3 Zachariassennek volt. Ezek a kapu el\u0151tt visszaszerzett labd\u00e1k gyakran eredm\u00e9nyeztek l\u00f6v\u0151helyzetet, \u00e1m a kapu el\u00e9 betolt v\u00e9delemmel szemben ezek t\u00f6bbnyire alacsony min\u0151s\u00e9g\u0171ek voltak. A Fradi teh\u00e1t hi\u00e1ba birtokolta t\u00f6bbet, a j\u00e1t\u00e9kid\u0151 61 sz\u00e1zal\u00e9k\u00e1ban a labd\u00e1t, az igazi hat\u00e9konys\u00e1g hi\u00e1nyzott az ellenf\u00e9l kapuja el\u0151tt.\r\n\r\n[caption id=\"attachment_13534\" align=\"aligncenter\" width=\"1024\"]<img class=\"wp-image-13534 size-large\" src=\"https:\/\/sport24.24.hu\/app\/uploads\/sites\/24\/2024\/08\/midftc2-1024x631.png\" alt=\"\" width=\"1024\" height=\"631\" \/> A Ferencv\u00e1ros labd\u00e1s j\u00e1t\u00e9ka az ellenf\u00e9l t\u00e9rfel\u00e9n.[\/caption]\r\n\r\nA Ferencv\u00e1ros labda elleni j\u00e1t\u00e9ka viszonylag j\u00f3l m\u0171k\u00f6d\u00f6tt, a 4-2-3-1-es vagy 4-4-2-es fel\u00e1ll\u00e1sban a k\u00e9t el\u00fcls\u0151 ember \u00e1ltal\u00e1ban a k\u00e9t bels\u0151 v\u00e9d\u0151t t\u00e1madta. Ha a labda visszaker\u00fclt <strong>Olafsson<\/strong> kapushoz, akkor Pesic a p\u00e1ly\u00e1t hossz\u00e1ban \u201eelfelezve\u201d pr\u00f3b\u00e1lta sokszor el\u0151rev\u00e1gott labd\u00e1ra k\u00e9nyszer\u00edteni. A d\u00e1nok n\u00e9gyf\u0151s k\u00f6z\u00e9pp\u00e1ly\u00e1ja rugalmasan helyezkedett, a pap\u00edron balsz\u00e9ls\u0151, t\u00f6r\u00f6k sz\u00e1rmaz\u00e1s\u00fa Simsir p\u00e9ld\u00e1ul gyakran mintegy harmadik bels\u0151 k\u00f6z\u00e9pp\u00e1ly\u00e1sk\u00e9nt l\u00e9pett vissza elk\u00e9rni a labd\u00e1t. Ennek megfelel\u0151en a Maiga\u2013Rommens p\u00e1ros egyike, vagy a jobbh\u00e1tv\u00e9d Makreckis is b\u00e1tran fell\u00e9pett r\u00e1 emberfog\u00e1ssal. R\u00e1ad\u00e1sul az el\u00f6l let\u00e1mad\u00f3 Pesic\u2013Zachariassen du\u00f3 h\u00e1ta m\u00f6g\u00fcl a d\u00e1n k\u00f6z\u00e9pp\u00e1ly\u00e1sok \u00e1ltal\u00e1ban nem tudtak kimozogni, \u00edgy a d\u00e1noknak gyakran a k\u00e9t csat\u00e1rt kellett hossz\u00fa ind\u00edt\u00e1sokkal megj\u00e1tszani.\r\n\r\n[caption id=\"attachment_13535\" align=\"aligncenter\" width=\"1024\"]<img class=\"wp-image-13535 size-large\" src=\"https:\/\/sport24.24.hu\/app\/uploads\/sites\/24\/2024\/08\/midftc3-1024x631.png\" alt=\"\" width=\"1024\" height=\"631\" \/> A Ferencv\u00e1ros labda elleni j\u00e1t\u00e9ka az ellenf\u00e9l t\u00e9rfel\u00e9n.[\/caption]\r\n\r\nA m\u00e1sodik f\u00e9lid\u0151ben <strong>Abu Fani<\/strong> \u00e9s <strong>Ben Rhomdane<\/strong> becser\u00e9l\u00e9s\u00e9vel k\u00e9t t\u00e1mad\u00f3bb szellem\u0171, ak\u00e1r az ellenf\u00e9l kapuja el\u0151tt is haszn\u00e1lhat\u00f3 j\u00e1t\u00e9kost k\u00fcld\u00f6tt a p\u00e1ly\u00e1ra Jansen \u2013 mindketten gyakran a p\u00e1lya bal sz\u00e9le fel\u00e9 kimozogva, szabadabb szerepben futballoztak. Tov\u00e1bbra is ritk\u00e1n siker\u00fclt azonban lend\u00fcletb\u0151l \u00e1tt\u00f6rni a d\u00e1nok v\u00e9delmi vonal\u00e1n, a labdaveszt\u00e9s ut\u00e1n esetlegesen fellazul\u00f3 k\u00f6z\u00e9pp\u00e1ly\u00e1s szerkezet, valamint a gyakran bizonytalanul mozg\u00f3 magasra feltolt v\u00e9delmi vonal \u00fajabb g\u00f3lt eredm\u00e9nyezett.\r\n\r\nA Ferencv\u00e1ros t\u00e1mad\u00f3j\u00e1t\u00e9ka teh\u00e1t a min\u0151s\u00e9g helyett ink\u00e1bb a mennyis\u00e9gr\u0151l sz\u00f3lt. B\u00e1r mindk\u00e9t csapat viszonylag sok kapura l\u00f6v\u00e9ssel pr\u00f3b\u00e1lkozott, figyelemre m\u00e9lt\u00f3, hogy a Fradi fel\u00e9p\u00edtett t\u00e1mad\u00e1sb\u00f3l (open play) milyen alacsony xG-mutat\u00f3t tudott \u00f6sszehozni. Az is hozz\u00e1tartozik az igazs\u00e1ghoz, hogy a sz\u00f6gletb\u0151l kidolgozott helyzetek szint\u00e9n az alacsony min\u0151s\u00e9g\u0171 helyzetekb\u0151l k\u00f6vetkeztek.\r\n\r\n<img class=\"aligncenter wp-image-13536 size-full\" src=\"https:\/\/sport24.24.hu\/app\/uploads\/sites\/24\/2024\/08\/midftc4.png\" alt=\"\" width=\"636\" height=\"722\" \/>\r\n\r\nA Jansen-f\u00e9le Fradi j\u00e1t\u00e9ka teh\u00e1t nem m\u0171k\u00f6d\u00f6tt olyan magabiztosan az els\u0151 komolyabb megm\u00e9rettet\u00e9sen, mint az el\u0151z\u0151, szer\u00e9nyebb k\u00e9pess\u00e9g\u0171 ellenf\u00e9llel szemben. B\u00e1r elm\u00e9letben Pascal Jansen j\u00f3l kimunk\u00e1lt j\u00e1t\u00e9kelk\u00e9pzel\u00e9ssel\u00a0rendelkezik, amelyet a magyar k\u00f6zegben szokatlan m\u00f3don a nyilv\u00e1noss\u00e1ggal is megosztott, id\u0151re lesz sz\u00fcks\u00e9ge, hogy a rendelkez\u00e9sre \u00e1ll\u00f3 keret ezt magas min\u0151s\u00e9gben, kreat\u00edv m\u00f3don el\u0151 tudja adni.","type":"rich","thumbnail_url":"https:\/\/s.24.hu\/app\/uploads\/sites\/24\/2024\/08\/d__hr20240803008-e1723126137946-150x150.jpg","thumbnail_width":150,"thumbnail_height":150}