{"version":"1.0","provider_name":"Sport24","provider_url":"https:\/\/sport24.24.hu","author_name":"Pinc\u00e9si L\u00e1szl\u00f3","author_url":"https:\/\/sport24.24.hu\/author\/pincesil\/","title":"Nem Kanad\u00e1\u00e9 az els\u0151 k\u00e9msztori a futballban: \u00fcgyn\u00f6k a bokorban, Rambo a fa alatt, t\u00e9ved\u00e9sb\u0151l leszedett dr\u00f3n","html":"Eltelik p\u00e1r \u00e9v, \u00e9s a kanadai n\u0151i labdar\u00fag\u00f3-v\u00e1logatottat s\u00fajt\u00f3 szankci\u00f3b\u00f3l eg\u00e9szen biztosan kv\u00edzk\u00e9rd\u00e9s lesz.\r\n\r\n<strong>K\u00e9rd\u00e9s:<\/strong> Mi\u00e9rt vontak le 6 pontot a kanadai n\u0151i v\u00e1logatott\u00f3l a 2024-es olimpiai torn\u00e1n?\r\n\r\n<strong>V\u00e1laszlehet\u0151s\u00e9gek:<\/strong>\r\n\r\na.) J\u00e1t\u00e9kvezet\u0151 b\u00e1ntalmaz\u00e1s\u00e1\u00e9rt\r\n\r\nb.) T\u00f6bb j\u00e1t\u00e9kosuk pozit\u00edv doppingtesztet adott\r\n\r\nc.) A st\u00e1bjuk dr\u00f3nnal k\u00e9mlelte ki az \u00faj-z\u00e9landiak edz\u00e9s\u00e9t\r\n\r\nd.) Az olimpia szellemis\u00e9g\u00e9t s\u00e9rt\u0151 g\u00f3l\u00f6r\u00f6m\u00e9rt\r\n\r\nA helyes v\u00e1lasz term\u00e9szetesen a c.). A kanadaiak k\u00e9t gy\u0151zelemmel elt\u00fcntett\u00e9k a m\u00ednusz hat pontot, \u00e9s ha legy\u0151zik Kolumbi\u00e1t harmadik, szerdai csoportm\u00e9rk\u0151z\u00e9s\u00fck\u00f6n, akkor m\u00e9g tov\u00e1bb is juthatnak a levon\u00e1s ellen\u00e9re.\r\n\r\n<span class=\"highlight-block-small\">Ad\u00f3dik a k\u00e9rd\u00e9s: mi\u00e9rt \u00e9s mi\u00f3ta k\u00e9mkednek a futballban?<\/span>\r\n\r\nA \u201emi\u00e9rt\u201d is egy \u00e9rdekes k\u00e9rd\u00e9s, hiszen kis t\u00falz\u00e1ssal ma m\u00e1r az ellenf\u00e9l balsz\u00e9ls\u0151j\u00e9nek meccs alatti pulzus\u00e1r\u00f3l is inform\u00e1ci\u00f3t kap az adatelemz\u0151 egys\u00e9g; A csapatok minden kor\u00e1bbin\u00e1l t\u00f6bb inform\u00e1ci\u00f3hoz tudnak leg\u00e1lisan hozz\u00e1jutni, \u00e9s m\u00e9g \u00e9l\u0151ben is tudnak reag\u00e1lni a t\u00f6rt\u00e9ntekre, hiszen az elemz\u0151st\u00e1b ott \u00fcl a meccseken, \u00f6sszek\u00f6ttet\u00e9sben az edz\u0151vel. Ennek nyilv\u00e1n megvannak a korl\u00e1tai \u2013 utalhatunk itt a magyar\u2013sv\u00e1jci Eb-m\u00e9rk\u0151z\u00e9sre, amin az elemz\u0151k l\u00e1tt\u00e1k, mivel lepik meg a magyar v\u00e1logatottat a sv\u00e1jciak, \u00e1m a p\u00e1ly\u00e1n lev\u0151k nem tudtak reag\u00e1lni \u2013, de az inform\u00e1ci\u00f3b\u0151s\u00e9g cs\u00f6kkenti a k\u00e9mked\u00e9s jelent\u0151s\u00e9g\u00e9t.\r\n\r\nUgyanakkor mindig furdalhatja a szakmai st\u00e1bok oldal\u00e1t a k\u00edv\u00e1ncsis\u00e1g: mit csin\u00e1l a m\u00e1sik csapat? Mivel pr\u00f3b\u00e1l meglepni? Van-e esetleg \u201ek\u00eds\u00e9rleti f\u00e1zis\u00fa\u201d pontr\u00fag\u00e1s-kombin\u00e1ci\u00f3, vagy meglep\u0151 v\u00e1ltoztat\u00e1s? S mindezek m\u00f6g\u00f6tt a kimondatlan k\u00e9rd\u00e9s saj\u00e1t maguk sz\u00e1m\u00e1ra: felk\u00e9sz\u00fclt\u00fcnk el\u00e9gg\u00e9 az ellenf\u00e9lb\u0151l? A futballvil\u00e1g egyik legink\u00e1bb \u201efelk\u00e9sz\u00fcl\u00e9sm\u00e1ni\u00e1s\u201d edz\u0151je, <strong>Marcelo Bielsa<\/strong> 2019-ben minden ellenf\u00e9lre k\u00e9met k\u00fcld\u00f6tt, am\u00edg az egyik gyakornoka le nem bukott \u2013 a Leeds\u2013Derby meccs el\u0151tt, a bokrokban bujk\u00e1lva. Bielsa azt\u00e1n egy eg\u00e9szen <a href=\"https:\/\/www.theguardian.com\/football\/2019\/jan\/16\/marcelo-bielsa-leeds-spied-every-opponent\">elk\u00e9peszt\u0151 prezent\u00e1ci\u00f3n<\/a> mutatta be saj\u00e1t \u2013 d\u00f6bbenetesen alapos \u2013 jegyzeteit, hogy bizony\u00edtsa: az\u00e9rt volt inform\u00e1ci\u00f3ja k\u00e9mked\u00e9s n\u00e9lk\u00fcl is\u2026\r\n<blockquote>Mi\u00e9rt k\u00fcldtem el egy embert, hogy megn\u00e9zze az ellenfel\u00fcnket? Mert ez cs\u00f6kkenti a meccs el\u0151tti szorong\u00e1st; no meg az\u00e9rt, mert el\u00e9g h\u00fclye vagyok ahhoz, hogy enged\u00e9lyezzem ezt (\u2026) Amit tettem, az nem illeg\u00e1lis. Nincs defini\u00e1lva, nincs korl\u00e1tozva sem. Nem gondolom, hogy j\u00f3 dolog lenne, de nem is t\u00f6rv\u00e9nytelen. Att\u00f3l viszont, hogy nem illeg\u00e1lis, m\u00e9g nem felt\u00e9tlen\u00fcl j\u00f3 dolog<\/blockquote>\r\n\u2013 magyar\u00e1zta Bielsa. Az angol labdar\u00fag\u00f3liga v\u00e9g\u00fcl 200 000 doll\u00e1rra b\u00edrs\u00e1golta meg a Leedset \u00e9s <a href=\"https:\/\/www.efl.com\/governance\/regulations\/\">megv\u00e1ltoztatta szab\u00e1lyait<\/a>: az \u00faj, 127. paragrafus szerint a m\u00e9rk\u0151z\u00e9st megel\u0151z\u0151 72 \u00f3r\u00e1ban tilos az egym\u00e1ssal megm\u00e9rk\u0151z\u0151 kluboknak \u201ek\u00f6zvetve vagy k\u00f6zvetlen\u00fcl\u201d a m\u00e1sik edz\u00e9seit megn\u00e9zni.\r\n\r\nBielsa is utalt arra, hogy a k\u00e9mked\u00e9s r\u00e9g\u00f3ta hozz\u00e1tartozik a futballhoz. A vide\u00f3felv\u00e9telek korszaka el\u0151tt \u00edgy lehetett inform\u00e1ci\u00f3kat szerezni, f\u0151leg k\u00fclf\u00f6ldi ellenf\u00e9l eset\u00e9n: az edz\u0151k kihaszn\u00e1lt\u00e1k az inform\u00e1lis h\u00e1l\u00f3jukat, hogy felt\u00e9rk\u00e9pezz\u00e9k ellenfel\u00fcket (az ellenfelet ismer\u0151 szakembereket, j\u00e1t\u00e9kosokat, \u00fajs\u00e1g\u00edr\u00f3kat k\u00e9rdeztek ki), \u201eleg\u00e1lisan\u201d megfigyel\u0151t k\u00fcldtek annak ny\u00edlt edz\u00e9s\u00e9re vagy m\u00e9rk\u0151z\u00e9s\u00e9re, no meg nem ritk\u00e1n \u201eilleg\u00e1lisan\u201d is k\u00e9mkedtek a tr\u00e9ningeken.\r\n<h2>Akadt p\u00e1r eset a k\u00f6zelm\u00faltban<\/h2>\r\nA <em>Sporth\u00edrlap<\/em> p\u00e9ld\u00e1ul 1936-ban arr\u00f3l sz\u00e1molt be, hogy a szombathelyiek \u00e9s a szolnokiak is szurkol\u00f3kat k\u00e9rtek fel arra, hogy megfigyelje az ellenfelet, \u00e9s a le\u00edr\u00e1s alapj\u00e1n ez bevett gyakorlat lehetett. De nem csak taktikai dolgokat pr\u00f3b\u00e1ltak kilesni: egy 1923-as h\u00edr szerint (a profi\u2013\u00e1lamat\u0151r\u2013amat\u0151r vit\u00e1k cs\u00facspontj\u00e1n) az angolok \u201etitkos\u00fcgyn\u00f6k\u00f6t\u201d k\u00fcldtek Belgiumba, hogy megpr\u00f3b\u00e1ljanak bizony\u00edt\u00e9kot szerezni arra: a belga v\u00e1logatott j\u00e1t\u00e9kosok val\u00f3j\u00e1ban profik.\r\n\r\nA gyakorlat meg\u00edt\u00e9l\u00e9se orsz\u00e1gr\u00f3l orsz\u00e1gra elt\u00e9r\u0151, \u00e9s kultur\u00e1lis k\u00fcl\u00f6nbs\u00e9geket mutat: Bielsa elmond\u00e1sa szerint D\u00e9l-Amerik\u00e1ban mindennapos dolognak sz\u00e1m\u00edt, \u00e9s senki sem t\u00f6r\u0151dik vele k\u00fcl\u00f6n\u00f6sebben; a kontinent\u00e1lis eur\u00f3pai futballban szint\u00e9n nem kapj\u00e1k fel nagyon rajta a vizet, az angolok viszont sportszer\u0171tlen, az \u00edratlan labdar\u00fag\u00f3-etikettbe \u00fctk\u00f6z\u0151 cselekedetk\u00e9nt tekintenek r\u00e1.\r\n\r\nHogy a k\u00e9mked\u00e9s mennyire elterjedt szok\u00e1snak sz\u00e1m\u00edt, arra r\u00e1vil\u00e1g\u00edt p\u00e1r eset a k\u00f6zelm\u00faltb\u00f3l.\r\n<div class=\"payable-content-section\"><\/div>\r\nA kanadai dr\u00f3nbotr\u00e1nnyal \u00e9s a Bielsa-f\u00e9le \u201espygate-tel\u201d kezdt\u00fcnk, de h\u00e1t tov\u00e1bb is van:\r\n<ul>\r\n \t<li>Id\u00e9n tavasszal a b\u00e9csi Rapid edz\u0151je v\u00e1dolta meg a Sturm Grazot azzal, hogy a bajnoki aranyra hajt\u00f3 grazi csapat k\u00e9mkedett a f\u0151v\u00e1rosiak edz\u00e9sein. V\u00e1laszul a Sturm tr\u00e9nere k\u00f6z\u00f6lte, hogy nem szeretne foglalkozni l\u00e9gb\u0151l kapott t\u00f6rt\u00e9netekkel<\/li>\r\n \t<li>Az Eur\u00f3pa-bajnoks\u00e1gon a sv\u00e1jciak sz\u00fartak ki egy gyan\u00fas dr\u00f3nt, sz\u00f3ltak a biztons\u00e1gi embereknek, \u0151k pedig a rend\u0151rs\u00e9gnek<\/li>\r\n \t<li>A jelek alapj\u00e1n a kanadaiak \u00e9vek \u00f3ta k\u00e9mkedtek dr\u00f3nnal ellenfeleik ut\u00e1n, nemcsak n\u0151i, de f\u00e9rfi m\u00e9rk\u0151z\u00e9sek el\u0151tt is. A Kanadai Labdar\u00fag\u00f3-sz\u00f6vets\u00e9g vizsg\u00e1latot rendelt el; a szervezet \u00fcgyvezet\u0151je, <strong>Kevin Blue<\/strong> elmondta, att\u00f3l tart, hossz\u00fa ideje, rendszerszint\u0171 volt a k\u00e9mdr\u00f3nhaszn\u00e1lat, ami \u201eelfogadhatatlan\u201d. Az \u00faj sz\u00f6vets\u00e9gi kapit\u00e1ny, <strong>Jesse Marsch<\/strong> a Copa Am\u00e9ric\u00e1n megtudta, hogy volt k\u00e9mked\u00e9si k\u00eds\u00e9rlet, \u00e9s megtiltotta a tov\u00e1bbi akci\u00f3kat<\/li>\r\n \t<li>Egy 2021-es Chile\u2013Argentina vb-selejtez\u0151 el\u0151tt a chileiek dr\u00f3nt l\u00e1ttak a saj\u00e1t edz\u00e9s\u00fck k\u00f6zben, \u00e9s saj\u00e1tjukkal v\u00e1laszolt\u00e1k: egyszer\u0171en nekivezett\u00e9k azt a \u201ek\u00e9mdr\u00f3nnak\u201d. A futballt\u00f6rt\u00e9nelem val\u00f3sz\u00edn\u0171leg egyetlen \u201el\u00e9gicsat\u00e1ja\u201d k\u00ednosan v\u00e9gz\u0151d\u00f6tt: kider\u00fclt, hogy a chileiek az egyik helyi villamosenergia-szolg\u00e1ltat\u00f3 munkadr\u00f3nj\u00e1t szedt\u00e9k le\u2026<\/li>\r\n \t<li>2018-ban a HSV\u2013Werder Bremen \u00e9szakn\u00e9met derbi el\u0151tt fogtak a hamburgiak br\u00e9mai \u201etitkos\u00fcgyn\u00f6k\u00f6t.\u201d A HSV akkori edz\u0151je, <strong>Bernd Hollerbach<\/strong> j\u00f3t vigyorgott ezen, \u00e9s annyit mondott, hogy ma m\u00e1r az ilyesmit dr\u00f3nnal int\u00e9zik. A br\u00e9maiak a Hoffenheim edz\u00e9s\u00e9re dr\u00f3nt k\u00fcldtek, majd a lebuk\u00e1s ut\u00e1n eln\u00e9z\u00e9st k\u00e9rtek<\/li>\r\n \t<li>A 2017-es Honduras\u2013Ausztr\u00e1lia m\u00e9rk\u0151z\u00e9s el\u0151tt a hondurasiak gyan\u00fas dr\u00f3nt jelentettek, az ausztr\u00e1liak persze erre azt v\u00e1laszolt\u00e1k, hogy \u0151k nem tudtak semmir\u0151l<\/li>\r\n \t<li>A 2014-es vb-n a brazilok FIFA-vizsg\u00e1latot k\u00e9rtek, miut\u00e1n az edz\u00e9s\u00fcket megl\u00e1togatta egy dr\u00f3n, a portug\u00e1lok meg azt reklam\u00e1lt\u00e1k, hogy a Ponte Preta stadionj\u00e1ra (ezt haszn\u00e1lt\u00e1k edz\u0151p\u00e1ly\u00e1nak) r\u00e1 lehetett l\u00e1tni a szomsz\u00e9dos toronyh\u00e1zak tetej\u00e9r\u0151l<\/li>\r\n \t<li>A 2013-as genovai derbi el\u0151tt a Genoa ifiedz\u0151j\u00e9t, <strong>Luca de Pr\u00e1t<\/strong> cs\u00edpt\u00e9k nyakon a Sampdoria emberei: De Pra \u201eRamb\u00f3nak be\u00f6lt\u00f6zve, egy fa al\u00f3l\u201d, terepsz\u00edn\u0171 ruh\u00e1ban figyelte a v\u00e1rosi riv\u00e1list. A Genoa nem gy\u0151z\u00f6tt elhat\u00e1rol\u00f3dni alkalmazottj\u00e1t\u00f3l<\/li>\r\n \t<li>Vannak persze m\u00e1sfajta pr\u00f3b\u00e1lkoz\u00e1sok is: 2019-ben az Eintracht Frankfurt legal\u00e1bb egy munkat\u00e1rsa rendszeresen bej\u00e1rk\u00e1lt az RB Leipzig \u00e1ltal haszn\u00e1lt scoutingrendszerbe (ISB), m\u00e9ghozz\u00e1 egy m\u00e1sik klubhoz (New York Red Bulls) tartoz\u00f3 fi\u00f3kon kereszt\u00fcl. Az adatbankot \u00fczemeltet\u0151 c\u00e9g 2017 \u00e9s 2019 k\u00f6z\u00f6tt regisztr\u00e1lt 5664 rendbeli, enged\u00e9ly n\u00e9lk\u00fcli bel\u00e9p\u00e9st \u00e9s adatlop\u00e1st jelentett. Az ISB b\u00edr\u00f3s\u00e1gra \u00e9s perre ment, v\u00e9g\u00fcl megegyez\u00e9s sz\u00fcletett. Az Eintracht kir\u00fagta az \u00e9rintett munkat\u00e1rsat<\/li>\r\n<\/ul>\r\n<h2>Seg\u00edtett a gumiszab\u00e1ly<\/h2>\r\nSz\u00f3val a k\u00e9mked\u00e9s nem elszigetelt jelens\u00e9g, nem is \u00fajkelet\u0171 dolog, \u00e9s pont ez\u00e9rt nem is k\u00f6nny\u0171 v\u00e9get vetni annak. A FIFA a fair play megs\u00e9rt\u00e9se miatt szabta ki a dr\u00e1k\u00f3i b\u00fcntet\u00e9st: a kanadaiak megkapt\u00e1k a m\u00e1r eml\u00edtett hatpontos levon\u00e1st, a sz\u00f6vets\u00e9g 200 ezer sv\u00e1jci frankos b\u00edrs\u00e1got fizet, valamint az \u00fcgyben \u00e9rintett st\u00e1btagok (<strong>Beverly Priestman<\/strong> sz\u00f6vets\u00e9gi edz\u0151, <strong>Joey Lombardi<\/strong> elemz\u0151 \u00e9s <strong>Jasmine Mander<\/strong> seg\u00e9dedz\u0151) egy\u00e9ves eltilt\u00e1st kaptak.\r\n\r\n<span class=\"highlight-block-small\">K\u00fcl\u00f6n\u00f6sen kellemetlen a FIFA-nak, hogy az eset pont az olimpi\u00e1n robbant ki: a labdar\u00fag\u00e1s egy\u00e9bk\u00e9nt sincs reflektorf\u00e9nyben az \u00f6tkarik\u00e1s j\u00e1t\u00e9kokon, \u00edgy egy botr\u00e1ny pont nem hi\u00e1nyzott; a b\u00fcntet\u00e9s m\u00e9rt\u00e9ke pedig alighanem az olimpia szellemis\u00e9g\u00e9nek megs\u00e9rt\u00e9s\u00e9t is t\u00fckr\u00f6zte.<\/span>\r\n\r\nAz \u00e9rintettek a nemzetk\u00f6zi Sportd\u00f6nt\u0151b\u00edr\u00f3s\u00e1ghoz (CAS) fellebbezhetnek. A kanadaiak kedden a pontlevon\u00e1ssal kapcsolatban fellebbez\u00e9st ny\u00fajtottak be a CAS olimpiai ad hoc \u201egyors\u00edt\u00e9l\u0151\u201d egys\u00e9g\u00e9hez, s azt k\u00e9rt\u00e9k, cs\u00f6kkents\u00e9k vagy t\u00f6r\u00f6lj\u00e9k azt. H\u00e1zon bel\u00fcl viszont tov\u00e1bb vizsg\u00e1l\u00f3dnak: m\u00e9g a 2011\u201318 k\u00f6z\u00f6tt a n\u0151i, 2018\u201323 k\u00f6z\u00f6tt a f\u00e9rfi v\u00e1logatottat ir\u00e1ny\u00edt\u00f3 <strong>John Herdman<\/strong> (jelenleg Toronto FC) is beleker\u00fclhet a sz\u00f3r\u00e1sba.\r\n\r\nAz illeg\u00e1lis dr\u00f3nr\u00f6ptet\u00e9s a francia t\u00f6rv\u00e9nyekbe \u00fctk\u00f6z\u00f6tt, ez\u00e9rt egy (a b\u00edr\u00f3s\u00e1g \u00e1ltal meg nem nevezett) 43 \u00e9ves kanadai f\u00e9rfit \u2013 a le\u00edr\u00e1s Lombardira illik \u2013 nyolch\u00f3napos felf\u00fcggesztett b\u00f6rt\u00f6nb\u00fcntet\u00e9sre \u00edt\u00e9ltek. A Kanadai Olimpiai Bizotts\u00e1g szint\u00e9n vizsg\u00e1l\u00f3dik; az \u00fcgy legnagyobb k\u00e1rvallottjai \u2013 a j\u00e1t\u00e9kosok \u2013 azt \u00e1ll\u00edtott\u00e1k, nem volt tudom\u00e1suk a k\u00e9mked\u00e9sr\u0151l, \u00e9s az elemz\u00e9sek alatt nem tal\u00e1lkoztak az illeg\u00e1lisan k\u00e9sz\u00edtett dr\u00f3nfelv\u00e9telekkel.\r\n\r\nA FIF\u00c1-nak van egy sok esetre r\u00e1h\u00fazhat\u00f3 gumiszab\u00e1lya (s\u00e9rt\u0151 viselked\u00e9s \u00e9s a fair play elveinek megs\u00e9rt\u00e9se), a kanadaiakat is ez alapj\u00e1n b\u00fcntett\u00e9k \u2013 a paragrafus k\u00e9t pontja is \u201emeg\u00e1ll\u201d ebben az esetben. De ett\u0151l f\u00fcggetlen\u00fcl a legtiszt\u00e1bb az lenne, ha \u2013 mivel a dr\u00f3nos k\u00e9mked\u00e9s elterjedtnek t\u0171n\u0151 gyakorlat \u2013 a nemzetk\u00f6zi sz\u00f6vets\u00e9g az angol lig\u00e1hoz hasonl\u00f3, egy\u00e9rtelm\u0171 tilt\u00e1st vezetne be.\r\n\r\nPersze akkor lehet, hogy visszat\u00e9rn\u00e9nek a bokorban, terepsz\u00edn\u0171 ruh\u00e1ban bujk\u00e1l\u00f3 megfigyel\u0151k\u2026","type":"rich","thumbnail_url":"https:\/\/s.24.hu\/app\/uploads\/sites\/24\/2024\/07\/dron-150x150.jpg","thumbnail_width":150,"thumbnail_height":150}