{"version":"1.0","provider_name":"Sport24","provider_url":"https:\/\/sport24.24.hu","author_name":"Dajka Bal\u00e1zs","author_url":"https:\/\/sport24.24.hu\/author\/dajkab\/","title":"K\u00e9t legend\u00e1s magyar csapatot m\u00e1solna az NB I-et legyalul\u00f3 Fradi","html":"Ne \u00e1ltassuk magunkat: az arany\u00e9rmet illet\u0151en val\u00f3sz\u00edn\u0171leg a 2024\/2025-\u00f6s NB I-es id\u00e9nyben sem kell sokat izgulnunk. Az elm\u00falt \u00e9vekben tot\u00e1lis dominanci\u00e1t \u00e9p\u00edt\u0151 Ferencv\u00e1ros sorrendben 13, 13, 20, 12, 6 \u00e9s 16 pont el\u0151nnyel nyerte meg a bajnoks\u00e1gokat; de m\u00e9g az a szorosabbnak t\u0171n\u0151 6 pont is csal\u00f3ka, mert a Fradi a 30. fordul\u00f3ban m\u00e1r akkor is megszerezte az arany\u00e9rmet, csak \u00e9pp elvesz\u00edtette az utols\u00f3 h\u00e1rom m\u00e9rk\u0151z\u00e9s\u00e9t.\r\n\r\nSz\u00f3val a konkurenci\u00e1nak nyomaszt\u00f3 lehet a Ferencv\u00e1ros er\u0151f\u00f6l\u00e9nye, a fradist\u00e1k viszont \u00e9rthet\u0151 m\u00f3don \u00e9lvezik ezt; r\u00e1ad\u00e1sul a holland <strong>Pascal Jensenre<\/strong> b\u00edzott csapat igen biztat\u00f3 j\u00e1t\u00e9kkal \u00e9s j\u00f3 eredm\u00e9nnyel rajtolt a BL-selejtez\u0151ben (a walesi TNS-t <a href=\"https:\/\/rangado.24.hu\/magyar_foci\/2024\/07\/23\/bajnokok-ligaja-selejtezo-ferencvaros-fradi-ftc-tns-the-new-saints\/\">verte meg 5\u20130-ra<\/a>, az igazi \u00e9rt\u00e9km\u00e9r\u0151 viszont a k\u00f6vetkez\u0151 k\u00f6rben j\u00f6n).\r\n\r\nA Fradi szak\u00edtott a j\u00e1t\u00e9kosk\u00e9nt is nagynev\u0171 tr\u00e9nerek kispadra cs\u00e1b\u00edt\u00e1s\u00e1val \u2013 <strong>Thomas Doll<\/strong>, <strong>Szerhij Rebrov<\/strong>,<strong> Peter St\u00f6ger<\/strong>, <strong>Sztanyiszlav Csercseszov<\/strong>, <strong>Dejan Stankovic<\/strong> mind ebbe a sorba tartozott \u2013, \u00e9s kinevezte a j\u00e1t\u00e9kosk\u00e9nt profim\u00falt n\u00e9lk\u00fcli,\r\n\r\n<span class=\"highlight-block-small\">de edz\u0151k\u00e9nt meglehet\u0151sen j\u00f3 pedigr\u00e9j\u0171 (Jong PSV, AZ, 162 meccs az alkmaari kispadon) Jansent.<\/span>\r\n\r\nA holland tr\u00e9ner <a href=\"https:\/\/www.fradi.hu\/labdarugas\/elso-csapat\/hirek\/pascal-jansen-a-palya-soha-nem-hazudik\">l\u00e1tv\u00e1nyos t\u00e1mad\u00f3futballt<\/a> \u00e9s sok energi\u00e1t \u00edg\u00e9rt \u2013 val\u00f3sz\u00edn\u0171leg elv\u00e1r\u00e1s is vele szemben, hogy hazai k\u00f6rnyezetben ne csak nyerjen a csapat\u00e1val, hanem sz\u00f3rakoztassa is a n\u00e9z\u0151ket, mert ez jelentene el\u0151rel\u00e9p\u00e9st. A puding pr\u00f3b\u00e1ja persze ebben az esetben is az ev\u00e9s \u2013 no \u00e9s azt is \u00e9rdemes megjegyezni, hogy Rebrov \u00f3ta a Fradi egyetlen vezet\u0151edz\u0151je sem maradt a kispadon legal\u00e1bb 600 napig.\r\n\r\nAz FTC a hatvanas-hetvenes \u00e9vek \u00f3ta nem l\u00e1tott dominanci\u00e1t \u00e9p\u00edtett, \u00e9s ha megint els\u0151 helyen v\u00e9gez a bajnoks\u00e1gban, akkor egym\u00e1s ut\u00e1n hetedszer lesz arany\u00e9rmes.\r\n\r\n<span class=\"highlight-block-small\">Zsin\u00f3rban legal\u00e1bb h\u00e9t els\u0151s\u00e9get a magyar futball t\u00f6rt\u00e9net\u00e9ben csak k\u00e9t korszakalkot\u00f3 csapat, az MTK (1913\u201325, vil\u00e1gh\u00e1bor\u00fa okozta megszak\u00edt\u00e1ssal) \u00e9s az \u00dajpest (1969\u20131975) tudott felmutatni. A sikersorozatot mindk\u00e9t esetben a Ferencv\u00e1ros szak\u00edtotta meg.<\/span>\r\n\r\nAz MTK aranycsapat\u00e1t legnagyobb szt\u00e1rja, <strong>Orth Gy\u00f6rgy<\/strong> t\u00f6rte meg; m\u00edg a nagy \u00dajpest m\u00e1r val\u00f3sz\u00edn\u0171leg utols\u00f3 gy\u0151ztes id\u00e9ny\u00e9ben is t\u00faljutott a cs\u00facson. Legal\u00e1bbis a korabeli N\u00e9psport szigor\u00fa kritikusa,<strong> R\u00f3zsa Andr\u00e1s<\/strong> \u00edgy gondolta.\r\n\r\n\u201eA magyar labdar\u00fag\u00e1s \u00e1ltal\u00e1nos k\u00f3rt\u00fcnetei a magyar bajnokcsapatn\u00e1l is megvannak, \u00e9s ez a term\u00e9szetes \u00e1llapot, hiszen az \u00dajpesti D\u00f3zsa a h\u00e9tszeres bajnoki c\u00edm ellen\u00e9re (?) is magyar labdar\u00fag\u00f3csapat, s\u0151t, a magyar labdar\u00fag\u00e1s eg\u00e9sz\u00e9ben kit\u00fcntetett helyzetet \u00e9lvez\u0151 labdar\u00fag\u00f3csapat. A k\u00edv\u00e1nalom az \u00dajpesti D\u00f3zs\u00e1val szemben nem egyszer\u0171en a bajnoki c\u00edm elnyer\u00e9se. Teljess\u00e9ggel hib\u00e1s kiindul\u00e1s a \u00bbMit lehet k\u00edv\u00e1nni h\u00e9t bajnoki c\u00edm ut\u00e1n?\u00ab szeml\u00e9let, hiszen a bajnokn\u00e1l nemcsak a dics\u0151s\u00e9ge, hanem a sport\u00e1ggal szembeni felel\u0151ss\u00e9ge is a legnagyobb! A biztat\u00f3 \u0151szi id\u00e9ny ut\u00e1n \u2013 a tavasszal \u2013 viszont \u00e9pp ezt a felel\u0151ss\u00e9get lehetett kev\u00e9sb\u00e9 \u00e9rezni. Engedm\u00e9nyek az edz\u00e9sek intenzit\u00e1s\u00e1ban \u00e9s mennyis\u00e9gi tartalm\u00e1ban, a testi-lelki engedm\u00e9nyek a k\u00f6vetelm\u00e9nyrendszer v\u00e9grehajt\u00e1s\u00e1ban, a technikai-taktikai k\u00e9pz\u00e9s \u00e9s fejl\u0151d\u00e9s visszafogotts\u00e1ga \u2013 sajnos \u2013bajnokcsapatunkn\u00e1l is megvolt.\r\n<blockquote>Az el\u00e9rt eredm\u00e9nyek \u00e9s a m\u00e1r eml\u00edtett kompromisszumok pedig nemcsak lehet\u0151s\u00e9get adtak a f\u00e9lsz\u00edvvel k\u00fczd\u00e9sre, hanem serkentett\u00e9k is azt.\u00a0Az \u00f6nig\u00e9nynek ez a viszonylagosan alacsony szintje f\u00e9kezte az \u00dajpesti D\u00f3zs\u00e1t \u00e9s cs\u00f6kkentette le bajnoki arany\u00e9rm\u00e9nek \u00e9rt\u00e9k\u00e9t.<\/blockquote>\r\nA st\u00edluszavar, az \u00f6regek \u00e9s a fiatalok k\u00f6z\u00f6tti felfog\u00e1sbeli k\u00fcl\u00f6nbs\u00e9g, a k\u00fczdeni tud\u00e1s k\u00e9pess\u00e9g\u00e9nek eltompul\u00e1sa pedig tov\u00e1bb m\u00e9ly\u00edtette a v\u00e1ls\u00e1gjeleket. Azt azonban nem \u00e1rt \u00fajra \u00e9s \u00fajra hangs\u00falyozni, hogy nem els\u0151sorban a magyar mez\u0151nyh\u00f6z, hanem a nemzetk\u00f6zi \u00e9lvonalhoz, azaz a \u00bbmindens\u00e9ghez\u00ab kell m\u00e9rni a bajnokcsapat teljes\u00edtm\u00e9ny\u00e9t.\u201d\r\n\r\nElk\u00e9pzelhet\u0151, hogy az egym\u00e1s ut\u00e1n hetedik bajnoki c\u00edm\u00e9re t\u00f6r\u0151 Ferencv\u00e1rosn\u00e1l valami hasonl\u00f3 gondolat \u2013 nem a magyar mez\u0151nyh\u00f6z kell m\u00e9rni a csapatot \u2013 ir\u00e1ny\u00edthatta a klubvezet\u0151ket. A Fradi ugyan egym\u00e1s ut\u00e1n k\u00e9tszer is meg\u00e9rte a tavaszt az eur\u00f3pai kup\u00e1kban, de nem tudott visszaker\u00fclni 2020\/21-et k\u00f6vet\u0151en a Bajnokok Lig\u00e1j\u00e1ba, \u00e9s futballj\u00e1ban sem volt egy\u00e9rtelm\u0171 el\u0151rel\u00e9p\u00e9s, m\u00e9g ha a hazai dominanci\u00e1j\u00e1t meg is \u0151rizte, \u00e9s az EL-ben, illetve az EKL-ben j\u00f3l szerepelt.\r\n\r\nAz \u00faj edz\u0151 ellenszere lehet a sikerekbe belef\u00e1sul\u00e1snak, \u00e9s alighanem j\u00e1t\u00e9kbeli el\u0151rel\u00e9p\u00e9st, moderniz\u00e1l\u00e1st is v\u00e1rnak t\u0151le mind a hazai, mind a nemzetk\u00f6zi porondon. A csapat dominanci\u00e1j\u00e1r\u00f3l sokat elmond, hogy a pont\/meccs \u00e1tlaga jobb, mint a nagy \u00dajpest\u00e9 \u2013 ugyanakkor azt is \u00e9rdemes megn\u00e9zni, hogy mennyire nem voltak a Fradinak vesz\u00e9lyes riv\u00e1lisai.\r\n\r\n<iframe class=\"flourish-embed-iframe\" style=\"width: 100%;height: 600px\" title=\"Interactive or visual content\" src=\"https:\/\/flo.uri.sh\/visualisation\/18855308\/embed\" frameborder=\"0\" scrolling=\"no\"><\/iframe>\r\n<div style=\"width: 100%!;margin-top: 4px!important;text-align: right!important\"><a class=\"flourish-credit\" style=\"text-decoration: none!important\" href=\"https:\/\/public.flourish.studio\/visualisation\/18855308\/?utm_source=embed&amp;utm_campaign=visualisation\/18855308\" target=\"_top\" rel=\"noopener\"><img style=\"width: 105px!important;height: 16px!important;border: none!important;margin: 0!important\" src=\"https:\/\/public.flourish.studio\/resources\/made_with_flourish.svg\" alt=\"Made with Flourish\" \/> <\/a><\/div>\r\nJelenleg a Ferencv\u00e1ros\u00e9 Eur\u00f3pa egyik leghosszabb aranysz\u00e9ri\u00e1ja. Csak a bolg\u00e1r Ludogorec, a szerb Crvena zvezda \u00e9s a horv\u00e1t Dinamo Zagreb uralja a Fradin\u00e1l hosszabb ideje haz\u00e1ja bajnoki k\u00fczdelmeit, a f\u0151v\u00e1rosi z\u00f6ld-feh\u00e9rek h\u00e1rom m\u00e1sik eur\u00f3pai klubbal (Zenit, Slovan Bratislava, Lincoln Red Imps) egy\u00fctt t\u00f6rnek a zsin\u00f3rban hetedik els\u0151s\u00e9g\u00fckre.\r\n\r\nAz el\u0151z\u0151 id\u00e9nyben azonban t\u00f6bb \u00f6r\u00f6k\u00f6snek t\u0171n\u0151 sikersz\u00e9ria is megszakadt, nem kis meglepet\u00e9sre: az osztr\u00e1k Red Bull Salzburgot (egym\u00e1s ut\u00e1n 10 bajnoki c\u00edm) a Sturm Graz, a moldovai futballban egyeduralkod\u00f3 Sheriffet a Petrocub Hincesti tasz\u00edtotta le a tr\u00f3nr\u00f3l, a Bayern M\u00fcnchen regn\u00e1l\u00e1s\u00e1t pedig a Bayer Leverkusen szak\u00edtotta meg a n\u00e9met Bundeslig\u00e1ban.\r\n\r\nHogyan siker\u00fclhetett ez? \u2013 k\u00e9rdezhetj\u00fck, \u00e9s korl\u00e1tozzuk a v\u00e1laszt a k\u00e9t kisebbik bajnoks\u00e1gra, mert <a href=\"https:\/\/sport24.24.hu\/foci\/2024\/04\/15\/nemet-bajnok-a-leverkusen-xabi-alonso-bundesliga\/\">a Leverkusen\u2013Bayern p\u00e1rbajjal m\u00e1r foglalkoztunk<\/a>. Az itthoni tr\u00f3nfoszt\u00e1sban rem\u00e9nyked\u0151k sz\u00e1m\u00e1ra rossz h\u00edr,\r\n\r\n<span class=\"highlight-block-small\">hogy mindk\u00e9t esetben a bajnoki sziszt\u00e9ma \u00e1talak\u00edt\u00e1sa \u2013 melyet a domin\u00e1ns csapat t\u00falzott er\u0151f\u00f6l\u00e9nye v\u00e1ltott ki \u2013 volt az egyik f\u0151 ok.<\/span>\r\n\r\nHa a hagyom\u00e1nyos bajnoki tabella d\u00f6nt\u00f6tt volna, akkor a Salzburg megint megv\u00e9dte volna a bajnoki c\u00edm\u00e9t, a moldovai els\u0151s\u00e9g sors\u00e1t pedig a bajnoki fin\u00e1l\u00e9 d\u00f6nt\u00f6tte volna el. Viszont az osztr\u00e1kokn\u00e1l \u00e9s a moldovaiakn\u00e1l is alapszakasz-r\u00e1j\u00e1tsz\u00e1s rendszer\u0171, k\u00e9tf\u00e1zisos bajnoks\u00e1g van; el\u0151bbiekn\u00e9l felezik \u00e9s lefel\u00e9 kerek\u00edtik az alapszakaszban szerzett pontokat, ut\u00f3bbi meg null\u00e1r\u00f3l indul. Mindkett\u0151 azt a c\u00e9lt szolg\u00e1lja, hogy izgalmasabb\u00e1 tegye a bajnoks\u00e1got.\r\n\r\nUgyanakkor vannak k\u00f6z\u00f6s von\u00e1sok abban ezen k\u00edv\u00fcl is, hogy a tr\u00f3nk\u00f6vetel\u0151k mik\u00e9nt l\u00f6kt\u00e9k le a kir\u00e1lyt: mind a Sturm Graz, mind a Petrocub \u00e9vek \u00f3ta \u00e1lland\u00f3 \u00fcld\u00f6z\u0151 volt, eur\u00f3pai szinten is szerzett tapasztalatot (a Sturm sokat, a Petrocub keveset). A domin\u00e1ns csapatnak edz\u0151probl\u00e9m\u00e1i voltak (a Salzburgn\u00e1l feljebb, a sportigazgat\u00f3i tiszts\u00e9gben is felbolydul\u00e1s volt), a keretmin\u0151s\u00e9g valamelyest visszaesett, a csapategys\u00e9g megrend\u00fclt. Ezt tudta kihaszn\u00e1lni mindk\u00e9t orsz\u00e1gban a legnagyobb riv\u00e1lis \u2013 de a lebonyol\u00edt\u00e1s hathat\u00f3s seg\u00edts\u00e9g\u00e9vel.\r\n\r\n<iframe class=\"flourish-embed-iframe\" style=\"width: 100%;height: 600px\" title=\"Interactive or visual content\" src=\"https:\/\/flo.uri.sh\/visualisation\/18859201\/embed\" frameborder=\"0\" scrolling=\"no\"><\/iframe>\r\n<div style=\"width: 100%!;margin-top: 4px!important;text-align: right!important\"><a class=\"flourish-credit\" style=\"text-decoration: none!important\" href=\"https:\/\/public.flourish.studio\/visualisation\/18859201\/?utm_source=embed&amp;utm_campaign=visualisation\/18859201\" target=\"_top\" rel=\"noopener\"><img style=\"width: 105px!important;height: 16px!important;border: none!important;margin: 0!important\" src=\"https:\/\/public.flourish.studio\/resources\/made_with_flourish.svg\" alt=\"Made with Flourish\" \/> <\/a><\/div>\r\nAz NB I jelenlegi sziszt\u00e9m\u00e1j\u00e1ban nincs lebonyol\u00edt\u00e1si tr\u00fckk a bajnoks\u00e1g izgalmasabb\u00e1 t\u00e9tele \u00e9rdek\u00e9ben, de igaz\u00e1b\u00f3l tr\u00f3nk\u00f6vetel\u0151t sem l\u00e1tni. Az elm\u00falt \u00f6t id\u00e9nyben \u00f6t k\u00fcl\u00f6nb\u00f6z\u0151 ez\u00fcst\u00e9rmes volt (Feh\u00e9rv\u00e1r, Pusk\u00e1s Akad\u00e9mia, Kisv\u00e1rda, Kecskem\u00e9t, Paks), \u00e9s a PAFC a Fradin k\u00edv\u00fcl az egyetlen csapat, amely minden \u00e9vadban dobog\u00f3k\u00f6zelbe ker\u00fclt.\r\n\r\nAhhoz, hogy egy\u00e1ltal\u00e1n olyan keretet lehessen \u00f6ssze\u00e1ll\u00edtani, mely meghajthatja a Ferencv\u00e1rost, j\u00f3kora befektet\u00e9s lenne sz\u00fcks\u00e9ges. Ennek sincs nyoma: m\u00edg a Fradi eur\u00f3milli\u00f3kat k\u00f6lt \u00e1tigazol\u00e1si d\u00edjakra, az NB I t\u00f6bbi r\u00e9sztvev\u0151je egy\u00fcttv\u00e9ve sem ker\u00fcl k\u00f6ltekez\u00e9sben a z\u00f6ld-feh\u00e9rek k\u00f6zel\u00e9be. Term\u00e9szetesen nem kiz\u00e1r\u00f3lag ez d\u00f6nt, \u00e1m gyakorlatilag minden \u00fct\u0151k\u00e1rtya a Ferencv\u00e1ros kez\u00e9ben van:\r\n<ul>\r\n \t<li>a legjobb anyagi lehet\u0151s\u00e9gek,<\/li>\r\n \t<li>a legnagyobb szurkol\u00f3t\u00e1bor,<\/li>\r\n \t<li>a legmagasabb preszt\u00edzs,<\/li>\r\n \t<li>az \u00e1lland\u00f3 eur\u00f3pai kupaszerepl\u00e9s lehet\u0151s\u00e9g\u00e9nek felcsillant\u00e1sa.<\/li>\r\n<\/ul>\r\nEzt az er\u0151f\u00f6l\u00e9nyt csak kiv\u00e1l\u00f3 edz\u0151v\u00e1laszt\u00e1ssal, okos j\u00e1t\u00e9kospolitik\u00e1val, telital\u00e1latnak bizonyul\u00f3 \u00e1tigazol\u00e1sokkal lehetne kiegyens\u00falyozni (l\u00e1sd a leverkuseni p\u00e9ld\u00e1t).\r\n\r\n<span class=\"highlight-block-small\">A Fradi-konkurencia szempontj\u00e1b\u00f3l a probl\u00e9ma, hogy m\u00e9g az az alap sem k\u00f6rvonalaz\u00f3dik, amelyre \u00e9p\u00edteni lehetne egy tr\u00f3nk\u00f6vetel\u0151 csapatot.<\/span>\r\n\r\nTerm\u00e9szetesen az \u00faj tulajdonoshoz ker\u00fclt, \u201eMol-hajt\u00e1s\u00fa\u201d v\u00e1lt \u00dajpestt\u0151l lehet k\u00f6z\u00e9p t\u00e1von a legt\u00f6bbet v\u00e1rni, de a lila-feh\u00e9rek visszafogott \u00e1tigazol\u00e1sokkal nyitottak, k\u00f6zben az\u00e9rt lerabolva az \u00edgy edz\u0151j\u00e9t \u00e9s p\u00e1r kulcsj\u00e1t\u00e9kos\u00e1t elvesz\u00edt\u0151 Feh\u00e9rv\u00e1rt. Rutinos, kulcsembernek sz\u00e1nt j\u00e1t\u00e9kosok (<strong>Riccardo Piscitelli<\/strong>, <strong>Joao Nunes<\/strong>, <strong>Bese Barnab\u00e1s,<\/strong> <strong>Gerg\u00e9nyi Bence<\/strong>) \u00e9s fiatal tehets\u00e9gek egyar\u00e1nt j\u00f6ttek, de, aki arra sz\u00e1m\u00edtott, hogy a lil\u00e1k hirtelen \u00f6sszev\u00e1s\u00e1rolnak NB I-es szinten egy csapatnyi szt\u00e1rj\u00e1t\u00e9kost, az csalatkozott. Tegy\u00fck hozz\u00e1: ez az \u00e9p\u00edtkez\u00e9s okosabb, mint egyb\u0151l t\u00fal nagyot l\u00e9pni, \u00e9s (esetleg) csal\u00f3dni, az \u00fajpesti projekt halad\u00e1s\u00e1t \u00e9rdemben val\u00f3sz\u00edn\u0171leg 2\u20133 \u00e9v m\u00falva m\u00e9rhetj\u00fck fel. <strong>Bartosz Grzelak <\/strong>neh\u00e9z, de sz\u00e9p edz\u0151i feladatot kapott az \u00fajpesti \u00fajj\u00e1\u00e9p\u00edt\u00e9ssel.\r\n\r\nAz \u00fajpestieken k\u00edv\u00fcl val\u00f3sz\u00edn\u0171leg a Pusk\u00e1s Akad\u00e9mia, a DVSC \u00e9s a Paks fejl\u0151d\u00e9s\u00e9t \u00e9rdemes figyelemmel k\u00eds\u00e9rni, ha dobog\u00f3es\u00e9lyes csapatokr\u00f3l van sz\u00f3. A felcs\u00fatiak fontos embereket (<strong>Marius Corbu<\/strong>, <strong>Batik Bence<\/strong>, <strong>Luciano Slagveer<\/strong>) vesztettek, \u00e9s nem igazoltak, viszont be\u00e9p\u00edthetik a k\u00f6lcs\u00f6nb\u0151l vissza\u00e9rkez\u0151 fiataljaikat a csapatba. A Loki is elszenvedett \u00e9rz\u00e9keny vesztes\u00e9geket: <strong>Stefan Loncar<\/strong>, <strong>Olekszandr Romancsuk<\/strong> \u00e9s <strong>Baranyai Nimr\u00f3d<\/strong> is t\u00e1vozott, a klubikon, Kazincbarcik\u00e1ra szerz\u0151d\u00f6tt <strong>B\u00f3di\u00a0\u00c1d\u00e1mmal<\/strong> is <a href=\"https:\/\/rangado.24.hu\/magyar_foci\/2024\/07\/18\/debrecen-bodi-adam-kazincbarcika-tavozas-nyilatkozat-kozlemeny\/\">\u00f6sszer\u00fagt\u00e1k a port a debreceniek<\/a>; az meg nagy k\u00e9rd\u00e9s, hogy az els\u0151sorban balk\u00e1ni vonalr\u00f3l \u00e9rkez\u0151 er\u0151s\u00edt\u00e9sek val\u00f3ban er\u0151s\u00edt\u00e9sek lesznek-e. Az FC K\u00f6benhavnt\u00f3l hazat\u00e9rt <strong>Sz\u0171cs Tam\u00e1s<\/strong> viszont a debreceni rem\u00e9nyek szerint az id\u00e9ny egyik berobban\u00f3ja lehet.\r\n\r\nAz eur\u00f3pai kupak\u00fczdelmeket igen kor\u00e1n (\u00e9s EL-kies\u00e9ssel, majd j\u00f3 <a href=\"https:\/\/rangado.24.hu\/magyar_foci\/2024\/07\/25\/konferencia-liga-selejtezo-elso-merkozes-paks-aek-larnaca\/\">KL-nyit\u00e1nnyal<\/a>) megkezd\u0151 Paksn\u00e1l minden a szokott mederben zajlik: tov\u00e1bbra is kiz\u00e1r\u00f3lag magyar j\u00e1t\u00e9kosok j\u00f6nnek-mennek, a Kisv\u00e1rd\u00e1r\u00f3l hozott <strong>\u00d6tv\u00f6s Bence<\/strong> kulcsj\u00e1t\u00e9kos lehet, \u00e9s \u00e9rdekes lesz megfigyelni, mire megy a remek ragadoz\u00f3 \u00f6szt\u00f6n\u0171 csat\u00e1r,<strong> Zimonyi D\u00e1vid<\/strong> \u2013 <strong>Bogn\u00e1r Gy\u00f6rgy<\/strong> tov\u00e1bbra is keresi ugyanis elvesz\u00edtett g\u00f3lkir\u00e1lyai (<strong>\u00c1d\u00e1m Martin,<\/strong> <strong>Varga Barnab\u00e1s)<\/strong> ut\u00f3dj\u00e1t.\r\n\r\n<span class=\"highlight-block-small\">Az el\u0151z\u0151 id\u00e9nybeli kupagy\u0151zelmet \u00e9s bajnoki ez\u00fcst\u00f6t megism\u00e9telni is igen neh\u00e9z lesz, nemhogy fel\u00fclm\u00falni.<\/span>\r\n\r\nA meggyeng\u00fclt keret\u0171 \u00e9s Bartosz Grzelak vezet\u0151edz\u0151t is elveszt\u0151 Feh\u00e9rv\u00e1r alighanem megel\u00e9gedne egy nyugodt, k\u00f6z\u00e9pmez\u0151nyben t\u00f6lt\u00f6tt szezonnal, a nemzetk\u00f6zi porondon mindenesetre <a href=\"https:\/\/rangado.24.hu\/magyar_foci\/2024\/07\/25\/konferencia-liga-selejtezo-fehervar-gyozelem-a-szumgajit-ellen\/\">gy\u0151zelemmel nyitott<\/a>, \u00e9s v\u00e9gleg megszerezte Felcs\u00fatr\u00f3l az el\u0151z\u0151 id\u00e9nyben par\u00e1d\u00e9z\u00f3 kapust, <strong>T\u00f3th Bal\u00e1zst<\/strong>. Di\u00f3sgy\u0151rben tal\u00e1n mer\u00e9szebb terveket sz\u00f6v\u00f6gethetnek, persze csak akkor, ha a h\u00faz\u00f3embernek hozott d\u00e9lszl\u00e1v \u00e9s afrikai l\u00e9gi\u00f3sok t\u00e9nyleg h\u00faznak.\r\n<div class=\"payable-content-section\"><\/div>\r\nAz MTK hosszabb ideje fenn\u00e1ll\u00f3 csat\u00e1rgondjait pr\u00f3b\u00e1lta meg orvosolni a szlov\u00e1k t\u00e1rsg\u00f3lkir\u00e1ly, <strong>R\u00f3bert Polievk<\/strong>a szerz\u0151dtet\u00e9s\u00e9vel; a ZTE eladta Katarba el\u0151z\u0151 id\u00e9nybeli legjobbj\u00e1t, <strong>Antonio Manc\u00e9t<\/strong> (a Transfermarkt 700 ezer eur\u00f3s \u00e1tigazol\u00e1si d\u00edjat \u00edr), de visszahozta <a href=\"https:\/\/rangado.24.hu\/magyar_foci\/2024\/07\/17\/yohan-croizet-ujpest-tavozik-zalaegerszeg-nb-i\/\">az \u00dajpesten nemk\u00edv\u00e1natoss\u00e1 v\u00e1lt<\/a>, \u00e1m kiemelked\u0151 k\u00e9pess\u00e9g\u0171 <strong>Yohan Croizet-t,<\/strong> \u0151 pedig nagy er\u0151s\u00edt\u00e9s lehet. Kecskem\u00e9ten nem volt nagy j\u00f6v\u00e9s-men\u00e9s (viszont a v\u00e1logatott <strong>Horv\u00e1th Krisztofer<\/strong> Torin\u00f3ban kezdte meg a felk\u00e9sz\u00fcl\u00e9st), a 2022\/23-as ez\u00fcst\u00e9rmesn\u00e9l a csapategys\u00e9gben \u00e9s <strong>Szab\u00f3 Istv\u00e1nban<\/strong> b\u00edznak, de lehet, hogy k\u00e9t fels\u0151h\u00e1zi szezon ut\u00e1n ebben az id\u00e9nyben m\u00e1r lefel\u00e9 is figyelni\u00fck kell.\r\n\r\n<span class=\"highlight-block-small\">A k\u00e9t \u00fajonc \u2013 a 2015-ben licensz\u00e9t vesz\u00edt\u0151, hosszas pokolj\u00e1r\u00e1s ut\u00e1n visszat\u00e9r\u0151 Ny\u00edregyh\u00e1za \u00e9s ETO FC Gy\u0151r \u2013 megpr\u00f3b\u00e1lja megcselekedni, ami a legut\u00f3bbi id\u00e9nyben a DVTK-nak \u00e9s az MTK-nak siker\u00fclt, azaz \u00fajonck\u00e9nt bennmaradni.<\/span>\r\n\r\nA tudatosan \u00e9p\u00edtkez\u0151 Szpari nem pakolta tele l\u00e9gi\u00f3ssal a csapatot, kulcsposztokon er\u0151s\u00edtett, \u00e1m \u00edgy is a legalacsonyabb (\u00e1tlagos) \u00e9rt\u00e9k\u0171 kerettel kezdi meg a bajnoks\u00e1got. Az ETO-n\u00e1l a feljut\u00e1s ellen\u00e9re edz\u0151v\u00e1lt\u00e1sokkal tark\u00edtott, viharos volt az el\u0151z\u0151 id\u00e9ny, de v\u00e9g\u00fcl <strong>Borb\u00e9ly Bal\u00e1zs<\/strong> visszavezette az NB I-be a csapatot, \u00e9s a DAC-cal fenn\u00e1ll\u00f3 kapcsolatot kihaszn\u00e1lva mun\u00edci\u00f3t is kap. Els\u0151 l\u00e9p\u00e9sben azzal alighanem mindenki el\u00e9gedett lenne, ha nem kellene a vonalat n\u00e9zegetni. A kies\u00e9s elleni, valamint a dobog\u00f3\u00e9rt folytatott csata most is alighanem izgalmasabb lesz az aranyfutamn\u00e1l.\r\n\r\n<iframe class=\"flourish-embed-iframe\" style=\"width: 100%;height: 600px\" title=\"Interactive or visual content\" src=\"https:\/\/flo.uri.sh\/visualisation\/18864477\/embed\" frameborder=\"0\" scrolling=\"no\"><\/iframe>\r\n<div style=\"width: 100%!;margin-top: 4px!important;text-align: right!important\"><a class=\"flourish-credit\" style=\"text-decoration: none!important\" href=\"https:\/\/public.flourish.studio\/visualisation\/18864477\/?utm_source=embed&amp;utm_campaign=visualisation\/18864477\" target=\"_top\" rel=\"noopener\"><img style=\"width: 105px!important;height: 16px!important;border: none!important;margin: 0!important\" src=\"https:\/\/public.flourish.studio\/resources\/made_with_flourish.svg\" alt=\"Made with Flourish\" \/> <\/a><\/div>\r\n\u00d6sszess\u00e9g\u00e9ben egyel\u0151re felt\u0171n\u0151en kev\u00e9s volt az \u00e1tigazol\u00e1si d\u00edjjal j\u00e1r\u00f3 j\u00e1t\u00e9kosmozg\u00e1s \u2013 a Transfermarkt j\u00falius 25-ig 17 ilyet regisztr\u00e1lt, igaz, ez nem hivatalos adat \u2013, a csapatok els\u0151sorban szabadon igazolhat\u00f3 j\u00e1t\u00e9kosokkal, k\u00f6lcs\u00f6nv\u00e9telekkel \u00e9s k\u00f6lcs\u00f6nadott j\u00e1t\u00e9kosaik visszahoz\u00e1s\u00e1val t\u00f6ltik fel a keret\u00fcket. Az el\u0151z\u0151 ny\u00e1rhoz hasonl\u00f3an megint t\u00f6bb l\u00e9gi\u00f3s t\u00e1vozott az NB I-b\u0151l, mint amennyi \u00e9rkezett; ez \u00e9s a visszafogott \u00e1tigazol\u00e1si tev\u00e9kenys\u00e9g is arra utalhat, hogy a nagy b\u0151s\u00e9g \u00e9vei v\u00e9get \u00e9rtek.\r\n\r\n<span class=\"highlight-block-small\">Ez nem felt\u00e9tlen\u00fcl baj.<\/span>\r\n\r\nT\u00e9rj\u00fcnk vissza a c\u00edmv\u00e9d\u0151 FTC-re \u00e9s igazol\u00e1saira: az \u00fajonnan \u00e9rkez\u0151k k\u00f6z\u00fcl a Corinthianst\u00f3l szerz\u0151dtetett <a href=\"https:\/\/rangado.24.hu\/magyar_foci\/2024\/06\/21\/raul-gustavo-ferencvaros-fradi-brazil-vedo-igazolas-nb-1-otp-bank-liga-labdarugas-foci\/\">Raul Gustavo<\/a>, a Krasznodarb\u00f3l \u00e1tigazolt <a href=\"https:\/\/rangado.24.hu\/magyar_foci\/2024\/07\/08\/ftc-atigazolas-kady-borges-krasznodar-qarabag\/\">Kady<\/a>, illetve a Go Ahead Eaglest\u0151l megszerzett <a href=\"https:\/\/rangado.24.hu\/magyar_foci\/2024\/07\/11\/ftc-atigazolas-philippe-rommens\/\">Philippe Rommens<\/a> egyar\u00e1nt p\u00e1ly\u00e1n volt m\u00e1r a TNS elleni BL-selejtez\u0151n, <strong>Adama Traor\u00e9<\/strong> legjobb form\u00e1j\u00e1t id\u00e9zte, a keretben nincsenek lyukak, b\u00e1r <a href=\"https:\/\/rangado.24.hu\/magyar_foci\/2024\/07\/09\/varga-barnabas-skocia-arcccsonttores-maszk-felepules-fradi\/\">az Eb-n s\u00falyosan megs\u00e9r\u00fclt<\/a> <strong>Varga Barnab\u00e1s<\/strong> p\u00f3tl\u00e1sa j\u00f3kora feladat. De ezzel a kerettel \u2013 ha az edz\u0151v\u00e1lt\u00e1s j\u00f3l s\u00fcl el \u2013 a bajnoks\u00e1g els\u0151 sz\u00e1m\u00fa es\u00e9lyese alighanem a vitrinbe teheti az id\u00e9ny v\u00e9g\u00e9n az \u00fajabb tr\u00f3fe\u00e1t. Val\u00f3sz\u00edn\u0171tlen, hogy a Fradi-p\u00f3lus\u00fa NB I er\u0151viszonyai felboruljanak, erre ink\u00e1bb k\u00f6z\u00e9p t\u00e1von lehet es\u00e9ly.\r\n\r\nL\u00e1ttunk m\u00e1r nagy meglepet\u00e9st, de a legut\u00f3bbi hat NB I-es id\u00e9ny alapj\u00e1n nem arra fogadn\u00e1nk, hogy felborul a pap\u00edrforma.","type":"rich","thumbnail_url":"https:\/\/s.24.hu\/app\/uploads\/sites\/24\/2024\/07\/d_kos20240722040-150x150.jpg","thumbnail_width":150,"thumbnail_height":150}