{"version":"1.0","provider_name":"Sport24","provider_url":"https:\/\/sport24.24.hu","author_name":"Besenyei Bal\u00e1zs","author_url":"https:\/\/sport24.24.hu\/author\/besenyeib\/","title":"Anthony Martial angliai karrierje mindent elmond a Manchester United k\u00f6zelm\u00faltj\u00e1r\u00f3l","html":"Megkapta a balsz\u00e9len, nekil\u00f3dult, bef\u0171zte a Liverpool bels\u0151 v\u00e9d\u0151j\u00e9t, majd bels\u0151vel kil\u0151tte a hossz\u00fa sarkot. Ak\u00e1r egy tetsz\u0151leges <strong>Thierry<\/strong> <strong>Henry<\/strong>-g\u00f3lt is k\u00f6r\u00fcl\u00edrhattunk volna az Arsenal aranykor\u00e1b\u00f3l, \u00e1m most <strong>Anthony<\/strong> <strong>Martial <\/strong>manchesteri\u00a0deb\u00fct\u00e1l\u00e1s\u00e1t id\u00e9zt\u00fck f\u00f6l 2015-b\u0151l.\r\n\r\nhttps:\/\/www.youtube.com\/watch?v=BKbbxDp03T8\r\n\r\nAz akkor 19 \u00e9ves francia t\u00e1mad\u00f3 hossz\u00fa t\u00e1rgyal\u00e1sok ut\u00e1n \u00e9rkezett az Old Traffordra, a megszerz\u00e9se nem volt egyszer\u0171, az AS Monaco t\u00f6bb, neki kedvez\u0151 kit\u00e9telt foglalt a szerz\u0151d\u00e9sbe:\r\n<ul>\r\n \t<li>10 milli\u00f3 fontot kapnak a hercegs\u00e9gbeliek, ha Martial el\u00e9ri a 25 g\u00f3lt a Unitedben (pipa),<\/li>\r\n \t<li>\u00fajabb 10 milli\u00f3t, ha megnyeri az Aranylabd\u00e1t 2019-ig (nem t\u00f6rt\u00e9nt meg),<\/li>\r\n \t<li>\u00e9s m\u00e9g 10 milli\u00f3t, ha 25-sz\u00f6r beh\u00edvj\u00e1k a francia nemzeti tizenegybe (pipa).<\/li>\r\n<\/ul>\r\nEzek is valamelyest \u00e1rulkodnak arr\u00f3l, Martialt mennyire magas polcra helyezt\u00e9k akkoriban a francia tehets\u00e9gek k\u00f6zt, \u00e9s persze egyfajta visszaigazol\u00e1s volt arr\u00f3l is, szerz\u0151dtet\u00e9se mit jelentett a MU-nak. A <strong>Ferguson<\/strong>-\u00e9r\u00e1t k\u00f6vet\u0151en \u00e9s <strong>David<\/strong> <strong>Moyes<\/strong> cs\u00fafos buk\u00e1sa ut\u00e1n a j\u00f3 pedigr\u00e9vel \u00e9rkez\u0151<strong>\u00a0Louis van Gaalnak<\/strong> megadt\u00e1k az es\u00e9lyt, hogy a j\u00f6v\u0151 Unitedj\u00e9t is elkezdje \u00e9p\u00edteni. Ebbe a koncepci\u00f3ba beleillett Martial, aki vitathatatlanul \u00edg\u00e9retes futballista k\u00e9p\u00e9t mutatta a Ligue 1-ben, abban a monac\u00f3i g\u00e9pezetben, amit <strong>Leonardo<\/strong> <strong>Jardim<\/strong> \u00e9p\u00edtett fel.\r\n\r\nVan Gaal eredetileg csak \u00e9vekkel k\u00e9s\u0151bb akarta leigazolni Martialt, \u00e1m miut\u00e1n a j\u00e1t\u00e9kos rendszeres kezd\u0151 lett a Monac\u00f3ban, \u00e9s j\u00f3l is teljes\u00edtett a BL-ben, hetente kezdt\u00e9k r\u00e1aggatni \u201eaz \u00faj Henry\u201d jelz\u0151t. L\u00e9pni kellett, <strong>Jorge<\/strong> <strong>Mendes<\/strong> szuper\u00fcgyn\u00f6k pedig megmozgatta minden tud\u00e1s\u00e1t a transzfer\u00e9rt.\r\n\r\n<span class=\"highlight-block-small\"> Persze megeshet az is, hogy a franci\u00e1k sim\u00e1n csak \u00fcgyesen j\u00e1tszottak a k\u00e1rty\u00e1ikkal, \u00e9s a vil\u00e1g \u00f6sszes p\u00e9nz\u00e9t \u00e9pp akkor el\u00e9get\u0151 Manchester Unitedet \u00fagy h\u00fazt\u00e1k le fontmilli\u00f3kkal, ahogy nem sz\u00e9gyellt\u00e9k.<\/span>\r\n<div class=\"payable-content-section\"><\/div>\r\n<img class=\"alignnone wp-image-13007 size-full\" src=\"https:\/\/sport24.24.hu\/app\/uploads\/sites\/24\/2024\/06\/gettyimages-470723010.jpg\" alt=\"\" width=\"3543\" height=\"2362\" \/>\r\n\r\nMartial az els\u0151 manchesteri szezonj\u00e1ban legink\u00e1bb balsz\u00e9ls\u0151t j\u00e1tszott, 17 g\u00f3lt r\u00fagott, 9 g\u00f3lpasszt adott, h\u00faz\u00f3embere lett a Unitednek. Labdavezet\u00e9si k\u00e9pess\u00e9ge \u00e9s cselez\u0151k\u00e9szs\u00e9ge a szurkol\u00f3k egyik kedvenc\u00e9v\u00e9 var\u00e1zsolta, amin k\u00e9ts\u00e9gtelen\u00fcl nagyot lend\u00edtett a bemutatkoz\u00e1sakor szerzett, Liverpoolnak l\u0151tt sz\u00f3l\u00f3g\u00f3lja: <strong>Martin<\/strong> <strong>\u0160krtelt<\/strong> \u00fagy megforgatta, hogy a szlov\u00e1k biztosan nem sz\u00edvesen eml\u00e9kszik vissza arra az est\u00e9re.\r\n\r\nVan Gaal t\u00e1voz\u00e1s\u00e1val m\u00e1s id\u0151k k\u00f6sz\u00f6nt\u00f6ttek be a Unitedn\u00e9l: meg\u00e9rkezett <strong>Jos\u00e9<\/strong> <strong>Mourinho<\/strong>, aki hamar \u00f6sszeakasztotta a bajsz\u00e1t a franci\u00e1val. Kritik\u00e1val illette Martialt amiatt, hogy sz\u00e9ls\u0151k\u00e9nt megrekedt a fejl\u0151d\u00e9sben, tov\u00e1bb\u00e1 felr\u00f3tta neki, lehetne j\u00f3val elhivatottabb az edz\u00e9seken \u00e9s \u00e9les meccseken is.\r\n\r\nA portug\u00e1l edz\u0151 azt\u00e1n ingyen szerz\u0151dtette <strong>Zlatan<\/strong> <strong>Ibrahimovi\u0107ot<\/strong>, ennek nyom\u00e1n a franci\u00e1t\u00f3l elkobozta a sv\u00e9dnek \u201ekij\u00e1r\u00f3\u201d kilences mezt. Ez a h\u00faz\u00e1s \u00e9rthet\u0151en nem tetszett Martialnak, aki nemcsak a kilences poz\u00edci\u00f3ra kapott klasszis vet\u00e9lyt\u00e1rsat, de a sz\u00e9lre is, mert k\u00e9s\u0151bb gigafizet\u00e9ssel a csapathoz \u00e9desgett\u00e9k \u2013 a Unitedbe m\u00e1sk\u00e9pp szerz\u0151dni nem k\u00edv\u00e1n\u00f3 \u2013 <strong>Alexis<\/strong> <strong>S\u00e1nchezt<\/strong>, aki b\u00e9re \u00e9s st\u00e1tusza miatt sz\u00fcntelen a kezd\u0151ben tal\u00e1lta mag\u00e1t a bal- vagy jobb oldalon. Martial ezzel m\u00e9g kevesebb j\u00e1t\u00e9klehet\u0151s\u00e9ghez jutott. Hogy a t\u00f6rt\u00e9net sz\u00e1m\u00e1ra m\u00e9g rosszabbul alakuljon, <strong>Romelu<\/strong> <strong>Lukaku<\/strong> is csatlakozott Mourinho Eur\u00f3pa Liga-kompatibilis, bunkerez\u0151s kontracsapat\u00e1hoz k\u00f6z\u00e9pcsat\u00e1rk\u00e9nt, m\u00e9g ink\u00e1bb kiszor\u00edtva a franci\u00e1t az \u00e9k poz\u00edci\u00f3b\u00f3l.\r\n\r\nA portug\u00e1l pedig t\u00f6bb alkalommal f\u00f6lvetette a klubvezet\u00e9snek: tal\u00e1n jobb volna eladni sokat el\u00e9gedetlenked\u0151 fiatal t\u00e1mad\u00f3j\u00e1t.\r\n\r\n<img class=\"alignnone wp-image-13008 size-full\" src=\"https:\/\/sport24.24.hu\/app\/uploads\/sites\/24\/2024\/06\/gettyimages-687338744.jpg\" alt=\"\" width=\"2922\" height=\"1916\" \/>\r\n\r\nEgy k\u00e9s\u0151bbi interj\u00faban Martial f\u00f6lid\u00e9zte, mennyire m\u00e9ltatlanul b\u00e1nt vele Mourinho azokban az id\u0151kben:\r\n<blockquote>Az eg\u00e9sz a mezsz\u00e1mcser\u00e9vel indult. Kaptam egy \u00fczenetet Mourinh\u00f3t\u00f3l, hogy mit gondolok a 11-es sz\u00e1mr\u00f3l, mert j\u00f3 volna nekem, elv\u00e9gre <strong>Ryan<\/strong> <strong>Giggs<\/strong> viselte kor\u00e1bban. Elmagyar\u00e1ztam, hogy szeretn\u00e9m megtartani a 9-est. Visszat\u00e9rtem a ny\u00e1ri sz\u00fcnetr\u0151l, \u00e9s m\u00e1r a 11-es volt az eny\u00e9m. Tudta, hogy 20 \u00e9ves vagyok, ha erre visszasz\u00f3lok valamit, \u00e9n leszek a tiszteletlen fiatal az id\u0151sebbel szemben. A m\u00e1sodik United-szezonomban a nyakamra hozta S\u00e1nchezt, ut\u00e1na alig kaptam lehet\u0151s\u00e9get, pedig akkor m\u00e9g h\u00e1zi g\u00f3lkir\u00e1ly voltam.<\/blockquote>\r\nMourinho terv\u00e9be \u2013 hogy Martialt gyorsan els\u00f3zz\u00e1k, min\u00e9l kevesebbet bukva rajta \u2013 nem egyezett bele a klubvezet\u00e9s, helyette azt rem\u00e9lt\u00e9k, a francia kiteljesedhet egy \u00faj menedzser kezei alatt.\r\n\r\n<strong>Ole Gunnar Solskj\u00e6rral<\/strong> ez r\u00e9szben megt\u00f6rt\u00e9nt: a 2019-20-as szezonban 23 g\u00f3lt \u00e9s 12 g\u00f3lpasszt jegyzett a t\u00e1mad\u00f3, ezzel \u00e9lete legjobb id\u00e9ny\u00e9t produk\u00e1lva. \u00dagy t\u0171nt, Martial v\u00e9gre a hely\u00e9re ker\u00fclt a csat\u00e1r poz\u00edci\u00f3j\u00e1ban. Csakhogy a \u2013 most m\u00e1r tudjuk, a kimagasl\u00f3an j\u00f3nak sz\u00e1m\u00edt\u00f3 \u2013 2019\/20-as szezon ut\u00e1n \u00fajb\u00f3l m\u00e9lyrep\u00fcl\u00e9sbe kezdett. Hi\u00e1ba j\u00e1tszott az azt k\u00f6vet\u0151 id\u00e9nyben 36 meccset, mind\u00f6ssze h\u00e9t g\u00f3lt \u00edrhattak a neve mell\u00e9, sokszor val\u00f3ban b\u0171nrossz teljes\u00edtm\u00e9nyekkel.\r\n\r\nNem b\u00fajt ki a felel\u0151ss\u00e9g al\u00f3l, a <a href=\"https:\/\/www.givemesport.com\/88058261-anthony-martial-calls-out-mourinho-and-solskjaer-in-interview-on-man-utd-career\/\">France Footballnak adott kor\u00e1bbi interj\u00faj\u00e1ban<\/a> egyebek k\u00f6zt err\u0151l is besz\u00e9lt:\r\n\r\n\u201eAmikor az emberek azt mondj\u00e1k, nem vagyok k\u00e9pes konzisztens, j\u00f3 teljes\u00edtm\u00e9nyre, akkor igazuk van. Ha megkapom a lehet\u0151s\u00e9get, gyakran j\u00f3l megy a j\u00e1t\u00e9k, de mikor partvonalon k\u00edv\u00fclre ker\u00fcl\u00f6k, a teljes\u00edtm\u00e9nyem m\u00e1r nem az igazi. \u00d6rd\u00f6gi k\u00f6r: kev\u00e9sb\u00e9 vagyok hat\u00e9kony kev\u00e9s j\u00e1t\u00e9klehet\u0151s\u00e9ggel, de \u00edgy ism\u00e9t kiker\u00fcl\u00f6k a kezd\u0151b\u0151l. Ilyenkor magamba zuhanok. Egy olyan j\u00e1t\u00e9kos, mint Cavani akkor is 3000 sz\u00e1zal\u00e9kot ny\u00fajt, ha csak p\u00e1r percet kap.\u201d\r\n\r\n<img class=\"alignnone wp-image-13010 size-full\" src=\"https:\/\/sport24.24.hu\/app\/uploads\/sites\/24\/2024\/06\/gettyimages-1179075832.jpg\" alt=\"\" width=\"2236\" height=\"1560\" \/>\r\n\r\n<strong>Edinson Cavanit<\/strong> azzal a c\u00e9llal szerz\u0151dtette a csapat, hogy levegy\u00e9k a terhet Martialr\u00f3l. A meccsek utols\u00f3 negyed \u00f3r\u00e1j\u00e1ban a tapasztalt uruguayi rendre zavart okozott, id\u0151vel ki is szor\u00edtotta a kezd\u0151b\u0151l Martialt.\r\n\r\nA teljes igazs\u00e1ghoz tartozik, hogy rengeteg s\u00e9r\u00fclt van \u00e9vr\u0151l-\u00e9vre a Manchester Unitedn\u00e9l, aminek mi\u00e9rtjeit sokan elemezt\u00e9k m\u00e1r: tal\u00e1n k\u00f6ze lehet az irgalmatlan sok f\u00f6l\u00f6sleges fut\u00e1shoz, ami a rossz taktik\u00e1kb\u00f3l ered, de a fizi\u00f3s csapat munk\u00e1j\u00e1val, szakmai felk\u00e9sz\u00fclts\u00e9g\u00e9vel is lehet valami gond.\r\n\r\n<span class=\"highlight-block-small\">Mindenesetre Martial is sokat volt s\u00e9r\u00fclt, k\u00f6zel 100 meccset hagyott ki a kilenc Angli\u00e1ban elt\u00f6lt\u00f6tt szezonja sor\u00e1n.<\/span>\r\n\r\nAkadt komoly gond a cs\u00edp\u0151j\u00e9vel, elszakadt a t\u00e9rdszalagja, j\u00e1tszatt\u00e1k s\u00e9r\u00fclten \u2013 \u00edgy olyan fizikai hanyatl\u00e1snak indult, amib\u0151l egyszer\u0171en sosem tudott f\u00f6l\u00e9p\u00fclni, hogy huzamosabb id\u0151re visszaverekedje mag\u00e1t a kezd\u0151be.\r\n\r\nHogy a United nem tud mit kezdeni vele az is mutatta, hogy 2022 tavasz\u00e1n k\u00f6lcs\u00f6nadta \u0151t a Sevill\u00e1nak. Azt\u00e1n m\u00e9g abban az \u00e9vben ny\u00e1ron meg\u00e9rkezett a klubhoz<strong> Erik ten Hag<\/strong>, akit leny\u0171g\u00f6z\u00f6tt Martial el\u0151szezonban mutatott teljes\u00edtm\u00e9nye, emiatt k\u00f6z\u00f6lte a vezet\u0151s\u00e9ggel, szeretn\u00e9 a csapatn\u00e1l tartani a francia j\u00e1t\u00e9kost. A holland ir\u00e1ny\u00edt\u00e1sa alatt t\u00f6lt\u00f6tt els\u0151 szezonja nem volt sikeres, a holland j\u00f3form\u00e1n alig sz\u00e1m\u00edthatott a franci\u00e1ra, egy alkalommal \u00fagy nyilatkozott, Martial szerinte \u201enem alkalmas arra, hogy heti h\u00e1rom meccsen bevethet\u0151 legyen\u201d \u2013 arra utalva, hogy nincs minden rendben a j\u00e1t\u00e9kos edz\u00e9sen \u00e9s p\u00e1ly\u00e1n mutatott hozz\u00e1\u00e1ll\u00e1s\u00e1val.\r\n\r\nTavaly szeptemberben folytat\u00f3dott a szok\u00e1sos Martial-sztori: a d\u00e9lben tartott edz\u00e9sre reggel 9-kor \u00e9rkezett meg, majd mikor k\u00f6z\u00f6lt\u00e9k vele, hogy hamarabb j\u00f6tt, sim\u00e1n hazament. S\u00e9r\u00fcl\u00e9sek h\u00e1tr\u00e1ltatt\u00e1k, egyed\u00fcl, t\u00e1vol a csapatt\u00f3l kellett edzenie, \u00e9s p\u00e1ly\u00e1ra l\u00e9p\u00e9seivel nem v\u00e1ltott vil\u00e1got, a szurkol\u00f3k pedig sokkal sz\u00edvesebben l\u00e1tt\u00e1k <strong>Rasmus<\/strong> <strong>H\u00f8jlundot<\/strong> megszakadni a p\u00e1ly\u00e1n.\r\n<h2>Mit tanulhat ebb\u0151l a United?<\/h2>\r\nA 2023\/24-es szezon v\u00e9gezt\u00e9vel Martial elk\u00f6sz\u00f6nt a klubt\u00f3l, ingyen t\u00e1vozott \u2013 felem\u00e1s szezonjai ellen\u00e9re a szurkol\u00f3k skand\u00e1lt\u00e1k a nev\u00e9t a Manchester City ellen megnyert FA-kupa d\u00f6nt\u0151 ut\u00e1n. A sz\u00e1mok nyelv\u00e9re leford\u00edtva ilyen volt Martial unitedes p\u00e1lyafut\u00e1sa:\r\n<ul>\r\n \t<li>\u00f6sszesen 317 m\u00e9rk\u0151z\u00e9sen l\u00e9pett p\u00e1ly\u00e1ra, 90 g\u00f3lt szerezve<\/li>\r\n \t<li>az elm\u00falt h\u00e1rom \u00e9vben azonban mind\u00f6ssze 12-szer volt eredm\u00e9nyes, utols\u00f3 unitedes szezonj\u00e1ban pedig mind\u00f6ssze k\u00e9tszer tal\u00e1lt be 19 meccsen<\/li>\r\n \t<li>mindezek ellen\u00e9re heti 250 ezer fontot tett zsebre azt k\u00f6vet\u0151en, hogy 2019-ben hosszabb\u00edtott vele a klub (ha hinni lehet a h\u00edreknek, a Bologn\u00e1t\u00f3l szerz\u0151dtetett <strong>Joshua<\/strong> <strong>Zirkzee<\/strong> heti 56 ezer fontot keres majd),<\/li>\r\n \t<li>\u00e9s a m\u00e1r eml\u00edtett sevillai k\u00f6lcs\u00f6nj\u00e1t\u00e9ka sem igen r\u00e1zta fel, a spanyol csapatban is csak egy g\u00f3lja volt.<\/li>\r\n<\/ul>\r\nA brit sportsajt\u00f3 a francia t\u00e1mad\u00f3 p\u00e1ly\u00e1n l\u00e1tott testbesz\u00e9de, enerv\u00e1lts\u00e1ga alapj\u00e1n a hozz\u00e1\u00e1ll\u00e1s\u00e1t is rendre megk\u00e9rd\u0151jelezte. Ezt a klublegenda, <strong>Paul<\/strong> <strong>Scholes<\/strong> is t\u00f6bb alkalommal f\u00f6lemlegette:\r\n<blockquote>Az benne az \u00e9rdekes, hogy fogalmam sincs, k\u00f6z\u00e9pcsat\u00e1r-e p\u00e9ld\u00e1ul. Pr\u00f3b\u00e1l sokszor bet\u00f6rni a tizenhatoson bel\u00fclre, de nem t\u00fal nagy el\u00e1nnal. Szerintem t\u00fal sokszor kell neki elmondani, mit csin\u00e1ljon a p\u00e1ly\u00e1n, vannak ilyen j\u00e1t\u00e9kosok, akiknek k\u00e9t percenk\u00e9nt adni kell \u00faj instrukci\u00f3kat.<\/blockquote>\r\nEgy m\u00e1sik klubikon, <strong>Ryan Giggs<\/strong> szerint Martial \u201etehets\u00e9ges, nem rossz sr\u00e1c, de folyton rajta \u00fcl valamif\u00e9le letargia\u201d.\r\n\r\n<img class=\"alignnone wp-image-13018 size-full\" src=\"https:\/\/sport24.24.hu\/app\/uploads\/sites\/24\/2024\/06\/gettyimages-1669319870.jpg\" alt=\"\" width=\"2451\" height=\"1644\" \/>\r\n\r\nKor\u00e1bban a SkySports <a href=\"https:\/\/m.allfootballapp.com\/news\/EPL\/Martial-still-struggling-to-fulfil-his-true-potential-at-Man-Utd\/2235416\">k\u00e9sz\u00edtett<\/a> egy les\u00fajt\u00f3 statisztik\u00e1t Martialr\u00f3l a 2019\/20-as \u2013 azaz a sz\u00e1m\u00e1ra legjobban siker\u00fclt \u2013 szezonban, \u00f6sszevetve akkori teljes\u00edtm\u00e9ny\u00e9t a liga legjobb t\u00e1mad\u00f3ival (<strong>Sadio<\/strong> <strong>Man\u00e9<\/strong>, <strong>Raheem<\/strong> <strong>Sterling<\/strong>, <strong>Mohamed<\/strong> <strong>Szalah<\/strong>, <strong>Aubameyang<\/strong> szerepeltek a list\u00e1n). Kider\u00fclt, a francia futja a legkevesebbet 90 perc alatt, \u00e9s sprintek sz\u00e1m\u00e1ban is messze elmarad az eml\u00edtett j\u00e1t\u00e9kosokt\u00f3l (10,3 sprint\/90 perc alatt, a m\u00e1sodik legrosszabb mutat\u00f3t ekkoriban Szalah neve mell\u00e9 \u00edrhattuk 13,6-tal).\r\n\r\n<span class=\"highlight-block-small\">Anthony Martial Unitedn\u00e9l elt\u00f6lt\u00f6tt id\u0151szaka el\u00e9g les\u00fajt\u00f3 k\u00e9pet fest a klub hossz\u00fa ideig regn\u00e1l\u00f3 vezet\u0151s\u00e9g\u00e9r\u0151l is, \u00e9l\u00fck\u00f6n <strong>Ed<\/strong> <strong>Woodward<\/strong> n\u00e9hai vez\u00e9rigazgat\u00f3val, m\u00e1r csak amiatt is, hogy legal\u00e1bb \u00f6t szezont ilyen magas fizet\u00e9sen, ennyire kev\u00e9s j\u00e1t\u00e9kid\u0151vel t\u00f6lthetett el egy topklubn\u00e1l. A 2023-24-es szezonban Martial m\u00e9g mindig benne volt az \u00f6t legjobban fizetett labdar\u00fag\u00f3ban a klubn\u00e1l.<\/span>\r\n\r\nIlyen fizet\u00e9si ig\u00e9nyekkel, \u00e9s azzal a fizikai \u00e1llapottal, amellyel elhagyta a Unitedet, egyhamar biztos, hogy tal\u00e1l mag\u00e1nak \u00faj csapatot. A modern futballban igen komoly h\u00e1tr\u00e1nnyal indul egy olyan csat\u00e1r, aki a nyom\u00e1sgyakorl\u00e1sban nem jeleskedik, k\u00fcl\u00f6n\u00f6sen a tizenhatos k\u00f6rny\u00e9k\u00e9n. A legfrissebb h\u00edrek alapj\u00e1n a Serie A-ba frissen f\u00f6ljut\u00f3 Como 1907 k\u00edv\u00e1nja szerz\u0151dtetni a franci\u00e1t, kor\u00e1bbi klub- \u00e9s honfit\u00e1rs\u00e1val, <strong>Rapha\u00ebl Varane-nal<\/strong>.\r\n\r\nAmellett, hogy a legt\u00f6bb manchesteri g\u00f3llal rendelkez\u0151 j\u00e1t\u00e9kosok list\u00e1j\u00e1n bek\u00fczd\u00f6tte mag\u00e1t az els\u0151 h\u00fasz k\u00f6z\u00e9, Anthony Martial karrierje a Woodward-\u00e9ra legs\u00f6t\u00e9tebb id\u0151szak\u00e1nak lenyomatak\u00e9nt maradhat meg ink\u00e1bb a fejekben, egyben p\u00e9ldak\u00e9nt szolg\u00e1lhat <a href=\"https:\/\/sport24.24.hu\/foci\/2024\/05\/28\/manchester-united-erik-ten-hag-topcsapat-premier-league-angol-foci\/\">a United \u00fajj\u00e1alakul\u00f3 klubvezet\u00e9s\u00e9nek<\/a> is arr\u00f3l, hogyan ne fizess\u00e9k r\u00f6gt\u00f6n t\u00fal a fiatal tehets\u00e9geket, \u00e9s hogy a b\u00e9rez\u00e9seket ink\u00e1bb a mutatott teljes\u00edtm\u00e9nyhez k\u00f6ss\u00e9k.\r\n\r\nAnthony Martial nem maga volt a probl\u00e9ma a Manchester Unitedn\u00e9l, mert a menedzserv\u00e1laszt\u00e1ssal is akadtak gondok az \u0151 manchesteri \u00e9vei alatt. De kilenc \u00e9v \u00e9pp el\u00e9g id\u0151 ahhoz, hogy meg\u00e1llap\u00edtsuk, tal\u00e1n mindenki t\u00f6bbet l\u00e1tott bele, mint amire val\u00f3ban k\u00e9pes. Egy kis leveg\u0151v\u00e1ltoz\u00e1s alighanem neki is j\u00f3t tesz majd.\r\n\r\n<img class=\"alignnone wp-image-13019 size-full\" src=\"https:\/\/sport24.24.hu\/app\/uploads\/sites\/24\/2024\/06\/gettyimages-2152904085.jpg\" alt=\"\" width=\"4284\" height=\"2933\" \/>","type":"rich","thumbnail_url":"https:\/\/s.24.hu\/app\/uploads\/sites\/24\/2024\/06\/gettyimages-1684809040-e1718115234518-150x150.jpg","thumbnail_width":150,"thumbnail_height":150}