{"version":"1.0","provider_name":"Sport24","provider_url":"https:\/\/sport24.24.hu","author_name":"Dajka Bal\u00e1zs","author_url":"https:\/\/sport24.24.hu\/author\/dajkab\/","title":"Ki lesz az angol v\u00e1logatott J\u00f3zsu\u00e9ja, aki elvezeti a csapatot az \u00cdg\u00e9ret F\u00f6ldj\u00e9re?","html":"\u201eAz FA v\u00e1lasz\u00fat el\u0151tt \u00e1ll (\u2026) A keret tele van tehets\u00e9ges, fiatal j\u00e1t\u00e9kosokkal, akik n\u00e9gy \u00e9vre vannak egy hazai p\u00e1ly\u00e1n befejez\u0151d\u0151 Eur\u00f3pa-bajnoks\u00e1gt\u00f3l. Olyan keret ez, mely egy sikeres, elt\u00f6k\u00e9lt, taktikailag magabiztos, nyitott edz\u0151t k\u00edv\u00e1n. Olyasvalakit, aki \u00e9rti az angol futballt, b\u00e1r elk\u00e9pzelhet\u0151, hogy nem angol. Az FA szavazhat a megvil\u00e1gosod\u00e1sra \u00e9s a tov\u00e1bbfejl\u0151d\u00e9sre, vagy kinevezheti a szok\u00e1sosat.\u201d\r\n\r\n<span class=\"highlight-block-small\">Ezt a bekezd\u00e9st ak\u00e1r most, <strong>Gareth Southgate<\/strong> <a href=\"https:\/\/focieb2024.24.hu\/hirek\/2024\/07\/16\/gareth-southgate-lemondott-mar-nem-o-az-angol-kapitany\/\">t\u00e1voz\u00e1sa<\/a> ut\u00e1n is le lehetne \u00edrni, \u00e1m eredetileg a These Football Times munkat\u00e1rsa,<strong> Steven Scragg<\/strong> <a href=\"https:\/\/thesefootballtimes.co\/2016\/10\/01\/how-the-england-job-became-poisoned-by-the-manager\/\">\u00edrta le<\/a> 2016-ban, <strong>Sam Allardyce<\/strong> dicstelen t\u00e1voz\u00e1sa ut\u00e1n \u00e9s Southgate kinevez\u00e9se el\u0151tt.<\/span>\r\n\r\nK\u00e9rd\u00e9s, az \u00fajs\u00e1g\u00edr\u00f3 egy Southgate-hez hasonl\u00f3 emberre gondolt-e, de ut\u00f3lag kider\u00fclt: a k\u00e9nyszerp\u00e1ly\u00e1n mozg\u00f3 FA v\u00e1laszt\u00e1sa telital\u00e1lat volt.\r\n\r\nEg\u00e9szen biztosan nem Gareth Southgate a vil\u00e1g legjobb edz\u0151je; de ett\u0151l m\u00e9g lehetett remek v\u00e1laszt\u00e1s az angol v\u00e1logatott sz\u00f6vets\u00e9gi kapit\u00e1nyi posztj\u00e1ra. Musz\u00e1j-Herkulesk\u00e9nt \u00e9rkezett, \u00e9s 102 m\u00e9rk\u0151z\u00e9s ut\u00e1n t\u00e1vozott \u2013 csak <strong>Walter Winterbottomnak<\/strong> (139) \u00e9s <strong>Alf Ramsey-nek<\/strong> (113) van t\u00f6bb \u2013, k\u00e9t vesztes Eb-d\u00f6nt\u0151vel, egy vil\u00e1gbajnoki 4. hellyel \u00e9s egy vb-negyedd\u00f6nt\u0151vel a h\u00e1ta m\u00f6g\u00f6tt. Egy \u00fajabb f\u00e1jdalmas, <a href=\"https:\/\/focieb2024.24.hu\/kozvetitesek\/2024\/07\/14\/foci-eb-2024-spanyolorszag-anglia-donto-meccs-elo\/\">d\u00f6nt\u0151beli veres\u00e9ggel<\/a> fejezte be v\u00e1logatottbeli tev\u00e9kenys\u00e9g\u00e9t, \u00e9s \u00fariemberk\u00e9nt l\u00e9pett le a sz\u00ednr\u0151l.\r\n\r\n<span class=\"highlight-block-small\">Nem tudta megadni azt Angli\u00e1nak, mint Ramsey, de t\u00f6bbet \u00e9rt el a h\u00edrhedten forr\u00f3 angol kispadon, mint b\u00e1rki m\u00e1s.<\/span>\r\n\r\nSouthgate az egyetlen angol szakvezet\u0151, aki h\u00e1rom nagy v\u00e1logatott torn\u00e1n is el\u0151d\u00f6nt\u0151be juttatta a csapatot, pont\u00e1tlaga alapj\u00e1n pedig a m\u00e1sodik legeredm\u00e9nyesebb a t\u00f6bb meccsen ir\u00e1ny\u00edt\u00f3 szakvezet\u0151k k\u00f6z\u00f6tt. Saj\u00e1t \u00e1rny\u00e9k\u00e1t nem tudta \u00e1tl\u00e9pni \u2013 lehet, ehhez m\u00e9g t\u00f6bb mer\u00e9szs\u00e9g kellett volna d\u00f6nt\u0151 pillanatokban? \u2013, de olyan v\u00e1logatottat rakott \u00f6ssze, amely a legut\u00f3bbi n\u00e9gy nagy torna mindegyik\u00e9n megtartotta tags\u00e1g\u00e1t a k\u00f6zvetlen elitben.\r\n\r\n<iframe class=\"flourish-embed-iframe\" style=\"width: 100%;height: 600px\" title=\"Interactive or visual content\" src=\"https:\/\/flo.uri.sh\/visualisation\/18801709\/embed\" frameborder=\"0\" scrolling=\"no\"><\/iframe>\r\n<div style=\"width: 100%!;margin-top: 4px!important;text-align: right!important\"><a class=\"flourish-credit\" style=\"text-decoration: none!important\" href=\"https:\/\/public.flourish.studio\/visualisation\/18801709\/?utm_source=embed&amp;utm_campaign=visualisation\/18801709\" target=\"_top\" rel=\"noopener\"><img style=\"width: 105px!important;height: 16px!important;border: none!important;margin: 0!important\" src=\"https:\/\/public.flourish.studio\/resources\/made_with_flourish.svg\" alt=\"Made with Flourish\" \/> <\/a><\/div>\r\nEz pedig nem az angol v\u00e1logatott megszokott helye. B\u00e1r az elv\u00e1r\u00e1sok \u2013 a k\u00f6z\u00f6ns\u00e9g \u00e9s a m\u00e9dia r\u00e9sz\u00e9r\u0151l egyar\u00e1nt \u2013 t\u00f6bbnyire hegymagasak, a nemzeti csapat nem tartozik a v\u00e1logatott futball kir\u00e1lykateg\u00f3ri\u00e1j\u00e1ba, vil\u00e1gbajnoki c\u00edme ellen\u00e9re. A m\u00e1r id\u00e9zett These Football Times-cikkhez visszany\u00falva:\r\n<blockquote>A hatvanhatos gy\u0151zelem volt a cs\u00facspont, \u00e9s \u2013 tal\u00e1n az angol labdar\u00fag\u00e1s k\u00e1r\u00e1ra v\u00e1lt ez \u2013 a tov\u00e1bbiakban ez lett az elv\u00e1r\u00e1s szintje.<\/blockquote>\r\nAz elv\u00e1r\u00e1s m\u00e9g mindig ez, feket\u00e9n-feh\u00e9ren olvashatjuk az FA \u00e1ltal feladott, <a href=\"https:\/\/careers.thefa.com\/jobs\/vacancy\/england-mens-senior-team-head-coach-nfcsgp0377-national-football-centre-st-georges-park\/2137\/description\/\">ny\u00edltt\u00e1 tett \u00e1ll\u00e1shirdet\u00e9sben<\/a>. A sz\u00f6vets\u00e9g a k\u00f6vetkez\u0151ket v\u00e1rja el az ide\u00e1lis jel\u00f6ltt\u0151l (a megfelel\u0151 pap\u00edrok, vezet\u0151i k\u00e9pess\u00e9gek \u00e9s j\u00f3 munkakapcsolatok mellett):\r\n<ul>\r\n \t<li>A vil\u00e1g legjobbjai k\u00f6z\u00e9 kell, hogy vezesse az angol v\u00e1logatottat, az elv\u00e1r\u00e1s egy nagy torna megnyer\u00e9se.<\/li>\r\n \t<li>Ismerje alaposan az angol futballkult\u00far\u00e1t \u00e9s legyen angliai tapasztalata, Premier League- \u00e9s\/vagy nagy nemzetk\u00f6zi torn\u00e1kon el\u00e9rt sikere.<\/li>\r\n \t<li>Legyen kiemelked\u0151 t\u0171r\u0151k\u00e9pess\u00e9ge, \u00e9rezze mag\u00e1t komfortosan egy olyan szerepben, mely folyamatos kritikai \u00f6sszt\u0171znek van kit\u00e9ve.<\/li>\r\n \t<li>Bizony\u00edtott m\u00e1r azzal, hogy pozit\u00edv k\u00f6rnyezetet \u00e9s kult\u00far\u00e1t alak\u00edtott ki egy csapatn\u00e1l, mely azt\u00e1n magas szint\u0171 teljes\u00edtm\u00e9nyt tudott ny\u00fajtani.<\/li>\r\n \t<li>\u00c9rt\u00e9kvez\u00e9relt, magas integrit\u00e1ssal b\u00edr \u00e9s tiszt\u00e1ban van azzal, nemzeti szinten milyen fontos a sz\u00f6vets\u00e9gi kapit\u00e1ny munk\u00e1ja.<\/li>\r\n<\/ul>\r\nRitk\u00e1n l\u00e1tjuk azt, hogy egy neh\u00e9zs\u00faly\u00fa v\u00e1logatott ny\u00edlt \u00e1ll\u00e1shirdet\u00e9sben keres edz\u0151t, b\u00e1r az FA ebben is k\u00f6zli, m\u00e1r volt egy bels\u0151 el\u0151v\u00e1logat\u00e1s, vannak kiszemeltek. Az angol futball ismeret\u00e9vel kapcsolatos kit\u00e9tel miatt nem sz\u00e1m\u00edthatunk <strong>Sven-G\u00f6ran Erikssonhoz<\/strong> vagy <strong>Fabio Capell\u00f3hoz<\/strong> hasonl\u00f3 k\u00fcls\u0151s szt\u00e1redz\u0151re, akinek egy\u00e1ltal\u00e1n nincs szigetorsz\u00e1gi tapasztalata.\r\n\r\nTal\u00e1n enn\u00e9l is fontosabb, hogy kult\u00farateremt\u0151 edz\u0151t keres a sz\u00f6vets\u00e9g. Ha Southgate valamiben igen j\u00f3 volt, akkor ebben:\r\n\r\n<span class=\"highlight-block-small\">\u00e1tform\u00e1lta a v\u00e1logatott kult\u00far\u00e1j\u00e1t, meger\u0151s\u00edtette a csapatk\u00f6z\u00f6ss\u00e9get \u00e9s -egys\u00e9get, v\u00e9dte a j\u00e1t\u00e9kosait, ha az sz\u00fcks\u00e9ges volt, kialak\u00edtott egy v\u00e9d\u0151erny\u0151t a csapat k\u00f6r\u00fcl, szimpatikusan kommunik\u00e1lt.<\/span>\r\n\r\nEz minden bizonnyal hozz\u00e1j\u00e1rult ahhoz, hogy csapata minden nagy torn\u00e1n hosszan menetelt, \u00e9s legal\u00e1bb \u00f6t m\u00e9rk\u0151z\u00e9st j\u00e1tszott (Southgate egyed\u00fcl t\u00f6bb sikeres p\u00e1rharcot v\u00edvott meg nagy torn\u00e1k kies\u00e9ses szakasz\u00e1ban, mint az 1968\u20132016 k\u00f6z\u00f6tt ir\u00e1ny\u00edt\u00f3 kapit\u00e1nyok egy\u00fcttv\u00e9ve).\r\n\r\n\u201eB\u00fcszke angolk\u00e9nt \u00e9letem legnagyobb megtiszteltet\u00e9se, hogy j\u00e1tszhattam a v\u00e1logatottban, majd sz\u00f6vets\u00e9gi kapit\u00e1nyk\u00e9nt ir\u00e1ny\u00edthattam is azt. Mindenn\u00e9l t\u00f6bbet jelentett ez sz\u00e1momra, \u00e9s mindent beleadtam. De elj\u00f6tt az ideje a v\u00e1lt\u00e1snak, egy \u00faj fejezetnek kell \u00edr\u00f3dnia (\u2026) Kiv\u00e1lts\u00e1g, hogy 102 m\u00e9rk\u0151z\u00e9sen vezethettem a j\u00e1t\u00e9kosokat \u2013 mindannyian b\u00fcszk\u00e9n viselt\u00e9k a h\u00e1romoroszl\u00e1nos c\u00edmert, \u00e9s mindannyian m\u00e9lt\u00f3k\u00e9pp k\u00e9pviselt\u00e9k az orsz\u00e1got. A n\u00e9metorsz\u00e1gi keret tele van ifj\u00fa tehets\u00e9gekkel; meggy\u0151z\u0151d\u00e9sem, hogy \u0151k megnyerhetik azt a tr\u00f3fe\u00e1t, amelyr\u0151l mindannyian \u00e1lmodunk\u201d \u2013 b\u00facs\u00fazott Southgate, szokott eleganci\u00e1j\u00e1val.\r\n<div class=\"payable-content-section\"><\/div>\r\nA kiemelked\u0151 k\u00e9pess\u00e9g\u0171 (\u00e9s eg\u00f3j\u00fa) szt\u00e1redz\u0151k korszak\u00e1ban \u0151 sokkal ink\u00e1bb t\u0171nt klasszikus k\u00f6zszolg\u00e1nak, a sz\u00f3 legjobb \u00e9rtelm\u00e9ben: vezetett, de ugyanakkor szolg\u00e1latnak tekintette nagy felel\u0151ss\u00e9ggel j\u00e1r\u00f3 munk\u00e1j\u00e1t. Ahogy a The Players\u2019 Tribune-ben publik\u00e1lt \u00edr\u00e1s\u00e1ban (<a href=\"https:\/\/www.theplayerstribune.com\/posts\/dear-england-gareth-southgate-euros-soccer\">Dear England<\/a>) kifejtette:\r\n\r\n\u201eTiszt\u00e1ban vagyok azzal, hogy a szavamnak s\u00falya van. Nem miattam, hanem a posztom miatt. Fel kell v\u00e1llalnom a felel\u0151ss\u00e9get, hogy a t\u00e1gabb \u00e9rtelemben vett k\u00f6z\u00f6ss\u00e9g \u00e9rdek\u00e9ben emeljem fel a\u00a0hangomat, ugyan\u00fagy, ahogy a j\u00e1t\u00e9kosaimnak is\u201d \u2013 \u00edrta, \u00e9s b\u00facs\u00fa\u00fczenete (melyben a labdar\u00fag\u00e1s pozit\u00edv v\u00e1ltoz\u00e1sokat el\u0151id\u00e9z\u0151 erej\u00e9r\u0151l is eml\u00edt\u00e9st tett) \u00f6sszecseng ezzel.\r\n\r\nHa csak edz\u0151k\u00e9nt tekintj\u00fck a munk\u00e1ss\u00e1g\u00e1t, akkor Southgate p\u00f3tolhat\u00f3. Eg\u00e9szen biztosan van olyan tr\u00e9ner a piacon, aki szakmailag fel\u00fclm\u00falja, olyan is, aki \u00faj lend\u00fcletet tud fecskendezni az Eb-d\u00f6nt\u0151s, \u00e1m j\u00e1t\u00e9kban vajmi keveset ny\u00fajt\u00f3 t\u00e1rsas\u00e1gba. Elk\u00e9pzelhet\u0151, hogy olyan is akad, aki \u201e<strong>M\u00f3zes-Southgate<\/strong>\u201d \u2013 <a href=\"https:\/\/www.nytimes.com\/athletic\/5637354\/2024\/07\/16\/gareth-southgate-legacy-england-manager\/\">a The Athleticben<\/a> <strong>Jack Pitt-Brooke<\/strong> eml\u00edtette \u00edgy \u2013 ut\u00e1n <strong>J\u00f3zsu\u00e9<\/strong> lesz, \u00e9s elvezeti az angol v\u00e1logatottat az \u00cdg\u00e9ret F\u00f6ldj\u00e9re, a v\u00e9gs\u0151 gy\u0151zelemig.\r\n\r\n[caption id=\"attachment_13481\" align=\"alignnone\" width=\"2000\"]<img class=\"wp-image-13481 size-full\" src=\"https:\/\/sport24.24.hu\/app\/uploads\/sites\/24\/2024\/07\/000_36489ve.jpg\" alt=\"\" width=\"2000\" height=\"1125\" \/> Southgate az elitbe vezette az angolokat, de a k\u00fcsz\u00f6b\u00f6t vele sem siker\u00fclt \u00e1tl\u00e9pni[\/caption]\r\n\r\nLesz n\u00e1la k\u00e9pzettebb jel\u00f6lt; lesz olyan, aki (v\u00e9lhet\u0151en) jobb csapatj\u00e1t\u00e9kot rak \u00f6ssze, aki ki tudja hozni a maximumot a j\u00f3 kor\u00f6sszet\u00e9tel\u0171, sok szt\u00e1rt felvonultat\u00f3 keretb\u0151l. Mert utols\u00f3 torn\u00e1j\u00e1n ez Southgate-nek m\u00e1r nem siker\u00fclt, m\u00e9g ha a gy\u0151zelem k\u00f6zvetlen k\u00f6zel\u00e9be juttatta is csapat\u00e1t. Ugyanakkor az a k\u00f6z\u00f6ss\u00e9gteremt\u0151 \u00e9s vezet\u0151i k\u00e9pess\u00e9g, ami Southgate saj\u00e1tja volt, nem k\u00f6nnyen p\u00f3tolhat\u00f3.\r\n\r\nA legegy\u00e9rtelm\u0171bb v\u00e1laszt\u00e1s nyilv\u00e1nval\u00f3an <strong>J\u00fcrgen Klopp<\/strong> lenne: nincs csapata, a jelenleg akt\u00edv edz\u0151k legmagasabb kateg\u00f3ri\u00e1j\u00e1ba tartozik; k\u00f6z\u00f6ss\u00e9g\u00e9p\u00edt\u0151, ezer fokon \u00e9g\u0151, a szurkol\u00f3kat mag\u00e1val ragad\u00f3 egy\u00e9nis\u00e9g, aki \u00e9rti \u00e9s szereti az angol labdar\u00fag\u00e1st. \u201eCsak\u201d \u00e9pp kimer\u00fclts\u00e9ge miatt sz\u00fcnetet tart edz\u0151i karrierj\u00e9ben, \u00e9s az is k\u00e9rd\u00e9ses, hogy egyr\u00e9szt akarna-e v\u00e1logatotthoz menni (hisz k\u00f6nny\u0171szerrel tal\u00e1lna munk\u00e1t a topklubokn\u00e1l), m\u00e1sr\u00e9szt bizonytalan, hogy az \u00e1ltala prefer\u00e1lt, gegenpressingen alapul\u00f3 j\u00e1t\u00e9k mennyire menne \u00e1t a v\u00e1logatottn\u00e1l, melyben j\u00f3val kevesebb id\u0151 van azt begyakorolni.\r\n\r\n<span class=\"highlight-block-small\">B\u00e1r, ha <strong>Ralf Rangnick<\/strong> osztr\u00e1k csapat\u00e1ra gondolunk, akkor a helyzet nem rem\u00e9nytelen.<\/span>\r\n\r\nAz angol edz\u0151k \u2013 ne feledj\u00fck, angol tr\u00e9ner 1991\/92 (<strong>Howard Wilkinson<\/strong>, Leeds) \u00f3ta nem nyerte meg az \u00e9lvonalbeli bajnoks\u00e1got, a BL-t meg sosem \u2013 k\u00f6z\u00fcl <strong>Eddie Howe<\/strong> \u00e9s <strong>Graham Potter<\/strong> neve val\u00f3sz\u00edn\u0171leg felvet\u0151dik. Howe-t aligha engedn\u00e9 el sz\u00edvesen szerz\u0151d\u00e9s\u00e9b\u0151l a Newcastle United; Potter szabad, \u00e1m cs\u00fany\u00e1n meg\u00e9gett a Chelsea-n\u00e9l.\r\n\r\nA k\u00fclf\u00f6ldiek k\u00f6z\u00fcl <strong>Mauricio Pochettino<\/strong> jelent\u0151s angliai tapasztalattal b\u00edr \u00e9s szabad is, de a Tottenham Hotspurn\u00e9l elt\u00f6lt\u00f6tt \u00e9vei ut\u00e1n sem a PSG-n\u00e9l, sem a Chelsea-n\u00e9l nem alkotott maradand\u00f3t \u2013 lehet, neki is j\u00f3l j\u00f6nne az \u00e1tl\u00e9p\u00e9s a v\u00e1logatott futballba. <strong>Thomas Tuchel<\/strong> szint\u00e9n topkateg\u00f3ri\u00e1s edz\u0151, van (n\u00e9mi) angliai tapasztalata, de k\u00f6zismerten nem k\u00f6nny\u0171 egy\u00e9nis\u00e9g. A Spurst jelenleg ir\u00e1ny\u00edt\u00f3, a brit futballban \u00e9s a v\u00e1logatott k\u00f6zegben mag\u00e1t egyar\u00e1nt kiismer\u0151 <strong>Ange Postecoglou<\/strong> neve is felvet\u0151d\u00f6tt, itt ism\u00e9t az \u00e9l\u0151 szerz\u0151d\u00e9s lehet akad\u00e1ly.\r\n\r\nA 60 \u00e9vesn\u00e9l id\u0151sebb edz\u0151ket alighanem kih\u00fazhatjuk, a t\u00f6bbiek meg vagy k\u00e9rd\u00e9ses edz\u0151i pedigr\u00e9j\u0171ek (<strong>Frank Lampard<\/strong> j\u00e1t\u00e9kosk\u00e9nt legenda, de tr\u00e9nerk\u00e9nt\u2026), vagy j\u00f3 nevek, \u00e1m nem edz\u0151sk\u00f6dtek m\u00e9g Angli\u00e1ban (<strong>Zin\u00e9dine Zidane, Xavi, Edin Terzic, Massimiliano Allegri, Stefano Pioli, Sergio Conceicao<\/strong>). Az nagy meglepet\u00e9s lenne, ha rutintalan edz\u0151 kapna lehet\u0151s\u00e9get.\r\n\r\nElk\u00e9pzelhet\u0151 lenne m\u00e9g bels\u0151 el\u0151l\u00e9ptet\u00e9s is: <strong>Lee Carlsley<\/strong> vezeti az U21-eseket, \u00e9s a v\u00e1logatott futballban nem ritka, hogy az ut\u00e1np\u00f3tl\u00e1sb\u00f3l kiemelt tr\u00e9ner veszi \u00e1t az A csapatot.\r\n\r\n<span class=\"highlight-block-small\">Csak n\u00e9zz\u00fcnk k\u00f6r\u00fcl: a spanyolokkal Eur\u00f3pa-bajnoks\u00e1got nyert <strong>Luis de la Fuente<\/strong> t\u00edz \u00e9ve a sz\u00f6vets\u00e9g alkalmaz\u00e1s\u00e1ban \u00e1ll, ir\u00e1ny\u00edtotta az U19-es, U21-es \u00e9s U23-as (olimpiai) garnit\u00far\u00e1t is. Maga Southgate szint\u00e9n U21-es edz\u0151 volt, miel\u0151tt be kellett volna ugrania Allardyce hely\u00e9re.<\/span>\r\n\r\n<strong>Lionel Scaloni<\/strong> az argentin U20-asokkal dolgozott, miel\u0151tt vil\u00e1gbajnokk\u00e1 tette volna a nagyv\u00e1logatottat. Az Afrika Kupa-gy\u0151ztes Elef\u00e1ntcsontpartot ir\u00e1ny\u00edt\u00f3 <strong>Emerse Fa\u00e9<\/strong> (aki torna k\u00f6zben, beugr\u00f3k\u00e9nt ker\u00fclt a kispadra) az olimpiai csapat mellett volt. Az, hogy valaki j\u00f3 sz\u00f6vets\u00e9gi edz\u0151 volt, nem jelenti azt automatikusan, hogy az A v\u00e1logatott \u00e9l\u00e9n is j\u00f3l teljes\u00edtene; \u00e1m ismeri a k\u00f6zeget, a szervezetet, hozz\u00e1szokott a v\u00e1logatott futball elt\u00e9r\u0151 ritmus\u00e1hoz, amihez egy klubedz\u0151nek alkalmazkodnia kell.\r\n\r\nAz FA augusztus 2. ut\u00e1n mondja ki a v\u00e9gs\u0151 sz\u00f3t \u2013 addig nyitva az \u00e1ll\u00e1shirdet\u00e9s, \u00e9rdekl\u0151d\u0151k a mannie.neville@thefa.com c\u00edmre k\u00fcldhetnek \u00f6n\u00e9letrajzot \u2013, \u00e9s nyilv\u00e1n mindenki tiszt\u00e1ban van vele, hogy ez mennyire fontos d\u00f6nt\u00e9s. Egy balul els\u00fclt v\u00e1laszt\u00e1s id\u0151- \u00e9s preszt\u00edzsvesztes\u00e9ggel j\u00e1rna, m\u00e1rpedig nagy torna megnyer\u00e9s\u00e9re a legjobb es\u00e9ly addig mutatkozik, m\u00edg a kulcsemberek k\u00f6z\u00fcl a 30.\u00a0\u00e9v\u00fckben j\u00e1r\u00f3k (<strong>Harry Kane<\/strong>, <strong>Jordan Pickford<\/strong>, <strong>John Stones<\/strong>, <strong>Luke Shaw<\/strong>) nem kezdenek hanyatlani, a jelent\u0151s l\u00e9tsz\u00e1m\u00fa ifj\u00fa g\u00e1rda pedig legjobb \u00e9veibe l\u00e9p. Ez az id\u0151ablak a k\u00f6vetkez\u0151 n\u00e9gy-hat \u00e9vet jelenti.\r\n\r\nA vil\u00e1gbajnoki c\u00edmmel a l\u00e9cet szinte el\u00e9rhetetlen\u00fcl magasra rak\u00f3 Alf Ramsey ut\u00f3dl\u00e1sa pocs\u00e9kul siker\u00fclt: az 1974-es vb-kvalifik\u00e1ci\u00f3 kudarc\u00e1t (ez m\u00e9g Ramsey nev\u00e9hez f\u0171z\u0151d\u00f6tt) k\u00e9t \u00fajabb sikertelen selejtez\u0151sorozat k\u00f6vette, Anglia csak 1980-as Eb-n t\u00e9rt vissza a nagy torn\u00e1kra. Az 1990-es vb-el\u0151d\u00f6nt\u0151t kiv\u00edv\u00f3, n\u00e9pszer\u0171 <strong>Bobby Robson<\/strong> ut\u00f3dl\u00e1sa sem volt az igazi: a kiv\u00e1lasztott <strong>Graham Taylor<\/strong> az 1992-es Eb-n nem jutott tov\u00e1bb az angolokkal a csoportk\u00f6rb\u0151l, az 1994-es vb-kvalifik\u00e1ci\u00f3t elszalasztotta;\r\n\r\n<span class=\"highlight-block-small\">a Sun h\u00edrhedt mont\u00e1zs\u00e1ban pedig egy tarl\u00f3r\u00e9p\u00e1hoz hasonl\u00edtotta a kapit\u00e1nyt.<\/span>\r\n\r\nSouthgate t\u00e9nyleg elvitte a v\u00e1logatottat az \u00cdg\u00e9ret F\u00f6ldj\u00e9nek hat\u00e1r\u00e1ig, \u00e1m \u2013 r\u00e9szben saj\u00e1t korl\u00e1tai miatt \u2013 oda nem tudott bel\u00e9pni. Ut\u00f3dj\u00e1val szemben elv\u00e1r\u00e1s, hogy ezt a v\u00e9gs\u0151, \u00e1m ann\u00e1l nehezebb l\u00e9p\u00e9st megtegye a csapat.\u00a0Mit mondjunk, a mindenkori angol sz\u00f6vets\u00e9gi kapit\u00e1ny egy\u00e9bk\u00e9nt sem pillek\u00f6nny\u0171 csomagja most kimondottan neh\u00e9znek \u00e9rz\u0151dik.","type":"rich","thumbnail_url":"https:\/\/s.24.hu\/app\/uploads\/sites\/24\/2024\/07\/075_bretonhernandez-spainven240714_np8eg-150x150.jpg","thumbnail_width":150,"thumbnail_height":150}