{"version":"1.0","provider_name":"Sport24","provider_url":"https:\/\/sport24.24.hu","author_name":"Fut\u00f3 Csaba","author_url":"https:\/\/sport24.24.hu\/author\/futocs\/","title":"H\u0151hull\u00e1m \u00e9s futball-l\u00e1z: a Fradit kifil\u00e9zt\u00e9k, Tichy h\u00e1rom perc alatt lett a meccs embere a N\u00e9pstadion 85 ezer n\u00e9z\u0151je el\u0151tt","html":"Alig t\u00f6bb, mint egy h\u00f3nap telt el a csal\u00f3d\u00e1st kelt\u0151 Eur\u00f3pa-bajnoks\u00e1g \u00f3ta (az ap\u00e1tia itthon a harmadik helyez\u00e9s miatt t\u00f6lt\u00f6tte el a drukkereket; bizony 1964-ben a bronz\u00e9rem keltett s\u00falyos traum\u00e1t, hatvan \u00e9vvel k\u00e9s\u0151bb sokaknak a legjobb 24 k\u00f6z\u00f6tti kies\u00e9s a katarzis). \u00c1m a szurkol\u00f3k hamar megbocs\u00e1tottak, \u00e9s j\u00falius 19-\u00e9n, alig egy h\u00f3nappal az Eb n\u00e9gyes d\u00f6nt\u0151je ut\u00e1n \u2013 a 33 fokos h\u0151hull\u00e1m ellen\u00e9re \u2013 olyan nagy sz\u00e1mban gy\u0171ltek egybe a kett\u0151s rangad\u00f3ra, hogy a vil\u00e1g\u00edt\u00f3-berendez\u00e9s 1959. szeptemberi felavat\u00e1sa \u00f3ta az a 85 ezres n\u00e9z\u0151sz\u00e1m a N\u00e9pstadion \u00f6r\u00f6k bajnoki rekordja.\r\n\r\nAz ut\u00e1n m\u00e9g 12 alkalommal voltak legal\u00e1bb 80 ezren, a Vasas\u2013\u00dajpest (4-2), FTC\u2013Honv\u00e9d (2-1) dupla derbin pedig megk\u00f6zel\u00edtett\u00e9k a cs\u00facsot 1973 szeptember\u00e9ben, amikor 79 ezren tolongtak az ar\u00e9n\u00e1ban (a fizet\u0151 n\u00e9z\u0151k sz\u00e1ma 75 572-ra r\u00fagott).\r\n\r\nAz 1964-es m\u0171sorban 13 Eb-bronz\u00e9rmes l\u00e9pett fel; az\u00e9rt \u201ecsak\u201d ennyi, mert <strong>Albert Fl\u00f3ri\u00e1n<\/strong> (FTC) \u00e9s <strong>Farkas J\u00e1nos<\/strong> (Vasas) s\u00e9r\u00fcl\u00e9s miatt hi\u00e1nyzott. A Ferencv\u00e1rosban ott volt <strong>Nov\u00e1k Dezs\u0151<\/strong>, <strong>M\u00e1trai S\u00e1ndor<\/strong>, <strong>Varga Zolt\u00e1n<\/strong>, <strong>Fenyvesi M\u00e1t\u00e9<\/strong>, a Vasasban <strong>Szentmih\u00e1lyi Antal<\/strong>, <strong>Ih\u00e1sz K\u00e1lm\u00e1n<\/strong>, <strong>M\u00e9sz\u00f6ly K\u00e1lm\u00e1n<\/strong>, <strong>S\u00e1rosi L\u00e1szl\u00f3<\/strong>, a Honv\u00e9dban <strong>Sipos Ferenc<\/strong>, <strong>Komora Imre<\/strong>, <strong>Tichy Lajos<\/strong>, az \u00dajpestben <strong>Solymosi Ern\u0151<\/strong> \u00e9s <strong>Bene Ferenc<\/strong>. (<strong>G\u00f6r\u00f6cs J\u00e1nos<\/strong> megs\u00e9r\u00fclt az Eur\u00f3pa-bajnoks\u00e1g n\u00e9gyes d\u00f6nt\u0151je el\u0151tt, ez\u00e9rt nem utazhatott Spanyolorsz\u00e1gba.)\r\n\r\nA program az \u00dajpest\u2013FTC-vel kezd\u0151d\u00f6tt. A lil\u00e1k kifil\u00e9zt\u00e9k a z\u00f6ldeket, a besz\u00e1mol\u00f3k egyike szerint \u201eak\u00e1r 8-4 is lehetett volna a javukra\u201d. Csak 4-2 lett, \u00e9s Szusza Ferenc edz\u0151 megjegyezte:\r\n<blockquote>Az eredm\u00e9nnyel el\u00e9gedett vagyok, de a rengeteg kihagyott helyzetr\u0151l m\u00e9g besz\u00e9lgetni fogunk.<\/blockquote>\r\n<strong>V\u00e9gh Alad\u00e1r<\/strong>, a Ferencv\u00e1ros klubeln\u00f6ke m\u00e1r a sz\u00fcnetben azt mondta: \u201eHa egy \u00f6t\u00f6st kapunk, egy sz\u00f3t se sz\u00f3lhattunk volna.\u201d\r\n\r\nA H\u00e9tf\u0151i H\u00edrek szerint \u201ea D\u00f3zsa-csat\u00e1rsor szinte t\u00f6nkre j\u00e1tszotta a Fradi lyukas v\u00e9delm\u00e9t, a z\u00f6ld-feh\u00e9rek fiatal bels\u0151h\u00e1rmasa viszont nem b\u00edrt a D\u00f3zsa-v\u00e9d\u0151kkel\u201d. Ehhez passzolt a N\u00e9psport \u00f6sszegz\u00e9se: \u201eAz \u00fajpesti csat\u00e1rsor karmester\u00e9nek Kuharszki bizonyult. G\u00f6r\u00f6cs szinte minden t\u00e1mad\u00e1sban r\u00e9szt vett, Ben\u00e9t alig tudt\u00e1k tartani.\u201d\r\n<div class=\"payable-content-section\"><\/div>\r\nA N\u00e9pszabads\u00e1g szint\u00e9n \u00fagy v\u00e9lte: \u201eIlyen technikai k. o.-t r\u00e9gen szenvedtek el a z\u00f6ld-feh\u00e9rek. L\u00e1tv\u00e1nyos bemutat\u00f3nak is beillett, amit Bene, Kuharszki, Z\u00e1mb\u00f3 produk\u00e1lt a magatehetetlen ferencv\u00e1rosi v\u00e9d\u0151kkel. Az eredm\u00e9ny t\u00f6bb mint egy tucat sz\u00e1zsz\u00e1zal\u00e9kos g\u00f3lhelyzet volt.\u201d\r\n\r\n\u00c1m 2-2-n\u00e9l kis h\u00edj\u00e1n kit\u00f6rt a botr\u00e1ny, <strong>Antonio Sbardella<\/strong> olasz j\u00e1t\u00e9kvezet\u0151 ugyanis el\u0151bb megadta, majd \u2013 <strong>Emsberger Gyula<\/strong> partjelz\u0151 beint\u00e9s\u00e9re \u2013 \u00e9rv\u00e9nytelen\u00edtette G\u00f6r\u00f6cs g\u00f3lj\u00e1t. K\u00e1poszta Ben\u0151 m\u00e1r-m\u00e1r nekiment a z\u00e1szl\u00f3s sportt\u00e1rsnak, de j\u00e1t\u00e9kost\u00e1rsa, <strong>V\u00e1rhidi P\u00e1l<\/strong> az utols\u00f3 pillanatban visszar\u00e1ntotta \u0151t.\r\n\r\nMajd n\u00e9gy perc m\u00falva G\u00f6r\u00f6cs kit\u00f6rt, <strong>P\u00e1ncsics Mikl\u00f3s<\/strong> elbuktatta, Sbardella 11-est \u00edt\u00e9lt, V\u00e1rhidi bel\u0151tte a b\u00fcntet\u0151t\u2026 M\u00e9gis csak 3-2 lett, minden \u00fajpesti megnyugodott.\r\n\r\n<span class=\"highlight-block-small\">Azt hitte a t\u00f6meg, enn\u00e9l jobb m\u00e9rk\u0151z\u00e9s egyhamar nem l\u00e1that\u00f3, azt\u00e1n a Honv\u00e9d\u2013Vasas az \u201eel\u0151meccset\u201d is fel\u00fclm\u00falta. Izgalmakban mindenk\u00e9ppen.<\/span>\r\n\r\nA Vasas h\u00e1romszor szerzett vezet\u00e9st, \u00e9s harmadik g\u00f3lja \u2013 a karmester \u00e9s g\u00f3lgy\u00e1ros <strong>Machos Ferenc<\/strong> l\u00f6v\u00e9se \u2013 ut\u00e1n a d\u00fch\u00f6s Tichy a k\u00f6z\u00e9pkezd\u00e9sb\u0151l messze kir\u00fagta a labd\u00e1t a p\u00e1ly\u00e1r\u00f3l, mik\u00f6zben l\u00e1tv\u00e1nyosan legyintett saj\u00e1t v\u00e9d\u0151ire.\r\n\r\n[caption id=\"attachment_13471\" align=\"alignnone\" width=\"2000\"]<img class=\"size-full wp-image-13471\" src=\"https:\/\/sport24.24.hu\/app\/uploads\/sites\/24\/2024\/07\/fortepan_190159-masolat.jpg\" alt=\"\" width=\"2000\" height=\"1310\" \/> N\u00e9pstadion, 1964.[\/caption]\r\n\r\nMajd a 87. percben a s\u00e9rt\u0151d\u00f6tt kispesti klasszis egyenl\u00edtett, k\u00e9t perccel k\u00e9s\u0151bb pedig ford\u00edtott (4-3). A K\u00e9pes Sport azt \u00edrta r\u00f3la: \u201eAz az igazs\u00e1g, hogy Tichy Lajosnak 86 percig nem ment a j\u00e1t\u00e9k ezen a k\u00e1nikulai vas\u00e1rnap est\u00e9n. Az ilyesmi r\u00e9mes \u00e9rz\u00e9s lehet. Az ember tud is j\u00e1tszani, akar is j\u00e1tszani, l\u00e1tja, hogy csapat\u00e1nak tal\u00e1n sosem volt m\u00e9g nagyobb sz\u00fcks\u00e9ge az \u0151 j\u00e1t\u00e9k\u00e1ra, \u00e1m egyszer\u0171en nem megy\u2026\r\n<blockquote>Azt\u00e1n Tichy a 87. perct\u0151l k\u00e9t g\u00f3lt l\u0151tt. Tulajdonk\u00e9ppen h\u00e1rom percig futballozott csak, s ez a paprik\u00e1s, villog\u00f3 m\u00e1sf\u00e9l \u00f3ra m\u00e9gis az \u0151 meccse volt.<\/blockquote>\r\nAz Esti H\u00edrlap \u2013 K\u00e9t ragyog\u00f3 rangad\u00f3 c\u00edmmel \u2013 az els\u0151 oldal\u00e1n kezdte tud\u00f3s\u00edt\u00e1s\u00e1t. Majd \u00edgy sz\u00e1molt be a tal\u00e1lkoz\u00f3r\u00f3l: \u201eA Vasas Berendy P\u00e1lt Tichy \u0151rz\u00e9s\u00e9vel b\u00edzta meg, s nagyon \u00e9rdekes, hogy \u2013 noha az angyalf\u00f6ldiek v\u00e9d\u0151j\u00e1t\u00e9ka f\u0151leg Tichy semleges\u00edt\u00e9s\u00e9re ir\u00e1nyult \u2013 \u00fagysz\u00f3lv\u00e1n n\u00e9h\u00e1ny perces meging\u00e1s el\u00e9g volt ahhoz, hogy a t\u00f6rekv\u00e9s ne j\u00e1rjon sikerrel. A labdar\u00fag\u00e1s szesz\u00e9lyess\u00e9g\u00e9re jellemz\u0151: a gy\u0151zelemre \u00e1ll\u00f3 Vasas v\u00e9g\u00fcl m\u00e9g pontot sem tudott szerezni, pedig azt felt\u00e9tlen\u00fcl meg\u00e9rdemelte volna.\u201d\r\n\r\n\u201eBiztos voltam abban, hogy ezt a m\u00e9rk\u0151z\u00e9st m\u00e1r elvesztett\u00fck\u201d \u2013 mondta <strong>Kisp\u00e9ter Mih\u00e1ly<\/strong>, a Honv\u00e9d edz\u0151je.\r\n\r\nA N\u00e9pszabads\u00e1g a piros-k\u00e9keket b\u00edr\u00e1lta: \u201eA Vasas 3-2-es vezet\u00e9sn\u00e9l \u00fagy \u00e9rezte, eld\u0151lt a m\u00e9rk\u0151z\u00e9s. Szentmih\u00e1lyi, aki addig v\u00e1logatott form\u00e1ban \u0151rizte kapuj\u00e1t, elk\u00f6vette azt a hib\u00e1t, hogy a megszerzett labd\u00e1kat nem igyekezett azonnal t\u00e1rsaihoz tov\u00e1bb\u00edtani, hanem j\u00e1tszadozott. Az id\u0151h\u00faz\u00e1s \u00e1tragadt a Vasas-v\u00e9d\u0151kre is, akik ahelyett, hogy el\u0151re r\u00fagt\u00e1k volna a labd\u00e1t, h\u00e1tul egym\u00e1snak adogattak. Ez megbosszulta mag\u00e1t. A Honv\u00e9d-labdar\u00fag\u00f3kban ugyanis m\u00e9g volt er\u0151tartal\u00e9k.\u201d\r\n\r\nA N\u00e9psport hathas\u00e1bos c\u00edme \u00edgy sz\u00f3lt: \u201eSzipork\u00e1z\u00f3 futballpar\u00e1d\u00e9 a N\u00e9pstadionban\u201d. Az \u00fajs\u00e1g a cikkben azt \u00edrta: \u201eA telt h\u00e1z, a tizenh\u00e1rom g\u00f3l, a remek akci\u00f3k, a pomp\u00e1s v\u00e9d\u00e9sek, nagyszer\u0171 l\u00e9tes\u00edtm\u00e9ny\u00fcnk eg\u00e9sz hangulata, k\u00fcl\u00f6n\u00f6sk\u00e9ppen az esti m\u00e9rk\u0151z\u00e9s eredm\u00e9ny\u00e9nek alakul\u00e1sa sok\u00e1ig felejthetetlen lesz azok sz\u00e1m\u00e1ra, akik ezen a forr\u00f3 ny\u00e1ri napon kiv\u00e1ndoroltak a N\u00e9pstadionba. Perzsel\u0151en t\u0171z\u00f6tt a nap, a beton is h\u0151s\u00e9get \u00e1rasztott mag\u00e1b\u00f3l, a verejt\u00e9kez\u0151 emberkar\u00e9jt m\u00e9g a csapatok izz\u00f3 k\u00fczdelme is hev\u00edtette, m\u00e9gis mindenki j\u00f3 sz\u00edvvel dacolt a k\u00e1nikul\u00e1val, s a t\u00f6bbs\u00e9g bizony\u00e1ra semmi p\u00e9nz\u00e9rt sem cser\u00e9lte volna fel a N\u00e9pstadion n\u00e9z\u0151ter\u00e9t a \u00bbmagyar tenger\u00ab partj\u00e1val. Mert lehet ugyan, hogy az eredm\u00e9nyek alakul\u00e1sa sokakra lehangol\u00f3an hatott, de a j\u00e1t\u00e9k, legal\u00e1bbis id\u0151nk\u00e9nt, mag\u00e1val ragad\u00f3 volt. Joggal lelkendezhettek az \u00dajpesti D\u00f3zsa \u00e9s a Bp. Honv\u00e9d h\u00edvei, \u00e1m a Ferencv\u00e1rosnak, s m\u00e9g ink\u00e1bb a Vasasnak is voltak olyan id\u0151szakai, amelyeket szurkol\u00f3ik \u00f6r\u00f6mmel nyugt\u00e1ztak \u00e9s tapssal jutalmaztak.\u201d\r\n\r\n[caption id=\"attachment_13472\" align=\"aligncenter\" width=\"440\"]<img class=\"wp-image-13472 size-central-twocol\" src=\"https:\/\/sport24.24.hu\/app\/uploads\/sites\/24\/2024\/07\/fortepan_261534-masolat-440x660.jpg\" alt=\"\" width=\"440\" height=\"660\" \/> Tichy Lajos, a Budapesti Honv\u00e9d SE csapat\u00e1nak labdar\u00fag\u00f3ja.[\/caption]\r\n\r\nEzzel egy\u00fctt a g\u00f3llist\u00e1t 21 g\u00f3llal vezet\u0151 Tichy a K\u00e9pes Sport \u0150k 33-an c\u00edm\u0171 rovat\u00e1ban, amely a fordul\u00f3k h\u00e1rom csapatra val\u00f3 legjobbjait sorakoztatta fel, nem kapott helyet! Az els\u0151 tizenegybe Bene, <strong>Kuharszki B\u00e9la<\/strong>, <strong>Z\u00e1mb\u00f3 S\u00e1ndor<\/strong> \u00e9s <strong>V\u00e1gi Istv\u00e1n<\/strong>, a m\u00e1sodikba Ih\u00e1sz, <strong>K\u00e9kesi Mih\u00e1ly<\/strong>, <strong>Nagy Gy\u00f6rgy<\/strong>, Komora, Solymosi \u00e9s Fenyvesi, a harmadikba<strong> G\u00e9czi Istv\u00e1n<\/strong>, Nov\u00e1k, Varga, V\u00e1rhidi, <strong>Lenkei S\u00e1ndor<\/strong>, <strong>Mihalecz Boldizs\u00e1r<\/strong> \u00e9s<strong> Nell Lajos<\/strong> ker\u00fclt be (17-en a 33-b\u00f3l.).\r\n\r\nA szerepl\u0151k meg\u00e9rdemlik, hogy felid\u00e9zz\u00fck a korszakos kett\u0151s rangad\u00f3 teljes jegyz\u0151k\u00f6nyv\u00e9t. \u00cdme:\r\n<div class=\"article_box_border\">\r\n<div class=\"article_solidheader\">\r\n<h2>A k\u00e9t m\u00e9rk\u0151z\u00e9s jegyz\u0151k\u00f6nyve<\/h2>\r\n<\/div>\r\n<strong>\u00daJPEST\u2013FTC 4-2 (3-2)<\/strong>\r\n\r\nN\u00e9pstadion, 85 000 n\u00e9z\u0151. Jv.: Sbardella (olasz).\r\n\r\n\u00dajpest: Csel\u00e9nyi \u2013 K\u00e1poszta, V\u00e1rhidi, Solymosi, S\u00f3v\u00e1ri \u2013 G\u00f6r\u00f6cs, Bors\u00e1nyi \u2013 Lenkei, Bene, Kuharszki, Z\u00e1mb\u00f3. Edz\u0151: Szusza Ferenc.\r\n\r\nFTC: G\u00e9czi \u2013 Nov\u00e1k, P\u00e1ncsics, Perecsi, Havasi \u2013 Orosz, R\u00e1kosi \u2013 M\u00e1trai, Varga, R\u00e1tkai, Fenyvesi. Edz\u0151: M\u00e9sz\u00e1ros J\u00f3zsef.\r\n\r\nG\u00f3l: Bene (5. \u00e9s 28. perc), Varga (15.), Fenyvesi (22.), V\u00e1rhidi (33., 11-esb\u0151l), Kuharszki (74.).\r\n\r\n&nbsp;\r\n\r\n<strong>HONV\u00c9D\u2013VASAS 4:3 (1:2)<\/strong>\r\n\r\nN\u00e9pstadion, 85 000 n\u00e9z\u0151. Jv.: Gere.\r\n\r\nHonv\u00e9d: Tak\u00e1cs \u2013 Marosi, Sipos, V\u00e1gi, Mihalecz \u2013 N\u00f3gr\u00e1di, Komora \u2013 Nagy Gy\u00f6rgy, Nagy Antal, Tichy, Katona. Edz\u0151: Kisp\u00e9ter Mih\u00e1ly.\r\n\r\nVasas: Szentmih\u00e1lyi \u2013 Ih\u00e1sz, M\u00e9sz\u00f6ly, Berendy, S\u00e1rosi \u2013 Nell, K\u00e9kesi \u2013 P\u00e1l II, Machos, Pusk\u00e1s, Mathesz. Edz\u0151: Noszkay Gyula.\r\n\r\nG\u00f3l: Pusk\u00e1s (15.), Komora (19.), Nell (21., 11-esb\u0151l), Nagy Gy\u00f6rgy (53.), Machos (69.), Tichy (87. \u00e9s 89.).\r\n\r\n<\/div>\r\nAzt megel\u0151z\u0151en 1960. m\u00e1jus 22-\u00e9n, az Albert k\u00e9t g\u00f3lj\u00e1val megnyert Magyarorsz\u00e1g\u2013Anglia m\u00e9rk\u0151z\u00e9sen (2-0) tolongtak oly sokan \u2013 pontosabban \u00f6tezerrel t\u00f6bben, 90 ezren \u2013 a N\u00e9pstadion lel\u00e1t\u00f3in.\r\n\r\nMind a vonzer\u0151\u00e9rt, mind a j\u00e1t\u00e9k\u00e9rt n\u00e9gy \u00e9vvel k\u00e9s\u0151bb is jogos volt a sz\u00e9p volt, fi\u00fak!","type":"rich","thumbnail_url":"https:\/\/s.24.hu\/app\/uploads\/sites\/24\/2024\/07\/sportkonyvek_319-1601935036__pages137-137-150x150.jpg","thumbnail_width":150,"thumbnail_height":150}