{"version":"1.0","provider_name":"Sport24","provider_url":"https:\/\/sport24.24.hu","author_name":"Fut\u00f3 Csaba","author_url":"https:\/\/sport24.24.hu\/author\/futocs\/","title":"A m\u00e1sodoszt\u00e1lyb\u00f3l is vezet \u00fat az angol v\u00e1logatott Eb-keret\u00e9ig","html":"<strong>Adam Wharton<\/strong> tavaly ilyenkor a Blackburn Rovers j\u00e1t\u00e9kosak\u00e9nt \u00e9lvezhette meg\u00e9rdemelt pihen\u00e9s\u00e9t els\u0151 feln\u0151tt id\u00e9nye ut\u00e1n: a klub saj\u00e1t nevel\u00e9s\u0171 j\u00e1t\u00e9kosa remek\u00fcl mutatkozott be tizennyolc \u00e9vesen a nagycsapatban, \u00e9s egy\u00e9rtelm\u0171 volt, hogy a tehets\u00e9ges k\u00f6z\u00e9pp\u00e1ly\u00e1s sokra hivatott. Arra azonban val\u00f3sz\u00edn\u0171leg nem sokan sz\u00e1m\u00edtottak, hogy egy \u00e9vvel k\u00e9s\u0151bb Wharton m\u00e1r az angol v\u00e1logatott keret tagjak\u00e9nt k\u00e9sz\u00fclhet a n\u00e9metorsz\u00e1gi Eur\u00f3pa-bajnoks\u00e1gra.\r\n\r\n<span class=\"highlight-block\">S\u0151t, ha \u0151szint\u00e9k akarunk lenni, m\u00e9g id\u00e9n febru\u00e1rban sem utaltak erre jelek,<\/span>\r\n\r\namikor Wharton a gyeng\u00e9lked\u0151 Crystal Palace-ban bemutatkozott a Premier League-ben: a k\u00f6z\u00e9pp\u00e1ly\u00e1s cserek\u00e9nt \u00e1llt be a nagy riv\u00e1lis Brighton elleni meccsen, majd r\u00f6gt\u00f6n \u00f6ssze is hozott egy g\u00f3lt az ellenf\u00e9lnek, null-h\u00e1romra alak\u00edtva ezzel az \u00e1ll\u00e1st. Az\u00f3ta viszont Wharton nem tud hib\u00e1zni: az id\u0151k\u00f6zben edz\u0151t cser\u00e9l\u0151 Palace megt\u00e1ltosodott, amiben f\u0151szerepet v\u00e1llalt a fiatal k\u00f6z\u00e9pp\u00e1ly\u00e1s is, akit m\u00e1rciusban el\u0151sz\u00f6r m\u00e9g az U20-as v\u00e1logatottba h\u00edvtak meg, de m\u00e9g ugyanazon a h\u00e9ten feljebb l\u00e9phetett az U21-esekhez, \u00e9s miut\u00e1n folyamatosan szenz\u00e1ci\u00f3san futballozott, egyre t\u00f6bben pedzegett\u00e9k, hogy ak\u00e1r m\u00e9g a nagyokhoz is bef\u00e9rne.\r\n\r\nA rendre konzervativizmussal \u00e9s a bev\u00e1lt j\u00e1t\u00e9kosaihoz val\u00f3 t\u00falzott lojalit\u00e1ssal v\u00e1dolt kapit\u00e1ny, <strong>Gareth Southgate<\/strong> azt\u00e1n a kritikusaira r\u00e1c\u00e1folva Whartont is megh\u00edvta az Eb-re k\u00e9sz\u00fcl\u0151 b\u0151 keretbe, majd miut\u00e1n sikerrel mutatkozott be Bosznia-Hercegovina ellen a csapatban, t\u00fal\u00e9lte a keretsz\u0171k\u00edt\u00e9st is. Adam Wharton ott van a 26-os angol keretben, \u00e9s ugyan kezdeni v\u00e9lhet\u0151en nem fog az els\u0151 meccsen, k\u00f6nnyen el\u0151fordulhat, hogy m\u00e9g a torna alatt beverekszi mag\u00e1t a kezd\u0151csapatba is.\r\n\r\n<img class=\"alignnone size-full wp-image-13030\" src=\"https:\/\/sport24.24.hu\/app\/uploads\/sites\/24\/2024\/06\/wharton.jpg\" alt=\"\" width=\"3500\" height=\"2500\" \/>\r\n\r\nT\u00e9ny, hogy Whartonnak abb\u00f3l a szempontb\u00f3l szerencs\u00e9je is van, hogy ahol \u0151 j\u00e1tszik, az r\u00e9g\u00f3ta hi\u00e1nyposzt Angli\u00e1ban, mert sok\u00e1ig nem siker\u00fclt kinevelni olyan k\u00f6z\u00e9pp\u00e1ly\u00e1sokat, akik visszavontan j\u00e1tszanak ugyan, \u00e9s k\u00e9pesek ell\u00e1tni a sz\u00fcks\u00e9ges v\u00e9d\u0151munk\u00e1t is, de k\u00f6zben t\u00f6k\u00e9letesen passzolnak, labdabiztosak \u00e9s gyakorlatilag mozgatj\u00e1k a csapatot. M\u00edg p\u00e9ld\u00e1ul t\u00e1mad\u00f3 k\u00f6z\u00e9pp\u00e1ly\u00e1sb\u00f3l t\u00falteng\u00e9s van, \u00e9s olyan j\u00e1t\u00e9kosok maradtak ki a keretb\u0151l, mint <strong>Jack Grealish<\/strong> vagy <strong>James Maddison<\/strong>, addig eggyel h\u00e1tr\u00e9bb m\u00e1r m\u00e1s a helyzet, pl\u00e1ne, ami\u00f3ta <strong>Kalvin Phillips<\/strong> form\u00e1ja a Cityhez igazolva dr\u00e1maian visszaesett. \u00cdgy ker\u00fclhetett \u201egyors\u00edtott elj\u00e1r\u00e1sban\u201d a keretbe Wharton, aki term\u00e9szetes partnere lehetne a labdaszerz\u0151, box-to-box k\u00f6z\u00e9pp\u00e1ly\u00e1s <strong>Declan Rice-nak<\/strong>, csak \u00e9ppen a tapasztalatlans\u00e1ga miatt egyel\u0151re val\u00f3sz\u00edn\u0171bbnek t\u0171nik, hogy Southgate <strong>Trent Alexander-Arnoldot<\/strong> tolja fel a k\u00f6z\u00e9pp\u00e1ly\u00e1ra, vagy a megb\u00edzhat\u00f3 <strong>Conor Gallagher<\/strong> kap lehet\u0151s\u00e9get. De a keretben imm\u00e1r Wharton is ott van.\r\n<blockquote>Nyilv\u00e1nval\u00f3an j\u00f3l b\u00e1nik a labd\u00e1val is, de igaz\u00e1n az keltette fel a figyelm\u00fcnket, ahogyan \u00e1tveszi \u00e9s j\u00e1ratja a labd\u00e1t<\/blockquote>\r\n\u2013 indokolta bev\u00e1logat\u00e1s\u00e1t Southgate. T\u00e9nyleg az a k\u00f6nnyeds\u00e9g a legszembet\u0171n\u0151bb Wharton j\u00e1t\u00e9k\u00e1ban, ahogy egyb\u0151l k\u00e9pes megj\u00e1tszani a csapatt\u00e1rsait, legyenek azok harminc-negyvenm\u00e9teres, hajsz\u00e1lpontos labd\u00e1k, vagy \u00e9ppen kiv\u00e1l\u00f3 \u00fctem\u0171 r\u00f6vid passzok. Nem v\u00e9letlen\u00fcl emlegetik ma m\u00e1r olyan klubokkal \u00f6sszef\u00fcgg\u00e9sben a nev\u00e9t, mint a Bayern vagy a Manchester City.\r\n\r\nWharton vill\u00e1mgyors felemelked\u00e9s\u00e9hez persze az is kellett, hogy <strong>Oliver Glasner<\/strong> alatt felt\u00e1madjon hamvaib\u00f3l a Crystal Palace, ahonnan <strong>Marc Gu\u00e9hi<\/strong>, <strong>Eberechi Eze<\/strong> \u00e9s a kapus <strong>Dean Henderson<\/strong> is ott lesz az angol v\u00e1logatott sz\u00edneiben az Eb-n. \u00c9s m\u00e9g csak nem is Wharton az els\u0151, akit a klub a m\u00e1sodoszt\u00e1lyb\u00f3l hozott el: a szint\u00e9n pazar form\u00e1ban futballoz\u00f3, technik\u00e1s Eze a QPR, m\u00edg a hozz\u00e1 hasonl\u00f3an szint\u00e9n nagycsapatok \u00e1ltal ostromlott <strong>Michael Olise<\/strong> a Reading csapat\u00e1b\u00f3l \u00e9rkezett, hogy azt\u00e1n a Palace sz\u00edneiben n\u0151je ki mag\u00e1t igaz\u00e1n.\r\n\r\nA Palace azonban ink\u00e1bb kisebbs\u00e9gben van ezzel, a Premier League-csapatok t\u00f6bbs\u00e9ge ugyanis tov\u00e1bbra is f\u0151k\u00e9nt k\u00fclf\u00f6ldr\u0151l igazol, pedig az angol m\u00e1sod-harmadvonalban is egyre jobb min\u0151s\u00e9g\u0171 nevel\u0151munka folyik, amit mindenn\u00e9l jobban illusztr\u00e1l a t\u00e9ny, hogy a Bosznia-Hercegovin\u00e1t legy\u0151z\u0151 angol csapatban p\u00e1ly\u00e1ra l\u00e9p\u0151 tizenh\u00e9t j\u00e1t\u00e9kosb\u00f3l tizen\u00f6t (!) j\u00e1tszott kor\u00e1bban az EFL-ben is (az English Football League r\u00f6vid\u00edt\u00e9se, mely az angol labdar\u00fag\u00f3 ligarendszer m\u00e1sodik, harmadik \u00e9s negyedik oszt\u00e1lyait \u00f6leli fel). K\u00f6z\u00fcl\u00fck persze t\u00f6bben csak k\u00f6lcs\u00f6nben j\u00e1tszottak als\u00f3bb oszt\u00e1lyokban, de p\u00e9ld\u00e1ul <strong>Jarrod Bowen<\/strong> (Hull),<strong> Ollie Watkins<\/strong> (Exeter), <strong>John Stones<\/strong> (Barnsley) vagy<strong> Ivan Toney<\/strong> (Northampton) egy\u00e9rtelm\u0171en az EFL sikert\u00f6rt\u00e9netei, nem besz\u00e9lve a Birmingham Cityb\u0151l indul\u00f3 <strong>Jude Bellinghamr\u0151l<\/strong>.\r\n\r\n<span class=\"highlight-block-small\">Tehets\u00e9geknek most sincs h\u00edj\u00e1n az EFL, n\u00e9zz\u00fck teh\u00e1t azokat az angol fiatalokat, akik a nyomdokaikba l\u00e9phetnek!<\/span>\r\n<div class=\"payable-content-section\"><\/div>\r\n<h3>Jack Clarke (Sunderland)<\/h3>\r\n\u00d6t \u00e9vvel ezel\u0151tt \u00fagy t\u0171nt, <strong>Jack Clarke<\/strong> vill\u00e1mh\u00e1bor\u00faval veszi be a Premier League-et: a Leeds tin\u00e9dzser sz\u00e9ls\u0151j\u00e9t <strong>Marcelo Bielsa<\/strong> dobta be a m\u00e9lyv\u00edzbe, \u00e9s nagyszer\u0171 teljes\u00edtm\u00e9nye l\u00e1tt\u00e1n a Tottenham meg is v\u00e1s\u00e1rolta. Ez azonban nem volt j\u00f3 d\u00f6nt\u00e9s, Clarke nem kapott lehet\u0151s\u00e9get a nagyokn\u00e1l, ink\u00e1bb folyton k\u00f6lcs\u00f6nadt\u00e1k, m\u00edgnem az akkor m\u00e9g harmadoszt\u00e1ly\u00fa Sunderlandn\u00e9l v\u00e9gre megtal\u00e1lta mag\u00e1t, pl\u00e1ne, miut\u00e1n a klub meg is v\u00e1s\u00e1rolta a Spurst\u0151l. A balsz\u00e9ls\u0151 egy oszt\u00e1llyal feljebb is hozta a form\u00e1j\u00e1t, s\u0151t, a mostani id\u00e9nyben m\u00e1r a Championship egyik legvesz\u00e9lyesebb j\u00e1t\u00e9kos\u00e1v\u00e1 n\u0151tte ki mag\u00e1t, sok\u00e1ig vezette a g\u00f3ll\u00f6v\u0151list\u00e1t is, \u00e1m az \u00e1lland\u00f3 edz\u0151cser\u00e9k \u00e9s egy s\u00e9r\u00fcl\u00e9s miatt az id\u00e9ny m\u00e1sodik fele m\u00e1r nem siker\u00fclt annyira j\u00f3l. A m\u00e9g mindig csak 23 \u00e9ves Clarke-ot t\u00f6bb csapattal is h\u00edrbe hozt\u00e1k, \u00e9s a t\u00e1voz\u00e1sa biztosra vehet\u0151, a k\u00e9rd\u00e9s csak az, hol fog kik\u00f6tni a ny\u00e1ron.\r\n\r\n[caption id=\"attachment_13031\" align=\"alignnone\" width=\"4522\"]<img class=\"size-full wp-image-13031\" src=\"https:\/\/sport24.24.hu\/app\/uploads\/sites\/24\/2024\/06\/jack-clarke.jpg\" alt=\"\" width=\"4522\" height=\"3033\" \/> Jack Clarke[\/caption]\r\n<h3>Tom Fellows (West Bromwich Albion)<\/h3>\r\nClarke-hoz hasonl\u00f3an <strong>Tom Fellows<\/strong> is egy r\u00e9gi v\u00e1g\u00e1s\u00fa sz\u00e9ls\u0151, aki az alapvonal mellett rohang\u00e1lva hozza zavarba az ellenf\u00e9l v\u00e9d\u0151it, \u00e1m mindezt kiemelked\u0151 hat\u00e9konys\u00e1ggal teszi. Fellows rendk\u00edv\u00fcl gyors, jobbn\u00e1l jobb labd\u00e1kkal t\u00f6mi a bead\u00e1saira \u00e9rkez\u0151 csapatt\u00e1rsait, \u00e9s az id\u00e9n verekedte be mag\u00e1t a kezd\u0151csapatba. A h\u00fasz\u00e9ves j\u00e1t\u00e9kos hamar a West Brom er\u0151ss\u00e9g\u00e9v\u00e9 n\u0151tte ki mag\u00e1t, bemutatkozott az U20-as v\u00e1logatottban is, \u00e9s nem v\u00e9letlen, hogy m\u00e1r most arr\u00f3l sz\u00f3lnak a h\u00edrek, hogy Fellows\u00e9rt bejelentkezhet t\u00f6bb \u00e9lvonalbeli csapat is a ny\u00e1ron.\r\n<h3>Archie Gray (Leeds)<\/h3>\r\nA m\u00e9g mindig csak 18 \u00e9ves k\u00f6z\u00e9pp\u00e1ly\u00e1s a most v\u00e9get \u00e9rt id\u00e9ny egyik nagy felfedezettje, noha m\u00e1r \u00e9vek \u00f3ta emlegett\u00e9k a nev\u00e9t azok, akik otthon vannak a koroszt\u00e1lyos futballban.\r\n\r\n<span class=\"highlight-block-small\"><strong>Archie Gray-t<\/strong> m\u00e1r 15 \u00e9ves kor\u00e1ban le\u00fcltette a nagycsapat kispadj\u00e1ra Marcelo Bielsa, k\u00e9t \u00e9vvel k\u00e9s\u0151bb pedig \u00e1lland\u00f3 kezd\u0151j\u00e1t\u00e9kos lett.<\/span>\r\n\r\nEkkor m\u00e1r <strong>Daniel Farke<\/strong> \u00fclt a Leeds kispadj\u00e1n, aki gyakran jobbh\u00e1tv\u00e9dk\u00e9nt k\u00fcldte a p\u00e1ly\u00e1ra. Gray ezen a poszton is bizony\u00edtott ugyan, a j\u00f6v\u0151je viszont egy\u00e9rtelm\u0171en a k\u00f6z\u00e9pp\u00e1ly\u00e1n van, hiszen t\u00e9nyleg a j\u00e1t\u00e9k minden elem\u00e9ben kiemelked\u0151, nem v\u00e9letlen\u00fcl \u0151 lett a Championship legjobb fiatal j\u00e1t\u00e9kosa az id\u00e9n. Nyilv\u00e1nval\u00f3an sok csapat szeretn\u00e9 megszerezni, de Gray ezer sz\u00e1llal k\u00f6t\u0151dik a klubhoz, h\u00e1rom felmen\u0151je is j\u00e1tszott a Leeds Unitedban, ez\u00e9rt elk\u00e9pzelhet\u0151, hogy m\u00e9g egy szezon erej\u00e9ig legal\u00e1bb marad a klubban. Az biztos, hogy ideje m\u00e9g van.\r\n<h3>Jacob Greaves (Hull)<\/h3>\r\nA Hull saj\u00e1t nevel\u00e9s\u0171 j\u00e1t\u00e9kosa remek id\u00e9nyt tudhat maga m\u00f6g\u00f6tt, amit azzal jutalmaztak, hogy klubj\u00e1ban az \u00e9v j\u00e1t\u00e9kos\u00e1nak v\u00e1lasztott\u00e1k, \u00e9s beker\u00fclt az \u00e9v csapat\u00e1ba is a Championshipben. <strong>Jacob Greaves<\/strong> ugyan m\u00e9g csak 23 \u00e9ves, de m\u00e1r t\u00fal van a k\u00e9tsz\u00e1z feln\u0151tt meccsen, \u00e9s a j\u00e1t\u00e9ka is egy \u00e9rett futballist\u00e1t mutat: a 193 centi magas, ball\u00e1bas k\u00f6z\u00e9ph\u00e1tv\u00e9d nemcsak a v\u00e9d\u0151munk\u00e1j\u00e1val emelkedik ki, hanem a t\u00e1mad\u00e1sokhoz is rendszeresen fell\u00e9p, \u00e9s semmi meglep\u0151 nincs abban, hogy ma m\u00e1r olyan klubokkal hozz\u00e1k kapcsolatba, mint a Tottenham vagy az Everton.\r\n<h3>Hayden Hackney (Middlesbrough)<\/h3>\r\n<strong>Hayden Hackney<\/strong> a p\u00e9lda r\u00e1, hogy mennyit sz\u00e1m\u00edt az edz\u0151 szem\u00e9lye: a Boro saj\u00e1t nevel\u00e9s\u0171 k\u00f6z\u00e9pp\u00e1ly\u00e1sa az els\u0151 csapat perememberek\u00e9nt veget\u00e1lt <strong>Michael Carrick<\/strong> \u00e9rkez\u00e9se el\u0151tt, az \u00faj edz\u0151 azonban egyb\u0151l a kezd\u0151csapatba tette Hackney-t, akib\u0151l gyorsan alapember is lett a csapat\u00e1ban. S\u0151t, tavaly m\u00e1r az angol U21-es v\u00e1logatottba is beh\u00edv\u00f3t kapott, \u00e9s ha az id\u00e9ny m\u00e1sodik fel\u00e9t nem cs\u00faf\u00edtja el egy makacs s\u00e9r\u00fcl\u00e9s, akkor v\u00e9lhet\u0151en m\u00e9g t\u00f6bbet hallan\u00e1nk a nev\u00e9t. A legink\u00e1bb m\u00e9lys\u00e9gi ir\u00e1ny\u00edt\u00f3k\u00e9nt j\u00e1tsz\u00f3 Hackney most lesz 22 \u00e9ves, \u00e9s Carrick \u00e9rthet\u0151en ragaszkodna hozz\u00e1, \u00e1m a klub egy nagyobb \u00f6sszeg\u00e9rt cser\u00e9be feltehet\u0151en hajland\u00f3 lenne lemondani r\u00f3la.\r\n<h3>Callum O\u2019Hare (Coventry)<\/h3>\r\nA Coventry 10-ese r\u00e9m peches j\u00e1t\u00e9kos: m\u00e1r a Championship figyelemre m\u00e9lt\u00f3 j\u00e1t\u00e9kosai k\u00f6z\u00f6tt jegyezt\u00e9k, amikor 2022-ben \u2013 eleve egy hosszabb s\u00e9r\u00fcl\u00e9s ut\u00e1n visszat\u00e9rve \u2013 egy keresztszalag-szakad\u00e1s miatt csaknem egy teljes \u00e9vre kiesett. <strong>O\u2019Hare<\/strong> azonban teljesen fel\u00e9p\u00fclt, olyannyira, hogy a Coventry kupamenetel\u00e9s\u00e9ben is nagy r\u00e9szt v\u00e1llalt. Az Aston Vill\u00e1ban nevelkedett j\u00e1t\u00e9kos a Coventryben val\u00f3di szt\u00e1r lett, aki r\u00e1ad\u00e1sul m\u00e1r jelezte, hogy nem hosszabb\u00edtja meg az id\u00e9n ny\u00e1ron lej\u00e1r\u00f3 szerz\u0151d\u00e9s\u00e9t, \u00edgy ingyen szerz\u0151dtethet\u0151. K\u00f6nnyen lehet, hogy \u0151sszel m\u00e1r egy oszt\u00e1llyal feljebb l\u00e1thatjuk viszont.\r\n\r\n[caption id=\"attachment_13032\" align=\"alignnone\" width=\"5464\"]<img class=\"size-full wp-image-13032\" src=\"https:\/\/sport24.24.hu\/app\/uploads\/sites\/24\/2024\/06\/callum-ohare.jpg\" alt=\"\" width=\"5464\" height=\"3643\" \/> Callum O'Hare \u00e9pp egy g\u00f3lt eredm\u00e9nyez\u0151 l\u00f6v\u00e9st ereszt el a Manchester United elleni FA Kupa-el\u0151d\u00f6nt\u0151ben.[\/caption]\r\n<h3>Anthony Patterson (Sunderland)<\/h3>\r\nAz el\u0151z\u0151 \u00e9vtizedben m\u00e1r kinevelt a Sunderland egy angol v\u00e1logatott kapust: <strong>Jordan Pickford<\/strong> azt\u00e1n az Evertonhoz igazolva lett ismert futballista, most pedig a klub \u00fajabb saj\u00e1t nevel\u00e9s\u0171 kapus\u00e1t ker\u00fclgetik az els\u0151 oszt\u00e1ly\u00fa csapatok. <strong>Anthony Patterson<\/strong> ugyan m\u00e1r nem annyira fiatal, mint Pickford volt az eligazol\u00e1sakor, de m\u00e9g mindig csak 24 \u00e9ves, ami ugye kapusokn\u00e1l m\u00e9g a karrier kezdete, neki pedig m\u00e1r t\u00f6bb mint sz\u00e1z meccs tapasztalata van a birtok\u00e1ban. Patterson alapember a Sunderlandn\u00e9l, de sajt\u00f3h\u00edrek szerint lehet, hogy megfelel\u0151 aj\u00e1nlat eset\u00e9n p\u00e9nzz\u00e9 tenn\u00e9k, \u00e9s aj\u00e1nlatokban \u00e1ll\u00edt\u00f3lag nincs hi\u00e1ny.\r\n<h3>Jaden Philogene (Hull)<\/h3>\r\nA Hull sz\u00e9ls\u0151je id\u00e9n febru\u00e1rban azzal ker\u00fclt a vil\u00e1gsajt\u00f3ba, hogy Pusk\u00e1s-d\u00edjra m\u00e9lt\u00f3 rabona-g\u00f3lt szerzett a Rotherham ellen,\r\n\r\n<span class=\"highlight-block-small\">pedig <strong>Jaden Philogene<\/strong> az eg\u00e9sz id\u00e9nyben fantasztikusan futballozott.<\/span>\r\n\r\nhttps:\/\/www.youtube.com\/watch?v=OsMP28WmO1o&amp;ab_channel=MarkAbblett\r\n\r\nAz Aston Villa nevel\u00e9s\u00e9nek sok m\u00e1s j\u00e1t\u00e9koshoz hasonl\u00f3an egy oszt\u00e1llyal lejjebb kellett mennie, hogy megmutathassa, mit tud, a Hulln\u00e1l pedig megkapta a lehet\u0151s\u00e9get, \u00e9s \u00e9lt is vele. A technik\u00e1s sz\u00e9ls\u0151 tizenk\u00e9t g\u00f3lt szerzett az id\u00e9nyben, alapember lett az angol U21-es csapatban, \u00e9s nagyon meg lenn\u00e9nk lepve, ha a k\u00f6vetkez\u0151 szezont is a Championshipben kezden\u00e9.\r\n<h3>Jonathan Rowe (Norwich)<\/h3>\r\nA Kan\u00e1rik sz\u00e9ls\u0151je m\u00e1r egy ideje ott toporgott a partvonalon, miel\u0151tt az id\u00e9n v\u00e9gre megkapta az es\u00e9lyt, \u00e9s egyb\u0151l \u00e9lni is tudott vele. Hi\u00e1ba sz\u00e1m\u00edtott a saj\u00e1t nevel\u00e9s\u0171 j\u00e1t\u00e9kos nagy tehets\u00e9gnek, \u00e9s mutatkozott be m\u00e9g 18 \u00e9vesen a Premier League-ben, <strong>Rowe<\/strong> sok\u00e1ig csak percekig jutott a nagyokn\u00e1l, \u00e9s el\u0151sz\u00f6r ebben a szezonban kapott igaz\u00e1n lehet\u0151s\u00e9get. Id\u00e9n azt\u00e1n a szezon els\u0151 \u00f6t meccs\u00e9n \u00f6t g\u00f3llal h\u00e1l\u00e1lta meg <strong>David Wagner<\/strong> bizalm\u00e1t, \u00e9s onnant\u00f3l m\u00e1r nem volt k\u00e9rd\u00e9s, hogy a g\u00f3ler\u0151s, sz\u00e9lv\u00e9szgyors j\u00e1t\u00e9kosnak helye van a Norwich kezd\u0151j\u00e9ben. Igaz, s\u00e9r\u00fcl\u00e9s miatt az id\u00e9ny utols\u00f3 harmad\u00e1ban keveset j\u00e1tszott, \u00e1m \u00edgy is beverekedte mag\u00e1t az angol U21-es v\u00e1logatottba, \u00e9s beker\u00fclt a neve a j\u00e1t\u00e9kosmegfigyel\u0151k oly sokat emlegetett notesz\u00e1ba.\r\n<h3>Ben Sheaf (Coventry)<\/h3>\r\nEr\u0151sen vitathat\u00f3, hogy a k\u00f6z\u00e9pp\u00e1ly\u00e1s nevezhet\u0151-e m\u00e9g fiatal focist\u00e1nak, de k\u00f6nnyed\u00e9n lehet bel\u0151le a k\u00f6vetkez\u0151 j\u00e1t\u00e9kos, aki a Championshipb\u0151l h\u00f3d\u00edtja meg a Premier League-et. <strong>Ben Sheaf<\/strong> ugyan Arsenal-nevel\u00e9s volt, de hossz\u00fa ideig nem tal\u00e1lta a hely\u00e9t, miel\u0151tt n\u00e9gy \u00e9ve a Coventry szerz\u0151dtette volna. <strong>Mark Robins<\/strong> ir\u00e1ny\u00edt\u00e1sa alatt azonban Sheaf kivir\u00e1gzott, \u00e9s ma m\u00e1r a liga legjobb v\u00e9dekez\u0151 k\u00f6z\u00e9pp\u00e1ly\u00e1sak\u00e9nt emlegetik, aki a Manchester United elleni FA-kupa el\u0151d\u00f6nt\u0151n is a mez\u0151ny legjobbjai k\u00f6z\u00e9 tartozott. Olyannyira, hogy a pletyk\u00e1k szerint a United is fontolgatja a szerz\u0151dtet\u00e9s\u00e9t \u2013 ez ugyan er\u0151s t\u00falz\u00e1snak t\u0171nik, de arra nem l\u00e1tunk okot, hogy a t\u00e1bl\u00e1zat als\u00f3 fel\u00e9hez tartoz\u00f3 csapatok valamelyik\u00e9ben Sheaf ne lehetne alapember.","type":"rich","thumbnail_url":"https:\/\/s.24.hu\/app\/uploads\/sites\/24\/2024\/06\/adam-wharton-150x150.jpg","thumbnail_width":150,"thumbnail_height":150}