{"version":"1.0","provider_name":"Sport24","provider_url":"https:\/\/sport24.24.hu","author_name":"Fut\u00f3 Csaba","author_url":"https:\/\/sport24.24.hu\/author\/futocs\/","title":"Kele J\u00e1nos h\u00edrlevele: ki az Eb legnagyobb es\u00e9lyese?","html":"Egy h\u00e9t sincs m\u00e1r h\u00e1tra a n\u00e9metorsz\u00e1gi labdar\u00fag\u00f3 Eur\u00f3pa-bajnoks\u00e1g rajtj\u00e1ig, a frontvonalak egyenesednek, lassan mindenki a felk\u00e9sz\u00fcl\u00e9s finis\u00e9be \u00e9r, lej\u00e1tssz\u00e1k az utols\u00f3 felk\u00e9sz\u00fcl\u00e9si m\u00e9rk\u0151z\u00e9seket, nyilv\u00e1noss\u00e1 lesznek a v\u00e9gleges keretek, nek\u00fcnk pedig ideje megbar\u00e1tkoznunk az \u00e9rz\u00e9ssel, hogy enn\u00e9l tiszt\u00e1bban az els\u0151 s\u00edpsz\u00f3 felharsan\u00e1s\u00e1ig m\u00e1r nem fogunk l\u00e1tni. Ha valamikor, h\u00e1t most van \u00e9rtelme es\u00e9lyeket latolgatni, osztani-szorozni, j\u00f3solni \u00e9s tippelni, de legal\u00e1bbis nagy k\u00f6rvonalakban megbecs\u00fclni, kit\u0151l, mit v\u00e1runk, kit, mihez m\u00e9r\u00fcnk, hogy azt\u00e1n majd \u2013 az Eur\u00f3pa-bajnoks\u00e1gok j\u00f3 szok\u00e1s\u00e1hoz h\u00edven \u2013 legyen min meglep\u0151dn\u00fcnk, h\u00fcledezn\u00fcnk, csod\u00e1lkoznunk.\r\n\r\nA c\u00edm azt \u00edg\u00e9ri, el\u00e1rulom, ki a ny\u00e1ri Eb legnagyobb es\u00e9lyese. Meg is fogom tenni, de nem eszik ilyen forr\u00f3n a k\u00e1s\u00e1t, menj\u00fcnk el\u0151bb v\u00e9gig a k\u00e9pzeletbeli er\u0151sorrend m\u00e1sik kilenc legjobb szerepl\u0151j\u00e9n \u2013 \u00edme, a 2024-es Eur\u00f3pa-bajnoks\u00e1g power rankingje:\r\n<div class=\"payable-content-section\"><\/div>\r\n<h2>10. Ausztria<\/h2>\r\n<strong>Sz\u00f6vets\u00e9gi kapit\u00e1ny:<\/strong> Ralf Rangnick (n\u00e9met)\r\n\r\n<strong>V\u00e1rhat\u00f3 kezd\u0151csapat:<\/strong> Pentz \u2013 Posch, Lienhart, Danso, Prass\/Mwene \u2013 Laimer, Seiwald \u2013 Schmid\/Wimmer, Baumgartner, Sabitzer \u2013 Gregoritsch\/Arnautovic.\r\n\r\n<strong>Franco Foda<\/strong> alapvet\u0151en defenz\u00edv iskol\u00e1ja m\u00e1r a m\u00falt\u00e9, ez itt egy igazi, t\u0151r\u0151l metszett gegenpressing-v\u00e1logatott: fut, mint a ny\u00fal, percnyi nyugtot sem hagy az ellenf\u00e9lnek a labd\u00e1val, nyom, pr\u00e9sel, \u00fctk\u00f6zik \u2013 \u00e9s mostans\u00e1g nyer, ak\u00e1r a g\u00e9p. <strong>Ralf Rangnick<\/strong> klubedz\u0151k\u00e9nt \u00e9s rem\u00e9nybeli sportigazgat\u00f3k\u00e9nt hatalmasat perecelt a Manchester Unitedn\u00e9l, az osztr\u00e1k kispadot viszont neki tal\u00e1lt\u00e1k ki, a keret tele tapasztalt \u00e9s tehets\u00e9ges Bundesliga-j\u00e1t\u00e9kosokkal, vil\u00e1gszt\u00e1r eg\u00f3kat viszont nem kell menedzselnie (<strong>Arnautovic<\/strong> t\u00fal a karrierje zenitj\u00e9n, <strong>Alaba<\/strong> s\u00e9r\u00fcl\u00e9s miatt hi\u00e1nyzik), \u00e9s hogy ezt mennyire j\u00f3l csin\u00e1lja, azt semmi nem mutatja jobban ann\u00e1l, minthogy a kinevez\u00e9se ut\u00e1ni els\u0151 meccs\u00e9n m\u00e9g az \u00fcress\u00e9gt\u0151l kong\u00f3 Ernst Happel Stadionba a legut\u00f3bbi osztr\u00e1k meccsekre m\u00e1r csak \u00fcz\u00e9rekt\u0151l lehetett jegyet szerezni. 2022 szeptembere \u00f3ta minden meccs\u00fck\u00f6n r\u00fagtak g\u00f3lt \u2013 a legut\u00f3bbi 16-on 34-et \u2013, rendre m\u00e1r a m\u00e9rk\u0151z\u00e9sek elej\u00e9n az \u0151r\u00fcletbe kergetik az ellenfeleket (a szlov\u00e1koknak 6, a t\u00f6r\u00f6k\u00f6knek 103 m\u00e1sodperc eltelt\u00e9vel k\u00f6sz\u00f6ntek be), \u00e9s olyan sokoldal\u00fa, flexibilis, elny\u0171hetetlen j\u00e1t\u00e9kosokkal a soraikban sarabolnak, mint <strong>Wimmer<\/strong> (Wolfsburg), <strong>Baumgartner<\/strong> (Leipzig),<strong> Laimer<\/strong> (Bayern), <strong>Gregoritsch<\/strong> (Freiburg), <strong>Posch<\/strong> (Bologna), vagy \u00e9ppen <strong>Sabitzer<\/strong> (Dortmund).\r\n<h2>9. Ukrajna<\/h2>\r\n<strong>Sz\u00f6vets\u00e9gi kapit\u00e1ny:<\/strong> Szerhij Rebrov (ukr\u00e1n)\r\n\r\n<strong>V\u00e1rhat\u00f3 kezd\u0151cspat:<\/strong> Lunyin \u2013 Zabarnyij, Matvienko, Svatok \u2013 Konoplja, Stepanenko, Saparenko, Zincsenko \u2013 Cigankov, Dovbik, Mudrik.\r\n\r\nAz edz\u0151t ismerj\u00fck \u2013 <strong>Szerhij Rebrov<\/strong> k\u00e9rlelhetetlen akkur\u00e1tuss\u00e1g\u00e1t, fegyelmezetts\u00e9g\u00e9t, taktikai felk\u00e9sz\u00fclts\u00e9g\u00e9t az\u00f3ta is visszas\u00edrj\u00e1k a Ferencv\u00e1rosn\u00e1l \u2013, a keretet tal\u00e1n kev\u00e9sb\u00e9, de az Eb ut\u00e1n j\u00f3 es\u00e9llyel ez ut\u00f3bbi is megv\u00e1ltozik majd.\r\n\r\n<span class=\"highlight-block-small\">Az ukr\u00e1nok m\u00e1r az el\u0151z\u0151 Eb-n is a jobb csapatok k\u00f6z\u00e9 tartoztak, be is mentek a nyolc k\u00f6z\u00e9 <strong>Andrij Sevcsenk\u00f3val<\/strong> a kispadon, az\u00f3ta pedig a keret\u00fck csak er\u0151sebb\/fiatalabb lett, nem besz\u00e9lve arr\u00f3l, hogy topkateg\u00f3ri\u00e1s edz\u0151 vezeti majd \u0151ket csat\u00e1ba.<\/span>\r\n\r\n<img class=\"alignnone size-full wp-image-12991\" src=\"https:\/\/sport24.24.hu\/app\/uploads\/sites\/24\/2024\/06\/rebrov.jpg\" alt=\"\" width=\"3500\" height=\"2334\" \/>\r\n\r\nA selejtez\u0151k\u00f6n annak ellen\u00e9re \u00e1lltak helyt pazarul, hogy a haz\u00e1jukban d\u00fal\u00f3 h\u00e1bor\u00fa miatt egyetlen meccset sem j\u00e1tszhattak hazai p\u00e1ly\u00e1n, \u00e9s hogy k\u00e9t igazi nagy\u00e1gy\u00fat, a legut\u00f3bbi torna k\u00e9t d\u00f6nt\u0151s\u00e9t, az angolokat \u00e9s az olaszokat is megkapt\u00e1k maguk mell\u00e9 a csoportban. V\u00e9g\u00fcl p\u00f3tselejtez\u0151n jutottak ki, de onnan viszonylag sim\u00e1n, ha pedig azt n\u00e9zz\u00fck, milyen j\u00e1t\u00e9kosaik vannak, abszol\u00fat nem elk\u00e9pzelhetetlen, hogy h\u00e1rom \u00e9v eltelt\u00e9vel ism\u00e9t tal\u00e1lkozunk vel\u00fck a v\u00e9gj\u00e1t\u00e9k k\u00f6rny\u00e9k\u00e9n. A v\u00e9delem betonbiztos \u2013 benne <strong>Kerkez Milos<\/strong> csapatt\u00e1rs\u00e1val, a Bournemouth-ban l\u00e9gi\u00f3skod\u00f3 Zabarnyijjel \u2013, a k\u00f6z\u00e9pp\u00e1lya kem\u00e9ny, mint a k\u00e1d sz\u00e9le, a kreat\u00edv feladatokat pedig olyan j\u00e1t\u00e9kosok oldhatj\u00e1k meg, mint <strong>Olekszanr Zincsenko<\/strong> (Arsenal), <strong>Viktor Cigankov<\/strong> (Girona), <strong>Heorhij Szudakov<\/strong> (a 21 \u00e9ves j\u00e1t\u00e9kost haz\u00e1j\u00e1ban nemes egyszer\u0171s\u00e9ggel <strong>Kevin De Bruyn\u00e9hez<\/strong> szok\u00e1s hasonl\u00edtani), <strong>Mikhajlo Mudrik<\/strong> (Chelsea), vagy \u00e9ppen <strong>Ruszlan Malinovszkij<\/strong> (Genoa). Ja, \u00e9s hogy ki felel majd a g\u00f3lok\u00e9rt? Egy bizonyos <strong>Artem Dovbik<\/strong> (Girona), aki t\u00f6rt\u00e9netesen a spanyol bajnoks\u00e1g idei g\u00f3lkir\u00e1lya.\r\n<h2>8. Belgium<\/h2>\r\n<strong>Sz\u00f6vets\u00e9gi kapit\u00e1ny:<\/strong> Domenico Tedesco (olasz-n\u00e9met)\r\n\r\n<strong>V\u00e1rhat\u00f3 kezd\u0151csapat:<\/strong> Casteels \u2013 Castagne, Faes, Vertonghen, Theate \u2013 Onana, Mangala, De Bruyne \u2013 Trossard, Lukaku, Doku\r\n\r\nAz aranygener\u00e1ci\u00f3nak v\u00e9ge, fuss, ez az ut\u00f3bbi \u00e9vtized leggyeng\u00e9bb, legegyenetlenebb belga kerete \u2013 ami persze t\u00e1volr\u00f3l sem jelenti azt, hogy rossz lenne. A selejtez\u0151kben Ausztri\u00e1t el\u0151zt\u00e9k meg a kijut\u00e1s\u00e9rt \u2013 B\u00e9csben egy par\u00e1d\u00e9s meccsen nyertek 3-2-re \u2013, nem olyan r\u00e9gen pedig az angolokkal is pariban voltak a Wembleyben egy bar\u00e1ts\u00e1gos meccsen, sz\u00f3val le\u00edrni semmik\u00e9pp nem szabad \u0151ket. Van vil\u00e1gklasszisuk (<strong>De Bruyne<\/strong>), van fiatal, berobban\u00e1s el\u0151tt \u00e1ll\u00f3 szupertehets\u00e9g\u00fck (<strong>Doku<\/strong>), van olyan csat\u00e1ruk, akinek ha kij\u00f6n a l\u00e9p\u00e9s, ak\u00e1r m\u00e9g a torna g\u00f3lkir\u00e1lyi c\u00edm\u00e9\u00e9rt is versenyben lehet (<strong>Lukaku<\/strong>), \u00e9s van hasznos, sokoldal\u00fa, taktikailag flexibilis fregoliember\u00fck (<strong>Trossard<\/strong>) is a mer\u00edt\u00e9sben. Ez bizony egy komplex \u00e9s j\u00f3 csapat, a nagy k\u00e9rd\u00e9s, hogy mit b\u00edr el a valamivel gyeng\u00e9bb mer\u00edt\u00e9s \u00e9s az olyan sokat nem v\u00e1ltoz\u00f3, hatalmas elv\u00e1r\u00e1sok elegy\u00e9b\u0151l a sz\u00f6vets\u00e9gi kapit\u00e1ny <strong>Domenico Tedesco<\/strong>, aki egyr\u00e9szt \u00e9lete els\u0151 nagy v\u00e1logatott torn\u00e1j\u00e1ra k\u00e9sz\u00fcl, m\u00e1sr\u00e9szt nem \u00e1ll \u00e9ppen k\u00f6nny\u0171 ember h\u00edr\u00e9ben. Az els\u0151 nagy csat\u00e1t mindenesetre m\u00e1r a torna el\u0151tt megv\u00edvta azzal, hogy zoksz\u00f3 n\u00e9lk\u00fcl kihagyta a keretb\u0151l a Real Madriddal BL-t nyer\u0151, igaz, egy s\u00e9r\u00fcl\u00e9s miatt a szezon csaknem eg\u00e9sz\u00e9t kihagy\u00f3 <strong>Thibaut Courtois-t<\/strong>, akivel a csapatkapit\u00e1nyi karszalag visel\u00e9s\u00e9n veszett \u00f6ssze m\u00e9g kor\u00e1bban.\r\n<h2>7. Hollandia<\/h2>\r\n<strong>Sz\u00f6vets\u00e9gi kapit\u00e1ny:<\/strong> Ronald Koeman (holland)\r\n\r\n<strong>V\u00e1rhat\u00f3 kezd\u0151csapat:<\/strong> Verbruggen \u2013 De Ligt, van Dijk, Ak\u00e9 \u2013 Dumfries, Reijnders, De Jong, Blind \u2013 Xavi Simons, Gakpo \u2013 Depay.\r\n\r\n\u00c9ledeznek a 2010-es \u00e9vek v\u00e1ls\u00e1g\u00e1b\u00f3l a hollandok, a 2022-es vb-n m\u00e1r kifejezetten tisztess\u00e9gesen szerepeltek (csak b\u00fcntet\u0151kkel estek ki a nyolc k\u00f6z\u00f6tt a k\u00e9s\u0151bbi gy\u0151ztes Argent\u00edna ellen), igaz, az\u00f3ta kapit\u00e1nyt v\u00e1ltottak, \u00e9s ism\u00e9t az a <strong>Ronald Koeman<\/strong> vezeti a csapatot, aki kor\u00e1bban az Evertonn\u00e1l, a Barcelon\u00e1n\u00e1l, \u00e9s az Oranje padj\u00e1n sem aratott osztatlan sikert. Nagy szerencs\u00e9je, hogy a keret viszonylag egyben van, akadnak benne klasszisok (<strong>van Dijk<\/strong>, <strong>De Ligt<\/strong>, <strong>De Jong<\/strong>), hamvaikb\u00f3l f\u00f6lt\u00e1mad\u00f3, m\u00e1sodvir\u00e1gz\u00e1sukat \u00e9l\u0151 j\u00e1t\u00e9kosok (<strong>Depay<\/strong>, <strong>Blind<\/strong>) \u00e9s fiatal, tehets\u00e9ges \u201e\u00fajoncok\u201d is (<strong>Frimpong<\/strong>, <strong>Xavi Simons<\/strong>), azaz ez egy j\u00f3 elegy, amib\u0151l kis szerencs\u00e9vel \u00e9s j\u00f3 edz\u0151i munk\u00e1val sokat ki lehet hozni. A r\u00e9gi id\u0151k legend\u00e1s holland futballiskol\u00e1j\u00e1ra viszont senki ne sz\u00e1m\u00edtson, ez egy alapvet\u0151en m\u00e1sodik sz\u00e1nd\u00e9kb\u00f3l j\u00e1tsz\u00f3 g\u00e1rda, Koeman rendre alkalmazkodik az ellenfelekhez \u2013 ennek megfelel\u0151en vari\u00e1lja a h\u00e1rom- \u00e9s a n\u00e9gyv\u00e9d\u0151s rendszert is \u2013, de a v\u00e1logatott torn\u00e1kat ismerve ez ak\u00e1r m\u00e9g helyzeti el\u0151nyt is jelenthet neki. Annyi bizonyos, hogy m\u00e1r a csoportban sem lesz egyszer\u0171 dolga, a selejtez\u0151ben \u0151ket kifil\u00e9z\u0151 franci\u00e1k mellett ugyanis az osztr\u00e1kokba futott bele a sorsol\u00e1sn\u00e1l.\r\n<h2>6. Olaszorsz\u00e1g<\/h2>\r\n<strong>Sz\u00f6vets\u00e9gi kapit\u00e1ny:<\/strong> Luciano Spalletti (olasz)\r\n\r\n<strong>V\u00e1rhat\u00f3 kezd\u0151csapat:<\/strong> Donnarumma \u2013 Di Lorenzo, Buongiorno, Bastoni \u2013 Cambiaso, Barella, Jorginho, Di Marco \u2013 Chiesa, Pellegrini \u2013 Scamacca.\r\n\r\nSzer\u00e9ny keret \u2013 mondhatni: k\u00f6z\u00e9pszer\u0171 \u2013, ugyanakkor a eg\u00e9sz mez\u0151ny egyik legjobb edz\u0151je \u2013 \u00edgy k\u00e9sz\u00fcl a torn\u00e1ra az Eb-c\u00edmv\u00e9d\u0151 Olaszorsz\u00e1g. <strong>Spalletti<\/strong> ezzel egy\u00fctt beugr\u00f3 kapit\u00e1ny, aki csak a selejtez\u0151k k\u00f6zben vette \u00e1t a csapatot az \u00e1lvit\u00e1k miatt megpattan\u00f3, majd kisv\u00e1rtatva sza\u00fadi olajmilli\u00e1rdok k\u00f6rny\u00e9k\u00e9n felbukkan\u00f3 <strong>Roberto Mancinit\u0151l<\/strong>, akivel a v\u00e1logatott egyfel\u0151l megnyerte a 2021-es Eb-t, m\u00e1sr\u00e9szt viszont zsin\u00f3rban m\u00e1sodszor is lemaradt a vb-szerepl\u00e9sr\u0151l. Ennek megfelel\u0151en a Napolival bajnoks\u00e1got nyer\u0151 Spallettinek nincs is k\u00f6nny\u0171 dolga, az ukr\u00e1nok ellen csak v\u00e9rrel-ver\u00edt\u00e9kkel (\u00e9s egy utols\u00f3 pillanatban az ellenf\u00e9lnek nem megadott, krist\u00e1lytiszta tizenegyessel) siker\u00fclt kiv\u00edvni a kijut\u00e1st, \u00e9s a csapat az\u00f3ta is csup\u00e1n form\u00e1l\u00f3dik. Nem j\u00f6tt j\u00f3l, hogy id\u00e9nre Immobile kicsekkolt a topfocib\u00f3l, de az sem, hogy a v\u00e9d\u0151 szupertehets\u00e9g, <strong>Scalvini<\/strong> az utols\u00f3, teljesen redund\u00e1ns bajnokin <a href=\"https:\/\/focieb2024.24.hu\/hirek\/2024\/06\/03\/sirva-hagyta-el-a-palyat-serulese-miatt-az-eb-rol-is-lemarad-a-cimvedo-olaszok-vedoje\/\">s\u00falyos s\u00e9r\u00fcl\u00e9st szenvedett<\/a>, illetve a rutinos <strong>Acerbi<\/strong> is kid\u0151lt, \u00edgy helyett\u00fck most jobb\u00e1ra k\u00f6z\u00e9pszer\u0171 \u00e9s\/vagy fiatal, tapasztalatlan j\u00e1t\u00e9kosokra kell t\u00e1maszkodnia az edz\u0151nek. Az egyetlen kiv\u00e9tel tal\u00e1n a k\u00f6z\u00e9pp\u00e1lya, ahonnan a h\u00e1rom \u00e9vvel ezel\u0151tti keretb\u0151l <strong>Verratti<\/strong> ugyan hi\u00e1nyzik \u2013 \u0151 31 \u00e9vesen Katarban vezet le \u2013, de van a zseni\u00e1lis <strong>Barella<\/strong>, illetve az Arsenaln\u00e1l a szezon m\u00e1sodik fel\u00e9re felt\u00e1mad\u00f3 <strong>Jorginho<\/strong> is. Mellett\u00fck kezdhet <strong>Frattesi<\/strong>, vagy \u00e9ppen <strong>Pellegrini<\/strong> is att\u00f3l f\u00fcgg\u0151en, hogy h\u00e1rom, vagy n\u00e9gy k\u00f6z\u00e9ph\u00e1tv\u00e9det \u00e1lmodik meg Spalletti, el\u00f6l pedig az a nagy k\u00e9rd\u00e9s, hogy <strong>Retegui<\/strong>, vagy az Atalant\u00e1val Eur\u00f3pa Lig\u00e1t nyer\u0151<strong> Scamacca<\/strong> v\u00e1ll\u00e1t nyomja majd a g\u00f3ll\u00f6v\u00e9s terhe.\r\n<h2>5. Spanyolorsz\u00e1g<\/h2>\r\n<strong>Sz\u00f6vets\u00e9gi kapit\u00e1ny:<\/strong> Luis de la Fuente (spanyol)\r\n\r\n<strong>V\u00e1rhat\u00f3 kezd\u0151csapat:<\/strong> Unai Simon \u2013 Carvajal, Le Normand, Laporte, Grimaldo \u2013 Dani Olmo, Rodri, Fabian Ruiz \u2013 Yamal, Morata, Williams.\r\n\r\nEmbereml\u00e9kezet \u00f3ta nem utazott ennyire alacsony elv\u00e1r\u00e1sokkal egy nagy torn\u00e1ra a spanyol v\u00e1logatott. M\u00e1r a klubedz\u0151k\u00e9nt szinte nullkilom\u00e9teres <strong>Luis de la Fuente<\/strong> v\u00e1ratlan kinevez\u00e9se hull\u00e1mokat vetett a nyilv\u00e1noss\u00e1gban, amire csak r\u00e1tett egy lap\u00e1ttal a sz\u00f6vets\u00e9gi eln\u00f6kk\u00e9nt botr\u00e1nyt botr\u00e1nyra halmoz\u00f3 <strong>Luis Rubiales<\/strong> tev\u00e9kenys\u00e9ge, aki gyakorlatilag saj\u00e1t emberek\u00e9nt \u00fcltette a v\u00e1logatott kispadj\u00e1ra De la Fuent\u00e9t. A balh\u00e9k miatt a szurkol\u00f3k egy r\u00e9sze elfordult a csapatt\u00f3l, amelyben egyre kevesebb az igazi klasszis (saj\u00e1t posztj\u00e1n tal\u00e1n csak <strong>Rodri<\/strong> van benne a vil\u00e1g h\u00e1rom legjobb j\u00e1t\u00e9kos\u00e1ban), ellenben sok a fiatal tehets\u00e9g (<strong>Pedri<\/strong>, <strong>Yamal<\/strong>, <strong>Williams<\/strong>). De la Fuente helyzet\u00e9t nehez\u00edti, hogy sem a Barcelona, sem a Real Madrid-drukkerek nem k\u00fcl\u00f6n\u00f6sebben tudnak vele azonosulni \u2013 a sz\u00f6vets\u00e9gi kapit\u00e1ny j\u00e1t\u00e9kosk\u00e9nt a nyolcvanas \u00e9vek legend\u00e1san agressz\u00edv Bilba\u00f3j\u00e1t er\u0151s\u00edtette \u2013, \u00e9s ezen a v\u00e1logat\u00e1si elvei sem seg\u00edtenek k\u00fcl\u00f6n\u00f6sk\u00e9ppen. A selejtez\u0151kben egy komoly bukta (vs. Sk\u00f3cia, 0-2) ut\u00e1n \u00f6sszeszedt\u00e9k magukat, de a kulcsember Gavi kid\u0151l\u00e9se alapjaiban keverte meg a k\u00e1rty\u00e1kat a k\u00f6z\u00e9pp\u00e1ly\u00e1n, amely most \u00e9pp nem t\u0171nik t\u00fal ellen\u00e1ll\u00f3nak az ellenfelek kontrat\u00e1mad\u00e1saival szemben. Kulcsfontoss\u00e1g\u00fa lesz Morata eg\u00e9szs\u00e9ge \u00e9s form\u00e1ja, neki ugyanis nem igaz\u00e1n van alternat\u00edv\u00e1ja ebben a keretben, mik\u00f6zben a sz\u00e9len a b\u0151s\u00e9g zavar\u00e1val kell megk\u00fczdeni.\r\n<h2>4. Portug\u00e1lia<\/h2>\r\n<strong>Sz\u00f6vets\u00e9gi kapit\u00e1ny:<\/strong> Roberto Mart\u00ednez (spanyol)\r\n\r\n<strong>V\u00e1rhat\u00f3 kezd\u0151csapat:<\/strong> Diogo Costa \u2013 Cancelo, Silva, Dias, Mendes \u2013 Palhinha, Vitinha \u2013 Bernardo, Bruno Fernandes, Joao F\u00e9lix \u2013 Cristiano Ronaldo.\r\n\r\nPap\u00edron d\u00f6bbenetesen er\u0151s ez a csapat, van klasszisuk a v\u00e9delemben (<strong>R\u00faben Dias<\/strong>), a k\u00f6z\u00e9pp\u00e1lya tele progressz\u00edv, modern j\u00e1t\u00e9kosprofilokkal (<strong>Palhinha<\/strong>, <strong>Vitinha<\/strong>), a t\u00e1mad\u00f3szekci\u00f3 pedig az eg\u00e9sz vil\u00e1gon p\u00e1rj\u00e1t ritk\u00edtja <strong>Bernardo Silv\u00e1val<\/strong>, <strong>Joao F\u00e9lixszel<\/strong>, <strong>Rafael Lea\u00f3val<\/strong>, <strong>Diogo Jot\u00e1val<\/strong>, <strong>Bruno Fernandessel<\/strong>, vagy \u00e9ppen <strong>Pedro Net\u00f3val<\/strong> \u00e9s <strong>Goncalo Ramossal<\/strong>. Na, meg persze <strong>Cristiano Ronald\u00f3val<\/strong>, aki m\u00e9g mindig a v\u00e1logatott megker\u00fclhetetlen fogaskereke, akit sem meghaladni, sem kihagyni nem lehet, m\u00e9g akkor sem, ha n\u00e9lk\u00fcle tal\u00e1n kiegyens\u00falyozottabb, stabilabb szerkezet\u0171 csapatot lehetne p\u00e1ly\u00e1ra k\u00fcldeni. Ez <strong>Roberto Mart\u00ednez<\/strong> nagy dilemm\u00e1ja: hogyan tesz Ronaldo m\u00f6g\u00e9 kompakt, m\u00e9gis az aranylabd\u00e1s klasszist kell\u0151 hat\u00e9konys\u00e1ggal kiszolg\u00e1l\u00f3 csapatj\u00e1t\u00e9kot, \u00e9s kit kell emiatt kihagynia a csapatb\u00f3l a fent felsorolt klasszisok k\u00f6z\u00fcl? M\u00e1r ennyib\u0151l is kiv\u00e1l\u00f3an l\u00e1tszik, hogy ez egy orrneh\u00e9z csapat, amely \u00e1ltal\u00e1ban visszak\u00e9zb\u0151l szokta lepofozni a n\u00e1la gyeng\u00e9bbeket \u2013 a selejtez\u0151ket 100 sz\u00e1zal\u00e9kos teljes\u00edtm\u00e9nnyel abszolv\u00e1lt\u00e1k \u2013, \u00e1m ha belefut egy pechesebb meccsbe, vagy egy j\u00f3l kontr\u00e1z\u00f3, el\u00e9g magas min\u0151s\u00e9get k\u00e9pvisel\u0151 ellenf\u00e9lbe, m\u00e1r k\u00f6nnyen bajba ker\u00fclhet. J\u00f3 p\u00e9lda erre az idei, szlov\u00e9nek elleni meglep\u0151 veres\u00e9g (0-2), vagy az, mennyire k\u00f6nnyed g\u00f3lokat szerezhetett az \u00f6ssze-vissza szaladg\u00e1l\u00f3 v\u00e9delm\u00fck ellen h\u00e9t k\u00f6zben a sz\u00e1zezer \u00e9ves <strong>Teemu Pukki<\/strong>, aki jelenleg az MLS-ben vezet le.\r\n\r\n[caption id=\"attachment_12992\" align=\"alignnone\" width=\"3500\"]<img class=\"size-full wp-image-12992\" src=\"https:\/\/sport24.24.hu\/app\/uploads\/sites\/24\/2024\/06\/cristiano-ronaldo.jpg\" alt=\"\" width=\"3500\" height=\"2333\" \/> Cristiano Ronaldo szerepe nagy k\u00e9rd\u00e9s lesz a portug\u00e1lokn\u00e1l.[\/caption]\r\n<h2>3. N\u00e9metorsz\u00e1g<\/h2>\r\n<strong>Sz\u00f6vets\u00e9gi kapit\u00e1ny:<\/strong> Julian Nagelsmann (n\u00e9met)\r\n\r\n<strong>V\u00e1rhat\u00f3 kezd\u0151csapat:<\/strong> Neuer \u2013 Kimmich, Tah, R\u00fcdiger, Mittelst\u00e4dt \u2013 Andrich, Kroos \u2013 Musiala, G\u00fcndogan, Wirtz \u2013 Havertz.\r\n\r\nM\u00e9lyr\u0151l indulnak \u00e9s magasra tartanak. Nagelsmann m\u00e1rciusra kiegyenes\u00edtette a k\u00e9rd\u0151jeleket, meggy\u0151zte <strong>Kroost<\/strong> a visszat\u00e9r\u00e9sr\u0151l, majd meghozta azokat a neh\u00e9z d\u00f6nt\u00e9seket is a keret kialak\u00edt\u00e1sakor, amelyeket mindenki v\u00e1rt t\u0151le. Nincs <strong>Hummels<\/strong>, nincs <strong>Brandt<\/strong>, nincs <strong>Gnabry<\/strong>, van viszont \u2013 s\u0151t: csapatkapit\u00e1ny \u2013 az a <strong>G\u00fcndogan<\/strong>, aki 4000-n\u00e9l is t\u00f6bb j\u00e1t\u00e9kperccel a l\u00e1b\u00e1ban \u00e9rkezik a torn\u00e1ra, \u00e9s aki annyira rossz volt az ukr\u00e1nok elleni h\u00e9tk\u00f6zi bar\u00e1ts\u00e1gos meccsen, hogy m\u00e1r a f\u00e9lid\u0151ben le kellett kapni a p\u00e1ly\u00e1r\u00f3l.\r\n\r\n<span class=\"highlight-block\">A kezd\u0151csapatban ezzel egy\u00fctt nem nagyon van k\u00e9rd\u0151jel,<\/span>\r\n\r\ntal\u00e1n csak <strong>Gross<\/strong> \u00e9s <strong>Andrich<\/strong> v\u00edv a Kroos melletti biztos\u00edt\u00f3 szerepk\u00f6r bet\u00f6lt\u00e9s\u00e9\u00e9rt, egy\u00e9bk\u00e9nt a form\u00e1ci\u00f3 \u00e9s az egy\u00e9nek is a hely\u00e9n vannak. Nagy k\u00e9rd\u00e9s a forma, <strong>Wirtz<\/strong> ugyanis az utols\u00f3 meccsekre kiss\u00e9 vissz\u00e1bb esett a Leverkusenben, <strong>Havertz<\/strong> szoros bajnoki hajr\u00e1t bukott az Arsenallal, <strong>Musiala<\/strong> pedig a Bayern k\u00f6zelm\u00faltbeli t\u00f6rt\u00e9net\u00e9nek legkomolyabb buk\u00e1s\u00e1t kellett feldolgozza a szezon v\u00e9g\u00e9n. Ezzel egy\u00fctt ez j\u00f3 csapat, a franci\u00e1k \u00e9s az angolok mellett tal\u00e1n a leger\u0151sebb, amely r\u00e1ad\u00e1sul hazai p\u00e1ly\u00e1n j\u00e1tszhat \u2013 Toni Kroos sz\u00e9p b\u00facs\u00faj\u00e1\u00e9rt is.\r\n<h2>2. Anglia<\/h2>\r\n<strong>Sz\u00f6vets\u00e9gi kapit\u00e1ny:<\/strong> Gareth Southgate (angol)\r\n\r\n<strong>V\u00e1rhat\u00f3 kezd\u0151csapat:<\/strong> Pickford \u2013 Trippier, Stones, Gu\u00e9hi\/Konsa, Walker \u2013 Alexander-Arnold, Rice, Bellingham \u2013 Foden, Kane, Saka.\r\n\r\n<strong>Southgate<\/strong> \u00e9veken kereszt\u00fcl hallgatta kritikusait\u00f3l, hogy fittyet h\u00e1ny az aktu\u00e1lis form\u00e1ra, hogy kiz\u00e1r\u00f3lag a liblingjeit engedi a keret k\u00f6zel\u00e9be, hogy t\u00fal sok\u00e1ig ragaszkodik lej\u00e1rt szavatoss\u00e1g\u00fa j\u00e1t\u00e9kosokhoz, hogy nem el\u00e9g bev\u00e1llal\u00f3s \u00e9s kreat\u00edv \u2013 h\u00e1t, most h\u00fazott egy mer\u00e9szet, \u00e9s t\u00f3t\u00e1gast \u00e1ll\u00edtotta kor\u00e1bbi v\u00e1logat\u00e1si elveit. M\u00e1r az el\u0151zetes keretb\u0151l kihagyta <strong>Hendersont<\/strong>, <strong>Sterlinget<\/strong> \u00e9s <strong>Rashfordot<\/strong>, azt\u00e1n ezt fokozta azzal, hogy<strong> Jack Grealish-t<\/strong> is kiv\u00e1gta az utols\u00f3 sz\u0171k\u00edt\u00e9sn\u00e9l, mik\u00f6zben utazhat p\u00e9ld\u00e1ul a torn\u00e1ra <strong>Adam Wharton<\/strong>, <strong>Ebrechi Eze<\/strong>, vagy \u00e9ppen <strong>Jarrod Bowen<\/strong> is. <strong>Harry Maguire<\/strong> s\u00e9r\u00fcl\u00e9s miatt hi\u00e1nyzik majd, ezzel pedig el is \u00e9rkezt\u00fcnk a v\u00e9delemhez, ahol rutintalan (<strong>Konsa<\/strong>, <strong>Gu\u00e9hi<\/strong>) \u00e9s \u00fcvegl\u00e1b\u00fa (<strong>Stones<\/strong>, <strong>Gomez<\/strong>, <strong>Shaw<\/strong>) j\u00e1t\u00e9kosok k\u00f6z\u00fcl kell majd v\u00e1logatni, ez pedig olyan kock\u00e1zatokat jelez el\u0151re, amilyeneket kor\u00e1bban Southgate soha nem v\u00e1llalt. A k\u00f6z\u00e9pp\u00e1ly\u00e1t\u00f3l f\u00f6lfel\u00e9 ellenben luxusprobl\u00e9m\u00e1i lesznek:<strong> Foden<\/strong>, <strong>Bellingham<\/strong>, <strong>Mainoo<\/strong>, <strong>Rice<\/strong>, <strong>Palmer<\/strong>, <strong>Alexander-Arnold<\/strong>, Wharton, Eze, <strong>Kane<\/strong>, <strong>Watkins<\/strong> \u00e9s <strong>Toney<\/strong> jelentik a m\u00e9lys\u00e9get, ami t\u00e9nyleg irigyl\u00e9sre m\u00e9lt\u00f3, m\u00e9g akkor is, ha pontosan tudjuk, hogy a nagy torn\u00e1kat a v\u00e9delmek \u00e9s a v\u00e9dekez\u00e9s nyerik meg. \u00c9s a sz\u00f6vets\u00e9gi kapit\u00e1nyok.\r\n<h2>1. Franciaorsz\u00e1g<\/h2>\r\n<strong>Sz\u00f6vets\u00e9gi kapit\u00e1ny:<\/strong> Didier Deschamps (francia)\r\n\r\n<strong>V\u00e1rhat\u00f3 kezd\u0151csapat:<\/strong> Maignan \u2013 Kounde, Pavard, Konat\u00e9, T. Hernandez \u2013 Camavinga, Tchouameni \u2013 Dembele, Griezmann, Mbapp\u00e9 \u2013 Giroud.\r\n\r\nA t\u00f6k\u00e9letes elegy. Kipr\u00f3b\u00e1lt j\u00e1t\u00e9kkapcsolatok (<strong>Griezmann<\/strong>-<strong>Giroud<\/strong>, <strong>Mbapp\u00e9<\/strong>-<strong>Dembel\u00e9<\/strong>), stabil v\u00e9delem (<strong>Konat\u00e9<\/strong>, <strong>Saliba<\/strong>, <strong>Upamecano<\/strong>, <strong>Pavard<\/strong>, <strong>Kound\u00e9<\/strong>), kell\u0151en flexibilis k\u00f6z\u00e9pp\u00e1lya (<strong>Camavinga<\/strong>, <strong>Tchouameni<\/strong>, <strong>Kant\u00e9<\/strong>, <strong>Fofana<\/strong>, <strong>Rabiot<\/strong>), fiatal tehets\u00e9gek (<strong>Barcola<\/strong>, <strong>Zaire-Emery<\/strong>) \u00e9s egy minden h\u00e1jjal megkent, gy\u0151ztes sz\u00f6vets\u00e9gi kapit\u00e1ny (<strong>Didier Deschamps<\/strong>). A h\u00e1rom \u00e9vvel ezel\u0151tti torn\u00e1hoz k\u00e9pest ez\u00fattal a felk\u00e9sz\u00fcl\u00e9s is szerfelett nyugodtan telt, a kerethirdet\u00e9st nem k\u00f6vette \u00f6sszn\u00e9pi l\u00e1zong\u00e1s, a nyilv\u00e1noss\u00e1g b\u00edzik Deschamps-ban \u00e9s a j\u00e1t\u00e9kosokban, mik\u00f6zben tiszt\u00e1ban van azzal is, hogy ez egy j\u00f3 keret, kiv\u00e1l\u00f3 adotts\u00e1gokkal, kiegyens\u00falyozott eloszl\u00e1ssal a klasszisok \u00e9s a hasznos kieg\u00e9sz\u00edt\u0151 emberek k\u00f6z\u00f6tt. Egy, \u00e9s csakis egyetlen ember van, aki p\u00f3tolhatatlannak l\u00e1tszik, Antoine Griezmann, a vil\u00e1gfutball egyik legalul\u00e9rt\u00e9keltebb j\u00e1t\u00e9kosa, sz\u00e1mos nagy torna \u00e9s megannyi hatalmas meccs h\u0151se, a kiv\u00e1l\u00f3 g\u00f3lszerz\u0151 \u00e9s nagyszer\u0171 ir\u00e1ny\u00edt\u00f3, a hamis\u00edtatlan csapatj\u00e1t\u00e9kos. Ha \u0151 nincs, mert kiesett, megs\u00e9r\u00fclt eltiltj\u00e1k, akkor ez egy m\u00e1sik csapat \u2013 de vele a torna legnagyobb es\u00e9lyese.","type":"rich","thumbnail_url":"https:\/\/s.24.hu\/app\/uploads\/sites\/24\/2024\/06\/nevtelen-1-masolat-150x150.png","thumbnail_width":150,"thumbnail_height":150}