{"version":"1.0","provider_name":"Sport24","provider_url":"https:\/\/sport24.24.hu","author_name":"Fut\u00f3 Csaba","author_url":"https:\/\/sport24.24.hu\/author\/futocs\/","title":"Kulcsfontoss\u00e1g\u00fa lehet az Eb-n, hogy Varga megleli-e a g\u00f3ll\u00f6v\u0151 cip\u0151j\u00e9t","html":"<strong>Varga Barnab\u00e1s<\/strong> az elm\u00falt k\u00e9t id\u00e9nyben garancia volt a g\u00f3ltermel\u00e9sre. A Magyarorsz\u00e1gon sok\u00e1ig radar alatt rep\u00fcl\u0151 \u2013 mondhatni, szinte elfeledett \u2013 k\u00f6z\u00e9pcsat\u00e1r 2021-ig m\u00e9g csak NB I-es m\u00e9rk\u0151z\u00e9st sem j\u00e1tszott, azt\u00e1n a kies\u0151jel\u00f6lt Gyirm\u00f3tban bebizony\u00edtotta, az \u00e9lvonal szintj\u00e9n is meghat\u00e1roz\u00f3 csat\u00e1r. Ami ezt k\u00f6vette, abban alighanem \u0151 is csak rem\u00e9nykedett: Pakson sz\u00e1rnyakat adott neki a <strong>Bogn\u00e1r Gy\u00f6rgy<\/strong> \u00e1ltal favoriz\u00e1lt, a centerre nagyban t\u00e1maszkod\u00f3 t\u00e1mad\u00f3futball (26 bajnoki g\u00f3l, g\u00f3lkir\u00e1lyi c\u00edm), remek teljes\u00edtm\u00e9nye a Ferencv\u00e1rosig rep\u00edtette, ahol egyb\u0151l beilleszkedett, \u00e9s ism\u00e9t a g\u00f3ll\u00f6v\u0151lista \u00e9l\u00e9n v\u00e9gzett (20 tal\u00e1lattal). A klubjaiban ny\u00fajtott remek produkci\u00f3 pedig v\u00e1logatott megh\u00edv\u00f3t \u00e9rt:\r\n\r\n<span class=\"highlight-block-small\">Varga 2023. m\u00e1rcius 27-\u00e9n, a Bulg\u00e1ria elleni Eb-selejtez\u0151n mutatkozott be a nemzeti csapatban, j\u00fanius 20-\u00e1n, Litv\u00e1nia ellen m\u00e1r kezd\u0151 volt, \u00e9s az\u00f3ta \u2013 ha eg\u00e9szs\u00e9ges \u2013 \u0151 kezd k\u00f6z\u00e9pcsat\u00e1rban.<\/span>\r\n\r\nMarco Rossi \u00fagy \u00e9rezhette, meg\u00fct\u00f6tte a jackpotot Varga berobban\u00e1s\u00e1val. <strong>Szalai \u00c1d\u00e1m<\/strong> visszavonul\u00e1sa ut\u00e1n f\u00e9l\u0151 volt, hogy centerposzton j\u00f3kora lyuk marad a v\u00e1logatottban.<strong> \u00c1d\u00e1m Martint<\/strong> eg\u00e9szen kiemelked\u0151 2021\/22-es id\u00e9nye D\u00e9l-Kore\u00e1ig \u00e9s a v\u00e1logatott keret\u00e9be vitte, \u00e1m a szak\u00e1llas \u00f3ri\u00e1s ink\u00e1bb \u00e9rt\u00e9kes kieg\u00e9sz\u00edt\u0151 embernek t\u0171nt, mintsem fix kezd\u0151nek. A Szalai hagyta \u0171rt v\u00e9g\u00fcl Varga t\u00f6lt\u00f6tte be: nemzetk\u00f6zi szinten is igen er\u0151s a fejj\u00e1t\u00e9ka, nagyon g\u00f3l\u00e9rz\u00e9keny \u2013 messze fel\u00fclm\u00falja ebben el\u0151dj\u00e9t, aki rendk\u00edv\u00fcl fontos l\u00e1ncszeme volt a csapatj\u00e1t\u00e9knak, de eg\u00e9sz karrierje sor\u00e1n csak egy \u00e9lvonalbeli id\u00e9nyben \u00e9rt el 10-n\u00e9l t\u00f6bb bajnoki g\u00f3lt \u2013, mozg\u00e9kony, r\u00e1ad\u00e1sul duzzadt az \u00f6nbizalomt\u00f3l, hiszen \u00e9vek \u00f3ta j\u00f3l ment neki a j\u00e1t\u00e9k. A k\u00e9rd\u00e9s az volt ink\u00e1bb, hogy mit tud mutatni nemzetk\u00f6zi sz\u00ednt\u00e9ren: Szalai \u00c1d\u00e1m \u00f3ri\u00e1si Bundesliga-tapasztalattal b\u00edrt, Varga viszont csak az osztr\u00e1k bajnoks\u00e1got j\u00e1rta meg, \u00e9s m\u00e9g az NB I-es rutinja is viszonylag kev\u00e9s volt, nemhogy a nemzetk\u00f6zi.\r\n\r\nHa voltak is f\u00e9lelmek ezzel kapcsolatban, azokat Varga hamar eloszlatta: Litv\u00e1nia ellen megszerezte els\u0151 v\u00e1logatott g\u00f3lj\u00e1t, majd m\u00e9g h\u00e1romszor betal\u00e1lt a selejtez\u0151k sor\u00e1n (k\u00e9tszer a szerbeknek, \u00e9s m\u00e9g egyszer a litv\u00e1noknak), \u00edgy <strong>Szoboszlai Dominikhoz<\/strong> hasonl\u00f3an 4 tal\u00e1lattal z\u00e1rt a kvalifik\u00e1ci\u00f3s sorozatban. Mindent hozott, amire Rossinak sz\u00fcks\u00e9ge volt: rengeteget dolgozott, k\u00fczd\u00f6tt a v\u00e9d\u0151kkel, lek\u00f6t\u00f6tte \u0151ket, folyamatos l\u00e9gi vesz\u00e9lyt jelentett, helyet teremtett t\u00e1rsainak, \u00e9s a befejez\u00e9sekn\u00e9l is \u00e9les volt. Okt\u00f3ber v\u00e9g\u00e9n megs\u00e9r\u00fclt egy bajnokin, de a t\u00e9li sz\u00fcnet ut\u00e1n ott folytatta, ahol abbahagyta: ugyan a k\u00e9s\u0151bbi Konferencia Liga-gy\u0151ztes Olympiakosz h\u00e1ts\u00f3 alakzata vele is kibabr\u00e1lt, de n\u00e9gy g\u00f3llal terhelte meg az MTK h\u00e1l\u00f3j\u00e1t, betal\u00e1lt a Debrecennek, dupl\u00e1zott \u00dajpesten \u00e9s Feh\u00e9rv\u00e1ron.\r\n\r\n<span class=\"highlight-block-small\">\u00dagy t\u0171nt, a meg\u00e1ll\u00edthatatlan Varga-vonaton nincsen f\u00e9k, \u00e1m m\u00e1rcius k\u00f6zep\u00e9t\u0151l kider\u00fclt, hogy m\u00e9gis van.<\/span>\r\n<div class=\"payable-content-section\"><\/div>\r\n\r\n[caption id=\"attachment_12983\" align=\"alignnone\" width=\"3648\"]<img class=\"size-full wp-image-12983\" src=\"https:\/\/sport24.24.hu\/app\/uploads\/sites\/24\/2024\/06\/varga.jpg\" alt=\"\" width=\"3648\" height=\"2430\" \/> Varga Barnab\u00e1s csat\u00e1ja az \u00edr v\u00e1logatott j\u00e1t\u00e9kosaival.[\/caption]\r\n\r\nA m\u00e1rcius 17-i, Pusk\u00e1s Akad\u00e9mia elleni m\u00e9rk\u0151z\u00e9sen a center vakt\u00f6lt\u00e9nnyel l\u0151tt (7 k\u00eds\u00e9rlete volt \u2013 ez n\u00e1la igen magas sz\u00e1m \u2013, de nem tal\u00e1lta el a kaput). Az\u00f3ta 14 m\u00e9rk\u0151z\u00e9sen csup\u00e1n h\u00e1rom g\u00f3lt szerzett \u2013 a Mez\u0151k\u00f6vesd, a DVTK \u00e9s a Ny\u00edregyh\u00e1za kapuj\u00e1ba tal\u00e1lt be \u2013, a Magyar Kup\u00e1ban kihagyott k\u00e9t tizenegyest (egyet a d\u00f6nt\u0151ben), \u00e9s hi\u00e1ba voltak meg a helyzetei, nem tudott \u00e9lni vel\u00fck. A v\u00e1logatottban is g\u00f3lcsendet tart (Koszov\u00f3, T\u00f6r\u00f6korsz\u00e1g \u00e9s \u00cdrorsz\u00e1g ellen sem tal\u00e1lt be, a h\u00e1rom meccsen \u00f6sszesen k\u00e9t k\u00eds\u00e9rlete volt) \u2013 olyan, mintha valaki elz\u00e1rta volna a g\u00f3lcsapot. Pedig a mez\u0151nyj\u00e1t\u00e9kkal nincs baj: Varga tov\u00e1bbra is p\u00e1rharcer\u0151s, tov\u00e1bbra is terroriz\u00e1lni tudja az ellenf\u00e9l v\u00e9delm\u00e9t a leveg\u0151ben, csak \u00e9ppen az az extr\u00e9m hossz\u00fa j\u00f3 sz\u00e9ria \u00e9rt v\u00e9get, amit m\u00e1r j\u00f3form\u00e1n hajlamos volt mindenki adottnak venni.\r\n\r\nN\u00e9zz\u00fck meg Varga Barnab\u00e1s mutat\u00f3it a hull\u00e1mv\u00f6lgy el\u0151tt \u00e9s alatt! Klasszikus k\u00f6z\u00e9pcsat\u00e1rr\u00f3l van sz\u00f3, m\u00e9gpedig ink\u00e1bb befejez\u0151r\u0151l, mint el\u0151k\u00e9sz\u00edt\u0151r\u0151l: kapuk\u00f6zeliek a k\u00eds\u00e9rletei, legut\u00f3bbi 75 pr\u00f3b\u00e1lkoz\u00e1s\u00e1b\u00f3l csak 3 volt tizenhatoson k\u00edv\u00fcli, g\u00f3ljai t\u00f6bbs\u00e9g\u00e9t 5\u201312 m\u00e9terr\u0151l, k\u00f6z\u00e9pr\u0151l szerzi, \u00e9s innen k\u00eds\u00e9rletezik messze a legt\u00f6bbet. Ez azt jelenti, hogy meglehet\u0151sen magas pr\u00f3b\u00e1lkoz\u00e1sainak az xG-\u00e9rt\u00e9ke (mivel tizenegyesr\u00fag\u00f3, ez tov\u00e1bb n\u00f6veli azt); \u00e9s nagy mint\u00e1n a v\u00e1rhat\u00f3 g\u00f3loknak megfelel\u0151en, s\u0151t, kicsit jobban teljes\u00edt. A WyScout teljes mint\u00e1j\u00e1t alapul v\u00e9ve Varga 422 pr\u00f3b\u00e1lkoz\u00e1sb\u00f3l szerzett 101 g\u00f3lt, mik\u00f6zben xG-je 96,72 volt, l\u00f6v\u00e9sei, illetve fejesei 49,1 sz\u00e1zal\u00e9ka kaput tal\u00e1lt \u2013 ez igen j\u00f3, akkor is, ha nem toplig\u00e1s v\u00e9delmekkel kellett megk\u00fczdenie.\r\n\r\nAz elm\u00falt k\u00e9t id\u00e9ny j\u00f3 hatvan sz\u00e1zal\u00e9k\u00e1ban azt\u00e1n Varga olyan \u201ehot streaket\u201d ind\u00edtott, amelyhez hasonl\u00f3t ritk\u00e1n l\u00e1thatunk. A 2022\/23-as szezonban \u2013 m\u00e9g paksi j\u00e1t\u00e9kosk\u00e9nt \u2013 30 alkalommal tal\u00e1lt be, k\u00f6zben l\u00f6v\u00e9sei k\u00f6zel k\u00e9tharmada eltal\u00e1lta a kaput, \u00e9s pr\u00f3b\u00e1lkoz\u00e1sai harmad\u00e1b\u00f3l g\u00f3l is lett! \u00d6sszehasonl\u00edt\u00e1sul: napjaink legjobb centere, <strong>Erling Haaland<\/strong> a Premier League-ben k\u00eds\u00e9rletei 48,8 sz\u00e1zal\u00e9k\u00e1val tal\u00e1lja el a kaput \u00e9s l\u00f6v\u00e9sei 25,82 sz\u00e1zal\u00e9k\u00e1b\u00f3l lesz g\u00f3l. \u00c9s Haaland sz\u00e1mai \u00f6nmag\u00e1ban brut\u00e1lisak\u2026 Nyilv\u00e1n \u00f3ri\u00e1si a k\u00fcl\u00f6nbs\u00e9g, ha azt n\u00e9zz\u00fck, a k\u00e9t k\u00f6z\u00e9pcsat\u00e1r milyen ellenfelekkel n\u00e9z h\u00e9tr\u0151l h\u00e9tre farkasszemet, de annyit elmondhatunk, hogy Varga sz\u00e1mai megh\u00f6kkent\u0151 magass\u00e1gban j\u00e1rtak \u00fagy, hogy a bajnoks\u00e1g egyik legt\u00e1mad\u00f3bb szellem\u0171, \u00e1m messze nem leger\u0151sebb klubj\u00e1ban j\u00e1tszott.\r\n\r\nAmikor \u00e1tigazolt a Ferencv\u00e1rosba, egyb\u0151l a kezd\u0151be ker\u00fclt, \u00e9s bizony\u00edtott is: ott folytatta, ahol Pakson abbahagyta, csak sokkal er\u0151sebb g\u00e9pezet szolg\u00e1lta ki. M\u00e1rcius k\u00f6zep\u00e9ig \u0151r\u00fcletes iramban termelt: l\u00f6v\u00e9sei 53 sz\u00e1zal\u00e9ka tal\u00e1lt kaput, 90 k\u00eds\u00e9rlet\u00e9b\u0151l 29-et g\u00f3lra v\u00e1ltott. Kis kerek\u00edt\u00e9ssel \u00fagy egyszer\u0171s\u00edthet\u00fcnk: t\u00f6bb mint m\u00e1sf\u00e9l id\u00e9nyen kereszt\u00fcl Varga minden harmadik k\u00eds\u00e9rlet\u00e9b\u0151l g\u00f3l lett, ami eg\u00e9szen elk\u00e9peszt\u0151!\r\n\r\n<iframe class=\"flourish-embed-iframe\" style=\"width: 100%;height: 600px\" title=\"Interactive or visual content\" src=\"https:\/\/flo.uri.sh\/visualisation\/18268396\/embed\" frameborder=\"0\" scrolling=\"no\"><\/iframe>\r\n<div style=\"width: 100%!;margin-top: 4px!important;text-align: right!important\"><a class=\"flourish-credit\" style=\"text-decoration: none!important\" href=\"https:\/\/public.flourish.studio\/visualisation\/18268396\/?utm_source=embed&amp;utm_campaign=visualisation\/18268396\" target=\"_top\" rel=\"noopener\"><img style=\"width: 105px!important;height: 16px!important;border: none!important;margin: 0!important\" src=\"https:\/\/public.flourish.studio\/resources\/made_with_flourish.svg\" alt=\"Made with Flourish\" \/> <\/a><\/div>\r\nAz ilyesfajta sz\u00e9ria eg\u00e9szen kiv\u00e9teles esetben tarthat\u00f3 fenn, egy \u201ehaland\u00f3 csat\u00e1rnak\u201d el\u0151bb-ut\u00f3bb hull\u00e1mv\u00f6lgybe kell esnie \u2013 Varga \u00edgy is nagyon sok\u00e1ig lovagolta meg a hull\u00e1mot. M\u00e1rcius k\u00f6zepe \u00f3ta a legfontosabb, befejez\u00e9ssel kapcsolatos mutat\u00f3i mind visszaestek: rosszabb sz\u00e1zal\u00e9kban tal\u00e1l kaput, kev\u00e9sb\u00e9 hat\u00e9konyak a k\u00eds\u00e9rletei, \u00e9s term\u00e9szetesen ez a g\u00f3lok hi\u00e1ny\u00e1ban csap\u00f3dik le. Mivel a meccsenk\u00e9nti l\u00f6v\u00e9sek sz\u00e1ma szinten maradt, nem arr\u00f3l van sz\u00f3, hogy a kiszolg\u00e1l\u00e1s akadozik \u2013 m\u00e9g a ziccerek is megvoltak, de Varga a 12, 0,3-as xG-n\u00e9l magasabb \u00e9rt\u00e9k\u0171 lehet\u0151s\u00e9gb\u0151l csak kett\u0151t \u00e9rt\u00e9kes\u00edtett.\r\n\r\n\u00c9rdemes megn\u00e9zni a v\u00e1rhat\u00f3g\u00f3l-mutat\u00f3t (xG), amir\u0151l sokszor elmondj\u00e1k: igaz\u00e1n csak nagyobb mint\u00e1n \u00e9rv\u00e9nyes\u00fcl. Hogy k\u00e9zenfekv\u0151 p\u00e9ld\u00e1val \u00e9lj\u00fcnk: Varga az MTK ellen 2,66-os xG-re szerzett 4 g\u00f3lt, az \u00dajpest ellen meg 1,87-re egyet sem; ebb\u0151l aligha lehet k\u00f6vetkeztet\u00e9seket levonni azon k\u00edv\u00fcl, hogy az egyik meccsen j\u00f3l gazd\u00e1lkodott lehet\u0151s\u00e9geivel\/minden j\u00f3l pattant, a m\u00e1sikon meg nem. A v\u00e1logatott k\u00f6z\u00e9pcsat\u00e1r hosszabb id\u0151n kereszt\u00fcl fel\u00fclm\u00falta a v\u00e1rhat\u00f3 mutat\u00f3it, 2024 m\u00e1rcius\u00e1t\u00f3l viszont visszaesett \u2013 \u00e9s \u00edgy az xG-j\u00e9n\u00e9l k\u00f6t\u00f6tt ki a 2023\/24-es id\u00e9nyben.\r\n\r\n<iframe class=\"flourish-embed-iframe\" style=\"width: 100%;height: 600px\" title=\"Interactive or visual content\" src=\"https:\/\/flo.uri.sh\/visualisation\/18268759\/embed\" frameborder=\"0\" scrolling=\"no\"><\/iframe>\r\n<div style=\"width: 100%!;margin-top: 4px!important;text-align: right!important\"><a class=\"flourish-credit\" style=\"text-decoration: none!important\" href=\"https:\/\/public.flourish.studio\/visualisation\/18268759\/?utm_source=embed&amp;utm_campaign=visualisation\/18268759\" target=\"_top\" rel=\"noopener\"><img style=\"width: 105px!important;height: 16px!important;border: none!important;margin: 0!important\" src=\"https:\/\/public.flourish.studio\/resources\/made_with_flourish.svg\" alt=\"Made with Flourish\" \/> <\/a><\/div>\r\nTulajdonk\u00e9ppen annyi t\u00f6rt\u00e9nt, hogy a visszaes\u00e9ssel Varga Barnab\u00e1s pont ott k\u00f6t\u00f6tt ki, ahol v\u00e1rhat\u00f3 volt az el\u0151tte ad\u00f3d\u00f3 helyzetek min\u0151s\u00e9ge alapj\u00e1n. A v\u00e1logatott szempontj\u00e1b\u00f3l nagyon j\u00f3kor \u00fclt a hull\u00e1m tetej\u00e9n, \u00e9s az Eb el\u0151tt \u2013 nem a legjobbkor \u2013 sz\u00e1llt al\u00e1. Mivel a lehet\u0151s\u00e9gei tov\u00e1bbra is megvannak, ez legink\u00e1bb id\u00e9ny v\u00e9gi kil\u00fagozotts\u00e1gra utal, amit Varga el is ismert a Nemzeti Sportnak. A 2023\/24-es id\u00e9nyben klub- \u00e9s v\u00e1logatott meccseket egy\u00fcttv\u00e9ve 47-szer l\u00e9pett p\u00e1ly\u00e1ra, sokkal fesz\u00edtettebb ritmusban, mint amilyenhez kor\u00e1bban hozz\u00e1szokott.\r\n<blockquote>Biztos vagyok benne, hogy az ut\u00f3bbi hetekben ny\u00fajtott gyeng\u00e9bb j\u00e1t\u00e9komnak ez volt az oka. Elf\u00e1radtam, er\u0151nl\u00e9tileg \u00e9s ment\u00e1lisan is kimer\u00fcltem. De a hull\u00e1mv\u00f6lgyek egy\u00e9bk\u00e9nt is hozz\u00e1tartoznak a futballist\u00e1k \u00e9let\u00e9hez<\/blockquote>\r\n\u2013 nyilatkozta <a href=\"https:\/\/www.nemzetisport.hu\/labdarugo-nb-i\/2024\/05\/nb-i-varga-barnabas-orul-az-ns-elsosegnek-mert-errol-a-szamok-dontottek\">a sportnapilapnak<\/a>.\r\n\r\nA nagy k\u00e9rd\u00e9s az, hogy ki tud-e ebb\u0151l a hull\u00e1mv\u00f6lgyb\u0151l keveredni az Eur\u00f3pa-bajnoks\u00e1gig. A kontinenstorna \u00f3ri\u00e1si motiv\u00e1ci\u00f3t adhat \u2013 ez lesz Varga els\u0151 nagy torn\u00e1ja, els\u0151 alkalma, hogy igaz\u00e1n megmutassa mag\u00e1t a nemzetk\u00f6zi k\u00f6z\u00f6ns\u00e9gnek \u2013, az addig h\u00e1tralev\u0151 napokat alighanem a friss\u00edt\u00e9s \u00e9s \u00e9les\u00edt\u00e9s kell, hogy kit\u00f6ltse. Marco Rossi csapata ugyanis akkor igaz\u00e1n vesz\u00e9lyes, ha a cs\u00facs\u00e9k is az: kellenek Szoboszlai Dominik akci\u00f3i, passzai, l\u00f6v\u00e9sei (min\u00e9l t\u00f6bbet van j\u00e1t\u00e9kban, ann\u00e1l jobb), kellenek Sallai Roland tr\u00fckkjei, technik\u00e1ja \u00e9s dinamik\u00e1ja, kell Kerkez Milos zakatol\u00e1sa, kellenek a pontr\u00fag\u00e1sok, \u00e1m kell a center munk\u00e1ja is. \u00c9s a k\u00f6z\u00e9pcsat\u00e1r akkor igaz\u00e1n j\u00f3, ha nemcsak el\u0151k\u00e9sz\u00edt \u00e9s teret nyit a t\u00f6bbieknek, hanem a befejez\u00e9sekn\u00e9l is ott van.\r\n\r\nVarga Barnab\u00e1s \u00e9s \u00c1d\u00e1m Martin a 16 selejtez\u0151s magyar g\u00f3lb\u00f3l hatot k\u00f6nyvelhetett el (4+2). Rajtuk k\u00edv\u00fcl nincsen klasszikus k\u00f6z\u00e9pcsat\u00e1r a keretben \u2013 \u00cdrorsz\u00e1g ellen Varga lecser\u00e9l\u00e9se ut\u00e1n Sallai volt legel\u00f6l, esetleg m\u00e9g <strong>Horv\u00e1th Krisztofer<\/strong> vagy <strong>Gazdag D\u00e1niel<\/strong> vethet\u0151 be hamis kilencesk\u00e9nt \u2013, \u00e9pp ez\u00e9rt lenne kulcsfontoss\u00e1g\u00fa, hogy a centerek visszanyerj\u00e9k j\u00f3 form\u00e1jukat az Eb-re. Tudniillik \u00c1d\u00e1m Martin sem ontja a g\u00f3lokat: 2024-ben 17 m\u00e9rk\u0151z\u00e9sen 3 alkalommal tal\u00e1lt be, r\u00e1ad\u00e1sul ritk\u00e1n j\u00e1tszik v\u00e9gig m\u00e9rk\u0151z\u00e9st klubj\u00e1ban, az Ulszan Hyundaiban. Harmadik opci\u00f3 pedig nincs: <strong>N\u00e9meth Andr\u00e1s<\/strong> nem igazolt el a HSV-t\u00f3l, \u00e9s pocs\u00e9k id\u00e9nyt z\u00e1rt (31 m\u00e9rk\u0151z\u00e9s, 0 g\u00f3l, meccsenk\u00e9nt sz\u0171k 25 percnyi j\u00e1t\u00e9kid\u0151), ezzel <a href=\"https:\/\/rangado.24.hu\/magyar_foci\/2024\/05\/14\/marco-rossi-foci-eb-2024-kerethirdetes-gazdag-daniel-dardai-pal-nemeth-andras\/\">nem lehetett es\u00e9lye a kerettags\u00e1gra<\/a>. Az NB I-ben Varga ut\u00e1n a 34 \u00e9ves K\u00f6nyves Norbert (11 g\u00f3l) \u00e9s B\u00e1r\u00e1ny Don\u00e1t (8 g\u00f3l) volt a legeredm\u00e9nyesebb, centerk\u00e9nt bevethet\u0151 magyar csat\u00e1r. Sokatmond\u00f3 a Transfermarkt kimutat\u00e1sa is:\r\n\r\n<span class=\"highlight-block-small\">Varga (becs\u00fclt piaci \u00e9rt\u00e9ke 2,5 milli\u00f3 eur\u00f3), N\u00e9meth (1 milli\u00f3) \u00e9s \u00c1d\u00e1m (1 milli\u00f3) ut\u00e1n a leg\u00e9rt\u00e9kesebb magyar k\u00f6z\u00e9pcsat\u00e1r a m\u00e1sodoszt\u00e1ly\u00fa Vasasban j\u00e1tsz\u00f3 T\u00f3th Mil\u00e1n (450 ezer), a DVSC-s B\u00e1r\u00e1ny Don\u00e1t (450 ezer) \u00e9s az Izraelben l\u00e9gi\u00f3skod\u00f3, az id\u00e9nyt 35\/4-es mutat\u00f3val z\u00e1r\u00f3 Koszta M\u00e1rk (450 ezer).<\/span>\r\n\r\n<img class=\"alignnone size-full wp-image-12984\" src=\"https:\/\/sport24.24.hu\/app\/uploads\/sites\/24\/2024\/06\/varga1.jpg\" alt=\"\" width=\"3468\" height=\"2602\" \/>\r\n\r\nRossi alighanem forma alapon is sz\u00edvesen elvitt volna egy harmadik centert \u2013 2021-ben megtette, Szalai \u00c1d\u00e1m \u00e9s <strong>Nikolics Nemanja<\/strong> mell\u00e9 bev\u00e1logatta Eb-keret\u00e9be az aktu\u00e1lis NB I-es g\u00f3lkir\u00e1ly <strong>Hahn J\u00e1nost<\/strong> \u2013, de kis t\u00falz\u00e1ssal v\u00e1laszt\u00e1si lehet\u0151s\u00e9ge sem volt. \u00cdgy azt\u00e1n a k\u00e9t k\u00f6z\u00e9pcsat\u00e1rt kell az Eb-re \u00e9les\u00edteni, hogy a selejtez\u0151kh\u00f6z hasonl\u00f3an itt is hozz\u00e1 tudjanak tenni pluszt a magyar t\u00e1mad\u00f3j\u00e1t\u00e9khoz.\r\n\r\nNo persze a mutatott forma nem minden. J\u00f3l tudjuk ezt, hiszen a 2016-os Eur\u00f3pa-bajnoks\u00e1gnak \u00fagy v\u00e1gott neki a magyar csapat, hogy k\u00f6z\u00e9pcsat\u00e1ra, Szalai \u00c1d\u00e1m 40 (!) m\u00e9rk\u0151z\u00e9sen kereszt\u00fcl maradt g\u00f3lk\u00e9ptelen. Szalai 2014. december 12. \u00f3ta nem tal\u00e1lt a kapuba, hogy azt\u00e1n Ausztria ellen, a legjobbkor kider\u00fclj\u00f6n (<strong>Hajd\u00fa B. Istv\u00e1n<\/strong> szavaival \u00e9lve): m\u00e9gis be lehet azt piszk\u00e1lni, p\u00f6ck\u00f6lni, tuszkolni.\r\n\r\nEzzel most is kiegyezn\u00e9nk.","type":"rich","thumbnail_url":"https:\/\/s.24.hu\/app\/uploads\/sites\/24\/2024\/06\/varga-b-150x150.jpg","thumbnail_width":150,"thumbnail_height":150}