{"version":"1.0","provider_name":"Sport24","provider_url":"https:\/\/sport24.24.hu","author_name":"Fut\u00f3 Csaba","author_url":"https:\/\/sport24.24.hu\/author\/futocs\/","title":"Hi\u00e1ba nyert 100. meccs\u00e9n a v\u00e1logatott, sz\u00e1nalmas csat\u00e1rsorr\u00f3l \u00edrt a magyar sajt\u00f3","html":"Az biztos, hogy sz\u00e1z \u00e9vvel ezel\u0151tt nem k\u00f6t\u00f6tt\u00e9k le el\u0151re a magyar v\u00e1logatott sz\u00e1zadik m\u00e9rk\u0151z\u00e9s\u00e9t. M\u00e9gpedig az\u00e9rt nem, mert \u00f6t nappal a Le Havre-ban rendezett tal\u00e1lkoz\u00f3t megel\u0151z\u0151en olimpiai meccset v\u00edvott a nemzeti tizenegy P\u00e1rizsban Egyiptom egy\u00fcttes\u00e9vel. S k\u00e9ts\u00e9g sem volt fel\u0151le, melyik csapat nyer\u2026\r\n\r\n<span class=\"highlight-block-small\">\u00c1m az outsider gy\u0151z\u00f6tt 3-0-ra, honfit\u00e1rsaink kiestek. Mik\u00f6zben m\u00e9g nem volt vil\u00e1gbajnoks\u00e1g, a futballban is az \u00f6tkarik\u00e1s torna sz\u00e1m\u00edtott a legfontosabbnak.<\/span>\r\n\r\nHab\u00e1r...\r\n\r\nA Pesti H\u00edrlap \u00edgy \u00edrt a k\u00f6r\u00fclm\u00e9nyekr\u0151l: \u201eA magyar csapat egy p\u00e1rizsi zugsz\u00e1ll\u00f3 (a Hotel Haussmann \u2013 a szerk.) sz\u0171k, patk\u00e1nyd\u00fas szob\u00e1iban lakott, gyenge n\u00e9ph\u00e1zi koszton \u00e9lt, \u00e9s harmadoszt\u00e1lyon utazott \u2013 saarbr\u00fcckeni nagy ker\u00fcl\u0151vel \u2013 P\u00e1rizsba.\u201d\r\n\r\n<strong>Haj\u00f3s Alfr\u00e9d<\/strong>, az els\u0151 magyar olimpiai bajnok, a labdar\u00fag\u00f3-sz\u00f6vets\u00e9g aleln\u00f6ke sz\u00f3v\u00e1 tette: \u201eS\u00falyos hiba volt a z\u00fcrichi \u00e9s a saarbr\u00fcckeni m\u00e9rk\u0151z\u00e9st az olimpi\u00e1sz el\u0151tt beiktatni a programba, de a k\u00f6lts\u00e9geket nem tudtuk volna m\u00e1sk\u00e9nt el\u0151teremteni, mert az Orsz\u00e1gos Testnevel\u00e9si Tan\u00e1cs \u00e9s a Magyar Olimpiai Bizotts\u00e1g f\u00e9lre\u00e9rthetetlen\u00fcl kijelentette, hogy futballra semmit sem ad.\u201d\r\n<div class=\"payable-content-section\"><\/div>\r\nA fajv\u00e9d\u0151 <strong>G\u00f6mb\u00f6s Gyula<\/strong>, a Horthy-korszak meghat\u00e1roz\u00f3 figur\u00e1inak egyike \u2013 1932-t\u0151l minisztereln\u00f6k \u2013 k\u00e9t nappal a veres\u00e9g ut\u00e1n m\u00e1shonnan k\u00f6zel\u00edtette meg a kudarcot a Parlamentben:\r\n\r\n\u201eTiltakozni akarok az ellen, hogy a P\u00e1rizsban szerepl\u0151 magyar futballist\u00e1kat \u00fagy \u00e1ll\u00edts\u00e1k be a k\u00fclf\u00f6ldi k\u00f6zv\u00e9lem\u00e9ny el\u0151tt, mint Magyarorsz\u00e1g reprezent\u00e1nsait \u2013 mondta felsz\u00f3lal\u00e1s\u00e1ban. \u2013 A magyar futballist\u00e1k m\u00e1r r\u00e9gen nem amat\u0151r\u00f6k, nem azon az \u00faton haladnak, amelyen haladni kell. A magyar futballsportb\u00f3l maholnap keny\u00e9rkereseti p\u00e1lya lesz, \u00e9s sajn\u00e1latos k\u00f6r\u00fclm\u00e9ny, hogy k\u00fclf\u00f6ldi lapok mutatnak r\u00e1 egyes j\u00e1t\u00e9kosainkra, akik a br\u00fcnni Makkabea egyes\u00fcletnek voltak fizetett tagjai. Nem a magyar nemzet reprezent\u00e1nsai harcoltak ott kint P\u00e1rizsban, hanem Budapest reprezent\u00e1nsai, s\u0151t nem is az igazi budapestiek, hanem valami furcsa t\u00e1kolm\u00e1ny lehet az, ami ezeket az embereket \u00f6sszehozta, mivel ezek nem reprezent\u00e1lnak sem magyar fajt, sem magyar nemzetet, nem reprezent\u00e1lj\u00e1k a magyar sportot, hanem reprezent\u00e1lj\u00e1k az internacion\u00e1lis professzionizmust.\u201d\r\n\r\nA megb\u00e9lyegz\u00e9s az FTC-b\u0151l a Makkabi Br\u00fcnnh\u00f6z szerz\u0151d\u0151, majd a z\u00f6ld-feh\u00e9rekhez visszat\u00e9r\u0151 <strong>Obitz G\u00e1borra<\/strong>, valamint arra a <strong>Hirzer Ferencre<\/strong> vonatkozott, aki azt\u00e1n 1925\/26-ban az olasz els\u0151 oszt\u00e1ly mesterl\u00f6v\u00e9sze lett 35 g\u00f3llal a bajnok Juventusban.\r\n\r\n<img class=\"size-full wp-image-12973 aligncenter\" src=\"https:\/\/sport24.24.hu\/app\/uploads\/sites\/24\/2024\/06\/pestihirlap_1924_05__pages387-387-1.jpg\" alt=\"\" width=\"1650\" height=\"1100\" \/>\r\n\r\nAz \u00fczenet nyilv\u00e1n a vil\u00e1gj\u00e1r\u00f3 <strong>Guttmann B\u00e9l\u00e1nak<\/strong> is sz\u00f3lt, hiszen az MTK-b\u00f3l kit\u00e1ntorg\u00f3 labdar\u00fag\u00f3 akkoriban a b\u00e9csi Hakoah csapat\u00e1ban futballozott, majd minden id\u0151k legnagyobb tr\u00e9nerei k\u00f6z\u00e9 emelkedett (itthon az \u00dajpestet, a Vasast, a Kispestet is edzette, k\u00fclf\u00f6ld\u00f6n pedig olyan csapatokat dirig\u00e1lt, mint a Milan, a Sao Paulo FC, a Porto, a Benfica, a Penarol, a Panathinaikosz, \u00e9s 1964-ben Ausztria sz\u00f6vets\u00e9gi kapit\u00e1nya volt, amikor a szomsz\u00e9dok B\u00e9csben 1-0-ra legy\u0151zt\u00e9k a magyarokat).\r\n\r\nGuttmann \u201eEgyiptom\u201d ut\u00e1n visszament B\u00e9csbe, <strong>Zs\u00e1k K\u00e1roly<\/strong>, <strong>Tak\u00e1cs II J\u00f3zsef<\/strong>, <strong>Braun J\u00f3zsef<\/strong>, <strong>Orth Gy\u00f6rgy<\/strong> hazautazott \u2013 el\u0151bbi kett\u0151 gy\u00f3gykezel\u00e9sre \u2013, \u00fagyhogy nem csup\u00e1n viharvert, de tartal\u00e9kos csapattal kellett ki\u00e1llni Le Havre-ban. A szakvezet\u0151 m\u00e1r <strong>Holits \u00d6d\u00f6n<\/strong> volt, mert <strong>Kiss Gyula<\/strong> s\u00falyos kritik\u00e1kat kapott.\r\n\r\n\u201eAzt kellett l\u00e1tni \u2013 \u00edrt\u00e1k r\u00f3la \u2013, hogy els\u0151sorban mint h\u00edrlapi tud\u00f3s\u00edt\u00f3 \u00e9s csak m\u00e1sodsorban mint sz\u00f6vets\u00e9gi kapit\u00e1ny jelent meg P\u00e1rizsban. A h\u00edrlapi tud\u00f3s\u00edt\u00e1s teljesen lek\u00f6t\u00f6tte az idej\u00e9t, \u00edgy a j\u00e1t\u00e9kosok szellemi \u00e9s lelki vezet\u00e9s\u00e9re nem maradt semmi ideje.\u201d\r\n\r\nVal\u00f3ban a Sporth\u00edrlap szerkeszt\u0151je volt, \u00e9s \u201eOlimpiai leveleket\u201d k\u00fcld\u00f6zgetett az \u00fajs\u00e1gnak. Ezek egyik\u00e9ben \u00edgy fogalmazott:\r\n\r\n\u201eMeg\u00e9rtem a lelkek f\u00e1jdalm\u00e1t, az indulatok h\u00e1borg\u00e1s\u00e1t. Csat\u00e1t vesztett\u00fcnk, s bukott h\u00e1bor\u00fa ut\u00e1n tajt\u00e9koz\u00f3 ajakkal a b\u0171n\u00f6s\u00f6k ut\u00e1n kutat a felkorb\u00e1csolt szenvedelem. L\u00e1tom a pesti utc\u00e1kat a rem\u00e9nys\u00e9geiben megcsalatkozott s\u0171r\u0171 t\u00f6megekkel. L\u00e1tom a k\u00f6nnyeknek hull\u00e1s\u00e1t, s \u00e9rzem a sz\u00edveknek haragos dobog\u00e1s\u00e1t. Sajn\u00e1lom. Nem tudok egy\u00fctt s\u00edrni a rem\u00e9ny\u00fcket vesztettekkel, nem tudok egy\u00fctt abc\u00fagolni a t\u00fcntet\u0151kkel. \u00c9n m\u00e1r a f\u00e1jdalmas \u00e9rz\u00e9seket \u00e1tszenvedtem j\u00f3val el\u0151bb, mint ti, boldogtalan pestiek. Az \u00e9n lelkemen m\u00e1r sokkal r\u00e9gebben \u00e1tfutottak a keser\u0171s\u00e9gnek \u00e9s a csal\u00f3d\u00e1snak gy\u00f6tr\u0151 f\u00e1jdalmai.\u201d\r\n\r\n<img class=\"size-full wp-image-12970 aligncenter\" src=\"https:\/\/sport24.24.hu\/app\/uploads\/sites\/24\/2024\/06\/ujsag_1928_08__pages143-143.jpg\" alt=\"\" width=\"834\" height=\"115\" \/>\r\n\r\nHozz\u00e1tette: \u201eNem akarom senkinek a nyak\u00e1ba varrni a felel\u0151ss\u00e9get, s magam sem akarok kit\u00e9rni el\u0151le. Semmi esetre sem k\u00edv\u00e1nom a csapat k\u00eds\u00e9ret\u00e9ben megjelent sz\u00f6vets\u00e9gi vezet\u0151ket f\u00f6lmutatni az \u00e1ldozatok olt\u00e1r\u00e1n, mert ezeket az urakat \u00e9ppen \u00fagy megd\u00f6bbentette a p\u00e1rizsi elsz\u00e1ll\u00e1sol\u00e1s, mint a j\u00e1t\u00e9kosokat. K\u00e9rd\u00e9st kell azonban tennem hozz\u00e1juk az ir\u00e1nt, mik\u00e9ppen t\u0171rhett\u00e9k el, hogy a csapatot az olimpiai alap c\u00edm\u00e9n egybegy\u0171lt milli\u00f3kb\u00f3l ilyen ell\u00e1t\u00e1sban r\u00e9szes\u00edts\u00e9k. A gazdag, olimpiai gy\u0151zelemre v\u00e1gyakoz\u00f3, vil\u00e1gh\u00edr\u0171 magyar futball p\u00e9ld\u00e1s magatart\u00e1st, vil\u00e1grasz\u00f3l\u00f3 sikert v\u00e1rt csapat\u00e1t\u00f3l a n\u00e9lk\u00fcl, hogy meleg szeretet\u00e9t, biztat\u00e1s\u00e1t, \u00f6lel\u0151 karjait fel\u00e9j\u00fck ny\u00fajtotta volna.\u201d\r\n\r\nKiss az \u201eegyiptomi csap\u00e1sr\u00f3l\u201d azt jelentette:\r\n<blockquote>Magyarorsz\u00e1g csapat\u00e1nak legszerencs\u00e9tlenebb m\u00e9rk\u0151z\u00e9se. Harminc l\u00f6v\u00e9sb\u0151l nem jutott egyetlen egy g\u00f3l sem Egyiptom kapuj\u00e1ba, \u00f6t t\u00e1mad\u00e1s ellenben h\u00e1rom g\u00f3lt hozott az ellenf\u00e9l sz\u00e1m\u00e1ra.<\/blockquote>\r\nA c\u00edmeres mezes csapat szakvezet\u0151jek\u00e9nt Le Havre-ban deb\u00fct\u00e1l\u00f3 Holits a k\u00f6vetkez\u0151 tizenegyet k\u00fcldte az agyagos p\u00e1ly\u00e1ra, amelyen a szakad\u00f3 es\u0151ben \u2013 a helysz\u00edni besz\u00e1mol\u00f3 szerint \u2013 \u201en\u00e9ha groteszk\u00fcl mozogtak\u201d a j\u00e1t\u00e9kosok: <strong>Kropacsek<\/strong> (MTK, m\u00e1sodik alkalommal volt v\u00e1logatott) \u2013 <strong>Gr\u00f3sz II<\/strong> (VAC, 1), <strong>Fogl III<\/strong> (\u00dajpest, 11) \u2013 <strong>Kert\u00e9sz II<\/strong> (MTK, 42), <strong>N\u00e1dler<\/strong> (MTK, 1), <strong>Blum<\/strong> (FTC, 34) \u2013 <strong>Fogl II<\/strong> (\u00dajpest, 29), <strong>Moln\u00e1r<\/strong> (MTK, 17), <strong>Opata<\/strong> (MTK, 8), <strong>Eisenhoffer<\/strong> (FTC, 8), Jeny (MTK, 9).\r\n\r\n[caption id=\"attachment_12968\" align=\"aligncenter\" width=\"426\"]<img class=\"size-full wp-image-12968\" src=\"https:\/\/sport24.24.hu\/app\/uploads\/sites\/24\/2024\/06\/sportkonyvek_038-1601936367__pages217-217.jpg\" alt=\"\" width=\"426\" height=\"639\" \/> Eisenhoffer J\u00f3zsef[\/caption]\r\n\r\nEzen a meccsen a sv\u00e1jci <strong>Felix Herren<\/strong> megadta Eisenhoffer g\u00f3lj\u00e1t, nem \u00fagy, mint Luis Collina spanyol j\u00e1t\u00e9kvezet\u0151 az egyiptomiak 1-0-s vezet\u00e9s\u00e9n\u00e9l P\u00e1rizsban, ahol ugyanenn\u00e9l az \u00e1ll\u00e1sn\u00e1l Braun a kapuf\u00e1ra l\u0151tte a 11-est.\r\n\r\nEisenhoffer egy\u00e9bk\u00e9nt szint\u00e9n sz\u00farhatta G\u00f6mb\u00f6s szem\u00e9t. Noha az olimpia idej\u00e9n az FTC j\u00e1t\u00e9kosa volt, el\u0151tte szint\u00e9n a Makkabi Br\u00fcnnh\u00f6z tartozott, azt\u00e1n k\u00f6rbej\u00e1rta a zsid\u00f3 klubokat: futballozott a Hakoah Wienben, a Hakoah Brooklynban, a Hakoah New Yorkban is. Majd az Olympique Marseille-ben hal\u00e1los balsz\u00e1rnyat alkotott az 1938-ban vb-ez\u00fcst\u00e9rmes <strong>Kohut Vilmossal<\/strong>. Ut\u00f3bb a csapat j\u00e1t\u00e9kos-edz\u0151je lett, \u00e9s szakvezet\u0151k\u00e9nt \u0151 vitte els\u0151 bajnoki diadal\u00e1ra az Olympique-et (1937-ben, amikor Mester Istv\u00e1n, Weisskopf-Vir\u00e1g \u00d6d\u00f6n, <strong>Sas K\u00e1roly<\/strong> is a marseille-i magyar kontingenshez tartozott, \u00e9s a kik\u00f6t\u0151v\u00e1rosban j\u00fanius 13-\u00e1n felavatt\u00e1k a sz\u00e1munkra 1969-ben oly keserves Stade Velodrome-ot).\r\n\r\nA Nemzeti Sportot egy\u00e1ltal\u00e1n nem andal\u00edtotta el az 1-0-s p\u00e1rizsi gy\u0151zelem. A lap szerint\r\n<blockquote>a csat\u00e1rsor j\u00e1t\u00e9ka sz\u00e1nalmas, a Fogl II-vel s\u00falyosb\u00edtott jobbsz\u00e1rny komoly akci\u00f3ra term\u00e9szetesen k\u00e9ptelen volt, k\u00fcl\u00f6n\u00f6sen, mert Moln\u00e1r \u00f3vatosan futballozott, f\u00e9lv\u00e9n s\u00e9r\u00fcl\u00e9se ki\u00fajul\u00e1s\u00e1t\u00f3l.<\/blockquote>\r\n(A h\u00e1tv\u00e9d Fogl II K\u00e1roly az\u00e9rt j\u00e1tszott jobbsz\u00e9ls\u0151t, mert a hazat\u00e9r\u0151 Braunnak nem akadt \u201edubl\u0151re\u201d.)\r\n\r\nA jubileumi diadalnak nem volt nagy visszhangja, a sajt\u00f3 sokkal ink\u00e1bb arra f\u00f3kusz\u00e1lt, hogy az MTK \u00e9s az FTC j\u00e1t\u00e9kosai N\u00e9metorsz\u00e1gban t\u00far\u00e1z\u00f3 csapataikhoz csatlakoztak, \u00e9s csak hetek m\u00falva t\u00e9rtek haza.\r\n\r\n<strong>Maurice Cottenet,<\/strong> a vend\u00e9gl\u00e1t\u00f3k p\u00e1rizsi kapusa pedig nem is sejtette, milyen j\u00f3l j\u00e1rt. H\u00e1rom \u00e9vvel k\u00e9s\u0151bb, 1927. j\u00fanius 12-\u00e9n t\u00f6bb mint egy tucat g\u00f3lt \u2013 egyed\u00fcl Tak\u00e1cs II-t\u0151l hatot \u2013 kapott a magyar\u2013francia meccsen az \u00dcll\u0151i \u00faton (13-1).\r\n\r\n<span class=\"highlight-block-small\">A 18-szoros v\u00e1logatott kapus a sz\u00f6rny\u0171 megpr\u00f3b\u00e1ltat\u00e1s ut\u00e1n \u2013 29 \u00e9vesen \u2013 visszavonult a futballt\u00f3l.<\/span>\r\n\r\nTak\u00e1cs II pedig este Aradra utazott, ahol mesterh\u00e1rmassal vezette klubcsapat\u00e1t, a Vasast 3-0-s gy\u0151zelemre. A Nemzeti Sport m\u00e9gis azt \u00edrta: \u201eA Vasas k\u00e9nyelmesen j\u00e1tszott, f\u0151k\u00e9nt Tak\u00e1cs II, aki alig ment a labda ut\u00e1n. Ez azonban nem akad\u00e1lyozta meg abban, hogy az el\u00e9je t\u00e1lalt labd\u00e1kat, sz\u00e1m szerint h\u00e1rmat, be ne l\u0151je.\u201d","type":"rich","thumbnail_url":"https:\/\/s.24.hu\/app\/uploads\/sites\/24\/2024\/06\/fortepan_177084-masolat-150x150.jpg","thumbnail_width":150,"thumbnail_height":150}