{"version":"1.0","provider_name":"Sport24","provider_url":"https:\/\/sport24.24.hu","author_name":"Fut\u00f3 Csaba","author_url":"https:\/\/sport24.24.hu\/author\/futocs\/","title":"Kele J\u00e1nos h\u00edrlevele: ki\u00e9 az Eb-mez\u0151ny legjobb edz\u0151je?","html":"\u201eAligha lehetne komolyan vehet\u0151en vitatni, hogy szakmai szempontb\u00f3l, a taktikai megold\u00e1sok kifinomults\u00e1g\u00e1t, a p\u00e1ly\u00e1n bemutatott j\u00e1t\u00e9k min\u0151s\u00e9g\u00e9t tekintve a futballipar cs\u00facs\u00e1t ma a Bajnokok Lig\u00e1ja jelenti\u201d \u2013 \u00e9rvelt n\u00e9h\u00e1ny h\u00f3nappal ezel\u0151tt egy cikk\u00e9ben <strong>Michael Cox<\/strong>, a The Athletic elismert szak\u00edr\u00f3ja. Hozz\u00e1tette ugyanakkor azt is, miszerint emellett \u201cazt is be kell l\u00e1ssuk, hogy a min\u0151s\u00e9g a futballban nem minden. Sz\u00fcks\u00e9g van a kisz\u00e1m\u00edthatatlans\u00e1gra, a kiegyens\u00falyozott verseng\u00e9s ill\u00fazi\u00f3j\u00e1ra is, ez a kett\u0151 egy\u00fctt pedig teljesen m\u00e1s t\u00edpus\u00fa szurkol\u00f3i \u00e9lm\u00e9nyt hoz l\u00e9tre, mint a klubfutball sorozatai.\u201d\r\n\r\n<span class=\"highlight-block-small\">Cox ugyan nem neves\u00edti, mire gondol pontosan m\u00e1s t\u00edpus\u00fa szurkol\u00f3 \u00e9lm\u00e9ny alatt, de mi enn\u00e9l lehet\u00fcnk b\u00e1trabbak, \u00e9s felfedhetj\u00fck a titkot: ma a futballipar legkisz\u00e1m\u00edthatatlanabb, legizgalmasabb, legv\u00e1ratlanabb t\u00f6rt\u00e9n\u00e9seket produk\u00e1lni k\u00e9pes torn\u00e1ja az Eur\u00f3pa-bajnoks\u00e1g.<\/span>\r\n\r\nAz Eb t\u00f6rt\u00e9netileg igencsak \u00e9rdekes-furcsa k\u00e9pz\u0151dm\u00e9ny. Egy vil\u00e1gbajnoks\u00e1ghoz k\u00e9pest \u2013 sz\u00f3l a r\u00e9gi f\u00e1ma \u2013 ez val\u00f3j\u00e1ban gyerekj\u00e1t\u00e9k, kismiska, bemeleg\u00edt\u00e9s. Futballelm\u00e9leti axi\u00f3ma, hogy a j\u00e1t\u00e9k nagy, meghat\u00e1roz\u00f3 nemzetei a vb-kre hegyezik a form\u00e1t, ide, ezekre a torn\u00e1kra \u00e9p\u00edtik a keret\u00fcket, a k\u00e9t vil\u00e1gbajnoks\u00e1g k\u00f6z\u00e9 be\u00e9kel\u0151d\u0151 Eur\u00f3pa-bajnoks\u00e1gok pedig csak aff\u00e9le f\u0151pr\u00f3b\u00e1k, tesztversenyek az igaz\u00e1n fontos megm\u00e9rettet\u00e9s el\u0151tt. Nincs ezen mit magyar\u00e1zni, mondj\u00e1k a futballtudorok, el\u00e9g csak r\u00e1pillantani arra, ki mindenki nyert eddig vil\u00e1gbajnoks\u00e1got (ez a legsz\u0171kebb futballelit, mind\u00f6ssze nyolc nemzet \u2013 Uruguay, Olaszorsz\u00e1g, N\u00e9metorsz\u00e1g, Braz\u00edlia, Anglia, Argent\u00edna, Franciaorsz\u00e1g, Spanyolorsz\u00e1g - r\u00e9szv\u00e9tel\u00e9vel), \u00e9s mell\u00e9tenni az Eb-gy\u0151ztesek list\u00e1j\u00e1t, amelyen a fenti eur\u00f3pai orsz\u00e1gok (m\u00ednusz Anglia) neve mellett ott van az oroszok\u00e9\/szovjetek\u00e9, a csehek\u00e9, a hollandok\u00e9, a d\u00e1nok\u00e9, a g\u00f6r\u00f6g\u00f6k\u00e9 \u00e9s a portug\u00e1lok\u00e9 is.\r\n\r\nAz Eb teh\u00e1t alapvet\u0151en a meglepet\u00e9sek torn\u00e1ja, r\u00e1ad\u00e1sul az UEFA \u2013 reag\u00e1lva ezzel az ut\u00f3bbi \u00e9vtizedben a v\u00e1logatottak verseng\u00e9s\u00e9t illet\u0151en egyre fokoz\u00f3d\u00f3 eur\u00f3pai dominanci\u00e1ra \u2013 olyan lebonyol\u00edt\u00e1si forma mellett hat\u00e1rozta el mag\u00e1t, amely kifejezetten garancia a sz\u00f3rakoztat\u00f3, kisz\u00e1m\u00edthatatlan verseng\u00e9sre. A 24 r\u00e9sztvev\u0151s form\u00e1tum j\u00f3l reag\u00e1l a mez\u0151ny s\u0171r\u0171s\u00e9g\u00e9re, ugyanakkor nem r\u00f3 t\u00falzott jelent\u0151s\u00e9get a csoportk\u00f6r meccseire: egy Eb-n, ha valaki elvesz\u00edti az els\u0151 k\u00e9t meccs\u00e9t, m\u00e9g sim\u00e1n tov\u00e1bbjuthat, ennek k\u00f6sz\u00f6nhet\u0151en pedig viszonylag ritk\u00e1k a fullaszt\u00f3an unalmas, kock\u00e1zatker\u00fcl\u00e9sbe fojtott meccsek a torna els\u0151 egy-k\u00e9t het\u00e9ben. \u00d6sszehasonl\u00edt\u00e1sk\u00e9pp: egy vb-n k\u00e9t veres\u00e9ggel kezdeni egyenl\u0151 a szinte tuti biztos kies\u00e9ssel, teh\u00e1t a rajton mindenki legink\u00e1bb nem kikapni pr\u00f3b\u00e1l. Vonatkoz\u00f3 statisztikai adat: a 2022-es katari vil\u00e1gbajnoks\u00e1g 48 csoportmeccse k\u00f6z\u00fcl 24 a f\u00e9lid\u0151ben g\u00f3l n\u00e9lk\u00fcli d\u00f6ntetlenre \u00e1llt. (Ehhez n\u00e9mi adal\u00e9k, hogy a t\u00f6rt\u00e9neti minta azt mondja, aki egy meccsen az els\u0151 g\u00f3lt kapja, az 80%-os val\u00f3sz\u00edn\u0171s\u00e9ggel nem gy\u0151z.)\r\n\r\nL\u00e9nyeg a l\u00e9nyeg, az Eb kiegyens\u00falyozott, kisz\u00e1m\u00edthatatlan harcot \u00edg\u00e9r. Nincsenek toronymagas es\u00e9lyesek, nincsenek \u201ej\u00e1t\u00e9kban\u201d utcahosszal a t\u00f6bbiek el\u0151tt j\u00e1r\u00f3 gig\u00e1szok. Vannak ugyan v\u00e1logatottak, amelyek jobban el vannak l\u00e1tva tehets\u00e9gekkel, mint m\u00e1sok \u2013 el\u00e9g csak a minden poszton nett\u00f3 vil\u00e1gklasszisokat felvonultat\u00f3 franci\u00e1kra, az angolokra, vagy \u00e9pp a n\u00e9metekre \u00e9s a portug\u00e1lokra gondolni \u2013, de szinte mindegyik r\u00e9sztvev\u0151 csapatban tal\u00e1lni legal\u00e1bb egy-k\u00e9t szt\u00e1rt, n\u00e9gy-\u00f6t ismertebb nevet, \u00f6t-t\u00edz olyan j\u00e1t\u00e9kost, akinek nem ismeretlen a nemzetk\u00f6zi mez\u0151ny, a nagy felhajt\u00e1s, a komoly t\u00e9t. (Arr\u00f3l meg oktondi redundancia lenne besz\u00e9lni, hogy a tehets\u00e9geloszl\u00e1s mennyivel egyenletesebb itt, mint a klubfoci topszintj\u00e9n.)\r\n\r\n<span class=\"highlight-block-small\">Mi k\u00f6vetkezik mindebb\u0151l? P\u00e9ld\u00e1ul az, hogy fel\u00e9rt\u00e9kel\u0151dik az edz\u0151 szerepe, n\u00edv\u00f3ja, teljes\u00edtm\u00e9nye.<\/span>\r\n<div class=\"payable-content-section\"><\/div>\r\n\u00c9ppen ez\u00e9rt az Eb-re fordulva, az es\u00e9lyek megtippel\u00e9se fel\u0151l k\u00f6zel\u00edtve tal\u00e1n az a legokosabb megold\u00e1s, ha a kispadokra pillantunk. Kinek van a legjobb edz\u0151je? Kin\u00e9l a legjobb a \u201ek\u00e9mia\u201d a csapat karaktere, j\u00e1t\u00e9kosai \u00e9s az edz\u0151 f\u00f6lfog\u00e1sa k\u00f6z\u00f6tt? Hogy ki mennyire \u201ej\u00f3\u201d edz\u0151 \u2013 \u00e9s ezt most k\u00e9retik j\u00f3l \u00e9rteni, hiszen nyilv\u00e1n az, aki egy olyan v\u00e1logatott kispadj\u00e1n \u00fcl, amelyik Eb-re k\u00e9sz\u00fcl, defin\u00edci\u00f3 szerint sem lehet nyeretlen k\u00e9t\u00e9ves k\u00f3kler \u2013, azt persze sok t\u00e9nyez\u0151 alapj\u00e1n lehet vizsg\u00e1lni. Elfogadott t\u00e9zis p\u00e9ld\u00e1ul, hogy a v\u00e1logatott munka a mai topfutballban m\u00e1r ink\u00e1bb amolyan nyugd\u00edjas \u00e1ll\u00e1s, \u00e9vi 8-10 meccs, kisebb (avagy ink\u00e1bb: sporadikusabb) nyom\u00e1ssal, kevesebb direkt hat\u00e1ssal a j\u00e1t\u00e9kst\u00edlusra, a megval\u00f3s\u00edtott csapatj\u00e1t\u00e9k min\u0151s\u00e9g\u00e9re (hiszen elegend\u0151 edz\u00e9s, k\u00f6z\u00f6s munkanap sem \u00e1ll rendelkez\u00e9sre ahhoz, hogy olyan n\u00fcanszokig megtervezett, apr\u00f3l\u00e9kos meccsterveket dolgozzon ki egy edz\u0151, mint ami p\u00e9ld\u00e1ul <strong>Xabi Alonso<\/strong>, <strong>Gian Piero Gasperini<\/strong>,<strong> J\u00fcrgen Klopp<\/strong>, <strong>Mikel Arteta<\/strong>, vagy \u00e9ppen Pep <strong>Guardiola<\/strong> saj\u00e1tja). De m\u00e9gis, kik azok, akik komoly toplig\u00e1s tapasztalattal, er\u0151s \u00e1zsi\u00f3val ir\u00e1ny\u00edtanak most v\u00e1logatottakat? T\u00e9nyleg igaz, hogy a v\u00e1logatott futball alapvet\u0151en a klubfoci m\u00e1sodik-harmadik vonal\u00e1ba szorult edz\u0151k j\u00e1tsz\u00f3tere? N\u00e9zz\u00fck meg, mit mondanak a sz\u00e1mok:\r\n\r\n<img class=\"size-full wp-image-12934 aligncenter\" src=\"https:\/\/sport24.24.hu\/app\/uploads\/sites\/24\/2024\/06\/edzorangsor.jpg\" alt=\"\" width=\"1008\" height=\"343\" \/>\r\n\r\nHa v\u00e9gigtekintj\u00fck a mez\u0151nyt, azt l\u00e1tjuk, hogy mind\u00f6ssze kilenc edz\u0151 akad (a r\u00e9sztvev\u0151k cirka egyharmada), aki eddigi p\u00e1lyafut\u00e1sa sor\u00e1n egyetlen toplig\u00e1s meccsen sem \u00fclt a kispadon (<strong>Rossi<\/strong>, <strong>Yakin<\/strong>, <strong>De la Fuente<\/strong>, <strong>Dalic<\/strong>, <strong>Stojkovic<\/strong>, <strong>Kek<\/strong>,<strong> Probierz<\/strong>, <strong>Rebrov<\/strong>, <strong>Iordanescu<\/strong>), de k\u00f6z\u00fcl\u00fck is mind\u00f6ssze \u00f6ten olyanok, akik emellett sem BL-, sem EL-csoportk\u00f6r\u00f6s, vagy egyenes kies\u00e9ses m\u00e9rk\u0151z\u00e9sen nem dirig\u00e1ltak m\u00e9g klubot (Rossi, De la Fuente, <strong>Dalic<\/strong>, <strong>Stojkovic<\/strong>, Probierz). Vegy\u00fck ki ebb\u0151l a klubb\u00f3l a horv\u00e1t v\u00e1logatottat ir\u00e1ny\u00edt\u00f3 Zlatko Dalicot, aki lehet, hogy klubkarrierje sor\u00e1n nem aratta sz\u00e1molatlanul a sikereket, \u00e1m cser\u00e9be vil\u00e1gbajnoki ez\u00fcst-, illetve bronz\u00e9rme is van edz\u0151k\u00e9nt, \u00e9s m\u00e1ris arra a k\u00f6vetkeztet\u00e9sre kell jussunk, hogy a 24 csapatos mez\u0151nyben mind\u00f6ssze n\u00e9gy olyan edz\u0151 akad, aki ezen objekt\u00edv krit\u00e9riumok alapj\u00e1n nem tekinthet\u0151 valamif\u00e9le sz\u0171kre szabott elitklub tagj\u00e1nak.\r\n\r\n\u00c1m \u00e9ppen a magyar csapatot dirig\u00e1l\u00f3 Marco Rossi a bizony\u00edt\u00e9k r\u00e1, hogy a v\u00e1logatott futballban a klubpedigr\u00e9 nem minden, s\u0151t, de pl\u00e1ne: az olasz vezet\u0151edz\u0151 kor\u00e1bban sem a Honv\u00e9d, sem a DAC kispadj\u00e1n nem \u00e9rt el vil\u00e1grasz\u00f3l\u00f3 sikereket \u2013 b\u00e1r azt \u00e9pp lehetne vitatni, hogy a kispestiekkel el\u00e9rt val\u00f3sz\u00edn\u0171tlen magyar bajnoki arany\u00e9rme mennyivel kisebb teljes\u00edtm\u00e9ny (ha ugyan), mint amit Vincenzo Montella, Ronald Koeman, vagy \u00e9pp Domenico Tedesco fel tud mutatni a k\u00fcl\u00f6nb\u00f6z\u0151 toplig\u00e1kban \u2013, mik\u00f6zben egym\u00e1s ut\u00e1n a m\u00e1sodik Eb-re vezeti ki a magyar v\u00e1logatottat, amellyel feljutott a Nemzetek Lig\u00e1ja A-csoportj\u00e1ba, ott kis h\u00edj\u00e1n bement a n\u00e9gyes d\u00f6nt\u0151be, \u00e9s am\u00fagy mintegy mell\u00e9kesen hat \u00e9v alatt az \u00c9l\u0151-rangsor 65. hely\u00e9r\u0151l a 18. poz\u00edci\u00f3ba korm\u00e1nyozta csapat\u00e1t.\r\n\r\n\u00c9ppen ez\u00e9rt tal\u00e1n tekints\u00fcnk is el att\u00f3l, hogy puszt\u00e1n a f\u00f6nti mutat\u00f3k alapj\u00e1n igyeksz\u00fcnk sorba rendezni a v\u00e1logatottak kispadjain helyet foglal\u00f3 edz\u0151ket. Helyette j\u00e1tsszunk el a gondolattal, hogy power ranking helyett \u00fan. suitability rankinget \u00e1ll\u00edtunk fel k\u00f6z\u00f6tt\u00fck, \u00e9s az alapj\u00e1n oszt\u00e1lyozzuk \u0151ket, hogy mennyire illenek ahhoz a csapathoz, amely \u00e9ppen alkalmazza \u0151ket, \u00e9s milyen es\u00e9lyeik vannak az adott j\u00e1t\u00e9kos\u00e1llom\u00e1nyhoz viszony\u00edtva sikeresnek mondhat\u00f3 szerepl\u00e9s el\u00e9r\u00e9s\u00e9re. Hangs\u00falyozom, hogy a lenti sorrend nem objekt\u00edv \u00e9rt\u00e9kel\u00e9s eredm\u00e9nye, csup\u00e1n az \u00e9n szem\u00e9lyes benyom\u00e1som, amely rendk\u00edv\u00fcl sok ponton torz\u00edt(hat), r\u00e1ad\u00e1sul nem egy, nem kett\u0151 edz\u0151 kapcs\u00e1n kell kifejezetten sz\u0171k mint\u00e1b\u00f3l dolgoznunk \u2013 tekintve, hogy t\u00edzn\u00e9l is kevesebb m\u00e9rk\u0151z\u00e9sen \u00fcltek eddig jelenlegi csapatuk kispadj\u00e1n.\r\n<h3>24. Dragan Stojkovic (Szerbia)<\/h3>\r\nHarminch\u00e9t v\u00e1logatott meccs\u00e9n kifejezetten tisztess\u00e9ges pont\u00e1tlag (1,89), k\u00e9t sikerrel megv\u00edvott selejtez\u0151-sorozat, \u00e1m semmi, ami ezen t\u00fal k\u00fcl\u00f6n\u00f6sebben meggy\u0151z\u0151 volna. A vb-n a szerbek kifejezetten gyenge edz\u0151i munka mellett estek ki a csoportb\u00f3l \u00fagy mint a tejfog, a selejtez\u0151k\u00f6n oda-vissza kikaptak t\u0151l\u00fcnk, r\u00e1ad\u00e1sul mindk\u00e9t egym\u00e1s elleni meccsen felt\u0171n\u0151 volt, hogy\r\n\r\n<span class=\"highlight-block-small\">Marco Rossi sim\u00e1n lemeccseli Stojkovicot.<\/span>\r\n\r\nNem akarok rosszm\u00e1j\u00fa lenni, de \u0151t a szerb kispadon l\u00e1tni k\u00f6r\u00fclbel\u00fcl ahhoz hasonl\u00edthat\u00f3 \u00e9lm\u00e9ny, mintha a magyar v\u00e1logatottat <strong>D\u00e9t\u00e1ri Lajos<\/strong> ir\u00e1ny\u00edtan\u00e1.\r\n<h3>23. Ronald Koeman (Hollandia)<\/h3>\r\nKifejezetten nagy toplig\u00e1s tapasztalat (Valencia, Barcelona, Everton), dermeszt\u0151 buk\u00e1sok, neh\u00e9z term\u00e9szet. A holland futball ugyan \u00e9ledezni l\u00e1tszik a n\u00e9h\u00e1ny \u00e9vvel ezel\u0151tti m\u00e9lypont megj\u00e1r\u00e1sa ut\u00e1n, m\u00e9g mindig nem \u00e9pp legszebb napjait \u00e9li, ennek pedig kiv\u00e1l\u00f3 lakmuszpap\u00edrja Ronald Koeman sz\u00f6vets\u00e9gi kapit\u00e1nyi kinevez\u00e9se \u2013 r\u00f6vid id\u0151n bel\u00fcl m\u00e1sodszor is, hiszen 2018 \u00e9s 2020 k\u00f6z\u00f6tt egyszer m\u00e1r ir\u00e1ny\u00edtotta a csapatot. A selejtez\u0151kben nem villogott a v\u00e1logatottja, a franci\u00e1k oda-vissza megcsapt\u00e1k \u0151ket (0-4, 0-1), de az \u00edrek \u00e9s a g\u00f6r\u00f6g\u00f6k ellen is volt egy-egy kifejezetten ny\u00f6gvenyel\u0151s meccs\u00fck, nem lenn\u00e9k meglepve, ha ez a tr\u00fckk\u00f6s Eb-csoport nem v\u00e1rt kih\u00edv\u00e1s el\u00e9 \u00e1ll\u00edtan\u00e1 az Oranj\u00e9t.\r\n<h3>22. Michal Probierz (Lengyelorsz\u00e1g)<\/h3>\r\nAz egyik k\u00e9sei beugr\u00f3. A lengyelek a selejtez\u0151ket m\u00e9g a 2016-ban Eb-gy\u0151ztes <strong>Fernando Santos<\/strong> ir\u00e1ny\u00edt\u00e1s\u00e1val kezdt\u00e9k, de mivel a portug\u00e1l szt\u00e1redz\u0151 t\u00f6bbek k\u00f6z\u00f6tt Moldova (2-3) \u00e9s Alb\u00e1nia (0-2) ellen is meg\u00e9gett a kvalifik\u00e1ci\u00f3s meccseken, r\u00f6vid \u00faton kiadt\u00e1k a munkak\u00f6nyv\u00e9t. Ekkor j\u00f6tt el Probierz ideje, aki hat veretlen meccsel \u2013 igaz, ebbe is belef\u00e9rt egy Moldova elleni k\u00ednos d\u00f6ntetlen \u2013 v\u00e9g\u00fcl kivezette az Eb-re a saj\u00e1t csoportj\u00e1ban Csehorsz\u00e1g \u00e9s Alb\u00e1nia m\u00f6g\u00f6tt v\u00e9gz\u0151 lengyeleket. A csoportbeoszt\u00e1s ugyanakkor nem volt vele kegyes, Franciaorsz\u00e1g, Hollandia \u00e9s Ausztria ellen m\u00e1r a pontszerz\u00e9s is brav\u00far volna a csapat\u00e1t\u00f3l.\r\n<h3>21. Edward Iordanescu (Rom\u00e1nia)<\/h3>\r\nA rom\u00e1nok nem ker\u00fcltek kifejezetten neh\u00e9z selejtez\u0151 csoportba \u2013 a kijut\u00e1shoz Koszov\u00f3t \u00e9s Izraelt kellett megel\u0151zni\u00fck \u2013 de t\u00edz veretlen meccsel \u00e9s Sv\u00e1jc meglepet\u00e9sszer\u0171 megel\u0151z\u00e9s\u00e9vel b\u0151ven t\u00falteljes\u00edtett\u00e9k az elv\u00e1r\u00e1sokat. Iordanescu szisztematikusan \u00e9s apr\u00f3l\u00e9kosan \u00e9p\u00edtkezik csapat\u00e1val, de azt nem lehet mondani, hogy vele a kispadon t\u00falzottan v\u00e9rmes rem\u00e9nyeik lehetnek a torn\u00e1n \u2013 m\u00e1r a csoportb\u00f3l val\u00f3 tov\u00e1bbl\u00e9p\u00e9s is brav\u00far lenne.\r\n<h3>20. Sylvinho (Alb\u00e1nia)<\/h3>\r\nKlubedz\u0151k\u00e9nt nem volt sikeres Franciaorsz\u00e1gban \u2013 b\u00e1r pap\u00edron BL-el\u0151d\u00f6nt\u0151snek mondhatja mag\u00e1t a Lyonnal \u2013, Alb\u00e1ni\u00e1ban azonban mag\u00e1ra tal\u00e1lt, \u00e9s tal\u00e1n mondhatjuk, hogy a hely\u00e9n van. A selejtez\u0151kben brav\u00far volt a sz\u00e9tes\u0151 lengyelek megel\u0151z\u00e9se, az Eb-n azonban kifogt\u00e1k a hal\u00e1lcsoportot (olasz, spanyol, horv\u00e1t), \u00e9s b\u00e1rmennyire j\u00f3 alapokat tett le <strong>Edy Reja<\/strong>, ez a falat most t\u00fal sok lesz a kor\u00e1bbi Barca-bekknek.\r\n<h3>19. Ivan Hasek (Csehorsz\u00e1g)<\/h3>\r\n2024 elej\u00e9n vette \u00e1t a csapat ir\u00e1ny\u00edt\u00e1s\u00e1t a kisebb meglepet\u00e9sre a szerz\u0151d\u00e9s\u00e9t nem meghosszabb\u00edt\u00f3 <strong>Jaroslav \u0160ilhav\u00fdt\u00f3l<\/strong>, aki b\u00e1r els\u0151 helyen v\u00e9gzett a selejtez\u0151s csoportban, nem v\u00e1rt bukt\u00e1kba is belefutott Moldova, illetve Alb\u00e1nia ellen. Hasek b\u0151ven nem nullkilom\u00e9teres edz\u0151 \u2013 kor\u00e1bban vezette a Saint-\u00c9tienne-t \u00e9s a Strasbourg-t, volt egy kev\u00e9sb\u00e9 sikeres id\u0151szaka a cseh v\u00e1logatott kispadj\u00e1n, illetve sz\u00f6vets\u00e9gi kapit\u00e1nykodott Libanonban \u00e9s Gabonban is \u2013, de hogy vele megism\u00e9tl\u0151dhet-e a h\u00e1rom \u00e9vvel ezel\u0151tti brav\u00far, amikor a csehek Schick vezet\u00e9s\u00e9vel a nyolcba jutottak, er\u0151sen k\u00e9rd\u00e9ses.\r\n<h3>18. Murat Yakin (Sv\u00e1jc)<\/h3>\r\nNeh\u00e9z ember, konfliktusos szem\u00e9lyis\u00e9g, akit a k\u00ednkeservvel, de v\u00e9g\u00fcl sikeresen megv\u00edvott selejtez\u0151k ut\u00e1n kis h\u00edj\u00e1n \u00fagy v\u00e1gtak ki a csapat \u00e9l\u00e9r\u0151l, mint a gerelyt. Csapata kem\u00e9ny, mint a k\u00e1d sz\u00e9le, \u00e9s kutya neh\u00e9z megverni, ugyanakkor nem v\u00e1rt d\u00f6ntetlenekbe is siker\u00fclt belefutnia olyan ellenfelekkel szemben, mint Koszov\u00f3, Izrael, vagy Feh\u00e9roroszorsz\u00e1g.\r\n\r\n<span class=\"highlight-block-small\">\u00c1ll\u00edt\u00f3lag \u00f6sszeveszett <strong>Granit Xhak\u00e1val<\/strong> is, a newcastle-\u00f6s <strong>Fabian Sch\u00e4rr\u0151l<\/strong> pedig kital\u00e1lta, hogy nem illik a st\u00edlusa <strong>Manuel Akanji\u00e9hoz<\/strong>, ez\u00e9rt nem j\u00e1tszatja \u0151ket egyszerre.<\/span>\r\n\r\n<img class=\"alignnone size-full wp-image-12938\" src=\"https:\/\/sport24.24.hu\/app\/uploads\/sites\/24\/2024\/06\/murat-yakin.jpg\" alt=\"\" width=\"2622\" height=\"1748\" \/>\r\n<h3>17. Francesco Calzona (Szlov\u00e1kia)<\/h3>\r\nA Napoli \u00e9l\u00e9re t\u00f6rt\u00e9n\u0151 beugr\u00e1sa \u00e1lomszer\u0171en indult, de v\u00e9g\u00fcl nem lett tart\u00f3s sikersztori, 1,21-es meccsenk\u00e9nti pont\u00e1tlag\u00e1t l\u00e1tva nem meglep\u0151, hogy f\u00f6l sem mer\u00fclt a marasztal\u00e1sa. A szlov\u00e1k kispadon enn\u00e9l egyel\u0151re eredm\u00e9nyesebben dolgozik, a selejtez\u0151k\u00f6n csak a portug\u00e1lokt\u00f3l kapott ki, \u00e9s annak ellen\u00e9re nem volt k\u00e9rd\u00e9ses csapata kijut\u00e1sa, hogy az els\u0151 meccs\u00fck\u00f6n csak egy ikszre futotta Luxemburg ellen. A csoportjuk harmadik hely\u00e9n ak\u00e1r tov\u00e1bb is csoroghatnak az Eb-n, de ha ebben enn\u00e9l t\u00f6bb lenne most, az sokakat meglepne.\r\n<h3>16. Luis de la Fuente (Spanyolorsz\u00e1g)<\/h3>\r\nAz egyik legnagyobb k\u00e9rd\u0151jel. \u00dagy kapta meg a v\u00e1logatott kispadj\u00e1t a sokat t\u00e1madott <strong>Luis Rubialest\u0151l<\/strong> a vb ut\u00e1n, hogy l\u00e9nyeg\u00e9ben nincs tapasztalata a feln\u0151tt topfutballban, viszont hosszan \u00e9s eredm\u00e9nyesen dolgozott a k\u00fcl\u00f6nb\u00f6z\u0151 spanyol ut\u00e1np\u00f3tl\u00e1s-v\u00e1logatottakkal. A m\u00e9rlege egyel\u0151re j\u00f3, b\u00e1r a sk\u00f3tok cs\u00fany\u00e1n megcsapt\u00e1k \u0151t egy ki-ki meccsen a selejtez\u0151k elej\u00e9n, \u00e9s a legut\u00f3bbi, brazilok elleni meccs\u00fck\u00f6n sem n\u00e9zett ki kifejezetten j\u00f3l a v\u00e1logatott labda elleni j\u00e1t\u00e9ka. A keret \u00f6ssze\u00e1ll\u00edt\u00e1sa miatt m\u00e1ris komoly t\u00e1mad\u00e1sokat kap \u2013 \u00e1ll\u00edt\u00f3lag nincs benne el\u00e9g Real Madrid-j\u00e1t\u00e9kos \u2013, ha tippelnem kellene, azt mondan\u00e1m, hogy ebb\u0151l \u00fajra a lassan megint szok\u00e1soss\u00e1 v\u00e1l\u00f3 spanyol mutatv\u00e1ny lesz: medd\u0151 mez\u0151nyf\u00f6l\u00e9ny, k\u00e9zilabd\u00e1s passzolgat\u00e1s, azt\u00e1n az els\u0151 k\u00f6zepes ellenf\u00e9l nagyon cs\u00fany\u00e1n sz\u00e9tkontr\u00e1zza \u0151ket.\r\n<h3>15. Steve Clarke (Sk\u00f3cia)<\/h3>\r\nH\u00e9tmeccses nyeretlens\u00e9gi sorozattal meleg\u00edtenek a sk\u00f3tok az Eb-re, \u00e9s b\u00e1r ez v\u00e1rhat\u00f3an a rajtig megszakadt \u2013 a k\u00f6vetkez\u0151 nekifut\u00e1sra Gibralt\u00e1r ellen kell bizony\u00edtani \u2013, tal\u00e1n kijelenthet\u0151: nem most van a cs\u00facson Clarke \u00e9s a csapat kapcsolata. A selejtez\u0151kben viszont nagyot mentek, az els\u0151 \u00f6t meccs\u00fcket zsin\u00f3rban nyert\u00e9k, megcsapt\u00e1k a spanyolokat, a <strong>Haaland<\/strong>-<strong>\u00d6degaard<\/strong> tandemmel t\u00e1mad\u00f3 norv\u00e9gokat, \u00e9s a k\u00f6telez\u0151 feladatokat is kipip\u00e1lt\u00e1k a csoportjukban. Clarke-nak \u00edgy ez m\u00e1r a m\u00e1sodik Eb-je lesz, a rutin teh\u00e1t adott, de a k\u00f6vetkez\u0151 l\u00e9pcs\u0151t (csoportb\u00f3l val\u00f3 tov\u00e1bbjut\u00e1s) megugrani komoly el\u0151rel\u00e9p\u00e9st k\u00edv\u00e1n t\u0151le is.\r\n<h3>14. Vincenzo Montella (T\u00f6r\u00f6korsz\u00e1g)<\/h3>\r\nKomoly toplig\u00e1s tapasztalat kiugr\u00f3 siker n\u00e9lk\u00fcl, \u00e9s n\u00e9h\u00e1ny k\u00f6zepesen nagy meg\u00e9g\u00e9s (khm, Sevilla) \u2013 egyel\u0151re ez a kor\u00e1bbi kiv\u00e1l\u00f3 csat\u00e1r pedigr\u00e9je a kispadon. Kevesebb mint egy \u00e9ve, 2023 szeptember\u00e9ben v\u00e1ltotta a v\u00e1logatott kispadj\u00e1n<strong> Stefan Kuntzot<\/strong>, \u00e9s gyorsan kiegyenes\u00edtette a csapat arcvonal\u00e1t a selejtez\u0151k\u00f6n: idegenben csapta meg a horv\u00e1tokat (1-0), lesim\u00e1zta a letteket (4-0), v\u00e9g\u00fcl pedig egy walesi iksz (1-1) is el\u00e9g volt neki a csoport els\u0151 hely\u00e9nek megszerz\u00e9s\u00e9hez. M\u00e1rciusban viszont k\u00e9t nem v\u00e1rt pofonba is belefutott vele a v\u00e1logatott (Budapesten 0-1, B\u00e9csben 1-6), ami nem kifejezetten j\u00f3 jel a h\u00e1rom \u00e9vvel ezel\u0151tti komoly \u00e9g\u00e9s ut\u00e1n felt\u00e1madni v\u00e1gy\u00f3 t\u00f6r\u00f6k futballnak.\r\n<h3>13. Domenico Tedesco (Belgium)<\/h3>\r\nAz aranygener\u00e1ci\u00f3nak annyi, ez a belga keret tal\u00e1n a legkev\u00e9sb\u00e9 kiegyens\u00falyozott az elm\u00falt t\u00edz \u00e9vb\u0151l. Persze \u00edgy is tele vannak kiv\u00e1l\u00f3 futballist\u00e1kkal, igaz, k\u00f6z\u00fcl\u00fck az egyik legsikeresebbet, <strong>Thibaut Courtois-t<\/strong> Tedesco egy szem\u00e9lyes vita \u00e9s ellent\u00e9t miatt v\u00e9g\u00fcl kihagyta a keretb\u0151l. Mindez j\u00f3l mutatja a n\u00e9met-olasz edz\u0151 karakter\u00e9t:\r\n\r\n<span class=\"highlight-block-small\">nem f\u00e9l kem\u00e9ny, ellentmond\u00e1sos d\u00f6nt\u00e9seket meghozni, a kompromisszumokat h\u00edrb\u0151l sem ismeri, a j\u00e1t\u00e9kfelfog\u00e1sa makacs \u00e9s idealista<\/span>\r\n\r\n\u2013 nem \u00e9pp a legjobb tulajdons\u00e1gok ahhoz, hogy valaki hossz\u00fa t\u00e1von sikeres tudjon lenni a v\u00e1logatott futballban.\r\n<h3>12. Ralf Rangnick (Ausztria)<\/h3>\r\nAz osztr\u00e1kok j\u00e1tszi k\u00f6nnyeds\u00e9ggel vett\u00e9k a selejtez\u0151ket, az ut\u00f3bbi tizenn\u00e9gy meccs\u00fckb\u0151l pedig csup\u00e1n egyet vesz\u00edtettek el \u2013 igaz, az \u00e9pp a csoportels\u0151s\u00e9g\u00fckbe ker\u00fclt a belg\u00e1kkal szemben. Rangnick munk\u00e1ja be\u00e9rni l\u00e1tszik a csapattal, utols\u00f3 meccs\u00fck\u00f6n 6-1-re gyalult\u00e1k le a t\u00f6r\u00f6k\u00f6ket, olyb\u00e1 t\u0171nik, most \u00e9pp megvan a Rangnick eset\u00e9ben mindig nagyon t\u00f6r\u00e9keny lelki \u00e9s szellemi b\u00e9ke a j\u00e1t\u00e9kosok \u00e9s az edz\u0151 k\u00f6z\u00f6tt. Amit nem l\u00e1tni el\u0151re, hogy mik\u00e9pp fog ez m\u0171k\u00f6dni tornaszitu\u00e1ci\u00f3ban: Rangnick legend\u00e1san rosszul t\u0171ri a nyom\u00e1st, \u00e9s mik\u00f6zben szinte minden \u00e1llom\u00e1shely\u00e9n teljhatalmat v\u00e1r el, rendre fel\u0151rli \u00f6nmag\u00e1t a mikromenedzsmentben.\r\n\r\n<img class=\"alignnone size-full wp-image-12939\" src=\"https:\/\/sport24.24.hu\/app\/uploads\/sites\/24\/2024\/06\/rangnick.jpg\" alt=\"\" width=\"2785\" height=\"1857\" \/>\r\n<h3>11. Willy Sagnol (Georgia)<\/h3>\r\n\u00cdg\u00e9retesen indul\u00f3, \u00e1m gyorsan f\u00f6ldbe \u00e1ll\u00f3 vezet\u0151edz\u0151i karrierje Georgi\u00e1ban t\u00e1madt fel: imm\u00e1r h\u00e1rom \u00e9ve ir\u00e1ny\u00edtja a kauk\u00e1zusi csapatot, amelyet t\u00f6rt\u00e9nete els\u0151 nagy torn\u00e1j\u00e1ra vezetett ki a Nemzetek Lig\u00e1ja jelentette vigasz\u00e1gon kereszt\u00fcl. Nem volt kis mel\u00f3, a selejtez\u0151ben ugyanis nem termett nekik sok bab\u00e9r (Spanyolorsz\u00e1g, Sk\u00f3cia \u00e9s Norv\u00e9gia t\u00e1rsas\u00e1g\u00e1ban neh\u00e9z is lett volna ilyesmit elv\u00e1rni), \u00e1m a k\u00f6telez\u0151 feladatokat a m\u00e1sik \u00e1gon megoldott\u00e1k: elgyep\u00e1lt\u00e1k a bolg\u00e1rokat (5-2), \u00c9szak-Maced\u00f3ni\u00e1t (3-0), majd a p\u00f3tselejtez\u0151n el\u0151bb az egyre er\u0151sebb Luxemburg ellen nyertek (2-0), hogyan azt\u00e1n tizenegyesekkel a g\u00f6r\u00f6g\u00f6ket is el\u00fcss\u00e9k az Eb-r\u00e9szv\u00e9telt\u0151l. Sagnol val\u00f3sz\u00edn\u0171leg nem topkateg\u00f3ri\u00e1s edz\u0151, de j\u00f3l l\u00e1that\u00f3an tudja, amit egy v\u00e1logatott ir\u00e1ny\u00edt\u00e1sa megk\u00f6vetel, \u00e9s ak\u00e1rhogyan alakuljon is a torna, Tbilisziben j\u00f3 es\u00e9llyel szobrot \u00e1ll\u00edtanak neki egyszer.\r\n<h3>10. Roberto Mart\u00ednez (Portug\u00e1lia)<\/h3>\r\nK\u00f6z\u00e9pkateg\u00f3ri\u00e1s toplig\u00e1s edz\u0151 (Everton, Wigan), \u00e9s most m\u00e1r rutinosnak mondhat\u00f3, nagyp\u00e1ly\u00e1s sz\u00f6vets\u00e9gi kapit\u00e1ny, hiszen a belga aranycsapat ut\u00e1n Portug\u00e1li\u00e1val dolgozhat. A kerete bombaer\u0151s, a selejtez\u0151k abszolv\u00e1l\u00e1s\u00e1val nem is volt gondja, t\u00edz meccsb\u0151l t\u00edzet nyert a csapat\u00e1val, 36 r\u00fagott g\u00f3l mellett mind\u00f6ssze kett\u0151t kapott, \u00e9s pap\u00edron az egyik es\u00e9lyesk\u00e9nt k\u00e9sz\u00fcl csapat\u00e1val az Eb-re. M\u00e1s k\u00e9rd\u00e9s, hogy a gy\u0151ztes g\u00e9nt tov\u00e1bbra sem igaz\u00e1n l\u00e1tni benne, \u00e9s azt sem tudni, mit kezd a <strong>Cristiano Ronaldo<\/strong>-problematik\u00e1val a csapatj\u00e1t\u00e9k megszervez\u00e9sekor.\r\n<h3>9. Matjaz Kek (Szlov\u00e9nia)<\/h3>\r\nDidier Deschamps mellett az egyetlen olyan edz\u0151 a mez\u0151nyben, aki m\u00e1r legal\u00e1bb 100 meccsen \u00fclt egy v\u00e1logatott \u2013 eset\u00e9ben a szlov\u00e9n \u2013 kispadj\u00e1n. A rutinja teh\u00e1t megk\u00e9rd\u0151jelezhetetlen, mint ahogyan az is, hogy a szlov\u00e9n futball egyik legnagyobb alakja: az idei Eb el\u0151tt m\u00e1r a 2010-es vil\u00e1gbajnoks\u00e1gra is \u0151 vezette ki a v\u00e1logatottat, ami onnan n\u00e9zve igaz\u00e1n nagy sz\u00f3, hogy az orsz\u00e1g eddig \u00f6sszesen n\u00e9gy nagy v\u00e1logatott torn\u00e1n vehetett r\u00e9szt r\u00f6vid t\u00f6rt\u00e9nete sor\u00e1n (2000, 2002, 2010, 2024). A selejtez\u0151ben a finneket \u00e9s a kazahokat sim\u00e1n megel\u0151zt\u00e9k, a d\u00e1nokat pedig megszorongatt\u00e1k, ami kifejezetten j\u00f3 el\u0151jel a torn\u00e1ra \u2013 az m\u00e1r kev\u00e9sb\u00e9, hogy a csapat meglehet\u0151sen k\u00e9tarc\u00fa: a legut\u00f3bbi k\u00e9t felk\u00e9sz\u00fcl\u00e9si meccsbe p\u00e9ld\u00e1ul belef\u00e9rt egy M\u00e1lta elleni iksz (2-2) \u00e9s egy Portug\u00e1lia elleni gy\u0151zelem (2-0) is.\r\n<h3>8. Szerhij Rebrov (Ukrajna)<\/h3>\r\nEgy r\u00e9gi ismer\u0151s, ha lehet mondani, egy igazi \u201efels\u0151 polcos\u201d edz\u0151. A Fradit\u00f3l val\u00f3 t\u00e1voz\u00e1sa \u00f3ta ugyan a nagy \u00e1tt\u00f6r\u00e9s m\u00e9g v\u00e1rat mag\u00e1ra, de ha valahol, h\u00e1t az ukr\u00e1n v\u00e1logatott kispadj\u00e1n most ez is \u00f6sszej\u00f6het Rebrovnak. A selejtez\u0151k alatt \u00fagy voltak pariban a legut\u00f3bbi Eb k\u00e9t d\u00f6nt\u0151s\u00e9vel (Anglia, Olaszorsz\u00e1g), hogy ismert okokb\u00f3l egyetlen meccset sem j\u00e1tszhattak hazai p\u00e1ly\u00e1n, ezzel egy\u00fctt egyetlen meg nem adott tizenegyesre volt a csapat att\u00f3l, hogy egyenes \u00e1gon v\u00edvja ki a torn\u00e1n val\u00f3 r\u00e9szv\u00e9telt. Ez ugyan nem j\u00f6tt \u00f6ssze, de szemre ez a csapat ak\u00e1r m\u00e9g arra sem es\u00e9lytelen, hogy zsin\u00f3rban m\u00e1sodszor jusson a legjobb nyolcba az Eb-n. Ennek pedig egyik legf\u0151bb oka, hogy ez\u00fattal er\u0151sebbek a kispadon, mint h\u00e1rom \u00e9vvel ezel\u0151tt.\r\n<h3>7. Kasper Hjulmand (D\u00e1nia)<\/h3>\r\nA h\u00e1rom \u00e9vvel ezel\u0151tti torna nagy edz\u0151felfedezettj\u00e9nek csillaga az\u00f3ta kiss\u00e9 megkopott \u2013 a katari v\u00e9b\u00e9n p\u00e9ld\u00e1ul \u00fagy \u00e1lltak f\u00f6ldbe, mint a gerely, de az Eb-selejtez\u0151k\u00f6n is belefutottak p\u00e1r kellemetlen pofonba p\u00e9ld\u00e1ul a kazahok, vagy \u00c9szak-\u00cdrorsz\u00e1g ellen \u2013, \u00e1m m\u00e9g \u00edgy is az egyik legizgalmasabb edz\u0151nek sz\u00e1m\u00edt a placcon, akinek a habitusa \u00e9s st\u00edlusa r\u00e1ad\u00e1sul kifejezetten j\u00f3l passzol a keret \u00e9rt\u00e9keihez, er\u00e9nyeihez. Ezzel egy\u00fctt viszonylag sok jel mutat arra, hogy ez a viszony elf\u00e1radt, \u00e9s nagy k\u00e9rd\u00e9s, mennyire tudja \u00f6sszekapni Hjulmand ezt a helyenk\u00e9nt m\u00e1r megkopottnak l\u00e1tsz\u00f3, f\u00e1radt, \u00f6regecske benyom\u00e1st kelt\u0151 csapatot.\r\n<h3>6. Julian Nagelsmann (N\u00e9metorsz\u00e1g)<\/h3>\r\n<span class=\"highlight-block-small\">Ha abszol\u00fat \u00e9rt\u00e9k\u00e9n n\u00e9zz\u00fck, val\u00f3sz\u00edn\u0171leg \u0151 a mez\u0151ny legjobb, legprogressz\u00edvebb, legmagasabb min\u0151s\u00e9get k\u00e9pvisel\u0151 edz\u0151je,<\/span>\r\n\r\nakinek ide\u00e1lis esetben egy toplig\u00e1s klub kispadj\u00e1n volna a helye, nem pedig a v\u00e1logatott futballban. Ezzel egy\u00fctt nem egy\u00e9rtelm\u0171, volt-e, lesz-e el\u00e9g ideje rendbe szedni az ut\u00f3bbi torn\u00e1kon t\u00f6rt\u00e9nelmi m\u00e9lys\u00e9gekbe visszahull\u00f3 n\u00e9met v\u00e1logatottat \u2013 m\u00e9g, ha Toni Kroos visszat\u00e9r\u00e9se, illetve ezzel p\u00e1rhuzamosan a k\u00e9t legut\u00f3bbi felk\u00e9sz\u00fcl\u00e9si meccs (egyar\u00e1nt sima gy\u0151zelem a franci\u00e1k \u00e9s a hollandok ellen) eredm\u00e9nye egy\u00e9rtelm\u0171en pozit\u00edv ir\u00e1nyba is mutat. Nagelsmann ugyanakkor nem sz\u00edvbajos, sim\u00e1n kihagyta a p\u00e9ld\u00e1ul a keretb\u0151l Goretzk\u00e1t, Hummelst, Brandtot \u00e9s Gnabryt is \u2013 azaz, ha nem a rem\u00e9lt eredm\u00e9ny sz\u00fcletik, k\u00f6nnyen gyors b\u0171nbakk\u00e9nt k\u00e9pezheti meg \u0151t az eredm\u00e9nyek hi\u00e1nya miatt egy\u00e9bk\u00e9nt is \u00e9vek \u00f3ta frusztr\u00e1lt n\u00e9met k\u00f6zv\u00e9lem\u00e9ny.\r\n\r\n<img class=\"alignnone size-full wp-image-12936\" src=\"https:\/\/sport24.24.hu\/app\/uploads\/sites\/24\/2024\/06\/nagelsmann.jpg\" alt=\"\" width=\"3971\" height=\"2425\" \/>\r\n<h3>5. Zlatko Dalic (Horv\u00e1torsz\u00e1g)<\/h3>\r\nNomin\u00e1l \u00e9rt\u00e9ken val\u00f3sz\u00edn\u0171leg nincs az Eb-mez\u0151ny t\u00edz legjobb edz\u0151je k\u00f6z\u00f6tt, de ha valamihez nagyon \u00e9rt, az a v\u00e1logatott foci \u00e9s a torna-menedzsment. H\u00e1rom nagy v\u00e1logatott dzsemborin ir\u00e1ny\u00edtotta eddig a horv\u00e1tokat, ezeken pedig \u00edrd \u00e9s mondd, mind\u00f6ssze k\u00e9t meccset vesz\u00edtett el csapat\u00e1val a rendes j\u00e1t\u00e9kid\u0151ben: 2021-ben egy angolok elleni csoportmeccset (0-1), illetve a 2022-es vil\u00e1gbajnoks\u00e1g el\u0151d\u00f6nt\u0151j\u00e9t Argent\u00edna ellen (0-3). Igen, tudom, a keret egyre v\u00e9nebb, igen, ez m\u00e1r az utols\u00f3 ut\u00e1ni dob\u00e1sa ennek a gener\u00e1ci\u00f3nak - ha valaki, akkor viszont Dalic pontosan tudja, hogyan kell kifacsarni az utols\u00f3 csepp eredm\u00e9nyt is ebb\u0151l a kiv\u00e9teles t\u00e1rsas\u00e1gb\u00f3l.\r\n<h3>4. Luciano Spalletti (Olaszorsz\u00e1g)<\/h3>\r\nNagelsmann mellett a m\u00e1sik egy\u00e9rtelm\u0171en topkateg\u00f3ri\u00e1s edz\u0151 a mez\u0151nyben, aki csak az\u00e9rt nem ker\u00fclt list\u00e1m els\u0151 h\u00e1rom helyezettje k\u00f6z\u00e9, mert m\u00e9g nem l\u00e1ttuk, hogyan m\u0171k\u00f6dik egy nagy v\u00e1logatott torna k\u00f6zben. R\u00e9szben k\u00e9nyszer\u0171s\u00e9gb\u0151l ker\u00fclt a posztra amiatt, mert az Eb-c\u00edmv\u00e9d\u0151 Roberto Mancini elfogadta a sza\u00fad-ar\u00e1biai sz\u00f6vets\u00e9g mes\u00e9s aj\u00e1nlat\u00e1t, \u00e9s eddig hozza a k\u00f6telez\u0151t: Angli\u00e1ban sim\u00e1n kikapott a selejtez\u0151k alatt, a t\u00f6bbieket verte, a utols\u00f3 fordul\u00f3ban pedig sz\u0151r\u00f6s t\u00f6k\u0171 profik\u00e9nt menedzselte le Gdanskban azt a 0-0-t az ukr\u00e1nok ellen, ami az Eb-kijut\u00e1shoz kellett, \u00e9s ami az olasz edz\u0151iskola beugr\u00f3 szintje.\r\n<h3>3. Marco Rossi (Magyarorsz\u00e1g)<\/h3>\r\nA t\u00f6k\u00e9letes v\u00e1laszt\u00e1s a magyar kispadra. Re\u00e1lis az \u00f6n- \u00e9s \u00e9nk\u00e9pe, kiv\u00e1l\u00f3 vezet\u0151, szuggeszt\u00edv kapit\u00e1ny, a v\u00e1logat\u00e1si elveit transzparensen k\u00e9pvisel\u0151, hiteles szakember, aki r\u00e1ad\u00e1sul olyan h\u00e1tt\u00e9rcsapatot \u00e9p\u00edtett ki a v\u00e1logatottn\u00e1l, amelyre n\u00e1la magasabbra taks\u00e1lt edz\u0151k is sz\u00edvesen \u00e9s b\u00e1tran t\u00e1maszkodn\u00e1nak Eur\u00f3pa b\u00e1rmely orsz\u00e1g\u00e1ban. Tizenn\u00e9gy meccses veretlens\u00e9gi sorozattal k\u00e9sz\u00fcl az Eb-re, m\u00e9gsem mondan\u00e1nk, hogy ez neki ugr\u00f3deszka:\r\n\r\n<span class=\"highlight-block-small\">\u0151 is \u00e9rzi, mi is tudjuk, hogy a hely\u00e9n van, ez a csapat az \u00f6v\u00e9, szisztematikusan, ha tetszik t\u00e9gl\u00e1r\u00f3l t\u00e9gl\u00e1ra \u00e9p\u00edtette fel \u2013 nek\u00fcnk.<\/span>\r\n<h3>2. Gareth Southgate (Anglia)<\/h3>\r\nNem, nem \u0151 a mez\u0151ny m\u00e1sodik legjobb edz\u0151je. A klubfociban megbukott, meccselni nem tud (\u00e9rdemes visszan\u00e9zni a h\u00e1rom \u00e9vvel ezel\u0151tti Eb-d\u00f6nt\u0151t, esetleg a 2018-as vb el\u0151d\u00f6nt\u0151j\u00e9t), ellenben kiv\u00e1l\u00f3 kommunik\u00e1tor \u00e9s akkur\u00e1tus vezet\u0151, aki mintaszer\u0171en brandelte \u00fajra az arroganci\u00e1ban f\u00fcrd\u0151z\u0151, \u00e1m t\u00f6bbnyire otromb\u00e1n sikertelen angol v\u00e1logatottr\u00f3l alkotott nyilv\u00e1nos k\u00e9pet. Van rutinja, akadnak eredm\u00e9nyei, tudja, mit k\u00f6vetel a v\u00e1logatott foci (els\u0151sorban stabilit\u00e1st, j\u00f3 v\u00e9dekez\u00e9st, labd\u00e1val pihen\u0151s peri\u00f3dusokat, \u00f6sszeszokott csapatot), az egyetlen trag\u00e9di\u00e1ja, hogy ezzel a kerettel most m\u00e1r illene nyernie is valamit \u2013 amit viszont nem fog. Ez viszont nem teszi semmiss\u00e9 a nagyon is l\u00e9tez\u0151 \u00e9s val\u00f3s \u00e9rdemeit.\r\n<h3>1. Didier Deschamps (Franciaorsz\u00e1g)<\/h3>\r\n<img class=\"alignnone size-full wp-image-12937\" src=\"https:\/\/sport24.24.hu\/app\/uploads\/sites\/24\/2024\/06\/didi.jpg\" alt=\"\" width=\"6000\" height=\"3128\" \/>\r\n\r\nSouthgate pepit\u00e1ban \u2013 csak minden \u00f6sszetev\u0151j\u00e9b\u0151l egy picit t\u00f6bb \u00e9s jobb. Vill\u00e1mgyorsan felm\u00e9rte, hogy a v\u00e1logatott fociban az eredm\u00e9ny a legfontosabb, azt pedig az adott versenyrendszer, illetve k\u00f6r\u00fclm\u00e9nyek k\u00f6z\u00f6tt \u00fagy tud legnagyobb val\u00f3sz\u00edn\u0171s\u00e9ggel el\u00e9rni, ha minimaliz\u00e1lja a kock\u00e1zatokat. Nagyon konzervat\u00edv felfog\u00e1s\u00fa edz\u0151, a kipr\u00f3b\u00e1lt emberi-szakmai kapcsolatokat t\u00f6bbre tartja, mint a j\u00f3 form\u00e1t \u2013 volt is baja Benzem\u00e1val, nem kev\u00e9s \u2013, mint ahogyan a rakkol\u00e1st \u00e9s a k\u00f6z\u00e9pp\u00e1ly\u00e1s rombol\u00f3harcot is b\u00e1rmikor el\u0151bb v\u00e1lasztja, mint hogy olyan csapata legyen, amelynek j\u00e1t\u00e9kosai a f\u00fcl\u00fck\u00f6n t\u00e1ncoltatj\u00e1k a labd\u00e1t, de kiesnek a nyolc k\u00f6z\u00f6tt. Pap\u00edron ennek az Eb-nek is \u0151k a legnagyobb es\u00e9lyesei,\r\n\r\n<span class=\"highlight-block-small\">Deschamps pedig bizony\u00edtotta m\u00e1r, hogy k\u00e9pes gy\u0151zni, k\u00e9pes a d\u00f6nt\u0151ig jutni, k\u00e9pes megharcolni a szerencs\u00e9j\u00e9\u00e9rt,<\/span>\r\n\r\nugyanakkor el\u0151\u00e1llhat olyan helyzet, amikor egy \u00e9les szitu\u00e1ci\u00f3ban \u2013 mondjuk Nagelsmann, vagy \u00e9pp Spalletti \u2013 sim\u00e1n lemeccselik. Oda viszont el kell jutni, \u00e9s mik\u00f6zben a riv\u00e1lisair\u00f3l nem tudni, k\u00e9pesek-e hib\u00e1tlanul megtenni ezt az utat, Deschamps-r\u00f3l nagyj\u00e1b\u00f3l biztosan kijelenthet\u0151, hogy nem bukik el a saj\u00e1t l\u00e1b\u00e1ban.\r\n\r\nEnnyit erre a h\u00e9tre, j\u00f6v\u0151 p\u00e9nteken folytatjuk, azt\u00e1n pedig m\u00e1r c\u00e9legyenes, ir\u00e1ny N\u00e9metorsz\u00e1g!","type":"rich","thumbnail_url":"https:\/\/s.24.hu\/app\/uploads\/sites\/24\/2024\/06\/rossi-150x150.jpg","thumbnail_width":150,"thumbnail_height":150}