{"version":"1.0","provider_name":"Sport24","provider_url":"https:\/\/sport24.24.hu","author_name":"Aranyossy \u00c1ron","author_url":"https:\/\/sport24.24.hu\/author\/aranyossya\/","title":"Kal\u00f3zlobog\u00f3 a Bundesliga felett: megragadhat-e a kultklub St. Pauli a legjobbak k\u00f6z\u00f6tt?","html":"A dr\u00e1mai oszt\u00e1lyoz\u00f3val (a Bochum hazai 0\u20133-as veres\u00e9g ut\u00e1n <a href=\"https:\/\/rangado.24.hu\/nemzetkozi_foci\/2024\/05\/28\/nemet-osztalyozo-bochum-fortuna-dusseldorf-tizenegyesek\/\">idegenben 3\u20130-ra nyerve, tizenegyesekkel \u0151rizte meg \u00e9lvonalbeli tags\u00e1g\u00e1t<\/a> a Fortuna D\u00fcsseldorffal szemben) kialakult a 2024\/25-\u00f6s Bundesliga mez\u0151nye. Lesz p\u00e1r sosem l\u00e1tott dolog:\r\n<ul>\r\n \t<li>c\u00edmv\u00e9d\u0151k\u00e9nt v\u00e1ghat neki az id\u00e9nynek a Bayer Leverkusen,<\/li>\r\n \t<li>el\u0151sz\u00f6r szerepelhet a Bundeslig\u00e1ban a Holstein Kiel,<\/li>\r\n \t<li>\u00e9s a n\u00e9met labdar\u00fag\u00e1s t\u00f6rt\u00e9net\u00e9ben el\u0151sz\u00f6r fordul az is, hogy Hamburg m\u00e1sodik sz\u00e1m\u00fa csapata, a St. Pauli magasabb oszt\u00e1lyban szerepelhet, mint a patin\u00e1s t\u00f6rt\u00e9nelm\u0171 \u00e9s h\u00e1nyattatott jelen\u0171 HSV.<\/li>\r\n<\/ul>\r\nHamburg barna-feh\u00e9r kultcsapata legal\u00e1bb annyi figyelmet kap a klubidentit\u00e1sa, mint az eredm\u00e9nyei miatt. M\u00e1r csak az\u00e9rt is, mert a St. Pauli sosem volt a kik\u00f6t\u0151v\u00e1ros els\u0151 sz\u00e1m\u00fa csapata: tradicion\u00e1lis (1907-ben alap\u00edtott, a region\u00e1lis sz\u00f6vets\u00e9ghez 1910-ben csatlakoz\u00f3) kis klub, a kik\u00f6t\u0151, a Reeperbahn, a pirosl\u00e1mp\u00e1s negyed \u00e9s a m\u00e1sodik vil\u00e1gh\u00e1bor\u00fas, gigantikus Hochbunker (Flakturm IV) \u00e1rny\u00e9k\u00e1ban. Hogy a l\u00e9gv\u00e9delmi er\u0151dk\u00e9nt \u00e9s \u00f3v\u00f3helyk\u00e9nt is szolg\u00e1l\u00f3 hamburgi Flakturm IV m\u00e9reteit el tudjuk k\u00e9pzelni: nagyj\u00e1b\u00f3l annyian f\u00e9rtek be ide (25 000\u201330 000), mint ma a St. Pauli otthon\u00e1ul szolg\u00e1l\u00f3 Millerntor-stadionba.\r\n\r\n[caption id=\"attachment_12919\" align=\"aligncenter\" width=\"1024\"]<img class=\"wp-image-12919 size-large\" src=\"https:\/\/sport24.24.hu\/app\/uploads\/sites\/24\/2024\/05\/043_dpa-pa_240512-99-05179_dpai-1024x576.jpg\" alt=\"\" width=\"1024\" height=\"576\" \/> A szurkol\u00f3k szerves r\u00e9sz\u00e9t adj\u00e1k a klub identit\u00e1s\u00e1nak.[\/caption]\r\n\r\nA Bundesliga megalap\u00edt\u00e1s\u00e1n\u00e1l a St. Pauli neve sz\u00f3ba sem ker\u00fclt, hiszen a DFB (N\u00e9met Labdar\u00fag\u00f3 Sz\u00f6vets\u00e9g) egy v\u00e1rosb\u00f3l csak egy csapatot szeretett volna az \u00faj \u00e9lvonalban l\u00e1tni. M\u00e1rpedig egy\u00e9rtelm\u0171 volt, hogy ezt a helyet a Hamburger SV kapja meg. A k\u00e9s\u0151bbi \u201eBundesliga-dinoszaurusz\u201d HSV mellett a St. Pauli mindig viszonylag kicsi volt, gyakran legaty\u00e1sodott, \u00e9s nem is t\u00fal sikeres. El\u0151sz\u00f6r 1977-ben k\u00f3stolhatott be a Bundesliga ritk\u00e1s leveg\u0151j\u00e9be: abszol\u00fat \u00fajonck\u00e9nt t\u00f6kutols\u00f3 lett, de hat gy\u0151zelm\u00e9b\u0151l egyet \u00f3ri\u00e1si meglepet\u00e9sre a v\u00e1rosi derbin, a HSV otthon\u00e1ban aratott. Az \u00e9lvonalbeli kalandot megel\u0151z\u0151 t\u00falk\u00f6ltekez\u00e9s k\u00f6vetkezm\u00e9nyei hamarosan a klub nyak\u00e1ba z\u00fadultak: az ism\u00e9t p\u00e9nz n\u00e9lk\u00fcl maradt St. Pauli az 1979\/1980-as id\u00e9nyt licenszprobl\u00e9m\u00e1k miatt az Oberlig\u00e1ban kezdhette csak meg.\r\n<div class=\"payable-content-section\"><\/div>\r\nAmikor a St. Pauli ism\u00e9t felbukkant az els\u0151 oszt\u00e1lyban \u2013 1988\/89-ben \u2013, m\u00e1r nem egy egyszer\u0171 nagyv\u00e1rosi kiscsapat volt, hanem elindult a kultklubb\u00e1 v\u00e1l\u00e1s \u00fatj\u00e1n. Az amat\u0151r futballba visszazuhan\u00e1s miatt ki\u00fcr\u00fcltek a lel\u00e1t\u00f3k a nyolcvanas \u00e9vek elej\u00e9n (na, nem mintha addig annyira gigantikusan n\u00e9pszer\u0171 lett volna a klub). A t\u00f6rt\u00e9nelmileg politikai ir\u00e1nyzatokhoz nem k\u00f6thet\u0151 egyes\u00fclet \u2013 amelynek az egykori St. Pauli-j\u00e1t\u00e9kos <strong>Otto Wolff<\/strong> szem\u00e9ly\u00e9ben az 1940-es \u00e9vek elej\u00e9n m\u00e9g fontos tiszts\u00e9geket bet\u00f6lt\u0151 n\u00e1ci t\u00e1mogat\u00f3ja is volt \u2013 a nyolcvanas \u00e9vekt\u0151l a helyi alternat\u00edv-balos sz\u00ednt\u00e9r felfedezettje lett. Megjelentek a lel\u00e1t\u00f3kon a punkok, a rockerek \u00e9s az anarchist\u00e1k, a Hafenstrasse foglalth\u00e1zainak lak\u00f3i, \u00e1tj\u00e1rtak a meccsekre a HSV-drukkerek; s\u0151t, a nagy hamburgi klub szurkol\u00f3i szc\u00e9n\u00e1j\u00e1val el\u00e9gedetlen \u201eHSV-menek\u00fclteknek\u201d is a barna-feh\u00e9r csapat lett az \u00faj otthona. Ezt \u00edgy magyar\u00e1zta a <a href=\"https:\/\/theblizzard.co.uk\/the-conversion-of-st-pauli\/featured\/\">The Blizzard futballkultur\u00e1lis magazinnak<\/a> a HSV-fanb\u00f3l St. Pauli-drukkerr\u00e9 v\u00e1lt <strong>Dirk Matzke<\/strong>:\r\n<blockquote>Sim\u00e1n bemehett\u00fcnk egy t\u00e1sk\u00e1nyi s\u00f6rrel a meccsekre, senki sem n\u00e9zte meg, mit visz\u00fcnk be a stadionba. Partizni j\u00e1rtunk ki eleinte a St. Pauli meccseire. (\u2026) Azt\u00e1n otthagytam a HSV-t, mert borzaszt\u00f3an meger\u0151s\u00f6d\u00f6tt a t\u00e1borban a sz\u00e9ls\u0151jobbos szekci\u00f3, \u00e9s a klub az \u00e9gvil\u00e1gon semmit sem tett ez ellen. \u00c9n punk \u00e9s ska koncertekre j\u00e1rtam a St. Pauliban lev\u0151 klubokba, \u00edgy az \u00fajfasiszt\u00e1k szem\u00e9ben gyan\u00fas voltam. Nekem meg elegem lett a cseszeget\u00e9sb\u0151l, \u00e9s ott ragadtam a St. Pauli focimeccsein. Itt nem volt balh\u00e9\u2026, \u00e9s csal\u00e1dra tal\u00e1ltam. A hamburgi embereket t\u00e1vols\u00e1gtart\u00f3nak tartj\u00e1k, de St. Pauli kiv\u00e9tel. Ehhez a csal\u00e1dhoz k\u00f6nny\u0171 csatlakozni.<\/blockquote>\r\nA nyolcvanas \u00e9vek elej\u00e9n t\u0171nt fel el\u0151sz\u00f6r a lel\u00e1t\u00f3n a St. Pauli mai legfontosabb jelk\u00e9p\u00e9nek sz\u00e1m\u00edt\u00f3 kal\u00f3zz\u00e1szl\u00f3 \u2013 a v\u00e1rosi legenda szerint az egyik hamburgi punkbanda \u00e9nekese, Doc Mabuse, polg\u00e1ri nev\u00e9n <strong>Torsten Herrmann<\/strong> hozta mag\u00e1val a vagy megv\u00e1s\u00e1rolt (ezt \u00e1ll\u00edtja \u0151), vagy elcs\u00f3rt (erre gyanakodnak az \u0151t j\u00f3l ismer\u0151k) kopony\u00e1s-l\u00e1bsz\u00e1rcsontos lobog\u00f3t. Az FCSP elkezdett egyre t\u00f6bb szimpatiz\u00e1nst gy\u0171jteni. K\u00f6rvonalaz\u00f3dott az a klubidentit\u00e1s \u2013 er\u0151sen lok\u00e1lpatri\u00f3ta, alapvet\u0151en baloldali, underground \u2013, ami a mai napig a St. Pauli legf\u0151bb vonzerej\u00e9t jelenti, egyben viszont ellens\u00e9geket is szerzett a klubnak.\r\n\r\n<iframe title=\"#FCSPZeitmaschine: Bundesligaaufstieg 1988\" src=\"https:\/\/www.youtube.com\/embed\/UltdFZCVDEo\" width=\"928\" height=\"522\" frameborder=\"0\" allowfullscreen=\"allowfullscreen\"><\/iframe>\r\n\r\n\u201eNagyon szerencs\u00e9s vagyok, hogy \u00e1t\u00e9lhettem azokat az \u00e9veket, amikor a St. Pauli azz\u00e1 v\u00e1lt, ami. Senki sem tervezte meg a marketingoszt\u00e1lyon, hogy na, ilyenekk\u00e9 kell v\u00e1lnunk. Amikor egy nagyv\u00e1ros m\u00e1sodik csapata vagy, akkor k\u00e9ptelens\u00e9g az els\u0151 sz\u00e1m\u00fat m\u00e1solni. Az nem siker\u00fclhet. A St. Pauli organikusan v\u00e1ltozott \u00e9s fejl\u0151d\u00f6tt, \u00e9s v\u00e9g\u00fcl \u00edgy v\u00e1lt brandd\u00e9\u201d \u2013 eml\u00e9kezett vissza a The Blizzardnak a St. Pauli volt edz\u0151je, <strong>Helmut Schulte<\/strong>, aki 1988-ban visszavezette az \u00e9lvonalba a hamburgiakat.\r\n\r\nAz \u00fajabb Bundesliga-kaland 1991-ig tartott, azt\u00e1n p\u00e1r m\u00e1sodoszt\u00e1ly\u00fa \u00e9vet k\u00f6vet\u0151en 1995\u201397 k\u00f6z\u00f6tt, majd 2001\/02-ben ism\u00e9t az els\u0151 oszt\u00e1lyban j\u00e1tszott a St. Pauli. Vit\u00e9zkedni nem felt\u00e9tlen\u00fcl vit\u00e9zkedett; a 2002-es kies\u00e9s ut\u00e1n pedig a harmadoszt\u00e1lyig s\u00fcllyedt. A liftez\u00e9s itt nem \u00e1llt meg, <strong>Holger Stanislawski<\/strong> vezet\u00e9s\u00e9vel (2010\/2011) megint siker\u00fclt eljutni a Bundeslig\u00e1ig, hogy azt\u00e1n hossz\u00fa sz\u00fcnet k\u00f6vetkezzen.\r\n\r\nK\u00f6zben beteljesedett a St. Pauli \u00e1talakul\u00e1sa: mark\u00e1ns identit\u00e1s\u00fa, nem mellesleg remek\u00fcl marketingelhet\u0151 kultklub lett bel\u0151le, mely az eg\u00e9sz vil\u00e1gon h\u00edress\u00e9 v\u00e1lt. Nyugodtan mondhatjuk: a nyolcvanas \u00e9vek k\u00f6zep\u00e9t\u0151l felvett, ny\u00edltan k\u00e9pviselt \u00e9rt\u00e9kek sokkal ismertebb\u00e9 tett\u00e9k a St. Paulit a futballvil\u00e1gban, mint ami a p\u00e1ly\u00e1n el\u00e9rt eredm\u00e9nyekb\u0151l logikusan k\u00f6vetkezett volna. Az egy\u00fcttesnek 2009 \u00f3ta <a href=\"https:\/\/www.fcstpauli.com\/en\/club\/guiding-principles\/\">\u00edr\u00e1sban defini\u00e1lt vez\u00e9rl\u0151elvei vannak<\/a>, ezekb\u0151l id\u00e9zz\u00fck a legfontosabbakat:\r\n<ul>\r\n \t<li>Az FC St. Pauli a helyi k\u00f6z\u00f6ss\u00e9g szerves r\u00e9sze, \u00edgy k\u00f6zvetlen\u00fcl, k\u00f6zvetve egyar\u00e1nt hatnak r\u00e1 a t\u00e1rsadalmi v\u00e1ltoz\u00e1sok a politikai, kultur\u00e1lis \u00e9s szoci\u00e1lis szf\u00e9r\u00e1ban.<\/li>\r\n \t<li>A St. Pauli gy\u00f6kerei egy ker\u00fcletben vannak. Eg\u00e9sz identit\u00e1s\u00e1t ez a ker\u00fclet hat\u00e1rozza meg; a klubnak t\u00e1rsadalmi felel\u0151ss\u00e9get kell v\u00e1llalnia az itt \u00e9l\u0151 emberek\u00e9rt \u00e9s mag\u00e1\u00e9rt a ker\u00fclet\u00e9rt.<\/li>\r\n \t<li>A St. Pauli \u00e9letm\u00f3d, \u00e9s a sportbeli hiteless\u00e9g szimb\u00f3luma. A szurkol\u00f3i az el\u00e9rt sikerekt\u0151l f\u00fcggetlen\u00fcl azonosulhatnak vele.<\/li>\r\n \t<li>Vez\u00e9relv\u00fcnk a tolerancia \u00e9s a tisztelet.<\/li>\r\n \t<li>Az FC St. Paulit a futball hat\u00e1rozza meg.<\/li>\r\n \t<li>Az akt\u00edv szurkol\u00f3t\u00e1bor adja meg a futball \u00e9rzelmi t\u00f6ltet\u00e9t, \u00e9s ez az \u00e9rzelmi t\u00f6ltet hat\u00e1rozza meg a St. Pauli eladhat\u00f3s\u00e1g\u00e1t.<\/li>\r\n \t<li>A klub \u00f6sszes szponzora, kereskedelmi partnere olyan c\u00e9g kell, hogy legyen, amelynek tev\u00e9kenys\u00e9ge \u00f6sszeegyeztethet\u0151 a klub t\u00e1rsadalmi \u00e9s politikai felel\u0151ss\u00e9gv\u00e1llal\u00e1s\u00e1val.<\/li>\r\n \t<li>A St. Pauli \u00e1ltal eladott term\u00e9kek \u00e9s szolg\u00e1ltat\u00e1sok eset\u00e9ben nem kiz\u00e1r\u00f3lag a kereskedelmi megfontol\u00e1sok d\u00f6ntenek. A t\u00e1rsadalmi kompatibilit\u00e1s, fenntarthat\u00f3s\u00e1g, \u00f6kol\u00f3giai megfontol\u00e1sok \u00e9pp\u00fagy szerepet j\u00e1tszhatnak. Ha b\u00e1rmib\u0151l k\u00e9szlethi\u00e1ny van, akkor az \u00e9ves b\u00e9rletek tulajdonosai \u00e9s a klubtagok priorit\u00e1st \u00e9lveznek.<\/li>\r\n<\/ul>\r\nA fenti vez\u00e9relvek sokf\u00e9lek\u00e9pp megnyilv\u00e1nulhatnak. Ott vannak a klub kimondottan progressz\u00edv t\u00e1rsadalmi-politikai ir\u00e1nyvonal\u00e1ban. A csapat teljesen <a href=\"https:\/\/diiy.fcstpauli.com\/joindiiy\">saj\u00e1t gy\u00e1rt\u00e1s\u00fa<\/a>, \u201eultra fair\u201d sportfelszerel\u00e9st viselt az elm\u00falt \u00e9vekben, ami ritkas\u00e1g a futballvil\u00e1gban (2024 nyar\u00e1t\u00f3l viszont m\u00e1r a Puma \u00f6lt\u00f6zteti a St. Paulit). A merchandisingpultn\u00e1l n\u00e9ha eg\u00e9szen vicces dolgok is felbukkanhatnak, ilyen volt a hatalmas sikert arat\u00f3 <a href=\"https:\/\/www.fcstpauli.com\/news\/fc-st-pauli-und-partner-budni-bringen-duschgel-anti-fa-heraus\/\">Anti-Fa tusf\u00fcrd\u0151<\/a>. Az FCSP hat\u00e1sa, ismerts\u00e9ge messze t\u00falterjeszkedik eredm\u00e9nyess\u00e9g\u00e9n (a klubm\u00fazeum h\u00edres arr\u00f3l, hogy hi\u00e1nyoznak bel\u0151le a tr\u00f3fe\u00e1k).\r\n\r\n\u201eA legismertebb futballklubok k\u00f6z\u00e9 tartozunk \u00fagy, hogy sikeresek m\u00e9g nem is voltunk. Felkelti az emberek \u00e9rdekl\u0151d\u00e9s\u00e9t a k\u00f6z\u00f6ss\u00e9gi tulajdon, a klub kultur\u00e1lis aspektusa \u00e9s az, hogy mark\u00e1ns \u00e9rt\u00e9krend\u00fcnk van\u201d \u2013 v\u00e9lekedett <strong>Oke G\u00f6ttlich<\/strong>, a St. Pauli eln\u00f6ke. G\u00f6ttlich a m\u00e9dia vil\u00e1g\u00e1b\u00f3l, illetve az alternat\u00edv zenei sz\u00ednt\u00e9rb\u0151l \u00e9rkezett, de \u201e\u0151spaulis\u201d t\u00f6rzsszurkol\u00f3 is egyben. F\u0151 feladata: sikeres \u00e9s vonz\u00f3 klubot m\u0171k\u00f6dtetni \u00fagy, hogy nem s\u00e9r\u00fclnek annak alap\u00e9rt\u00e9kei.\r\n\r\n<iframe title=\"FC St. Pauli \u2013 Germany\u2019s Progressive, Punk Soccer Club\" src=\"https:\/\/www.youtube.com\/embed\/9efuiQUC4dc\" width=\"928\" height=\"522\" frameborder=\"0\" allowfullscreen=\"allowfullscreen\"><\/iframe>\r\n\r\nEz nem k\u00f6nny\u0171, m\u00e9g akkor sem, ha a St. Pauli val\u00f3sz\u00edn\u0171leg ismerts\u00e9ge, n\u00e9pszer\u0171s\u00e9ge cs\u00facspontj\u00e1n \u00e1ll, \u00e9s anyagilag is stabil. A klub ugyanazzal az alapvet\u0151en kellemes gonddal k\u00fcszk\u00f6dik, mint egy alternat\u00edv rockzenekar, ami egyszer csak nagyon sikeres lesz \u00e9s a mainstream r\u00e9sz\u00e9v\u00e9 v\u00e1lik. Rengeteg embert ragad mag\u00e1val a hype, ugyanakkor lesznek olyanok is, akik azt mondj\u00e1k: ez m\u00e1r nem az igazi. Az emlegetett punklegenda, Doc Mabuse is egy id\u0151 ut\u00e1n m\u00e1r ink\u00e1bb az \u00f6t\u00f6dik lig\u00e1s Altona m\u00e9rk\u0151z\u00e9seire j\u00e1rt ki, am\u00edg az eg\u00e9szs\u00e9ge ezt engedte. A klub mindennapjait meghat\u00e1rozza a mark\u00e1ns identit\u00e1s, de ugyanakkor ez be is skatuly\u00e1zhatja a csapatot, \u00e9s lesz, akiket tasz\u00edt. A p\u00e9nz\u00fcgyi sikereket pedig neh\u00e9z \u00f6sszeegyeztetni az ellenkult\u00far\u00e1hoz kapcsol\u00f3d\u00f3 h\u00e1tt\u00e9rrel.\r\n<blockquote>Az emberek nehezen \u00e9rtik meg, hogy egyr\u00e9szt egy kereskedelmileg sikeres klub vagyunk, m\u00e1sr\u00e9szt meg a kommercializ\u00e1l\u00f3d\u00e1s ellen l\u00e9p\u00fcnk fel. Hogy f\u00e9r meg ez a kett\u0151 egym\u00e1s mellett? (\u2026) A lehet\u0151 legsikeresebb St. Paulit szeretn\u00e9m l\u00e1tni, mert min\u00e9l sikeresebbek vagyunk, ann\u00e1l jobban tudjuk bemutatni az \u00e9rt\u00e9keket, amiket k\u00e9pvisel\u00fcnk. A klub maga is \u00e1lland\u00f3 \u00e1talakul\u00e1sban van<\/blockquote>\r\n\u2013 nyilatkozta G\u00f6ttlich a <a href=\"https:\/\/www.nytimes.com\/athletic\/5488021\/2024\/05\/13\/st-pauli-promotion-death-head\/\">The Athleticnek<\/a>.\r\n\r\nTal\u00e1n mostanra \u00e1llt \u00f6ssze igaz\u00e1n, amit G\u00f6ttlich akart. A St. Pauli most er\u0151s, n\u00e9pszer\u0171, \u00e9s m\u00e9g a p\u00e1ly\u00e1n is megvannak az eredm\u00e9nyei: a 2022-ben megb\u00edzott edz\u0151k\u00e9nt kinevezett <strong>Fabian H\u00fcrzeler<\/strong> attrakt\u00edv futballal, remek csapatj\u00e1t\u00e9kkal juttatta vissza a \u201ekal\u00f3zokat\u201d a Bundeslig\u00e1ba. R\u00e1ad\u00e1sul ezt \u00fagy tette meg, hogy a St. Pauli lehet\u0151s\u00e9gei nem m\u00e9rhet\u0151k a Bundesliga 2-be s\u00fcllyedt patin\u00e1s, nagy klubokhoz (Schalke 04, HSV, Hannover, Hertha). A k\u00e9t hamburgi topklub tov\u00e1bbra sincs egy s\u00falycsoportban, ha a n\u00e9pszer\u0171s\u00e9get n\u00e9zz\u00fck: a HSV p\u00e1rtol\u00f3 tags\u00e1ga nagyj\u00e1b\u00f3l 110 000, a St. Pauli\u00e9 csak 40 000. A HSV b\u00e9rkerete dupl\u00e1ja a kisebbik hamburgi csapat\u00e9nak. Ehhez k\u00e9pest a p\u00e1ly\u00e1n nem j\u00f6n ki ez a k\u00fcl\u00f6nbs\u00e9g, s\u0151t: a \u201eBundesliga-dinoszaurusz\u201d m\u00e1sodoszt\u00e1ly\u00fa pokolj\u00e1r\u00e1sa most m\u00e9g egy \u00e9vvel meghosszabbodott, a v\u00e1ros alternat\u00edv klubja pedig \u2013 a n\u00e9met futball t\u00f6rt\u00e9net\u00e9ben el\u0151sz\u00f6r \u2013 magasabb polcra ker\u00fclt.\r\n\r\n<span class=\"highlight-block-small\">Tal\u00e1n ebben rejlik valamifajta mint\u00e1zat is, ugyan\u00fagy, ahogy Berlinben az Union sportszakmailag \u2013 \u00e9s imm\u00e1r p\u00e1rtol\u00f3 tagok sz\u00e1m\u00e1ban is \u2013 a Hertha f\u00f6l\u00e9 tudott n\u0151ni. A n\u00e9met futball tele van \u00f3ri\u00e1si klubokkal, melyek egyszerre ny\u00f6gnek az ut\u00f3bbi \u00e9vek sikertelens\u00e9ge \u00e9s saj\u00e1t szurkol\u00f3t\u00e1boruk\u00a0elv\u00e1r\u00e1sainak s\u00falya alatt. <\/span>\r\n\r\nNeh\u00e9zkesek, bonyolultan \u00e9s nagyon k\u00f6lts\u00e9gesen m\u0171k\u00f6dtethet\u0151k, gyakran negat\u00edv spir\u00e1lban vannak; t\u00f6rt\u00e9nelm\u00fck, sikeress\u00e9g\u00fck egyszerre \u00e1ld\u00e1s \u00e9s \u00e1tok. Egy kisebb, de j\u00f3l ir\u00e1ny\u00edtott klub \u2013 mint az Union, a St. Pauli, a Bundeslig\u00e1ban eg\u00e9szen brav\u00farosan szerepl\u0151 Heidenheim \u2013 kiman\u0151verezheti \u0151ket, a kisebb \u201ekal\u00f3zhaj\u00f3k\u201d megsarcolhatj\u00e1k a gigantikus g\u00e1ly\u00e1kat.\r\n\r\nHa megn\u00e9zz\u00fck a k\u00f6vetkez\u0151 id\u00e9ny els\u0151 k\u00e9t oszt\u00e1ly\u00e1nak mez\u0151ny\u00e9t, felt\u0171n\u0151, hogy mennyi nagym\u00falt\u00fa csapat lesz a m\u00e1sodoszt\u00e1lyban, \u00e9s mennyi \u201e\u00fajhull\u00e1mos\u201d az els\u0151ben. A Mainz, a Hoffenheim, az Augsburg, az RB Leipzig, a St. Pauli, az Union Berlin, a Heidenheim \u00e9s a Holstein Kiel nyolcas\u00e1b\u00f3l egyik \u00e9lvonalbeli klubnak sincs h\u00fasz Bundesliga-id\u00e9nye.\r\n\r\n<iframe class=\"flourish-embed-iframe\" style=\"width: 100%;height: 600px\" title=\"Interactive or visual content\" src=\"https:\/\/flo.uri.sh\/visualisation\/18135061\/embed\" frameborder=\"0\" scrolling=\"no\"><\/iframe>\r\n<div style=\"width: 100%!;margin-top: 4px!important;text-align: right!important\"><a class=\"flourish-credit\" style=\"text-decoration: none!important\" href=\"https:\/\/public.flourish.studio\/visualisation\/18135061\/?utm_source=embed&amp;utm_campaign=visualisation\/18135061\" target=\"_top\" rel=\"noopener\"><img style=\"width: 105px!important;height: 16px!important;border: none!important;margin: 0!important\" src=\"https:\/\/public.flourish.studio\/resources\/made_with_flourish.svg\" alt=\"Made with Flourish\" \/> <\/a><\/div>\r\nSt. Pauli kal\u00f3zai olyan poz\u00edci\u00f3ban vannak, hogy ak\u00e1r a hosszabb Bundesliga-tart\u00f3zkod\u00e1s is re\u00e1lisan elk\u00e9pzelhet\u0151. Fabian H\u00fcrzelert alighanem sokkal nagyobb csapat kispadj\u00e1n is l\u00e1thatjuk m\u00e9g; p\u00e1ly\u00e1n \u00e9s azon k\u00edv\u00fcl egyar\u00e1nt rendben vannak a dolgok. Szokatlan dolog ez: sikerek a p\u00e1ly\u00e1n, t\u00f6megek a csapat m\u00f6g\u00f6tt, \u00e9s m\u00e9g p\u00e9nz is van (a klub legut\u00f3bbi m\u00e9rlege ugyan m\u00ednuszt mutatott, de k\u00f6zben az FCSP rekordbev\u00e9telt regisztr\u00e1lt). A csapat a Reeperbahnon \u00fcnnepelte m\u00e1sodoszt\u00e1ly\u00fa bajnoki c\u00edm\u00e9t, kezd\u0151dhet a felk\u00e9sz\u00fcl\u00e9s az els\u0151 oszt\u00e1ly\u00fa szezonra. Azt\u00e1n j\u00f6het a kivonul\u00e1s AC\/DC-re (<em>Hells Bells<\/em>), a g\u00f3l ut\u00e1ni tombol\u00e1s Blurre (<em>Song 2<\/em>), \u00e9s tal\u00e1n az sem lenne meglepet\u00e9s, ha a klub meg tudn\u00e1 ism\u00e9telni t\u00f6rt\u00e9nelme legjobb \u00e9lvonalbeli helyez\u00e9s\u00e9t (10.).\r\n\r\nLehet, hogy Hamburg m\u00e1sodik sz\u00e1m\u00fa csapata tart\u00f3san be tud rendezkedni a Bundeslig\u00e1ban?","type":"rich","thumbnail_url":"https:\/\/s.24.hu\/app\/uploads\/sites\/24\/2024\/05\/043_dpa-pa_240520-99-102761_dpai-e1716924730459-150x150.jpg","thumbnail_width":150,"thumbnail_height":150}