{"version":"1.0","provider_name":"Sport24","provider_url":"https:\/\/sport24.24.hu","author_name":"Fut\u00f3 Csaba","author_url":"https:\/\/sport24.24.hu\/author\/futocs\/","title":"Szintl\u00e9p\u00e9s, poz\u00edci\u00f3-visszanyer\u00e9s, kock\u00e1zat: ez v\u00e1rhat a felekre egy Fradi\u2013Gazprom frigyben","html":"Gazprom\u2013Fradi szerz\u0151d\u00e9s? Els\u0151k\u00e9nt a Nemzeti Sport <a href=\"https:\/\/www.nemzetisport.hu\/labdarugo-nb-i\/2024\/04\/ns-info-rendkivuli-szponzori-szerzodest-kothet-a-ferencvaros-egy-vilagvallalattal\">adott h\u00edrt<\/a> arr\u00f3l \u2013 a szponzor megnevez\u00e9se n\u00e9lk\u00fcl \u2013, hogy a magyar bajnokcsapat szerz\u0151d\u00e9st k\u00e9sz\u00fcl k\u00f6tni egy \u201et\u00f6bb ipar\u00e1gban \u00e9rdekelt\u201d vil\u00e1gv\u00e1llalattal, olyannal, mely \u201eebben az id\u00e9nyben BL-csapatot, illetve kor\u00e1bban toplig\u00e1s klubot is t\u00e1mogatott\u201d. Ebb\u0151l m\u00e1r lehetett k\u00f6vetkeztetni a lehets\u00e9ges szponzor kil\u00e9t\u00e9re, \u00e9s ezt k\u00f6vet\u0151en a Blikk <a href=\"https:\/\/rangado.24.hu\/magyar_foci\/2024\/04\/22\/ftc-gazprom-szponzoracio\/\">meg is nevezte<\/a> a Gazpromot. B\u00e1r hivatalos bejelent\u00e9sre m\u00e9g nem ker\u00fclt sor, a Ferencv\u00e1ros \u2013 az \u00e1tigazol\u00e1si \u00e9rtes\u00fcl\u00e9sekhez hasonl\u00f3an \u2013 nem komment\u00e1lta a h\u00edrt, \u00e9s Oroszorsz\u00e1gb\u00f3l sem \u00e9rkezett meger\u0151s\u00edt\u0151 inform\u00e1ci\u00f3 (a nagy orosz h\u00edr\u00fcgyn\u00f6ks\u00e9gek besz\u00e1moltak magyar sajt\u00f3\u00e9rtes\u00fcl\u00e9sek alapj\u00e1n a h\u00edrr\u0151l, de nem tettek hozz\u00e1 semmit), a \u201efrigy\u201d l\u00e9trej\u00f6tt\u00e9t tulajdonk\u00e9ppen elk\u00f6nyvelte a magyar futballk\u00f6zlem\u00e9ny.\r\n\r\n<span class=\"highlight-block-small\">Amennyiben l\u00e9trej\u00f6n az \u00fczlet, annak etikai-politikai vonatkoz\u00e1sait nehezen lehet megker\u00fclni.<\/span>\r\n\r\nHa l\u00e9trej\u00f6n az egy\u00fcttm\u0171k\u00f6d\u00e9s, annak biztosan sok kritikusa lesz, ugyanakkor az is biztos, hogy a k\u00f6zv\u00e9lem\u00e9ny egy r\u00e9sz\u00e9t \u2013 a szurkol\u00f3kat meghat\u00e1roz\u00f3 t\u00f6bbs\u00e9g\u00e9t pl\u00e1ne \u2013 hidegen fogja hagyni a szponzor kil\u00e9te. \u00daj szponzor p\u00e9nz\u00e9t ritk\u00e1n szokt\u00e1k eltolni a klubok, \u00e9s az esetleges etikai vonatkoz\u00e1sokkal sem felt\u00e9tlen\u00fcl foglalkoznak a drukkerek \u2013 gondoljunk csak arra, milyen \u00fcnnepl\u00e9s fogadta a Newcastle Unitedhez bevonul\u00f3 sza\u00fadi befektet\u0151ket, de m\u00e1s p\u00e9ld\u00e1kat is lehetne eml\u00edteni. A labdar\u00fag\u00e1s cs\u00facsszervezetei sem mondhat\u00f3k kiv\u00e9teleknek: a p\u00e9nz j\u00f3l j\u00f6n, a sportswashing, azaz egy orsz\u00e1g im\u00e1zs\u00e1nak jav\u00edt\u00e1sa a sport seg\u00edts\u00e9g\u00e9vel mindennapos. A kutya ugat, a karav\u00e1n halad. Igaz lesz ez akkor is, ha biztos akad olyan, akin\u00e9l kiveri a biztos\u00edt\u00e9kot, ha a magyar futball legsikeresebb klubj\u00e1t egy olyan energiaipari \u00f3ri\u00e1s szponzor\u00e1lja, amely mindennapi tev\u00e9kenys\u00e9g\u00e9n k\u00edv\u00fcl a BBC News <a href=\"https:\/\/www.business-humanrights.org\/en\/latest-news\/russia-stream-and-torch-the-gazprom-backed-militias-fighting-in-ukraine\/\">oknyomoz\u00f3 riportja<\/a> szerint <a href=\"https:\/\/meduza.io\/en\/feature\/2023\/05\/16\/it-s-not-just-wagner\">mil\u00edci\u00e1kat tart fenn<\/a> az orosz\u2013ukr\u00e1n fronton. \u00c9s biztosan lesz olyan is, akit ez egy\u00e1ltal\u00e1n nem \u00e9rdekel.\r\n\r\nNe \u00e1ltassuk magunkat, a futballvil\u00e1gban sz\u00e1z\u00e1val forognak olyan c\u00e9gek, tulajdonosok, csoportok, amelyek megk\u00e9rd\u0151jelezhet\u0151 tev\u00e9kenys\u00e9get (is) folytatnak. A labdar\u00fag\u00e1s \u2013 \u00e9s a sport \u00e1ltal\u00e1noss\u00e1gban \u2013 el\u0151szeretettel \u00e1ll\u00edtja mag\u00e1t erk\u00f6lcsi piedeszt\u00e1lra, de a tapasztalat azt mutatja, a p\u00e9nzt az\u00e9rt mindenki jobban szereti az erk\u00f6lcsi piedeszt\u00e1ln\u00e1l. Hogy egy extr\u00e9m p\u00e9ld\u00e1t mondjunk, a kolumbiai Atl\u00e9tico Nacional minden bizonnyal <a href=\"https:\/\/www.sportshistoryweekly.com\/stories\/fifa-colombia-soccer-drug-lords-pablco-escobar,1168\"><strong>Pablo Escobar<\/strong> drogb\u00e1r\u00f3 p\u00e9nz\u00e9n<\/a> lett a nyolcvanas \u00e9vekben D\u00e9l-Amerika egyik leger\u0151sebb klubja. A mezeken ugyan a SAM l\u00e9git\u00e1rsas\u00e1g log\u00f3ja d\u00edszelgett, de ny\u00edlt titok volt, hogy Escobar drogp\u00e9nze \u00e1ramlik a klubba (riv\u00e1lisa, <strong>Miguel Rodr\u00edguez Orijuela<\/strong> a vet\u00e9lyt\u00e1rs Am\u00e9rica Calit p\u00e9nzelte ugyanakkor). Ha azonban megk\u00e9rdezn\u00e9nk egy Atl\u00e9tico Nacional- vagy egy Am\u00e9rica Cali-drukkert, k\u00f6nnyen azt a v\u00e1laszt kaphatjuk: mit t\u00f6r\u0151dik \u0151 azzal, <a href=\"https:\/\/colombiaone.com\/2024\/02\/29\/era-narco-football-colombia\/\">honnan \u00e9rkezett a p\u00e9nz<\/a>, ez volt az aranykor.\r\n\r\nVissza a Gazpromhoz: <a href=\"https:\/\/rtl.hu\/hirado\/2024\/04\/22\/ftc-gazprom-foszponzor-kulgazdasagi-es-kulugyminiszterium\">az RTL k\u00e9rd\u00e9s\u00e9re<\/a> a K\u00fclgazdas\u00e1gi \u00e9s K\u00fcl\u00fcgyminiszt\u00e9rium azt \u00edrta, min\u00e9l t\u00f6bb nagy nemzetk\u00f6zi v\u00e1llalat fektet be a magyar sportba, ann\u00e1l jobb.\r\n\r\n[caption id=\"attachment_12671\" align=\"aligncenter\" width=\"3507\"]<img class=\"size-full wp-image-12671\" src=\"https:\/\/sport24.24.hu\/app\/uploads\/sites\/24\/2024\/04\/central-0481957722.jpg\" alt=\"\" width=\"3507\" height=\"2341\" \/> Orb\u00e1n Viktor \u00e9s Szijj\u00e1rt\u00f3 P\u00e9ter a Ferencv\u00e1ros-CSZKA Moszkva Eur\u00f3pa-liga labdar\u00fag\u00f3-m\u00e9rk\u0151z\u00e9sen Budapesten, a Groupama Ar\u00e9n\u00e1ban 2019-ben.[\/caption]\r\n\r\nAz energiaipari c\u00e9g r\u00e1ad\u00e1sul nem szerepel szankci\u00f3s list\u00e1n, \u00e9s az eur\u00f3pai kup\u00e1k f\u0151t\u00e1bl\u00e1j\u00e1n rendszeresen szerepl\u0151, a szerb bajnoks\u00e1got domin\u00e1l\u00f3 Crvena zvezd\u00e1nak is f\u0151szponzora. Az eur\u00f3pai sz\u00f6vets\u00e9g kapott n\u00e9mi kritik\u00e1t az\u00e9rt, mert enged\u00e9lyezte a szerb bajnoknak a Gazprom-log\u00f3 haszn\u00e1lat\u00e1t, de az UEFA k\u00f6z\u00f6lte, a szponzori meg\u00e1llapod\u00e1sok k\u00e9rd\u00e9se a klubok bel\u00fcgye; nem sz\u00f3l abba bele. A szervezet <a href=\"https:\/\/documents.uefa.com\/r\/6QUjFvP3mNwqiExm2ZvB_g\/72KDJlPY1rlgvtfQTAju9w\">tilt\u00f3list\u00e1j\u00e1n<\/a> csak a doh\u00e1nyterm\u00e9kek \u00e9s az er\u0151s, alkoholtartalm\u00fa italok (15 sz\u00e1zal\u00e9kn\u00e1l nagyobb alkoholfok) szerepelnek; ezen k\u00edv\u00fcl a szponzori felirat(ok)nak az adott orsz\u00e1gban \u00e9rv\u00e9nyes t\u00f6rv\u00e9nyeknek is meg kell felelni\u00fck. Erre p\u00e9lda a tavalyi Legia\u2013Aston Villa m\u00e9rk\u0151z\u00e9s, melyen az angol csapat mez\u00e9n nem szerepelt a f\u0151szponzora (BK8), mivel az egy fogad\u00f3iroda, \u00e9s annak megjelen\u00edt\u00e9se a lengyel t\u00f6rv\u00e9nyekbe \u00fctk\u00f6z\u00f6tt volna. A precedens alapj\u00e1n nem v\u00e1rhat\u00f3, hogy az UEFA nemtetsz\u00e9s\u00e9t fejezze ki egy szponzori szerz\u0151d\u00e9s miatt.\r\n\r\nA Gazprom a 2000-es \u00e9vek v\u00e9ge \u00f3ta fontos szerepl\u0151je az eur\u00f3pai sport\u00e9letnek. A Schalke 04 m\u00e9g 2006-ban k\u00f6t\u00f6tt 2007-t\u0151l \u00e9rv\u00e9nyes, \u00f6t \u00e9s f\u00e9l\u00e9ves szerz\u0151d\u00e9st az orosz \u00f3ri\u00e1sc\u00e9ggel, a meg\u00e1llapod\u00e1s \u00e9rt\u00e9ke minden addig l\u00e1tottat fel\u00fclm\u00falt a n\u00e9met labdar\u00fag\u00e1sban (a h\u00edrek szerint a Gazprom 60\u201366 milli\u00f3 eur\u00f3s t\u00e1mogat\u00e1st ny\u00fajtott a patin\u00e1s Ruhr-vid\u00e9ki csapatnak). A dealt egy Schalke\u2013Zenit m\u00e9rk\u0151z\u00e9ssel \u00fcnnepelt\u00e9k meg \u2013 a szentp\u00e9terv\u00e1ri klub 2005 \u00f3ta a \u201eGazprom-ist\u00e1ll\u00f3\u201d hazai \u00e9kk\u00f6ve. A gelsenkircheniek eg\u00e9szen az orosz\u2013ukr\u00e1n h\u00e1bor\u00fa kit\u00f6r\u00e9s\u00e9ig folytatt\u00e1k az egy\u00fcttm\u0171k\u00f6d\u00e9st a Gazprommal, 2022 elej\u00e9n a kooper\u00e1ci\u00f3 tizen\u00f6t\u00f6dik \u00e9vfordul\u00f3j\u00e1t <a href=\"https:\/\/schalke04.de\/en\/partner-en\/15-years-side-gazprom-reliable-partner-schalke-since-2007\/\">\u00fcnnepelt\u00e9k,<\/a> hogy azt\u00e1n nem sokkal k\u00e9s\u0151bb magukt\u00f3l leszedj\u00e9k a mezfeliratot, majd szerz\u0151d\u00e9st bontsanak a f\u0151szponzorukkal.\r\n<blockquote>K\u00e9k-feh\u00e9r, ezek az FC Schalke 04 \u00e9s a Gazprom sz\u00ednei \u2013 \u00f6sszek\u00f6tnek minket<\/blockquote>\r\n\u2013 \u00edrta 2022 \u00faj\u00e9vi k\u00f6zlem\u00e9ny\u00e9ben a klub, mely nem eg\u00e9szen h\u00e1rom h\u00f3nappal k\u00e9s\u0151bb <a href=\"https:\/\/rangado.24.hu\/nemzetkozi_foci\/2022\/02\/28\/szakitott-orosz-foszponzoraval-a-schalke\/\">szerz\u0151d\u00e9sbont\u00e1st kezdem\u00e9nyezett<\/a> az Ukrajna elleni orosz agresszi\u00f3 miatt.\r\n<div class=\"payable-content-section\"><\/div>\r\nAz UEFA \u2013 melynek szint\u00e9n fontos szponzora volt a v\u00e1llalat \u2013 Nesszosz ingek\u00e9nt igyekezett <a href=\"https:\/\/rangado.24.hu\/nemzetkozi_foci\/2022\/02\/28\/uefa-fifa-felfuggesztes-oroszorszag\/\">let\u00e9pni mag\u00e1r\u00f3l<\/a> a Gazprom-egy\u00fcttm\u0171k\u00f6d\u00e9st a h\u00e1bor\u00fa kit\u00f6r\u00e9se ut\u00e1n. Az eur\u00f3pai sz\u00f6vets\u00e9g 2022. febru\u00e1r 28-\u00e1n bejelentette, hogy azonnali hat\u00e1llyal megsz\u00fcntette a Gazprommal fenn\u00e1ll\u00f3 szponzori meg\u00e1llapod\u00e1st. Az orosz c\u00e9g 2012 \u00f3ta a legfontosabb szponzori k\u00f6rben volt, mint a Bajnokok Lig\u00e1ja egyik hivatalos partnere. A h\u00edrek szerint az eur\u00f3pai sz\u00f6vets\u00e9g nagyj\u00e1b\u00f3l \u00e9vi 40 milli\u00f3 eur\u00f3t kapott az egy\u00fcttm\u0171k\u00f6d\u00e9s\u00e9rt cser\u00e9be, \u00edgy jelent\u0151s \u00f6sszeget bukott a tizenk\u00e9t \u00e9ves szerz\u0151d\u00e9s korai, egyoldal\u00fa felbont\u00e1s\u00e1val; r\u00e1ad\u00e1sul a 2022-es BL-d\u00f6nt\u0151t is elvette Szentp\u00e9terv\u00e1rt\u00f3l, ahol a stadion is a Gazprom nev\u00e9t viseli (b\u00e1r nagy nemzetk\u00f6zi esem\u00e9nyek eset\u00e9ben Szentp\u00e9terv\u00e1r Stadionnak nevezik, a l\u00e9tes\u00edtm\u00e9nyekre vonatkoz\u00f3 szab\u00e1lyok miatt). Az m\u00e1r \u00edzl\u00e9s k\u00e9rd\u00e9se, hogy a t\u00f6rt\u00e9nteket az erk\u00f6lcs v\u00e1ratlan felbuzg\u00e1sak\u00e9nt vagy k\u00e9nyszerhelyzetben el\u0151adott er\u00e9nyfitogtat\u00e1sk\u00e9nt \u00e9rt\u00e9kelj\u00fck.\r\n\r\n[caption id=\"attachment_12670\" align=\"aligncenter\" width=\"5472\"]<img class=\"size-full wp-image-12670\" src=\"https:\/\/sport24.24.hu\/app\/uploads\/sites\/24\/2024\/04\/k_epa20220727066.jpg\" alt=\"\" width=\"5472\" height=\"3648\" \/> A Gazprom orosz \u00e1llami g\u00e1zipari monop\u00f3lium szentp\u00e9terv\u00e1ri irodah\u00e1za 2022. j\u00falius 27-\u00e9n.[\/caption]\r\n\r\nA Gazprom term\u00e9szetesen nem csak a futballban van jelen: az orosz sportban a r\u00f6plabda-, az \u00fasz\u00f3-, a sportl\u00f6v\u0151-, a kajak-kenu-, a bili\u00e1rd- \u00e9s a ritmikus gimnasztika sz\u00f6vets\u00e9gnek is fontos szponzora, valamint hazai \u00e9s nemzetk\u00f6zi szinten is jelent\u0151s szerepet v\u00e1llalt az ut\u00e1np\u00f3tl\u00e1ssport t\u00e1mogat\u00f3jak\u00e9nt. A Football for Friendship (F4F) program keret\u00e9ben szerte a vil\u00e1gb\u00f3l utaztattak gyerekfutballist\u00e1kat egy ifj\u00fas\u00e1gi fesztiv\u00e1lra \u2013 nem mellesleg a BL-d\u00f6nt\u0151re is el lehetett jutni, ha egy klub besz\u00e1llt a kezdem\u00e9nyez\u00e9sbe. A program nagyk\u00f6vete <strong>Franz Beckenbauer<\/strong> volt. Egy m\u00e1sik, orsz\u00e1gos programban (Gazprom for Children) a c\u00e9g jelent\u0151s infrastruktur\u00e1lis fejleszt\u00e9seket t\u00e1mogatott. Tal\u00e1n ennyib\u0151l is l\u00e1tszik, mennyire fontos szerepl\u0151je a c\u00e9g az orosz \u201esoft power\u201d \u00e9rv\u00e9nyes\u00fcl\u00e9s\u00e9nek.\r\n<blockquote>A Gazprom glob\u00e1lis m\u00e1rk\u00e1t \u00e9p\u00edt; megpr\u00f3b\u00e1lja tiszt\u00e1ra mosni az im\u00e1zs\u00e1t, s\u0151t, egy teljesen k\u00fcl\u00f6n\u00e1ll\u00f3 entit\u00e1st pr\u00f3b\u00e1l l\u00e9trehozni. (\u2026) Milli\u00f3k \u00e9s milli\u00f3k n\u00e9zik a vil\u00e1gbajnoks\u00e1got vagy a Bajnokok Lig\u00e1j\u00e1t, de azok a szurkol\u00f3k nem viselik magukon a Gazprom log\u00f3j\u00e1t \u00fagy, mint a Schalke vagy a Zenit drukkerei. Ez egy rendk\u00edv\u00fcl er\u0151teljes eszk\u00f6z, amelyet a Gazprom teljes m\u00e9rt\u00e9kben kihaszn\u00e1l<\/blockquote>\r\n\u2013 \u00e1llap\u00edtotta meg a Gazprom-birodalomr\u00f3l sz\u00f3l\u00f3 magazincikk\u00e9ben <a href=\"https:\/\/thesefootballtimes.co\/2015\/01\/15\/the-gazprom-empire\/\">a These Football Times<\/a>.\r\n\r\nA h\u00e1bor\u00fa kit\u00f6r\u00e9se alaposan megt\u00e9p\u00e1zta a Gazprom k\u00fclf\u00f6ldi szponzori h\u00e1l\u00f3j\u00e1t, no meg a sportvil\u00e1gban \u00e9rv\u00e9nyes\u00fcl\u0151 orosz \u00e9rdek\u00e9rv\u00e9nyes\u00edt\u0151 k\u00e9pess\u00e9get is, mivel a szponzorok mellett a milli\u00e1rdosok t\u00f6bbs\u00e9ge \u2013 <strong>Roman Abramovics<\/strong> (Chelsea), <strong>Aliser Uszmanov<\/strong> (kor\u00e1bban Arsenal, majd az Evertonn\u00e1l csendest\u00e1rs), <strong>Maxim Demin<\/strong> (Bournemouth), <strong>Valerij Ojf<\/strong> (Vitesse) \u2013 is kivonult poz\u00edci\u00f3ib\u00f3l (vagy el kellett adnia klubj\u00e1t), illetve a nemzetk\u00f6zi sportsz\u00f6vets\u00e9gekben is gyakran k\u00f6r\u00f6n k\u00edv\u00fclre ker\u00fcltek az oroszok.\r\n\r\nEz nem jelentett teljes poz\u00edci\u00f3-felad\u00e1st: maradt m\u00e9g klubtulajdonos orosz oligarcha (<strong>Dmitrij Ribovoljev<\/strong> tov\u00e1bbra is a Monaco eln\u00f6ke; a milli\u00e1rdos nem szerepel szankci\u00f3s list\u00e1n) a Gazprom pedig tov\u00e1bbra is az 1991-es BEK-gy\u0151ztes Crvena zvezda f\u0151t\u00e1mogat\u00f3ja. A Gazprom 2010-ben k\u00f6t\u00f6tt szerz\u0151d\u00e9st \u2013 a h\u00edrek szerint el\u0151sz\u00f6r \u00e9vi 4, a k\u00e9s\u0151bbi hosszabb\u00edt\u00e1sok alkalm\u00e1val 4,5, majd 5 milli\u00f3 eur\u00f3s t\u00e1mogat\u00e1sr\u00f3l \u2013 a belgr\u00e1di piros-feh\u00e9rekkel, \u00e9s a kooper\u00e1ci\u00f3 az\u00f3ta is tart. A seg\u00edts\u00e9g igen j\u00f3kor j\u00f6tt, mert a Crvena zvezd\u00e1t s\u00falyos anyagi gondok gy\u00f6t\u00f6rt\u00e9k.\r\n\r\n<span class=\"highlight-block-small\">A Gazprom-meghajt\u00e1ssal a Zvezda el\u0151bb visszavette a bajnoki c\u00edmet az \u0151si riv\u00e1lis Partizant\u00f3l, majd nyomaszt\u00f3 dominanci\u00e1t \u00e9p\u00edtett ki. A 2023\/24-es lehet egym\u00e1s ut\u00e1n a hetedik bajnoki c\u00edm, amelyet a Crvena zvezda nyer meg, \u00e9s a klub az eur\u00f3pai porondon is j\u00f3l teljes\u00edt, 2017\/18 \u00f3ta minden id\u00e9nyben f\u0151t\u00e1bl\u00e1s volt.<\/span>\r\n\r\n[caption id=\"attachment_12672\" align=\"aligncenter\" width=\"4724\"]<img class=\"size-full wp-image-12672\" src=\"https:\/\/sport24.24.hu\/app\/uploads\/sites\/24\/2024\/04\/gettyimages-2149433805.jpg\" alt=\"\" width=\"4724\" height=\"2890\" \/> A Crvena zvezda j\u00e1t\u00e9kosai \u00fcnneplik gy\u0151zelm\u00fcket 2024. \u00e1prilis 24-\u00e9n.[\/caption]\r\n\r\nA belgr\u00e1diak \u00fcgyvezet\u0151je, <strong>Zvezdan Terzic<\/strong>\u00a02022-ben \u201eoroszellenes hiszt\u00e9ri\u00e1nak\u201d min\u0151s\u00edtette a szankci\u00f3kat, \u00e9s kijelentette: klubja h\u00e1l\u00e1val tartozik a Gazpromnak, mely a cs\u0151dt\u0151l, de lehet, hogy egyenesen a megsz\u0171n\u00e9st\u0151l mentette meg az egyik legfontosabb szerb csapatot.\r\n\r\nHa az orosz c\u00e9g nem is tudja visszanyerni 2022 el\u0151tti eur\u00f3pai poz\u00edci\u00f3it \u2013 az UEFA szerz\u0151d\u00e9sbont\u00e1sa jelent\u0151s csap\u00e1s volt \u2013, l\u00e1that\u00f3s\u00e1g\u00e1t szeretn\u00e9 fenntartani; erre szolg\u00e1l a Crvena zvezda folyamatos t\u00e1mogat\u00e1sa (az orosz klubok kiz\u00e1r\u00e1sa miatt a Zenit\u00e9 ebb\u0151l a szempontb\u00f3l hi\u00e1baval\u00f3), \u00e9s tavaly ez\u00e9rt k\u00f6rny\u00e9kezhette meg a t\u00f6r\u00f6k Besiktast.\r\n\r\nAz isztambuli klub \u2013 mely jelenleg k\u00e9t tradicion\u00e1lis riv\u00e1lisa, a Galatasaray \u00e9s a Fenerbahce \u00e1rny\u00e9k\u00e1ban van, \u00e9s melynek \u00e9pp lej\u00e1rt a Vodafone-nal k\u00f6t\u00f6tt hossz\u00fa t\u00e1v\u00fa meg\u00e1llapod\u00e1sa \u2013 a h\u00edrek szerint stadionja nev\u00e9nek \u00e9rt\u00e9kes\u00edt\u00e9s\u00e9r\u0151l \u00e9s mezszponzori egy\u00fcttm\u0171k\u00f6d\u00e9sr\u0151l is t\u00e1rgyalt a Gazprommal. A TASZSZ h\u00edr\u00fcgyn\u00f6ks\u00e9g szerint \u00f6sszesen <a href=\"https:\/\/www.sportcal.com\/sponsorship\/besiktas-close-to-signing-controversial-sponsorship-deal-with-gazprom\/\">61,5 milli\u00f3 eur\u00f3t \u00f6nt\u00f6tt volna<\/a> a Besiktasra az energiaipari c\u00e9g, a tervekben h\u00e1rom plusz k\u00e9t\u00e9ves szerz\u0151d\u00e9sk\u00f6t\u00e9s szerepelt. A t\u00f6r\u00f6k\u00f6k v\u00e9g\u00fcl nem k\u00f6t\u00f6tt\u00e9k meg az \u00fczletet; a RIA Novosztyi szerint r\u00e9szben az\u00e9rt, mert tartottak a FIFA \u00e9s az UEFA rosszall\u00e1s\u00e1t\u00f3l, \u00e9s a jogi bonyodalmakt\u00f3l is f\u00e9ltek. A Besiktas v\u00e9g\u00fcl stadionja n\u00e9vszponzor\u00e1ci\u00f3j\u00e1t a k\u0151olajban \u00e9s f\u00f6ldg\u00e1zban utaz\u00f3, hazai T\u00fcprasnak adta el h\u00e1rom \u00e9vre, a mezeken pedig maradt a kriptov\u00e1llalat Rain log\u00f3ja.\r\n\r\nAz a Zenit-, a Schalke-, a Crvena zvezda- \u00e9s a meghi\u00fasult Besiktas-egy\u00fcttm\u0171k\u00f6d\u00e9sb\u0151l is l\u00e1tszik, hogy milyen klub mell\u00e9 \u00e1ll(na) be sz\u00edvesen a Gazprom:\r\n<ul>\r\n \t<li>er\u0151s m\u00e1rka nagy hagyom\u00e1nyokkal,<\/li>\r\n \t<li>sikeres, de nem felt\u00e9tlen\u00fcl a cs\u00facson lev\u0151,<\/li>\r\n \t<li>n\u00e9pszer\u0171, jelent\u0151s szurkol\u00f3i t\u00e1mogat\u00e1ssal,<\/li>\r\n \t<li>rendszeres szerepl\u0151je az eur\u00f3pai kupak\u00fczdelmeknek,<\/li>\r\n \t<li>valamint v\u00e1gyik a nemzetk\u00f6zi el\u0151rel\u00e9p\u00e9sre.<\/li>\r\n<\/ul>\r\nEz alapj\u00e1n logikus lenne, hogy mi\u00e9rt vet\u0151dhetett fel az egy\u00fcttm\u0171k\u00f6d\u00e9s a Ferencv\u00e1rossal. Az FTC egym\u00e1s ut\u00e1n hatodszor nyerte meg az NB I k\u00fczdelmeit, egym\u00e1s ut\u00e1n negyedszer szerepelt eur\u00f3pai kupa f\u0151t\u00e1bl\u00e1j\u00e1n, \u00e9s a legut\u00f3bbi k\u00e9t id\u00e9nyben az EL, illetve EKL kies\u00e9ses szakasz\u00e1ba is eljutott. A magyar rekordbajnok ugyanakkor a plafonj\u00e1t karcolgatja: a Bayer Leverkusen, majd <a href=\"https:\/\/rangado.24.hu\/magyar_foci\/2024\/02\/22\/konferencia-liga-ferencvaros-olympiakosz\/\">az Olympiakosz sim\u00e1n kiejtette<\/a> a tavaszi kupak\u00fczdelmek sor\u00e1n.\r\n\r\n<span class=\"highlight-block-small\">A tov\u00e1bbi el\u0151rel\u00e9p\u00e9shez m\u00e9g jobb szakmai munka, m\u00e9g er\u0151sebb keret, illetve m\u00e9g t\u00f6bb p\u00e9nz kellene.<\/span>\r\n\r\nA Ferencv\u00e1ros a legut\u00f3bb k\u00f6zz\u00e9tett m\u00e9rleg szerint 6,62 milli\u00e1rd forintos nett\u00f3 \u00e1rbev\u00e9tellel \u00e9s 1,32 milli\u00e1rdos ad\u00f3zott eredm\u00e9nnyel z\u00e1rt, enn\u00e9l jobban anyagilag csak a BL-szerepl\u00e9st hoz\u00f3 2020-as \u00e9vben teljes\u00edtett. Jelenlegi eszk\u00f6zeivel a klubnak az \u00e1lland\u00f3 eur\u00f3pai f\u0151t\u00e1bl\u00e1s szerepl\u00e9s (\u00e9s a tavasz meg\u00e9r\u00e9se a m\u00e1sodik vagy a harmadik sz\u00e1m\u00fa sorozatban) lehet re\u00e1lis c\u00e9l, viszont egy \u00fajabb nagy t\u00e1mogat\u00f3 bel\u00e9p\u00e9se eset\u00e9n m\u00e1r tal\u00e1n a gyakoribb BL-szerepl\u00e9sr\u0151l is \u00e1lmodozhat.\r\n\r\n[caption id=\"attachment_12673\" align=\"aligncenter\" width=\"3507\"]<img class=\"size-full wp-image-12673\" src=\"https:\/\/sport24.24.hu\/app\/uploads\/sites\/24\/2024\/04\/central-0849739187.jpg\" alt=\"\" width=\"3507\" height=\"2338\" \/> A Ferencv\u00e1ros csapata 2024. febru\u00e1r 22-\u00e9n.[\/caption]\r\n\r\nHa a Gazprom bel\u00e9p, az a hazai szinten egy\u00e9bk\u00e9nt is kiemelked\u0151en er\u0151s j\u00e1t\u00e9koskeret tov\u00e1bbi izmosod\u00e1s\u00e1t eredm\u00e9nyezheti, megnyithat esetleg j\u00e1t\u00e9kos\u00e1raml\u00e1st is (p\u00e9ld\u00e1ul a Zenit fel\u0151l, hiszen ott a Gazprom tulajdonos, nem csak szponzor), no meg fricska a Mol kez\u00e9be ker\u00fclt, mag\u00e1t az \u00e9lmez\u0151nybe visszak\u00fczdeni akar\u00f3 riv\u00e1lis \u00dajpestnek. <span class=\"highlight-block-small\">A kock\u00e1zat a Ferencv\u00e1rosnak az \u00fczlet negat\u00edv visszhangja lenne; nem felt\u00e9tlen\u00fcl itthon, hanem Eur\u00f3p\u00e1ban.<\/span>\r\n\r\nDe h\u00e1t a futballban, mint eml\u00edtett\u00fck, a negat\u00edv publicit\u00e1st\u00f3l val\u00f3 f\u00e9lelem igen ritk\u00e1n \u00edr fel\u00fcl \u00fczleti \u00e9rdekeket.\r\n\r\n[central_article_recommendation title=\"Kapcsol\u00f3d\u00f3\" url=\"https:\/\/24.hu\/sport\/2024\/04\/22\/podcast-ziccer-gazprom-ferencvaros-ftc-fradi-erling-haaland-paks\/\" image=\"1\" lead=\"1\"]","type":"rich","thumbnail_url":"https:\/\/s.24.hu\/app\/uploads\/sites\/24\/2024\/04\/central-0829782178-masolat-150x150.jpg","thumbnail_width":150,"thumbnail_height":150}