{"version":"1.0","provider_name":"Sport24","provider_url":"https:\/\/sport24.24.hu","author_name":"Fut\u00f3 Csaba","author_url":"https:\/\/sport24.24.hu\/author\/futocs\/","title":"\u201eNem marad m\u00e1s h\u00e1tra, lemondok\u201d \u2013 \u00e9rtetlen\u00fcl n\u00e9zte a magyar g\u00e1l\u00e1t a francia kapit\u00e1ny","html":"\u201eAz esem\u00e9nyekkel mindig zs\u00fafolt francia f\u0151v\u00e1rosnak ezen a h\u00e9ten k\u00e9t n\u00e9pszer\u0171 vend\u00e9ge lesz: az egyik <strong>Josephine Baker<\/strong>, a h\u00edres n\u00e9ger t\u00e1ncosn\u0151, aki hossz\u00fa t\u00e1voll\u00e9t ut\u00e1n t\u00e9r vissza az Egyes\u00fclt \u00c1llamokb\u00f3l r\u00e9gi dics\u0151s\u00e9geinek sz\u00ednhely\u00e9re, a m\u00e1sik pedig a magyar labdar\u00fag\u00f3-v\u00e1logatott.\u201d\r\n\r\n\u00cdgy harangozta be a sajt\u00f3 az akkor m\u00e9g Nemzetek Eur\u00f3pa Kup\u00e1j\u00e1nak h\u00edvott Eb-negyedd\u00f6nt\u0151 els\u0151 m\u00e9rk\u0151z\u00e9s\u00e9t, amelyre a colombes-i stadion 35 274 jegye el\u0151v\u00e9telben elkelt. K\u00e9t h\u00f3nappal kor\u00e1bban ugyancsak P\u00e1rizsban \u2013 de a Parc des Princes-ben \u2013 a k\u00e9kek 5-2-es ki\u00fct\u00e9ses gy\u0151zelemmel jutottak tov\u00e1bb az angol v\u00e1logatottal szemben, amelyet t\u00e9tm\u00e9rk\u0151z\u00e9sen a k\u00e9t csapat londoni tal\u00e1lkoz\u00f3j\u00e1n (1-1) ir\u00e1ny\u00edtott el\u0151sz\u00f6r <strong>Alf Ramsey<\/strong> szakvezet\u0151.\r\n\r\n<span class=\"highlight-block-small\">A \u201eLa Manche-diadal\u201d m\u00f3dfelett fellelkes\u00edtette a franci\u00e1kat, akik \u00f6r\u00f6m\u00fckben hajlamosak voltak elfelejteni: <strong>Ron Springett<\/strong> angol kapus h\u00e1rom h\u00e1r\u00edthat\u00f3 labd\u00e1t is v\u00e1ratlanul a h\u00e1l\u00f3j\u00e1ba engedett, mert \u2013 szavai szerint \u2013 zavart\u00e1k a reflektorok.<\/span>\r\n\r\nA h\u00e1zigazd\u00e1k bizakod\u00e1s\u00e1t tov\u00e1bb er\u0151s\u00edtette, hogy Henri Guerin sz\u00f6vets\u00e9gi kapit\u00e1ny a keretbe invit\u00e1lta Nestor Combint, a honos\u00edtott argentin centert, aki a magyarok p\u00e1rizsi vend\u00e9gj\u00e1t\u00e9ka alkalm\u00e1val szerepelt el\u0151sz\u00f6r a francia v\u00e1logatottban.\r\n\r\nHonfit\u00e1rsaink Z\u00fcrichen kereszt\u00fcl utaztak P\u00e1rizsba, \u00e9s a sv\u00e1jci v\u00e1ros rep\u00fcl\u0151ter\u00e9n \u00f6sszetal\u00e1lkoztak a Sv\u00e1jcban BEK-el\u0151d\u00f6nt\u0151t v\u00edv\u00f3 Real Madrid labdar\u00fag\u00f3ival. A k\u00e9t kor\u00e1bbi kispesti j\u00e1t\u00e9kost\u00e1rs, <strong>Pusk\u00e1s Ferenc<\/strong> \u00e9s <strong>Tichy Lajos<\/strong> hosszasan \u00f6lelgette egym\u00e1st, <strong>Alfredo di Stefano<\/strong> pedig felh\u00edvta a magyar futballist\u00e1k figyelm\u00e9t klubt\u00e1rs\u00e1ra, <strong>Lucien Mullerre<\/strong>, aki az FC Z\u00fcrich elleni 2-1 ut\u00e1n m\u00e1r a hajnali \u00f3r\u00e1kban elutazott P\u00e1rizsba.\r\n<div class=\"payable-content-section\"><\/div>\r\nHaz\u00e1nk fiai meglehet\u0151sen nehezen ker\u00fcltek a legjobb nyolc k\u00f6z\u00e9. Berlinben <strong>R\u00e1kosi Gyula<\/strong> az utols\u00f3 percben l\u0151tte a gy\u0151ztes g\u00f3lt az 1962-ben vb-d\u00f6nt\u0151s csehszlov\u00e1k csapatot kiejt\u0151 keletn\u00e9met v\u00e1logatott kapuj\u00e1ba (2-1), majd a visszav\u00e1g\u00f3 3-3-mal \u00e9rt v\u00e9get \u00fagy, hogy <strong>Albert Fl\u00f3ri\u00e1nnak<\/strong> a harmadik percben durv\u00e1n a l\u00e1b\u00e1ra tapostak, ez\u00e9rt a f\u00e1jdalommal k\u00fczd\u0151 k\u00f6z\u00e9pcsat\u00e1r \u2013 a szigor\u00fa N\u00e9psport szerint \u2013 \u201elass\u00fa volt fut\u00e1sban, gondolkod\u00e1sban \u00e9s labdakezel\u00e9sben egyar\u00e1nt, k\u00e9sleked\u00e9seivel megakasztotta a t\u00e1mad\u00e1sokat\u201d, m\u00edg <strong>M\u00e9sz\u00f6ly K\u00e1lm\u00e1n<\/strong> egy \u00f3ra m\u00falt\u00e1n olyan s\u00falyosan megs\u00e9r\u00fclt, hogy ut\u00e1na jobb sz\u00e9len \u00e1lldog\u00e1lt, a magyar csapat gyakorlatilag t\u00edz j\u00e1t\u00e9kossal futballozott. (Csere \u2013 az akkori szab\u00e1lyok alapj\u00e1n \u2013 nem volt.)\r\n\r\nBar\u00f3ti Lajos sz\u00f6vets\u00e9gi kapit\u00e1ny sop\u00e1nkodott is az NDK labdar\u00fag\u00f3inak \u201et\u00fal kem\u00e9ny, s\u0151t k\u00edm\u00e9letlen\u201d j\u00e1t\u00e9ka miatt, \u00e1m a negyedd\u00f6nt\u0151ben nem volt oka panaszra, mert a <strong>Szentmih\u00e1lyi<\/strong> (Vasas) \u2013 <strong>M\u00e1trai<\/strong> (FTC), <strong>M\u00e9sz\u00f6ly<\/strong> (Vasas), <strong>Sipos<\/strong> (Honv\u00e9d), S\u00e1rosi (Vasas) \u2013 <strong>Nagy Istv\u00e1n<\/strong> (MTK), R\u00e1kosi (FTC) \u2013 <strong>G\u00f6r\u00f6cs<\/strong> (\u00dajpest), Albert (FTC), Tichy (Honv\u00e9d), <strong>Fenyvesi<\/strong> (FTC) \u00f6sszet\u00e9tel\u0171 magyar csapat, \u00e9s f\u0151k\u00e9nt annak k\u00e9t bels\u0151 csat\u00e1ra, Albert \u00e9s Tichy Lajos els\u0151rang\u00fa teljes\u00edtm\u00e9nyt ny\u00fajtott P\u00e1rizsban. El\u0151bb Tichy j\u00e1tszotta meg Albertet, majd Albert Tichyt, \u00e9s a k\u00e9t finom akci\u00f3 nyom\u00e1n 2-0-s vezet\u00e9st szerzett a francia n\u00e9z\u0151sereget el\u00e1m\u00edt\u00f3-eln\u00e9m\u00edt\u00f3 egy\u00fcttes. Majd Tichy R\u00e1kosi \u00e1tad\u00e1s\u00e1t \u00e9rt\u00e9kes\u00edtette, \u00e9s 3-0 ut\u00e1n olyan pomp\u00e1s peri\u00f3dus k\u00f6vetkezett, amelyet a K\u00e9pes Sport \u00edgy jellemzett: \u201eA magyar j\u00e1t\u00e9kosok percekig eldugj\u00e1k a labd\u00e1t, k\u00f6rbe passzolj\u00e1k az ellenfelet. A p\u00e1lya k\u00f6zep\u00e9n folyik a \u00bbHol az oll\u00f3, kom\u00e1masszony?\u00ab j\u00e1t\u00e9k.\u201d\r\n\r\n<img class=\"aligncenter size-full wp-image-12664\" src=\"https:\/\/sport24.24.hu\/app\/uploads\/sites\/24\/2024\/04\/kepessport_1964_1__pages263-263.jpg\" alt=\"\" width=\"1937\" height=\"2097\" \/>\r\n\r\nNoha Lucien Cossou sz\u00e9p\u00edtett (3-1), a Labdar\u00fag\u00e1s c\u00edm\u0171 szaklap is lelkendezett: \u201eV\u00e1logatott csapatunk par\u00e1d\u00e9s gy\u0151zelemmel kezdte idei \u00e9vadj\u00e1t. P\u00e1rizsban fontos d\u00edjm\u00e9rk\u0151z\u00e9sen nemcsak biztos gy\u0151zelm\u00e9vel, hanem impon\u00e1l\u00f3, j\u00f3 j\u00e1t\u00e9k\u00e1val is mag\u00e1ra terelte az eg\u00e9sz vil\u00e1g figyelm\u00e9t.\u201d\r\n\r\nA Magyar Nemzet is csak dics\u00e9rt, dics\u00e9rt \u00e9s dics\u00e9rt: \u201eSzentmih\u00e1lyi kiv\u00e1l\u00f3an v\u00e9dett, M\u00e1trai, M\u00e9sz\u00f6ly, S\u00e1rosi \u00e9s a v\u00e9delmi vonalba h\u00e1trah\u00faz\u00f3d\u00f3 Sipos a legnehezebb pillanatokban sem vesztette el a fej\u00e9t. A jobbfedezet Nagy Istv\u00e1n m\u00e9g ebb\u0151l a nagyszer\u0171en k\u00fczd\u0151 csapatb\u00f3l is kiemelkedett. Minden\u00fctt ott volt, v\u00e9dekezett, t\u00e1madott, pontosan passzolt, hib\u00e1tlanul szerelt. A bal oldalon R\u00e1kosi v\u00e1llalta mag\u00e1ra az \u00bb\u00f6r\u00f6kmozg\u00f3\u00ab szerepk\u00f6r\u00e9t. A k\u00e9t el\u0151retolt csat\u00e1r, Albert \u00e9s Tichy minden megmozdul\u00e1s\u00e1val g\u00f3lra t\u00f6rt, a francia v\u00e9d\u0151k nem tudt\u00e1k fogni \u0151ket. A sz\u00e9ls\u0151k is mindent megtettek a gy\u0151zelem \u00e9rdek\u00e9ben.\u201d\r\n\r\nEzzel szemben <strong>Henri Guerin<\/strong>, a <strong>Bernard<\/strong> (St. Etienne) \u2013 <strong>Casolari<\/strong> (Monaco), <strong>Michelin<\/strong> (Molenbeek), <strong>Artelesa<\/strong> (Monaco), <strong>Chorda<\/strong> (Bordeaux) \u2013 <strong>Bonnel<\/strong> (Valenciennes), <strong>Muller<\/strong> (Real Madrid), <strong>Herbin<\/strong> (St. Etienne) \u2013 <strong>Lech<\/strong> (Lens), <strong>Combin<\/strong> (Juventus), <strong>Cossou<\/strong> (Monaco) \u00f6ssze\u00e1ll\u00edt\u00e1s\u00fa francia egy\u00fcttes sz\u00f6vets\u00e9gi kapit\u00e1nya tehetetlen\u00fcl ism\u00e9telgette:\r\n<blockquote>Nem \u00e9rtem, nem \u00e9rtem, nem \u00e9rtem! Azt hittem, j\u00f3 csapatom van. Nem marad m\u00e1s h\u00e1tra, lemondok.<\/blockquote>\r\nV\u00e9g\u00fcl csak az 1966-os vil\u00e1gbajnoks\u00e1g ut\u00e1n k\u00f6sz\u00f6nt le, ak\u00e1r <strong>Bar\u00f3ti Lajos<\/strong>. Azon a vb-n a k\u00e9kek nem \u00e9lt\u00e9k t\u00fal a csoportk\u00f6rt, amelynek keret\u00e9ben az uruguayiakkal a White City stadionban tal\u00e1lkoztak Londonban, mert a Wembley-ben (nem vicc) ag\u00e1rverseny volt, m\u00edg a magyarok \u2013 a c\u00edmv\u00e9d\u0151 brazilok 3-1-es legy\u0151z\u00e9se ut\u00e1n \u2013 a legjobb nyolc k\u00f6z\u00f6tt b\u00facs\u00faztak, miut\u00e1n 2-1-re kikaptak a Szovjetuni\u00f3 csapat\u00e1t\u00f3l.\r\n\r\nEl\u0151bb azonban m\u00e9g bronz\u00e9rmet szereztek az Eur\u00f3pa-bajnoks\u00e1gon. A franci\u00e1k itthoni 2-1-es legy\u0151z\u00e9se (N\u00e9pstadion, 70 120 fizet\u0151 n\u00e9z\u0151) ut\u00e1n a n\u00e9gyes d\u00f6nt\u0151 els\u0151 tal\u00e1lkoz\u00f3j\u00e1n a k\u00e9tszer negyed\u00f3r\u00e1s hosszabb\u00edt\u00e1sban maradtak alul a spanyolokkal szemben a madridi Bernabeu stadionban (2-1). Azt\u00e1n Barcelon\u00e1ban \u2013 minden id\u0151k legkisebb Eb-k\u00f6z\u00f6ns\u00e9ge, 3869 n\u00e9z\u0151 el\u0151tt \u2013 ugyancsak 120 perces k\u00fczdelemben 3-1-re legy\u0151zt\u00e9k a d\u00e1nokat.\r\n\r\nA v\u00e9gj\u00e1t\u00e9k el\u0151tt a Liberation c\u00edm\u0171 francia lap azt \u00edrta: \u201eA Nemzetek Eur\u00f3pa Kup\u00e1ja a magyar labdar\u00fag\u00f3k\u00e9 lehet. \u00c1m a csapatnak nem szabad \u00e9reznie az es\u00e9lyt, mert hajlamos a k\u00f6nnyelm\u0171s\u00e9gre, s k\u00e1rba mehet minden jogos rem\u00e9nye. Azt az egys\u00e9get, amelyet a magyar j\u00e1t\u00e9kosok mutattak 90 percen kereszt\u00fcl a colombes-i stadionban, csak vil\u00e1gklasszisokkal lehet megt\u00f6rni, vagy \u0151k maguk k\u00e9pesek ilyen \u00f6ngyilkoss\u00e1gra.\u201d\r\n\r\nA magyar sajt\u00f3 Spanyolorsz\u00e1g ut\u00e1n leszedte a keresztvizet a magyar v\u00e1logatottr\u00f3l, k\u00fcl\u00f6n\u00f6sen Albertr\u0151l \u00e9s Tichyr\u0151l. Hol volt m\u00e1r P\u00e1rizs! Ugyanakkor <strong>Jos\u00e9 Angel Iribar<\/strong>, a tr\u00f3fe\u00e1t elh\u00f3d\u00edt\u00f3 bilba\u00f3i kapus azt mondta honfit\u00e1rsainkr\u00f3l: \u201eIlyen j\u00f3 csapat ellen \u00e9letemben nem j\u00e1tszottam!\u201d\r\n\r\nMost akkor nyert\u00fcnk egy bronzot vagy elvesztett\u00fcnk egy aranyat vagy ez\u00fcst\u00f6t? Ami biztos: t\u00f6bb labdar\u00fag\u00f3 Eb-\u00e9rmet Magyarorsz\u00e1gnak az 1964-ben elparent\u00e1ltakon k\u00edv\u00fcl soha, senki nem szerzett.\r\n\r\nhttps:\/\/www.youtube.com\/watch?v=BpypveTbZdo&amp;ab_channel=hunsylvania1","type":"rich","thumbnail_url":"https:\/\/s.24.hu\/app\/uploads\/sites\/24\/2024\/04\/000_6v0l6-masolat-150x150.jpg","thumbnail_width":150,"thumbnail_height":150}