{"version":"1.0","provider_name":"Sport24","provider_url":"https:\/\/sport24.24.hu","author_name":"Dajka Bal\u00e1zs","author_url":"https:\/\/sport24.24.hu\/author\/dajkab\/","title":"Legy\u0151zhetetlen kever\u00e9k k\u00e9sz\u00fclt a gy\u00f3gyszergy\u00e1ri laborban \u2013 v\u00e9gre lemosta mag\u00e1r\u00f3l a l\u00fazer jelz\u0151t a Leverkusen","html":"Leverkusen \u00fcnnepre k\u00e9sz\u00fcl\u0151d\u00f6tt. Felbukkantak a kirakatokban az \u201eOtt voltam 2024-ben\u201d p\u00f3l\u00f3k; akinek volt transzparense, z\u00e1szl\u00f3ja vagy meze, kirakta az ablakokba, a szurkol\u00f3k egy csoportja m\u00e9g a zebr\u00e1kat is v\u00e9gignyomtatta, a k\u00f6zleked\u00e9si t\u00e1bl\u00e1k oszlopain sz\u00e1z\u00e1val l\u00f3gtak a piros-fekete szalagok. A BayAren\u00e1hoz vezet\u0151 Bismarckstra\u00df\u00e9t el\u00e1rasztott\u00e1k a szurkol\u00f3k, a t\u00f6rzshely\u00fckr\u0151l (Stadioneck pub) kirajz\u00f3 ultr\u00e1k \u00e1tnevezt\u00e9k a f\u0151utat Xabi-Alonso-Alle\u00e9ra. Az m\u00e1r ezek ut\u00e1n pap\u00edrforma, hogy a f\u00e9l v\u00e1ros kint volt fogadni a stadionba g\u00f6rd\u00fcl\u0151 csapatbuszt.\r\n<blockquote class=\"twitter-tweet\">\r\n<p dir=\"ltr\" lang=\"de\">Einfach nur: Wow! \ud83e\udd2f<a href=\"https:\/\/twitter.com\/hashtag\/ForOurDream?src=hash&amp;ref_src=twsrc%5Etfw\">#ForOurDream<\/a><\/p>\r\n\ud83d\udd1c <a href=\"https:\/\/twitter.com\/hashtag\/B04SVW?src=hash&amp;ref_src=twsrc%5Etfw\">#B04SVW<\/a> | <a href=\"https:\/\/twitter.com\/hashtag\/Bayer04?src=hash&amp;ref_src=twsrc%5Etfw\">#Bayer04<\/a> | <a href=\"https:\/\/twitter.com\/hashtag\/Werkself?src=hash&amp;ref_src=twsrc%5Etfw\">#Werkself<\/a> | <a href=\"https:\/\/twitter.com\/hashtag\/Bundesliga?src=hash&amp;ref_src=twsrc%5Etfw\">#Bundesliga<\/a> <a href=\"https:\/\/t.co\/1yZ8cUBORF\">pic.twitter.com\/1yZ8cUBORF<\/a>\r\n\r\n\u2014 Bayer 04 Leverkusen (@bayer04fussball) <a href=\"https:\/\/twitter.com\/bayer04fussball\/status\/1779527077844209820?ref_src=twsrc%5Etfw\">April 14, 2024<\/a><\/blockquote>\r\n<script async src=\"https:\/\/platform.twitter.com\/widgets.js\" charset=\"utf-8\"><\/script>\r\n\r\nAz\u00e9rt a 25. percben ett\u0151l f\u00fcggetlen\u00fcl megk\u00f6nnyebb\u00fclt volt a \u201eJAAAA\u201d, mikor<strong> Victor Boniface<\/strong> bebomb\u00e1zta a VAR-beavatkoz\u00e1s ut\u00e1n meg\u00edt\u00e9lt b\u00fcntet\u0151t a Werder h\u00e1l\u00f3j\u00e1ba. Az igaz\u00e1n felszabadult (g\u00f3l)\u00f6r\u00f6m a 60. percben j\u00f6tt, amikor<strong> Granit Xhaka<\/strong> a tizenhatoson k\u00edv\u00fclr\u0151l pazar l\u00f6v\u00e9st k\u00fcld\u00f6tt a br\u00e9maiak kapuj\u00e1ba. Ekkor m\u00e1r mindenki tudta: Xabi Alonso egy\u00fcttese megnyeri a sal\u00e1t\u00e1st\u00e1lat \u2013 teljesen meg\u00e9rdemelten. Afel\u0151l nem lehet vita, hogy a 2023\/2024-es id\u00e9nyben a Bayer 04 Leverkusen volt a Bundesliga legjobb egy\u00fcttese. <strong>Florian Wirtz<\/strong> tripl\u00e1ja m\u00e1r csak fokozta az ekszt\u00e1zist, j\u00f6hetett a p\u00e1lyainv\u00e1zi\u00f3.\r\n\r\nhttps:\/\/www.youtube.com\/watch?v=UbDHze0tkRU\r\n\r\nDiadal\u00e1val a Leverkusen lett a (nyugat)n\u00e9met Bundesliga t\u00f6rt\u00e9net\u00e9ben a m\u00e1sodik Werksteam \u2013 gy\u00e1ri csapat \u2013, mely megnyerte a bajnoks\u00e1got; 2008\/2009-ben ez a Volkswagen-konszern egy\u00fcttes\u00e9nek, a Wolfsburgnak siker\u00fclt. A gy\u00e1ri egy\u00fcttesek a h\u00edresen tradicionalista n\u00e9met futballk\u00f6zegben m\u00e1sodrend\u0171 polg\u00e1rok; kicsit m\u0171vi entit\u00e1sk\u00e9nt (m\u00e9g az 50+1 szab\u00e1ly al\u00f3l is kiv\u00e9telek!) kezelik \u0151ket, holott a Bayer Leverkusen, melyet 1904-ben alap\u00edtottak a Bayer gy\u00f3gyszergy\u00e1r dolgoz\u00f3i, rendk\u00edv\u00fcl fontos szerepl\u0151je a v\u00e1ros \u00e9let\u00e9nek.\r\n\r\nA hatalmas sportklub kos\u00e1rlabd\u00e1t\u00f3l cselg\u00e1ncsig, \u00f6k\u00f6lv\u00edv\u00e1st\u00f3l triatlonig, ritmikus gimnasztik\u00e1t\u00f3l v\u00edv\u00e1sig a n\u00e9met sport\u00e9let minden ter\u00fclet\u00e9n jelen van, annak meghat\u00e1roz\u00f3 szerepl\u0151je.\r\n\r\n<span class=\"highlight-block-small\">Fontos k\u00f6z\u00f6ss\u00e9gi k\u00f6zpontja a n\u00e9mik\u00e9pp ingerszeg\u00e9ny v\u00e1rosnak: rengeteg leverkuseni csal\u00e1dban van (jelenlegi vagy volt) Bayer-sportol\u00f3. A gy\u00f3gyszeripari c\u00e9g gigantikus, \u00e9jjelente kivil\u00e1g\u00edtott log\u00f3ja \u2013 a klubc\u00edmerben is l\u00e1that\u00f3 Bayer-Kreuz \u2013 a v\u00e1ros legismertebb szimb\u00f3luma. V\u00e1ros \u00e9s klub elv\u00e1laszthatatlan egym\u00e1st\u00f3l.<\/span>Az elm\u00falt 30 \u00e9vben a Bayer Leverkusen a Bundesliga meghat\u00e1roz\u00f3 csapata lett: el\u0151sz\u00f6r 1993\/1994-ben lett dobog\u00f3s, \u00e9s az\u00f3ta m\u00e9g tizenegyszer, de az aranyat sok\u00e1ig hi\u00e1ba hajszolta. A hat id\u00e9nyen bel\u00fcl el\u00e9rt n\u00e9gy m\u00e1sodik hely, \u00e9s f\u0151leg az 1999\/2000-es szezon dr\u00e1mai v\u00e9gj\u00e1t\u00e9ka (egy pont kellett volna az Unterhaching elleni meccsen az arany\u00e9remhez, de a Bayer \u00f6sszeomlott, a Bayern M\u00fcnchen meg el\u0151z\u00f6tt) r\u00e1 is ragasztotta a l\u00fazer c\u00edmk\u00e9t a Leverkusenre.\r\n\r\nhttps:\/\/www.youtube.com\/watch?v=-fyvVt3a-qQ\r\n\r\nA h\u00edres-h\u00edrhedt 2001\/2002-es id\u00e9ny \u2013 vesztes BL-d\u00f6nt\u0151 a Real Madrid ellen, vesztes N\u00e9met Kupa-d\u00f6nt\u0151 a Schalke 04 ellen \u00e9s a bajnoki versenyfut\u00e1sban is ez\u00fcst\u00e9rem \u2013 ut\u00e1n azt\u00e1n rajta is maradt a klubon <a href=\"https:\/\/www.youtube.com\/watch?v=_mh94YFWwmg\">a Vizekusen becen\u00e9v<\/a>.\r\n\r\nA 2010-es \u00e9vekt\u0151l jobb\u00e1ra a BL-szerepl\u00e9st \u00e9r\u0151 helyez\u00e9s kiv\u00edv\u00e1sa volt a c\u00e9l. A Leverkusen fels\u0151h\u00e1zi csapat volt ugyan, de a domin\u00e1ns Bayern \u00e9s az egy\u00e9rtelm\u0171 m\u00e1sodik Dortmund ut\u00e1n \u2013 2008\/2009-t\u0151l 2022\/23-ig csak ez a k\u00e9t csapat tudott bajnoks\u00e1got nyerni \u2013 harmadik er\u0151nek ink\u00e1bb a Red Bull-p\u00e9nzen sz\u00e1rnyal\u00f3 RB Leipzig j\u00f6tt fel, azt\u00e1n k\u00f6vetkezett a Bayer.\r\n\r\n<iframe class=\"flourish-embed-iframe\" style=\"width: 100%; height: 600px;\" title=\"Interactive or visual content\" src=\"https:\/\/flo.uri.sh\/visualisation\/17555438\/embed\" frameborder=\"0\" scrolling=\"no\"><\/iframe>\r\n<div style=\"width: 100%!; margin-top: 4px!important; text-align: right!important;\"><a class=\"flourish-credit\" style=\"text-decoration: none!important;\" href=\"https:\/\/public.flourish.studio\/visualisation\/17555438\/?utm_source=embed&amp;utm_campaign=visualisation\/17555438\" target=\"_top\" rel=\"noopener\"><img style=\"width: 105px!important; height: 16px!important; border: none!important; margin: 0!important;\" src=\"https:\/\/public.flourish.studio\/resources\/made_with_flourish.svg\" alt=\"Made with Flourish\" \/> <\/a><\/div>\r\nXabi Alonso tavalyel\u0151tt okt\u00f3berben vette \u00e1t a vezet\u0151edz\u0151i posztot <strong>Gerardo Seoan\u00e9t\u00f3l<\/strong>, \u00e9s kies\u0151 (17.) helyen \u00e1ll\u00f3 csapat kispadj\u00e1ra \u00fclt le. \u00d6tvenn\u00e9gy Bundesliga-m\u00e9rk\u0151z\u00e9ssel (m\u00e9rlege eg\u00e9szen elk\u00e9peszt\u0151, 37\u201310\u20137) k\u00e9s\u0151bb bajnokcsapat edz\u0151je. Eg\u00e9szen d\u00f6bbenetes fordulat ez, \u00e9s \u00f6nmag\u00e1ban is indokolja, hogy mi\u00e9rt lett az egykori vil\u00e1gklasszis k\u00f6z\u00e9pp\u00e1ly\u00e1s Eur\u00f3pa egyik legkeresettebb edz\u0151je.\r\n\r\nA fordulat sokkal ink\u00e1bb tulajdon\u00edthat\u00f3 az Alonso-var\u00e1zsnak \u00e9s a nagyon okos klubvezet\u0151i munk\u00e1nak (kulcsszerepl\u0151: a szint\u00e9n spanyol, 2018 \u00f3ta a Leverkusenn\u00e9l dolgoz\u00f3 <strong>Fernando Carro<\/strong>), mintsem az \u0151r\u00fclt k\u00f6ltekez\u00e9snek. Carro \u00e9s az \u00fcgyvezet\u0151 <strong>Simon Rolfes<\/strong> apr\u00e1nk\u00e9nt rakt\u00e1k \u00f6ssze a bajnokcsapat alapj\u00e1t: el\u0151sz\u00f6r a kapus <strong>Lukas Hradecky<\/strong> j\u00f6tt, majd <strong>Edmond Tapsoba<\/strong> \u00e9s <strong>Exequiel Palacios<\/strong>, azt\u00e1n <strong>Patrik Schick<\/strong> \u00e9s <strong>Jeremie Frimpong<\/strong>, majd az elm\u00falt h\u00e1rom szezonban <strong>Odilon Kossonou<\/strong>, <strong>Amin Adli<\/strong>, <strong>Robert Andrich<\/strong>, <strong>Piero Hincapi\u00e9<\/strong>, <strong>Victor Boniface<\/strong>, <strong>Granit Xhaka,<\/strong> <strong>Jonas Hofmann<\/strong> \u00e9s <strong>Alejandro Grimaldo<\/strong>, no meg a kieg\u00e9sz\u00edt\u0151 emberek.\r\n\r\nA Leverkusen ut\u00e1np\u00f3tl\u00e1sb\u00e1zisa is hozz\u00e1tette a mag\u00e1\u00e9t a sikersztorihoz: a riv\u00e1lis 1. FC K\u00f6lnt\u0151l elszipk\u00e1zott Florian Wirtz csodagyerekb\u0151l vil\u00e1gklassziss\u00e1 \u00e9rett a gy\u00f3gyszergy\u00e1riakn\u00e1l.\r\n\r\n<span class=\"highlight-block-small\">K\u00f6zben pedig olyan \u00fczletekkel, mint <strong>Kai Havertz<\/strong> (80 milli\u00f3 eur\u00f3s \u00e1tigazol\u00e1si d\u00edjat fizetett \u00e9rte a Chelsea), <strong>Moussa Diaby<\/strong> (Aston Villa, 55 milli\u00f3 eur\u00f3) vagy Leon Bailey (szint\u00e9n Aston Villa, 32 milli\u00f3 eur\u00f3) elad\u00e1sa, Carro megteremtette az alapot az okos j\u00e1t\u00e9kospiaci man\u0151verekhez.<\/span>\r\n\r\nXabi Alonso \u00e9rkez\u00e9se ut\u00e1n l\u00e1tszott, hogy csapat \u00e9s edz\u0151 egym\u00e1sra tal\u00e1lt, a vill\u00e1mgyors, agressz\u00edv Leverkusenben j\u00f3kora potenci\u00e1l rejlik. A vezet\u0151s\u00e9g a vezet\u0151edz\u0151vel konzult\u00e1lva a ny\u00e1ron t\u00f6bb mint 80 milli\u00f3 eur\u00f3t k\u00f6lt\u00f6tt igazol\u00e1sokra (legnagyobb h\u00faz\u00e1sa \u00edgy is a szabadon igazolhat\u00f3k\u00e9nt megszerzett <a href=\"https:\/\/sport24.24.hu\/foci\/2024\/03\/05\/bayer-leverkusen-alejandro-grimaldo-jeremie-frimpong\/\">Alejandro Grimaldo lett<\/a>); kipr\u00f3b\u00e1lt, rutinos klasszisok (Xhaka, Hofmann) is \u00e9rkeztek. Nem v\u00e9letlen\u00fcl szerepelt a bajnoks\u00e1g el\u0151tt is t\u00f6bb er\u0151sorrend m\u00e1sodik hely\u00e9n a Bayer.\r\n<div class=\"payable-content-section\"><\/div>\r\nAzt m\u00e9g ekkor is aligha gondolta b\u00e1rki, hogy legy\u0151zhetetlen kever\u00e9k k\u00e9sz\u00fclt a gy\u00f3gyszergy\u00e1ri laborban. De hamar vil\u00e1gos lett, hogy a Bayernnek \u2013 <strong>Harry Kane<\/strong> szerz\u0151dtet\u00e9se ide, szt\u00e1rokkal telezs\u00fafolt keret oda \u2013 nagyon fel kell k\u00f6tnie a (b\u0151r)gaty\u00e1t. A Leverkusen v\u00e9gig nyakt\u00f6r\u0151 temp\u00f3t dikt\u00e1lt, nemcsak eredm\u00e9nyes, de nagyon l\u00e1tv\u00e1nyos is volt a focija, \u00e9s a s\u00e9r\u00fcl\u00e9sek, valamint az Afrikai Nemzetek Kup\u00e1j\u00e1ra hivatalos kulcsemberek ideiglenes hi\u00e1nya sem siklatt\u00e1k ki a szezonj\u00e1t.\r\n\r\n<a href=\"https:\/\/rangado.24.hu\/nemzetkozi_foci\/2024\/02\/10\/bundesliga-bayer-leverkusen-bayern-munchen\/\">A rekordbajnok lemos\u00e1sa<\/a> m\u00e1r jelezte, hogy k\u00f6zeleg az \u0151rs\u00e9gv\u00e1lt\u00e1s, \u00e1prilis 14.-re pedig biztoss\u00e1 v\u00e1lt: a Bayern-\u00e9r\u00e1t Bayer-els\u0151s\u00e9g k\u00f6veti. A leverkuseniek m\u00e9g mindig \u0151rzik veretlens\u00e9g\u00fcket, m\u00e1r a 27. fordul\u00f3ban be\u00e1ll\u00edtott\u00e1k Bundesliga-pontrekordjukat, \u00e9s \u00e1prilis k\u00f6zep\u00e9re lez\u00e1rt\u00e1k a bajnoki\u00a0versenyfut\u00e1st \u2013 ilyen gyorsan csak <strong>Pep Guardiola<\/strong> Bayern M\u00fcnchene tudta kor\u00e1bban begy\u0171jteni a bajnoki c\u00edmet.\r\n\r\nR\u00e1ad\u00e1sul a Leverkusennek teljesen re\u00e1lis es\u00e9lye van a tripl\u00e1z\u00e1sra is, hiszen m\u00e1jus 25-\u00e9n a m\u00e1sodoszt\u00e1lyban a bennmarad\u00e1s\u00e9rt k\u00fczd\u0151 Kaiserslauternnel v\u00edvja a N\u00e9met Kupa d\u00f6nt\u0151j\u00e9t, az Eur\u00f3pa Lig\u00e1ban pedig 2\u20130-s el\u0151nnyel v\u00e1rhatja a visszav\u00e1g\u00f3t a West Ham United ellen.\r\n\r\nXabi Alonso Eur\u00f3pa egyig legkeresettebb edz\u0151je lett, Leverkusenben pedig egyenesen f\u00e9listenn\u00e9 v\u00e1lt:\r\n<blockquote class=\"twitter-tweet\">\r\n<p dir=\"ltr\" lang=\"de\">Deutscher Meister 2023\/24 <a href=\"https:\/\/twitter.com\/bayer04fussball?ref_src=twsrc%5Etfw\">@bayer04fussball<\/a><\/p>\r\nIt feels great\ud83c\udfc6 <a href=\"https:\/\/t.co\/7r2Vhx2xyy\">pic.twitter.com\/7r2Vhx2xyy<\/a>\r\n\r\n\u2014 Xabi Alonso (@XabiAlonso) <a href=\"https:\/\/twitter.com\/XabiAlonso\/status\/1779788678170128749?ref_src=twsrc%5Etfw\">April 15, 2024<\/a><\/blockquote>\r\n<script async src=\"https:\/\/platform.twitter.com\/widgets.js\" charset=\"utf-8\"><\/script>\r\n\r\nLehet, hogy a Bayer Leverkusen\u2013Werder Bremen meccs els\u0151 g\u00f3lj\u00e1n\u00e1l nemcsak a hazai drukkerekb\u0151l, hanem m\u00e9g a N\u00e9met Labdar\u00fag\u00f3liga (DFL) vezet\u0151ib\u0151l is kiszakadt az a bizonyos megk\u00f6nnyebb\u00fclt s\u00f3haj. A Bundesliga csod\u00e1latos bajnoks\u00e1g: rendk\u00edv\u00fcl er\u0151s a k\u00f6z\u00f6ss\u00e9gi k\u00f6tel\u00e9k csapatok \u00e9s szurkol\u00f3ik k\u00f6z\u00f6tt, fantasztikus a hangulat, magas a sz\u00ednvonal, az \u00fczleti \u00e9rdekeket fel\u00fcl\u00edr(hat)ja a tradicionalizmus, \u00e9s m\u00e9g az is el\u0151fordul, hogy a drukkerek t\u00fcntet\u00e9sei hat\u00e1s\u00e1ra <a href=\"https:\/\/rangado.24.hu\/nemzetkozi_foci\/2024\/02\/22\/bundesliga-szurkoloi-tuntetesek-meghatralt-a-liga-dfl\/\">megh\u00e1tr\u00e1l a befektet\u0151kkel t\u00e1rgyal\u00f3, nagyhatalm\u00fa liga<\/a>.\r\n\r\n<span class=\"highlight-block-small\">Csak \u00e9ppen a Bayern M\u00fcnchen tot\u00e1lis dominanci\u00e1ja miatt d\u00f6gunalmass\u00e1 v\u00e1lt a bajnoki verseny, ami er\u0151sen cs\u00f6kkenti a liga vonzerej\u00e9t az (els\u0151sorban) k\u00fclf\u00f6ldi, megnyerni sz\u00e1nd\u00e9kozott szurkol\u00f3k k\u00f6r\u00e9ben.<\/span>\r\n\r\nA Bayern 1968\/1969-ben nyerte meg el\u0151sz\u00f6r a Bundeslig\u00e1t (m\u00e1sodszor a n\u00e9met bajnoks\u00e1got), \u00e9s ett\u0151l kezdve a n\u00e9met \u00e9lvonalnak lett egy k\u00fcl\u00f6n\u00f6s dinamik\u00e1ja. \u00c1ltal\u00e1ban a Bayern M\u00fcnchen volt a domin\u00e1ns csapat, de id\u0151r\u0151l id\u0151re j\u00f6tt egy er\u0151s riv\u00e1lis (Borussia M\u00f6nchengladbach, HSV, VfB Stuttgart, Werder Bremen, Borussia Dortmund, stb.), mely le tudta l\u00f6kni a tr\u00f3nr\u00f3l.\r\n\r\n1969 \u00f3ta csak egyszer (1975\u201379 k\u00f6z\u00f6tt) fordult el\u0151, hogy a Bayern \u00f6t id\u00e9nyen kereszt\u00fcl nem tudott bajnoki c\u00edmet nyerni. Ha a Bundeslig\u00e1t Bayern vs. M\u00e1sok feloszt\u00e1sra egyszer\u0171s\u00edtj\u00fck, az \u00e1bra sz\u00edneib\u0151l j\u00f3l kirajzol\u00f3dik a dinamika megv\u00e1ltoz\u00e1sa. Eleinte a Bayern m\u00e9g nem is domin\u00e1ns; a hetvenes \u00e9vek sikercsapata m\u00e1r igen, de m\u00e9g ekkor is hosszabb id\u0151re \u00e1tvehetik m\u00e1sok a hatalmat. A nyolcvanas \u00e9vekt\u0151l m\u00e1r egyre kev\u00e9sb\u00e9, \u00e9s a tr\u00f3nfoszt\u00e1si peri\u00f3dusok is egyre r\u00f6vid\u00fclnek, m\u00edgnem elj\u00f6n 2012\/2013, a tot\u00e1lis Bayern-uralom kezdete.\r\n\r\n<iframe class=\"flourish-embed-iframe\" style=\"width: 100%; height: 600px;\" title=\"Interactive or visual content\" src=\"https:\/\/flo.uri.sh\/visualisation\/17555898\/embed\" frameborder=\"0\" scrolling=\"no\"><\/iframe>\r\n<div style=\"width: 100%!; margin-top: 4px!important; text-align: right!important;\"><a class=\"flourish-credit\" style=\"text-decoration: none!important;\" href=\"https:\/\/public.flourish.studio\/visualisation\/17555898\/?utm_source=embed&amp;utm_campaign=visualisation\/17555898\" target=\"_top\" rel=\"noopener\"><img style=\"width: 105px!important; height: 16px!important; border: none!important; margin: 0!important;\" src=\"https:\/\/public.flourish.studio\/resources\/made_with_flourish.svg\" alt=\"Made with Flourish\" \/> <\/a><\/div>\r\nEz a bajnoks\u00e1gnak, s\u0151t, tal\u00e1n a Bayernnek sem tett j\u00f3t. A m\u00fcncheniek az el\u0151z\u0151 id\u00e9nyben gyenge j\u00e1t\u00e9kt\u00f3l edz\u0151meneszt\u00e9sig mindent megtettek, hogy ne legyenek bajnokok, de a Dortmund az utols\u00f3 fordul\u00f3ban m\u00e9gis elbalt\u00e1zta a sorsd\u00f6nt\u0151 meccs\u00e9t. \u00dagy t\u0171nt, a Bayern nem tud olyan rossz lenni, hogy ne legyen bajnok, m\u00e1rpedig ez a Bundeslig\u00e1ra sem vetett felt\u00e9tlen\u00fcl j\u00f3 f\u00e9nyt.\r\n\r\nTal\u00e1n m\u00e9g a vezet\u0151s\u00e9g\u00e9t \u00e1tszervez\u0151 rekordbajnokn\u00e1l sem vett\u00e9k el\u00e9g komolyan a figyelmeztet\u0151 jeleket, f\u0151leg, hogy a ny\u00e1ron befutott Harry Kane, \u00e9s elkezdte vadul termelni a g\u00f3lokat. A leverkuseni sz\u00e1rnyal\u00e1s viszont v\u00e9get vetett a m\u00fcncheni uralomnak, \u00e9s val\u00f3sz\u00edn\u0171leg el\u00e9gs\u00e9ges impulzus lesz ahhoz, hogy a n\u00e9met futball uralkod\u00f3ja v\u00e9gre t\u00e9nyleg rendet tegyen a saj\u00e1t h\u00e1za t\u00e1j\u00e1n.\r\n\r\nHa az el\u0151z\u0151 id\u00e9nyben marad le a Bayern az els\u0151s\u00e9gr\u0151l, azt alighanem mindenki az elk\u00e9nyelmesed\u00e9snek tudja be. Most viszont nem ez volt az els\u0151dleges ok:\r\n\r\n<span class=\"highlight-block-small\">ezzel a k\u00e1pr\u00e1zatos Leverkusennel m\u00e9g minden id\u0151k legjobb Bayernje is nehezen tudta volna tartani a l\u00e9p\u00e9st.<\/span>\r\n\r\nA gy\u00f3gyszergy\u00e1ri Werkself a Bundesliga t\u00f6rt\u00e9net\u00e9nek tizenharmadik bajnoka lett. Sorrendben az eddigi gy\u0151ztesek: 1. FC K\u00f6ln, Werder Bremen, 1860 M\u00fcnchen, Eintracht Braunschweig, 1. FC N\u00fcrnberg, Bayern M\u00fcnchen, Borussia M\u00f6nchengladbach, Hamburger SV, VfB Stuttgart, 1. FC Kaiserslautern, Borussia Dortmund, VfL Wolfsburg. Soha, egyetlen klub sem v\u00e1rt annyit a Bundesliga-els\u0151s\u00e9gre, mint a Leverkusen: 45, megszak\u00edt\u00e1s n\u00e9lk\u00fcl az \u00e9lvonalban t\u00f6lt\u00f6tt id\u00e9ny ut\u00e1n j\u00f6tt \u00f6ssze az arany\u00e9rem. A Vizekusenb\u0151l Meisterkusen lett, a Bundesliga m\u00e1sodik \u00faj bajnokcsapata a k\u00e9tezres \u00e9vekben.\r\n\r\nHogy marad-e j\u00f6v\u0151re is Meisterkusen? Xabi Alonso meger\u0151s\u00edtette, hogy nem hagyja el a klubot (hoppon maradt a Liverpool \u00e9s a Bayern M\u00fcnchen, \u00e9rdekl\u0151dve figyel a Real Madrid); a csapat egy-k\u00e9t szt\u00e1rja alighanem elad\u00f3sorba ker\u00fcl, de meglep\u0151 lenne a t\u00f6meges elv\u00e1ndorl\u00e1s. Mivel enn\u00e9l nagyobb fricska nem \u00e9rhette a Bayernt, a rekordbajnok minden bizonnyal teljes er\u0151bedob\u00e1ssal k\u00fczd majd tr\u00f3nja visszaszerz\u00e9s\u00e9\u00e9rt.\r\n\r\nHogy a k\u00f6vetkez\u0151 id\u00e9ny alc\u00edme <em>A Birodalom visszav\u00e1g<\/em> lesz-e? Ahhoz m\u00e9g Xabi Alons\u00f3\u00e9knak is lesz egy-k\u00e9t szava. De a Leverkusenre addig v\u00e1r m\u00e9g egy kih\u00edv\u00e1s: egyre k\u00f6zelebb van a veretlen\u00fcl megnyert bajnoki c\u00edm, egy olyan brav\u00far, ami a Bundesliga t\u00f6rt\u00e9net\u00e9ben soha, egyetlen csapatnak sem j\u00f6tt \u00f6ssze. De h\u00e1t a Bayer Leverkusen m\u00e1r eg\u00e9sz j\u00f3l belej\u00f6tt a t\u00f6rt\u00e9nelmi rekordok d\u00f6nt\u00f6get\u00e9s\u00e9be ebben az id\u00e9nyben\u2026","type":"rich","thumbnail_url":"https:\/\/s.24.hu\/app\/uploads\/sites\/24\/2024\/04\/043_dpa-pa_240414-99-674423_dpai-150x150.jpg","thumbnail_width":150,"thumbnail_height":150}