{"version":"1.0","provider_name":"Sport24","provider_url":"https:\/\/sport24.24.hu","author_name":"Fut\u00f3 Csaba","author_url":"https:\/\/sport24.24.hu\/author\/futocs\/","title":"Guardiola megint \u00f3vatos, a padl\u00f3n l\u00e9v\u0151 Bayern \u00f6sszess\u00e9g\u00e9ben sikeres volt","html":"<h2>Arsenal \u2013 Bayern M\u00fcnchen 2-2<\/h2>\r\nA Premier League egyik bajnokaspir\u00e1nsa a mostans\u00e1g nem t\u00fal j\u00f3 form\u00e1ban l\u00e9v\u0151 n\u00e9met rekordbajnokot fogadta \u2013 a Bayern h\u00e9tv\u00e9gi veres\u00e9g\u00e9vel ugyanis szinte biztoss\u00e1 v\u00e1lt, hogy 12 \u00e9v ut\u00e1n nem M\u00fcnchenbe ker\u00fcl a sal\u00e1t\u00e1st\u00e1l. A m\u00e9rk\u0151z\u00e9s leg\u00e9rdekesebb k\u00e9rd\u00e9se teh\u00e1t az volt, hogy a k\u00e9t labd\u00e1val domin\u00e1ns csapat k\u00f6z\u00fcl melyik tudja a m\u00e1sikat a komfortz\u00f3n\u00e1j\u00e1n k\u00edv\u00fclre k\u00e9nyszer\u00edteni. Nos, az Arsenal az els\u0151 f\u00e9lid\u0151ben 61, a m\u00e1sodik f\u00e9lid\u0151ben 58 sz\u00e1zal\u00e9kban birtokolta a labd\u00e1t, mivel pedig a let\u00e1mad\u00e1st nem lehet kilencven percen kereszt\u00fcl fenntartani, a Bayern szokatlan m\u00f3don a m\u00e9rk\u0151z\u00e9s legnagyobb r\u00e9sz\u00e9ben k\u00f6z\u00e9ps\u0151 blokkban v\u00e1rta a londoniakat.\r\n\r\nA p\u00e1lya k\u00f6zep\u00e9t sz\u0171ken lez\u00e1r\u00f3 4-4-2-es alakzatb\u00f3l \u00e1ltal\u00e1ban <strong>San\u00e9<\/strong> l\u00e9pett ki, hogy nyom\u00e1st helyezzen a balh\u00e1tv\u00e9dk\u00e9nt kevesebbet felfut\u00f3, a h\u00e1ts\u00f3 sorba mintegy harmadik v\u00e9d\u0151k\u00e9nt betagoz\u00f3d\u00f3 <strong>Kiwiorra<\/strong>. Ennek \u00e9rdek\u00e9ben az Arsenal legink\u00e1bb a sz\u00e9leket t\u00falt\u00f6ltve pr\u00f3b\u00e1lta sz\u00e9th\u00fazni az ellenfelet. A jobb oldalon <strong>\u00d6degaard<\/strong> volt az, aki a szokottn\u00e1l t\u00f6bbet l\u00e9pett vissza m\u00e9lys\u00e9gben a labd\u00e1k\u00e9rt, hogy a t\u00e1mad\u00f3bb szellem\u0171 <strong>Ben White<\/strong> \u00e9s a vill\u00e1mgyors <strong>Bukayo Saka<\/strong> felv\u00e1ltva t\u00e1madhass\u00e1k a sz\u00e9len \u00e9s a f\u00e9lter\u00fcletben l\u00e9v\u0151 folyos\u00f3kat. A bal oldalon a kev\u00e9sb\u00e9 felfut\u00f3 Kiwior miatt<strong> Martinelli<\/strong> klasszikus sz\u00e9ls\u0151k\u00e9nt adott sz\u00e9less\u00e9get,<strong> Rice<\/strong> pedig sz\u00fcks\u00e9g eset\u00e9n a f\u00e9lter\u00fcletbe indulhatott.\r\n\r\n<span class=\"highlight-block-small\">Kor\u00e1bban <a href=\"https:\/\/sport24.24.hu\/foci\/2024\/03\/09\/arsenal-mikel-arteta-taktikai-elemzes\/\">m\u00e1r \u00edrtunk r\u00f3la<\/a>, hogy az id\u0151nk\u00e9nt m\u00e9g megl\u00e9v\u0151 hi\u00e1nyoss\u00e1gok mellett az Arsenal az ut\u00f3bbi id\u0151ben egyre dinamikusabban tud az ellenf\u00e9l kapuja el\u00e9 \u00e9rni.<\/span>\r\n\r\n<strong>Mikel Arteta<\/strong> csapata most is biztat\u00f3an kezdett, k\u00fcl\u00f6n\u00f6sen az els\u0151 tizen\u00f6t percben, Saka pedig az imm\u00e1r v\u00e9djegy\u00e9nek sz\u00e1m\u00edt\u00f3, a f\u00e9lter\u00fclet fel\u00e9 t\u00f6rt\u00e9n\u0151 befut\u00e1s ut\u00e1n l\u0151tt a hossz\u00fa sarokba. Az \u00c1gy\u00fasok r\u00e1ad\u00e1sul nemcsak els\u0151 sz\u00e1nd\u00e9kb\u00f3l, hanem a hossz\u00fa passzok visszaszerz\u00e9se ut\u00e1n is k\u00e9pesek voltak helyzeteket kialak\u00edtani.\r\n\r\n[caption id=\"attachment_12548\" align=\"alignnone\" width=\"2048\"]<img class=\"size-full wp-image-12548\" src=\"https:\/\/sport24.24.hu\/app\/uploads\/sites\/24\/2024\/04\/4ed1.png\" alt=\"\" width=\"2048\" height=\"1261\" \/> Arsenal-labdabirtokl\u00e1s, Bayern-v\u00e9dekez\u00e9s.[\/caption]\r\n\r\nA Bayern M\u00fcnchennek teh\u00e1t, k\u00fcl\u00f6n\u00f6sen az els\u0151 f\u00e9lid\u0151ben, j\u00f3val kevesebb labdabirtokl\u00e1si peri\u00f3dus jutott. A m\u00e9lyebb v\u00e9dekez\u00e9s mellett ez term\u00e9szetesen az Arsenal let\u00e1mad\u00e1s\u00e1nak is k\u00f6sz\u00f6nhet\u0151: az \u00c1gy\u00fasok m\u00e1r j\u00f3l ismert, \u00f3ram\u0171 pontoss\u00e1ggal m\u0171k\u00f6d\u0151 4-4-2-es let\u00e1mad\u00e1st raktak le a p\u00e1ly\u00e1ra, ahol a k\u00f6z\u00e9pp\u00e1ly\u00e1r\u00f3l \u00d6degaard l\u00e9pett fel<strong> Havertz<\/strong> mell\u00e9. A k\u00e9t sz\u00e9ls\u0151 <strong>Daviesre<\/strong> \u00e9s az imm\u00e1r jobbh\u00e1tv\u00e9dk\u00e9nt futballoz\u00f3 <strong>Kimmichre<\/strong> \u00fcgyelt, a v\u00e9delem \u00e9s a <strong>Jorginho<\/strong>\u2013<strong>Rice<\/strong> p\u00e1ros pedig sz\u00fcks\u00e9g eset\u00e9n visszafel\u00e9 is k\u00f6vette az ember\u00e9t. Tuchel csapat\u00e1nak nem is \u00edzlett a szoros \u0151rizet, \u00e9s t\u00f6bbsz\u00f6r is hossz\u00fa labd\u00e1kra k\u00e9nyszer\u00fcltek.\r\n\r\nHa siker\u00fclt \u00e1t\u00e9rni az ellenf\u00e9l t\u00e9rfel\u00e9re, akkor a labd\u00e1val ellent\u00e9tes oldali sz\u00e9ls\u0151 (k\u00fcl\u00f6n\u00f6sen San\u00e9) befel\u00e9 mozg\u00e1s\u00e1val igyekeztek helyzeteket kialak\u00edtani. B\u00e1r ez az els\u0151 f\u00e9lid\u0151ben nem nagyon siker\u00fclt, egy kiv\u00e1gott labda ut\u00e1ni kik\u00e9nyszer\u00edtett hib\u00e1val, valamint Kane b\u00fcntet\u0151j\u00e9vel m\u00e9gis a n\u00e9metek vonulhattak el\u0151nnyel a sz\u00fcnetre.\r\n\r\n[caption id=\"attachment_12549\" align=\"alignnone\" width=\"2048\"]<img class=\"size-full wp-image-12549\" src=\"https:\/\/sport24.24.hu\/app\/uploads\/sites\/24\/2024\/04\/4ed2.png\" alt=\"\" width=\"2048\" height=\"1261\" \/> Bayern-labdabirtokl\u00e1s, Arsenal-v\u00e9dekez\u00e9s.[\/caption]\r\n\r\nA m\u00e1sodik f\u00e9lid\u0151ben a Bayern valamivel t\u00f6bb vesz\u00e9lyt tudott jelenteni az ellenf\u00e9l kapuj\u00e1ra. Az eml\u00edtett aszimmetrikus, gyors t\u00e1mad\u00e1sok mellett fel\u00e1llt fal ellen is egyre t\u00f6bbsz\u00f6r tudott berendezkedni <strong>Tuchel<\/strong> csapata. Ilyenkor, amint azt kor\u00e1bban megszokhattuk, a bajorok legink\u00e1bb 4-2-4-es alakzatot vettek fel, ahol Gnabry \u00e9s a k\u00e9s\u0151bb San\u00e9 hely\u00e9re be\u00e1ll\u00f3 <strong>Kingsley Coman<\/strong> biztos\u00edtott\u00e1k a sz\u00e9less\u00e9get. A k\u00e9t sz\u00e9ls\u0151 h\u00e1tv\u00e9d feladata ink\u00e1bb a kontr\u00e1k biztos\u00edt\u00e1sa volt, de a m\u00e1sodik hull\u00e1mban olykor csatlakozhattak a t\u00e1mad\u00e1sokhoz.\r\n\r\nArteta a m\u00e1sodik f\u00e9lid\u0151ben <strong>Zinchenko<\/strong> \u00e9s <strong>Trossard<\/strong> behozatal\u00e1val n\u00e9mileg v\u00e1ltoztatott a rendszeren, hiszen az ukr\u00e1n szem\u00e9ly\u00e9ben m\u00e9g egy t\u00e1mad\u00f3bb szellem\u0171 j\u00e1t\u00e9kossal tudta beszor\u00edtani az ellenfelet. Az egyenl\u00edt\u0151 g\u00f3l m\u00e9gsem fel\u00e9p\u00edtett t\u00e1mad\u00e1sb\u00f3l, hanem egy bedob\u00e1sb\u00f3l \u00e9rkezett, ahol a hazaiak tank\u00f6nyvi m\u00f3don t\u00f6lt\u00f6tt\u00e9k t\u00fal a labda oldal\u00e1t \u00e9s szerezt\u00e9k vissza a labd\u00e1t, bizony\u00edtva, hogy mindenf\u00e9le j\u00e1t\u00e9kf\u00e1zisb\u00f3l tudnak vesz\u00e9lyeztetni.\r\n\r\n<span class=\"highlight-block-small\">A Bayern teh\u00e1t a negat\u00edv el\u0151jelek ellen\u00e9re viszonylag sikeresen z\u00e1rta a londoni kir\u00e1ndul\u00e1st.<\/span>\r\n\r\nAz is kider\u00fclt, hogy a M\u00fcnchennek adott esetben a m\u00e1sodik sz\u00e1nd\u00e9k\u00fa, direktebb j\u00e1t\u00e9k is j\u00f3l \u00e1ll, k\u00e9rd\u00e9s, hogy az Allianz Ar\u00e9n\u00e1ban, imm\u00e1r a szurkol\u00f3ik jelenl\u00e9t\u00e9ben, mire lesznek k\u00e9pesek.\r\n<h2>Real Madrid\u2013Manchester City 3-3<\/h2>\r\nA tavalyi el\u0151d\u00f6nt\u0151 visszav\u00e1g\u00f3ja, a k\u00e9t legut\u00f3bbi gy\u0151ztes csat\u00e1ja \u00edg\u00e9rkezett tal\u00e1n a leg\u00e9rdekesebb \u00f6sszecsap\u00e1snak, hiszen <strong>Pep Guardiola<\/strong> struktur\u00e1lt poz\u00edci\u00f3s j\u00e1t\u00e9ka \u00e9s <strong>Ancelotti<\/strong> liber\u00e1lis, egy\u00e9nk\u00f6zpont\u00fa felfog\u00e1sa fesz\u00fclt egym\u00e1snak ism\u00e9t. Miel\u0151tt azonban a m\u00e9rk\u0151z\u00e9s k\u00e9pe igaz\u00e1n kialakult volna, gyors g\u00f3lv\u00e1lt\u00e1st l\u00e1thattunk: r\u00f6gt\u00f6n a m\u00e1sodik percben <strong>Bernardo Silva<\/strong> tal\u00e1lt be k\u00f6zvetlen szabadr\u00fag\u00e1sb\u00f3l, majd 12 perc ut\u00e1n t\u00e1volr\u00f3l <strong>Camavinga<\/strong> egyenl\u00edtett \u2013 <strong>Ruben Dias<\/strong> seg\u00edts\u00e9g\u00e9vel. Egy percre r\u00e1 <strong>Lunin<\/strong> kidob\u00e1s\u00e1b\u00f3l <strong>Rodrygo<\/strong> szerzett vill\u00e1mgyors g\u00f3lt,\r\n\r\n<span class=\"highlight-block-small\">ez a jelenet azonban m\u00e1r el\u0151re vet\u00edtette azt a forgat\u00f3k\u00f6nyvet, amelyet k\u00e9s\u0151bb is l\u00e1thattunk.<\/span>\r\n\r\nAncelotti ugyanis a m\u00e9rk\u0151z\u00e9s legnagyobb r\u00e9sz\u00e9ben nem pr\u00f3b\u00e1lta meg t\u00faldomin\u00e1lni a labdabirtokl\u00e1sban tal\u00e1n a vil\u00e1gon leger\u0151sebb ellenfelet, az \u00f6sszecsap\u00e1s eg\u00e9sz\u00e9ben mind\u00f6ssze 38 sz\u00e1zal\u00e9kban volt a Realn\u00e1l a labda. Az olasz edz\u0151 nyugodtan t\u00e1maszkodhatott a direktebb j\u00e1t\u00e9kra, hiszen szt\u00e1rjainak szabads\u00e1ga \u00e9s gyorsas\u00e1ga is volt ehhez. A madridiak a szok\u00e1sos, flexibilis rendszer\u00fcket j\u00e1tszott\u00e1k, amit a legt\u00f6bben 4-4-2-es rombusznak szoktak le\u00edrni. <strong>Alaba<\/strong> hi\u00e1ny\u00e1ban, mint azt m\u00e1r t\u00f6bbsz\u00f6r l\u00e1thattuk, ez\u00fattal is <strong>Tchouameni<\/strong> ker\u00fclt <strong>R\u00fcdiger<\/strong> mell\u00e9 a v\u00e9delem k\u00f6zep\u00e9be, <strong>Kroos<\/strong> pedig v\u00e9dekez\u0151 k\u00f6z\u00e9pp\u00e1ly\u00e1sk\u00e9nt j\u00e1tszott <strong>Camavinga<\/strong>, <strong>Valverde<\/strong> \u00e9s <strong>Bellingham<\/strong> mellett. Vin\u00edcius \u00e9s Rodrygo ez\u00fattal is szabadon futballoztak, a sz\u00e9leken \u00e9s k\u00f6z\u00e9pen egyar\u00e1nt felt\u0171nve. Guardiola csapat\u00e1nak 4-1-4-1-es let\u00e1mad\u00e1s\u00e1t \u00edgy ez\u00fattal is legink\u00e1bb a sz\u00e9leken, bels\u0151 k\u00f6z\u00e9pp\u00e1ly\u00e1saik nyom\u00e1st\u0171r\u00e9s\u00e9vel \u00e9s el\u00fcls\u0151 j\u00e1t\u00e9kosaik mozg\u00e9konys\u00e1g\u00e1val j\u00e1tszott\u00e1k ki.\r\n\r\n[caption id=\"attachment_12550\" align=\"alignnone\" width=\"2048\"]<img class=\"size-full wp-image-12550\" src=\"https:\/\/sport24.24.hu\/app\/uploads\/sites\/24\/2024\/04\/4ed3.png\" alt=\"\" width=\"2048\" height=\"1261\" \/> Real-labdabirtokl\u00e1s, City-v\u00e9dekez\u00e9s.[\/caption]\r\n\r\nGuardiola az els\u0151 f\u00e9lid\u0151ben hozta az idegenben megszokott kock\u00e1zatker\u00fcl\u0151, stabil labdabirtokl\u00e1st. A 3-2-4-1-es fel\u00e1ll\u00e1sban <strong>Stones<\/strong> ez\u00fattal is egyfajta hibrid, \u201eel\u0151s\u00f6pr\u00f6get\u0151\u201d szerepben j\u00e1tszott, ami a Citynek tavaly p\u00e9ld\u00e1tlan sikereket hozott. Az els\u0151 45 percben azonban labd\u00e1val nagyon is \u00f3vatos volt a City, az elvileg a vonalak k\u00f6z\u00f6tt j\u00e1tsz\u00f3 <strong>Kovacic<\/strong> \u00e9s<strong> Foden<\/strong> is gyakran ink\u00e1bb visszafel\u00e9 l\u00e9pett a labd\u00e1k\u00e9rt, s\u0151t a k\u00e9t sz\u00e9len<strong> Grealish<\/strong> \u00e9s<strong> Bernardo Silva<\/strong> sem helyezkedett kifejezetten magasan, egy az egy elleni szitu\u00e1ci\u00f3kban mindketten keveset j\u00e1tszott\u00e1k \u00e1t a v\u00e9d\u0151j\u00fcket.\r\n<div class=\"payable-content-section\"><\/div>\r\n\r\n[caption id=\"attachment_12551\" align=\"alignnone\" width=\"2048\"]<img class=\"size-full wp-image-12551\" src=\"https:\/\/sport24.24.hu\/app\/uploads\/sites\/24\/2024\/04\/4ed4.png\" alt=\"\" width=\"2048\" height=\"1261\" \/> City-labdabirtokl\u00e1s, Real-v\u00e9dekez\u00e9s.[\/caption]\r\n\r\nA m\u00e1sodik f\u00e9lid\u0151ben Guardiola szem\u00e9lyi v\u00e1ltoztat\u00e1s n\u00e9lk\u00fcl is nagyobb nyom\u00e1st tudott helyezni a Real 4-4-2-es v\u00e9dekez\u00e9s\u00e9re, amelyben Bellingham \u00e9s Vin\u00edcius alkotta az els\u0151 sort, Rodrygo pedig baloldalt z\u00e1rt vissza a k\u00f6z\u00e9pp\u00e1ly\u00e1ra. A \u201ehamis\u201d jobbh\u00e1tv\u00e9dk\u00e9nt j\u00e1tsz\u00f3 <strong>Manuel Akanji<\/strong> labd\u00e1val is j\u00f3val t\u00f6bbet l\u00e9pett be magasan a f\u00e9lter\u00fcletbe, minek nyom\u00e1n Bernardo Silva \u00e9s Phil Foden is feljebb helyezkedhetett. A hazaiak v\u00e9dekez\u00e9s\u00e9t \u00edgy a Citynek az els\u0151 f\u00e9lid\u0151h\u00f6z k\u00e9pest j\u00f3val m\u00e9lyebbre siker\u00fclt visszatolni. A ford\u00edt\u00e1s v\u00e9g\u00fcl k\u00e9t egy\u00e9ni villan\u00e1sb\u00f3l, Foden \u00e9s a balh\u00e1tv\u00e9dk\u00e9nt j\u00e1tsz\u00f3<strong> Gvardiol<\/strong> bombag\u00f3lj\u00e1val \u00e9rkezett, \u00e1m mindkett\u0151t hossz\u00fa labdatart\u00e1s el\u0151zte meg az ellenf\u00e9l t\u00e9rfel\u00e9n. Vin\u00edcius bead\u00e1s\u00e1b\u00f3l <strong>Federico Valverde<\/strong> azonban szinte azonnal egyenl\u00edtett, a d\u00f6nt\u00e9s \u00edgy a visszav\u00e1g\u00f3ra marad.\r\n\r\n<span class=\"highlight-block-small\">\u00d6sszess\u00e9g\u00e9ben mindk\u00e9t csapat j\u00e1t\u00e9k\u00e1t szervezett v\u00e9dekez\u00e9s, kiss\u00e9 visszafogott csapatj\u00e1t\u00e9k \u00e9s fontos egy\u00e9ni villan\u00e1sok jellemezt\u00e9k,<\/span>\r\n\r\nhisz a hazaiak 0.45-\u00f6s, a vend\u00e9gek pedig 0.80-as xG-mutat\u00f3val szereztek h\u00e1rom-h\u00e1rom g\u00f3lt. Guardiola teh\u00e1t a tavalyi odav\u00e1g\u00f3hoz hasonl\u00f3an ez\u00fattal is \u00f3vatosabb volt idegenben. K\u00e9rd\u00e9s, hogy a visszav\u00e1g\u00f3n id\u00e9n is \u0171rfocit l\u00e1thatunk-e majd az angolokt\u00f3l\u2026\r\n<h2>PSG\u2013Barcelona 2-3<\/h2>\r\nAz elm\u00falt \u00e9vekben a k\u00e9t csapat t\u00f6bb eml\u00e9kezetes p\u00e1rharcot is v\u00edvott egym\u00e1ssal. Ami\u00f3ta <strong>Xavi<\/strong> janu\u00e1r v\u00e9g\u00e9n bejelentette, hogy a szezon v\u00e9g\u00e9n t\u00e1vozik a Barcelona kispadj\u00e1r\u00f3l, <a href=\"https:\/\/rangado.24.hu\/nemzetkozi_foci\/2024\/04\/11\/bajnokok-ligaja-barcelona-xavi-hernandez-veretlenseg\/\">a csapat v\u00e1ratlan j\u00f3 form\u00e1ba lend\u00fclt<\/a>, \u00e9s az\u00f3ta nem is vesz\u00edtett m\u00e9rk\u0151z\u00e9st. Nem meglep\u0151, hogy a pletyk\u00e1k m\u00e1r Xavi marad\u00e1s\u00e1r\u00f3l is sz\u00e1rnyra kaptak.\r\n\r\n<strong>Luis Enrique<\/strong> \u2013 aki nemcsak j\u00e1t\u00e9kost\u00e1rsa, de egy \u00e9vig edz\u0151je is volt Xavinak \u2013 azzal a c\u00e9llal \u00e9rkezett tavaly ny\u00e1ron P\u00e1rizsba, hogy egy \u00faj csapatot \u00e9p\u00edtsen, amelyben a szuperszt\u00e1rokon k\u00edv\u00fcl imm\u00e1r kieg\u00e9sz\u00edt\u0151 szerepben l\u00e9v\u0151, tehets\u00e9ges fiatalok is helyet kapnak. Az \u00f6sszecsap\u00e1s pedig nemcsak a p\u00e1ly\u00e1n k\u00edv\u00fcl, hanem a m\u00e1gnest\u00e1bl\u00e1n is k\u00f6z\u00f6s gy\u00f6kerekkel rendelkezett: mindk\u00e9t edz\u0151 a klasszikus poz\u00edci\u00f3s j\u00e1t\u00e9k 4-3-3-as v\u00e1ltozat\u00e1t favoriz\u00e1lja, ahol a j\u00e1t\u00e9kosok struktur\u00e1lt rendben foglalj\u00e1k el a p\u00e1lya el\u0151re meghat\u00e1rozott ter\u00fcleteit.\r\n\r\nA m\u00e9rk\u0151z\u00e9s legnagyobb k\u00e9rd\u00e9se teh\u00e1t az volt, melyik csapat tudja mag\u00e1hoz ragadni a labd\u00e1t \u00e9s a kezdem\u00e9nyez\u00e9st. Ez ink\u00e1bb a hazaiaknak siker\u00fclt: a p\u00e1rizsiak az els\u0151 f\u00e9lid\u0151ben 53, a m\u00e1sodik j\u00e1t\u00e9kr\u00e9szben 64 sz\u00e1zal\u00e9kban birtokolt\u00e1k a labd\u00e1t. A ter\u00fcletek elfoglal\u00e1sa kiss\u00e9 elt\u00e9r\u0151 volt: jobboldalt az eredend\u0151en k\u00f6z\u00e9ph\u00e1tv\u00e9d <strong>Marquinhos<\/strong> kezdett \u00e9s t\u00f6bbnyire biztos\u00edt\u00f3 szerepben maradt a 2-3-5-\u00f6s vagy 3-2-5-\u00f6s alakzatban, m\u00edg baloldalt <strong>Nuno Mendes<\/strong> sokat futott fel a vonal mellett. Jobboldalt \u00edgy <strong>Dembel\u00e9<\/strong> ink\u00e1bb a vonal mellett j\u00e1tszott, Mbapp\u00e9 t\u00f6bbet mozoghatott befel\u00e9, az ex-realos Asensio pedig a k\u00f6z\u00e9pp\u00e1ly\u00e1ra gyakran visszal\u00e9pve, hamis kilencesk\u00e9nt j\u00e1tszott. Mivel a k\u00e9t k\u00f6z\u00e9pp\u00e1ly\u00e1s k\u00f6z\u00fcl a koreai<strong> Lee<\/strong> indult be ink\u00e1bb a folyos\u00f3ba, a p\u00e1rizsiak gyakran t\u00f6lt\u00f6tt\u00e9k t\u00fal a p\u00e1lya jobb oldal\u00e1t. A bal oldalon \u00edgy elvileg Nuno Mendes \u00e9s Mbapp\u00e9 is lend\u00fcletb\u0151l indulhatott, ennek ellen\u00e9re a dinamikus \u00e1tt\u00f6r\u00e9sek m\u00e9gis hi\u00e1nyoztak a p\u00e1rizsiakt\u00f3l, \u00e9s az els\u0151 f\u00e9lid\u0151 0.33-as xG-mutat\u00f3ja ut\u00e1n v\u00e9g\u00fcl 1.19-el fejezt\u00e9k be a m\u00e9rk\u0151z\u00e9st.\r\n\r\n<span class=\"highlight-block-small\">A 18 leadott l\u00f6v\u00e9sb\u0151l azonban egy olyan sem volt, amely az \u00f6t \u00e9s feles k\u00e9t oldalvonala, valamint a tizenhatos vonal\u00e1nak k\u00e9pzeletbeli \u201en\u00e9gysz\u00f6g\u00e9n\u201d bel\u00fclr\u0151l \u00e9rkezett volna.<\/span>\r\n\r\n[caption id=\"attachment_12552\" align=\"alignnone\" width=\"2048\"]<img class=\"size-full wp-image-12552\" src=\"https:\/\/sport24.24.hu\/app\/uploads\/sites\/24\/2024\/04\/4ed5.png\" alt=\"\" width=\"2048\" height=\"1261\" \/> PSG-labdabirtokl\u00e1s, Barcelona-v\u00e9dekez\u00e9s.[\/caption]\r\n\r\nA Barcelona teh\u00e1t j\u00f3val kevesebbet tudta birtokolni a labd\u00e1t a m\u00e9rk\u0151z\u00e9sen. Amikor m\u00e9gis siker\u00fclt berendezkedni\u00fck az ellenf\u00e9l t\u00e9rfel\u00e9n, a p\u00e1rizsiakhoz hasonl\u00f3 2-3-5-\u00f6s vagy 3-2-5-\u00f6s, j\u00f3l kivehet\u0151 szerkezetben tett\u00e9k ezt, ahol a baloldalt <strong>Cancelo<\/strong> futott fel a t\u00e1mad\u00e1sokkal, jobboldalt pedig a fiatal <strong>Lamine Yamal<\/strong> adott sz\u00e9less\u00e9get.\r\n\r\nIlyen jelenet viszonylag kev\u00e9s volt a m\u00e9rk\u0151z\u00e9sen: labdaszerz\u00e9s ut\u00e1n a katal\u00e1nok gyakran nem tudt\u00e1k megfelel\u0151en \u201ekivenni a temp\u00f3t a j\u00e1t\u00e9kb\u00f3l\u201d, \u00e9s a t\u00fal m\u00e9lyr\u0151l vezetett kontr\u00e1kn\u00e1l a PSG gyakran vissza tudta szerezni a j\u00e1t\u00e9kszert. Pozit\u00edvum ugyanakkor, hogy az \u0151szi id\u0151szak rendk\u00edv\u00fcl statikus j\u00e1t\u00e9ka ut\u00e1n a Barca imm\u00e1r gyorsabb t\u00e1mad\u00e1svezet\u00e9sekkel is pr\u00f3b\u00e1lkozik, amely a javul\u00f3 eredm\u00e9nyeken is l\u00e1tszik. Nem k\u00f6nny\u00edtette meg a katal\u00e1nok dolg\u00e1t a PSG magas let\u00e1mad\u00e1sa sem, amely szint\u00e9n sok \u00edvel\u00e9st \u00e9s a t\u00fals\u00f3 t\u00e9rf\u00e9len elvesztett labd\u00e1t k\u00e9nyszer\u00edtett ki, \u00e9s amelyben <strong>Asensio<\/strong> labda n\u00e9lk\u00fcl hamis kilencesk\u00e9nt semleges\u00edtette a m\u00e9lys\u00e9gi ir\u00e1ny\u00edt\u00f3 <strong>Frenkie de Jong<\/strong> j\u00e1t\u00e9k\u00e1t, mik\u00f6zben Demb\u00e9l\u00e9 \u00e9s Mbapp\u00e9 k\u00edv\u00fclr\u0151l t\u00e1madta meg a k\u00f6z\u00e9ph\u00e1tv\u00e9deket. <strong>Donnarumma<\/strong> hib\u00e1ja ut\u00e1n Raphinha r\u00e9v\u00e9n m\u00e9gis a Barca szerzett el\u0151nyt az els\u0151 f\u00e9lid\u0151 v\u00e9g\u00e9re.\r\n\r\n[caption id=\"attachment_12553\" align=\"alignnone\" width=\"2048\"]<img class=\"size-full wp-image-12553\" src=\"https:\/\/sport24.24.hu\/app\/uploads\/sites\/24\/2024\/04\/4ed6.png\" alt=\"\" width=\"2048\" height=\"1261\" \/> Barcelona-labdabirtokl\u00e1s, PSG-v\u00e9dekez\u00e9s.[\/caption]\r\n\r\nA sz\u00fcnetben Luis Enrique v\u00e1ltoztatott: Asensio hely\u00e9re a fiatal, ex-lyoni <strong>Bradley Barcola<\/strong> \u00e9rkezett, Demb\u00e9l\u00e9 a baloldalra ment \u00e1t, Mbapp\u00e9 pedig a centrumb\u00f3l rohamozhatott. A PSG a m\u00e1sodik f\u00e9lid\u0151 els\u0151 t\u00edz perc\u00e9ben szinte el\u0151jelek n\u00e9lk\u00fcl ford\u00edtotta meg az \u00e1ll\u00e1st: el\u0151sz\u00f6r Demb\u00e9l\u00e9 l\u0151tt bombag\u00f3lt a tizenhatos magass\u00e1g\u00e1b\u00f3l, majd <strong>Vitinha<\/strong> egyenl\u00edtett egy t\u00falt\u00f6lt\u00e9ses szitu\u00e1ci\u00f3ban, ahol k\u00e9t j\u00e1t\u00e9kos egyszerre futott be a b\u00fcntet\u0151ter\u00fcleten bel\u00fclre, mik\u00f6zben hat t\u00e1mad\u00f3 tart\u00f3zkodott az els\u0151 vonalban. Ism\u00e9t bebizonyosodott: a j\u00f3l kimunk\u00e1lt strukt\u00fara keveset \u00e9r v\u00e1ratlan h\u00faz\u00e1s, megfelel\u0151 egy\u00e9ni min\u0151s\u00e9g n\u00e9lk\u00fcl.\r\n\r\nA Barcelona a kett\u0151s csere ut\u00e1n a PSG-hez hasonl\u00f3an v\u00e1ratlanul, szinte azonnal ford\u00edtott: a frissen be\u00e1llt Pedri tan\u00e1rian \u00edvelt passz\u00e1b\u00f3l a v\u00e9delem m\u00f6g\u00e9 beb\u00faj\u00f3 Raphinha sz\u00e9p mozdulattal egyenl\u00edtett, majd n\u00e9h\u00e1ny perccel k\u00e9s\u0151bb egy sz\u00f6glet ut\u00e1n <strong>Christensen<\/strong> ugrotta t\u00fal ember\u00e9t, \u00e9s ford\u00edtotta meg a m\u00e9rk\u0151z\u00e9st. A PSG ezut\u00e1n m\u00e9g t\u00f6bbet birtokolta a labd\u00e1t, \u00e9s Demb\u00e9l\u00e9 r\u00e9v\u00e9n ziccert is hib\u00e1zott. M\u00e9gis a Barcelona nyerte a fordulatos \u00f6sszecsap\u00e1st, amely kevesebb labdabirtokl\u00e1ssal is nagyobb xG-mutat\u00f3t (1.95) tudott kidolgozni.\r\n\r\nHazai p\u00e1ly\u00e1n a helyzeteket g\u00f3lokban is \u00e9rv\u00e9nyes\u00edteni kell majd\u2026\r\n<h2>Atl\u00e9tico Madrid \u2013 Borussia Dortmund 2-1<\/h2>\r\n<strong>Simeone<\/strong> \u00e9s <strong>Terzic<\/strong> m\u00e9g sosem tal\u00e1lkozott egym\u00e1ssal, r\u00e1ad\u00e1sul haz\u00e1ja bajnoks\u00e1g\u00e1ban mindk\u00e9t csapat a negyedik \u00e9s az \u00f6t\u00f6dik hely k\u00f6z\u00f6tt ing\u00e1zva, a BL-indul\u00e1s\u00e9rt k\u00fczd. A hazaiak viszonylag agressz\u00edv let\u00e1mad\u00e1ssal kezdt\u00e9k a m\u00e9rk\u0151z\u00e9st, 5-3-2-es vagy 5-4-1-es v\u00e9delmi alakzatukb\u00f3l ez\u00fattal is a labda oldali k\u00f6z\u00e9pp\u00e1ly\u00e1s vagy sz\u00e1rnyv\u00e9d\u0151 l\u00e9pett fel agressz\u00edvan presszingelni. Mivel a dortmundiak egyik legkreat\u00edvabb j\u00e1t\u00e9kosa, <strong>Julian Brandt<\/strong> csak a kispadon kezdett, a vend\u00e9gek labdabiztoss\u00e1ga n\u00e9mileg lecs\u00f6kkent, <strong>Sabitzer<\/strong> \u00e9s <strong>Emre Can<\/strong> p\u00e1ros\u00e1t pedig \u00f6t perc ut\u00e1n siker\u00fclt hib\u00e1ra k\u00e9nyszer\u00edteni \u2013 ut\u00f3bbit a kapunak h\u00e1ttal Koke szerelte a saj\u00e1t t\u00e9rfel\u00e9n, aki De Paullal r\u00fagatott g\u00f3lt.\r\n\r\nA kezdem\u00e9nyez\u00e9s sz\u00fcks\u00e9ge teh\u00e1t nagyon hamar a Borussia \u00f6l\u00e9be hullt. Hi\u00e1ba azonban az \u00f6sszess\u00e9g\u00e9ben 67 sz\u00e1zal\u00e9kos labdabirtokl\u00e1s, <strong>Jadon Sancho<\/strong> \u00e9s t\u00e1rsai v\u00e9g\u00fcl mind\u00f6ssze 0.87-es xG-mutat\u00f3t tudtak \u00f6sszehozni a hazaiak 2.18-as \u00e9rt\u00e9k\u00e9vel szemben. Pedig a BVB labdabirtokl\u00e1sban j\u00f3l felismerhet\u0151 szerkezetet vett fel: t\u00f6bbnyire Emre Can l\u00e9pett vissza a k\u00e9t k\u00f6z\u00e9ph\u00e1tv\u00e9d k\u00f6z\u00e9, a balh\u00e1tv\u00e9d <strong>Maatsen<\/strong> Sabitzer mell\u00e9 a k\u00f6z\u00e9pp\u00e1ly\u00e1ra tagoz\u00f3dott be, \u00edgy jobboldalt ink\u00e1bb a felfut\u00f3 <strong>Ryerson<\/strong>, baloldalt ink\u00e1bb a sz\u00e9ls\u0151 <strong>Adeyemi<\/strong> adott sz\u00e9less\u00e9get. A j\u00f3l kimunk\u00e1lt forma azonban nem p\u00e1rosult min\u0151s\u00e9gi tartalommal:\r\n\r\n<span class=\"highlight-block-small\">a n\u00e9met csapat lassan, kisz\u00e1m\u00edthat\u00f3an j\u00e1ratta a labd\u00e1t egyik oldalr\u00f3l a m\u00e1sikra,<\/span>\r\n\r\naz el\u00f6l l\u00e9v\u0151k pedig nem ritk\u00e1n rossz testpoz\u00edci\u00f3ban kapt\u00e1k meg a labd\u00e1t, \u00edgy nem tudtak lend\u00fcletb\u0151l az Atl\u00e9tico igen szervezett v\u00e9delmi blokkja m\u00f6g\u00e9 ker\u00fclni.\r\n\r\n[caption id=\"attachment_12554\" align=\"alignnone\" width=\"2048\"]<img class=\"size-full wp-image-12554\" src=\"https:\/\/sport24.24.hu\/app\/uploads\/sites\/24\/2024\/04\/4ed7.png\" alt=\"\" width=\"2048\" height=\"1261\" \/> Dortmund-labdabirtokl\u00e1s, Atl\u00e9tico-v\u00e9dekez\u00e9s.[\/caption]\r\n\r\nB\u00e1r az Atl\u00e9tico sokkal kevesebbet birtokolta a labd\u00e1t, ezekben a szitu\u00e1ci\u00f3kban ellenfel\u00e9n\u00e9l sokkal dinamikusabb t\u00e1mad\u00f3j\u00e1t\u00e9kot tudott bemutatni. Amint azt kor\u00e1bban m\u00e1r elemezt\u00fck, Simeone az ut\u00f3bbi n\u00e9h\u00e1ny \u00e9vben a j\u00f3l bev\u00e1lt 4-4-2 helyett egyre ink\u00e1bb a h\u00e1rom bels\u0151 v\u00e9d\u0151s rendszer k\u00fcl\u00f6nb\u00f6z\u0151 vari\u00e1nsait alkalmazza, \u00e9s az Atleti m\u00e1r r\u00e9gen nem egy \u201efav\u00e1g\u00f3\u201d st\u00edlusban j\u00e1tsz\u00f3, defenz\u00edv kiscsapat. A labdabirtokl\u00e1s kezdet\u00e9n a madridiak legt\u00f6bbsz\u00f6r n\u00e9gy v\u00e9d\u0151re \u00e1lltak \u00e1t, amikor <strong>Lino<\/strong> l\u00e9pett feljebb a bal oldalon, jobboldalt <strong>Molina<\/strong> pedig a klasszikus sz\u00e9ls\u0151 v\u00e9d\u0151 poz\u00edci\u00f3ba h\u00faz\u00f3dott. A Dortmund 4-1-4-1es let\u00e1mad\u00e1s\u00e1t egy-egy direkt passzal \u00e1tj\u00e1tszva pedig az el\u00f6l l\u00e9v\u0151k igen rugalmas, sok mozg\u00e1sos j\u00e1t\u00e9kkal tudtak vesz\u00e9lyt jelenteni. A m\u00e1sodik g\u00f3l v\u00e9g\u00fcl egy bedob\u00e1s ut\u00e1n sz\u00fcletett, ahol a labda oldal\u00e1nak t\u00falt\u00f6lt\u00e9se ut\u00e1n a bal oldali sz\u00e1rnyv\u00e9d\u0151 Lino szinte k\u00f6z\u00e9pcsat\u00e1rk\u00e9nt \u00e9rkezve tal\u00e1lt be, miut\u00e1n a jobbra kimozg\u00f3 Griezmann helyet csin\u00e1lt neki.\r\n\r\n[caption id=\"attachment_12555\" align=\"alignnone\" width=\"2048\"]<img class=\"size-full wp-image-12555\" src=\"https:\/\/sport24.24.hu\/app\/uploads\/sites\/24\/2024\/04\/4ed8.png\" alt=\"\" width=\"2048\" height=\"1261\" \/> Atl\u00e9tico-labdabirtokl\u00e1s, Dortmund-v\u00e9dekez\u00e9s.[\/caption]\r\n\r\nA sz\u00fcnetben Terzic p\u00e1ly\u00e1ra k\u00fcldte a kezd\u0151b\u0151l hi\u00e1nyolt Julian Brandtot, valamint a jobb f\u00e9lter\u00fcletben Sabitzer is egyre magasabban kezdett helyezkedni. Hi\u00e1ba volt azonban olykor hat j\u00e1t\u00e9kos is a t\u00e1mad\u00f3 vonalban, \u00e9s \u00e9rkezett Sabitzer hely\u00e9re a m\u00e9g t\u00e1mad\u00f3bb szellem\u0171 <strong>Marco Reus<\/strong> is, g\u00f3lt v\u00e9g\u00fcl egy megpattan\u00f3 labda ut\u00e1n siker\u00fclt szerezni a posztra cser\u00e9lt (F\u00fcllkrug hely\u00e9re \u00e9rkezett) Sebastien Haller r\u00e9v\u00e9n. A hazaiak az id\u0151 m\u00fal\u00e1s\u00e1val egyre m\u00e9lyebben v\u00e9dekezhettek, a <strong>Griezmann<\/strong> visszaz\u00e1r\u00e1s\u00e1val kialakult 5-4-1 \u00f3ram\u0171 pontoss\u00e1ggal tol\u00f3dta le a Dortmund lass\u00fa labd\u00e1zgat\u00e1s\u00e1t.\r\n\r\nB\u00e1r egyg\u00f3los h\u00e1tr\u00e1nyb\u00f3l egy BL-p\u00e1rharcban ak\u00e1r a v\u00e9letlennek k\u00f6sz\u00f6nhet\u0151en is vissza lehet kapaszkodni, Sebastien Haller\u00e9knek mindenk\u00e9ppen lend\u00fcletesebb \u00e9s kisz\u00e1m\u00edthatatlanabb j\u00e1t\u00e9kra lesz sz\u00fcks\u00e9g\u00fck hazai p\u00e1ly\u00e1n. Simeon\u00e9nek pedig arra kell vigy\u00e1znia, nehogy csapata t\u00fal sok\u00e1ig a saj\u00e1t kapuja el\u00e9 szoruljon, hiszen siker\u00fclt m\u00e1r ilyen m\u00f3don k\u00e9t BL-d\u00f6nt\u0151t is elbukni\u2026","type":"rich","thumbnail_url":"https:\/\/s.24.hu\/app\/uploads\/sites\/24\/2024\/04\/guardiola-150x150.jpg","thumbnail_width":150,"thumbnail_height":150}