{"version":"1.0","provider_name":"Sport24","provider_url":"https:\/\/sport24.24.hu","author_name":"Bruckner G\u00e1bor","author_url":"https:\/\/sport24.24.hu\/author\/brucknerg\/","title":"S\u00e9r\u00fcl\u00e9s n\u00e9lk\u00fcl meg\u0151rz\u00f6tt veretlens\u00e9g \u2013 \u00edgy gy\u0151zte le a t\u00f6r\u00f6k\u00f6ket a magyar v\u00e1logatott","html":"A magyar v\u00e1logatott T\u00f6r\u00f6korsz\u00e1g ellen, hazai p\u00e1ly\u00e1n kezdte meg a 2024-es esztend\u0151t azzal a c\u00e9llal, hogy a tavalyi rendk\u00edv\u00fcl sikeres, veretlen\u00fcl v\u00e9gigvitt \u00e9v ut\u00e1n megkezdje a felk\u00e9sz\u00fcl\u00e9st a ny\u00e1ri Eur\u00f3pa-bajnoks\u00e1gra. B\u00e1r nem t\u00e9tm\u00e9rk\u0151z\u00e9sr\u0151l volt sz\u00f3, a Pusk\u00e1s Ar\u00e9n\u00e1ban <a href=\"https:\/\/rangado.24.hu\/magyar_foci\/2024\/03\/22\/magyarorszag-torokorszag-felkeszulesi-merkozes\/\">\u00edgy is majdnem telth\u00e1z<\/a> fogadta a csapatokat. Kijelenthetj\u00fck teh\u00e1t: a k\u00f6zv\u00e9lem\u00e9ny rajong\u00e1sa \u00e9s bizalma teh\u00e1t t\u00f6retlen <strong>Marco Rossi<\/strong> v\u00e1logatottja ir\u00e1nt.\r\n\r\nSz\u00f6vets\u00e9gi kapit\u00e1nyunk viszonylag kellemes helyzetben tal\u00e1lta mag\u00e1t a csapat \u00f6ssze\u00e1ll\u00edt\u00e1sakor, hiszen\r\n\r\n<span class=\"highlight-block\">r\u00e9g nem l\u00e1tott, <a href=\"https:\/\/sport24.24.hu\/foci\/2024\/03\/21\/marco-rossi-kavet-ker-foci-eb-2024-valogatott-kerdesek-valaszok\/\">b\u0151 mer\u00edt\u00e9si lehet\u0151s\u00e9g<\/a> \u00e1llt rendelkez\u00e9s\u00e9re; <\/span>\r\n\r\nez\u00fattal csak <strong>Willi Orb\u00e1n<\/strong> j\u00e1t\u00e9k\u00e1t kellett <a href=\"https:\/\/rangado.24.hu\/magyar_foci\/2024\/03\/21\/magyar-valogatott-willi-orban-serules-gulacsi-dibusz-ved\/\">s\u00e9r\u00fcl\u00e9s miatt<\/a> n\u00e9lk\u00fcl\u00f6znie. A magyar v\u00e1logatott kezd\u0151csapat\u00e1ban k\u00e9t nagy visszat\u00e9r\u0151 is volt: <strong>Gul\u00e1csi<\/strong> remek lipcsei teljes\u00edtm\u00e9nye nyom\u00e1n ker\u00fclt \u00fajra a kapuba, <strong>Sch\u00e4fer<\/strong> pedig tavalyi l\u00e1bt\u00f6r\u00e9s\u00e9b\u0151l fel\u00e9p\u00fclve h\u00fazhatta mag\u00e1ra ism\u00e9t a c\u00edmeres mezt. Legut\u00f3bb mindketten 2022 szeptember\u00e9ben, az olaszok elleni Nemzetek Lig\u00e1ja-m\u00e9rk\u0151z\u00e9sen l\u00e9pek p\u00e1ly\u00e1ra a nemzeti egy\u00fcttesben.\r\n\r\nA kapuban teh\u00e1t <strong>Dibusz<\/strong> helyett Gul\u00e1csira esett Rossi v\u00e1laszt\u00e1sa, a nagy k\u00e9rd\u00e9s persze, hogy ny\u00e1ron kire esik majd. A v\u00e9delemben <strong>Balogh Botond<\/strong> ker\u00fclt be <strong>Lang \u00c1d\u00e1m<\/strong> \u00e9s <strong>Szalai Attila<\/strong> mell\u00e9. A k\u00e9t sz\u00e1rnyv\u00e9d\u0151 ez\u00fattal is <strong>Nego<\/strong> \u00e9s <strong>Kerkez<\/strong> lett, a k\u00f6z\u00e9pp\u00e1ly\u00e1n Sch\u00e4fer mellett <strong>Nagy \u00c1d\u00e1m<\/strong> \u00e9s <strong>Szoboszlai Dominik<\/strong> j\u00e1tszott, el\u00f6l pedig ez\u00fattal is a ferencv\u00e1rosi <strong>Varga Barnab\u00e1s<\/strong>, illetve <strong>Sallai Roland<\/strong> kezdett.\r\n\r\nA t\u00f6r\u00f6k v\u00e1logatott ir\u00e1ny\u00edt\u00e1s\u00e1t tavaly novemberben az olasz <strong>Vincenzo Montell<\/strong>a vette \u00e1t, akire j\u00e1t\u00e9kosk\u00e9nt R\u00f3m\u00e1b\u00f3l, edz\u0151k\u00e9nt f\u0151leg a firenzei id\u0151szak\u00e1b\u00f3l eml\u00e9kezhet\u00fcnk. A k\u00f6zelm\u00faltban azonban \u00e9ppen T\u00f6r\u00f6korsz\u00e1gban, az Adana Demirspor csapat\u00e1t ir\u00e1ny\u00edtotta, majd az \u00f6rm\u00e9nyek elleni d\u00f6ntetlen ut\u00e1n, tavaly szeptemberben nevezt\u00e9k ki kapit\u00e1nynak. A Horv\u00e1torsz\u00e1g \u00e9s Lettorsz\u00e1g elleni gy\u0151zelemmel a selejtez\u0151csoport els\u0151 hely\u00e9re korm\u00e1nyozta a \u201ef\u00e9lholdasokat\u201d, akiknek az Eur\u00f3pa-bajnoks\u00e1gon Portug\u00e1lia \u00e9s Csehorsz\u00e1g mellett a g\u00f6r\u00f6g\u2013gr\u00faz p\u00e1rharc gy\u0151ztese lesz az ellenfel\u00fck.\r\n\r\nA t\u00f6r\u00f6k\u00f6k 4-2-3-1-es szerkezetben l\u00e9ptek p\u00e1ly\u00e1ra. A rutinos <strong>Mert G\u00fcnok<\/strong> kapus el\u0151tt a v\u00e9delemben <strong>Samet Akaydin<\/strong> \u00e9s a Liverpoolban is megfordult, most hoffenheimi <strong>\u00d6zan Kabak<\/strong> mellett <strong>Ridvan Yilmaz<\/strong> \u00e9s az AS Rom\u00e1b\u00f3l ismert jobbh\u00e1tv\u00e9d, <strong>Zeki Celik<\/strong> kapott helyet. A k\u00f6z\u00e9pp\u00e1ly\u00e1n a Fenerbahc\u00e9ben j\u00e1tsz\u00f3 <strong>Y\u00fcksek<\/strong> ker\u00fclt a m\u00e9g mindig kihagyhatatlan, 35 \u00e9vesen is csapatkapit\u00e1ny <strong>Hakan Calhanoglu<\/strong> mell\u00e9. A vonalak k\u00f6z\u00f6tt a leicesteri <strong>Yunus Akg\u00fcn<\/strong>, a Benfic\u00e1ban j\u00e1tsz\u00f3 <strong>K\u00f6kc\u00fc<\/strong>, valamint a Juventus fiatal \u00edg\u00e9rete <strong>Kenan Yildiz<\/strong> szerepelt a k\u00f6z\u00e9pcsat\u00e1r <strong>\u00dcnal<\/strong> m\u00f6g\u00f6tt.\r\n\r\n<span class=\"highlight-block\">A magyar v\u00e1logatott a szok\u00e1sos m\u00f3don megpr\u00f3b\u00e1lta labd\u00e1val is domin\u00e1lni az ellenfelet, <\/span>\r\n\r\na tavaly megszokott rugalmas, \u201erelacionista\u201d j\u00e1t\u00e9kkal, a p\u00e1lya bal oldal\u00e1t er\u0151sen t\u00falt\u00f6ltve. Ism\u00e9t gyakran figyelhett\u00fck meg, ahogyan a j\u00e1t\u00e9kosok poz\u00edci\u00f3jukat elhagyva, a csapat szerkezeti h\u00e1l\u00f3j\u00e1t \u201e\u00fajrasz\u0151ve\u201d futballoznak, mik\u00f6zben Nego id\u0151nk\u00e9nt ak\u00e1r a p\u00e1lya bal oldal\u00e1ra is elkalandozik, Szoboszlai pedig gyakran a v\u00e9d\u0151sorba visszal\u00e9pve ind\u00edtja a t\u00e1mad\u00e1sokat. T\u00f6bbsz\u00f6r is hangs\u00falyoztuk m\u00e1r, hogy az effajta j\u00e1t\u00e9kszervez\u00e9s a nagyobb d\u00f6nt\u00e9si szabads\u00e1g miatt jelent\u0151sebb \u00f6sszehangolts\u00e1got ig\u00e9nyel, ez azonban nem mindig volt megfigyelhet\u0151. Az els\u0151 f\u00e9lid\u0151ben a hazai egy\u00fcttes t\u00f6bbsz\u00f6r is ind\u00edt\u00e1sra k\u00e9nyszer\u00fclt, mert nem volt, aki a megfelel\u0151 pillanatban, j\u00f3 testpoz\u00edci\u00f3ban k\u00e9rje el a labd\u00e1t. A j\u00e1t\u00e9kr\u00e9szt \u00edgy a mieink mind\u00f6ssze h\u00e1rom l\u00f6v\u00e9si k\u00eds\u00e9rlettel z\u00e1rt\u00e1k. Sokatmond\u00f3, hogy az ellenf\u00e9l t\u00e1mad\u00f3 harmad\u00e1ba a legt\u00f6bb passzt, kilencet Szalai Attila tudta eljuttatni, \u0151t Szoboszlai Dominik k\u00f6vette h\u00e9t ilyen \u00e1tad\u00e1ssal.\r\n\r\nA t\u00f6r\u00f6k v\u00e1logatott m\u00e1r nem az a szervezetlen, sz\u00e9tes\u0151 csapat, amellyel 2020-ban tal\u00e1lkoztunk: 4-2-3-1-es, a p\u00e1lya k\u00f6zep\u00e9t lez\u00e1r\u00f3 v\u00e9dekez\u00e9s\u00e9vel t\u00f6bbsz\u00f6r megzavart\u00e1k a magyar labdakihozatalokat, amikor a labd\u00e1hoz legk\u00f6zelebb l\u00e9v\u0151 t\u00e1mad\u00f3 k\u00f6z\u00e9pp\u00e1ly\u00e1s l\u00e9pett fel \u00dcnal mell\u00e9 presszingelni, m\u00edg Calhanoglu \u00e9s Y\u00fcksek feladata a labd\u00e1k \u00f6sszeszed\u00e9se volt.\r\n\r\n<img class=\"alignnone size-full wp-image-12391\" src=\"https:\/\/sport24.24.hu\/app\/uploads\/sites\/24\/2024\/03\/huntur1-1.png\" alt=\"\" width=\"1280\" height=\"720\" \/>\r\n\r\n<img class=\"alignnone size-full wp-image-12392\" src=\"https:\/\/sport24.24.hu\/app\/uploads\/sites\/24\/2024\/03\/huntur2.png\" alt=\"\" width=\"1280\" height=\"720\" \/>\r\n\r\n<em>A t\u00f6r\u00f6k\u00f6k \u00f6t emberrel t\u00e1madnak le, a magyar v\u00e1logatott \u00fcgyes forg\u00e1ssal (Szalai fel-, Sch\u00e4fer visszal\u00e9p) kij\u00e1tssz\u00e1k a let\u00e1mad\u00e1st. T\u00fal sok ember indul azonban egyszerre el\u0151re, Szoboszlai csak a vonal mellett tud labd\u00e1t kapni.<\/em>\r\n<div class=\"payable-content-section\"><\/div>\r\nHa a t\u00f6r\u00f6k\u00f6knek siker\u00fclt labd\u00e1val berendezkedni\u00fck a mi t\u00e9rfel\u00fcnk\u00f6n, akkor l\u00e1tszott, hogy Montella csapata t\u00e1mad\u00e1sban is igyekszik \u00e1tvenni a nemzetk\u00f6zi trendeket: a p\u00e1lya egyik oldal\u00e1nak t\u00falt\u00f6lt\u00e9s\u00e9vel, de a mieink\u00e9n\u00e9l tal\u00e1n kevesebb poz\u00edci\u00f3s szabads\u00e1ggal pr\u00f3b\u00e1ltak futballozni. A t\u00faloldali sz\u00e9ls\u0151v\u00e9d\u0151 ilyenkor a p\u00e1lya k\u00f6zepe fel\u00e9 h\u00faz\u00f3dott, Calhanoglu pedig m\u00e9lys\u00e9gb\u0151l pr\u00f3b\u00e1lt ir\u00e1ny\u00edtani. A magyarokat azonban ekkor sem hagyta cserben a m\u00e1r sokszor bev\u00e1lt 5-3-2-es vagy 5-4-1-es v\u00e9dekez\u00e9s\u00fck, \u00e9s a t\u00f6r\u00f6k\u00f6k csak kev\u00e9s alkalommal tudtak lend\u00fcletb\u0151l m\u00f6g\u00e9j\u00fck ker\u00fclni.\r\n\r\n<img class=\"alignnone size-full wp-image-12393\" src=\"https:\/\/sport24.24.hu\/app\/uploads\/sites\/24\/2024\/03\/huntur3.png\" alt=\"\" width=\"1280\" height=\"720\" \/>\r\n\r\n<em>T\u00f6r\u00f6k labdabirtokl\u00e1s, magyar v\u00e9dekez\u00e9s. A balh\u00e1tv\u00e9d M\u00fcld\u00fcr h\u00e1tul marad, Kenan Yilmaz pedig sz\u00e9less\u00e9get ad. A t\u00faloldalon ford\u00edtott a szereposzt\u00e1s: Celik felfut, Yunus befel\u00e9 mozog. A magyar csapat 5-4-1-ben agressz\u00edvan kil\u00e9p a labd\u00e1t kap\u00f3 t\u00f6r\u00f6k j\u00e1t\u00e9kosokra, ezzel visszafel\u00e9 terelve az ellenfelet.<\/em>\r\n\r\nSzint\u00e9n seg\u00edtette a magyar v\u00e1logatottat, hogy az ellenf\u00e9l t\u00e9rfel\u00e9n ez\u00fattal is agressz\u00edvan let\u00e1madott \u00e9s visszat\u00e1madott, a megszokott 5-2-3-as fel\u00e1ll\u00e1sban, amely gyakran ak\u00e1r 3-4-3-m\u00e1 is \u00e1talakult. A Szoboszlai\u00ad, Varga, Sallai h\u00e1rmas a k\u00e9t k\u00f6z\u00e9ph\u00e1tv\u00e9det szigetelte el a Calhanoglu, Y\u00fcksek p\u00e1rost\u00f3l, mik\u00f6zben Nego \u00e9s Kerkez l\u00e9pett fel magasan a k\u00e9t sz\u00e9ls\u0151 v\u00e9d\u0151re. Ha a presszinget a t\u00f6r\u00f6k\u00f6k \u00e1tj\u00e1tszott\u00e1k, akkor a labd\u00e1s oldali k\u00f6z\u00e9ph\u00e1tv\u00e9d is b\u00e1tran feltol\u00f3dott, \u00e1m a t\u00f6r\u00f6k\u00f6ket a legt\u00f6bb ilyen szitu\u00e1ci\u00f3ban siker\u00fclt \u00edvel\u00e9sre k\u00e9nyszer\u00edteni, a magyar v\u00e1logatott nem ny\u00edlt ki er\u0151teljesen, Gul\u00e1csinak csak egyszer kellett nagyobbat v\u00e9denie. Az elvesztett labd\u00e1kat is gyakran siker\u00fclt visszaszerezni m\u00e1r az ellenf\u00e9l t\u00e9rfel\u00e9n, a legt\u00f6bb sikeres k\u00eds\u00e9rlete (nyolc) Sallai Rolandnak volt a magyar csapatb\u00f3l.\r\n\r\n<img class=\"alignnone size-full wp-image-12394\" src=\"https:\/\/sport24.24.hu\/app\/uploads\/sites\/24\/2024\/03\/huntur4.png\" alt=\"\" width=\"1280\" height=\"720\" \/>\r\n\r\n<em>Magyar let\u00e1mad\u00e1s. Szoboszlai, Sallai \u00e9s Varga a t\u00f6r\u00f6k\u00f6k legh\u00e1ts\u00f3 vonal\u00e1t t\u00e1madja, Nego \u00e9s Kerkez a sz\u00e9ls\u0151 v\u00e9d\u0151kre l\u00e9p fel. Sz\u00fcks\u00e9g eset\u00e9n a bels\u0151 v\u00e9d\u0151k is b\u00e1tran kil\u00e9pnek az ember\u00fckkel.<\/em>\r\n\r\nA m\u00e1sodik f\u00e9lid\u0151 elej\u00e9n a magyar v\u00e1logatott egy be\u00edvelt szabadr\u00fag\u00e1s ut\u00e1n, kezez\u00e9s miatt tizenegyeshez jutott, amelyet term\u00e9szetesen Szoboszlai \u00e9rt\u00e9kes\u00edtett. A m\u00e9rk\u0151z\u00e9s k\u00e9pe \u00edgy a g\u00f3l ut\u00e1n n\u00e9mileg \u00e1talakult: m\u00edg az els\u0151 f\u00e9lid\u0151ben a mieink 56 sz\u00e1zal\u00e9kban \u2013 azaz valamivel t\u00f6bbet \u2013 birtokolt\u00e1k a labd\u00e1t, addig\r\n\r\n<span class=\"highlight-block\">a m\u00e1sodik f\u00e9lid\u0151 labdabirtokl\u00e1sa egy\u00e9rtelm\u0171en a t\u00f6r\u00f6k\u00f6k\u00e9 volt (67 sz\u00e1zal\u00e9k). <\/span>\r\n\r\nA magyar egy\u00fcttes \u00edgy egyre m\u00e9lyebben v\u00e9dekezett. A t\u00f6r\u00f6k v\u00e1logatott h\u00e1tr\u00e1nyban sem tudott sokkal dinamikusabb\u00e1 v\u00e1lni, a sok csere egyik csapat j\u00e1t\u00e9k\u00e1n sem igaz\u00e1n seg\u00edtett. A mieink pedig \u00fajoncot avattak: a kor\u00e1bbi kapit\u00e1ny k\u00f6z\u00e9ps\u0151 fia, <strong>D\u00e1rdai M\u00e1rton<\/strong> is bemutatkozhatott a v\u00e1logatottban. A m\u00e9rk\u0151z\u00e9s v\u00e9g\u00e9n kis h\u00edj\u00e1n Sch\u00e4fer Andr\u00e1s is g\u00f3llal t\u00e9rhetett volna vissza, \u00e1m tal\u00e1lat\u00e1t les miatt \u00e9rv\u00e9nytelen\u00edtett\u00e9k.\r\n\r\nEgy\u00fcttes\u00fcnk v\u00e9g\u00fcl sikeresen \u0151rizte meg egyg\u00f3los el\u0151ny\u00e9t, \u00e9s gy\u0151zelemmel kezdte az \u00e9vet.\r\n\r\n<span class=\"highlight-block-small\">A j\u00e1t\u00e9kr\u00f3l nem lehet dicshimnuszokat zengeni, de tal\u00e1n nem is ez volt a l\u00e9nyeg: a legfontosabb, hogy a m\u00e1rciusi bar\u00e1ts\u00e1gos m\u00e9rk\u0151z\u00e9seket s\u00e9r\u00fcl\u00e9s n\u00e9lk\u00fcl meg kell \u00faszni, \u00e9s az erre val\u00f3 t\u00f6rekv\u00e9s meg is l\u00e1tszott mindk\u00e9t csapat j\u00e1t\u00e9k\u00e1n. <\/span>\r\n\r\nK\u00e9rd\u00e9ses teh\u00e1t, szakmailag mennyi \u00e9rtelm\u00fck van az ilyen tal\u00e1lkoz\u00f3knak. Nem v\u00e9letlen, hogy az UEFA j\u00f6v\u0151 m\u00e1rciusra egy \u00fajabb fordul\u00f3t iktatott be a Nemzetek Lig\u00e1j\u00e1ban, ezzel is kiv\u00e1ltva az eur\u00f3pai v\u00e1logatottak bar\u00e1ts\u00e1gos m\u00e9rk\u0151z\u00e9seit.\r\n\r\nFolytat\u00e1s Koszov\u00f3 ellen, kedd este h\u00e9tkor, szint\u00e9n hazai p\u00e1ly\u00e1n.\r\n\r\n[prefabricated_shortcode in_app=\"0\" code=\"%3Cdiv%20class%3D%22article_box_border%22%20style%3D%22background%3A%20url%28%27https%3A%2F%2F24.p3k.hu%2Fapp%2Fuploads%2Fsites%2F24%2F2021%2F05%2Fsport24-pattern.png%27%29%20no-repeat%20left%20-16px%20%23f3f3f4%3B%20border%3A%20none%3B%22%3E%0D%0A%3Cdiv%20class%3D%22article_solidheader%22%3E%0D%0A%3Ch2%20style%3D%22color%3A%20%23111115%21important%3B%20font-size%3A%2036px%3B%20font-weight%3A%20bold%3B%20margin-bottom%3A%2030px%3B%20margin-top%3A%2020px%3B%20text-align%3A%20center%3B%20line-height%3A%2036px%3B%22%3E%3Cimg%20class%3D%22aligncenter%20size-full%20wp-image-141%22%20src%3D%22https%3A%2F%2F24.p3k.hu%2Fapp%2Fuploads%2Fsites%2F24%2F2021%2F05%2Fs24-logo-dt.png%22%20alt%3D%22%22%20width%3D%22408%22%20height%3D%2290%22%20%2F%3E%3C%2Fh2%3E%0D%0A%3Ch2%20style%3D%22color%3A%20%23111115%21important%3B%20font-size%3A%2036px%3B%20font-weight%3A%20bold%3B%20margin-bottom%3A%2030px%3B%20margin-top%3A%2020px%3B%20text-align%3A%20center%3B%20line-height%3A%2040px%3B%22%3ECsatlakozz%20a%20Sport24%20k%C3%B6z%C3%B6ss%C3%A9ghez%2C%20mondd%20el%20v%C3%A9lem%C3%A9nyedet%20z%C3%A1rt%20Facebook-csoportunkban%2C%20%C3%A9s%20vegy%C3%A9l%20r%C3%A9szt%20csak%20el%C5%91fizet%C5%91knek%20el%C3%A9rhet%C5%91%20exkluz%C3%ADv%20esem%C3%A9nyeinken.%3C%2Fh2%3E%0D%0A%3C%2Fdiv%3E%0D%0A%3Cp%20style%3D%22background%3A%20%2357A600%3B%20margin-top%3A%2020px%3B%20padding%3A%2020px%3B%20text-align%3A%20center%3B%22%3E%3Ca%20style%3D%22color%3A%20%23ffffff%3B%20font-size%3A%2026px%3B%20font-weight%3A%20600%3B%22%20href%3D%22https%3A%2F%2Fwww.facebook.com%2Fgroups%2F212344460412327%22%3ECSATLAKOZOM%3C%2Fa%3E%3C%2Fp%3E%0D%0A%0D%0A%3C%2Fdiv%3E\"]","type":"rich","thumbnail_url":"https:\/\/s.24.hu\/app\/uploads\/sites\/24\/2024\/03\/magyar-torok-150x150.jpg","thumbnail_width":150,"thumbnail_height":150}