{"version":"1.0","provider_name":"Sport24","provider_url":"https:\/\/sport24.24.hu","author_name":"Bruckner G\u00e1bor","author_url":"https:\/\/sport24.24.hu\/author\/brucknerg\/","title":"BEK-el\u0151d\u00f6nt\u0151be jutott az \u00dajpest, de m\u00e9g \u00edgy sem volt el\u00e9gedett a vezet\u0151edz\u0151","html":"Nagyszombatban nagyj\u00e1b\u00f3l 50 ezren \u00e9ltek 1974-ben. A Spartak Trnava\u2013\u00dajpest BEK-negyedd\u00f6nt\u0151 els\u0151 m\u00e9rk\u0151z\u00e9s\u00e9re \u00e9ppen 50 ezer jegyig\u00e9nyl\u00e9s \u00e9rkezett a (cseh)szlov\u00e1kiai klubhoz.\r\n\r\nA csapatok ismert\u00e9k egym\u00e1st: mindk\u00e9t egy\u00fcttes szerepelt 1973 nyar\u00e1n a Teresa Herrera<strong>-<\/strong>torn\u00e1n La Corun\u00e1ban. S\u0151t a Spartak szinte hihetetlen ford\u00edt\u00e1st produk\u00e1lt: a f\u00e9lidei 0-3 ut\u00e1n 5-3-ra gy\u0151z\u00f6tt a h\u00e1romszoros BEK-gy\u0151ztes, <strong>Johan Cruyff-fal<\/strong>, <strong>Johan Neeskensszel<\/strong>, <strong>Ruud Krollal<\/strong>, <strong>Johnny Reppel<\/strong> felvonul\u00f3 Ajax ellen! Az \u00dajpest 4-2-re kikapott a <strong>Luis Aragones<\/strong> vez\u00e9relte Atl\u00e9tico Madridt\u00f3l, majd a harmadik hely\u00e9rt v\u00edvott m\u00e9rk\u0151z\u00e9sen (0-0 ut\u00e1n) a tizenegyesr\u00fag\u00e1sokban fel\u00fclm\u00falta az Ajaxot.\r\n\r\nB\u00fcntet\u0151k Trnav\u00e1n is voltak. Miut\u00e1n <strong>Dusan Kab\u00e1<\/strong>t vezet\u00e9st szerzett a h\u00e1zigazd\u00e1knak a 28 116 n\u00e9z\u0151vel zs\u00fafolt stadionban, a lil\u00e1k 11-eshez jutottak, \u00e9s <strong>T\u00f3th Andr\u00e1s<\/strong> egyenl\u00edtett. \u00c1m <strong>David Smith<\/strong> angol j\u00e1t\u00e9kvezet\u0151 \u00fajrar\u00fagatta a b\u00fcntet\u0151t; megint T\u00f3th \u00e1llt a labda m\u00f6g\u00e9, \u00e9s ism\u00e9t a kapuba l\u0151tt.\r\n\r\nAz 1-1 ut\u00e1n az \u00dajpest volt a tov\u00e1bbjut\u00e1s favoritja, a visszav\u00e1g\u00f3ra m\u00e9gis hossz\u00fa sorokban \u00e9rkeztek Kom\u00e1rom fel\u0151l a szem\u00e9lyg\u00e9pkocsik \u00e9s az aut\u00f3buszok.<span class=\"highlight-block-small\"> Hatezer drukker j\u00f6tt \u00e1t a hat\u00e1ron, a Megyeri \u00faton \u2013 amelynek k\u00f6rny\u00e9k\u00e9t m\u00e1r d\u00e9lben lez\u00e1rt\u00e1k a forgalom el\u0151l \u2013 32 181 n\u00e9z\u0151 tolongott 1974. m\u00e1rcius 20-\u00e1n.<\/span>\r\n\r\nAz \u00dajpest tizenegy v\u00e1logatott labdar\u00fag\u00f3val (<strong>Szentmih\u00e1lyi<\/strong> \u2013 <strong>Kol\u00e1r<\/strong>, <strong>Hars\u00e1nyi<\/strong>, <strong>Horv\u00e1th<\/strong>, <strong>Nosk\u00f3<\/strong> \u2013 <strong>Dunai III<\/strong>, T\u00f3th Andr\u00e1s \u2013 <strong>Fazekas<\/strong>, <strong>Bene<\/strong>, <strong>Fekete<\/strong>, <strong>Z\u00e1mb\u00f3<\/strong>) \u00e1llt fel, a Spartak Trnava h\u00e9t olyan j\u00e1t\u00e9kost (<strong>Keketi<\/strong>, <strong>Dobias<\/strong>, <strong>Majernik<\/strong>, Kab\u00e1t, <strong>Hrusecky<\/strong>, <strong>Kuna<\/strong>, <strong>Adamec<\/strong>) k\u00fcld\u00f6tt p\u00e1ly\u00e1ra, aki szerepelt Csehszlov\u00e1kia nemzeti egy\u00fcttes\u00e9ben. T\u00edz lehetett volna az a h\u00e9t, de <strong>Vojtech Varadin<\/strong> \u00e9s <strong>Vladimir Hagara<\/strong> eltilt\u00e1s, <strong>Jaroslav Masrna<\/strong> s\u00e9r\u00fcl\u00e9s miatt nem szerepelhetett.\r\n\r\n<img class=\"aligncenter size-full wp-image-12352\" src=\"https:\/\/sport24.24.hu\/app\/uploads\/sites\/24\/2024\/03\/kepessport_1974_1__pages383-383.jpg\" alt=\"\" width=\"1645\" height=\"2421\" \/>\r\n\r\nEdz\u0151j\u00fck, <strong>Anton Malatinsky<\/strong> meglep\u0151 h\u00faz\u00e1ssal reag\u00e1lt Hagara hi\u00e1ny\u00e1ra: a balsz\u00e9ls\u0151 Kab\u00e1tot \u00e1ll\u00edtotta a balh\u00e1tv\u00e9d posztj\u00e1ra. \u00c1tszervezett csapata kit\u0171n\u0151en helyt\u00e1llt, az extraklasszis Jozef Adamec g\u00f3lj\u00e1val meg\u00e9rdemelten szerzett vezet\u00e9st, \u00e1m Fekete L\u00e1szl\u00f3 egyenl\u00edtett, perd\u00edt\u00e9se a h\u00e1l\u00f3ig nem jutott el, de a g\u00f3lvonalon \u00e1thaladt (1-1).\r\n\r\nAz \u00e1ll\u00e1s v\u00e9geredm\u00e9ny maradt, a k\u00e9tszer negyed\u00f3r\u00e1s hosszabb\u00edt\u00e1s sem hozott d\u00f6nt\u00e9st.\r\n\r\n<span class=\"highlight-block\">A tov\u00e1bbjut\u00e1sr\u00f3l a r\u00e1ad\u00e1s-tizenegyesek hat\u00e1roztak, <\/span>\r\n\r\nezek k\u00f6z\u00fcl a cserej\u00e1t\u00e9kos <strong>Kellner Jen\u0151<\/strong>, illetve Karol Dobias egyet-egyet kihagyott, m\u00edg T\u00f3th Andr\u00e1s, Adamec, Horv\u00e1th J\u00f3zsef, Anton Hrusecky, Bene Ferenc, <strong>Karol Sevcik<\/strong> \u00e9s Z\u00e1mb\u00f3 S\u00e1ndor a kapuba k\u00fcldte a labd\u00e1t.\r\n\r\nAz \u00f6t\u00f6dik sorozatot a trnavai kapus, Dusan Keketi z\u00e1rta; l\u00f6v\u00e9s\u00e9t koll\u00e9g\u00e1ja, Szentmih\u00e1lyi Antal kiv\u00e9dte, ezzel az \u00dajpest a legjobb n\u00e9gy k\u00f6z\u00e9 ker\u00fclt a BEK-ben.\r\n<div class=\"payable-content-section\"><\/div>\r\nSzentmih\u00e1lyi, akit a p\u00e1ly\u00e1ra rohan\u00f3 m\u00e1moros szurkol\u00f3k a v\u00e1llukra kaptak, azt mondta: \u201eP\u00e1lyafut\u00e1som legszebb pillanatainak egyike volt, hogy Keketi labd\u00e1j\u00e1t megfogtam.\u201d\r\n\r\nKeketi ann\u00e1l szomor\u00fabban eml\u00edtette:\r\n<blockquote>Ez volt az els\u0151 tizenegyes, amit p\u00e1lyafut\u00e1som alatt hivatalos m\u00e9rk\u0151z\u00e9sen r\u00fagtam. K\u00e9nyszerhelyzetben elv\u00e1llaltam, mert a k\u00e9t specialist\u00e1nk, Ladislav Kuna \u00e9s Kab\u00e1t nem volt m\u00e1r a p\u00e1ly\u00e1n.<\/blockquote>\r\nA K\u00e9pes Sport \u00edgy \u00edrt kettej\u00fckr\u0151l: \u201eKeketi csendesen ballagott visszafel\u00e9. T\u00edz \u00e9vet \u00f6regedett. Szentmih\u00e1lyi ugr\u00e1lt \u00f6r\u00f6m\u00e9ben. T\u00edz \u00e9vet fiatalodott.\u201d A lap hozz\u00e1tette: \u201eA legt\u00f6bb 11-est kiv\u00e9d\u0151 kapus \u00e9pp \u00fagy meg\u00e9rdemli az Aranykeszty\u0171t, mint a g\u00f3lkir\u00e1ly az Aranycip\u0151t.\u201d\r\n\r\n<img class=\"aligncenter size-full wp-image-12353\" src=\"https:\/\/sport24.24.hu\/app\/uploads\/sites\/24\/2024\/03\/kepessport_1974_1__pages417-417.jpg\" alt=\"\" width=\"2607\" height=\"3377\" \/>\r\n\r\nA Smena c\u00edm\u0171 csehszlov\u00e1k \u00fajs\u00e1g ekk\u00e9ppen kesergett: \u201eSzerencs\u00e9tlens\u00e9g, hogy a tal\u00e1lkoz\u00f3 h\u0151se, Keketi kapus fosztotta meg csapat\u00e1t a tov\u00e1bbjut\u00e1st\u00f3l.\u201d\r\n\r\n<span class=\"highlight-block-small\">Olyan korban, amelyben a konferencialig\u00e1s, azaz h\u00e1ts\u00f3 ajt\u00f3s 32 k\u00f6z\u00e9 jut\u00e1sra is \u00fagy szok\u00e1s tekinteni, mint a Mount Everest megh\u00f3d\u00edt\u00e1s\u00e1ra, el sem lehet hinni, hogy a korabeli hazai org\u00e1numok egy\u00e1ltal\u00e1n nem \u00e1radoztak.<\/span>\r\n\r\nA Magyar H\u00edrlap ezt tette k\u00f6zz\u00e9: \u201eValljuk meg \u0151szint\u00e9n, csal\u00f3d\u00e1st okozott a magyar bajnokcsapat. V\u00e9g\u00fcl is egy nagyszer\u0171 kapusteljes\u00edtm\u00e9ny j\u00f3l siker\u00fclt sz\u00e1zadm\u00e1sodperc\u00e9nek \u00e9s egy v\u00e9gig kit\u0171n\u0151t ny\u00fajt\u00f3 kapus pillanatnyi indiszpon\u00e1lts\u00e1g\u00e1nak k\u00f6sz\u00f6nhette tov\u00e1bbjut\u00e1s\u00e1t.\u201d\r\n\r\nA N\u00e9pszava ezzel z\u00e1rta tud\u00f3s\u00edt\u00e1s\u00e1t: \u201eAz \u00dajpesti D\u00f3zsa teljes\u00edtm\u00e9nye mindenk\u00e9ppen elismer\u00e9sre m\u00e9lt\u00f3, de a magyar bajnokcsapatt\u00f3l sokkal jobb j\u00e1t\u00e9kot v\u00e1rtunk \u00e9s m\u00e1r l\u00e1ttunk is.\u201d\r\n\r\n<strong>V\u00e1rhidi P\u00e1l<\/strong> sikeredz\u0151 sem lelkendezett: \u201eA tov\u00e1bbjut\u00e1st\u00f3l f\u00fcggetlen\u00fcl nem vagyok teljesen el\u00e9gedett, mert taktikai elk\u00e9pzel\u00e9seim csak 75 sz\u00e1zal\u00e9kban val\u00f3sultak meg. Mindenekel\u0151tt a k\u00f6z\u00e9pp\u00e1ly\u00e1sok \u00e9s a csat\u00e1rok maradtak el a v\u00e1rakoz\u00e1st\u00f3l.\u201d\r\n\r\nAz Esti H\u00edrlap ugyancsak j\u00f3zanul \u00f6sszegzett: \u201eFelejthetetlen este volt. Nem az\u00e9rt, mintha nem l\u00e1ttunk volna enn\u00e9l jobb m\u00e9rk\u0151z\u00e9st, de izgalmasabbat, dr\u00e1maibbat aligha. Milyen remek volt l\u00e1tni a zs\u00fafolt lel\u00e1t\u00f3kat, hallani a k\u00e9t szurkol\u00f3t\u00e1bor hangp\u00e1rbaj\u00e1t, l\u00e1tni a j\u00e1t\u00e9kosok k\u00fczdelm\u00e9t!\r\n<blockquote class=\"small-quote\">Az \u00dajpesti D\u00f3zsa nem tudta megism\u00e9telni Nagyszombatban ny\u00fajtott j\u00f3 teljes\u00edtm\u00e9ny\u00e9t, l\u00e9nyegesen gyeng\u00e9bben j\u00e1tszott,<\/blockquote>\r\na Trnava viszont \u00f6sszehasonl\u00edthatatlanul jobban.\u201d\r\n\r\nA lil\u00e1k a k\u00f6vetkez\u0151 k\u00f6rben a Bayern M\u00fcnchent akart\u00e1k elker\u00fclni (a m\u00e1sik k\u00e9t el\u0151d\u00f6nt\u0151s az Atl\u00e9tico Madrid \u00e9s a Celtic volt). Nan\u00e1, hogy a bajor csapattal kellett rivaliz\u00e1lniuk a d\u00f6nt\u0151be jut\u00e1s\u00e9rt. A N\u00e9pstadionban \u2013 telt h\u00e1z, 78 426 n\u00e9z\u0151 el\u0151tt \u2013 1-1-gyel z\u00e1rult a tal\u00e1lkoz\u00f3, a visszav\u00e1g\u00f3n a <strong>Maier<\/strong> \u2013 <strong>Hansen<\/strong>, <strong>Beckenbauer<\/strong>, <strong>Schwarzenbeck<\/strong>, <strong>Breitner<\/strong> \u2013 <strong>Roth<\/strong> (<strong>D\u00fcrnberger<\/strong>), <strong>Zobel<\/strong>, <strong>Kapellmann<\/strong> \u2013 <strong>Uli Hoeness<\/strong>, <strong>Gerd M\u00fcller<\/strong>, <strong>Torstensson<\/strong> \u00f6sszet\u00e9tel\u0171 Bayern 3-0-ra gy\u0151z\u00f6tt.\r\n\r\n\u00c1m az volt a napjainkig utols\u00f3 \u2013 harmadik \u2013 alkalom, hogy magyar csapat a legjobb n\u00e9gy k\u00f6z\u00e9 jutott a kontinens els\u0151 sz\u00e1m\u00fa klubtorn\u00e1j\u00e1n (kor\u00e1bban ez 1958-ban a Vasasnak, m\u00edg 1965-ben a Gy\u0151ri ETO-nak siker\u00fclt).\r\n\r\nEnn\u00e9l sokkal f\u00e1jdalmasabb, hogy\r\n\r\n<span class=\"highlight-block\">magyar egy\u00fcttes f\u00e9l \u00e9vsz\u00e1zada \u00e9rte meg mindm\u00e1ig utolj\u00e1ra a tavaszt a BEK-ben, illetve a BL-ben.<\/span>\r\n\r\nS tal\u00e1n mondani sem kell: az es\u00e9lyek a XXI. sz\u00e1zadban \u00f6sszehasonl\u00edthatatlanul rosszabbak, mint amilyenek 45, 40 vagy ak\u00e1r 35 esztendeje voltak.\r\n\r\n[prefabricated_shortcode in_app=\"0\" code=\"%3Cdiv%20class%3D%22article_box_border%22%20style%3D%22background%3A%20url%28%27https%3A%2F%2F24.p3k.hu%2Fapp%2Fuploads%2Fsites%2F24%2F2021%2F05%2Fsport24-pattern.png%27%29%20no-repeat%20left%20-16px%20%23f3f3f4%3B%20border%3A%20none%3B%22%3E%0D%0A%3Cdiv%20class%3D%22article_solidheader%22%3E%0D%0A%3Ch2%20style%3D%22color%3A%20%23111115%21important%3B%20font-size%3A%2036px%3B%20font-weight%3A%20bold%3B%20margin-bottom%3A%2030px%3B%20margin-top%3A%2020px%3B%20text-align%3A%20center%3B%20line-height%3A%2036px%3B%22%3E%3Cimg%20class%3D%22aligncenter%20size-full%20wp-image-141%22%20src%3D%22https%3A%2F%2F24.p3k.hu%2Fapp%2Fuploads%2Fsites%2F24%2F2021%2F05%2Fs24-logo-dt.png%22%20alt%3D%22%22%20width%3D%22408%22%20height%3D%2290%22%20%2F%3E%3C%2Fh2%3E%0D%0A%3Ch2%20style%3D%22color%3A%20%23111115%21important%3B%20font-size%3A%2036px%3B%20font-weight%3A%20bold%3B%20margin-bottom%3A%2030px%3B%20margin-top%3A%2020px%3B%20text-align%3A%20center%3B%20line-height%3A%2040px%3B%22%3ECsatlakozz%20a%20Sport24%20k%C3%B6z%C3%B6ss%C3%A9ghez%2C%20mondd%20el%20v%C3%A9lem%C3%A9nyedet%20z%C3%A1rt%20Facebook-csoportunkban%2C%20%C3%A9s%20vegy%C3%A9l%20r%C3%A9szt%20csak%20el%C5%91fizet%C5%91knek%20el%C3%A9rhet%C5%91%20exkluz%C3%ADv%20esem%C3%A9nyeinken.%3C%2Fh2%3E%0D%0A%3C%2Fdiv%3E%0D%0A%3Cp%20style%3D%22background%3A%20%2357A600%3B%20margin-top%3A%2020px%3B%20padding%3A%2020px%3B%20text-align%3A%20center%3B%22%3E%3Ca%20style%3D%22color%3A%20%23ffffff%3B%20font-size%3A%2026px%3B%20font-weight%3A%20600%3B%22%20href%3D%22https%3A%2F%2Fwww.facebook.com%2Fgroups%2F212344460412327%22%3ECSATLAKOZOM%3C%2Fa%3E%3C%2Fp%3E%0D%0A%0D%0A%3C%2Fdiv%3E\"]","type":"rich","thumbnail_url":"https:\/\/s.24.hu\/app\/uploads\/sites\/24\/2024\/03\/sport24_cover_-150x150.jpg","thumbnail_width":150,"thumbnail_height":150}