{"version":"1.0","provider_name":"Sport24","provider_url":"https:\/\/sport24.24.hu","author_name":"Bruckner G\u00e1bor","author_url":"https:\/\/sport24.24.hu\/author\/brucknerg\/","title":"Le a kalappal a sokat fejl\u0151d\u0151 Arsenal el\u0151tt, de k\u00e9rd\u00e9ses, hogy a g\u00f3ler\u0151s j\u00e1t\u00e9k meddig tarthat\u00f3 fenn","html":"A tavalyi ez\u00fcst\u00e9rem ut\u00e1n <strong>Mikel Arteta<\/strong> Arsenalja ism\u00e9t az \u00e9lmez\u0151nyt ostromolja: a Brentford elleni bajnoki m\u00e9rk\u0151z\u00e9s el\u0151tt a Manchester Cityt\u0151l egy, a Liverpoolt\u00f3l k\u00e9t ponttal lemaradva \u00e1llt a harmadik helyen az egy\u00fcttes. R\u00e1ad\u00e1sul az \u00c1gyusok az idei napt\u00e1ri \u00e9vben a hazai bajnoks\u00e1gban eddig sz\u00e1zsz\u00e1zal\u00e9kosak: a Liverpool \u00e9s a Nottingham legy\u0151z\u00e9se mellett a Newcastle ellen n\u00e9gy, a Crystal Palace \u00e9s a Burnley ellen \u00f6t, a Sheffield \u00e9s a West Ham United ellen pedig hat g\u00f3lt szereztek. Ugyanakkor a Bajnokok Lig\u00e1j\u00e1ban a Porto elleni hazai visszav\u00e1g\u00f3t egyg\u00f3los h\u00e1tr\u00e1nyban v\u00e1rj\u00e1k a londoniak; az idegenbeli 1-0-s veres\u00e9g alkalm\u00e1val m\u00e9g a kaput sem siker\u00fclt eltal\u00e1lniuk.\r\n\r\n<span class=\"highlight-block\">A helyzet teh\u00e1t kiss\u00e9 ellentmond\u00e1sos.<\/span>\r\n\r\nItt az ideje, hogy k\u00f6zelebbr\u0151l is megvizsg\u00e1ljuk az egy\u00fcttes fejl\u0151d\u00e9si trendjeit.\r\n\r\nMikel Arteta 2019 v\u00e9g\u00e9n \u00e9rkezett egykori klubj\u00e1hoz, amelyben vezet\u0151edz\u0151k\u00e9nt is megkapta \u00e9lete els\u0151 megb\u00edzat\u00e1s\u00e1t. Azel\u0151tt a Manchester Cityn\u00e9l <strong>Pep Guardiola<\/strong> asszisztensek\u00e9nt tev\u00e9kenykedett, nem meglep\u0151 teh\u00e1t, hogy saj\u00e1t csapat\u00e1val is hasonl\u00f3 futballt pr\u00f3b\u00e1lt j\u00e1tszatni a kezdetkt\u0151l fogva. A j\u00f3l kimunk\u00e1lt poz\u00edci\u00f3s j\u00e1t\u00e9k az \u00e1ltala vezetett Arsenaln\u00e1l szinte az els\u0151 perct\u0151l megfigyelhet\u0151 volt. Az eredm\u00e9ny azonban nem j\u00f6tt gyorsan: a g\u00e1rda m\u00e9g 2020 kar\u00e1csony\u00e1n is a tabella k\u00f6zep\u00e9n szer\u00e9nykedett, Arteta \u00e1ll\u00e1s\u00e1t pedig nagy val\u00f3sz\u00edn\u0171s\u00e9ggel az mentette meg, hogy a m\u00e9rk\u0151z\u00e9seket ekkort\u00e1jt n\u00e9z\u0151k n\u00e9lk\u00fcl rendezt\u00e9k. A t\u00fcrelem azonban lassan kifizet\u0151d\u00f6tt, s a 2021\/22-es \u00e9vadot m\u00e1r \u00f6t\u00f6dikk\u00e9nt, a legut\u00f3bbit pedig ez\u00fcst\u00e9rmesk\u00e9nt z\u00e1rta a csapat. Tavaly k\u00fcl\u00f6n\u00f6sen a v\u00e9dekez\u00e9s volt kiemelked\u0151, mik\u00f6zben a poz\u00edci\u00f3s j\u00e1t\u00e9k min\u0151s\u00e9g\u00e9ben az egy\u00fcttes nem tudta utol\u00e9rni a 2023 tavasz\u00e1n \u0171rfocit j\u00e1tsz\u00f3 Manchester Cityt, \u00edgy a tabell\u00e1t sok\u00e1ig vezet\u0151 Arsenal m\u00e1sodikk\u00e9nt v\u00e9gzett.\r\n\r\n[caption id=\"attachment_12295\" align=\"aligncenter\" width=\"1024\"]<img class=\"wp-image-12295 size-large\" src=\"https:\/\/sport24.24.hu\/app\/uploads\/sites\/24\/2024\/03\/gettyimages-2063032018-e1709990536371-1024x576.jpg\" alt=\"\" width=\"1024\" height=\"576\" \/> Arteta kinevez\u00e9se \u00f3ta folyamatosan fejl\u0151d\u00f6tt az Arsenal.[\/caption]\r\n\r\nA kar\u00e1csonyi sz\u00fcnet k\u00f6rny\u00e9k\u00e9n a csapat m\u00e9g l\u00e1tv\u00e1nyos formaingadoz\u00e1st mutatott: t\u00f6bbek k\u00f6z\u00f6tt az Aston Villa, a West Ham \u00e9s a Fulham is legy\u0151zte az \u00c1gy\u00fasokat. \u00c9v eleji, kit\u0171n\u0151 elemz\u00e9s\u00e9ben <strong>M\u00e9sz\u00e1ros \u00c1bel<\/strong> is <a href=\"https:\/\/telex.hu\/sport\/2024\/01\/11\/futball-arsenal-bajnoki-eselyek-visszaeses-hanyatlas-angol-bajnoksag-premier-league\" target=\"_blank\" rel=\"noopener\">figyelmeztetett<\/a>: az Arsenal visszaes\u00e9se m\u00f6g\u00f6tt nem puszt\u00e1n a balszerencse \u00e9s a kihagyott helyzetek sokas\u00e1ga \u00e1ll, sokkal ink\u00e1bb labdakihozatali probl\u00e9m\u00e1i vannak a t\u00e1rsas\u00e1gnak, amelynek j\u00e1t\u00e9k\u00e1t ez statikuss\u00e1, kisz\u00e1m\u00edthat\u00f3v\u00e1 teszi az ellenf\u00e9l kapuj\u00e1hoz \u00e9rve is. Az\u00f3ta az Arsenal az angol bajnoks\u00e1gban j\u00f3 n\u00e9h\u00e1ny g\u00f3lz\u00e1poros gy\u0151zelmet aratott, \u00e9s t\u00f6bb tekintetben is t\u00f6rt\u00e9nt el\u0151rel\u00e9p\u00e9s, de a Porto elleni m\u00e9rk\u0151z\u00e9s, valamint a szerzett g\u00f3lok jellege \u00e9s id\u0151belis\u00e9ge is mutatja:\r\n\r\n<span class=\"highlight-block\">a kor\u00e1bbi probl\u00e9m\u00e1k olykor m\u00e9g visszat\u00e9rnek.<\/span>\r\n\r\nAz els\u0151 l\u00e9nyeges aspektus az Arsenal g\u00f3ljainak jellege \u00e9s id\u0151beli eloszl\u00e1sa. Nyilv\u00e1nval\u00f3, hogy a m\u00e9lyen v\u00e9dekez\u0151 kis csapatokat (a nagy k\u00fcl\u00f6nbs\u00e9g\u0171 gy\u0151zelmek az elm\u00falt hetekben ilyen m\u00e9rk\u0151z\u00e9seken sz\u00fclettek) akci\u00f3g\u00f3llal a legnehezebb felt\u00f6rni. Egy korai akci\u00f3g\u00f3l, esetleg egy pontr\u00fag\u00e1sb\u00f3l megszerzett vezet\u00e9s megk\u00f6nny\u00edti a m\u00e9rk\u0151z\u00e9s k\u00e9s\u0151bbi szakaszait, hiszen az ellenf\u00e9lnek ezt k\u00f6vet\u0151en t\u00f6bbet kell kock\u00e1ztatnia, r\u00e1ad\u00e1sul a fokoz\u00f3d\u00f3 fizik\u00e1lis \u00e9s ment\u00e1lis f\u00e1radts\u00e1g is n\u00f6velheti a majdani bekapott g\u00f3lok sz\u00e1m\u00e1t. Vegy\u00fck teh\u00e1t v\u00e9gig az Arsenal g\u00f3lz\u00e1poros gy\u0151zelmeit!\r\n<ul>\r\n \t<li>Crystal Palace (5-0): k\u00e9t g\u00f3l sz\u00f6gletb\u0151l az els\u0151 f\u00e9lid\u0151ben, majd h\u00e1rom kontr\u00e1b\u00f3l a m\u00e1sodikban.<\/li>\r\n \t<li>West Ham United (6-0): n\u00e9gy g\u00f3l az els\u0151 f\u00e9lid\u0151ben, ebb\u0151l egy akci\u00f3b\u00f3l, egy b\u00fcntet\u0151b\u0151l, kett\u0151 pontr\u00fag\u00e1sb\u00f3l; k\u00e9t g\u00f3l a m\u00e1sodik f\u00e9lid\u0151ben, egy akci\u00f3b\u00f3l, egy t\u00e1voli l\u00f6v\u00e9sb\u0151l.<\/li>\r\n \t<li>Burnley (5-0): t\u00e1voli g\u00f3l az els\u0151 l\u00f6v\u00e9sb\u0151l a 4. percben, majd b\u00fcntet\u0151b\u0151l az els\u0151 f\u00e9lid\u0151 v\u00e9g\u00e9n; h\u00e1rom akci\u00f3g\u00f3l a m\u00e1sodik f\u00e9lid\u0151ben.<\/li>\r\n \t<li>Newcastle United (4-1): egy g\u00f3l sz\u00f6gletb\u0151l az els\u0151 f\u00e9lid\u0151ben; a sz\u00fcnet ut\u00e1n kett\u0151 akci\u00f3b\u00f3l, majd egy sz\u00f6gletb\u0151l.<\/li>\r\n<\/ul>\r\nL\u00e1that\u00f3 teh\u00e1t, hogy a g\u00f3lz\u00e1poros gy\u0151zelmek alkalm\u00e1val az Arsenal vagy r\u00f6gz\u00edtett helyzetb\u0151l \u00e9rt el az els\u0151 g\u00f3lt, vagy nagyon kor\u00e1n megszerezte a vezet\u00e9st. Ez persze nem felt\u00e9tlen\u00fcl a csapat teljes\u00edtm\u00e9ny\u00e9nek kritik\u00e1ja: egy domin\u00e1ns egy\u00fcttesnek is meggy\u0171lhet a baja a m\u00e9lyen bet\u00f6m\u00f6r\u00fcl\u0151 ellenfelekkel szemben. Sz\u00fcks\u00e9g van teh\u00e1t a pontr\u00fag\u00e1sb\u00f3l, \u00e1tl\u00f6v\u00e9sb\u0151l, kontr\u00e1b\u00f3l szerzett g\u00f3lokra is.\r\n\r\n[caption id=\"attachment_12291\" align=\"aligncenter\" width=\"1024\"]<img class=\"wp-image-12291 size-large\" src=\"https:\/\/sport24.24.hu\/app\/uploads\/sites\/24\/2024\/03\/gettyimages-2028786897-1024x677.jpg\" alt=\"\" width=\"1024\" height=\"677\" \/> Bukayo Saka adta a legt\u00f6bb g\u00f3lpasszt \u00e9s szerezte a legt\u00f6bb g\u00f3lt az Arsenalban.[\/caption]\r\n\r\nNet\u00e1n m\u00e9giscsak van szerepe a v\u00e9letlennek, \u00e9s ami decemberben kimaradt a kapu el\u0151tt, az most bemegy? Nos, az eredm\u00e9nyek alakul\u00e1s\u00e1ban mindig szerepe van az eff\u00e9le v\u00e9letlenszer\u0171, hull\u00e1mz\u00f3 trendeknek. Elemz\u0151i szempontb\u00f3l azonban \u00e9rdemesebb megvizsg\u00e1lni az Arsenal akci\u00f3g\u00f3ljait: v\u00e1ltozott-e valami az elm\u00falt hetekben?\r\n\r\nLabdabirtokl\u00e1sban teh\u00e1t a londoniak a szok\u00e1sos poz\u00edci\u00f3s j\u00e1t\u00e9kot j\u00e1tssz\u00e1k 2-3-5-ben, vagy 3-2-5-ben. Arteta elk\u00e9pzel\u00e9se ezt illet\u0151en mindenkin\u00e9l jobban hasonl\u00edt Guardiol\u00e1\u00e9hoz: a j\u00e1t\u00e9kosok j\u00f3l megkompon\u00e1lt szerkezetben, a p\u00e1lya teljes sz\u00e9less\u00e9g\u00e9ben j\u00e1ratj\u00e1k a labd\u00e1t. A <strong>Gabriel<\/strong>, <strong>Saliba<\/strong> v\u00e9d\u0151p\u00e1ros mell\u00e9 vagy el\u00e9 tagoz\u00f3dik be a 100 milli\u00f3\u00e9rt igazolt <strong>Declan Rise<\/strong>, a jobbh\u00e1tv\u00e9d <strong>Ben White<\/strong>, illetve a <strong>Zinchenko<\/strong> hi\u00e1ny\u00e1ban az ut\u00f3bbi hetekben balh\u00e1tv\u00e9det j\u00e1tsz\u00f3 lengyel <strong>Jakub Kiwior<\/strong>. Arteta teh\u00e1t szint\u00e9n hisz a hamis sz\u00e9ls\u0151h\u00e1tv\u00e9dekben, akik els\u0151sorban nem a vonal mellett klasszikusan felfutva seg\u00edtik a t\u00e1mad\u00e1st, hanem befel\u00e9 helyezkedve \u2013 a kontr\u00e1kat biztos\u00edtva \u2013 h\u00e1tul maradnak. A vonalak k\u00f6z\u00f6tt j\u00e1tsz\u00f3 <strong>Odegaard<\/strong> \u00e9s <strong>Havertz<\/strong> feladata a labd\u00e1k felv\u00e9tele \u00e9s forgat\u00e1sa, m\u00edg a sz\u00e9leken Saka \u00e9s Martinelli h\u00fazza sz\u00e9t az ellenfelet, ter\u00fcletet nyitva a k\u00f6z\u00e9pcsat\u00e1rk\u00e9nt \u00e9rkez\u0151 <strong>Gabriel Jesusnak<\/strong> vagy <strong>Leandro Trossard-nak<\/strong>.\r\n\r\n<span class=\"highlight-block\">Az Arsenal egyik legnagyobb probl\u00e9m\u00e1ja a labdabirtokl\u00e1s lass\u00fas\u00e1ga \u00e9s statikuss\u00e1ga volt: <\/span>\r\n\r\nhi\u00e1ba ment a labda oda-vissza a p\u00e1lya egyik oldal\u00e1r\u00f3l a m\u00e1sikra, az Arsenal borzaszt\u00f3 lassan \u00e9rt fel, \u00edgy gyakorlatilag saj\u00e1t maga tolta be az ellenfeleit m\u00e9lyen a kapu el\u00e9. Ebb\u0151l kifoly\u00f3lag <strong>Saka<\/strong> \u00e9s <strong>Martinelli<\/strong> sz\u00e1m\u00e1ra sem maradt el\u00e9g ter\u00fclet, hogy v\u00e9d\u0151j\u00e9t lend\u00fcletb\u0151l megverve juthasson a kapu el\u00e9, ez pedig a k\u00f6z\u00e9pen \u00e9rkez\u0151k lehet\u0151s\u00e9geit is limit\u00e1lta. A j\u00e1t\u00e9kk\u00e9p k\u00eds\u00e9rtetiesen hasonl\u00edtott ahhoz, amit b\u0151 egy h\u00f3napja a Barcelon\u00e1r\u00f3l <a href=\"https:\/\/sport24.24.hu\/foci\/2024\/01\/21\/barcelona-problemak-elemzes-spanyol-foci\/\" target=\"_blank\" rel=\"noopener\">le\u00edrtunk<\/a>: mivel a j\u00e1t\u00e9kosok folyamatosan statikus helyzetben \u00e9rkeznek a kapu el\u00e9, k\u00f6z\u00e9p- \u00e9s hossz\u00fat\u00e1von az xG-mutat\u00f3t sz\u00fcks\u00e9gszer\u0171en \u201ebecsapva\u201d alul fognak teljes\u00edteni. Az elm\u00falt hetekben azonban ezen a t\u00e9ren l\u00e1that\u00f3 n\u00e9mi fejl\u0151d\u00e9s, amelynek t\u00f6bb szintje is van.\r\n<div class=\"payable-content-section\"><\/div>\r\nA legfontosabb, hogy az Arsenal valamivel gyorsabban \u00e9rkezik az ellenf\u00e9l kapuja el\u00e9. A j\u00e1t\u00e9kosok jobban \u00e9rzik az egyens\u00falyt, melyik pillanatban kell lend\u00fcletb\u0151l bet\u00f6rni a v\u00e9delem m\u00f6g\u00e9, hogy a t\u00e1mad\u00e1s ne legyen t\u00fal direkt, de ne is tolj\u00e1k vissza az ellenfelet a kapu el\u00e9. A ter\u00fcletbe bel\u0151tt labda \u00edgy ak\u00e1r h\u00e1tulr\u00f3l, hosszabban is \u00e9rkezhet, ak\u00e1r a v\u00e9d\u0151sorb\u00f3l, ak\u00e1r Declan Rice l\u00e1b\u00e1r\u00f3l. Havertz, Odegaard vagy \u00e9ppen Trossard pedig indulhat is a vonalak k\u00f6z\u00f6tt, els\u0151sorban a sz\u00e9ls\u0151 \u00e9s a bels\u0151 v\u00e9d\u0151 k\u00f6z\u00f6tti ter\u00fcletr\u0151l \u201ekibontva\u201d az ellenfelek v\u00e9dekez\u00e9s\u00e9t.\r\n\r\n<img class=\"alignnone size-full wp-image-12271\" src=\"https:\/\/sport24.24.hu\/app\/uploads\/sites\/24\/2024\/03\/arsenal1.png\" alt=\"\" width=\"1920\" height=\"971\" \/>\r\n\r\n<em>\u00c1tt\u00f6r\u00e9s a Newcastle ellen. White, Havertz \u00e9s Martinelli is gyorsan a v\u00e9delmi vonal m\u00f6g\u00e9 indul; nem v\u00e1rj\u00e1k meg, am\u00edg az ellenf\u00e9l bet\u00f6m\u00f6r\u00fcl a kapu el\u00e9. Martinelli visszagur\u00edt\u00e1s\u00e1b\u00f3l a m\u00e1sodik hull\u00e1mban \u00e9rkez\u0151 Havertz szerzi a gy\u0151ztes g\u00f3lt.<\/em>\r\n\r\n<img class=\"alignnone size-full wp-image-12272\" src=\"https:\/\/sport24.24.hu\/app\/uploads\/sites\/24\/2024\/03\/arsenal2.png\" alt=\"\" width=\"1920\" height=\"966\" \/>\r\n\r\n<em>A Burnley elleni els\u0151 g\u00f3l. Direkt t\u00e1mad\u00e1s v\u00e9g\u00e9n Martinelli befel\u00e9 h\u00faz, Kiwior m\u00f6g\u00e9 ker\u00fcl, a visszagur\u00edt\u00e1sb\u00f3l Odegaard t\u00e1volr\u00f3l szerzi meg a vezet\u00e9st.<\/em>\r\n\r\nEhhez kapcsol\u00f3dik egy\u00e9nileg <strong>Bukayo Saka<\/strong> szerepe is. A fiatal jobbsz\u00e9ls\u0151 az Arsenal egyik legfontosabb alapember\u00e9v\u00e9 n\u0151tte ki mag\u00e1t az elm\u00falt \u00e9vekben, amit a sz\u00e1mok is bizony\u00edtanak. Saka 13 g\u00f3lj\u00e1val \u00e9s 7 g\u00f3lpassz\u00e1val messze a h\u00e1zi \u201ekanadai t\u00e1bl\u00e1zat\u201d \u00e9l\u00e9n \u00e1ll, az xG, az xA (v\u00e1rhat\u00f3 g\u00f3lpassz) \u00e9s az xGChain (azon l\u00f6v\u00e9ssel v\u00e9gz\u0151d\u0151 t\u00e1mad\u00e1sok \u00e9rt\u00e9ke, amelyekben a j\u00e1t\u00e9kos r\u00e9szt vesz) mutat\u00f3ban is a csapat \u00e9llovasa. Az xGBuildup (az el\u0151bbi xGChain mutat\u00f3 kulcspasszok n\u00e9lk\u00fcl) tekintet\u00e9ben (10.45) is csak William Saliba (11.96), Declan Rice (12.00) \u00e9s Martin Odegaard (12.45) el\u0151zi meg \u0151t, ami azt mutatja:\r\n\r\n<span class=\"highlight-block\">Saka a labdakihozatalokban is nagyobb m\u00e9rt\u00e9kben vesz r\u00e9szt csat\u00e1rt\u00e1rsain\u00e1l. <\/span>\r\n\r\nEz olykor h\u00e1tr\u00e1nyos is, hiszen a kaput\u00f3l t\u00e1vol ker\u00fclve nehezebben tud egy az egy elleni, vagy l\u00f6v\u0151helyzetbe ker\u00fclni, \u00e1m mindek\u00f6zben megvan a labdabiztoss\u00e1ga ahhoz, hogy a let\u00e1mad\u00e1s al\u00f3l kiforogva seg\u00edtse csapat\u00e1t egy-egy szorult helyzetben. Egyre t\u00f6bbsz\u00f6r mozog befel\u00e9, a sz\u00e9ls\u0151 \u00e9s bels\u0151 v\u00e9d\u0151 k\u00f6z\u00f6tti ter\u00fcletet t\u00e1madva, de \u00e9rdekess\u00e9g, hogy a mellette j\u00e1tsz\u00f3 sz\u00e9ls\u0151 v\u00e9d\u0151 ilyenkor nem, vagy nem mindig hajt v\u00e9gre m\u00f6g\u00e9 ker\u00fcl\u00e9st. Az Arsenal j\u00e1t\u00e9ka ezekben a szitu\u00e1ci\u00f3kban centr\u00e1lisabb\u00e1 v\u00e1lik, Saka pedig a kapuhoz k\u00f6zelebb jutva k\u00e9pes bead\u00f3 vagy l\u00f6v\u0151helyzetbe ker\u00fclni, \u00fagy, hogy egy v\u00e9d\u0151vel kevesebb van az \u00fatj\u00e1ban.\r\n\r\n<img class=\"alignnone size-full wp-image-12273\" src=\"https:\/\/sport24.24.hu\/app\/uploads\/sites\/24\/2024\/03\/arsenal3.png\" alt=\"\" width=\"1920\" height=\"957\" \/>\r\n\r\n<em>Saka beindul a v\u00e9delmi vonal m\u00f6g\u00e9, de White nem hajt v\u00e9gre m\u00f6g\u00e9 ker\u00fcl\u00e9st. B\u00e1r az Arsenal szerkezete \u00edgy \u201ekeskenyebb\u00e9\u201d v\u00e1lik, Saka k\u00f6zelebb ker\u00fcl a kapuhoz, \u00e9s Odegaard passz\u00e1b\u00f3l nagyszer\u0171 g\u00f3lt l\u0151.<\/em>\r\n\r\nAz Arsenal j\u00e1t\u00e9ka \u00edgy kev\u00e9sb\u00e9 szorul a sz\u00e9lekre, amit egy m\u00e1sik taktikai fejl\u0151d\u00e9s is el\u0151seg\u00edt: a j\u00e1t\u00e9kosok mind t\u00f6bbsz\u00f6r pr\u00f3b\u00e1lkoznak a labda oldal\u00e1nak t\u00falt\u00f6lt\u00e9s\u00e9vel, ak\u00e1r fel\u00e9p\u00edtett t\u00e1mad\u00e1sn\u00e1l, ak\u00e1r egy-egy hossz\u00fa kir\u00fag\u00e1s ut\u00e1n. Ezzel a j\u00e1t\u00e9kosok k\u00f6z\u00f6tti t\u00e1vols\u00e1g is cs\u00f6kken, tov\u00e1bb\u00e1 az ellenf\u00e9l v\u00e9dekez\u00e9s\u00e9t is \u201ekibillentik\u201d, ami p\u00f6rg\u0151sebb\u00e9 teszi a j\u00e1t\u00e9kot.\r\n\r\n<img class=\"alignnone size-full wp-image-12274\" src=\"https:\/\/sport24.24.hu\/app\/uploads\/sites\/24\/2024\/03\/arsenal4.png\" alt=\"\" width=\"1920\" height=\"976\" \/>\r\n\r\n<em>A leveg\u0151ben l\u00e9v\u0151 labda \u00f6sszeszed\u00e9se ut\u00e1n az Arsenal t\u00falt\u00f6lti a p\u00e1lya bal oldal\u00e1t. A j\u00e1t\u00e9k Odegaardon kereszt\u00fcl a m\u00e1sik oldal fel\u00e9 folytat\u00f3dik, ahol Saka izol\u00e1ltan, egyed\u00fcl \u00e9rkezik, \u00e9s szerez g\u00f3lt.<\/em>\r\n\r\n<img class=\"alignnone size-full wp-image-12275\" src=\"https:\/\/sport24.24.hu\/app\/uploads\/sites\/24\/2024\/03\/arsenal5.png\" alt=\"\" width=\"1914\" height=\"977\" \/>\r\n\r\n<em>A Sheffield elleni els\u0151 g\u00f3l. A j\u00e1t\u00e9kosok t\u00falt\u00f6ltik a p\u00e1lya bal oldal\u00e1t, a vonalak k\u00f6z\u00f6tt minden folyos\u00f3ba van beindul\u00f3 ember. Az ellenf\u00e9l v\u00e9delme az alapvonalig visszah\u00fazva, Odegaard a m\u00e1sodik hull\u00e1mban \u00e9rkezve l\u0151het g\u00f3lt.<\/em>\r\n\r\n<span class=\"highlight-block\">A kor\u00e1bban l\u00e1tott t\u00e1mad\u00e1s\u00e9p\u00edt\u00e9si probl\u00e9m\u00e1k azonban m\u00e9g nem m\u00faltak el teljesen, <\/span>\r\n\r\ns ezt legink\u00e1bb a Porto elleni BL-negyedd\u00f6nt\u0151 odav\u00e1g\u00f3ja mutatta meg. A portug\u00e1l egy\u00fcttes kit\u0171n\u0151en szervezett 4-1-4-1-es v\u00e9dekez\u00e9ssel v\u00e1rta a londoniakat: a k\u00f6z\u00e9ps\u0151 blokkb\u00f3l meglepet\u00e9sszer\u0171en kit\u00e1madva, visszafel\u00e9 kezdte tolni az Arsenal labdakihozatal\u00e1t. Mik\u00f6zben a Porto a labd\u00e1ra is j\u00f3val nagyobb nyom\u00e1st helyezett, mint p\u00e9ld\u00e1ul a Sheffield United, a v\u00e9delmi vonal is j\u00f3val magasabban volt, amit \u00edgy a t\u00e1mad\u00f3k beindul\u00e1sai kev\u00e9sb\u00e9 tudtak vesz\u00e9lyeztetni. Az Arsenal nehezen tal\u00e1lta a j\u00e1t\u00e9k ritmus\u00e1t, ism\u00e9t felbukkantak a k\u00e9t sz\u00e9ls\u0151 fel\u00e9 kik\u00fcld\u00f6tt, lass\u00fa, magas labd\u00e1k, r\u00e1ad\u00e1sul a nagy nyom\u00e1s alatt Rice \u00e9s \u00d6degaard is egyre ink\u00e1bb a v\u00e9delmi blokkon k\u00edv\u00fclre kezdett mozogni. Az angol egy\u00fcttes v\u00e9g\u00fcl 95 perc alatt egyszer sem tal\u00e1lta el a kaput, a hazaiak pedig a hosszabb\u00edt\u00e1sban szerezt\u00e9k meg a gy\u0151ztes g\u00f3lt.\r\n\r\n<img class=\"alignnone size-full wp-image-12276\" src=\"https:\/\/sport24.24.hu\/app\/uploads\/sites\/24\/2024\/03\/arsenal6.png\" alt=\"\" width=\"1918\" height=\"981\" \/>\r\n\r\n<em>Labdakihozatal a Porto ellen. \u00d6degaard visszal\u00e9p, a fel\u00e1ll\u00e1st 3-2-5-re alak\u00edtva, a Porto 4-3-3-ban emberfog\u00e1ssal tolja visszafel\u00e9 az Arsenalt. A londoniak az eg\u00e9sz m\u00e9rk\u0151z\u00e9sen nehezen tudtak berendezkedni az ellenf\u00e9l t\u00e9rfel\u00e9n.<\/em>\r\n\r\n<img class=\"alignnone size-full wp-image-12277\" src=\"https:\/\/sport24.24.hu\/app\/uploads\/sites\/24\/2024\/03\/arsenal7.png\" alt=\"\" width=\"1920\" height=\"981\" \/>\r\n\r\n<em>Visszat\u00e9r az ellenf\u00e9l t\u00e9rfel\u00e9n kor\u00e1bban l\u00e1tott statikus j\u00e1t\u00e9k: Saka \u00e1ll\u00f3 helyzetben kapja a labd\u00e1t, Trossard beindul, de nem megfelel\u0151 \u00fctemben. Saka k\u00e9nytelen visszapasszolni a labd\u00e1t.<\/em>\r\n\r\nAz Arsenal labda elleni j\u00e1t\u00e9ka az id\u00e9n v\u00e9gig kiemelked\u0151 volt. A Premier League-ben messze a legkevesebb xG-t (22.12) engedt\u00e9k az ellenfeleknek, a Manchester Cityt (25.70) \u00e9s a Liverpoolt (33.789 is j\u00f3csk\u00e1n megel\u0151zve. Itt l\u00e1tszik Arteta munk\u00e1j\u00e1n, milyen pontoss\u00e1ggal szervezte meg csapata egy\u00fctt mozg\u00e1s\u00e1t, a ter\u00fcletv\u00e9dekez\u00e9st \u00e9s az emberfog\u00e1st kit\u0171n\u0151en v\u00e1ltogatva. Az ellenf\u00e9l t\u00e9rfel\u00e9n az Arsenal agressz\u00edvan \u00e9s szervezetten t\u00e1mad le. A 4-4-2-es fel\u00e1ll\u00e1sban a labda k\u00f6zel\u00e9ben l\u00e9v\u0151 ellenfeleket emberfog\u00e1ssal semleges\u00edti a csapat, m\u00edg a t\u00faloldali sz\u00e9ls\u0151k \u00e1ltal\u00e1ban a centrumot z\u00e1rj\u00e1k le. Sz\u00fcks\u00e9g eset\u00e9n ak\u00e1r a k\u00f6z\u00e9ph\u00e1tv\u00e9dek is fell\u00e9pnek az ember\u00fckkel, nem f\u00e9lve att\u00f3l, hogy m\u00f6g\u00f6tt\u00fck esetleg t\u00f6bb ter\u00fclet marad. A saj\u00e1t t\u00e9rf\u00e9len pedig a csapat gyakran emberfog\u00e1sra \u00e1ll \u00e1t: Saka sz\u00fcks\u00e9g eset\u00e9n \u00f6t\u00f6dik v\u00e9d\u0151k\u00e9nt is k\u00f6veti visszafel\u00e9 az ellenf\u00e9l balh\u00e1tv\u00e9dj\u00e9t, ugyanakkor az els\u0151 sor itt is \u00fcgyel arra, hogy a szerkezeti kompakts\u00e1g \u00e9s a labd\u00e1sra helyezett nyom\u00e1s megmaradjon. A rendszer teh\u00e1t nagyj\u00e1b\u00f3l ugyanaz, amit az \u00c1gy\u00fasokt\u00f3l labda ellen m\u00e1r a m\u00falt szezonban is l\u00e1thattunk, s tov\u00e1bbra is rendk\u00edv\u00fcl magas szinten m\u0171k\u00f6dik.\r\n\r\n<img class=\"alignnone size-full wp-image-12278\" src=\"https:\/\/sport24.24.hu\/app\/uploads\/sites\/24\/2024\/03\/arsenal8.png\" alt=\"\" width=\"1911\" height=\"957\" \/>\r\n\r\n<em>Let\u00e1mad\u00e1s a Porto ellen, 4-4-2-ben. Trossard az ellenf\u00e9l kapus\u00e1t t\u00e1madja, Odegaard a labda oldali k\u00f6z\u00e9ph\u00e1tv\u00e9dre l\u00e9p fel. A labda oldal\u00e1n mindenki agressz\u00edvan embert fog, m\u00e9g a k\u00f6z\u00e9ph\u00e1tv\u00e9dek is k\u00f6vetik a visszal\u00e9p\u0151 t\u00e1mad\u00f3kat. Martinelli, mint t\u00faloldali sz\u00e9ls\u0151, a kompakts\u00e1gra \u00fcgyel.<\/em>\r\n\r\n<img class=\"alignnone size-full wp-image-12279\" src=\"https:\/\/sport24.24.hu\/app\/uploads\/sites\/24\/2024\/03\/arsenal9.png\" alt=\"\" width=\"1920\" height=\"971\" \/>\r\n\r\n<em>V\u00e9dekez\u00e9s a saj\u00e1t t\u00e9rf\u00e9len. Saka visszaz\u00e1r a sz\u00e9len, \u00e9s k\u00e9t emberre is \u00fcgyel, Odegaard \u00e9s Martinelli pedig az els\u0151 sorban helyezkedik, hogy az alakzat ne v\u00e1ljon passz\u00edvv\u00e1. A pillanatnyi fel\u00e1ll\u00e1st \u00edgy legink\u00e1bb 5-2-3-nak lehetne le\u00edrni.<\/em>\r\n\r\nV\u00e9gezet\u00fcl \u00e9rdemes r\u00f6viden sz\u00f3t ejteni az Arsenal t\u00e1mad\u00f3 sz\u00f6gleteir\u0151l is, hisz a Premier League mostani szezonj\u00e1ban az Arsenal magasabb xG-t hozott \u00f6ssze sz\u00f6gletb\u0151l (11.25), mint ak\u00e1r A Liverpool (9.07), ak\u00e1r a Manchester City (6.24). A leghat\u00e9konyabb sz\u00f6gleteikre (amelyek g\u00f3llal v\u00e9gz\u0151dtek) \u00e1ltal\u00e1ban az a jellemz\u0151, hogy az ellenfelet az \u00f6t \u00e9s felesen bel\u00fclre visszatolva, azt a ter\u00fcletet t\u00falt\u00f6ltve alak\u00edtanak ki fejel\u00e9si lehet\u0151s\u00e9get. Ezzel egyr\u00e9szt a fejel\u0151knek nem kell t\u00fal t\u00e1volr\u00f3l \u00e9rkezni\u00fck, m\u00e1sr\u00e9szt a m\u00e1sodik hull\u00e1mb\u00f3l is k\u00edn\u00e1lkozik l\u00f6v\u00e9si lehet\u0151s\u00e9g, hiszen az ellenf\u00e9l v\u00e9d\u0151inek nagy r\u00e9sze \u201evissza van h\u00fazva\u201d a kapu k\u00f6zel\u00e9be.\r\n\r\n<img class=\"alignnone size-full wp-image-12280\" src=\"https:\/\/sport24.24.hu\/app\/uploads\/sites\/24\/2024\/03\/arsenal10.png\" alt=\"\" width=\"1905\" height=\"879\" \/>\r\n\r\n<img class=\"alignnone size-full wp-image-12281\" src=\"https:\/\/sport24.24.hu\/app\/uploads\/sites\/24\/2024\/03\/arsenal11.png\" alt=\"\" width=\"1920\" height=\"960\" \/>\r\n\r\n<em>G\u00f3l sz\u00f6gletb\u0151l a Newcastle, illetve a West Ham ellen. C\u00e9l az \u00f6t\u00f6s\u00f6n bel\u00fcli ter\u00fclet t\u00falt\u00f6lt\u00e9se, a labda \u00edgy \u00e9lesen a kapu el\u00e9 \u00e9rkezik.<\/em>\r\n\r\nAz Arsenal teh\u00e1t folytatja a koncepci\u00f3zus, hossz\u00fat\u00e1v\u00fa \u00e9p\u00edtkez\u00e9st, amely t\u00f6bb \u00e9ves munk\u00e1val imm\u00e1r a PL egyik \u00e9lcsapat\u00e1v\u00e1 tette a londoni egy\u00fcttest. K\u00e9rd\u00e9ses azonban, hogy a jelenlegi g\u00f3ler\u0151s j\u00e1t\u00e9k meddig fenntarthat\u00f3,\r\n\r\n<span class=\"highlight-block\">mi t\u00f6rt\u00e9nik, ha egyszer az Arsenalnak h\u00e1tr\u00e1nyban is fel\u00e1llt fal ellen kell j\u00e1tszania. <\/span>\r\n\r\nB\u00e1r ebben a szegmensben is t\u00f6rt\u00e9nt n\u00e9mi el\u0151rel\u00e9p\u00e9s, a Porto ellen l\u00e1tottak m\u00e9g \u00f3vatoss\u00e1gra intenek.\r\n\r\nA verseny azonban nagyon szoros a h\u00e1rom \u00e9lcsapat k\u00f6z\u00f6tt, a londoni klubot pedig az elm\u00falt \u00e9vek fejl\u0151d\u00e9s\u00e9\u00e9rt a v\u00e9geredm\u00e9nyt\u0151l f\u00fcggetlen\u00fcl elismer\u00e9s illeti.\r\n\r\n[prefabricated_shortcode in_app=\"0\" code=\"%3Cdiv%20class%3D%22article_box_border%22%20style%3D%22background%3A%20url%28%27https%3A%2F%2F24.p3k.hu%2Fapp%2Fuploads%2Fsites%2F24%2F2021%2F05%2Fsport24-pattern.png%27%29%20no-repeat%20left%20-16px%20%23f3f3f4%3B%20border%3A%20none%3B%22%3E%0D%0A%3Cdiv%20class%3D%22article_solidheader%22%3E%0D%0A%3Ch2%20style%3D%22color%3A%20%23111115%21important%3B%20font-size%3A%2036px%3B%20font-weight%3A%20bold%3B%20margin-bottom%3A%2030px%3B%20margin-top%3A%2020px%3B%20text-align%3A%20center%3B%20line-height%3A%2036px%3B%22%3E%3Cimg%20class%3D%22aligncenter%20size-full%20wp-image-141%22%20src%3D%22https%3A%2F%2F24.p3k.hu%2Fapp%2Fuploads%2Fsites%2F24%2F2021%2F05%2Fs24-logo-dt.png%22%20alt%3D%22%22%20width%3D%22408%22%20height%3D%2290%22%20%2F%3E%3C%2Fh2%3E%0D%0A%3Ch2%20style%3D%22color%3A%20%23111115%21important%3B%20font-size%3A%2036px%3B%20font-weight%3A%20bold%3B%20margin-bottom%3A%2030px%3B%20margin-top%3A%2020px%3B%20text-align%3A%20center%3B%20line-height%3A%2040px%3B%22%3ECsatlakozz%20a%20Sport24%20k%C3%B6z%C3%B6ss%C3%A9ghez%2C%20mondd%20el%20v%C3%A9lem%C3%A9nyedet%20z%C3%A1rt%20Facebook-csoportunkban%2C%20%C3%A9s%20vegy%C3%A9l%20r%C3%A9szt%20csak%20el%C5%91fizet%C5%91knek%20el%C3%A9rhet%C5%91%20exkluz%C3%ADv%20esem%C3%A9nyeinken.%3C%2Fh2%3E%0D%0A%3C%2Fdiv%3E%0D%0A%3Cp%20style%3D%22background%3A%20%2357A600%3B%20margin-top%3A%2020px%3B%20padding%3A%2020px%3B%20text-align%3A%20center%3B%22%3E%3Ca%20style%3D%22color%3A%20%23ffffff%3B%20font-size%3A%2026px%3B%20font-weight%3A%20600%3B%22%20href%3D%22https%3A%2F%2Fwww.facebook.com%2Fgroups%2F212344460412327%22%3ECSATLAKOZOM%3C%2Fa%3E%3C%2Fp%3E%0D%0A%0D%0A%3C%2Fdiv%3E\"]","type":"rich","thumbnail_url":"https:\/\/s.24.hu\/app\/uploads\/sites\/24\/2024\/03\/gettyimages-2062995768-e1709990255430-150x150.jpg","thumbnail_width":150,"thumbnail_height":150}