{"version":"1.0","provider_name":"Sport24","provider_url":"https:\/\/sport24.24.hu","author_name":"Bruckner G\u00e1bor","author_url":"https:\/\/sport24.24.hu\/author\/brucknerg\/","title":"L\u00f3r\u00e1nt el\u0151bb az \u00dcll\u0151i \u00faton j\u00e1tszott, majd a kistarcsai t\u00e1borcsapatban","html":"T\u00e9li panor\u00e1ma volt 1949. m\u00e1rcius 6-\u00e1n az \u00dcll\u0151i \u00faton, ahol az FTC aznap nem l\u00e9pett p\u00e1ly\u00e1ra: el\u0151bb Kispest\u2013MTK, majd Vasas\u2013\u00dajpest m\u00e9rk\u0151z\u00e9st rendeztek. A karikaturista <strong>Szepes B\u00e9la<\/strong> a lel\u00e1t\u00f3n megjegyezte: \u201eMa itt a s\u00edel\u0151k megrendezhett\u00e9k volna elmaradt versenyeiket.\u201d A N\u00e9pszava pedig azt \u00edrta: \u201eG\u00f3lz\u00e1por helyett h\u00f3z\u00e1por az \u00dcll\u0151i \u00faton.\u201d\r\n\r\nAz els\u0151 tal\u00e1lkoz\u00f3 0-0-val, a m\u00e1sodik 2-1-es Vasas-gy\u0151zelemmel z\u00e1rult. A piros-k\u00e9kekn\u00e9l j\u00f3 ideig utolj\u00e1ra j\u00e1tszott <strong>L\u00f3r\u00e1nt Gyula<\/strong> \u2013 aki 84 bajnoki meccsen szerepelt a Vasas, majd 85 m\u00e9rk\u0151z\u00e9sen a Honv\u00e9d csapat\u00e1ban \u2013, \u00e9s szint\u00e9n h\u00f3napokra elb\u00facs\u00fazott az \u00dajpestt\u0151l <strong>Egresi B\u00e9la<\/strong>.\r\n\r\nMindkettej\u00fcket a kistarcsai intern\u00e1l\u00f3 t\u00e1borba vitt\u00e9k a ferencv\u00e1rosi <strong>K\u00e9ri K\u00e1rollyal<\/strong> \u00e9s <strong>M\u00e9sz\u00e1ros J\u00f3zseffel<\/strong> egy\u00fctt. M\u00e9gpedig az\u00e9rt, mert\r\n\r\n<span class=\"highlight-block\">\u201edisszid\u00e1lni\u201d akartak \u00e9s \u201ev\u00e1ndorcsapatot\u201d szerveztek \u201eb\u0171nsz\u00f6vetkezetben\u201d,<\/span>\r\n\r\n\u00e1m a mozgol\u00f3d\u00e1st leleplezte az \u00e9ber hatalom. (Az \u00fcgyben m\u00e1s labdar\u00fag\u00f3k is benne voltak, de <strong>Grosics Gyul\u00e1t<\/strong>, <strong>Henni G\u00e9z\u00e1t<\/strong>, <strong>De\u00e1k Ferencet<\/strong> vagy <strong>Czibor Zolt\u00e1nt<\/strong> nem intern\u00e1lt\u00e1k.)\r\n\r\n[caption id=\"attachment_12262\" align=\"alignnone\" width=\"3425\"]<img class=\"size-full wp-image-12262\" src=\"https:\/\/sport24.24.hu\/app\/uploads\/sites\/24\/2024\/03\/fortepan_33740.jpg\" alt=\"\" width=\"3425\" height=\"2283\" \/> A Vasas futballcsapata, balr\u00f3l az els\u0151 L\u00f3r\u00e1nt Gyula, k\u00f6z\u00e9pen, vir\u00e1gcsokorral Szil\u00e1gyi I Gyula, mellette Kot\u00e1sz Antal, a jobb sz\u00e9len kigombolt ingben Turai Istv\u00e1n 1949.[\/caption]\r\n\r\nA Vasas\u2013\u00dajpest gy\u0151ztes g\u00f3lj\u00e1t <strong>Saroveczki Gyula<\/strong> r\u00fagta. A Kis \u00dajs\u00e1g besz\u00e1mol\u00f3j\u00e1ban az \u00e1llt: \u201eAz \u00f6reg, lelkes Saroveczkit \u00fagy \u00f6ssze\u00f6lelik, hogy majdnem \u00f6sszeroppan az \u00fcdv\u00f6zl\u00e9sek s\u00falya alatt.\u201d A d\u00f6nt\u00e9shoz\u00f3 futballista megeml\u00edtette: \u201eT\u00f6bb mint tizen\u00f6t \u00e9ve j\u00e1tszom a Vasasban, de az els\u0151 csapatban ez a m\u00e1sodik g\u00f3l, amit l\u0151ttem. \u00c9pp a legjobbkor.\u201d\r\n\r\nN\u00e9gy nappal k\u00e9s\u0151bb Saroveczki \u2013 aki k\u00e9s\u0151bb t\u00f6bb mint negyedsz\u00e1zadon \u00e1t volt a Magyar Tenisz Sz\u00f6vets\u00e9g f\u0151titk\u00e1ra \u2013 \u201ea csapat \u00f6sszess\u00e9ge nev\u00e9ben\u201d bejelentette, hogy \u201eL\u00f3r\u00e1nt Gyul\u00e1val a j\u00f6v\u0151ben nem \u00f3hajtanak egy\u00fctt j\u00e1tszani, mert nem tartj\u00e1k m\u00e9lt\u00f3nak arra, hogy a Vasas-mezt mag\u00e1ra h\u00fazza. A h\u00e1tv\u00e9d ugyanis antidemokratikus viselked\u00e9s\u00e9vel, sportszer\u0171tlen magatart\u00e1s\u00e1val megbontja a csapat egys\u00e9g\u00e9t, demoraliz\u00e1lja j\u00e1t\u00e9kost\u00e1rsait, \u00e9s vesz\u00e9lyezteti az egyre jobban kialakul\u00f3 r\u00e9gi Vasas-szellem megteremt\u00e9s\u00e9t\u201d.\r\n\r\nR\u00f6videsen az FTC kiz\u00e1rta soraib\u00f3l K\u00e9rit \u00e9s M\u00e9sz\u00e1rost \u2013 ugyanolyan okokb\u00f3l, mint a Vasas L\u00f3r\u00e1ntot \u2013, majd az \u00dajpest ugyancsak k\u00f6z\u00f6lte, hogy szak\u00edtott Egresivel.\r\n<div class=\"payable-content-section\"><\/div>\r\nM\u00e1rcius 14-\u00e9n a labdar\u00fag\u00f3-sz\u00f6vets\u00e9g a k\u00f6vetkez\u0151 k\u00f6zlem\u00e9nyt adta ki:\r\n<blockquote>Az MLSZ eln\u00f6ks\u00e9ge meg\u00e1llap\u00edtotta, hogy a fenti j\u00e1t\u00e9kosok sz\u00e9t akart\u00e1k z\u00fclleszteni saj\u00e1t, valamint t\u00f6bb els\u0151 oszt\u00e1ly\u00fa egyes\u00fclet csapat\u00e1t, vesz\u00e9lyeztett\u00e9k egyes\u00fclet\u00fck eddig el\u00e9rt eredm\u00e9nyeit \u00e9s v\u00e1ndorcsapatot szervezve, s\u00falyos erk\u00f6lcsi k\u00e1rt akartak okozni haz\u00e1nknak. Az MLSZ eln\u00f6ks\u00e9ge tudom\u00e1sul vette az egyes\u00fcletek bejelent\u00e9s\u00e9t, a j\u00e1t\u00e9kosok kiz\u00e1r\u00e1s\u00e1t, \u00e9s k\u00f6telezte az \u00e9rdekelt egyes\u00fcleteket, hogy az \u00e9rdekeik ellen ir\u00e1nyul\u00f3 \u00fcgyben az \u00f6sszes r\u00e9sztvev\u0151 ellen fegyelmi elj\u00e1r\u00e1st ind\u00edtsanak.<\/blockquote>\r\nHol voltak m\u00e1r azok a j\u00e1t\u00e9kot \u00e9rint\u0151 b\u00edr\u00e1latok, amelyek az \u00dcll\u0151i \u00fati kett\u0151s rangad\u00f3t k\u00f6vett\u00e9k? P\u00e9ld\u00e1ul ez a kritika: \u201eA Kispest\u2013MTK \u00e9s a Vasas\u2013\u00dajpest m\u00e9rk\u0151z\u00e9sen is a megd\u00f6bbent\u0151 hib\u00e1k sorozat\u00e1t k\u00f6vett\u00e9k el a j\u00e1t\u00e9kosok. Labdakezel\u00e9si fogyat\u00e9koss\u00e1g, pontatlans\u00e1g, tervszer\u0171tlens\u00e9g \u00fctk\u00f6z\u00f6tt ki, b\u0151ven k\u00f6r\u00edtve olyan kem\u00e9ny belemen\u00e9sekkel, betart\u00e1sokkal, beletalpal\u00e1sokkal, hogy mindk\u00e9t m\u00e9rk\u0151z\u00e9s v\u00e9g\u00e9n eg\u00e9sz sereg j\u00e1t\u00e9kos vonult s\u00e9r\u00fclten az \u00f6lt\u00f6z\u0151be. Val\u00f3sz\u00edn\u0171, hogy a tiszt\u00e1talan j\u00e1t\u00e9k, az er\u0151szakoskod\u00e1s a form\u00e1n k\u00edv\u00fclis\u00e9g jele. Ha nem \u00edgy volna, komolyan agg\u00f3dnunk kellene a magyar futball j\u00f6v\u0151j\u00e9\u00e9rt.\u201d\r\n\r\nKistarcsa k\u00f6ny\u00f6rtelenebb volt a legdurv\u00e1bb v\u00e9delemn\u00e9l is, ott egy <strong>Babolcsay<\/strong>-talpal\u00e1s, mely ut\u00e1n hord\u00e1gyon vitt\u00e9k le <strong>Kov\u00e1cs Imr\u00e9t<\/strong>, h\u00e1tborzongat\u00f3an meg sem kottyant volna. Mint ahogyan az is mindennapos volt, amit a Vil\u00e1g c\u00edm\u0171 lap id\u00e9zett fel a Kispest\u2013MTK-r\u00f3l: \u201eEgyszerre k\u00e9t j\u00e1t\u00e9kos is vonaglik a f\u00f6ld\u00f6n.\u201d\r\n\r\n\u00c1m v\u00e1ratlanul az elhurcoltak kez\u00e9re j\u00e1tszott<strong> Sebes Guszt\u00e1v<\/strong> sz\u00f6vets\u00e9gi kapit\u00e1nyi deb\u00fct\u00e1l\u00e1sa, az 1949. \u00e1prilis 10-\u00e9n rendezett csehszlov\u00e1k\u2013magyar m\u00e9rk\u0151z\u00e9s, amelyen legjobbjaink 5-2-es veres\u00e9get szenvedtek Pr\u00e1g\u00e1ban. K\u00e9ri ekkor m\u00e1r \u201ek\u00e9sz\u201d volt idegileg; Egresi \u2013 aki rend\u0151r f\u0151hadnagyi rangban volt a lil\u00e1kn\u00e1l \u2013 szint\u00e9n meghasonlott, hogy kellett neki \u201edobbantani\u201d, kinn Mercedesszel j\u00e1rt, \u00e9s 470 gramm aranyat kapott, ami\u00e9rt a Kispestt\u0151l \u00e1tment az \u00dajpesthez; M\u00e9sz\u00e1ros szint\u00e9n gy\u00f6tr\u0151d\u00f6tt; L\u00f3r\u00e1nt m\u00e9g viszonylag j\u00f3l el lett volna, ha nem verik meg alaposan n\u00e9h\u00e1nyszor.\r\n\r\n<span class=\"highlight-block\">A n\u00e9gyeket ritk\u00e1bban b\u00e1ntott\u00e1k, olykor m\u00e9g rendes kosztot is adtak nekik, <\/span>\r\n\r\nmert futballozniuk kellett a t\u00e1bor csapat\u00e1ban. L\u00f3r\u00e1ntot azonban Sebes a v\u00e1logatottban akarta l\u00e1tni, \u00e9s a legfels\u0151 f\u00f3rumokon interveni\u00e1lt a \u201emegt\u00e9vedtek\u201d kiszabadul\u00e1s\u00e1\u00e9rt. Pontosabban, \u0151 csak L\u00f3r\u00e1ntot akarta kihozni, de <strong>R\u00e1kosi M\u00e1ty\u00e1s<\/strong> \u00fagy d\u00f6nt\u00f6tt, akkor m\u00e1r j\u00f6jj\u00f6n ki mind a n\u00e9gy. Maga a p\u00e1rtvez\u00e9r pajt\u00e1s \u00edrta al\u00e1 \u00e1prilis 30-\u00e1n a kvartett szabadl\u00e1bra helyez\u00e9s\u00e9r\u0151l sz\u00f3l\u00f3 okiratot, majd m\u00e1jus 16-\u00e1n valamennyien visszakapt\u00e1k j\u00e1t\u00e9kjogukat.\r\n\r\nFeleki L\u00e1szl\u00f3 azt \u00edrta a korabeli N\u00e9psportban:\r\n<blockquote class=\"small-quote\">A magyar n\u00e9pi demokr\u00e1cia t\u00fcrelmes \u00e9s megbocs\u00e1t\u00f3.<\/blockquote>\r\nT\u00falzott hisz\u00e9kenys\u00e9ggel azonban ne v\u00e1dolj\u00e1k! Nem az\u00e9rt kegyelmezett meg a n\u00e9gy j\u00e1t\u00e9kosnak, mert meggy\u0151z\u0151d\u00e9se, hogy mind a n\u00e9gy j\u00e1t\u00e9kos el\u00e9rte a lelki t\u00f6k\u00e9letess\u00e9g fels\u0151fok\u00e1t. Azok, akik Egresi\u00e9ket kiengedt\u00e9k az intern\u00e1l\u00f3t\u00e1borb\u00f3l, majd a N\u00e9pfront minden els\u00f6pr\u0151 gy\u0151zelme alkalm\u00e1b\u00f3l visszaadt\u00e1k j\u00e1t\u00e9kjogukat, lehet\u0151s\u00e9get akartak adni ennek a n\u00e9gy j\u00e1t\u00e9kosnak a felemelked\u00e9sre. Vel\u00fck szemben a helyes magatart\u00e1s a v\u00e1rakoz\u00e1s. T\u0151l\u00fck f\u00fcgg, tudnak-e \u00e9lni azzal a lehet\u0151s\u00e9ggel, amelyet a n\u00e9pi demokr\u00e1cia humanizmusa adott sz\u00e1mukra.\u201d\r\n\r\nK\u00e9ri, M\u00e9sz\u00e1ros \u00e9s L\u00f3r\u00e1nt egy\u00fctt t\u00e9rt vissza m\u00e1jus 22-\u00e9n, az \u00dcll\u0151i \u00faton 35 000 n\u00e9z\u0151 el\u0151tt j\u00e1tszott FTC\u2013Vasason, amelyen a z\u00f6ld-feh\u00e9rek 7-2-re gy\u0151ztek. L\u00f3r\u00e1ntnak teh\u00e1t nem volt nagy napja. B\u00e1r dehogynem, Kistarcs\u00e1hoz k\u00e9pest egyenesen sz\u00e1rnyalt\u2026\r\n\r\n[caption id=\"attachment_12264\" align=\"alignnone\" width=\"3404\"]<img class=\"size-full wp-image-12264\" src=\"https:\/\/sport24.24.hu\/app\/uploads\/sites\/24\/2024\/03\/fortepan_33052.jpg\" alt=\"\" width=\"3404\" height=\"2269\" \/> \u00dcll\u0151i \u00fat, FTC stadion, Ferencv\u00e1ros-Vasas (7:2) m\u00e9rk\u0151z\u00e9s. Turai \u00f6kl\u00f6z De\u00e1k \u00e9s Kocsis el\u0151l.[\/caption]\r\n\r\nEgresi n\u00e9gy nappal k\u00e9s\u0151bb, az Erzs\u00e9bet-Soroks\u00e1r elleni 2-2 alkalm\u00e1val j\u00e1tszott \u00fajra az \u00dajpest csapat\u00e1ban.\r\n\r\nL\u00f3r\u00e1nt legk\u00f6zelebb okt\u00f3ber 16-\u00e1n B\u00e9csben, az osztr\u00e1k\u2013magyaron t\u0171nt fel a v\u00e1logatottban. A \u201egyan\u00fasak\u201d k\u00f6z\u00fcl Henni \u00e9s De\u00e1k is helyet kapott a 4-3-ra gy\u0151ztes tizenegyben. De\u00e1k m\u00e9g k\u00e9tszer vehette fel a c\u00edmeres mezt, azt\u00e1n nem h\u00edvt\u00e1k a keretbe. Ebben nagy r\u00e9sze volt annak, hogy 1950 nyar\u00e1n Si\u00f3fokon le\u00fct\u00f6tt k\u00e9t civil ruh\u00e1s \u00e1v\u00e9h\u00e1st, majd azt aj\u00e1nlott\u00e1k fel neki: vagy \u00e1tmegy az \u00dajpesthez, \u00e9s hallgat r\u00f3la, mint a s\u00edr, hogy mi\u00e9rt, vagy bizonytalan id\u0151re kivonj\u00e1k a forgalomb\u00f3l.\r\n\r\nAligha meglep\u0151: az el\u0151bbit v\u00e1lasztotta.\r\n\r\nA klubcsere el\u0151tt \u2013 1950. m\u00e1jus 21-\u00e9n \u2013 az FTC 8-1-re verte az \u00dajpestet. Egy esztend\u0151vel kor\u00e1bban, a Ferencv\u00e1ros megalakul\u00e1s\u00e1nak 50. \u00e9v\u00e9ben 140:36-os g\u00f3lar\u00e1nnyal nyerte el a bajnoki c\u00edmet.\r\n\r\nA bajnok 1950-ben m\u00e1r a Honv\u00e9d volt. L\u00f3r\u00e1nt m\u00e9g a Vasasban j\u00e1tszott, de 1951-ben Kispestre igazolt.\r\n\r\n<span class=\"highlight-block\">Tizenk\u00e9t \u00e9vvel k\u00e9s\u0151bb a szabad vil\u00e1got v\u00e1lasztotta.<\/span>\r\n\r\nAkkor m\u00e1r nem kapt\u00e1k el.\r\n\r\n[prefabricated_shortcode in_app=\"0\" code=\"%3Cdiv%20class%3D%22article_box_border%22%20style%3D%22background%3A%20url%28%27https%3A%2F%2F24.p3k.hu%2Fapp%2Fuploads%2Fsites%2F24%2F2021%2F05%2Fsport24-pattern.png%27%29%20no-repeat%20left%20-16px%20%23f3f3f4%3B%20border%3A%20none%3B%22%3E%0D%0A%3Cdiv%20class%3D%22article_solidheader%22%3E%0D%0A%3Ch2%20style%3D%22color%3A%20%23111115%21important%3B%20font-size%3A%2036px%3B%20font-weight%3A%20bold%3B%20margin-bottom%3A%2030px%3B%20margin-top%3A%2020px%3B%20text-align%3A%20center%3B%20line-height%3A%2036px%3B%22%3E%3Cimg%20class%3D%22aligncenter%20size-full%20wp-image-141%22%20src%3D%22https%3A%2F%2F24.p3k.hu%2Fapp%2Fuploads%2Fsites%2F24%2F2021%2F05%2Fs24-logo-dt.png%22%20alt%3D%22%22%20width%3D%22408%22%20height%3D%2290%22%20%2F%3E%3C%2Fh2%3E%0D%0A%3Ch2%20style%3D%22color%3A%20%23111115%21important%3B%20font-size%3A%2036px%3B%20font-weight%3A%20bold%3B%20margin-bottom%3A%2030px%3B%20margin-top%3A%2020px%3B%20text-align%3A%20center%3B%20line-height%3A%2040px%3B%22%3ECsatlakozz%20a%20Sport24%20k%C3%B6z%C3%B6ss%C3%A9ghez%2C%20mondd%20el%20v%C3%A9lem%C3%A9nyedet%20z%C3%A1rt%20Facebook-csoportunkban%2C%20%C3%A9s%20vegy%C3%A9l%20r%C3%A9szt%20csak%20el%C5%91fizet%C5%91knek%20el%C3%A9rhet%C5%91%20exkluz%C3%ADv%20esem%C3%A9nyeinken.%3C%2Fh2%3E%0D%0A%3C%2Fdiv%3E%0D%0A%3Cp%20style%3D%22background%3A%20%2357A600%3B%20margin-top%3A%2020px%3B%20padding%3A%2020px%3B%20text-align%3A%20center%3B%22%3E%3Ca%20style%3D%22color%3A%20%23ffffff%3B%20font-size%3A%2026px%3B%20font-weight%3A%20600%3B%22%20href%3D%22https%3A%2F%2Fwww.facebook.com%2Fgroups%2F212344460412327%22%3ECSATLAKOZOM%3C%2Fa%3E%3C%2Fp%3E%0D%0A%0D%0A%3C%2Fdiv%3E\"]","type":"rich","thumbnail_url":"https:\/\/s.24.hu\/app\/uploads\/sites\/24\/2024\/03\/fortepan_33697-masolat-150x150.jpg","thumbnail_width":150,"thumbnail_height":150}