{"version":"1.0","provider_name":"Sport24","provider_url":"https:\/\/sport24.24.hu","author_name":"Bruckner G\u00e1bor","author_url":"https:\/\/sport24.24.hu\/author\/brucknerg\/","title":"\u201eAz MTK nagy nyilv\u00e1noss\u00e1g el\u0151tt elk\u00f6vetett becs\u00fclets\u00e9rt\u00e9st szenvedett el\u201d \u2013 nyolcassal v\u00e1gott vissza a Honv\u00e9d","html":"Olyan er\u0151s volt a magyar futball m\u00e9g 1982-ben is, hogy a Honv\u00e9d mellett az NB II K\u00f6z\u00e9pcsoportj\u00e1b\u00f3l feljutott MTK-t is megh\u00edvt\u00e1k arra a ny\u00e1ri zaragozai torn\u00e1ra, amelyet hal\u00e1la \u00f3ta <strong>Carlos Lapetra<\/strong> eml\u00e9k\u00e9re rendeznek.\r\n\r\nA hajdani balsz\u00e9ls\u0151r\u0151l Spanyolorsz\u00e1gban azt \u00edrt\u00e1k: \u201eZseni volt.\u201d Klubt\u00e1rs\u00e1val, <strong>Marcelin\u00f3val<\/strong> az els\u0151 k\u00e9t Zaragoza-j\u00e1t\u00e9kos k\u00f6z\u00e9 tartozott, aki \u00e1tl\u00e9pte a szezononk\u00e9nti egymilli\u00f3 peset\u00e1s fizet\u00e9si hat\u00e1rt. A k\u00e9t csat\u00e1r k\u00e9t felejthetetlen h\u00e9t alatt, 1964. j\u00fanius 21-t\u0151l j\u00falius 5-ig zsin\u00f3rban Eur\u00f3pa-bajnoki c\u00edmet, V\u00e1s\u00e1rv\u00e1rosok Kup\u00e1j\u00e1t \u00e9s spanyol kup\u00e1t nyert.\r\n\r\nAz 1982-es Zaragoza h\u00e1rom szt\u00e1rja a n\u00e9gy \u00e9vvel k\u00e9s\u0151bb vil\u00e1gbajnok argentin <strong>Jorge Valdano<\/strong>, valamint az 1984-es Eur\u00f3pa-bajnoks\u00e1g k\u00e9t ez\u00fcst\u00e9rmese, <strong>Salva<\/strong> \u00e9s <strong>Juan Senor<\/strong> volt. A h\u00e1zigazd\u00e1k ellen az MTK 0-0-t \u00e9rt el, majd a tizenegyesp\u00e1rbajban a vend\u00e9gl\u00e1t\u00f3k gy\u0151ztek, miut\u00e1n <strong>Bors\u00f3 J\u00e1nos<\/strong> f\u00f6ld k\u00f6r\u00fcli p\u00e1ly\u00e1ra k\u00fcldte a le\u00e1ll\u00edtott labd\u00e1t.\r\n\r\nA Honv\u00e9d a <strong>Bailey<\/strong> \u2013 <strong>Duxbury<\/strong>, <strong>Moran<\/strong>, <strong>McQueen<\/strong>, <strong>Albiston<\/strong> \u2013 <strong>Wilkins<\/strong>, <strong>Robson<\/strong>, <strong>Arnold<\/strong> <strong>M\u00fchren<\/strong> \u2013 <strong>Birtles<\/strong>, <strong>Whiteside<\/strong> (<strong>McGarvey<\/strong>), <strong>Macari<\/strong> \u00f6sszet\u00e9tel\u0171 Manchester Uniteddal tal\u00e1lkozott, \u00e9s 3-1-es veres\u00e9get szenvedett \u00fagy, hogy <strong>D\u00e9t\u00e1ri Lajos<\/strong> 3-0-n\u00e1l b\u00fcntet\u0151b\u0151l sz\u00e9p\u00edtett.\r\n\r\nA Zaragoza v\u00e9g\u00fcl k\u00e9t g\u00f3l n\u00e9lk\u00fcli d\u00f6ntetlennel nyerte a torn\u00e1t \u2013 a tizenegyesr\u00fag\u00e1sokban a Manchestert is fel\u00fclm\u00falta \u2013, m\u00edg\r\n\r\n<span class=\"highlight-block\">a harmadik hely\u00e9rt v\u00edvott magyar m\u00e9rk\u0151z\u00e9s g\u00f3lzuhatagot z\u00fad\u00edtott a Romareda-stadionra: <\/span>\r\n\r\na <strong>Br\u00fcnyi<\/strong> \u2013 <strong>Szabados<\/strong>, <strong>Turner<\/strong>, <strong>Varga II Istv\u00e1n<\/strong>, <strong>Kov\u00e1cs J\u00e1nos<\/strong> \u2013 <strong>Turt\u00f3czky<\/strong>, <strong>Varga I Istv\u00e1n<\/strong>, <strong>Bogn\u00e1r<\/strong>, Bors\u00f3 \u2013 <strong>Fodor<\/strong> (<strong>Morg\u00f3s<\/strong>), <strong>F\u00fcl\u00f6p<\/strong> \u00f6ssze\u00e1ll\u00edt\u00e1s\u00fa MTK 8-1-re verte az <strong>Andrusch<\/strong> \u2013 <strong>Par\u00f3czai<\/strong>, <strong>Luk\u00e1cs<\/strong>, <strong>Garaba<\/strong>, <strong>Varga J\u00f3zsef<\/strong> \u2013 <strong>Gere<\/strong>, <strong>Gyimesi<\/strong>, <strong>T\u00f3th<\/strong> \u2013 <strong>Bodonyi<\/strong>, <strong>Dajka<\/strong>, <strong>Esterh\u00e1zy<\/strong> fel\u00e1ll\u00e1sban p\u00e1ly\u00e1ra l\u00e9p\u0151 Honv\u00e9dot.\r\n\r\nA nem \u00e9ppen a halv\u00e9r\u0171s\u00e9g\u00e9r\u0151l ismert <strong>Komora Imre<\/strong> kispesti edz\u0151 \u00f3ri\u00e1si pat\u00e1li\u00e1t rendezett, egyr\u00e9szt a megr\u00e1z\u00f3 veres\u00e9g miatt, m\u00e1sr\u00e9szt az\u00e9rt, mert a Honv\u00e9d \u201esz\u00e9p\u00edt\u0151\u201d g\u00f3lja ut\u00e1n, amelyet Gere L\u00e1szl\u00f3 szerzett, Gyimesi L\u00e1szl\u00f3 m\u00e1mort m\u00edmelve \u201erep\u00fcl\u0151z\u00f6tt\u201d a p\u00e1ly\u00e1n... Ennek oka az volt, hogy az 1982-es spanyolorsz\u00e1gi vil\u00e1gbajnoks\u00e1gon m\u00e1r kivet\u00edt\u0151kk\u00e9nt is m\u0171k\u00f6dtek az eredm\u00e9nyjelz\u0151 t\u00e1bl\u00e1k, \u00e9s a kispesti k\u00f6z\u00e9pp\u00e1ly\u00e1s kihaszn\u00e1lta, hogy premier pl\u00e1nban l\u00e1thatta mag\u00e1t az elektromos k\u00e9sz\u00fcl\u00e9ken.\r\n\r\nKomor\u00e1t tov\u00e1bbi neh\u00e9zs\u00e9g el\u00e9 \u00e1ll\u00edtott\u00e1k j\u00e1t\u00e9kosai, akik k\u00f6z\u00fcl hi\u00e1nyzott a csapatkapit\u00e1ny <strong>Nagy Antal<\/strong>. Az itthon maradt labdar\u00fag\u00f3 m\u00e9g akkor sem akarta elhinni, hogy csapata 8-1-re kikapott, amikor az eredm\u00e9nyt m\u00e1r a telev\u00edzi\u00f3ban is k\u00f6z\u00f6lt\u00e9k.\r\n\r\nA kinn l\u00e9v\u0151k P\u00e1rizs \u00e9rint\u00e9s\u00e9vel utaztak haza, \u00e9s az Orly rep\u00fcl\u0151t\u00e9ren b\u00e1natukban le\u00f6bl\u00edtettek j\u00f3 n\u00e9h\u00e1ny liter Kronenbourg 1664 m\u00e1rk\u00e1j\u00fa foly\u00e9kony kenyeret. Mire a szakvezet\u0151 r\u00e1juk tal\u00e1lt, m\u00e1r csak vihogni tudtak a szoborr\u00e1 dermedt tr\u00e9nerre, aki megtorolta a kih\u00e1g\u00e1st. Ahogyan Esterh\u00e1zy M\u00e1rton most felid\u00e9zte:\r\n<blockquote>Komora Imre Ferihegyr\u0151l egyenesen a kispesti stadionba vitette a csapatot, \u00e9s a t\u00e1molyg\u00f3 t\u00e1rsas\u00e1gnak edz\u00e9st tartott azzal a felki\u00e1lt\u00e1ssal, hogy kicsapatjuk a s\u00f6rt!<\/blockquote>\r\n<div class=\"payable-content-section\"><\/div>\r\nS milyen az \u00e9let? M\u00e1sf\u00e9l \u00e9vvel k\u00e9s\u0151bb, 1984. m\u00e1rcius 3-\u00e1n, az NB I tavaszi nyit\u00e1ny\u00e1n Honv\u00e9d\u2013MTK meccs volt Kispesten, \u00e9s a kispestiek 8-0-ra nyertek!\r\n\r\n\u201eUgyanaz t\u00f6rt\u00e9nt meg vel\u00fcnk, ami az MTK-sokkal Zaragoz\u00e1ban: minden bej\u00f6tt\u201d \u2013 mondja Esterh\u00e1zy, aki mesterh\u00e1rmast \u00e9rt el, \u00e9s Dajka L\u00e1szl\u00f3val egy\u00fctt 9-es oszt\u00e1lyzatot kapott. Gyimesi, <strong>D\u00e9t\u00e1ri Lajos<\/strong>, valamint Andrusch J\u00f3zsef kapus 8-ast \u00e9rdemelt ki, ezek szerint az agyonvert k\u00e9k-feh\u00e9rek is mutattak valamit.\r\n\r\n[caption id=\"attachment_12212\" align=\"alignnone\" width=\"1868\"]<img class=\"size-full wp-image-12212\" src=\"https:\/\/sport24.24.hu\/app\/uploads\/sites\/24\/2024\/03\/nepszavasajtofotok_1984_09-1-1657664143__pages1-1.jpg\" alt=\"\" width=\"1868\" height=\"1245\" \/> Honv\u00e9d - MTK 1984.[\/caption]\r\n\r\nNagy Antal meg azzal froclizta t\u00e1rsait, hogy \u201etess\u00e9k, ez a k\u00fcl\u00f6nbs\u00e9g a k\u00f6z\u00f6tt, hogy j\u00e1tszom vagy nem j\u00e1tszom\u2026\u201d\r\n\r\nAz XXXL-es zak\u00f3ban vastagon benne volt <strong>Palicsk\u00f3 Tibor<\/strong>, az MTK edz\u0151je, aki <strong>Nagy J\u00e1nost<\/strong> szerepeltette a jobb-bekk, <strong>Balogh \u201eTorony\u201d G\u00e1bort<\/strong> a k\u00f6z\u00e9ph\u00e1tv\u00e9d \u00e9s <strong>K\u00fcrt\u00f6si Ferencet<\/strong> az \u00fagynevezett be\u00e1ll\u00f3s posztj\u00e1n. (A balbekk a labdam\u0171v\u00e9sznek szint\u00e9n nem mondhat\u00f3 Kov\u00e1cs J\u00e1nos volt.)\u00a0 Turner Csab\u00e1t a v\u00e9delemb\u0151l kivitte a k\u00f6z\u00e9pp\u00e1ly\u00e1ra, D\u00e9t\u00e1ri \u0151rz\u00e9s\u00e9re, de a sz\u0151ke ir\u00e1ny\u00edt\u00f3val szemben majdnem \u00fagy mozgott szeg\u00e9ny, mint a m\u00e1r nem szomjas Honv\u00e9d-labdar\u00fag\u00f3k Orlyn.\r\n\r\nA N\u00e9psport azt \u00edrta a 8-0 ut\u00e1n: \u201eAmit ezen a napon a hazai g\u00e1rda produk\u00e1lt, az val\u00f3s\u00e1gos futballpar\u00e1d\u00e9 volt. A l\u00e1tv\u00e1nyos j\u00e1t\u00e9k a r\u00e9gi, nagy Honv\u00e9d\u00e9ra eml\u00e9keztetett.\u201d\r\n\r\nA N\u00e9pszabads\u00e1gban a sportol\u00f3k \u00e9s az olvas\u00f3k sz\u00e9les k\u00f6r\u00e9ben kedvelt<strong> Szab\u00f3 Ferenc<\/strong> a maga saj\u00e1tos st\u00edlus\u00e1ban foglalta \u00f6ssze a l\u00e1tottakat:\r\n<blockquote class=\"small-quote\">Jogi nyelven sz\u00f3lva, az MTK nagy nyilv\u00e1noss\u00e1g el\u0151tt elk\u00f6vetett becs\u00fclets\u00e9rt\u00e9st szenvedett el.<\/blockquote>\r\nMegeml\u00edtette tov\u00e1bb\u00e1: \u201eA kispesti szurkol\u00f3k a Honv\u00e9d labdar\u00fag\u00f3it piros \u00f6rd\u00f6g\u00f6knek nevezt\u00e9k.\u201d\r\n\r\nAz Esti H\u00edrlap szerint \u201ea rendk\u00edv\u00fcl m\u00e9ly talaj\u00fa p\u00e1ly\u00e1n a Honv\u00e9d meglep\u0151 k\u00f6nnyeds\u00e9ggel \u00e9s szellemess\u00e9ggel j\u00e1tszott, a k\u00e9k-feh\u00e9r v\u00e9d\u0151k k\u00e9ptelenek voltak a fel\u00e1zott talajhoz alkalmazkodni; a nyolcg\u00f3los k\u00fcl\u00f6nbs\u00e9g a mutatott j\u00e1t\u00e9k alapj\u00e1n egy\u00e1ltal\u00e1n nem t\u00falzott\u201d.\r\n\r\nA Magyar Nemzet meg\u00e1llap\u00edtotta: \u201eA rajt legkellemesebb meglepet\u00e9s\u00e9t a Honv\u00e9d okozta olykor szipork\u00e1z\u00f3an sz\u00ednes, szellemes j\u00e1t\u00e9k\u00e1val, s g\u00f3l\u00e1radat\u00e1val, amely a k\u00e9t ponton t\u00fal a listavezet\u0151 poz\u00edci\u00f3t is jelentette sz\u00e1m\u00e1ra. Kispesten ugyanis pillanatok alatt kisz\u00e1m\u00edtott\u00e1k, hogy a Videotonnak legal\u00e1bb hat g\u00f3llal kell gy\u0151znie a ZTE ellen, ha el\u00f6l akar maradni. A Videoton egy szer\u00e9ny g\u00f3locsk\u00e1val szerezte meg a k\u00e9t pontot, s hossz\u00fa \u00e9len \u00e1ll\u00e1s ut\u00e1n a m\u00e1sodik helyre cs\u00faszott.\u201d\r\n\r\nA K\u00e9pes Sport arr\u00f3l sz\u00e1molt be:\r\n<blockquote>Katasztr\u00f3fa \u2013 mondogatt\u00e1k m\u00e1r m\u00e9rk\u0151z\u00e9s k\u00f6zben is a Hung\u00e1ria k\u00f6r\u00fati csapat h\u00edvei. A tal\u00e1lkoz\u00f3 lef\u00faj\u00e1sa ut\u00e1n ehhez m\u00e9g bizonyos jelz\u0151ket is tettek, amelyekkel sem Palicsk\u00f3 edz\u0151t, sem Bors\u00f3\u00e9kat nem k\u00edm\u00e9lt\u00e9k.<\/blockquote>\r\n<strong>Hoffer J\u00f3zsef<\/strong>, aki az MTI sportszerkeszt\u0151s\u00e9g\u00e9nek vezet\u0151jek\u00e9nt \u00e9s sz\u00f6vets\u00e9gi kapit\u00e1nyk\u00e9nt is k\u00f6zismertt\u00e9 v\u00e1lt, azon b\u00faslakodott: \u201eNem volt kegyes az id\u0151j\u00e1r\u00e1s a tavaszi \u00e9vadnyit\u00f3hoz. Az eg\u00e9sz napos es\u0151 nyomai nemcsak a p\u00e1lya talaj\u00e1n l\u00e1tszottak meg, hanem az id\u0151j\u00e1r\u00e1s kihatott a k\u00f6z\u00f6ns\u00e9g \u00e9rdekl\u0151d\u00e9s\u00e9re is, hiszen Kispesten az \u00f6tezres n\u00e9z\u0151sz\u00e1m gyenge kassz\u00e1nak sz\u00e1m\u00edt. Pedig ezt a tal\u00e1lkoz\u00f3t t\u00edzezreknek kellett volna l\u00e1tniuk.\u201d\r\n\r\nA Hung\u00e1ria k\u00f6r\u00fatiak persze nem keseregtek, ami\u00e9rt a KO-veres\u00e9gnek nem sok tan\u00faja volt. Mert hogy kit \u00fctnek ki ilyen cs\u00fany\u00e1n, az bizony egy\u00e1ltal\u00e1n nem nyolc.\r\n\r\n[prefabricated_shortcode in_app=\"0\" code=\"%3Cdiv%20class%3D%22article_box_border%22%20style%3D%22background%3A%20url%28%27https%3A%2F%2F24.p3k.hu%2Fapp%2Fuploads%2Fsites%2F24%2F2021%2F05%2Fsport24-pattern.png%27%29%20no-repeat%20left%20-16px%20%23f3f3f4%3B%20border%3A%20none%3B%22%3E%0D%0A%3Cdiv%20class%3D%22article_solidheader%22%3E%0D%0A%3Ch2%20style%3D%22color%3A%20%23111115%21important%3B%20font-size%3A%2036px%3B%20font-weight%3A%20bold%3B%20margin-bottom%3A%2030px%3B%20margin-top%3A%2020px%3B%20text-align%3A%20center%3B%20line-height%3A%2036px%3B%22%3E%3Cimg%20class%3D%22aligncenter%20size-full%20wp-image-141%22%20src%3D%22https%3A%2F%2F24.p3k.hu%2Fapp%2Fuploads%2Fsites%2F24%2F2021%2F05%2Fs24-logo-dt.png%22%20alt%3D%22%22%20width%3D%22408%22%20height%3D%2290%22%20%2F%3E%3C%2Fh2%3E%0D%0A%3Ch2%20style%3D%22color%3A%20%23111115%21important%3B%20font-size%3A%2036px%3B%20font-weight%3A%20bold%3B%20margin-bottom%3A%2030px%3B%20margin-top%3A%2020px%3B%20text-align%3A%20center%3B%20line-height%3A%2040px%3B%22%3ECsatlakozz%20a%20Sport24%20k%C3%B6z%C3%B6ss%C3%A9ghez%2C%20mondd%20el%20v%C3%A9lem%C3%A9nyedet%20z%C3%A1rt%20Facebook-csoportunkban%2C%20%C3%A9s%20vegy%C3%A9l%20r%C3%A9szt%20csak%20el%C5%91fizet%C5%91knek%20el%C3%A9rhet%C5%91%20exkluz%C3%ADv%20esem%C3%A9nyeinken.%3C%2Fh2%3E%0D%0A%3C%2Fdiv%3E%0D%0A%3Cp%20style%3D%22background%3A%20%2357A600%3B%20margin-top%3A%2020px%3B%20padding%3A%2020px%3B%20text-align%3A%20center%3B%22%3E%3Ca%20style%3D%22color%3A%20%23ffffff%3B%20font-size%3A%2026px%3B%20font-weight%3A%20600%3B%22%20href%3D%22https%3A%2F%2Fwww.facebook.com%2Fgroups%2F212344460412327%22%3ECSATLAKOZOM%3C%2Fa%3E%3C%2Fp%3E%0D%0A%0D%0A%3C%2Fdiv%3E\"]","type":"rich","thumbnail_url":"https:\/\/s.24.hu\/app\/uploads\/sites\/24\/2024\/03\/nepszabadsag_1996_01__pages120-120-150x150.jpg","thumbnail_width":150,"thumbnail_height":150}