{"version":"1.0","provider_name":"Sport24","provider_url":"https:\/\/sport24.24.hu","author_name":"Fut\u00f3 Csaba","author_url":"https:\/\/sport24.24.hu\/author\/futocs\/","title":"A n\u00e9met foci t\u00fcnd\u00e9rmes\u00e9je, amir\u0151l senki sem besz\u00e9l","html":"Eg\u00e9szen sz\u00fcrre\u00e1lisan z\u00e1rult le a n\u00e9met m\u00e1sodoszt\u00e1ly\u00fa szezon 2023 m\u00e1jus\u00e1ban, az utols\u00f3 fordul\u00f3nak ugyanis \u00fagy mentek neki a csapatok, hogy a Darmstadt m\u00e1r biztosan feljutott, a Heidenheim \u00e9s a Hamburg viszont m\u00e9g harcban volt az automatikus Bundesliga-r\u00e9szv\u00e9tel\u00e9rt. A m\u00e9rk\u0151z\u00e9sek term\u00e9szetesen egy id\u0151pontban voltak, a hamburgi szurkol\u00f3k pedig p\u00e1ly\u00e1ra t\u00f3dultak, amikor 1-0-ra nyertek a Sandhausen vend\u00e9gek\u00e9nt, mik\u00f6zben a Heidenheim \u00e9pp veszt\u00e9sre \u00e1llt a Jahn Regensburg otthon\u00e1ban az utols\u00f3 percekben.\r\n\r\nA hangosbemond\u00f3ban is gratul\u00e1ltak a feljut\u00e1shoz, a HSV-fanatikusok nagy \u00fcnnepl\u00e9sbe kezdtek, \u00e1m j\u00f6tt a h\u00edr, hogy a riv\u00e1lis el\u0151bb egyenl\u00edtett, majd a 98. percben <strong>Tim Kleindienst<\/strong> a gy\u0151ztes tal\u00e1latot is bevitte, \u00edgy a Hamburg a harmadik, oszt\u00e1lyoz\u00f3s helyre szorult, a Heidenheim pedig megnyerte a Bundesliga 2-t, \u00e9s t\u00f6rt\u00e9nete sor\u00e1n el\u0151sz\u00f6r feljutott az \u00e9lvonalba.\r\n<blockquote class=\"twitter-tweet\">\r\n<p dir=\"ltr\" lang=\"sv\">BUNDESLIGA! BUNDESLIGA! BUNDESLIGA! BUNDESLIGA! BUNDESLIGA! BUNDESLIGA! BUNDESLIGA! BUNDESLIGA! BUNDESLIGA! \ud83c\udfc6\ud83c\udfc6\ud83c\udfc6<\/p>\r\n\ud83d\udd34\ud83d\udd35 <a href=\"https:\/\/twitter.com\/hashtag\/NurDerFCH?src=hash&amp;ref_src=twsrc%5Etfw\">#NurDerFCH<\/a> <a href=\"https:\/\/twitter.com\/hashtag\/SSVFCH?src=hash&amp;ref_src=twsrc%5Etfw\">#SSVFCH<\/a> <a href=\"https:\/\/t.co\/haihQw2AJX\">pic.twitter.com\/haihQw2AJX<\/a>\r\n\r\n\u2014 1. FC Heidenheim 1846 (@FCH1846) <a href=\"https:\/\/twitter.com\/FCH1846\/status\/1662855091139878918?ref_src=twsrc%5Etfw\">May 28, 2023<\/a><\/blockquote>\r\n<script async src=\"https:\/\/platform.twitter.com\/widgets.js\" charset=\"utf-8\"><\/script>\r\n\r\nA f\u00f6ld\u00f6n fetreng\u0151, csal\u00f3dott hamburgi drukkerekr\u0151l k\u00e9sz\u00fclt k\u00e9pek bej\u00e1rt\u00e1k a vil\u00e1gsajt\u00f3t, \u00e9s mindenki felkapta a fej\u00e9t arra, hogy vajon milyen kiscsapat \u00fct\u00f6tte el a kor\u00e1bbi Bundesliga-d\u00edn\u00f3t (amely a ligalap\u00edt\u00e1s ut\u00e1n 55 \u00e9vvel esett ki el\u0151sz\u00f6r, viszont 2018 \u00f3ta k\u00e9ptelen visszajutni az \u00e9lvonalba) az automatikus feljut\u00e1st\u00f3l. Merthogy a Heidenheim az \u00e9vezred elej\u00e9n m\u00e9g az \u00f6t\u00f6doszt\u00e1lyban szerepelt, onnan l\u00e9pdelt egyre feljebb, az el\u0151z\u0151 szezonban mind\u00f6ssze a kilencedik legnagyobb k\u00f6lts\u00e9gvet\u00e9sb\u0151l dolgozott a Bundesliga 2-ben, m\u00e9gis bajnok tudott lenni. Az RB Leipzig mellett a m\u00e1sodik klubb\u00e1 v\u00e1lt, amely elmondhatja mag\u00e1r\u00f3l, hogy a k\u00e9tezres \u00e9vekben az \u00f6t\u00f6doszt\u00e1lyt\u00f3l jutott el a Bundeslig\u00e1ig, ahol eddig \u00fagy szerepel, ami alapj\u00e1n nem elk\u00e9pzelhetetlen, hogy megragad az \u00e9lvonalban.\r\n\r\n<span class=\"highlight-block-small\">Hogy a baden-w\u00fcrttembergi kisv\u00e1ros csapata ilyen magass\u00e1gokba jutott, az els\u0151sorban <strong>Holger Sanwald<\/strong> klublen\u00f6knek \u00e9s a vezet\u0151edz\u0151nek, <strong>Frank Schmidtnek<\/strong> k\u00f6sz\u00f6nhet\u0151, akik k\u00fcl\u00f6n-k\u00fcl\u00f6n is egy futballromantikus t\u00f6rt\u00e9net f\u0151szerepl\u0151i lenn\u00e9nek, egy\u00fctt viszont egy olyan kett\u0151st alkotnak, amire nem sok p\u00e9lda akad a labdar\u00fag\u00e1sban.<\/span>\r\n\r\nSanwald ugyanis 13 \u00e9ves kor\u00e1ban ker\u00fclt a Heidenheim SB ut\u00e1np\u00f3tl\u00e1s\u00e1ba, \u00e9s mind\u00f6ssze egy olyan szezon volt, amit nem a klubn\u00e1l t\u00f6lt\u00f6tt. Visszat\u00e9r\u00e9sre ut\u00e1n is a m\u00e1sodik csapatban futballozott, m\u00e9g azt k\u00f6vet\u0151en is, hogy 1994-ben, 27 \u00e9vesen megb\u00edzt\u00e1k a labdar\u00fag\u00f3-szakoszt\u00e1ly vezet\u00e9s\u00e9vel, \u00e9s most harminc \u00e9vvel k\u00e9s\u0151bb is \u0151 az eln\u00f6k. Az \u0151 szem\u00e9lye mellett az \u00e1lland\u00f3s\u00e1got jelzi az is, hogy k\u00e9t fel\u00fcgyel\u0151 bizotts\u00e1gi tag, <strong>Harald Endres<\/strong> \u00e9s <strong>Michael Schuck<\/strong> is 1999 \u00f3ta a klub k\u00f6tel\u00e9k\u00e9be tartoznak.\r\n\r\nFranck Schmidt Heidenheimben sz\u00fcletett, a k\u00f6zeli Giengenben n\u0151tt fel, karrierje utols\u00f3 h\u00e1rom \u00e9v\u00e9ben, 2004 \u00e9s 2007 k\u00f6z\u00f6tt sz\u00fcl\u0151v\u00e1rosa csapat\u00e1ban focizott, majd visszavonult. Miut\u00e1n lez\u00e1rta j\u00e1t\u00e9koskarrierj\u00e9t, egyb\u0151l elhelyezkedett a szakmai st\u00e1bban, de m\u00e1r szeptemberben felk\u00e9rt\u00e9k az id\u0151 k\u00f6zben a Heidenheim SB-b\u0151l financi\u00e1lis okok miatt kiv\u00e1l\u00f3 \u00e9s \u00f6n\u00e1ll\u00f3 futballklubb\u00e1 alakul\u00f3 1. FC Heidenheim vezet\u00e9s\u00e9re. Eredetileg csak a t\u00e9li sz\u00fcnetig sz\u00f3lt megb\u00edz\u00e1sa az akkor m\u00e1r a negyedik vonalban szerepl\u0151 csapathoz, \u00e1m az eredm\u00e9nyek el\u00e9g meggy\u0151z\u0151ek voltak.\r\n\r\n<span class=\"highlight-block-small\">Az\u00f3ta is \u0151 a vezet\u0151edz\u0151, 2023 szeptember\u00e9ben megd\u00f6nt\u00f6tte a n\u00e9met rekordot azzal, hogy 17 \u00e9ve ir\u00e1ny\u00edtja ugyanazt a csapatot,<\/span>\r\n\r\nde az angol, a francia, az olasz \u00e9s a spanyol labdar\u00fag\u00e1s els\u0151 k\u00e9t oszt\u00e1ly\u00e1ban sincs olyan edz\u0151, akit r\u00e9gebben neveztek volna ki egy egy\u00fcttes \u00e9l\u00e9re, mint \u0151t. <strong>Diego Simeone<\/strong> k\u00f6veti a sorban, akit b\u0151 n\u00e9gy \u00e9vvel k\u00e9s\u0151bb b\u00edztak meg az Atl\u00e9tico Madridn\u00e1l.\r\n\r\n[caption id=\"attachment_12180\" align=\"alignnone\" width=\"6611\"]<img class=\"size-full wp-image-12180\" src=\"https:\/\/sport24.24.hu\/app\/uploads\/sites\/24\/2024\/03\/frank-schmidt.jpg\" alt=\"\" width=\"6611\" height=\"4407\" \/> Franck Schmidt, a Heidenheim vezet\u0151edz\u0151je.[\/caption]\r\n\r\nManaps\u00e1g a sportrealityk kor\u00e1t \u00e9lj\u00fck, de az az \u00e9rdekes, hogy Schmidtet m\u00e1r egy 2013-as dokusorozatban megismerhette a k\u00f6z\u00f6ns\u00e9g, ugyanis az <strong>Aljoscha Pause<\/strong> rendezte <em>Trainer!<\/em>-ben, ami h\u00e1rom felt\u00f6rekv\u0151 edz\u0151 karrierj\u00e9t k\u00f6vette, a Heidenheim tr\u00e9nere volt az egyik szerepl\u0151. Ebb\u0151l is kider\u00fclt, hogy egy kem\u00e9ny \u00e9s \u0151szinte szakemberr\u0151l van sz\u00f3, aki egy-egy mondattal k\u00e9pes fanatiz\u00e1lni a csapat\u00e1t a legkritikusabb pillanatokban is.\r\n\r\nSchmidt edz\u0151i kvalit\u00e1sair\u00f3l besz\u00e9lnek a p\u00e1ly\u00e1n el\u00e9rt eredm\u00e9nyek is, a m\u00e1sodik szezonj\u00e1ban feljuttatta a csapatot a harmadoszt\u00e1lyba, ahol el\u0151bb siker\u00fclt stabiliz\u00e1lni Heidenheim hely\u00e9t a tabella els\u0151 fel\u00e9ben, amit 2014-ben \u00fajabb oszt\u00e1lyl\u00e9p\u00e9s k\u00f6vetett. Ezut\u00e1n kilenc \u00e9ven \u00e1t szerepelt a Bundesliga 2-ben a Heidenheim, \u00e9s mind\u00f6ssze k\u00e9tszer nem f\u00e9rt be az els\u0151 t\u00edzbe, mik\u00f6zben 2020-ban m\u00e1r oszt\u00e1lyoz\u00f3t j\u00e1tszhatott, de a Werder elleni, idegenbeli 0-0-t egy hazai 2-2 k\u00f6vette, az idegenbeli g\u00f3lok a Br\u00e9m\u00e1nak kedveztek. K\u00f6zben a N\u00e9met Kup\u00e1ban k\u00e9tszer is negyedd\u00f6nt\u0151ig jutottak, 2019 \u00e1prilis\u00e1ban a Bayern M\u00fcnchen ellen r\u00e1ad\u00e1sul igencsak dr\u00e1mai meccsen kaptak ki \u2013 4-4 ut\u00e1n a 84. percben, <strong>Robert Lewandowski<\/strong> tizenegyesb\u0151l szerzett g\u00f3lj\u00e1val d\u0151lt el a tov\u00e1bbjut\u00e1s a Bayern jav\u00e1ra.\r\n<div class=\"payable-content-section\"><\/div>\r\nA Bundesliga 2 sokszor az \u00e9lvonalb\u00f3l kiesett \u00f3ri\u00e1sok j\u00e1tsz\u00f3tere, de az hamar kider\u00fclt az el\u0151z\u0151 szezonban, hogy a Heidenheim lesben \u00e1ll majd v\u00e9gig, hogy lecsapjon a lehet\u0151s\u00e9gre, ha mondjuk a Hamburg megint botlana. Febru\u00e1rig csak k\u00e9tszer kapott Schmidt csapata, hazai p\u00e1ly\u00e1n pedig mind\u00f6ssze egyszer nem szerzett pontot az eg\u00e9sz szezonban. Majdnem a bajnokik fel\u00e9n, 15 m\u00e9rk\u0151z\u00e9sen nem kapott g\u00f3lt az egy\u00fcttes, mik\u00f6zben messze fel\u00fclteljes\u00edtett az ellenf\u00e9l kapuja el\u0151tt, a 44,5-es xG-re (v\u00e1rhat\u00f3 g\u00f3lmutat\u00f3) ugyanis 64 szerzett tal\u00e1lat jutott.\r\n\r\nAz els\u0151 fordul\u00f3 nyolcadik hely\u00e9t lesz\u00e1m\u00edtva nem szorult az \u00f6t\u00f6dik poz\u00edci\u00f3n\u00e1l h\u00e1tr\u00e9bb a Heidenheim, amely a mindent eld\u00f6nt\u0151, utols\u00f3 k\u00f6rnek m\u00e1sodikk\u00e9nt rugaszkodott neki, csakhogy, amikor a Hamburg m\u00e1r megnyerte a maga meccs\u00e9t, a Heidenheim m\u00e9g 2-1-es h\u00e1tr\u00e1nyban volt. A vezet\u0151edz\u0151 ekkor ism\u00e9t megcsillogtatta motiv\u00e1ci\u00f3s k\u00e9pess\u00e9geit.\r\n<blockquote>Jan-Niklas Beste odaj\u00f6tt hozz\u00e1m, l\u00e1tszott, hogy kik\u00e9sz\u00fclt. Teljesen maga alatt volt, de mondtam neki, hogy \u00abNicky, megcsin\u00e1ljuk, csak hinned kell benne\u00bb<\/blockquote>\r\n\u2013 <a href=\"https:\/\/theathletic.com\/5083547\/2023\/11\/23\/heidenheim-bundesliga-frank-schmidt\/\">mes\u00e9lte<\/a> a The Athleticnek az edz\u0151, Beste pedig el\u0151bb egy tizenegyesb\u0151l kiegyenl\u00edtett, majd a v\u00e9g\u00e9n \u0151 adta a g\u00f3lpasszt Tim Kleindienstnek, a csapat pedig feljutott.\r\n\r\n\u00cdgy jutott el a valamivel t\u00f6bb mint 50 ezres kisv\u00e1ros csapata az \u00e9lvonalig, \u00e9s am\u00edg mi sz\u00e1jt\u00e1tva n\u00e9zz\u00fck, ahogy a Bayer Leverkusen utcahosszal vezeti a bajnoks\u00e1got, \u00e9s vakarjuk a fej\u00fcnket, hogy vajon mi cs\u00faszhatott f\u00e9lre a Bayern M\u00fcnchenn\u00e9l, addig a Heidenheim sz\u00e9p csendben megkapaszkodott a Bundesliga k\u00f6z\u00e9pmez\u0151ny\u00e9ben. Bel\u00e1that\u00f3 k\u00f6zels\u00e9gben van a 40 pontos hat\u00e1r is, ami az \u00e9lvonalban val\u00f3 megkapaszkod\u00e1st jelenten\u00e9 nagy val\u00f3sz\u00edn\u0171s\u00e9ggel.\r\n\r\nEnnek nem sok el\u0151jele volt, b\u00e1r hatan is \u00e9rkeztek a ny\u00e1ron, csak k\u00e9t j\u00e1t\u00e9kos\u00e9rt fizettek (<strong>Marvin Pieringer\u00e9rt<\/strong> 1,8 milli\u00f3, <strong>Tim Siersleben\u00e9rt<\/strong> f\u00e9lmilli\u00f3 eur\u00f3t), csak Siersleben \u00e9s az ingyen megszerzett <strong>Eren Dinkci<\/strong> j\u00f6tt k\u00f6zvetlen\u00fcl a Bundeslig\u00e1b\u00f3l az \u00fajak k\u00f6z\u00fcl.\r\n\r\nH\u00e1rom meccsen szerzett egy ponttal kezdte az id\u00e9nyt a Heidenheim, a Werder Bremen elleni 4-2-vel lett meg a t\u00f6rt\u00e9nelmi els\u0151 gy\u0151zelem az \u00e9lvonalban. Noha akadtak olyan brav\u00farok, mint a Stuttgart legy\u0151z\u00e9se, sok\u00e1ig ink\u00e1bb t\u0171nt \u00fagy, hogy a kies\u00e9s el\u00f6li menek\u00fcl\u00e9sr\u0151l sz\u00f3l majd a szezon. Azt\u00e1n december k\u00f6zep\u00e9n a Heidenheim 3-2-re legy\u0151zte a Darmstadtot, \u00e9s produk\u00e1lt egy olyan, t\u00edzmeccses sz\u00e9ri\u00e1t, amiben egyed\u00fcl <a href=\"https:\/\/sport24.24.hu\/foci\/2023\/09\/15\/xabi-alonso-taktikailag-rugalmas-leverkusenje-lehet-a-bayern-idei-kihivoja\/\">a Bayer Leverkusent\u0151l<\/a> kapott ki, de<strong> Xabi Alonso<\/strong> csapat\u00e1t\u00f3l is csak 1-0-ra \u2013 olcs\u00f3bban meg\u00faszt\u00e1k a leverkuseni hengerrel val\u00f3 tal\u00e1lk\u00e1t, mint a Bayern. Ebben az id\u0151szakban 17 pontot szereztek Frank Schmidt\u00e9k, \u00e9s ami biztat\u00f3 a j\u00f6v\u0151re n\u00e9zve, hogy kilencet idegenben, vagyis a 15 ezer f\u00e9r\u0151helyes Voith Aren\u00e1t\u00f3l t\u00e1vol is elkezdtek \u00e9letjeleket mutatni, ami a szezon els\u0151 fel\u00e9re kev\u00e9sb\u00e9 volt jellemz\u0151.\r\n<h2>A t\u00f6rt\u00e9nelmi els\u0151 gy\u0151zelem:<\/h2>\r\nhttps:\/\/www.youtube.com\/watch?v=xu7x0OFu7do&amp;ab_channel=Bundesliga\r\n\r\nAmi a Heidenheim j\u00e1t\u00e9k\u00e1t illeti, hozza a klasszikus kiscsapat feelingj\u00e9t, amit az ellenfelek l\u00e9nyeg\u00e9ben beszor\u00edtanak a saj\u00e1t kapuja el\u00e9. Mind\u00f6ssze 40 sz\u00e1zal\u00e9kos a labdabirtokl\u00e1si mutat\u00f3, de ami besz\u00e9desebb, az az Opta t\u00e9rk\u00e9pe, amin 30 r\u00e9szre osztott\u00e1k fel a p\u00e1ly\u00e1t, \u00e9s amin azt jelzik, hogy egy csapat mely r\u00e9szeket uralja, vagyis k\u00f6thet\u0151 a j\u00e1t\u00e9kosaihoz a labda\u00e9rint\u00e9sek legal\u00e1bb 55 sz\u00e1zal\u00e9ka.\r\n\r\n<span class=\"highlight-block-small\">A Heidenheim eset\u00e9ben csak <a href=\"https:\/\/theanalyst.com\/eu\/2023\/08\/german-bundesliga-stats-2023-24\/\">k\u00e9t olyan z\u00f3na van<\/a>, amelyn\u00e9l elmondhat\u00f3 ez \u00e9s mind a kett\u0151 a saj\u00e1t tizenhatos\u00e1n bel\u00fcl tal\u00e1lhat\u00f3. \u00c1rulkod\u00f3 az is, hogy a b\u00fcntet\u0151ter\u00fcletet h\u00e1rom r\u00e9szre osztott\u00e1k az Opt\u00e1n\u00e1l, a baloldali harmad pedig m\u00e1r sz\u00fcrke z\u00f3na, vagyis az ellenfelek nagyj\u00e1b\u00f3l ugyanannyiszor \u00e9rnek labd\u00e1ba ott, mint a heidenheimiek.<\/span>\r\n\r\nA csapat j\u00f3 szerepl\u00e9s\u00e9ben alighanem fontos t\u00e9nyez\u0151, hogy a feljut\u00e1st bebiztos\u00edt\u00f3 g\u00f3lokat szerz\u0151 Beste \u00e9s Kleindienst most is a legeredm\u00e9nyesebbek k\u00f6z\u00e9 tartozik, illetve a legjobb teljes\u00edtm\u00e9nyt ny\u00fajt\u00f3k k\u00f6z\u00f6tt megtal\u00e1ljuk a csapatkapit\u00e1nyt, <strong>Patrick Maink\u00e1t<\/strong>, vagy \u00e9pp <strong>Jan Sch\u00f6ppnert<\/strong> is, aki szint\u00e9n \u00e9vek \u00f3ta a klubhoz tartozik, \u0151k mind-mind r\u00e1er\u0151s\u00edtenek arra az \u00f6sszetart\u00f3 er\u0151re, ami manaps\u00e1g egyre ritk\u00e1bb a futballban. De, hogy az \u00e9rkez\u0151ket is f\u00e9nyezz\u00fck kicsit, Dinkcit kifejezetten j\u00f3 \u00e9rz\u00e9kkel v\u00e1lasztotta ki a szakmai st\u00e1b, a Werderben csak epizodista volt (17 bajnokin mind\u00f6ssze 214 j\u00e1t\u00e9kperc), most viszont rendre kezd\u0151, amit eddig nyolc g\u00f3llal \u00e9s h\u00e1rom g\u00f3lpasszal h\u00e1l\u00e1lt meg.\r\n\r\nAz is az \u00fajonc kez\u00e9re j\u00e1tszik persze, hogy a tabella vesz\u00e9lyz\u00f3n\u00e1j\u00e1ban \u00e1ll\u00f3 K\u00f6ln, Mainz, Darmstadt tri\u00f3 eddig \u00f6sszesen nyert annyi meccset (hetet), mint a Heidenheim. De emiatt nem Frank Schmidt csapat\u00e1nak kell magyar\u00e1zkodnia, ink\u00e1bb csak tartani kell ezt a temp\u00f3t, \u00e9s akkor a Heidenheim t\u00f6rt\u00e9nelmi menetel\u00e9se tov\u00e1bb folytat\u00f3dik.","type":"rich","thumbnail_url":"https:\/\/s.24.hu\/app\/uploads\/sites\/24\/2024\/03\/heidenheim-150x150.jpg","thumbnail_width":150,"thumbnail_height":150}