{"version":"1.0","provider_name":"Sport24","provider_url":"https:\/\/sport24.24.hu","author_name":"Bruckner G\u00e1bor","author_url":"https:\/\/sport24.24.hu\/author\/brucknerg\/","title":"A csapat, amely sosem j\u00e1tszik hazai p\u00e1ly\u00e1n, m\u00e9gis az NB I k\u00fcsz\u00f6b\u00e9re \u00e9rt","html":"Tavaly ny\u00e1ron a m\u00e1sodoszt\u00e1ly\u00fa szezon jelent\u0151s r\u00e9sz\u00e9ben pofont\u00f3l pofonig sz\u00e9delg\u0151 Ny\u00edregyh\u00e1za Spartacus remeg\u0151 l\u00e1bakkal utazott el az oszt\u00e1lyoz\u00f3 els\u0151 m\u00e9rk\u0151z\u00e9s\u00e9re. Az NB III nyugati csoportj\u00e1t megnyer\u0151 Veszpr\u00e9m \u2013 saj\u00e1t stadionja nem l\u00e9v\u00e9n \u2013 Ajk\u00e1n fogadta a Szparit, \u00e9s b\u00e1r j\u00e1t\u00e9kban f\u00e9lholtra verte a vend\u00e9g\u00e9t, a ny\u00edregyiek \u00f3ri\u00e1si m\u00e1zlival meg\u00faszt\u00e1k 0-0-lal. A visszav\u00e1g\u00f3 m\u00e9g sz\u00f6rny\u0171s\u00e9gesebben n\u00e9zett ki, az egy szerencs\u00e9s l\u00f6v\u00e9ssel el\u0151nybe ker\u00fcl\u0151 Szpari szinte a f\u00e9lp\u00e1ly\u00e1t sem l\u00e9pte \u00e1t, a veszpr\u00e9miek v\u00e9gig domin\u00e1ltak, de g\u00f3lt nem tudtak szerezni. Bennmaradt a Ny\u00edregyh\u00e1za.\r\n\r\nNagy ugr\u00e1s az id\u0151ben: 2024 febru\u00e1rj\u00e1nak legv\u00e9g\u00e9n a szabolcsiak h\u00e1rom nap leforg\u00e1sa alatt Gy\u0151rben melegre vert\u00e9k legf\u0151bb kih\u00edv\u00f3jukat az NB I-\u00e9rt foly\u00f3 harcban, majd egy \u00fajabb idegenbeli gy\u0151zelemmel a MOL Magyar Kup\u00e1ban is bejutottak a legjobb nyolc k\u00f6z\u00e9. A Szpari meg\u00e1ll\u00edthatatlanul menetel a Merkantil Bank Lig\u00e1ban, \u00fagy vezeti tizenegy pontos el\u0151nnyel a tabell\u00e1t, hogy mind\u00f6ssze egyetlen veres\u00e9get szenvedett el a szezonban. Alaposan megfordult a sz\u00e9lj\u00e1r\u00e1s Szabolcsban az elm\u00falt egy \u00e9vben.\r\n<h2>Lerohannak, lenyomnak, legy\u0151znek!<\/h2>\r\nEgy ekkora fordulathoz \u00e1ltal\u00e1ban \u00e9gszakad\u00e1s-f\u00f6ldindul\u00e1s kell, kiv\u00e1lt egy olyan kiegyenl\u00edtett bajnoks\u00e1gban, mint a magyar m\u00e1sodoszt\u00e1ly, amelyben az els\u0151 t\u00edz helyezett \u00e1ltal\u00e1ban laz\u00e1n \u00f6ssze-vissza veri egym\u00e1st, m\u00e9g ha minden \u00e9vben van is egy kiemelked\u0151 csapat. Ny\u00edregyh\u00e1z\u00e1n nyilv\u00e1n nem k\u00edv\u00e1ntak maguknak m\u00e9g egy olyan szezont, mint a legut\u00f3bbi, de arra tal\u00e1n a klubvezet\u00e9s sem sz\u00e1m\u00edtott, hogy az id\u00e9n febru\u00e1r v\u00e9g\u00e9re gyakorlatilag kiharcolja a feljut\u00e1st a csapat.\r\n\r\nA csapat \u00fajratervez\u00e9s\u00e9hez nyilv\u00e1n\r\n\r\n<span class=\"highlight-block\">nem j\u00f6tt rosszul a t\u0151keer\u0151s tulajdonos, <\/span>\r\n\r\n\u00e9s R\u00e9v\u00e9sz B\u00e1lint az NB II szintj\u00e9n abszol\u00fate odatette mag\u00e1t. M\u00e1r tavaly, amikor \u00e9gett a h\u00e1z, t\u00f6bb NB I-es rutinnal b\u00fcszk\u00e9lked\u0151 j\u00e1t\u00e9kos \u00e9rkezett, de a sikert eleve ellehetetlen\u00edtette, hogy a csapatot nem kevesebb, mint \u00f6t edz\u0151v\u00e1lt\u00e1s h\u00e1tr\u00e1ltatta (<strong>Lengyel Rolandot<\/strong> k\u00e9tszer is kinevezt\u00e9k, b\u00e1r m\u00e1sodj\u00e1ra m\u00e1r a sportigazgat\u00f3, <strong>Fekete Tivadar<\/strong> \u00e1llt helyette a vonal mellett). El\u0151sz\u00f6r a kispadon kellett teh\u00e1t rendet tenni.\r\n\r\n<strong>T\u00edm\u00e1r Kriszti\u00e1n<\/strong> kinevez\u00e9se mellett t\u00f6bb dolog is sz\u00f3lt. Egyr\u00e9szt a kor\u00e1bbi v\u00e9d\u0151 p\u00e1lyafut\u00e1sa sor\u00e1n volt a Szpari j\u00e1t\u00e9kosa, m\u00e1sr\u00e9szt el\u00e9g j\u00f3l ismerte az NB II-es viszonyokat, hiszen Gy\u0151rben dolgozott kor\u00e1bban, ezen k\u00edv\u00fcl tudott r\u00f3la, hogy sz\u00edvesen dolgozik fiatal j\u00e1t\u00e9kosokkal. De tal\u00e1n minden m\u00e1sn\u00e1l fontosabb volt a futballfiloz\u00f3fia, amit a fiatal edz\u0151 mag\u00e1\u00e9nak vall.\r\n\r\n&nbsp;\r\n\r\n[caption id=\"attachment_12177\" align=\"alignnone\" width=\"2048\"]<img class=\"size-full wp-image-12177\" src=\"https:\/\/sport24.24.hu\/app\/uploads\/sites\/24\/2024\/03\/szpari.jpg\" alt=\"\" width=\"2048\" height=\"1362\" \/> A Gy\u0151r ellen megnyert rangad\u00f3 ut\u00e1n.[\/caption]\r\n\r\nA Szpari \u00fagy presszingel, mintha nem lenne holnap, igyekszik min\u00e9l magasabban labd\u00e1t szerezni \u00e9s hib\u00e1kra k\u00e9nyszer\u00edteni az ellenfelet. A rendk\u00edv\u00fcl proakt\u00edv, t\u00e1mad\u00f3 szellem\u0171 j\u00e1t\u00e9kot kevesen v\u00e1llalj\u00e1k fel a m\u00e1sodoszt\u00e1lyban (tal\u00e1n m\u00e9g <strong>Acz\u00e9l Zolt\u00e1n<\/strong> Koz\u00e1rmislenye pr\u00f3b\u00e1lkozik hasonl\u00f3val), legf\u0151k\u00e9ppen az\u00e9rt, mert ez a fajta j\u00e1t\u00e9k makul\u00e1tlan er\u0151nl\u00e9tet k\u00f6vetel. De Ny\u00edregyen ezt is megoldott\u00e1k, kiv\u00e1l\u00f3 munk\u00e1t v\u00e9gez a fizi\u00f3s st\u00e1b, minek k\u00f6sz\u00f6nhet\u0151en hi\u00e1ba v\u00e1rj\u00e1k az ellenfelek, hogy a Szpari elf\u00e1rad a labda sz\u00fcntelen \u00fcld\u00f6z\u00e9s\u00e9ben.\r\n<h2>Az emberanyag is v\u00e1ltozott<\/h2>\r\nA tavaly t\u0171zolt\u00e1s c\u00e9lj\u00e1val igazolt j\u00e1t\u00e9kosok k\u00f6z\u00f6tt is akadnak, akik alapemberek lettek (p\u00e9ld\u00e1ul <strong>Nagy Barnab\u00e1s<\/strong>), de a ny\u00e1ri piacon mozgott igaz\u00e1n eredm\u00e9nyesen a Szpari. Az NB I-b\u0151l kies\u0151 Vasast\u00f3l \u00e9rkezett a csapat h\u00e1zi g\u00f3lkir\u00e1lya, <strong>G\u00e9resi Kriszti\u00e1n<\/strong>, a Kecskem\u00e9ttel nagyszer\u0171 szezon fut\u00f3 <strong>Mihajlo Rjasko<\/strong>, a T\u00edm\u00e1rral kor\u00e1bban Gy\u0151rben m\u00e1r egy\u00fctt dolgoz\u00f3 <strong>Toma Gy\u00f6rgy<\/strong>, illetve mind k\u00f6z\u00fcl a legfontosabb igazol\u00e1s, a s\u00e9r\u00fcl\u00e9s\u00e9b\u0151l l\u00e1badoz\u00f3 <strong>Nagy Dominik<\/strong>.\r\n<div class=\"payable-content-section\"><\/div>\r\nAz egykori v\u00e1logatott j\u00e1t\u00e9kossal nemcsak az utols\u00f3 passzok, hanem a g\u00f3lok is meg\u00e9rkeztek, Nagy Dominik m\u00e1r h\u00e9t tal\u00e1latn\u00e1l j\u00e1r \u00e9s kulcsfontoss\u00e1g\u00fa szerepe van a csapat j\u00e1t\u00e9k\u00e1ban.\r\n\r\n<span class=\"highlight-block\">\u0150 lett T\u00edm\u00e1r kirak\u00f3s\u00e1nak utols\u00f3 darabja, <\/span>\r\n\r\na kor\u00e1bban a Legia Warszaw\u00e1ban \u00e9s a Panathinaikoszban is j\u00e1tsz\u00f3 t\u00e1mad\u00f3val \u00e1llt \u00f6ssze az a t\u00e1mad\u00f3g\u00e9pezet, \u00e9s ez a tabella \u00e9l\u00e9re \u2013 vagyis ink\u00e1bb az NB I k\u00fcsz\u00f6b\u00e9re \u2013 rep\u00edtette a Szparit.\r\n\r\nVal\u00f3sz\u00edn\u0171leg m\u00e1r a vezet\u0151k is az els\u0151 oszt\u00e1lyban gondolkodnak, ez\u00e9rt a t\u00e9li \u00e1tigazol\u00e1si szezonban is NB I-es j\u00e1t\u00e9kosok \u00e9rkeztek, <strong>Beke P\u00e9ter<\/strong> a Paksb\u00f3l, <strong>Vida Kristopher<\/strong> a Kisv\u00e1rd\u00e1b\u00f3l igazolt a m\u00e1sodoszt\u00e1lyba, de nyilv\u00e1n mindketten azzal a c\u00e9llal, hogy j\u00f6v\u0151re \u00fajra az OTP Bank Lig\u00e1ban szerepeljenek.\r\n\r\nEbben egy\u00e9bk\u00e9nt a Ny\u00edregyh\u00e1za seg\u00edts\u00e9g\u00e9re van a teljes m\u00e1sodoszt\u00e1ly\u00fa mez\u0151ny is, amely el\u0151z\u00e9kenyen pofoztatja mag\u00e1t h\u00fcly\u00e9re a szembej\u00f6v\u0151kkel. Gy\u0151rben a rem\u00e9nyt kelt\u0151 tulajdonosv\u00e1lt\u00e1s ellen\u00e9re valami nagyon f\u00e9lrement, k\u00e9sz csoda, hogy m\u00e9g feljut\u00f3 helyen \u00e1ll a csapat, \u00e9s a Vasasn\u00e1l sem jobb a helyzet; az angyalf\u00f6ldiek h\u00edrb\u0151l sem ismerik a kiegyens\u00falyozotts\u00e1got. Tal\u00e1n m\u00e9g a negyedik helyezett Szeged n\u00e9z ki valahogy, de ott meg csat\u00e1rgondok vannak, hi\u00e1ba j\u00e1tszanak j\u00f3l \u00e9s v\u00e9dekeznek hat\u00e9konyan, rengeteg a d\u00f6ntetlenje az egy\u00fcttesnek. A t\u00f6bbiek? Statiszt\u00e1k a Szpari nagy menetel\u00e9s\u00e9hez.\r\n\r\nA 2015-ben meglehet\u0151sen furcsa elj\u00e1r\u00e1s v\u00e9g\u00e9n kiz\u00e1rt \u2013 \u00e9s a harmadoszt\u00e1lyba sz\u00e1m\u0171z\u00f6tt \u2013 klub eredm\u00e9nyeit m\u00e9g ink\u00e1bb fel\u00e9rt\u00e9keli, hogy\r\n\r\n<span class=\"highlight-block\">a Szparinak nincs hazai p\u00e1ly\u00e1ja, <\/span>\r\n\r\nazaz a hazai meccseire is utazni k\u00e9nyszer\u00fcl a csapat. J\u00e1tszottak egy darabig S\u00e9ny\u0151n, ami j\u00f3 megold\u00e1snak t\u0171nt, de a falusi p\u00e1lya talaja nem b\u00edrta a kett\u0151s terhel\u00e9st, ez\u00e9rt Balmaz\u00fajv\u00e1rosba k\u00f6lt\u00f6z\u00f6tt a csapat, ami viszont hatvan kilom\u00e9terre van Ny\u00edregyh\u00e1z\u00e1t\u00f3l.\r\n\r\nAz id\u00e9n azonban minden sz\u00e9l j\u00f3 ir\u00e1nyb\u00f3l f\u00faj: valamikor a ny\u00e1r elej\u00e9n (tal\u00e1n m\u00e9g a szezon v\u00e9ge el\u0151tt) \u00e1tadj\u00e1k a Szpari \u00faj ar\u00e9n\u00e1j\u00e1t. A r\u00e9gi v\u00e1rosi stadion hely\u00e9n felh\u00fazott l\u00e9tes\u00edtm\u00e9ny 8500 f\u0151t tud befogadni, azaz b\u0151ven megfelel az NB I-es el\u0151\u00edr\u00e1soknak. Sz\u00fcks\u00e9g is lesz r\u00e1.\r\n\r\n[prefabricated_shortcode in_app=\"0\" code=\"%3Cdiv%20class%3D%22article_box_border%22%20style%3D%22background%3A%20url%28%27https%3A%2F%2F24.p3k.hu%2Fapp%2Fuploads%2Fsites%2F24%2F2021%2F05%2Fsport24-pattern.png%27%29%20no-repeat%20left%20-16px%20%23f3f3f4%3B%20border%3A%20none%3B%22%3E%0D%0A%3Cdiv%20class%3D%22article_solidheader%22%3E%0D%0A%3Ch2%20style%3D%22color%3A%20%23111115%21important%3B%20font-size%3A%2036px%3B%20font-weight%3A%20bold%3B%20margin-bottom%3A%2030px%3B%20margin-top%3A%2020px%3B%20text-align%3A%20center%3B%20line-height%3A%2036px%3B%22%3E%3Cimg%20class%3D%22aligncenter%20size-full%20wp-image-141%22%20src%3D%22https%3A%2F%2F24.p3k.hu%2Fapp%2Fuploads%2Fsites%2F24%2F2021%2F05%2Fs24-logo-dt.png%22%20alt%3D%22%22%20width%3D%22408%22%20height%3D%2290%22%20%2F%3E%3C%2Fh2%3E%0D%0A%3Ch2%20style%3D%22color%3A%20%23111115%21important%3B%20font-size%3A%2036px%3B%20font-weight%3A%20bold%3B%20margin-bottom%3A%2030px%3B%20margin-top%3A%2020px%3B%20text-align%3A%20center%3B%20line-height%3A%2040px%3B%22%3ECsatlakozz%20a%20Sport24%20k%C3%B6z%C3%B6ss%C3%A9ghez%2C%20mondd%20el%20v%C3%A9lem%C3%A9nyedet%20z%C3%A1rt%20Facebook-csoportunkban%2C%20%C3%A9s%20vegy%C3%A9l%20r%C3%A9szt%20csak%20el%C5%91fizet%C5%91knek%20el%C3%A9rhet%C5%91%20exkluz%C3%ADv%20esem%C3%A9nyeinken.%3C%2Fh2%3E%0D%0A%3C%2Fdiv%3E%0D%0A%3Cp%20style%3D%22background%3A%20%2357A600%3B%20margin-top%3A%2020px%3B%20padding%3A%2020px%3B%20text-align%3A%20center%3B%22%3E%3Ca%20style%3D%22color%3A%20%23ffffff%3B%20font-size%3A%2026px%3B%20font-weight%3A%20600%3B%22%20href%3D%22https%3A%2F%2Fwww.facebook.com%2Fgroups%2F212344460412327%22%3ECSATLAKOZOM%3C%2Fa%3E%3C%2Fp%3E%0D%0A%0D%0A%3C%2Fdiv%3E\"]","type":"rich","thumbnail_url":"https:\/\/s.24.hu\/app\/uploads\/sites\/24\/2024\/03\/nyiregyhaza-150x150.jpg","thumbnail_width":150,"thumbnail_height":150}