{"version":"1.0","provider_name":"Sport24","provider_url":"https:\/\/sport24.24.hu","author_name":"Bruckner G\u00e1bor","author_url":"https:\/\/sport24.24.hu\/author\/brucknerg\/","title":"50 \u00e9ve volt M\u00e9sz\u00f6ly\u00e9k f\u00e1jdalmas b\u00facs\u00fameccse","html":"A hazai labdar\u00fag\u00e1sban 1974. febru\u00e1r 28-ig nem volt divatban a g\u00e1lam\u00e9rk\u0151z\u00e9s keret\u00e9ben tartott b\u00facs\u00fa. Akkor viszont h\u00e1rman is elk\u00f6sz\u00f6ntek az egyetemes magyar futball legszomor\u00fabb epiz\u00f3djak\u00e9nt.\r\n\r\nElv\u00e9gre teljess\u00e9ggel p\u00e1ratlan, hogy vil\u00e1g- \u00e9s Eur\u00f3pa-v\u00e1logatott vagy olimpiai bajnok labdar\u00fag\u00f3kat hirtelen les\u00f6p\u00f6rjenek a p\u00e1ly\u00e1r\u00f3l. Ez t\u00f6rt\u00e9nt <strong>Farkas J\u00e1nossal<\/strong> \u00e9s <strong>M\u00e9sz\u00f6ly K\u00e1lm\u00e1nnal<\/strong> 1972 m\u00e1jus\u00e1ban, amikor az extraklasszis p\u00e1ros a keserves eml\u00e9k\u0171 Eger\u2013Vasas bajnoki m\u00e9rk\u0151z\u00e9sen (3-1) utolj\u00e1ra j\u00e1tszott t\u00e9tmeccset, noha egyik\u00fck \u00e9pphogy k\u00e9t h\u00f3nappal meghaladta, m\u00e1sikuk k\u00e9t h\u00f3nappal megk\u00f6zel\u00edtette harmincadik \u00e9let\u00e9v\u00e9t.\r\n\r\nF\u00e9lret\u00e9tel\u00fcket az okozta, hogy egy Vasas\u2013MTK bajnoki tal\u00e1lkoz\u00f3 (0-3) ut\u00e1n kider\u00fclt, a m\u00e9rk\u0151z\u00e9s el\u0151tti \u2013 szerint\u00fck: ut\u00e1ni \u2013 \u00e9jszak\u00e1n \u201ekimaradtak\u201d. R\u00e1ad\u00e1sul j\u00e1t\u00e9kost\u00e1rsaik egy csoportja is megel\u00e9gelte sokadik kiruccan\u00e1sukat, ez\u00e9rt az angyalf\u00f6ldi vezet\u0151s\u00e9g p\u00e9ld\u00e1t statu\u00e1lt.\r\n\r\nM\u00e9sz\u00f6ly kifakadt:\r\n<blockquote>Elegem van a sz\u00f6vegekb\u0151l. Nem akarok minden \u00e9vben egy-egy \u00fajabb Farkas, M\u00e9sz\u00f6ly-\u00fcgy f\u0151h\u0151se lenni. Neveket nem sorolok, ez\u00e9rt csak azt mondom: ha minden egyes NB I-es j\u00e1t\u00e9kosr\u00f3l meg\u00edrt\u00e1k volna eddig, hol tart\u00f3zkodott este t\u00edz \u00f3ra ut\u00e1n...<\/blockquote>\r\n<strong>Ih\u00e1sz K\u00e1lm\u00e1n<\/strong> sem hagyta abba szebben. \u0150 1973 m\u00e1jus\u00e1ban, a Vasas\u2013Honv\u00e9d szuper kupad\u00f6nt\u0151, az MNK cs\u00facstal\u00e1lkoz\u00f3ja (4-3) ut\u00e1n m\u00e9g felemelte a tr\u00f3fe\u00e1t, majd szeptemberben, a Sunderland\u2013Vasas KEK-m\u00e9rk\u0151z\u00e9st megel\u0151z\u0151en megk\u00e9rdezte <strong>Bar\u00f3ti Lajost<\/strong>, az edz\u0151 beteszi-e a kezd\u0151 tizenegybe, mert ha nem, akkor ink\u00e1bb itthon marad vizsg\u00e1zni a Testnevel\u00e9si F\u0151iskol\u00e1n. A tr\u00e9ner rossz n\u00e9ven vette, hogy j\u00e1t\u00e9kosa akarja \u00f6ssze\u00e1ll\u00edtani a csapatot, mire Ih\u00e1sz az \u00c1rp\u00e1d-h\u00eddon lesz\u00e1llt a klub busz\u00e1r\u00f3l, \u00e9s 32 \u00e9vesen visszavonult.\r\n\r\nMajd a Vasas\u2013Videoton bajnoki meccs el\u0151tt \u00f6sszej\u00f6vetelt szervezett volna a F\u00e1y utc\u00e1ban. Ezt megengedt\u00e9k, majd v\u00e1ratlanul megtiltott\u00e1k neki. El\u0151bb levelekben megh\u00edvta azokat, akiket akart, majd hasonl\u00f3k\u00e9ppen kellett lemondania a tal\u00e1lkoz\u00f3t\u2026\r\n\r\n<span class=\"highlight-block\">Bar\u00f3ti nem csup\u00e1n vele sz\u00fart ki. <\/span>\r\n\r\nN\u00e9h\u00e1ny nappal a Farkas, Ih\u00e1sz, M\u00e9sz\u00f6ly h\u00e1rmas b\u00facs\u00faja el\u0151tt a Vasas otthon 1-1-et j\u00e1tszott a Szegeddel, miut\u00e1n <strong>Marton L\u00e1szl\u00f3<\/strong> j\u00e1t\u00e9kvezet\u0151 <strong>M\u00fcller S\u00e1ndort<\/strong> \u00e9s <strong>V\u00e1rady B\u00e9l\u00e1t<\/strong> ki\u00e1ll\u00edtotta. Megtorl\u00e1sul a szakvezet\u0151 M\u00fcllert \u00e9s V\u00e1radyt is kihagyta a g\u00e1lameccs r\u00e9sztvev\u0151i k\u00f6z\u00fcl.\r\n\r\nAz \u00fcnnepi, m\u00e9gis b\u00fab\u00e1natos m\u00e9rk\u0151z\u00e9sen \u201e25 \u00e9v v\u00e1logatottja\u201d tal\u00e1lkozott a Vasas Farkassal, Ih\u00e1sszal, M\u00e9sz\u00f6llyel meger\u0151s\u00edtett akkori NB I-es csapat\u00e1val. A negyedsz\u00e1zad legjobbjai k\u00f6z\u00f6tt a k\u00f6vetkez\u0151 labdar\u00fag\u00f3k szerepeltek: <strong>Grosics<\/strong> (<strong>Kamar\u00e1s<\/strong>, <strong>Gelei<\/strong>, <strong>Rapp<\/strong>) \u2013 <strong>Buz\u00e1nszky<\/strong> (<strong>K\u00e1poszta<\/strong>), <strong>M\u00e1trai<\/strong> (<strong>Dunai Lajos<\/strong>), <strong>Sipos<\/strong> (<strong>Berendy<\/strong>, <strong>Solymosi<\/strong>), <strong>Nov\u00e1k<\/strong> (<strong>S\u00f3v\u00e1ri<\/strong>) \u2013 <strong>Bozsik<\/strong> (<strong>Bundzs\u00e1k<\/strong>, <strong>R\u00e1kosi<\/strong>), <strong>G\u00f6r\u00f6cs<\/strong> (<strong>Szojka<\/strong>, <strong>Nagy Istv\u00e1n<\/strong>) \u2013 <strong>Budai II<\/strong> (<strong>Raduly<\/strong>), <strong>Albert<\/strong>, <strong>Tichy<\/strong>, <strong>Fenyvesi dr<\/strong>.\r\n\r\nAz angyalf\u00f6ldi g\u00e1rda \u00edgy \u00e1llt fel: Vasas: <strong>M\u00e9sz\u00e1ros<\/strong> (<strong>Tam\u00e1s<\/strong>) \u2013 <strong>T\u00f6r\u00f6k<\/strong>, M\u00e9sz\u00f6ly (<strong>Lakinger<\/strong>), <strong>Vid\u00e1ts<\/strong> (<strong>F\u00e1bi\u00e1n<\/strong>), Ih\u00e1sz \u2013 <strong>Komj\u00e1ti<\/strong>, <strong>Lakinger<\/strong> (<strong>K\u00e1ntor<\/strong>), <strong>Kov\u00e1cs Ferenc<\/strong> (<strong>F\u00f6ldi<\/strong>) \u2013 <strong>Gass<\/strong> (<strong>Szab\u00f3 S\u00e1ndor)<\/strong>, Farkas, <strong>Sz\u0151ke<\/strong> (<strong>T\u00f3th B\u00e1lint<\/strong>).\r\n\r\n<span class=\"highlight-block\">A b\u00facs\u00faz\u00f3 tri\u00f3 933 NB I-es meccset j\u00e1tszott egy\u00fcttv\u00e9ve a Vasasban<\/span>\r\n\r\n(az NB I-ben sehol m\u00e1sutt nem futballozott), \u00f6sszesen 121-szer l\u00e9pett p\u00e1ly\u00e1ra a v\u00e1logatottban, M\u00e9sz\u00f6ly t\u00f6bbsz\u00f6r\u00f6s vil\u00e1g- \u00e9s Eur\u00f3pa-, Farkas vil\u00e1gv\u00e1logatott, Farkas \u00e9s Ih\u00e1sz olimpiai bajnok volt. Mindannyian 4-szer nyertek bajnoki c\u00edmet \u2013 1966-ban, a 3-1-es liverpooli brazilver\u00e9s, Farkas \u00f6r\u00f6kbecs\u0171 kap\u00e1s- \u00e9s M\u00e9sz\u00f6ly \u201ebiztos\u00edt\u00f3\u201d tizenegyesg\u00f3lja esztendej\u00e9ben veretlen\u00fcl \u2013, 3-szor K\u00f6z\u00e9p-eur\u00f3pai Kup\u00e1t, Ih\u00e1sz (amint arr\u00f3l m\u00e1r esett sz\u00f3) kupagy\u0151ztes is volt.\r\n\r\nFarkas egymaga kilencszer j\u00e1rt a Vasassal \u00e9s a v\u00e1logatottal D\u00e9l-Amerik\u00e1ban, de a m\u00e1sik kett\u0151 is szinte otthonosan mozgott a szubkontinensen, ahol a piros-k\u00e9kek 1967-ben Chil\u00e9ben veretlen\u00fcl h\u00f3d\u00edtott\u00e1k el a Hexagonal Kup\u00e1t <strong>Pel\u00e9<\/strong> Santosa \u00e9s a klub Vil\u00e1g Kupa-v\u00e9d\u0151 montevide\u00f3i Penarol el\u0151tt. Azt\u00e1n 1968-ban Mar del Plat\u00e1n nyertek tr\u00f3fe\u00e1t a River Plate 3-0-s \u00e9s a szint\u00e9n VK-v\u00e9d\u0151 Racing 3-1-es legy\u0151z\u00e9s\u00e9vel. Majd 1970-ben Malag\u00e1r\u00f3l hoztak el egy \u00f3ri\u00e1si serleget, miut\u00e1n a spanyolorsz\u00e1gi torn\u00e1n (1-1 ut\u00e1n) a tizenegyesp\u00e1rbajban fel\u00fclm\u00falt\u00e1k a Real Madridot.\r\n\r\n<span class=\"highlight-block\">Farkas, Ih\u00e1sz, M\u00e9sz\u00f6ly mindenben benne volt.<\/span>\r\n<div class=\"payable-content-section\"><\/div>\r\nA korabeli sajt\u00f3 emelkedetten \u00edrt a f\u00e1jdalmas b\u00facs\u00fameccsr\u0151l. A Magyar H\u00edrlap feleleven\u00edtette: \u201eSok munk\u00e1juk volt a f\u00e9nyk\u00e9p\u00e9szeknek. Ennyi vil\u00e1gh\u00edr\u0171 j\u00e1t\u00e9kost ritk\u00e1n gy\u0171jthetnek zs\u00fafolt n\u00e9z\u0151t\u00e9r el\u0151tt csokorba.\u201d\r\n\r\nA m\u00e9rk\u0151z\u00e9sre 18 ezer jegyet nyomtattak \u2013 20 forintos egys\u00e9g\u00e1ron \u2013, azt\u00e1n kider\u00fclt, a N\u00e9pstadionba kellett volna vinni a tal\u00e1lkoz\u00f3t. A F\u00e1y utc\u00e1ban legal\u00e1bb 25 ezren tolongtak, de mindenki \u00e9rtes\u00fclt arr\u00f3l, hogy valamennyi bel\u00e9p\u0151 elkelt, ez\u00e9rt sokan el sem indultak. A rendez\u0151k m\u00e9g a salakp\u00e1ly\u00e1ra is sz\u00e9keket telep\u00edtettek, a k\u00f6rny\u00e9kbeli h\u00e1ztet\u0151k\u00f6n szint\u00e9n telt h\u00e1z volt.\r\n\r\n<img class=\"aligncenter wp-image-12156 size-full\" src=\"https:\/\/sport24.24.hu\/app\/uploads\/sites\/24\/2024\/02\/bucsu.jpg\" alt=\"\" width=\"800\" height=\"388\" \/>\r\n\r\nA N\u00e9pszava ezzel a c\u00edmmel sz\u00e1molt be az esem\u00e9nyr\u0151l: \u201e4-3 a labdar\u00fag\u00e1s jav\u00e1ra\u201d. (Val\u00f3j\u00e1ban \u2013 Farkas 2, Gass, Lakinger, illetve Tichy, Szojka, Albert g\u00f3lj\u00e1val \u2013 a Vasas nyert, de az eredm\u00e9ny egy\u00e1ltal\u00e1n nem volt fontos.) Majd a cikkben <strong>V\u00e1ndor K\u00e1lm\u00e1n<\/strong> \u00edgy fogalmazott:\r\n<blockquote>A k\u00f6z\u00f6ns\u00e9g \u00e9rezte a t\u00f6rt\u00e9nelmi pillanat nagyszer\u0171s\u00e9g\u00e9t, \u00e9s zs\u00fafol\u00e1sig megt\u00f6lt\u00f6tte a lel\u00e1t\u00f3kat. S\u0151t a k\u00f6rnyez\u0151 f\u00e1k, h\u00e1zak, ker\u00edt\u00e9sek \u00e9s felvonul\u00e1si \u00e9p\u00fcletek is \u00e1talakultak n\u00e9z\u0151t\u00e9rr\u00e9.<\/blockquote>\r\nA Magyar Nemzet felid\u00e9zte: \u201eAmint v\u00e9ge lett a j\u00e1t\u00e9knak, a k\u00f6z\u00f6ns\u00e9g bet\u00f3dult a p\u00e1ly\u00e1ra, \u00fcnnepelte r\u00e9gi kedvenceit. Farkast \u00e9s Ih\u00e1szt a v\u00e1llukon vitt\u00e9k le a n\u00e9z\u0151k, \u00e9s M\u00e9sz\u00f6ly is csak az\u00e9rt nem \u00e9lvezhette ily k\u00f6zvetlen\u00fcl a szurkol\u00f3k szeretet\u00e9t, mert kisebb s\u00e9r\u00fcl\u00e9se miatt a 80. percben lement a p\u00e1ly\u00e1r\u00f3l. Meghat\u00f3an sz\u00e9p b\u00facs\u00fa volt.\u201d\r\n\r\nA Labdar\u00fag\u00e1s plasztikusan jelen\u00edtette meg a cs\u00fct\u00f6rt\u00f6k d\u00e9lut\u00e1ni, m\u00e9gsem h\u00e9tk\u00f6znapi esem\u00e9nyt: \u201eAmikor a nagy \u00fcnnepl\u00e9s k\u00f6zepette a \u00bbGyertek ide!\u00ab k\u00f3rus mellett a \u00bbGyertek vissza!\u00ab is felhangzott, ez ut\u00f3bbi keser\u0171 v\u00e1gyakoz\u00e1snak, s\u00f3hajt\u00e1snak is beillett.\u201d\r\n\r\nKi tudja, h\u00e1ny f\u00e9nyes elmaradt esztend\u0151t haj\u00edtottak ki aznap az ablakon...\r\n\r\n[prefabricated_shortcode in_app=\"0\" code=\"%3Cdiv%20class%3D%22article_box_border%22%20style%3D%22background%3A%20url%28%27https%3A%2F%2F24.p3k.hu%2Fapp%2Fuploads%2Fsites%2F24%2F2021%2F05%2Fsport24-pattern.png%27%29%20no-repeat%20left%20-16px%20%23f3f3f4%3B%20border%3A%20none%3B%22%3E%0D%0A%3Cdiv%20class%3D%22article_solidheader%22%3E%0D%0A%3Ch2%20style%3D%22color%3A%20%23111115%21important%3B%20font-size%3A%2036px%3B%20font-weight%3A%20bold%3B%20margin-bottom%3A%2030px%3B%20margin-top%3A%2020px%3B%20text-align%3A%20center%3B%20line-height%3A%2036px%3B%22%3E%3Cimg%20class%3D%22aligncenter%20size-full%20wp-image-141%22%20src%3D%22https%3A%2F%2F24.p3k.hu%2Fapp%2Fuploads%2Fsites%2F24%2F2021%2F05%2Fs24-logo-dt.png%22%20alt%3D%22%22%20width%3D%22408%22%20height%3D%2290%22%20%2F%3E%3C%2Fh2%3E%0D%0A%3Ch2%20style%3D%22color%3A%20%23111115%21important%3B%20font-size%3A%2036px%3B%20font-weight%3A%20bold%3B%20margin-bottom%3A%2030px%3B%20margin-top%3A%2020px%3B%20text-align%3A%20center%3B%20line-height%3A%2040px%3B%22%3ECsatlakozz%20a%20Sport24%20k%C3%B6z%C3%B6ss%C3%A9ghez%2C%20mondd%20el%20v%C3%A9lem%C3%A9nyedet%20z%C3%A1rt%20Facebook-csoportunkban%2C%20%C3%A9s%20vegy%C3%A9l%20r%C3%A9szt%20csak%20el%C5%91fizet%C5%91knek%20el%C3%A9rhet%C5%91%20exkluz%C3%ADv%20esem%C3%A9nyeinken.%3C%2Fh2%3E%0D%0A%3C%2Fdiv%3E%0D%0A%3Cp%20style%3D%22background%3A%20%2357A600%3B%20margin-top%3A%2020px%3B%20padding%3A%2020px%3B%20text-align%3A%20center%3B%22%3E%3Ca%20style%3D%22color%3A%20%23ffffff%3B%20font-size%3A%2026px%3B%20font-weight%3A%20600%3B%22%20href%3D%22https%3A%2F%2Fwww.facebook.com%2Fgroups%2F212344460412327%22%3ECSATLAKOZOM%3C%2Fa%3E%3C%2Fp%3E%0D%0A%0D%0A%3C%2Fdiv%3E\"]","type":"rich","thumbnail_url":"https:\/\/s.24.hu\/app\/uploads\/sites\/24\/2024\/02\/meszoly-ihasz-farkas-150x150.jpg","thumbnail_width":150,"thumbnail_height":150}