{"version":"1.0","provider_name":"Sport24","provider_url":"https:\/\/sport24.24.hu","author_name":"Bruckner G\u00e1bor","author_url":"https:\/\/sport24.24.hu\/author\/brucknerg\/","title":"B\u00e1r a Netflix-sorozatnak v\u00e9ge, Sunderlandben tov\u00e1bbra is dr\u00e1ma dr\u00e1m\u00e1t k\u00f6vet","html":"Csendben, mindenf\u00e9le felhajt\u00e1s n\u00e9lk\u00fcl ker\u00fclt fel a Netflixre k\u00e9t hete a Sunderland \u2018Til I Die c\u00edm\u0171 dokumentumfilm-sorozat harmadik \u00e9vada. A sorozat 2018-as deb\u00fct\u00e1l\u00e1sakor m\u00e9lt\u00e1n aratott hatalmas sikert, hiszen az im\u00e1zsfilmk\u00e9nt m\u0171k\u00f6d\u0151, steril \u00e9s kock\u00e1zatmentes focidokumentumfilmek divatja idej\u00e9n ez nem n\u00e9lk\u00fcl\u00f6zte a dr\u00e1m\u00e1t. S\u0151t val\u00f3di \u00f6sszeoml\u00e1st \u00f6r\u00f6k\u00edtett meg, hiszen a m\u00e1sodoszt\u00e1lyba kiesett Sunderlandr\u0151l\r\n\r\n<span class=\"highlight-block\">azzal a sz\u00e1nd\u00e9kkal forgattak, hogy v\u00e9gigk\u00f6vetik, ahogy visszajut a csapat a Premier League-be, <\/span>\r\n\r\nehhez k\u00e9pest kiesett a harmadoszt\u00e1lyba. Megismerhett\u00fck a tragikusan f\u00e9lremenedzselt klub egym\u00e1st v\u00e1lt\u00f3, r\u00f6hejesen inkompetens vezet\u0151it, a h\u00e9tr\u0151l h\u00e9tre nagy p\u00e9nzeket felvev\u0151, de semmit nem produk\u00e1l\u00f3 focist\u00e1it, no meg a neh\u00e9z sors\u00fa, munk\u00e1soszt\u00e1lybeli szurkol\u00f3kat.\r\n\r\nA klubt\u00f3l ott b\u00facs\u00faztunk el, hogy maradt a harmadoszt\u00e1lyban, \u00e9s ez a k\u00f6vetkez\u0151 id\u00e9nyekben sem v\u00e1ltozott, a harmadik \u00e9vad pedig mintha azzal a sz\u00e1nd\u00e9kkal k\u00e9sz\u00fclt volna, hogy az els\u0151 k\u00e9t \u00e9vad k\u00ednjait ellens\u00falyozza valamelyest, \u00e9s meg\u00f6r\u00f6k\u00edtse a Sunderland visszat\u00e9r\u00e9s\u00e9t a m\u00e1sodoszt\u00e1lyba. Ez meg is t\u00f6rt\u00e9nik, \u00e9s sz\u00e9pen keretbe is foglalja a sorozatot az egyik szerepl\u0151, a t\u00f6rzsszurkol\u00f3 Ian Wake hal\u00e1l\u00e1val, \u00e1m k\u00f6zel sem szolg\u00e1l olyan dr\u00e1mai cs\u00facspontokkal (vagy \u00e9ppen m\u00e9lypontokkal, ahogy vessz\u00fck), mint az els\u0151 k\u00e9t \u00e9vad. Eleve mind\u00f6ssze h\u00e1rom r\u00e9szb\u0151l \u00e1ll, nem v\u00e9letlen\u00fcl \u00e9rezhetj\u00fck kicsit \u00f6sszecsapottnak, \u00e9s az alkot\u00f3k egyike, <strong>Ben Turner<\/strong> ugyan nem z\u00e1rta ki, hogy egyszer, valamikor a j\u00f6v\u0151ben m\u00e9g visszat\u00e9rnek az \u00e9szakkelet-angliai iparv\u00e1rosba, a sorozat ezzel az \u00e9vaddal lez\u00e1rult. B\u00e1r volt olyan magyar \u00fajs\u00e1g, amely <strong>Callum Styles<\/strong> Sunderlandbe igazol\u00e1s\u00e1t is azzal komment\u00e1lta, hogy a magyar v\u00e1logatott k\u00f6z\u00e9pp\u00e1ly\u00e1s ak\u00e1r a Netflix csillag\u00e1v\u00e1 is v\u00e1lhat, jelenleg nincs napirenden a folytat\u00e1s.\r\n\r\nM\u00e9g jobb k\u00e9rd\u00e9s, hogy j\u00f3l v\u00e1lasztott\u00e1k-e meg az utols\u00f3 \u00e9vad idej\u00e9t az alkot\u00f3k? Hiszen persze, a klub v\u00e9gre feljutott, v\u00e9get \u00e9rt a szerencs\u00e9tlen sz\u00e9ria, \u00e9s volt edz\u0151- \u00e9s tulajdonosv\u00e1lt\u00e1s is abban az id\u00e9nyben, de ami az\u00f3ta t\u00f6rt\u00e9nik a Sunderlandn\u00e9l, az is kamer\u00e1k ut\u00e1n ki\u00e1lt. A sorozat 2022 m\u00e1jus\u00e1ban z\u00e1rult le: a Fekete Macsk\u00e1k legy\u0151zt\u00e9k a r\u00e1j\u00e1tsz\u00e1s d\u00f6nt\u0151j\u00e9ben a Wycombe Wanderers csapat\u00e1t, \u00e9s feljebb l\u00e9phettek a Championshipbe. M\u00e1r akkor is l\u00e1tszott, hogy az els\u0151 \u00e9vadokban l\u00e1tott, lesz\u00e1ll\u00f3 \u00e1gban l\u00e9v\u0151, vagy szimpl\u00e1n rem\u00e9nytelen j\u00e1t\u00e9kosokat sikerre \u00e9hes, tehets\u00e9ges fiatalokra cser\u00e9lte a klubvezet\u00e9s, amelynek\r\n\r\n<span class=\"highlight-block\">egy\u00e9rtelm\u0171 koncepci\u00f3ja is volt a fiatal\u00edt\u00e1s. <\/span>\r\n\r\nA Sunderland ez\u00e9rt optimist\u00e1n v\u00e1rhatta a rajtot a m\u00e1sodoszt\u00e1lyban, amelyben v\u00e9gre nem volt nyom\u00e1s a csapaton, hiszen az azonnali feljut\u00e1s a Premier League-be nem t\u0171nt re\u00e1lisnak, de att\u00f3l sem kellett tartani, hogy \u00fajra a kies\u00e9s ellen k\u00fczdene az egy\u00fcttes. Ehhez k\u00e9pest a k\u00f6vetkez\u0151 szezon is esem\u00e9nyd\u00fas lett. S\u0151t.\r\n\r\nAlig n\u00e9h\u00e1ny m\u00e9rk\u0151z\u00e9st j\u00e1tszottak csak le az id\u00e9nyb\u0151l, amikor augusztus v\u00e9g\u00e9n robbant a bomba: a sikeredz\u0151 <strong>Alex Neil<\/strong> \u2013 aki f\u00e9l \u00e9ve volt csup\u00e1n a klubn\u00e1l \u2013 v\u00e1ratlanul fel\u00e1llt a kispadr\u00f3l, \u00e9s \u00e1tszerz\u0151d\u00f6tt a nagyobb \u00f6n\u00e1ll\u00f3s\u00e1got \u00e9s t\u00f6bb p\u00e9nzt \u00edg\u00e9r\u0151 Stoke-hoz. Ut\u00f3dja a tapasztalt <strong>Tony Mowbray<\/strong> lett, aki, mondjuk \u00fagy, nem a szurkol\u00f3k els\u0151 sz\u00e1m\u00fa es\u00e9lyese volt (t\u00f6bbek k\u00f6z\u00f6tt a helyi riv\u00e1lis Middlesbrough-hoz val\u00f3 k\u00f6t\u0151d\u00e9se miatt sem), \u00e9s nem vezet\u00e9s\u00e9vel nem is t\u00e1ltosodott meg a csapat az els\u0151 h\u00f3napokban. Beletelt n\u00e9mi id\u0151be, mire Mowbray \u00e9s a keret egym\u00e1sra tudott hangol\u00f3dni, \u00e1m decemberre m\u00e1r l\u00e1tszott a p\u00e1ly\u00e1n az edz\u0151 \u00e1ltal favoriz\u00e1lt, t\u00e1mad\u00f3 szellem\u0171, kombinat\u00edv passzj\u00e1t\u00e9k, \u00e9s att\u00f3l kezdve a Sunderland folyamatosan versenyben volt a r\u00e1j\u00e1tsz\u00e1st jelent\u0151 helyek\u00e9rt.\r\n\r\n[caption id=\"attachment_12103\" align=\"aligncenter\" width=\"1024\"]<img class=\"wp-image-12103 size-large\" src=\"https:\/\/sport24.24.hu\/app\/uploads\/sites\/24\/2024\/02\/gettyimages-1820949072-1024x649.jpg\" alt=\"\" width=\"1024\" height=\"649\" \/> Tony Mowbray sem tudott seg\u00edteni a csapaton.[\/caption]\r\n\r\nPedig f\u00e9lt\u00e1vn\u00e1l s\u00falyos s\u00e9r\u00fcl\u00e9s miatt elvesz\u00edtett\u00e9k a Netflix-sorozatban is l\u00e1tott g\u00f3lzs\u00e1kjukat, <strong>Ross Stewartot<\/strong>, ez\u00e9rt az id\u00e9ny utols\u00f3 h\u00f3napjait igazi csat\u00e1r n\u00e9lk\u00fcl kellett lej\u00e1tszaniuk. R\u00e1ad\u00e1sul tov\u00e1bbi kulcsj\u00e1t\u00e9kosok is kiestek s\u00e9r\u00fcl\u00e9s miatt, ennek ellen\u00e9re a csapat folyamatosan a hatodik hely k\u00f6zel\u00e9ben maradt, \u00e9s v\u00e9g\u00fcl \u2013 igaz, nem kis szerencs\u00e9vel \u2013 ki tudta haszn\u00e1lni a vet\u00e9lyt\u00e1rsak botladoz\u00e1s\u00e1t, minek nyom\u00e1n az utols\u00f3 fordul\u00f3ban bejutott a r\u00e1j\u00e1tsz\u00e1sba. Mindezt \u00fagy, hogy a t\u00f6bbnyire fiatal, technik\u00e1s j\u00e1t\u00e9kosokb\u00f3l \u00e1ll\u00f3 egy\u00fcttes szenz\u00e1ci\u00f3san \u00e9s szemre is tetszet\u0151sen futballozott. A r\u00e1j\u00e1tsz\u00e1s el\u0151d\u00f6nt\u0151j\u00e9ben a Lutont kapt\u00e1k ellenf\u00e9lnek, \u00e9s ott m\u00e1r vissza\u00fct\u00f6tt a sok hi\u00e1nyz\u00f3 (fura m\u00f3don a magas, j\u00f3l fejel\u0151 j\u00e1t\u00e9kosok estek ki), a t\u00f6bbiek val\u00f3s\u00e1ggal elt\u00f6rp\u00fcltek a riv\u00e1lis megtermett futballist\u00e1i mellett, akik ki is haszn\u00e1lt\u00e1k az es\u00e9lyt, \u00e9s folyamatosan a r\u00e9gi id\u0151ket id\u00e9zve \u00edvelgett\u00e9k a labd\u00e1t a Sunderland kapuja el\u00e9; a g\u00f3ljaikat is ilyen szitu\u00e1ci\u00f3kb\u00f3l szerezt\u00e9k.\r\n\r\n<span class=\"highlight-block\">A Sunderland teh\u00e1t kapott ugyan egy es\u00e9lyt a sorst\u00f3l, <\/span>\r\n\r\nde elbukott, j\u00f6tt viszont az \u00faj \u00e9vad, ism\u00e9t lehetett pr\u00f3b\u00e1lkozni. B\u00e1r a keresettebb j\u00e1t\u00e9kosok k\u00f6z\u00fcl t\u00f6bbeket siker\u00fclt megtartani, \u00edgy a sz\u00e9ls\u0151<strong> Jack Clarke-ot<\/strong> \u00e9s a saj\u00e1t nevel\u00e9s\u0171 k\u00f6z\u00e9pp\u00e1ly\u00e1st, <strong>Dan Neilt<\/strong> is, azonban Stewartot elvitte a Southampton (m\u00e1s k\u00e9rd\u00e9s, hogy s\u00e9r\u00fcl\u00e9se miatt m\u00e9g az\u00f3ta se j\u00e1tszhatott), \u00e9s az \u00fajonnan \u00e9rkez\u0151 csat\u00e1rok egyike sem tudta p\u00f3tolni \u0151t. Az sem jav\u00edtott a hangulaton, hogy a pletyk\u00e1k m\u00e1r a ny\u00e1ron arr\u00f3l sz\u00f3ltak, a klubvezet\u00e9s \u00e9s Mowbray nincs azonos hull\u00e1mhosszon, ez\u00e9rt az edz\u0151 meneszt\u00e9s\u00e9t fontolgatj\u00e1k. De ezek a h\u00edrek alaptalannak bizonyultak, a Mogga becenev\u0171 edz\u0151vel kezdte az \u00faj szezont a csapat, b\u00e1r sokan vitatt\u00e1k a klubvezet\u00e9s koncepci\u00f3j\u00e1t, hiszen \u00fagy sz\u00f6v\u00f6gettek nagy terveket, hogy nem igaz\u00e1n er\u0151s\u00edtett\u00e9k meg a keretet, ink\u00e1bb fiatal tehets\u00e9geket igazoltak kipr\u00f3b\u00e1lt j\u00e1t\u00e9kosok helyett. K\u00f6zt\u00fck p\u00e9ld\u00e1ul <strong>Jude Bellingham<\/strong> \u00f6ccs\u00e9t, a 18 \u00e9ves <strong>Jobe-t<\/strong>, aki m\u00e1r alapember a nagycsapatban, \u00e1m \u0151 ink\u00e1bb kiv\u00e9tel, a t\u00f6bbs\u00e9g egyel\u0151re nem jelent val\u00f3di er\u0151s\u00edt\u00e9st.\r\n\r\n[caption id=\"attachment_12101\" align=\"aligncenter\" width=\"1024\"]<img class=\"wp-image-12101 size-large\" src=\"https:\/\/sport24.24.hu\/app\/uploads\/sites\/24\/2024\/02\/gettyimages-1958534451-1024x683.jpg\" alt=\"\" width=\"1024\" height=\"683\" \/> Jobe Bellingham hamar fontos l\u00e1ncszeme lett a csapatnak.[\/caption]\r\n\r\nA t\u00f6bbs\u00e9gi tulajdonos, a m\u00e9g mindig csak 26 \u00e9ves, d\u00fasgazdag sv\u00e1jci-francia keresked\u0151csal\u00e1db\u00f3l sz\u00e1rmaz\u00f3<strong> Kyril Louis-Dreyfus<\/strong> m\u00e1r felbukkant a filmsorozat utols\u00f3 \u00e9vad\u00e1ban is, amelyben lelkes, de nyilv\u00e1nval\u00f3an tapasztalatlan \u00e9s kicsit m\u0171kedvel\u0151 \u00fczletember benyom\u00e1s\u00e1t keltette. Az biztos, az az\u00f3ta t\u00f6rt\u00e9ntek sem igazolj\u00e1k, hogy felel\u0151s d\u00f6nt\u00e9sek sz\u00fcletn\u00e9nek a klubn\u00e1l (ezek els\u0151sorban a szakmai igazgat\u00f3t, <strong>Kristjaan Speakmant<\/strong> min\u0151s\u00edtik). A csapat igen sz\u00f3rakoztat\u00f3 focival kezdte az \u00faj id\u00e9nyt: volt olyan, hogy \u00f6t-nullra vert\u00e9k a rendk\u00edv\u00fcl er\u0151s Southamptont, majd nem sokkal k\u00e9s\u0151bb hazai p\u00e1ly\u00e1n kaptak egy n\u00e9gyest a Middlesbrough-t\u00f3l. B\u00e1r az eredm\u00e9nyek nem voltak tragikusak, hiszen a Sunderland ugyan\u00fagy ott \u00f3l\u00e1lkodott a play-off helyez\u00e9sek k\u00f6rny\u00e9k\u00e9n, mint egy \u00e9vvel kor\u00e1bban, az egy\u00e9rtelm\u0171en l\u00e1tszott, hogy a klubvezet\u00e9s nem Mowbray-ban gondolkodik hossz\u00fa t\u00e1von. A fesz\u00fclts\u00e9g \u00e1lland\u00f3sult a sz\u00ednfalak m\u00f6g\u00f6tt, \u00e9s v\u00e9g\u00fcl egy hull\u00e1mv\u00f6lgyet kihaszn\u00e1lva december elej\u00e9n menesztett\u00e9k az id\u0151k\u00f6zben rendk\u00edv\u00fcl n\u00e9pszer\u0171v\u00e9 v\u00e1lt edz\u0151t. (A sors igazs\u00e1gszolg\u00e1ltat\u00e1sa, hogy egy h\u00e9ttel k\u00e9s\u0151bb a h\u0171tlen Alex Neilt is kir\u00fagta a Stoke.)\r\n<div class=\"payable-content-section\"><\/div>\r\nEzen a ponton azt gondolt\u00e1k a k\u00edv\u00fcl\u00e1ll\u00f3k, hogy Speakman m\u00e1r kiszemelte az ut\u00f3dot, de nem \u00edgy t\u00f6rt\u00e9nt. Beletelt kis id\u0151be, am\u00edg \u00faj edz\u0151t neveztek ki, r\u00e1ad\u00e1sul, ha azt \u00edrtuk, Mowbray \u00e9rkez\u00e9s\u00e9t nem fogadt\u00e1k kit\u00f6r\u0151 \u00f6r\u00f6mmel a szurkol\u00f3k, akkor most <strong>Michael Beale<\/strong> kinevez\u00e9se kapcs\u00e1n azt kell mondani: a d\u00f6nt\u00e9s kifejezetten feld\u00fch\u00edtette a t\u00f6bbs\u00e9get. Pedig Beale CV-je r\u00e1n\u00e9z\u00e9sre \u00edg\u00e9retes, hiszen \u00e9vekig dolgozott a Liverpool akad\u00e9mi\u00e1j\u00e1n, edz\u0151sk\u00f6d\u00f6tt Braz\u00edli\u00e1ban is, majd visszat\u00e9rve <strong>Steven Gerrard<\/strong> m\u00e1sodedz\u0151je lett a Rangersn\u00e9l. A liverpooli legend\u00e1val sikerrel m\u0171k\u00f6d\u00f6tt egy\u00fctt, \u00e9s egyenesen Beale-t nevezt\u00e9k Gerrard agy\u00e1nak, annak, aki a taktik\u00e1t dolgozza ki. Beale azonban nem \u00e9rte be a m\u00e1sodheged\u0171s szereppel, \u00e9s 2022 nyar\u00e1n megkapta az es\u00e9lyt, hogy vezet\u0151edz\u0151k\u00e9nt dolgozhasson a Queens Park Rangersn\u00e9l. Ez olyan j\u00f3l siker\u00fclt, hogy a QPR egy ponton a tabell\u00e1t is vezette, Beale-\u00e9rt pedig bejelentkezett a PL-csapat Wolverhampton, az edz\u0151 azonban maradt, arra hivatkozva, hogy a tisztess\u00e9g \u00e9s a h\u0171s\u00e9g fontos a sz\u00e1m\u00e1ra. Azt\u00e1n egy h\u00f3nappal k\u00e9s\u0151bb ezek m\u00e1r m\u00e9gsem volt olyan fontosak, amikor igent mondott a Rangersnek. Beale vezet\u0151edz\u0151k\u00e9nt azonban egy \u00e9vig se h\u00fazta Glasgow-ban, okt\u00f3berben r\u00fagt\u00e1k ki, de el\u0151tte m\u00e1r j\u00f3 ideje t\u00fcntettek ellene a szurkol\u00f3k.\r\n\r\n[caption id=\"attachment_12104\" align=\"aligncenter\" width=\"1024\"]<img class=\"wp-image-12104 size-large\" src=\"https:\/\/sport24.24.hu\/app\/uploads\/sites\/24\/2024\/02\/gettyimages-1885956299-1024x688.jpg\" alt=\"\" width=\"1024\" height=\"688\" \/> Beale-b\u0151l nem k\u00e9rt a k\u00f6z\u00f6ns\u00e9g.[\/caption]\r\n\r\nAhogyan \u00edrtuk,\r\n\r\n<span class=\"highlight-block-small\">Mowbray sem a szurkol\u00f3k v\u00e1laszt\u00e1sa volt, de \u0151 meg tudta szerettetni mag\u00e1t vel\u00fck, \u00e1m Beale eset\u00e9ben ennek nyoma sem volt. <\/span>\r\n\r\nNem is felt\u00e9tlen\u00fcl az eredm\u00e9nyek miatt \u2013 b\u00e1r a tizenegy bajnokij\u00e1b\u00f3l csak n\u00e9gyet tudott megnyerni, \u00e9s az \u00f6r\u00f6k ellens\u00e9g Newcastle elleni sima FA Kupa-veres\u00e9g sem v\u00e1lt a dics\u0151s\u00e9g\u00e9re \u2013, hanem mert egyszer\u0171en nem passzolt egym\u00e1shoz a klub \u00e9s az edz\u0151. Beale ugyan progressz\u00edv, t\u00e1mad\u00f3 focit p\u00e1rtol\u00f3 szakemberk\u00e9nt volt elk\u00f6nyvelve, ehhez k\u00e9pest a st\u00edlusa kock\u00e1zatmentes \u00e9s unalmas volt Mowbray ny\u00edltsisakos kalandorfocij\u00e1hoz k\u00e9pest. A hangulat a lel\u00e1t\u00f3kon is le\u00fclt, id\u0151vel egyenesen toxikus lett, amin az sem seg\u00edtett, hogy Beale azzal v\u00e1dolta a szurkol\u00f3kat, a d\u00e9l-londoni akcentusa miatt nem szeretik.\r\n\r\nAz egyre ink\u00e1bb elszigetel\u0151d\u0151, \u00e9rezhet\u0151en frusztr\u00e1lt edz\u0151n a gy\u0151zelmek sem seg\u00edtettek, \u00e9s st\u00edlszer\u0171en Mowbray \u00faj csapata, a Birmingham adta meg neki a kegyelemd\u00f6f\u00e9st. A veres\u00e9gn\u00e9l is nagyobb felh\u00e1borod\u00e1st okozott a vide\u00f3, amin az l\u00e1tszott, hogy a lecser\u00e9lt <strong>Trai Hume<\/strong> hi\u00e1ba ny\u00fajtja a kez\u00e9t, Beale tudom\u00e1st sem vesz r\u00f3la.\r\n\r\nhttps:\/\/twitter.com\/secondtierpod\/status\/1758906219190714518\r\n\r\nInnen m\u00e1r nem volt vissza\u00fat, az edz\u0151t menesztett\u00e9k, \u00e9s ha ez nem lett volna el\u00e9g, napokkal k\u00e9s\u0151bb azzal v\u00e1dolt\u00e1k meg, hogy egy \u00e1ll\u00edt\u00f3lag hozz\u00e1 k\u00f6thet\u0151 c\u00e9g nev\u00e9vel fut\u00f3 X\u2013 (rendes nev\u00e9n Twitter) fi\u00f3kkal posztolt <a href=\"https:\/\/www.si.com\/soccer\/sunderland\/news\/toxic-and-self-entitled-did-michael-beale-slag-off-sunderland-fans-with-secret-twitter-account\" target=\"_blank\" rel=\"noopener\">saj\u00e1t mag\u00e1t t\u00e1mogat\u00f3 \u00fczeneteket<\/a>.\r\n\r\nEgyr\u00e9szt egy fot\u00f3val pr\u00f3b\u00e1lta illusztr\u00e1lni, hogy mi\u00e9rt nem l\u00e1thatta Hume kez\u00e9t, m\u00e1sr\u00e9szt azt is \u00edrta, hogy h\u00fclyes\u00e9g lenne kir\u00fagni, hiszen a \u201etoxikus szurkol\u00f3i b\u00e1zis\u201d \u00e9s az \u00e1tigazol\u00e1si p\u00e9nzek hi\u00e1nya miatt ember nincs, aki le\u00fclne helyette a kispadra. Beale ugyan tagadta, hogy \u0151 \u00e1llna az az\u00f3ta t\u00f6r\u00f6lt account m\u00f6g\u00f6tt (persze mi m\u00e1st is tehetett volna?), de nincs ember Sunderlandben, aki ne lenne r\u00f3la meggy\u0151z\u0151dve, hogy\r\n\r\n<span class=\"highlight-block\">a bukott edz\u0151 kommentelgetett a m\u00e1sodnickj\u00e9n.<\/span>\r\n\r\nH\u00e1t ezekt\u0151l az izgalmakt\u00f3l fosztott\u00e1k meg a n\u00e9z\u0151ket a Sunderland \u2018Til I Die producerei, akik sajnos m\u00e1r nem forgattak az elm\u00falt m\u00e1sf\u00e9l \u00e9vben. \u00c9s az id\u00e9nynek m\u00e9g nincs is v\u00e9ge. A kispadra az a Mike Dodds \u00fclt le megb\u00edzott edz\u0151k\u00e9nt, aki a Mowbray \u00e9s Beale k\u00f6z\u00f6tti v\u00e1kuumban m\u00e1r sikerrel ugrott be, az \u0151 szerz\u0151d\u00e9se egyel\u0151re az id\u00e9ny v\u00e9g\u00e9ig sz\u00f3l. A csapatnak van m\u00e9g es\u00e9lye arra, hogy megcs\u00edpje a r\u00e1j\u00e1tsz\u00e1st jelent\u0151 hatodik helyet, de re\u00e1lisan n\u00e9zve m\u00e1r ez is nagy brav\u00far lenne, ott pedig egy\u00e9rtelm\u0171en er\u0151sebb ellenfelekkel tal\u00e1lkozna az egy\u00fcttes. Ez\u00e9rt a ny\u00e1ron val\u00f3sz\u00edn\u0171s\u00edthet\u0151en v\u00e1lasz\u00fathoz \u00e9rkezik a klub.\r\n\r\nKiz\u00e1rt dolognak t\u0171nik, hogy meg tudja tartani azt a Jack Clarke-ot, aki a Championship egyik legkiv\u00e1l\u00f3bb j\u00e1t\u00e9kos\u00e1v\u00e1 n\u0151tte ki mag\u00e1t ebben az \u00e9vadban, \u00e9s r\u00e9giv\u00e1g\u00e1s\u00fa vonalsz\u00e9ls\u0151 l\u00e9t\u00e9re a g\u00f3ll\u00f6v\u0151lista \u00e9lcsoportj\u00e1ban tany\u00e1zik. De van \u00e9rdekl\u0151d\u00e9s a kapus<strong> Anthony Patterson<\/strong>, a m\u00e1r eml\u00edtett Dan Neil \u00e9s Jobe Bellingham, valamint a fiatal francia k\u00f6z\u00e9pp\u00e1ly\u00e1s, <strong>Pierre Ekwah<\/strong> ir\u00e1nt is. Mindek\u00f6zben a kir\u00fagott edz\u0151knek igazuk volt abban, hogy a francia lig\u00e1b\u00f3l hal\u00e1szott tizen\u00e9ves tehets\u00e9gekkel nem re\u00e1lis c\u00e9lkit\u0171z\u00e9s a Premier League, s\u0151t Beale joggal k\u00e9rhette sz\u00e1mon Kristjaan Speakmanen, hogy eg\u00e9sz janu\u00e1rban nem siker\u00fclt egyetlen \u00e9pk\u00e9zl\u00e1b befejez\u0151 csat\u00e1rt sem igazolni, noha m\u00e1r a ny\u00e1r \u00f3ta nyilv\u00e1nval\u00f3an sz\u00fcks\u00e9g volna r\u00e1. Kyril Louis-Dreyfus teh\u00e1t visszahozta ugyan a klubot a harmadoszt\u00e1ly pokl\u00e1b\u00f3l,\r\n\r\n<span class=\"highlight-block\">az egyel\u0151re nem l\u00e1tszik, hogyan lesz ebb\u0151l Premier League.<\/span>\r\n\r\nVagyis Sunderland tov\u00e1bbra sem a b\u00e9ke \u00e9s a nyugalom szigete. \u00c9s ami a mi szempontunkb\u00f3l legal\u00e1bb akkora k\u00e1r: csak az \u00fajs\u00e1gokb\u00f3l \u00e9rtes\u00fclhet\u00fcnk az \u00fajabb fordulatokr\u00f3l is.\r\n\r\n[prefabricated_shortcode in_app=\"0\" code=\"%3Cdiv%20class%3D%22article_box_border%22%20style%3D%22background%3A%20url%28%27https%3A%2F%2F24.p3k.hu%2Fapp%2Fuploads%2Fsites%2F24%2F2021%2F05%2Fsport24-pattern.png%27%29%20no-repeat%20left%20-16px%20%23f3f3f4%3B%20border%3A%20none%3B%22%3E%0D%0A%3Cdiv%20class%3D%22article_solidheader%22%3E%0D%0A%3Ch2%20style%3D%22color%3A%20%23111115%21important%3B%20font-size%3A%2036px%3B%20font-weight%3A%20bold%3B%20margin-bottom%3A%2030px%3B%20margin-top%3A%2020px%3B%20text-align%3A%20center%3B%20line-height%3A%2036px%3B%22%3E%3Cimg%20class%3D%22aligncenter%20size-full%20wp-image-141%22%20src%3D%22https%3A%2F%2F24.p3k.hu%2Fapp%2Fuploads%2Fsites%2F24%2F2021%2F05%2Fs24-logo-dt.png%22%20alt%3D%22%22%20width%3D%22408%22%20height%3D%2290%22%20%2F%3E%3C%2Fh2%3E%0D%0A%3Ch2%20style%3D%22color%3A%20%23111115%21important%3B%20font-size%3A%2036px%3B%20font-weight%3A%20bold%3B%20margin-bottom%3A%2030px%3B%20margin-top%3A%2020px%3B%20text-align%3A%20center%3B%20line-height%3A%2040px%3B%22%3ECsatlakozz%20a%20Sport24%20k%C3%B6z%C3%B6ss%C3%A9ghez%2C%20mondd%20el%20v%C3%A9lem%C3%A9nyedet%20z%C3%A1rt%20Facebook-csoportunkban%2C%20%C3%A9s%20vegy%C3%A9l%20r%C3%A9szt%20csak%20el%C5%91fizet%C5%91knek%20el%C3%A9rhet%C5%91%20exkluz%C3%ADv%20esem%C3%A9nyeinken.%3C%2Fh2%3E%0D%0A%3C%2Fdiv%3E%0D%0A%3Cp%20style%3D%22background%3A%20%2357A600%3B%20margin-top%3A%2020px%3B%20padding%3A%2020px%3B%20text-align%3A%20center%3B%22%3E%3Ca%20style%3D%22color%3A%20%23ffffff%3B%20font-size%3A%2026px%3B%20font-weight%3A%20600%3B%22%20href%3D%22https%3A%2F%2Fwww.facebook.com%2Fgroups%2F212344460412327%22%3ECSATLAKOZOM%3C%2Fa%3E%3C%2Fp%3E%0D%0A%0D%0A%3C%2Fdiv%3E\"]","type":"rich","thumbnail_url":"https:\/\/s.24.hu\/app\/uploads\/sites\/24\/2024\/02\/gettyimages-1993693952-e1708782935306-150x150.jpg","thumbnail_width":150,"thumbnail_height":150}