{"version":"1.0","provider_name":"Sport24","provider_url":"https:\/\/sport24.24.hu","author_name":"Bruckner G\u00e1bor","author_url":"https:\/\/sport24.24.hu\/author\/brucknerg\/","title":"Lothar Matth\u00e4us magyar sz\u00f6vets\u00e9gi kapit\u00e1nyk\u00e9nt 100 n\u00e9z\u0151 el\u0151tt kezdte, majd 150 el\u0151tt fejezte be","html":"A korabeli bulv\u00e1r szerint <strong>Lothar Matth\u00e4us<\/strong> \u00e9vi 300 ezer eur\u00f3s fizet\u00e9s\u00e9rt sz\u00edveskedett elv\u00e1llalni, hogy magyar sz\u00f6vets\u00e9gi kapit\u00e1ny legyen. Ez 2004-ben 79 milli\u00f3 forintos keresm\u00e9nyt jelentett, sokaknak m\u00e9g ma sem lenne rossz, de viszonylag kevesen voltak vil\u00e1g- \u00e9s Eur\u00f3pa-bajnok, tov\u00e1bb\u00e1 150-szeres v\u00e1logatott labdar\u00fag\u00f3k.\r\n\r\nIgaz, a napjainkban (is) t\u00e9v\u00e9komment\u00e1tork\u00e9nt foglakoztatott Matth\u00e4us az edz\u0151i p\u00e1ly\u00e1n a k\u00f6zel\u00e9ben sem j\u00e1rt annak, amit extraklasszis j\u00e1t\u00e9kosk\u00e9nt felmutatott.\r\n\r\nMagyarorsz\u00e1got mindj\u00e1rt azzal lepte meg, hogy 28 futballist\u00e1t h\u00edvott meg arra a ciprusi torn\u00e1ra, amelynek h\u00e1rom magyar m\u00e9rk\u0151z\u00e9s\u00e9t \u00f6sszesen 380 (\u00e1tlagban 126) n\u00e9z\u0151 l\u00e1tta a helysz\u00ednen. A n\u00e9met szakvezet\u0151 v\u00e9g\u00fcl\r\n\r\n<span class=\"highlight-block\">81 labdar\u00fag\u00f3t szerepeltetett c\u00edmeres mezben kapit\u00e1nys\u00e1g\u00e1nak r\u00f6vid k\u00e9t \u00e9ve alatt, <\/span>\r\n\r\nami alighanem a Guinness Rekordok K\u00f6nyv\u00e9be illik.\r\n\r\nIdehaza t\u00f6bben l\u00e1tt\u00e1k a pr\u00f3bameccseket, mint Cipruson, mert a Sport 1 k\u00f6zvet\u00edtette a hangulatmentes tal\u00e1lkoz\u00f3kat, amelyek a magyar\u2013\u00f6rm\u00e9ny p\u00e1rharccal kezd\u0151dtek 2004. febru\u00e1r 18-\u00e1n Pafosz v\u00e1ros\u00e1ban.\r\n\r\nA kiutaz\u00f3k n\u00e9vsora ez volt: <strong>Babos G\u00e1bor<\/strong> (Breda), <strong>Vlasz\u00e1k G\u00e9za<\/strong> (\u00dajpest), <strong>V\u00e9gh Zolt\u00e1n<\/strong> (MTK); <strong>Feh\u00e9r Csaba<\/strong> (Breda), <strong>Bodn\u00e1r L\u00e1szl\u00f3<\/strong> (Szaturn), <strong>B\u00f6jte Attila<\/strong>, <strong>Stark P\u00e9ter<\/strong> (mindkett\u0151 Gy\u0151r), <strong>Drag\u00f3ner Attila<\/strong> (FTC), <strong>Koml\u00f3si \u00c1d\u00e1m<\/strong>, <strong>F\u00fczi \u00c1kos<\/strong> (mindkett\u0151 MTK), <strong>Pet\u0151 Zolt\u00e1n<\/strong> (Sopron), <strong>L\u0151w Zsolt<\/strong> (Cottbus), <strong>Bodor Boldizs\u00e1r<\/strong> (Beerschot); <strong>Simek P\u00e9ter<\/strong> (\u00dajpest), <strong>Gera Zolt\u00e1n<\/strong> (FTC), <strong>Moln\u00e1r Bal\u00e1zs<\/strong> (ZTE), <strong>D\u00e1rdai P\u00e1l<\/strong> (Hertha), <strong>Lendvai Mikl\u00f3s<\/strong> (Charleroi), <strong>T\u00f3th Bal\u00e1zs<\/strong> (Videoton), <strong>Lisztes Kriszti\u00e1n<\/strong> (Werder Bremen), <strong>Polonkai Attila<\/strong> (\u00dajpest), <strong>N\u00e9meth Norbert<\/strong> (Gy\u0151r); <strong>Kenesei Kriszti\u00e1n<\/strong> (Gouan), <strong>Kov\u00e1cs Zolt\u00e1n<\/strong> (\u00dajpest), <strong>Kov\u00e1cs P\u00e9ter<\/strong> (Troms\u00f6), <strong>Szabics Imre<\/strong> (Stuttgart), <strong>Torghelle S\u00e1ndor<\/strong> (MTK), <strong>T\u00f6k\u00f6li Attila<\/strong> (FTC).\r\n\r\nA Nemzeti Sport emelkedetten vezette fel a meccset. Azt \u00edrta: \u201eEl\u00e9rkezett a v\u00e1rva-v\u00e1rt pillanat.\u201d\r\n\r\nMajd a legjobb oszt\u00e1lyzatot Babos kapusnak adta, aki 8-ast \u00e9rdemelt ki az \u00fajs\u00e1gt\u00f3l. Ez sokat el\u00e1rult arr\u00f3l, hogy \u2013 noha a magyar v\u00e1logatott 2-0-ra nyert \u2013 a siker\u00e9rt szenvedni kellett.\r\n\r\n[caption id=\"attachment_12027\" align=\"aligncenter\" width=\"805\"]<img class=\"size-full wp-image-12027\" src=\"https:\/\/sport24.24.hu\/app\/uploads\/sites\/24\/2024\/02\/ns.jpg\" alt=\"\" width=\"805\" height=\"856\" \/> A Nemzeti Sport c\u00edmlapja Matth\u00e4us deb\u00fct\u00e1l\u00e1s\u00e1nak m\u00e1snapj\u00e1n.[\/caption]\r\n\r\nA gy\u0151zelmet a n\u00e9met mester k\u00e9t n\u00e9met l\u00e9gi\u00f3sa, Szabics \u00e9s Lisztes g\u00f3lja hozta meg a m\u00e1sodik f\u00e9lid\u0151ben, de r\u00e1juk a m\u00e1sodik m\u00e9rk\u0151z\u00e9sen nem lehetett sz\u00e1m\u00edtani, mert az els\u0151 nap ut\u00e1n Matth\u00e4us \u00e9s lett koll\u00e9g\u00e1ja, <strong>Aleksandrs Starkovs<\/strong> is \u2013 \u00e1tmenetileg \u2013 elk\u00f6sz\u00f6nt a k\u00fclf\u00f6ld\u00f6n j\u00e1tsz\u00f3kt\u00f3l, Babost\u00f3l, Bodort\u00f3l, Feh\u00e9r Csab\u00e1t\u00f3l, D\u00e1rdait\u00f3l, Lisztest\u0151l, Szabicst\u00f3l, illetve <strong>Kolink\u00f3t\u00f3l<\/strong> (Rosztov), <strong>Astafjevst\u0151l<\/strong> (Admira Wacker), <strong>Laizanst\u00f3l<\/strong> (CSZKA Moszkva), <strong>Paharst\u00f3l<\/strong> (Southampton), <strong>Verpakovskist\u00f3l<\/strong> (Dinamo Kijev).\r\n\r\nMatth\u00e4us a 2-0-r\u00f3l azt mondta:\r\n<blockquote class=\"small-quote\">Minden kezdet neh\u00e9z, csod\u00e1t senki sem v\u00e1rhatott.<\/blockquote>\r\nPl\u00e1ne nem, hogy Pafoszra olyan es\u0151 z\u00fadult, amilyen 1910 \u00f3ta nem fordult el\u0151 a nagyj\u00e1b\u00f3l 30 ezer lakos\u00fa telep\u00fcl\u00e9sen.\r\n\r\nA m\u00e1sodik meccs kellemesebb id\u0151ben folyt Limasszolban, de \u00fagy n\u00e9zett ki, azt \u00e1tvitt \u00e9rtelemben nem \u00fassza meg sz\u00e1razon a magyar csapat. Kenesei 11-est rontott, majd Moln\u00e1r Bal\u00e1zst ki\u00e1ll\u00edtotta <strong>Panajotisz<\/strong> ciprusi j\u00e1t\u00e9kvezet\u0151, a kett\u0151 k\u00f6z\u00f6tt pedig a v\u00e9d\u0151 <strong>Igors Stepanovs<\/strong> vezet\u00e9st szerzett a letteknek.\r\n\r\nMatth\u00e4us mer\u00e9szen reag\u00e1lt: l\u00e9tsz\u00e1mh\u00e1tr\u00e1nyban is a t\u00e1mad\u00f3 T\u00f6k\u00f6lit k\u00fcldte be a k\u00f6z\u00e9pp\u00e1ly\u00e1s F\u00fczi helyett. A kur\u00e1zsi kamatozott, hiszen T\u00f6k\u00f6li a 82. percben egyenl\u00edtett, majd h\u00e1rom perccel k\u00e9s\u0151bb finom g\u00f3lpasszt sarkazott Kenesei el\u00e9 (2-1).\r\n\r\nEzzel d\u00f6nt\u0151be jutottak honfit\u00e1rsaink, \u00e9s az els\u0151 hely\u00e9rt v\u00edvott magyar\u2013rom\u00e1n tal\u00e1lkoz\u00f3 n\u00e9z\u0151cs\u00facsot d\u00f6nt\u00f6tt a torn\u00e1n: Nicosi\u00e1ban 200 szurkol\u00f3 el\u0151tt rendezt\u00e9k a m\u00e9rk\u0151z\u00e9st. <strong>F\u00fcl\u00f6p L\u00e1szl\u00f3<\/strong> riporternek ezzel egy\u00fctt suttognia kellett a telev\u00edzi\u00f3s \u00e1ll\u00e1sban, hogy ne hallatssz\u00e9k minden szava az elhagyatott p\u00e1ly\u00e1n.\r\n<div class=\"payable-content-section\"><\/div>\r\nAnghel Iordanescu rom\u00e1n sz\u00f6vets\u00e9gi kapit\u00e1ny szinte a juniorv\u00e1logatottat \u00e1ll\u00edtotta ki: csapat\u00e1ban n\u00e9gy 22, k\u00e9t-k\u00e9t 20 \u00e9s 21, valamint egy-egy 19 \u00e9s 23 \u00e9ves j\u00e1t\u00e9kos \u2013 k\u00f6zt\u00fck h\u00e1rom \u00fajonc \u2013 szerepelt.\r\n\r\nAz ellenf\u00e9l kezd\u0151tizenegye 53 v\u00e1logatotts\u00e1got sz\u00e1ml\u00e1lt egy\u00fcttv\u00e9ve \u00fagy, hogy <strong>Adrian Iencsi<\/strong> \u00e9s <strong>Florentin Petre<\/strong> 40-et \u201eelvitt\u201d az am\u00fagy sem t\u00fal nagy mennyis\u00e9gb\u0151l.\r\n\r\nM\u00e9gis a rom\u00e1nok nyertek, m\u00e9ghozz\u00e1 3-0-ra, mert a Vlasz\u00e1k \u2013 Koml\u00f3si (Stark), Drag\u00f3ner (Kenesei), Pet\u0151 \u2013 Simek, Lendvai, Gera, T\u00f3th (Bodn\u00e1r), L\u0151w (B\u00f6jte) \u2013 Kov\u00e1cs P\u00e9ter (Kov\u00e1cs Zolt\u00e1n), T\u00f6k\u00f6li \u00f6sszet\u00e9tel\u0171 magyar csapat nem tudott \u00e9rdemben hozz\u00e1sz\u00f3lni a m\u00e9rk\u0151z\u00e9shez. Ez\u00fattal T\u00f6k\u00f6li hagyott ki b\u00fcntet\u0151t, F\u00fcl\u00f6p pedig keser\u0171en mondta a mikrofonba: \u201eTeljesen sz\u00e9test\u00fcnk a m\u00e1sodik f\u00e9lid\u0151ben.\u201d\r\n\r\nA Nemzeti Sport \u201ed\u00fch\u00edt\u0151 hib\u00e1kr\u00f3l\u201d meg arr\u00f3l \u00edrt, hogy\r\n<blockquote class=\"small-quote\">a m\u00e9rk\u0151z\u00e9s v\u00e9ge r\u00e9m\u00e1lom volt.<\/blockquote>\r\nEzzel szemben a bukaresti Prosport \u201ea j\u00f6v\u0151 Rom\u00e1ni\u00e1j\u00e1r\u00f3l\u201d cikkezett, megeml\u00edtve, hogy Iordanescu ifj\u00fa kiv\u00e1lasztottjai \u00f6sszesen nem j\u00e1tszottak 200 els\u0151 oszt\u00e1ly\u00fa meccset.\r\n\r\nMatth\u00e4us rend\u00fcletlen\u00fcl \u00e1lmodozott. \u201e\u00dagy kell mozognia a csapatnak, ahogyan a tenger mozog. H\u00e1rom hull\u00e1mban. K\u00fcl\u00f6n a v\u00e9delemnek, k\u00fcl\u00f6n a k\u00f6z\u00e9pp\u00e1ly\u00e1s sornak \u00e9s k\u00fcl\u00f6n a csat\u00e1rsornak\u201d \u2013 mondta.\r\n\r\nEgy\u00fattal azt javasolta az \u00fajs\u00e1g\u00edr\u00f3knak \u00e9s a k\u00f6zv\u00e9lem\u00e9nynek: \u201eN\u00e9zzenek el\u0151re, mert \u00e9n ezt teszem a j\u00e1t\u00e9kosaimmal egy\u00fctt. Ami volt, azt felejts\u00e9k el! Azzal foglalkozzanak ink\u00e1bb, hogy ez a magyar csapat, igenis, versenyk\u00e9pes lesz a v\u00e9b\u00e9selejtez\u0151k\u00f6n.\u201d\r\n\r\nA kvalifik\u00e1ci\u00f3s csoport v\u00e9geredm\u00e9nye ez volt:\r\n\r\n<span class=\"highlight-block\">1. Horv\u00e1torsz\u00e1g 24 pont, 2. Sv\u00e9dorsz\u00e1g 24, 3. Bulg\u00e1ria 15, 4. Magyarorsz\u00e1g 14, 5. Izland 4, 6. M\u00e1lta 3. <\/span>\r\n\r\nA magyar egy\u00fcttes az els\u0151 h\u00e1rom elleni hat m\u00e9rk\u0151z\u00e9sen egyetlen egy g\u00f3lt szerzett \u00f6sszesen, csak Izland \u00e9s M\u00e1lta legjobbjait gy\u0151zte le.\r\n<h2>Egy f\u00e1jdalmas g\u00f3l a selejtez\u0151b\u0151l, amit Ibrahimovic a 91. percben szerzett Budapesten:<\/h2>\r\nhttps:\/\/www.youtube.com\/watch?v=F1oXXN5nFag&amp;ab_channel=sp1873\r\n\r\nMajd egzotikus t\u00far\u00e1ra utazott az amerikai kontinensre. A keret tagjai abban a tudatban keltek \u00fatra, hogy m\u00e1sodik ellenfel\u00fck Haiti v\u00e1logatottja lesz, de azt\u00e1n Antigua \u00e9s Barbuda m\u00e9g kev\u00e9sb\u00e9 ismert k\u00e9pvisel\u0151i v\u00e1rtak r\u00e1juk Miamiban. El\u0151z\u0151leg a DVSC vezet\u0151i k\u00f6z\u00f6lt\u00e9k, hogy nem sz\u00edvesen engedik el j\u00e1t\u00e9kosaikat, mondv\u00e1n: \u201eMinek repkednek? Jobb, ha pihennek!\u201d\r\n\r\nMatth\u00e4us azzal v\u00e1gott vissza: \u201e\u00c9rthetetlen, hogy a debreceniek f\u00e1radts\u00e1gra hivatkozva csak egy j\u00e1t\u00e9kosukat \u2013 <strong>Ferenczi Istv\u00e1nt<\/strong> \u2013 engedt\u00e9k el, mik\u00f6zben a v\u00e1logatottn\u00e1l is sz\u00e1m\u00edt\u00e1sba vett t\u00f6bbi futballista Szeksz\u00e1rdon eg\u00e9sz napos kisp\u00e1ly\u00e1s torn\u00e1n vett r\u00e9szt.\u201d Hozz\u00e1tette: \u201eMi az, hogy a klubvezet\u0151k megtiltj\u00e1k j\u00e1t\u00e9kosaiknak, hogy a v\u00e1logatott t\u00far\u00e1j\u00e1ra utazzanak?! H\u00e1t hol \u00e9l\u00fcnk?\u201d\r\n\r\nLevonta a konkl\u00fazi\u00f3t:\r\n<blockquote class=\"small-quote\">A magyar futballban t\u00f6bbet hazudnak, mint a politik\u00e1ban!<\/blockquote>\r\n(Szerintem ann\u00e1l t\u00f6bbet k\u00e9ptelens\u00e9g.) V\u00e9g\u00fcl elismerte: \u201eAmikor Magyarorsz\u00e1gon munk\u00e1ba \u00e1lltam, fogalmam sem volt a viszonyokr\u00f3l \u00e9s a j\u00e1t\u00e9kosok tud\u00e1s\u00e1r\u00f3l.\u201d\r\n\r\nA v\u00e1logatott 2-0-ra kikapott Mexik\u00f3t\u00f3l, viszont 3-0-ra lesim\u00edtotta Antigua \u00e9s Barbud\u00e1t. Ez volt Matth\u00e4us utols\u00f3 meccse magyar kapit\u00e1nyk\u00e9nt.\r\n\r\nCipruson sz\u00e1z n\u00e9z\u0151 el\u0151tt kezdte, az Egyes\u00fclt \u00c1llamokban 150 el\u0151tt fejezte be.\r\n\r\n[prefabricated_shortcode in_app=\"0\" code=\"%3Cdiv%20class%3D%22article_box_border%22%20style%3D%22background%3A%20url%28%27https%3A%2F%2F24.p3k.hu%2Fapp%2Fuploads%2Fsites%2F24%2F2021%2F05%2Fsport24-pattern.png%27%29%20no-repeat%20left%20-16px%20%23f3f3f4%3B%20border%3A%20none%3B%22%3E%0D%0A%3Cdiv%20class%3D%22article_solidheader%22%3E%0D%0A%3Ch2%20style%3D%22color%3A%20%23111115%21important%3B%20font-size%3A%2036px%3B%20font-weight%3A%20bold%3B%20margin-bottom%3A%2030px%3B%20margin-top%3A%2020px%3B%20text-align%3A%20center%3B%20line-height%3A%2036px%3B%22%3E%3Cimg%20class%3D%22aligncenter%20size-full%20wp-image-141%22%20src%3D%22https%3A%2F%2F24.p3k.hu%2Fapp%2Fuploads%2Fsites%2F24%2F2021%2F05%2Fs24-logo-dt.png%22%20alt%3D%22%22%20width%3D%22408%22%20height%3D%2290%22%20%2F%3E%3C%2Fh2%3E%0D%0A%3Ch2%20style%3D%22color%3A%20%23111115%21important%3B%20font-size%3A%2036px%3B%20font-weight%3A%20bold%3B%20margin-bottom%3A%2030px%3B%20margin-top%3A%2020px%3B%20text-align%3A%20center%3B%20line-height%3A%2040px%3B%22%3ECsatlakozz%20a%20Sport24%20k%C3%B6z%C3%B6ss%C3%A9ghez%2C%20mondd%20el%20v%C3%A9lem%C3%A9nyedet%20z%C3%A1rt%20Facebook-csoportunkban%2C%20%C3%A9s%20vegy%C3%A9l%20r%C3%A9szt%20csak%20el%C5%91fizet%C5%91knek%20el%C3%A9rhet%C5%91%20exkluz%C3%ADv%20esem%C3%A9nyeinken.%3C%2Fh2%3E%0D%0A%3C%2Fdiv%3E%0D%0A%3Cp%20style%3D%22background%3A%20%2357A600%3B%20margin-top%3A%2020px%3B%20padding%3A%2020px%3B%20text-align%3A%20center%3B%22%3E%3Ca%20style%3D%22color%3A%20%23ffffff%3B%20font-size%3A%2026px%3B%20font-weight%3A%20600%3B%22%20href%3D%22https%3A%2F%2Fwww.facebook.com%2Fgroups%2F212344460412327%22%3ECSATLAKOZOM%3C%2Fa%3E%3C%2Fp%3E%0D%0A%0D%0A%3C%2Fdiv%3E\"]","type":"rich","thumbnail_url":"https:\/\/s.24.hu\/app\/uploads\/sites\/24\/2024\/02\/lothar-matthaus-150x150.jpg","thumbnail_width":150,"thumbnail_height":150}