{"version":"1.0","provider_name":"Sport24","provider_url":"https:\/\/sport24.24.hu","author_name":"Bruckner G\u00e1bor","author_url":"https:\/\/sport24.24.hu\/author\/brucknerg\/","title":"C\u00e9lkereszt, lakat, megszak\u00edtott meccsek: megtorped\u00f3zz\u00e1k-e a drukkerek a Bundesliga nagyszab\u00e1s\u00fa terveit?","html":"\u201eMeger\u0151s\u00edtj\u00fck, hogy a Blackstone k\u00fcl\u00f6nb\u00f6z\u0151 okokb\u00f3l nem lesz a Bundesliga strat\u00e9giai marketingpartnere, b\u00e1r a t\u00e1rgyal\u00e1sok j\u00f3l haladtak a felek k\u00f6z\u00f6tt\u201d \u2013 tudatta e-mailben a N\u00e9met Labdar\u00fag\u00f3liga (DFL). A n\u00e9met profi futball ir\u00e1ny\u00edt\u00f3 szervezete ezzel a r\u00f6vid k\u00f6zlem\u00e9nnyel ismerte el, hogy a k\u00e9t strat\u00e9giai partnerjel\u00f6ltb\u0151l (Blackstone, CVC Capital Partners) csak az ut\u00f3bbi maradt, viszont \u00e9rdemben nem indokolta, mi\u00e9rt szakadtak meg a t\u00e1rgyal\u00e1sok, csak egy f\u00e9lmondatot \u00edrt \u201ekritikus pontokr\u00f3l\u201d. A Blackstone szint\u00e9n n\u00e9ma maradt.\r\n\r\n<a href=\"https:\/\/consent.yahoo.com\/v2\/collectConsent?sessionId=3_cc-session_98ecae15-9c3a-4f2d-88b6-10988d8edd24\" target=\"_blank\" rel=\"noopener\">A Bloomberg<\/a> n\u00e9vtelens\u00e9get k\u00e9r\u0151, bels\u0151 forr\u00e1saira hivatkozta azt \u00edrja: a Blackstone-t az t\u00e1ntor\u00edtotta el az \u00fczlett\u0151l, hogy sok\u00e1ig tarthat annak ny\u00e9lbe \u00fct\u00e9se. Az \u00fczleti \u00e9letre szakosodott h\u00edr\u00fcgyn\u00f6ks\u00e9g ugyanakkor azzal kezdi besz\u00e1mol\u00f3j\u00e1t, hogy a t\u00e1rgyal\u00e1sok megszakad\u00e1sa a szurkol\u00f3i tiltakoz\u00e1sok ut\u00e1n t\u00f6rt\u00e9nt meg \u2013 val\u00f3szer\u0171, hogy kapcsolat van a k\u00e9t esem\u00e9ny k\u00f6z\u00f6tt. Az ultracsoportok \u201er\u00e9szleges sikerk\u00e9nt\u201d \u00e9rt\u00e9kelt\u00e9k, hogy a befektet\u0151jel\u00f6lt kisz\u00e1llt az egyeztet\u00e9sb\u0151l, \u00e9s a tiltakoz\u00e1sok folytat\u00e1s\u00e1t \u00edg\u00e9rt\u00e9k. Ez nem meglep\u0151, hiszen a lel\u00e1t\u00f3kon kint voltak a \u201eKollekt\u00edve visszautas\u00edtani a CVC-t \u00e9s a Blackstone-t is\u201d transzparensek.\r\n\r\n<span class=\"highlight-block\">No de mi\u00e9rt is t\u00fcntetnek a legk\u00fcl\u00f6nf\u00e9l\u00e9bb m\u00f3dokon a szurkol\u00f3k, <\/span>\r\n\r\n\u00e9s mit akar el\u00e9rni a DFL?\r\n\r\nKezdj\u00fck az ut\u00f3bbival, mert nagyon egyszer\u0171en le lehet sz\u0171k\u00edteni: a DFL \u00faj t\u0151k\u00e9t, \u00faj befektet\u0151ket akar vonzani a vil\u00e1g egyik legjobb bajnoks\u00e1g\u00e1ba a Bundesliga versenyk\u00e9pess\u00e9g\u00e9nek meg\u0151rz\u00e9se \u00e9rdek\u00e9ben.\r\n\r\nAmikor a Deutsche Welle (DW) h\u00edrt adott 2023-ban a tiltakoz\u00e1si hull\u00e1m elindul\u00e1s\u00e1r\u00f3l, r\u00e1mutatott, hogy mekkor\u00e1ra ny\u00edlt a bev\u00e9teli oll\u00f3 a Bundesliga \u00e9s az \u00fczleti szempontb\u00f3l sokkal jobban menedzselt, vil\u00e1gszinten sokkal jobban eladhat\u00f3 angol Premier League k\u00f6z\u00f6tt. A DW k\u00e9t p\u00e9ld\u00e1val vil\u00e1g\u00edtotta meg a szakad\u00e9knyi k\u00fcl\u00f6nbs\u00e9get: a Chelsea t\u00falk\u00f6lt\u00f6tte egy id\u00e9ny alatt a tizennyolc Bundesliga-csapatot, a Premier League nemzetk\u00f6zi k\u00f6zvet\u00edt\u00e9si jogd\u00edjbev\u00e9tele (2022 \u00e9s 2025 k\u00f6z\u00f6tt 6,3 milli\u00e1rd eur\u00f3) pedig val\u00f3s\u00e1ggal eltiporja a Bundeslig\u00e1\u00e9t (\u00e9vi 170 milli\u00f3 eur\u00f3).\r\n\r\nA Deloitte friss, bev\u00e9teli alap\u00fa \u201egazdaglist\u00e1j\u00e1n\u201d (Football Money League) az els\u0151 30 helyezett k\u00f6z\u00f6tt csak h\u00e1rom n\u00e9met klub tal\u00e1lhat\u00f3 \u2013 a Bayern M\u00fcnchen a 6., a Borussia Dortmund a 12., az Eintracht Frankfurt a 16. helyen \u2013, angol ellenben tizenn\u00e9gy. A Bundesliga nagy (\u00e1tlagn\u00e9z\u0151sz\u00e1m szempontj\u00e1b\u00f3l Eur\u00f3p\u00e1ban a legnagyobb), gazdag, vonz\u00f3, \u00e1m nem el\u00e9g nagy, nem el\u00e9g gazdag \u00e9s m\u00e9g vonz\u00f3bb is lehetne \u2013 gondolhatja a DFL.\r\n\r\n<iframe class=\"flourish-embed-iframe\" style=\"width: 100%;height: 600px\" title=\"Interactive or visual content\" src=\"https:\/\/flo.uri.sh\/visualisation\/16811066\/embed\" frameborder=\"0\" scrolling=\"no\"><\/iframe>\r\n<div style=\"width: 100%!;margin-top: 4px!important;text-align: right!important\"><a class=\"flourish-credit\" style=\"text-decoration: none!important\" href=\"https:\/\/public.flourish.studio\/visualisation\/16811066\/?utm_source=embed&amp;utm_campaign=visualisation\/16811066\" target=\"_top\" rel=\"noopener\"><img style=\"width: 105px!important;height: 16px!important;border: none!important;margin: 0!important\" src=\"https:\/\/public.flourish.studio\/resources\/made_with_flourish.svg\" alt=\"Made with Flourish\" \/> <\/a><\/div>\r\n&nbsp;\r\n\r\nA labdar\u00fag\u00f3liga terve: fel\u00e1ll\u00edt egy, a hazai \u00e9s nemzetk\u00f6zi m\u00e9dia- \u00e9s marketingjogok \u00e9rt\u00e9kes\u00edt\u00e9s\u00e9vel foglalkoz\u00f3 v\u00e1llalatot (DFL Media GmbH &amp; Co KGaA; azaz MediaCo). Ehhez k\u00fcls\u0151 befektet\u0151 partnert keres, \u00e9s a leend\u0151 \u00fczlett\u00e1rsnak h\u00fasz \u00e9vre odaadja a tev\u00e9kenys\u00e9gb\u0151l sz\u00e1rmaz\u00f3 bev\u00e9telek legfeljebb 8 sz\u00e1zal\u00e9k\u00e1t. A befektet\u0151nek legal\u00e1bb egymilli\u00e1rd eur\u00f3t le kellene tennie, a DFL pedig ebb\u0151l k\u00fcl\u00f6nb\u00f6z\u0151 fejleszt\u00e9seket finansz\u00edrozna \u2013 t\u00f6bbek k\u00f6z\u00f6tt saj\u00e1t streaming szolg\u00e1ltat\u00e1s\u00e1t is magasabb szintre emelhetn\u00e9. A lig\u00e1nak m\u00e1rcius v\u00e9g\u00e9ig kellene d\u00f6nt\u00e9st hoznia, b\u00e1r a t\u00f6rt\u00e9ntek ut\u00e1n (hacsak a CVC nem k\u00f6veti a Blackstone-t) alighanem eld\u0151lt a verseny. A luxemburgi sz\u00e9khely\u0171 CVC a toplig\u00e1k k\u00f6z\u00fcl a spanyol La Lig\u00e1ban \u00e9s a francia Ligue 1-ben is \u00e9rdekelt, el\u0151bbibe 2 milli\u00e1rd eur\u00f3t, ut\u00f3bbiba 1,5 milli\u00e1rdot fecskendez be hasonl\u00f3 meg\u00e1llapod\u00e1sok keret\u00e9ben.\r\n\r\nA DFL a hivatalos honlapj\u00e1n <a href=\"https:\/\/www.dfl.de\/en\/news\/strategic-marketing-partnership-questions-and-answers\/\" target=\"_blank\" rel=\"noopener\">egy teljes magyar\u00e1z\u00f3 cikket<\/a> szentel a tervezett \u00e1talak\u00edt\u00e1snak, \u00e9s k\u00fcl\u00f6n kiemeli, a n\u00e9met labdar\u00fag\u00e1s \u201eszent tehen\u00e9t\u201d, az 50+1-es szab\u00e1lyt \u2013 mely szerint\r\n\r\n<span class=\"highlight-block\">a klubokban k\u00fcls\u0151 befektet\u0151 nem szerezhet t\u00f6bbs\u00e9gi tulajdonr\u00e9szt <\/span>\r\n\r\n\u2013 nem \u00e9rinten\u00e9k a reformok. Eszerint, ha egy klubnak t\u00f6bbs\u00e9gi befektet\u0151-tulajdonosa van, akkor nem j\u00e1tszhat a n\u00e9met labdar\u00fag\u00e1s k\u00e9t legfels\u0151 oszt\u00e1ly\u00e1ban. Az 1998-ban \u00e9letbe l\u00e9ptetett szab\u00e1ly nem vonatkozik a v\u00e1llalati csapatokra, azaz olyan klubokra, amelyeket t\u00f6bb mint 20 \u00e9ve ugyanaz a nagyv\u00e1llalat folyamatosan t\u00e1mogat \u00e9s fenntart. Ilyen a Bayer Leverkusen (Bayer gy\u00f3gyszergy\u00e1r), a VfL Wolfsburg (Volkswagen), \u00e9s 2023-ig a Hoffenheim is kiv\u00e9tel volt (SAP), de <strong>Dietmar Hopp<\/strong> visszaadta t\u00f6bbs\u00e9gi tulajdonr\u00e9sz\u00e9t a klubnak.\r\n\r\n\u201eGyakorlatilag ez azt jelenti, hogy a klubokat nem vehetik \u00e1t befektet\u0151k, \u00e9s nem k\u00e9nyszer\u00edthetnek ki olyan v\u00e1ltoz\u00e1sokat, amelyek a profitot a szurkol\u00f3k \u00e9rdekei f\u00f6l\u00e9 helyezik. A szab\u00e1ly megv\u00e9di a n\u00e9met klubokat a kalandorkedv\u0171 tulajdonosjel\u00f6ltekt\u0151l \u00e9s \u0151rzi azoknak demokratikus hagyom\u00e1nyait\u201d \u2013 <a href=\"https:\/\/www.bundesliga.com\/en\/faq\/what-are-the-rules-and-regulations-of-soccer\/50-1-fifty-plus-one-german-football-soccer-rule-explained-ownership-22832\" target=\"_blank\" rel=\"noopener\">magyar\u00e1zza az 50+1-et<\/a> a Bundesliga hivatalos oldala.\r\n\r\nA DFL hangs\u00falyozza: az 50+1-nek \u201enem eshet b\u00e1nt\u00f3d\u00e1sa\u201d, a labdar\u00fag\u00f3liga csak bev\u00e9tele egy r\u00e9sz\u00e9t adn\u00e1 oda a befektet\u0151jel\u00f6ltnek, az nem ker\u00fclne teljesen h\u00e1zon bel\u00fclre. Tov\u00e1bbra is a liga \u00e9s a klubok hat\u00e1rozn\u00e1k meg a m\u00e9rk\u0151z\u00e9sek kezd\u00e9si id\u0151pontj\u00e1t, ebbe a leend\u0151 strat\u00e9giai partnernek nem lenne belesz\u00f3l\u00e1sa. A DFL nem ad\u00f3sodna el, viszont plusz t\u0151k\u00e9t tudna bevonni, ami versenyk\u00e9pesebb\u00e9 tenn\u00e9 a Bundeslig\u00e1t.\r\n<blockquote>C\u00e9lunk az, hogy a Bundesliga \u00e9s a Bundesliga 2 sport- \u00e9s kereskedelmi szempontb\u00f3l is meg\u0151rizze versenyk\u00e9pess\u00e9g\u00e9t, valamint p\u00e9nz\u00fcgyi stabilit\u00e1s\u00e1t<\/blockquote>\r\n\u2013 \u00edrja a drukkereket megnyugtatni k\u00edv\u00e1n\u00f3 liga. A b\u00f6kken\u0151, hogy a szurkol\u00f3k ebb\u0151l egy bet\u0171t sem hisznek el.\r\n<div class=\"payable-content-section\"><\/div>\r\nA strat\u00e9giai tervet tavaly m\u00e1jusban leszavazt\u00e1k. V\u00e9g\u00fcl m\u00e1sodik pr\u00f3b\u00e1lkoz\u00e1sra, 2023. december 11-\u00e9n fogadt\u00e1k el, a minim\u00e1lisan sz\u00fcks\u00e9ges, k\u00e9tharmados t\u00f6bbs\u00e9ggel. A Bundesliga \u00e9s a Bundesliga 2. 36 klubj\u00e1b\u00f3l 24 szavazott mellette, t\u00edz ellene, kett\u0151 tart\u00f3zkodott \u2013 eggyel kevesebb igenl\u0151 voks, \u00e9s megint leszavazz\u00e1k a nagyszab\u00e1s\u00fa \u00e1talak\u00edt\u00e1st.\r\n\r\nA drukkerek gyan\u00faja szerint a Hannover \u00fcgyvezet\u0151j\u00e9t, <strong>Martin Kindet<\/strong> anyaklubja azzal deleg\u00e1lta a t\u00e1rgyal\u00e1sokra, hogy nemmel szavazzon, \u00e9s \u0151 az utas\u00edt\u00e1ssal dacolva igent mondott, ezzel billent \u00e1t a voksol\u00e1s. Nem tudjuk, ez igaz-e: a szavaz\u00e1s titkos volt, Kind \u00e9s a Hannover sem \u00e1rulta el, hogy a klubdeleg\u00e1lt mik\u00e9nt voksolt, az viszont t\u00e9ny, hogy <a href=\"https:\/\/www.sportschau.de\/fussball\/hannover-investor-abstimmung-100.html\" target=\"_blank\" rel=\"noopener\">a klub nemleges szavaz\u00e1sra utas\u00edtotta<\/a> az \u00fcgyvezet\u0151t, mert a Sportschau \u00e9s a Bild megszerezte az err\u0151l sz\u00f3l\u00f3 levelet. A Kicker <a href=\"https:\/\/www.kicker.de\/hannover-96-ev-erhebt-vorwuerfe-gegen-dfl-996446\/artikel\" target=\"_blank\" rel=\"noopener\">tov\u00e1bbi levelekhez jutott hozz\u00e1:<\/a> Kind ezek szerint is a \u201eszavazzon nemmel\u201d utas\u00edt\u00e1st kapta. A Hannover 96 \u2013 a klub, nem a futballcsapatot m\u0171k\u00f6dtet\u0151 gazdas\u00e1gi t\u00e1rsas\u00e1g \u2013 cs\u00fct\u00f6rt\u00f6k\u00f6n <a href=\"https:\/\/www.hannover96.de\/newscenter\/news\/details\/33137-oeffentliche-stellungnahme-des-hannoverschen-sportvereins-von-1896-ev.html\" target=\"_blank\" rel=\"noopener\">hivatalos k\u00f6zlem\u00e9nyben er\u0151s\u00edtette meg<\/a>, hogy Kindnek milyen utas\u00edt\u00e1st adott, egyben nekiment a DFL-nek is, amely \u201esz\u00e1nd\u00e9kosan k\u00f6d\u00f6s\u00edtett.\u201d\r\n\r\nKind \u00e1ll\u00e1spontja j\u00f3l ismert \u2013 a k\u00fcls\u0151 befektet\u0151k bevon\u00e1s\u00e1nak \u00e9s az 50+1-modell elt\u00f6rl\u00e9s\u00e9nek egyik sz\u00f3sz\u00f3l\u00f3j\u00e1r\u00f3l van sz\u00f3. 2009-ben kezdem\u00e9nyezte az 50+1 szab\u00e1ly megv\u00e1ltoztat\u00e1s\u00e1t (d\u00f6nt\u0151 t\u00f6bbs\u00e9ggel leszavazt\u00e1k), majd 2017-ben kiv\u00e9telt k\u00e9rt a szab\u00e1ly al\u00f3l a Hannovernek (ezt a DFL nem adta meg). A klubvezet\u0151 feje felbukkant az ultr\u00e1k egy k\u00e9trudas molin\u00f3j\u00e1n \u2013 c\u00e9lkeresztben, ez nagyj\u00e1b\u00f3l jelzi a n\u00e9pszer\u0171s\u00e9g\u00e9t is\u2026\r\n\r\n<span class=\"highlight-block-small\">A modern futballt ismerve k\u00e9rdezhetn\u00e9nk, hogy ugyan, mit sz\u00e1m\u00edtanak a szurkol\u00f3k; de \u00e9ppen a n\u00e9met labdar\u00fag\u00e1s saj\u00e1tos sz\u00f6ved\u00e9ke miatt nagyon is er\u0151s a befoly\u00e1suk. <\/span>\r\n\r\nA n\u00e9met futballk\u00f6zeg jelent\u0151s r\u00e9sze er\u0151sen tradicionalista, a k\u00f6z\u00f6ns\u00e9g sem operettk\u00f6z\u00f6ns\u00e9g. A klubok patin\u00e1s, r\u00e9gim\u00f3di nev\u0171 int\u00e9zm\u00e9nyek, a helyi \u00e9s region\u00e1lis k\u00f6z\u00f6ss\u00e9gek meghat\u00e1roz\u00f3 szerepl\u0151i, szerep\u00fck messze t\u00falmutat azon, hogy \u201ecsak\u201d sportegyes\u00fcletekr\u0151l, illetve azoknak a profi futballal foglalkoz\u00f3 gazdas\u00e1gi t\u00e1rsas\u00e1g\u00e1r\u00f3l van sz\u00f3. A dortmundi klubvezet\u0151 <strong>Hans-Joachim Watzke<\/strong> \u00edgy magyar\u00e1zta a jelens\u00e9get a Bundesliga hivatalos oldal\u00e1nak:\u00a0\u201eHagyom\u00e1ny, hogy a n\u00e9met szurkol\u00f3 k\u00f6zeli kapcsolatot \u00e1pol klubj\u00e1val. \u00c9s abban a pillanatban, hogy meg\u00e9rzi, nem szurkol\u00f3k\u00e9nt, hanem fogyaszt\u00f3k\u00e9nt kezelik, baj van.\u201d\r\n\r\nTal\u00e1n ezzel lehet a legegyszer\u0171bben megmagyar\u00e1zni a tiltakoz\u00e1sokat. Hi\u00e1ba pr\u00f3b\u00e1lja a DFL megindokolni a v\u00e1ltoztat\u00e1sok sz\u00fcks\u00e9gess\u00e9g\u00e9t, a szurkol\u00f3k azt \u00e9rz\u00e9kelik, hogy a befektet\u0151i szeml\u00e9let ker\u00fcl\u0151\u00faton belopakodik a Bundeslig\u00e1ba. \u00c9s ha egyszer beteszi a l\u00e1b\u00e1t, onnan nincs meg\u00e1ll\u00e1s: a drukkerek att\u00f3l tartanak, hogy el\u0151bb-ut\u00f3bb v\u00e9ge lesz a trad\u00edci\u00f3kat v\u00e9deni hivatott 50+1-es szab\u00e1lynak, a hatalmas szurkol\u00f3t\u00e1boroknak pedig egyre kevesebb lesz az es\u00e9ly\u00fck \u00e9rdemben befoly\u00e1solni a d\u00f6nt\u00e9seket. Elszabadulhatnak a jegy\u00e1rak, a kezd\u00e9si id\u0151pontok kev\u00e9sb\u00e9 n\u00e9z\u0151bar\u00e1tak lehetnek, a Bundesliga hangulat\u00e1t meghat\u00e1roz\u00f3 szervezett szurkol\u00f3i csoportokat pedig perif\u00e9ri\u00e1ra szor\u00edthatj\u00e1k. Lehet, hogy csak f\u00e9lelmek ezek, de nem alaptalanok, \u00e9s elegend\u0151k ahhoz, hogy a t\u00fcntet\u00e9sek m\u00e1r hosszabb ideje rendszeresek legyenek.\r\n\r\n<span class=\"highlight-block\">Minden h\u00e9tv\u00e9g\u00e9n felbukkannak az \u00e1talak\u00edt\u00e1s ellen tiltakoz\u00f3 molin\u00f3k, <\/span>\r\n\r\ndecemberben 12 perces \u201ekollekt\u00edv csend\u201d fogadta a csapatokat, az el\u0151z\u0151 h\u00e9tv\u00e9g\u00e9n z\u00e1poroztak a teniszlabd\u00e1k \u00e9s a csokip\u00e9nz\u00e9rm\u00e9k. A legkreat\u00edvabb tiltakoz\u00e1st a hamburgi ultr\u00e1k mutatt\u00e1k be, akik ker\u00e9kp\u00e1rz\u00e1rakat tettek a kapuf\u00e1kra, \u00e9s molin\u00f3val \u00fczent\u00e9k meg, mik\u00e9nt lehet azokat kinyitni.\r\n\r\n\u201eA befektet\u0151k \u00e9s Martin Kind a mi probl\u00e9m\u00e1nk \u2013 a megold\u00e1s az 50+01! Nem a DFL-befektet\u0151kre!\u201d \u2013 szerepelt a ki\u00edr\u00e1sokon. A sz\u00e1mz\u00e1rakat term\u00e9szetesen az 50+01 kombin\u00e1ci\u00f3 nyitotta (volna) ki\u2026\r\n\r\nhttps:\/\/www.youtube.com\/watch?v=4gLPwhteL1c\r\n\r\nAz ultr\u00e1k a heves tiltakoz\u00e1ssal \u00e9rz\u00e9keny pontra \u00fctnek. M\u00e9rk\u0151z\u00e9seket kellett hosszabb id\u0151re megszak\u00edtani, ami joggal ideges\u00edti a k\u00f6zvet\u00edt\u0151 partner t\u00e9v\u00e9t\u00e1rsas\u00e1gokat. Az nem biztos, hogy a drukkermozgalom j\u00f3 v\u00e9rt sz\u00fcl (a klubvezet\u0151k nyilv\u00e1n nem \u00f6r\u00fclnek a szervezett szurkol\u00f3i csoportok g\u00e1ncsoskod\u00e1s\u00e1nak), de a tiltakoz\u00e1soknak van c\u00e9ljuk: elriasztani a befektet\u0151jel\u00f6lteket, ezzel megtorped\u00f3zni a DFL terv\u00e9t. A 23 klub szurkol\u00f3i csoportjait t\u00f6m\u00f6r\u00edt\u0151 Unsere Kurve r\u00e9szsikernek tartja a Blackstone visszat\u00e1ncol\u00e1s\u00e1t.\r\n\r\n\u201ePontosan ezt akartuk el\u00e9rni, a tiltakoz\u00e1sunk sikeres volt\u201d \u2013 mondta a SiD h\u00edr\u00fcgyn\u00f6ks\u00e9gnek <strong>Jost Peter<\/strong>, az Unsere Kurve eln\u00f6ke. A szurkol\u00f3k \u00fajabb, imm\u00e1r ny\u00edlt DFL-szavaz\u00e1st <a href=\"https:\/\/www.unserekurve.de\/blog\/ohne-verhandlungsmasse-kein-dialog-mit-der-dfl-wir-fordern-umgehende-offene-neuabstimmung-zum-investoren-deal\/\" target=\"_blank\" rel=\"noopener\">k\u00f6vetelnek a befektet\u00e9si tervr\u0151l<\/a>, \u00e9s nem hajland\u00f3k t\u00e1rgyalni a lig\u00e1val, amely egyeztet\u00e9sekre h\u00edvta \u0151ket. A DFL poz\u00edci\u00f3ja valamelyest meggyeng\u00fclt: m\u00e1r nincs verseny a befektet\u0151k k\u00f6z\u00f6tt, a kalapban maradt partner (CVC) pedig h\u00e9tr\u0151l h\u00e9tre l\u00e1thatja, mennyire heves tiltakoz\u00e1sokkal kell szemben\u00e9zni. T\u00f6bb klub (az Union Berlin, az Osnabr\u00fcck, illetve a Karlsruhe) biztosan t\u00e1mogatna egy megism\u00e9telt szavaz\u00e1st a szurkol\u00f3k megnyugtat\u00e1sa \u00e9rdek\u00e9ben, a Hertha BSC, a Kaiserslautern \u00e9s az Eintracht Braunschweig szint\u00e9n hajlik erre. A DFL jogi okokb\u00f3l ezt nem tartja megval\u00f3s\u00edthat\u00f3nak.\r\n\r\nA labdar\u00fag\u00f3liga \u00e9s a szurkol\u00f3k k\u00f6z\u00f6tti k\u00f6t\u00e9lh\u00faz\u00e1s \u00fajabb menete a h\u00e9tv\u00e9g\u00e9n k\u00f6vetkezhet \u2013 az ultr\u00e1k azt \u00edg\u00e9rt\u00e9k, a t\u00fcntet\u00e9ssorozat folytat\u00f3dik. Hogy meddig? Am\u00edg a DFL h\u00e1traarcot nem csin\u00e1l \u2013 viszont a lig\u00e1nak p\u00e9nzre van sz\u00fcks\u00e9ge, \u00e9s\r\n\r\n<span class=\"highlight-block\">ha befektet\u00e9sr\u0151l van sz\u00f3, akkor nem felt\u00e9tlen\u00fcl szok\u00e1s a drukkerekre hallgatni.<\/span>\r\n\r\nB\u00e1r N\u00e9metorsz\u00e1gban ak\u00e1r ez is megt\u00f6rt\u00e9nhet.\r\n\r\n[prefabricated_shortcode in_app=\"0\" code=\"%3Cdiv%20class%3D%22article_box_border%22%20style%3D%22background%3A%20url%28%27https%3A%2F%2F24.p3k.hu%2Fapp%2Fuploads%2Fsites%2F24%2F2021%2F05%2Fsport24-pattern.png%27%29%20no-repeat%20left%20-16px%20%23f3f3f4%3B%20border%3A%20none%3B%22%3E%0D%0A%3Cdiv%20class%3D%22article_solidheader%22%3E%0D%0A%3Ch2%20style%3D%22color%3A%20%23111115%21important%3B%20font-size%3A%2036px%3B%20font-weight%3A%20bold%3B%20margin-bottom%3A%2030px%3B%20margin-top%3A%2020px%3B%20text-align%3A%20center%3B%20line-height%3A%2036px%3B%22%3E%3Cimg%20class%3D%22aligncenter%20size-full%20wp-image-141%22%20src%3D%22https%3A%2F%2F24.p3k.hu%2Fapp%2Fuploads%2Fsites%2F24%2F2021%2F05%2Fs24-logo-dt.png%22%20alt%3D%22%22%20width%3D%22408%22%20height%3D%2290%22%20%2F%3E%3C%2Fh2%3E%0D%0A%3Ch2%20style%3D%22color%3A%20%23111115%21important%3B%20font-size%3A%2036px%3B%20font-weight%3A%20bold%3B%20margin-bottom%3A%2030px%3B%20margin-top%3A%2020px%3B%20text-align%3A%20center%3B%20line-height%3A%2040px%3B%22%3ECsatlakozz%20a%20Sport24%20k%C3%B6z%C3%B6ss%C3%A9ghez%2C%20mondd%20el%20v%C3%A9lem%C3%A9nyedet%20z%C3%A1rt%20Facebook-csoportunkban%2C%20%C3%A9s%20vegy%C3%A9l%20r%C3%A9szt%20csak%20el%C5%91fizet%C5%91knek%20el%C3%A9rhet%C5%91%20exkluz%C3%ADv%20esem%C3%A9nyeinken.%3C%2Fh2%3E%0D%0A%3C%2Fdiv%3E%0D%0A%3Cp%20style%3D%22background%3A%20%2357A600%3B%20margin-top%3A%2020px%3B%20padding%3A%2020px%3B%20text-align%3A%20center%3B%22%3E%3Ca%20style%3D%22color%3A%20%23ffffff%3B%20font-size%3A%2026px%3B%20font-weight%3A%20600%3B%22%20href%3D%22https%3A%2F%2Fwww.facebook.com%2Fgroups%2F212344460412327%22%3ECSATLAKOZOM%3C%2Fa%3E%3C%2Fp%3E%0D%0A%0D%0A%3C%2Fdiv%3E\"]","type":"rich","thumbnail_url":"https:\/\/s.24.hu\/app\/uploads\/sites\/24\/2024\/02\/bundesliga-150x150.jpg","thumbnail_width":150,"thumbnail_height":150}