{"version":"1.0","provider_name":"Sport24","provider_url":"https:\/\/sport24.24.hu","author_name":"Bruckner G\u00e1bor","author_url":"https:\/\/sport24.24.hu\/author\/brucknerg\/","title":"Itt a bizony\u00edt\u00e9k: a Premier League-b\u0151l val\u00f3 kies\u00e9s m\u00e9g nem a vil\u00e1gv\u00e9ge","html":"A Leeds az \u00e9vad ezen szakasz\u00e1ban m\u00e1r t\u00f6bb pontot szerzett, mint <strong>Marcelo Bielsa<\/strong> mindk\u00e9t Championship-id\u00e9ny\u00e9ben \u2013 ez a sz\u00e1raz <a href=\"https:\/\/twitter.com\/secondtierpod\/status\/1753729111002853495\" target=\"_blank\" rel=\"noopener\">Twitter-statisztika <\/a>f\u00e9lrevezet\u0151 ugyan, de az megmutatkozik bel\u0151le, hogy a Leeds t\u00fal a bajnoks\u00e1g fel\u00e9n m\u00e9g joggal rem\u00e9nykedhet az egyenes\u00e1gi feljut\u00e1sban. S\u0151t, <strong>Daniel Farke<\/strong> csapata mintha 2024-ig v\u00e1rt volna arra, hogy istenigaz\u00e1b\u00f3l elkapja a fonalat, id\u00e9n azonban az eddigi \u00f6t bajnokij\u00e1t megnyerte, \u00e9s ez nemcsak ebben az id\u00e9nyben a leghosszabb gy\u0151zelmi sorozata. A klub t\u00f6rt\u00e9nete sor\u00e1n nem m\u00e9g nem volt p\u00e9lda ilyen sikeres \u00e9vkezdetre.\r\n\r\nEnnek k\u00f6sz\u00f6nhet\u0151en a Leeds az \u00e9vadban el\u0151sz\u00f6r m\u00e1r az automatikus feljut\u00e1st jelent\u0151 m\u00e1sodik helyre is fell\u00e9phetett, \u00e9s ugyan a Southampton egy nappal k\u00e9s\u0151bb visszael\u0151z\u00f6tt, a Leeds vitathatatlanul ott van a m\u00e1sodik liga legjobbjai k\u00f6z\u00f6tt. \u00c9s b\u00e1r a klub neve \u00e9s k\u00f6zelm\u00faltbeli t\u00f6rt\u00e9nelme alapj\u00e1n semmi meglep\u0151 nincs abban, hogy a legut\u00f3bb m\u00e9g a Premier League-ben j\u00e1tsz\u00f3 csapat egyb\u0151l visszajuthat az \u00e9lvonalba,\r\n\r\n<span class=\"highlight-block\">a h\u00e1rom kies\u0151 k\u00f6z\u00fcl messze a Leeds nyara volt a legkaotikusabb, <\/span>\r\n\r\naz id\u00e9ny is meglehet\u0151sen d\u00f6c\u00f6g\u0151sen indult az egy\u00fcttes sz\u00e1m\u00e1ra, teh\u00e1t egy\u00e1ltal\u00e1n nem volt mag\u00e1t\u00f3l \u00e9rtet\u0151d\u0151, hogy febru\u00e1rra ott lesz a k\u00f6zvetlen \u00e9lbolyban.\r\n\r\nAzt azonban gyorsan le kell sz\u00f6gezni, hogy m\u00edg Bielsa annak idej\u00e9n rem\u00e9nytelen\u00fcl k\u00f6z\u00e9pszer\u0171nek hitt j\u00e1t\u00e9kosokb\u00f3l kov\u00e1csolt feljut\u00e1s\u00e9rt k\u00fczd\u0151 csapatot, addig Farke lehet\u0151s\u00e9gei \u00f6sszehasonl\u00edthatatlanul jobbak. A t\u00e1rsas\u00e1g magja a Premier League-ben is bizony\u00edtott, \u00e9s a megmaradt kulcsj\u00e1t\u00e9kosokat sz\u00edvesen vitt\u00e9k is volna a riv\u00e1lisok, m\u00edg a hi\u00e1nyposztokra hat\u00e9konyan, j\u00f3l igazolt a menedzsment, \u00e9s az \u00faj tulajdonos 49ers Enterprise sem sajn\u00e1lta a p\u00e9nzt r\u00e1juk. Ha mindenk\u00e9ppen \u00f6ssze akarjuk Farke teljes\u00edtm\u00e9ny\u00e9t hasonl\u00edtani valakivel, akkor ink\u00e1bb arra mutat r\u00e1 ez a j\u00f3 szerepl\u00e9s, hogy <a href=\"https:\/\/sport24.24.hu\/foci\/2023\/02\/18\/jesse-marsch-leeds-united-tavozas-hatter\/\" target=\"_blank\" rel=\"noopener\">mekkora bakl\u00f6v\u00e9s volt <strong>Jesse Marschra<\/strong> b\u00edzni ezt a csapatot<\/a>, illetve az igazol\u00e1spolitik\u00e1t is az amerikai edz\u0151 ig\u00e9nyeihez igaz\u00edtani.\r\n\r\nK\u00e9t \u00e9ve ny\u00e1ron ugyanis az akkor m\u00e9g Premier League-szerepl\u0151 Leeds komoly er\u0151s\u00edt\u00e9sbe fogott, \u00e9s az \u00e9rkez\u0151k egy r\u00e9sze nyilv\u00e1nval\u00f3an \u00edgy vagy \u00fagy kapcsol\u00f3dott Marsch-hoz: ak\u00e1r mert az edz\u0151 kor\u00e1bbi klubjaiban (RB Salzburg \u00e9s Leipzig) j\u00e1tszottak, ak\u00e1r mert \u0151k is amerikaiak voltak. Az els\u0151 csapathoz akkor hat \u00faj j\u00e1t\u00e9kos \u00e9rkezett, majd m\u00e9g tov\u00e1bbi h\u00e1rom janu\u00e1rban, \u00e9s az eredm\u00e9ny t\u00falz\u00e1s n\u00e9lk\u00fcl katasztrof\u00e1lis volt. Nemcsak az\u00e9rt, mert az \u00e9rkez\u0151k t\u00f6bbs\u00e9g\u00e9r\u0151l kider\u00fclt, sem a Premier League, sem az edz\u0151 \u00e1ltal forsz\u00edrozott j\u00e1t\u00e9kst\u00edlus nem fekszik nekik, hanem mert az el\u0151z\u0151 klubvezet\u00e9s olyan szerz\u0151d\u00e9st k\u00f6t\u00f6tt vel\u00fck, amely kies\u00e9s eset\u00e9n lehet\u0151v\u00e9 tette, hogy k\u00f6lcs\u00f6nbe t\u00e1vozzanak. A klub sz\u00e1m\u00e1ra ez azt jelenti, hogy nem tudta p\u00e9nzz\u00e9 tenni ezeket a futballist\u00e1kat, akiknek a t\u00f6bbs\u00e9ge a ny\u00e1ron \u00e9lt is a lehet\u0151s\u00e9ggel: ment <strong>Brenden Aaronson<\/strong>, <strong>Rasmus Kristensen<\/strong>, <strong>Marc Roca<\/strong>, <strong>Maximilian W\u00f6ber<\/strong> \u00e9s<strong> Luis Sinisterra<\/strong> is, p\u00e9nzt viszont egyed\u00fcl a Bournemouth-nak eladott <strong>Tyler Adams\u00e9rt<\/strong> kapott a klub. A k\u00f6lcs\u00f6nhadsereget er\u0151s\u00edti a kor\u00e1bbi igazol\u00e1sok k\u00f6z\u00fcl <strong>Robin Koch<\/strong> meg <strong>Diego Llorente<\/strong> is, \u00e9s nem v\u00e9letlen, hogy az \u00fcgyletek miatt sokat b\u00edr\u00e1lt klubigazgat\u00f3, <strong>Victor Orta<\/strong> t\u00e1vozni k\u00e9nyszer\u00fclt.\r\n\r\nUgyanakkor a klub sikerrel tartotta meg a fiatal <strong>Willy Gnont\u00f3t<\/strong>, mint ahogyan nemet mondott azoknak is, akik a m\u00e1sik sz\u00e9ls\u0151t, <strong>Crysencio Summerville-t<\/strong> szerett\u00e9k volna megszerezni, \u00e9s szint\u00e9n maradt a kapus<strong> Ilan Meslier<\/strong>. A nagyobb gond viszont az volt, hogy a hetekig h\u00faz\u00f3d\u00f3 tulajdonosv\u00e1lt\u00e1s miatt\r\n\r\n<span class=\"highlight-block\">a strat\u00e9giai d\u00f6nt\u00e9seket jegelni kellett, <\/span>\r\n\r\n\u00e9s mire hossz\u00fa huzavona ut\u00e1n j\u00falius elej\u00e9n v\u00e9gre kinevezt\u00e9k Daniel Fark\u00e9t edz\u0151nek, addigra a riv\u00e1lisok m\u00e1r r\u00e9gesr\u00e9g t\u00fal voltak ezeken a d\u00f6nt\u00e9seken. Farke szerz\u0151dtet\u00e9se m\u00f6g\u00f6tt v\u00e1llaltan az volt a logika, hogy a n\u00e9met edz\u0151 k\u00e9tszer is feljuttatta m\u00e1r a Premier League-be a Norwichot, \u00e9s agressz\u00edv, labdabirtokl\u00e1sra \u00e9p\u00fcl\u0151 st\u00edlusa, a t\u00e1mad\u00f3focit p\u00e1rtol\u00f3 felfog\u00e1sa is szimpatikuss\u00e1 tette a klubvezet\u00e9s szem\u00e9ben.\r\n\r\nA bajnoki rajt idej\u00e9n azonban m\u00e9g mindig csak egy \u00faj mez\u0151nyj\u00e1t\u00e9kos volt a keretben (a Chelsea-t\u0151l \u00e9rkez\u0151 <strong>Ethan Ampadu<\/strong>), \u00e9s csak az \u00e1tigazol\u00e1si id\u0151szak utols\u00f3 napjaira \u00e1llt \u00f6ssze a keret. A legnagyobb rem\u00e9nyekkel a Swansea-t\u00f3l igazolt g\u00f3ler\u0151s t\u00e1mad\u00f3,<strong> Joel Piroe<\/strong> szerz\u0151dtet\u00e9s\u00e9t fogadt\u00e1k, m\u00edg sokan nem igaz\u00e1n \u00e9rtett\u00e9k, mit l\u00e1t Farke kor\u00e1bbi j\u00e1t\u00e9kos\u00e1ban, a Leeds-nevel\u00e9s\u0171, de m\u00e1r 30 \u00e9ves <strong>Sam Byramben<\/strong>, aki pr\u00f3baj\u00e1t\u00e9kosk\u00e9nt j\u00f6tt. \u00c1m \u0151 olyan j\u00f3l teljes\u00edtett, hogy szerz\u0151d\u00e9st k\u00edn\u00e1lt neki a klub, \u00e9s a sz\u00e9ls\u0151h\u00e1tv\u00e9d az \u0151sz egyik legkellemesebb meglepet\u00e9se lett.\r\n\r\n[caption id=\"attachment_11902\" align=\"alignnone\" width=\"4240\"]<img class=\"size-full wp-image-11902\" src=\"https:\/\/sport24.24.hu\/app\/uploads\/sites\/24\/2024\/02\/sam-biram.jpg\" alt=\"\" width=\"4240\" height=\"2827\" \/> Sam Byram[\/caption]\r\n\r\nDe Farke edz\u0151i kvalit\u00e1sai ink\u00e1bb azokn\u00e1l a j\u00e1t\u00e9kosokn\u00e1l mutatkoztak meg, akikkel az el\u0151dei nem boldogultak: <strong>Daniel James<\/strong> p\u00e9ld\u00e1ul annyira nem f\u00e9rt bele Marsch elk\u00e9pzel\u00e9seibe, hogy el is k\u00fcldte k\u00f6lcs\u00f6nbe, a sz\u00e9lv\u00e9szgyors walesi sz\u00e9ls\u0151 most azonban alapember. N\u00e1la is nagyobb meglepet\u00e9s <strong>Georginio Rutter<\/strong> j\u00e1t\u00e9ka: a francia csat\u00e1rt tavaly janu\u00e1rban rekord\u00f6sszeg\u00e9rt igazolta a klub, viszont alig kapott lehet\u0151s\u00e9get, \u00e9s amikor v\u00e9letlen\u00fcl p\u00e1ly\u00e1ra l\u00e9phetett, \u00f6nbizalomhi\u00e1nyos, gyenge futballista benyom\u00e1s\u00e1t keltette. Farke alatt azt\u00e1n Rutter \u00e9lni tudott a lehet\u0151s\u00e9ggel, a csapat er\u0151ss\u00e9ge lett, elk\u00e9peszt\u0151 technikai megold\u00e1sokat mutat be, mik\u00f6zben az eg\u00e9sz liga egyik legvesz\u00e9lyesebb j\u00e1t\u00e9kosa.\r\n\r\nhttps:\/\/www.youtube.com\/watch?v=mNL3t3OmIFE&amp;ab_channel=BrazilScout\r\n\r\nHa pedig Jamest emlegetj\u00fck, az is \u00e9rdekess\u00e9g, hogy mostanra komoly walesi v\u00e1logatottmag alakult ki a Leedsben: Ampadu \u00e9s James mellett ide sorolhat\u00f3 a v\u00e9delem oszlopa, a Tottenhamt\u0151l k\u00f6lcs\u00f6nbe \u00e9rkezett <strong>Joe Rodon<\/strong>, az id\u00e9n janu\u00e1rban pedig tov\u00e1bb b\u0151v\u00fclt a walesi kontingens a jobbh\u00e1tv\u00e9d <strong>Connor Roberts<\/strong> j\u00f6vetel\u00e9vel. Ez az \u00f6sszeszokott t\u00e1rsas\u00e1g k\u00f6zponti szerepet j\u00e1tszik a csapat \u00e9let\u00e9ben, \u00e9s nemzetk\u00f6zi rutinj\u00e1val is seg\u00edti a k\u00f6z\u00f6ss\u00e9get. V\u00e9g\u00fcl itt van Farke tal\u00e1n legnagyobb h\u00faz\u00e1sa, a 17 \u00e9ves<strong> Archie Gray<\/strong>, akir\u0151l ugyan lehetett tudni, hogy nagy tehets\u00e9g, arra viszont nem sokan sz\u00e1m\u00edtottak, hogy ennyi id\u0151sen \u00e1lland\u00f3 kezd\u0151ember lesz a csapatban. Gray r\u00e1ad\u00e1sul nem is eredeti posztj\u00e1n, a k\u00f6z\u00e9pp\u00e1ly\u00e1n kap \u00e1ltal\u00e1ban lehet\u0151s\u00e9get, hanem jobbh\u00e1tv\u00e9dk\u00e9nt sz\u00e1m\u00edt r\u00e1 az edz\u0151je, \u00e9s egy-k\u00e9t nehezebb ellenfelet lesz\u00e1m\u00edtva \u00edgy is az egy\u00fcttes er\u0151ss\u00e9gei k\u00f6z\u00e9 tartozik. Gray \u2013 akinek t\u00f6bb felmen\u0151je is j\u00e1tszott a klubban; k\u00f6z\u00fcl\u00fck <strong>Frank<\/strong> \u00e9s <strong>Eddie Gray<\/strong> is igazi klublegenda \u2013 eset\u00e9ben\r\n\r\n<span class=\"highlight-block-small\">legink\u00e1bb arra kell figyelnie Fark\u00e9nak, nehogy t\u00falhajtsa a fiatal j\u00e1t\u00e9kost, akinek a j\u00f6v\u0151je nyilv\u00e1nval\u00f3an a Premier League-ben \u00e9s az angol feln\u0151tt v\u00e1logatottban van.<\/span>\r\n<div class=\"payable-content-section\"><\/div>\r\nA csapat azonban nehezen \u00e1llt \u00f6ssze: az els\u0151 \u00f6t meccs\u00e9b\u0151l mind\u00f6ssze egyet tudott megnyerni, \u00e9s ugyan okt\u00f3berben v\u00e9gre az \u00e9lmez\u0151ny ut\u00e1n eredt, k\u00e9ptelen volt \u00e1lland\u00f3s\u00edtani a j\u00f3 form\u00e1j\u00e1t, k\u00e9t-h\u00e1rom j\u00f3 meccs ut\u00e1n mindig j\u00f6tt egy kij\u00f3zan\u00edt\u00f3 pofon. \u00cdgy is \u00f6sszehoztak viszont egy h\u00e9t meccses veretlens\u00e9gi sorozatot, de azt\u00e1n a gyeng\u00e9cske december kij\u00f3zan\u00edtotta a szurkol\u00f3kat. Farke v\u00e9g\u00fcl v\u00e1ltoztatott ezt-azt, \u00e9s janu\u00e1rban a felfriss\u00edtett csapat v\u00e9gre m\u00e1r egy\u00e9rtelm\u0171 \u00fczenetet k\u00fcld\u00f6tt a vet\u00e9lyt\u00e1rsaknak. Ebben kulcsszerepe volt annak a Patrick Bamfordnak, aki Bielsa t\u00e1voz\u00e1sa \u00f3ta nem tal\u00e1lta a hely\u00e9t, a s\u00e9r\u00fcl\u00e9sekkel sem volt szerencs\u00e9je. \u00c1m janu\u00e1rban Farke gondolt egyet, Piroe-t le\u00fcltette a kispadra, \u00e9s a hely\u00e9n j\u00e1tsz\u00f3 Bamford \u00fajra azt a csat\u00e1rt id\u00e9zte, akit nem olyan r\u00e9gen <strong>Gareth Southgate<\/strong> m\u00e9g a v\u00e1logatottba is megh\u00edvott. Az \u00f6t bajnoki k\u00f6z\u00fcl h\u00e1rom meccsen is betal\u00e1lt, m\u00edg a Peterborough elleni FA Kupa-meccsen olyan elk\u00e9peszt\u0151 kap\u00e1sg\u00f3lt szerzett, amivel biztosan helye kell, hogy legyen a Pusk\u00e1s-d\u00edj jel\u00f6ltjei k\u00f6z\u00f6tt.\r\n<blockquote class=\"twitter-tweet\">\r\n<p dir=\"ltr\" lang=\"en\">WHAT AN UNBELIEVABLE GOAL FROM PATRICK BAMFORD WOW<a href=\"https:\/\/t.co\/obE56kLTqM\">pic.twitter.com\/obE56kLTqM<\/a><\/p>\r\n\u2014 Project Football (@ProjectFootball) <a href=\"https:\/\/twitter.com\/ProjectFootball\/status\/1744016387633274979?ref_src=twsrc%5Etfw\">January 7, 2024<\/a><\/blockquote>\r\n<script async src=\"https:\/\/platform.twitter.com\/widgets.js\" charset=\"utf-8\"><\/script>\r\n\r\nKulcsszerepe lett a felt\u00e1mad\u00e1sban a ny\u00e1ron \u00e9rkezett bolg\u00e1r k\u00f6z\u00e9pp\u00e1ly\u00e1snak, <strong>Ilja Grujevnek<\/strong> is, akinek hossz\u00fa ideig tartott az akklimatiz\u00e1l\u00f3d\u00e1s, de amint lehet\u0151s\u00e9get kapott, \u00e9lni tudott vele. Olyannyira, hogy most \u0151 j\u00e1tszik a v\u00e9dekez\u0151 k\u00f6z\u00e9pp\u00e1ly\u00e1s poszton, m\u00edg el\u0151dje, Ampadu visszament a v\u00e9delembe. Neki is k\u00f6sz\u00f6nhet\u0151en a Leeds most a legjobb form\u00e1ban l\u00e9v\u0151 csapat a Championshipben, szinte minden statisztikai mutat\u00f3ban veri a riv\u00e1lisokat, de ennek ellen\u00e9re sem val\u00f3sz\u00edn\u0171, hogy es\u00e9lye lenne megfogni <a href=\"https:\/\/sport24.24.hu\/foci\/2024\/01\/11\/leicester-city-enzo-maresca-championship\/\" target=\"_blank\" rel=\"noopener\">a vill\u00e1mrajtot produk\u00e1l\u00f3 Leicestert, <\/a>amely annak ellen\u00e9re is tizenk\u00e9t ponttal el\u0151zi a Leedset, hogy id\u0151nk\u00e9nt meg-megbotlik. A sok\u00e1ig m\u00e1sodik helyezett Ipswich az utols\u00f3 nyolc meccs\u00e9b\u0151l csak egyet tudott megnyerni, \u00e9s ugyan nem er\u0151s\u00edtett rosszul janu\u00e1rban, neh\u00e9z elhinni, hogy m\u00e9g egyszer hasonl\u00f3 sorozatot produk\u00e1ljon, <a href=\"https:\/\/sport24.24.hu\/foci\/2023\/11\/03\/ipswich-town-feljutas-utan-meneteles-championship-kieran-mckenna\/\" target=\"_blank\" rel=\"noopener\">mint azt az \u0151sszel tette<\/a>.\u00a0Az igazi riv\u00e1lis a m\u00e1sik feljut\u00f3 hely\u00e9rt egy\u00e9rtelm\u0171en a Southampton, amely szint\u00e9n f\u00e9lelmetes form\u00e1ba lend\u00fclt, \u00e9s amely a ny\u00e1ron eladta ugyan h\u00e1rom szt\u00e1rj\u00e1t\u00e9kos\u00e1t, az \u00e9rt\u00fck kapott p\u00e9nzb\u0151l brut\u00e1lisan er\u0151s keretet tudott \u00f6sszerakni, \u00e9s mellesleg a t\u00f6bbi kiv\u00e1l\u00f3s\u00e1g\u00e1t sem kellett eladnia.\r\n\r\nEz persze komoly probl\u00e9m\u00e1t jelez a Championship versenyk\u00e9pess\u00e9g\u00e9t illet\u0151en, de majdnem biztos, hogy csak egyszeri alkalom, hiszen\r\n\r\n<span class=\"highlight-block\">a Premier League idei sereghajt\u00f3i messze nem olyan stabil \u00e9s er\u0151s klubok, mint a tavalyi kies\u0151k voltak. <\/span>\r\n\r\nDe a Leeds eset\u00e9ben, ugyeb\u00e1r, nem nagyon lehetett sz\u00f3 arr\u00f3l, hogy p\u00e9nzz\u00e9 tegye az \u00e9rt\u00e9keit, m\u00e9gis j\u00f3l tudott er\u0151s\u00edteni, mellesleg Fark\u00e9nak egy gener\u00e1ci\u00f3v\u00e1lt\u00e1st is le kell vez\u00e9nyelnie: ha m\u00e1r Bamfordot eml\u00edtett\u00fck, mostanra \u0151 maradt az egyetlen h\u00edrmond\u00f3 a Bielsa-f\u00e9le csapat kulcsemberei k\u00f6z\u00fcl. Itt van m\u00e9g ugyan a kapit\u00e1ny, <strong>Liam Cooper<\/strong>, r\u00e1 azonban m\u00e1r csak cserek\u00e9nt sz\u00e1m\u00edt a szakvezet\u00e9s, \u00e9s v\u00e9lhet\u0151en nem hosszabb\u00edtj\u00e1k meg a ny\u00e1ron lej\u00e1r\u00f3 szerz\u0151d\u00e9s\u00e9t, m\u00edg <strong>Stuart Dallas<\/strong> lassan k\u00e9t \u00e9ve r\u00fagott utolj\u00e1ra labd\u00e1ba, \u00e9s egyre nehezebb elk\u00e9pzelni, hogy a sz\u00f6rny\u0171 s\u00edpcsontt\u00f6r\u00e9s\u00e9b\u0151l m\u00e9g visszat\u00e9rhetne. Luke Ayling most janu\u00e1rban t\u00e1vozott a Middlesbrough-hoz, miut\u00e1n \u0151sszel m\u00e1r alig-alig kapott lehet\u0151s\u00e9get, <strong>Jack Harrison<\/strong> pedig m\u00e9g a ny\u00e1ron az Evertonhoz szerz\u0151d\u00f6tt (egyel\u0151re \u0151 is csak k\u00f6lcs\u00f6nbe). A t\u00f6bbiek m\u00e1r kor\u00e1bban t\u00e1voztak, de most lett nyilv\u00e1nval\u00f3, hogy egy korszak lez\u00e1rult.\r\n\r\nEz a Leeds m\u00e1r eg\u00e9szen m\u00e1shonnan indult, \u00e9s m\u00e1shov\u00e1 is tart. Noha a l\u00e1tv\u00e1nyos j\u00e1t\u00e9k miatt vannak, akik p\u00e1rhuzamot vonnak a k\u00e9t korszak k\u00f6z\u00f6tt, de am\u00edg Bielsa eset\u00e9ben t\u00e9nyleg a focib\u00f3l egyre ink\u00e1bb kivesz\u0151 romantika t\u00e9rhetett vissza r\u00f6vid id\u0151re a p\u00e1ly\u00e1ra, addig Daniel Farke csapata m\u00e1r ink\u00e1bb arra p\u00e9lda, hogy j\u00f3zan d\u00f6nt\u00e9sekkel a Premier League-b\u0151l val\u00f3 kies\u00e9s sem jelenti a vil\u00e1g v\u00e9g\u00e9t.\r\n\r\n[prefabricated_shortcode in_app=\"0\" code=\"%3Cdiv%20class%3D%22article_box_border%22%20style%3D%22background%3A%20url%28%27https%3A%2F%2F24.p3k.hu%2Fapp%2Fuploads%2Fsites%2F24%2F2021%2F05%2Fsport24-pattern.png%27%29%20no-repeat%20left%20-16px%20%23f3f3f4%3B%20border%3A%20none%3B%22%3E%0D%0A%3Cdiv%20class%3D%22article_solidheader%22%3E%0D%0A%3Ch2%20style%3D%22color%3A%20%23111115%21important%3B%20font-size%3A%2036px%3B%20font-weight%3A%20bold%3B%20margin-bottom%3A%2030px%3B%20margin-top%3A%2020px%3B%20text-align%3A%20center%3B%20line-height%3A%2036px%3B%22%3E%3Cimg%20class%3D%22aligncenter%20size-full%20wp-image-141%22%20src%3D%22https%3A%2F%2F24.p3k.hu%2Fapp%2Fuploads%2Fsites%2F24%2F2021%2F05%2Fs24-logo-dt.png%22%20alt%3D%22%22%20width%3D%22408%22%20height%3D%2290%22%20%2F%3E%3C%2Fh2%3E%0D%0A%3Ch2%20style%3D%22color%3A%20%23111115%21important%3B%20font-size%3A%2036px%3B%20font-weight%3A%20bold%3B%20margin-bottom%3A%2030px%3B%20margin-top%3A%2020px%3B%20text-align%3A%20center%3B%20line-height%3A%2040px%3B%22%3ECsatlakozz%20a%20Sport24%20k%C3%B6z%C3%B6ss%C3%A9ghez%2C%20mondd%20el%20v%C3%A9lem%C3%A9nyedet%20z%C3%A1rt%20Facebook-csoportunkban%2C%20%C3%A9s%20vegy%C3%A9l%20r%C3%A9szt%20csak%20el%C5%91fizet%C5%91knek%20el%C3%A9rhet%C5%91%20exkluz%C3%ADv%20esem%C3%A9nyeinken.%3C%2Fh2%3E%0D%0A%3C%2Fdiv%3E%0D%0A%3Cp%20style%3D%22background%3A%20%2357A600%3B%20margin-top%3A%2020px%3B%20padding%3A%2020px%3B%20text-align%3A%20center%3B%22%3E%3Ca%20style%3D%22color%3A%20%23ffffff%3B%20font-size%3A%2026px%3B%20font-weight%3A%20600%3B%22%20href%3D%22https%3A%2F%2Fwww.facebook.com%2Fgroups%2F212344460412327%22%3ECSATLAKOZOM%3C%2Fa%3E%3C%2Fp%3E%0D%0A%0D%0A%3C%2Fdiv%3E\"]","type":"rich","thumbnail_url":"https:\/\/s.24.hu\/app\/uploads\/sites\/24\/2024\/02\/leeds-150x150.jpg","thumbnail_width":150,"thumbnail_height":150}