{"version":"1.0","provider_name":"Sport24","provider_url":"https:\/\/sport24.24.hu","author_name":"Bruckner G\u00e1bor","author_url":"https:\/\/sport24.24.hu\/author\/brucknerg\/","title":"Nagy \u00edg\u00e9retek, ap\u00e1tia, majd \u00fajpesti rem\u00e9ny: a Duchatelet-\u00e9ra ut\u00e1n a Fradi ellenp\u00f3lust kaphat","html":"<strong>Roderick Duchatelet<\/strong> beteszi maga m\u00f6g\u00f6tt az ajt\u00f3t, \u00e9s ez bizonyos \u00e9rtelemben korszakhat\u00e1rt is jelent a magyar futballban. Az \u00dajpest belga tulajdonos\u00e1val a k\u00e9tezres \u00e9vek er\u0151sen kaotikus \u00e9s \u201evadkeleti\u201d els\u0151 m\u00e1sf\u00e9l \u00e9vtized\u00e9nek utols\u00f3 h\u00edrmond\u00f3ja t\u00e1vozik.\r\n\r\n<span class=\"highlight-block-small\">Az NB I m\u00e9g ink\u00e1bb z\u00e1rt rendszerr\u00e9 v\u00e1lik: a piaci szerepl\u0151k mellett \u00e1llami, korm\u00e1nyk\u00f6zeli patr\u00f3nusok, politikusok, c\u00e9gek, szponzorok h\u00e1l\u00f3ja sz\u00f6vi \u00e1t, l\u00e9trehozva egy stabil, d\u00f6nt\u0151en hazai fenntart\u00e1s\u00fa bubor\u00e9kot.<\/span>\r\n\r\nIzgalom n\u00e9lk\u00fcl azonban a stabil bubor\u00e9k lehet j\u00f3l m\u0171k\u00f6d\u0151, \u00e1m \u2013 unalmas.\r\n\r\n<img class=\"alignnone size-full wp-image-11889\" src=\"https:\/\/sport24.24.hu\/app\/uploads\/sites\/24\/2024\/02\/duchatelet.jpg\" alt=\"\" width=\"5184\" height=\"3342\" \/>\r\n\r\nA magyar bajnoks\u00e1g pedig (ha lesz\u00e1m\u00edtjuk a kies\u00e9s elker\u00fcl\u00e9s\u00e9\u00e9rt folytatott harcot, no meg n\u00e9ha a dobog\u00f3\u00e9rt folytatott tusakod\u00e1st) nem t\u00fal izgalmas. A Ferencv\u00e1ros olyan f\u00f6l\u00e9nyt harcolt ki, amelyhez hasonl\u00f3t legut\u00f3bb a hetvenes \u00e9vek nagy \u00dajpestj\u00e9nek idej\u00e9n l\u00e1ttunk. A magyar rekordbajnok minden t\u00e9ren uralja az NB I-et, j\u00f3 nemzetk\u00f6zi eredm\u00e9nyeivel pedig megnyitott egy extra forr\u00e1st is. Ahogy az \u00dajpest\u2013Fradi derbit tavaly a helysz\u00ednen megtekint\u0151 Nick Miller, <a href=\"https:\/\/theathletic.com\/4476988\/2023\/05\/03\/derby-days-budapest-ujpest-ferencvaros\/\" target=\"_blank\" rel=\"noopener\">a The Athletic \u00fajs\u00e1g\u00edr\u00f3ja<\/a> megjegyezte: a Szusza Ferenc Stadionban l\u00e1tott, \u201eNERencv\u00e1ros\u201d \u00e9l\u0151k\u00e9pet legal\u00e1bb r\u00e9szben a lil\u00e1k drukkerei \u00e1ltal \u00e9rzett er\u0151s frusztr\u00e1ci\u00f3 indokolhatta.\r\n\r\nAz \u00fajpestieknek ugyanis \u00e9rthet\u0151 m\u00f3don nagyon elege lehet n\u00e9h\u00e1ny dologb\u00f3l:\r\n<ul>\r\n \t<li>saj\u00e1t csapatuk nihilbe s\u00fcllyedt<\/li>\r\n \t<li>tulajdonosuk nem tud el\u00e9g p\u00e9nzt a csapatba tenni, hogy az igaz\u00e1n versenyk\u00e9pes legyen<\/li>\r\n \t<li>gyakorlatilag kimaradtak a magyar \u201efutballbubor\u00e9k\u201d pozit\u00edv hat\u00e1saib\u00f3l, k\u00edv\u00fcl\u00e1ll\u00f3i a rendszernek<\/li>\r\n \t<li>ek\u00f6zben a Ferencv\u00e1ros dominanci\u00e1t \u00e9p\u00edtett ki; az \u00dajpest-ultr\u00e1k fent eml\u00edtett v\u00e9lem\u00e9nye szerint er\u0151s politikai h\u00e1tsz\u00e9llel<\/li>\r\n \t<li>a derbik pedig \u00e9vr\u0151l \u00e9vre eml\u00e9keztetik a lil\u00e1kat arra, hogy mekkora a lemarad\u00e1suk (az \u00dajpest 2015 \u00f3ta nem nyert derbit az NB I-ben, a legut\u00f3bbi 14-et 6\u201335-\u00f6s g\u00f3lk\u00fcl\u00f6nbs\u00e9ggel elvesz\u00edtette)<\/li>\r\n<\/ul>\r\nA fenti pontokb\u00f3l k\u00e9ts\u00e9gtelen\u00fcl az els\u0151 kett\u0151 lehet a legink\u00e1bb frusztr\u00e1l\u00f3. Mert b\u00e1r a Duchatelet-\u00e9r\u00e1ban az \u00dajpest h\u00e1romszor nyert Magyar Kup\u00e1t, a bajnoks\u00e1gban csup\u00e1n egyetlen dobog\u00f3s helyez\u00e9st (3. hely 2017\/18-ban) tudott felmutatni, \u00e9s\r\n\r\n<span class=\"highlight-block\">komolyan egyszer sem volt k\u00e9pes besz\u00e1llni az arany\u00e9rem\u00e9rt folytatott harcba. <\/span>\r\n\r\nEz lehet, hogy a tulajdonos lehet\u0151s\u00e9geihez viszony\u00edtva megfelel\u0151 produkci\u00f3, \u00e1m az \u00dajpest hagyom\u00e1nyaihoz m\u00e9ltatlan. Ami\u00f3ta a IV. ker\u00fcleti csapat megszerezte az els\u0151 \u00e9rm\u00e9t az \u00e9lvonalban (1916\/17), most fordult el\u0151 el\u0151sz\u00f6r, hogy egy \u00e9vtizedes mint\u00e1ban csak egyetlen dobog\u00f3s helyez\u00e9st tudott el\u00e9rni. A bajnoki c\u00edmr\u0151l ne is besz\u00e9lj\u00fcnk \u2013 azt 1997\/98 \u00f3ta \u0171zik hi\u00e1ba a lila-feh\u00e9rek. Az \u00dajpest el\u0151sz\u00f6r 1930-ban lett magyar bajnok, az\u00f3ta egyszer sem kellett ilyen hossz\u00fa \u201earany\u00e9remb\u00f6jt\u00f6t\u201d ki\u00e1llnia.\r\n\r\n<iframe class=\"flourish-embed-iframe\" style=\"width: 100%; height: 600px;\" title=\"Interactive or visual content\" src=\"https:\/\/flo.uri.sh\/visualisation\/16729830\/embed\" frameborder=\"0\" scrolling=\"no\"><\/iframe>\r\n<div style=\"width: 100%!; margin-top: 4px!important; text-align: right!important;\"><a class=\"flourish-credit\" style=\"text-decoration: none!important;\" href=\"https:\/\/public.flourish.studio\/visualisation\/16729830\/?utm_source=embed&amp;utm_campaign=visualisation\/16729830\" target=\"_top\" rel=\"noopener\"><img style=\"width: 105px!important; height: 16px!important; border: none!important; margin: 0!important;\" src=\"https:\/\/public.flourish.studio\/resources\/made_with_flourish.svg\" alt=\"Made with Flourish\" \/> <\/a><\/div>\r\n&nbsp;\r\n\r\n\u201eT\u00f6bb mint t\u00edz \u00e9ven kereszt\u00fcl minden t\u0151lem telhet\u0151t megtettem az \u00dajpest labdar\u00fag\u00f3klub\u00e9rt, de itt az ideje, hogy \u00faj t\u00e1vlatok \u00e9s c\u00e9lok fel\u00e9 l\u00e9pjek tov\u00e1bb. Nem volt k\u00f6nny\u0171 megtal\u00e1lni a megfelel\u0151 partnert, aki nemcsak \u00e1tveszi a klubot, de egyben \u00faj lehet\u0151s\u00e9geket biztos\u00edt \u00e9s \u00faj sikerek kov\u00e1csa lehet az \u00dajpest Football Club f\u00e9nyes j\u00f6v\u0151je \u00e9rdek\u00e9ben\u201d \u2013 <a href=\"https:\/\/ujpestfc.hu\/component\/content\/article\/uj-fejezet-a-magyar-labdarugasban-nyaron-erkezik-a-mol-ujpestre?catid=21&amp;Itemid=288\" target=\"_blank\" rel=\"noopener\">b\u00facs\u00fazott Duchatelet<\/a> a klub hivatalos honlapj\u00e1n megjelentetett, a tulajdonosv\u00e1lt\u00e1sr\u00f3l sz\u00f3l\u00f3 k\u00f6zlem\u00e9nyben.\r\n\r\nAmikor a belga \u00fczletember bel\u00e9pett \u2013 2011. okt\u00f3ber\u00e9ben \u2013, akkor a Nemzeti Sport igen hangzatos szalagc\u00edmekkel fogadta. \u201eMajd \u00e9n megmutatom!\u201d \u2013 szerepelt az okt\u00f3ber 20-i sz\u00e1m c\u00edmlapj\u00e1n. \u201eMegj\u00f6tt a megment\u0151\u201d \u2013 ezzel a c\u00edmmel jelent meg a tulajdonosv\u00e1lt\u00e1sr\u00f3l sz\u00f3l\u00f3 cikk. Amikor a sportnapilap r\u00e1k\u00e9rdezett, mi\u00e9rt vette meg Duchatelet az anyagi v\u00e1ls\u00e1gban fuldokl\u00f3, patin\u00e1s klubot, a v\u00e1lasz t\u00f6m\u00f6r volt:\r\n<blockquote class=\"small-quote\">Az \u00fczlet. Merthogy igenis nyeres\u00e9gess\u00e9 lehet tenni Magyarorsz\u00e1gon is egy futballcsapatot.<\/blockquote>\r\nA p\u00e9nzcentrikus megk\u00f6zel\u00edt\u00e9s mellett \u00edg\u00e9retekb\u0151l sem volt hi\u00e1ny:\r\n\r\n\u201eNem titok, az \u00dajpestnek legal\u00e1bb olyan sikeresnek kell lennie, mint amilyen volt a hetvenes \u00e9vekben. Az\u00e9rt j\u00f6tt\u00fcnk a klubhoz, mert szeretn\u00e9nk felvir\u00e1goztatni, visszahozni a r\u00e9gi tekint\u00e9ly\u00e9t\u201d \u2013 mondta Duchatelet.\r\n\r\nHa ez volt a c\u00e9lkit\u0171z\u00e9s, akkor nem siker\u00fclt el\u00e9rni.\r\n\r\nAzt m\u00e1r sokkal nehezebben lehet meg\u00e1llap\u00edtani, mi is volt a \u201emesterterv\u201d. De nem vonatkoztathatunk el a kort\u00f3l, amelyben a Duchatelet-meg\u00e1llapod\u00e1s megk\u00f6ttetett. Ugyan a DVSC a cs\u00facson volt (a belga \u201ehatalom\u00e1tv\u00e9tel\u201d id\u00e9ny\u00e9ben veretlen\u00fcl lett bajnok), de azt k\u00f6vet\u0151en lesz\u00e1ll\u00f3 \u00e1gba ker\u00fclt. 2007 \u00e9s 2017 k\u00f6z\u00f6tt hat k\u00fcl\u00f6nb\u00f6z\u0151 bajnokcsapat volt (Debrecen, MTK, Videoton, Gy\u0151ri ETO, Ferencv\u00e1ros, Honv\u00e9d); Duchatelet okkal gondolhatta h\u00e1t, hogy itt n\u00e9mi t\u0151keinjekci\u00f3val \u00e9s \u00fcgyes j\u00e1t\u00e9kospolitik\u00e1val lehet keresnival\u00f3ja az \u00dajpestnek.\r\n\r\nA DVSC tr\u00f3nj\u00e1nak meging\u00e1sa \u00e9s a Ferencv\u00e1ros dominanci\u00e1ja k\u00f6z\u00f6tt volt egy id\u0151szak, melyben val\u00f3ban lehetett helyezkedni \u2013 <strong>George F. Hemingway<\/strong> Kispestje <strong>Marco Rossi i<\/strong>r\u00e1ny\u00edt\u00e1s\u00e1val megmutatta, hogy viszonylag szer\u00e9ny k\u00f6lts\u00e9gvet\u00e9ssel \u00e9s kiemelked\u0151 szakmai munk\u00e1val is el lehet \u00e9rni az arany\u00e9rmet. Azt az arany\u00e9rmet, amelynek megszerz\u00e9s\u00e9re az \u00dajpestnek gyakorlatilag es\u00e9lye sem volt: a Duchatelet-id\u0151szakban a csapat 42, 23, 30, 20, 30, 23, 19, 26, 33, 36, 27 \u00e9s 22 ponttal szorult az els\u0151 helyezett m\u00f6g\u00e9. Ez nem \u00e9lcsapat, hanem k\u00f6z\u00e9pcsapat, m\u00e1rpedig egy, az \u00dajpest hagyom\u00e1nyaival b\u00edr\u00f3 klubn\u00e1l \u2013 legal\u00e1bbis a szurkol\u00f3k szem\u00e9ben \u2013\r\n\r\n<span class=\"highlight-block\">a k\u00f6z\u00e9pcsapat st\u00e1tus v\u00e1llalhatatlan.<\/span>\r\n\r\nEz pedig arra utal, hogy vagy a p\u00e9nz, vagy a koncepci\u00f3, vagy a tud\u00e1s nem bizonyult elegend\u0151nek.\r\n\r\nA v\u00e9gvesz\u00e9lybe sodr\u00f3dott \u00dajpestet megment\u0151 \u00e9s stabiliz\u00e1l\u00f3 Roderick Duchatelet csal\u00e1dja eur\u00f3pai klubh\u00e1l\u00f3zat\u00e1ra is \u00e9p\u00edthetett. \u00c9desapja, <strong>Roland Duchatelet<\/strong> 2007 \u00e9s 2014 k\u00f6z\u00f6tt besz\u00e1llt a belga Sint-Truidenbe \u00e9s Standard Liege-be, az angol Charlton Athleticbe, a spanyol Alcorc\u00f3nba \u00e9s a n\u00e9met Carl Zeiss Jen\u00e1ba. Roderick Duchatelet a szint\u00e9n belga Germinal Beerschottal szerezte els\u0151 klubvezet\u0151i tapasztalatait. Nem ez volt az egyetlen csal\u00e1di klubh\u00e1l\u00f3 ebben az id\u0151szakban, gondoljunk az olasz <strong>Pozzo<\/strong> fam\u00edlia Udinese, Granada, Watford \u201eh\u00e1romsz\u00f6g\u00e9re.\u201d Ha az volt az elk\u00e9pzel\u00e9s, hogy az \u00faj tulajdonos p\u00e9nz\u00fcgyileg helyrepofozza az \u00dajpestet, a klubh\u00e1l\u00f3t kihaszn\u00e1lva \u00e1ramoltatja a j\u00e1t\u00e9kosokat a t\u00e1rsklubok k\u00f6z\u00f6tt, \u00e9s ez el\u00e9g lehet j\u00f3 eredm\u00e9nyek el\u00e9r\u00e9s\u00e9hez, akkor az nem volt irre\u00e1lis.\r\n<div class=\"payable-content-section\"><\/div>\r\nJ\u00e1t\u00e9kos\u00e1ramoltat\u00e1sban nem is volt hi\u00e1ny. Mostan\u00e1ig (2024. febru\u00e1r 7-\u00e9ig) kereken 100 l\u00e9gi\u00f3s \u00e9rkezett \u00dajpestre. A gond ink\u00e1bb a min\u0151s\u00e9ggel volt, nem a mennyis\u00e9ggel. B\u00e1r k\u00e9ts\u00e9gtelen\u00fcl akadtak telital\u00e1latnak bizonyul\u00f3 igazol\u00e1sok \u2013 <strong>Loic Nego<\/strong>, <strong>Enis Bardhi<\/strong>, <strong>Asmir Suljic<\/strong>, <strong>Mbaye Diagne<\/strong>, <strong>Vincent Onovo<\/strong>, <strong>Obinna Nwobodo<\/strong>, <strong>Nemanja Antonov<\/strong>, <strong>Budu Zivzivadze<\/strong> \u00e9s <strong>Giorgi Beridze<\/strong> egy \u00e9lcsapat gerinc\u00e9t alkothatn\u00e1. Hi\u00e1ba volt egy-k\u00e9t nagy elad\u00e1s (a csak egy NB I-es meccsen p\u00e1ly\u00e1ra l\u00e9p\u0151, azt\u00e1n <a href=\"https:\/\/www.rtbf.be\/article\/vente-du-standard-en-2015-des-conventions-confidentielles-font-surface-11252009\" target=\"_blank\" rel=\"noopener\">a Standardhoz igazol\u00f3<\/a> <strong>Darwin Andrade<\/strong>, valamint a kiemelked\u0151 teljes\u00edtm\u00e9nyt ny\u00fajt\u00f3 Diagne \u00e9s Bardhi a Transfermarkt adatb\u00e1zisa szerint egyar\u00e1nt egymilli\u00f3 eur\u00f3 f\u00f6l\u00f6tti d\u00edj\u00e9rt v\u00e1ltott klubot), tal\u00e1n csak 2015\/16-ban \u00e9s 2017\/18-ban \u00e1llt \u00f6ssze igaz\u00e1n er\u0151s csapat. Az el\u0151bbi gy\u0151zni tudott \u2013 els\u0151 magyar vend\u00e9gk\u00e9nt \u2013 a Groupama Ar\u00e9n\u00e1ban \u00e9s kupad\u00f6nt\u0151t j\u00e1tszott (1-0-ra kikapott a Ferencv\u00e1rost\u00f3l), de Diagne elad\u00e1sa ut\u00e1n csak a 6. helyen z\u00e1rt a bajnoks\u00e1gban; az ut\u00f3bbi bronz\u00e9rmes \u00e9s kupagy\u0151ztes lett.\r\n\r\nAz al\u00e1bbi \u00e1br\u00e1n a Duchatelet-\u00e9r\u00e1ban hozott l\u00e9gi\u00f3sok meccssz\u00e1m\u00e1t \u00e1br\u00e1zoltuk. Csak 17 olyan j\u00e1t\u00e9kos van, aki t\u00f6bb mint 50 bajnokit j\u00e1tszott ebben a korszakban lila-feh\u00e9r mezben, viszont 32 olyan, aki t\u00edzn\u00e9l kevesebbszer l\u00e9pett p\u00e1ly\u00e1ra az NB I-ben (\u0151ket reprezent\u00e1lj\u00e1k a bal oldali, eg\u00e9szen apr\u00f3 pontok).\r\n\r\n<iframe class=\"flourish-embed-iframe\" style=\"width: 100%; height: 600px;\" title=\"Interactive or visual content\" src=\"https:\/\/flo.uri.sh\/visualisation\/16731279\/embed\" frameborder=\"0\" scrolling=\"no\"><\/iframe>\r\n<div style=\"width: 100%!; margin-top: 4px!important; text-align: right!important;\"><a class=\"flourish-credit\" style=\"text-decoration: none!important;\" href=\"https:\/\/public.flourish.studio\/visualisation\/16731279\/?utm_source=embed&amp;utm_campaign=visualisation\/16731279\" target=\"_top\" rel=\"noopener\"><img style=\"width: 105px!important; height: 16px!important; border: none!important; margin: 0!important;\" src=\"https:\/\/public.flourish.studio\/resources\/made_with_flourish.svg\" alt=\"Made with Flourish\" \/> <\/a><\/div>\r\n&nbsp;\r\n\r\nAz \u00e1tigazol\u00e1si m\u00e9rleg t\u00f6bbsz\u00f6r volt pozit\u00edv, mint negat\u00edv (ez c\u00e9lkit\u0171z\u00e9s is lehetett, hiszen Duchatelet els\u0151sorban \u00fczleti lehet\u0151s\u00e9get l\u00e1tott az \u00dajpestben), de a fenti \u00e1bra nem \u201etelital\u00e1latos\u201d transzfertev\u00e9kenys\u00e9get mutat.\r\n\r\n<span class=\"highlight-block-small\">Ahogy m\u00faltak az \u00e9vek, \u00fagy lett egyre ink\u00e1bb \u201ehaszn\u00e1ltruhapiac-jelleg\u00fck\u201d az \u00e1tigazol\u00e1soknak: az \u00dajpest szer\u00e9ny lehet\u0151s\u00e9geihez m\u00e9rten szerz\u0151dtetett (\u00e1ltal\u00e1ban) szabadon igazolhat\u00f3 j\u00e1t\u00e9kosokat, akik azt\u00e1n vagy bev\u00e1ltak, vagy nem. <\/span>\r\n\r\nM\u00edg azonban a Transfermarkt-adatb\u00e1zis becsl\u00e9se szerint 2011\/12-ben 1,32 milli\u00f3 eur\u00f3t adtak ki j\u00e1t\u00e9kosv\u00e1s\u00e1rl\u00e1sra az NB I-es klubok, a 2023\/24-es \u00e9vadban m\u00e1r 10,71-et (ebb\u0151l 9,2 a Fradin\u00e1l becs\u00fclt k\u00f6lt\u00e9s, hivatalos, publikus adatok nincsenek).\r\n\r\n\u00dajpesten ugyan\u00fagy folydog\u00e1lt minden, az NB I \u00e9s annak dinamik\u00e1ja viszont alaposan megv\u00e1ltozott, \u00e9s az \u00e1talakult k\u00f6rnyezetben a klub m\u00e1r nem volt versenyk\u00e9pes. K\u00f6zben a csal\u00e1di klubh\u00e1l\u00f3 is sz\u00e9tesett: Roland Duchatelet egym\u00e1s ut\u00e1n sz\u00e1llt ki klubjaib\u00f3l, b\u00e1r megtartotta portf\u00f3li\u00f3ja egyes elemeit. Az id\u0151sebb Duchatelet \u201en\u00e9pszer\u0171s\u00e9ge\u201d k\u00fcl\u00f6n\u00f6sen a Charlton-kalandot szenvedte meg. A klubh\u00e1l\u00f3 egykori tagjai a kl\u00e1n \u201eregn\u00e1l\u00e1sa\u201d alatt nem tudtak \u00e1t\u00fct\u0151 sikert el\u00e9rni, \u00e9s a legt\u00f6bbsz\u00f6r megromlott a viszony a tulajdonos-befektet\u0151 meg a drukkerek k\u00f6z\u00f6tt.\r\n\r\n\u201eAz Alcorc\u00f3n csendesen \u00fajabb p\u00e9ld\u00e1ja lett a Roland Duchatelet-\u00f6r\u00f6ks\u00e9gnek: a tulajdonos rosszabb \u00e1llapotban hagyja ott a klubokat, mint amilyenben megvette azokat\u201d \u2013 <a href=\"https:\/\/thecharltondossier.com\/destabilisation-value-destruction-fan-misery-the-europe-wide-legacy-of-roland-duchatelet\/\" target=\"_blank\" rel=\"noopener\">jegyzi meg gunyorosan<\/a> a t\u00f6rt\u00e9nelmi m\u00e9lys\u00e9gbe s\u00fcllyedt Charlton k\u00e1lv\u00e1ri\u00e1j\u00e1t feldolgoz\u00f3, szurkol\u00f3i oldalk\u00e9nt elfogulatlannak nem nevezhet\u0151 The Charlton Dossier.\r\n\r\nRoderick Duchatelet-nek is meggy\u0171lt a baja a szurkol\u00f3kkal, akik a klub bukd\u00e1csol\u00e1s\u00e1t egy ideig m\u00e9g csak-csak megem\u00e9sztett\u00e9k, \u00e1m\r\n\r\n<span class=\"highlight-block\">a tot\u00e1lis fiask\u00f3val z\u00e1rult (k\u00e9nyszer sz\u00fclte) \u201ec\u00edmerreform\u201d m\u00e1r kiv\u00e1gta a biztos\u00edt\u00e9kot. <\/span>\r\n\r\nA t\u00f6rt\u00e9nelmi c\u00edmer \u2013 a drukkerek sz\u00e1m\u00e1ra az egyik legfontosabb szimb\u00f3lum \u2013 az\u00f3ta visszaker\u00fclt a mezre, de a klub k\u00f6r\u00fcli \u00e1llapotok \u00e1ldatlann\u00e1 v\u00e1ltak. Duchatelet fenntartotta \u00e9s lehet\u0151s\u00e9geihez m\u00e9rten p\u00e9nzelte az \u00dajpestet, de ez legfeljebb tisztes k\u00f6z\u00e9pmez\u0151nybeli helyez\u00e9sre \u00e9s egy-egy kupamenetel\u00e9sre volt el\u00e9g \u2013 m\u00e1rpedig a lila-feh\u00e9rek a t\u00f6rt\u00e9nelmi sikeress\u00e9g terh\u00e9t cipelik. Az els\u0151 elad\u00e1si k\u00eds\u00e9rlet kudarcba fulladt, \u00e9s a letargia lett az \u00far: szurkol\u00f3i bizalomr\u00f3l m\u00e1r r\u00e9g nem lehetett besz\u00e9lni, fejl\u0151d\u00e9sr\u0151l sem.\r\n\r\nAz ut\u00f3bbi h\u00f3napokban olyb\u00e1 t\u0171nt, mintha az \u00dajpest vagy \u201egy\u00f3gyszerre\u201d (egy \u00faj tulajdonosra), vagy kegyelemd\u00f6f\u00e9sre v\u00e1rna. A jelenlegi helyzet \u2013 a csapat legut\u00f3bbi kilenc bajnokij\u00e1n egy pontot szerzett a lehets\u00e9ges huszonh\u00e9tb\u0151l \u2013 fenntarthatlan, a teljes sz\u00e9tes\u00e9s jelei mutatkoznak. <strong>Nebojsa Vignjevics<\/strong> vezet\u0151edz\u0151 (\u00e9rthet\u0151en) \u00fagy viselkedik, mint akinek m\u00e1r nagyj\u00e1b\u00f3l minden mindegy \u2013 az ut\u00f3bbi \u00e9vtized legt\u00f6bb NB I-es m\u00e9rk\u0151z\u00e9st megv\u00edvott tr\u00e9nere legal\u00e1bb olyan apatikusnak t\u0171nik, mint a csapata. Ek\u00f6zben er\u0151s\u00edteni kellene (a j\u00f3 \u0151szi kezd\u00e9s ellen\u00e9re k\u00f6zel van a kies\u0151z\u00f3na), de az ad\u00e1sv\u00e9tel \u00e1prilisig nem megy v\u00e9gbe. \u00c9rdemi v\u00e1ltoz\u00e1sokra a ny\u00e1ron lehet sz\u00e1m\u00edtani, addig az \u00dajpestnek valahogy a vonal felett kell(ene) maradnia.\r\n\r\nHogy mi t\u00f6rt\u00e9nik azut\u00e1n? A MOL-csoportot k\u00e9pvisel\u0151 <strong>Ratatics P\u00e9ter<\/strong> az ad\u00e1sv\u00e9telr\u0151l sz\u00f3l\u00f3 k\u00f6zlem\u00e9nyben nem adott sok t\u00e1mpontot.\r\n\r\n\u201eAz elm\u00falt \u00e9vtizedben bebizonyosodott, hogy az elk\u00f6telezett szakmai munka \u00e9s a megfelel\u0151 fejleszt\u00e9sek \u00e9s befektet\u00e9sek eredm\u00e9nyekhez vezethetnek a magyar futballban. A labdar\u00fag\u00e1s csod\u00e1ja, hogy t\u00f6bb milli\u00f3 embert k\u00e9pes megmozgatni. A MOL sz\u00e1m\u00e1ra ez lehet\u0151s\u00e9get teremt a sport n\u00e9pszer\u0171s\u00edt\u00e9s\u00e9ben, az ut\u00e1np\u00f3tl\u00e1s tudatos \u00e9p\u00edt\u00e9s\u00e9ben \u00e9s a k\u00f6z\u00f6ss\u00e9g form\u00e1l\u00e1s\u00e1ban. Hisz\u00fcnk abban, hogy az er\u0151s versenyszellem\u00fcnk, a tudatos \u00e9s transzparens \u00fczleti gondolkod\u00e1sunk hossz\u00fat\u00e1von minden v\u00e1llalkoz\u00e1sunkban eredm\u00e9nyeket termelt \u00e9s ezt ebben az esetben sem gondoljuk m\u00e1sk\u00e9pp. Egy er\u0151s \u00dajpest csak tov\u00e1bb er\u0151s\u00edtheti a magyar focit\u201d \u2013 <a href=\"https:\/\/ujpestfc.hu\/component\/content\/article\/uj-fejezet-a-magyar-labdarugasban-nyaron-erkezik-a-mol-ujpestre?catid=21&amp;Itemid=288\" target=\"_blank\" rel=\"noopener\">id\u00e9zt\u00e9k<\/a>.\r\n\r\nEbben azt\u00e1n sok konkr\u00e9tum nincs, b\u00e1r egy MOL-erej\u0171 t\u00e1mogat\u00f3 besz\u00e1ll\u00e1s\u00e1t nyilv\u00e1n nagy \u00f6r\u00f6mmel fogadnak a drukkerek.\r\n\r\n<span class=\"highlight-block\">A p\u00e9nz azonban \u00f6nmag\u00e1ban nem el\u00e9g, ezt a Honv\u00e9d p\u00e9ld\u00e1ja bizony\u00edtja. <\/span>\r\n\r\nAmikor a Metalcom-csoport befektet\u0151c\u00e9ge George F. Hemingwayt\u0151l megvette a Honv\u00e9d Futball Club Kft. 100 sz\u00e1zal\u00e9kos \u00fczletr\u00e9sz\u00e9t, akkor is <a href=\"https:\/\/honvedfc.hu\/hirek\/uj-tulajdonos-a-budapest-honvednal\/2019-04-08\" target=\"_blank\" rel=\"noopener\">pufogtak a k\u00f6zhelypatronok<\/a>. \u201eFiatal tehets\u00e9gek kibontakoztat\u00e1sa\u201d, \u201eszakmai sikerek fenntart\u00e1sa\u201d, \u201eaz anyagi stabilit\u00e1s meg\u0151rz\u00e9se, piaci bev\u00e9telek er\u0151s\u00edt\u00e9se\u201d, \u201eversenyben marad\u00e1s a bajnoki c\u00edm\u00e9rt \u00e9s az eur\u00f3pai kupaszerepl\u00e9s\u00e9rt\u201d. Az eredm\u00e9ny? A kispesti csapat t\u00f6rt\u00e9nelmi m\u00e9lyponton van, \u00f6t \u00e9v alatt a m\u00e1sodoszt\u00e1lyba zuhant, p\u00e9nz\u00fcgyi stabilit\u00e1sr\u00f3l, szakmai sikerekr\u0151l, pl\u00e1ne eur\u00f3pai kupaszerepl\u00e9sr\u0151l \u00e9s bajnoki es\u00e9lyekr\u0151l pedig nem besz\u00e9lhet\u00fcnk.\r\n\r\nA MOL-csoport sokkal er\u0151sebb h\u00e1tteret jelenthet az \u00dajpestnek, de a kispesti p\u00e9lda mutatja: a pokolba vezet\u0151 \u00fat nagy \u00edg\u00e9retekkel \u00e9s sorozatos rossz d\u00f6nt\u00e9sekkel van kik\u00f6vezve. A tradicion\u00e1lis pesti csapatok pedig \u2013 a sz\u00e1rnyal\u00f3 Ferencv\u00e1rost kiv\u00e9ve \u2013 \u00e9ppens\u00e9ggel nem t\u00f6rt\u00e9net\u00fck legjobb id\u0151szak\u00e1t \u00e9lik. Az MTK \u00e9vek \u00f3ta ing\u00e1zik az els\u0151- \u00e9s a m\u00e1sodoszt\u00e1ly k\u00f6z\u00f6tt, a Vasas hasonl\u00f3k\u00e9ppen, a Honv\u00e9dnak jelenleg es\u00e9lye sincs az NB II-b\u0151l a visszajut\u00e1sra, az \u00dajpestn\u00e9l a letargia lett az \u00far. A kev\u00e9s konkr\u00e9tumot tartalmaz\u00f3 ad\u00e1sv\u00e9teli k\u00f6zlem\u00e9ny utols\u00f3 mondata azonban k\u00e9ts\u00e9gtelen\u00fcl igaz:\r\n\r\n<span class=\"highlight-block\">egy er\u0151s \u00dajpest tov\u00e1bb er\u0151s\u00edtheti a magyar focit, <\/span>\r\n\r\n\u00e9s ez igaz a tradicion\u00e1lis (nem csak f\u0151v\u00e1rosi) klubokra is. Sportszakmai, \u00fczleti \u00e9s politikai szemsz\u00f6gb\u0151l n\u00e9zve is van \u00e9rtelme az \u00dajpest megv\u00e1s\u00e1rl\u00e1s\u00e1nak \u2013 annyira egyp\u00f3lus\u00fa lett az ut\u00f3bbi \u00e9vekben a magyar NB I, hogy az a szurkol\u00f3i \u00e9lm\u00e9nyt is negat\u00edvan befoly\u00e1solhatja (lesz\u00e1m\u00edtva a sikersorozatnak \u00e9rthet\u0151en \u00f6r\u00fcl\u0151 Fradi-drukkerek \u00e9lm\u00e9ny\u00e9t). Az \u00dajpest lehet az ellenp\u00f3lus.\r\n\r\nRoderick Duchatelet v\u00edz felett tartotta b\u0151 \u00e9vtizeden \u00e1t az \u00dajpestet, \u00e1m nagy terveinek megval\u00f3s\u00edt\u00e1s\u00e1hoz nem ker\u00fclt k\u00f6zel. A bajnoki tr\u00f3fe\u00e1t nem tudta visszahozni a Megyeri \u00fatra, a nemzetk\u00f6zi porondon a csapat nem \u00e9rt el jelent\u0151s sikert (csak k\u00e9tszer nyert p\u00e1rharcot; igaz, t\u00f6bb\u00e9ves UEFA-eltilt\u00e1s is s\u00fajtotta), k\u00f6zben pedig elfogyott k\u00f6r\u00fcl\u00f6tte a leveg\u0151. Hogy az \u00faj \u00e9ra \u00faj vir\u00e1gz\u00e1st hoz-e a IV. ker\u00fcletieknek?\r\n\r\nA szurkol\u00f3k val\u00f3sz\u00edn\u0171leg azt mondan\u00e1k erre: a mostani \u00e1llapotn\u00e1l rosszabb \u00fagysem lehet. Sokkal jobb ellenben igen.\r\n\r\n[prefabricated_shortcode in_app=\"0\" code=\"%3Cdiv%20class%3D%22article_box_border%22%20style%3D%22background%3A%20url%28%27https%3A%2F%2F24.p3k.hu%2Fapp%2Fuploads%2Fsites%2F24%2F2021%2F05%2Fsport24-pattern.png%27%29%20no-repeat%20left%20-16px%20%23f3f3f4%3B%20border%3A%20none%3B%22%3E%0D%0A%3Cdiv%20class%3D%22article_solidheader%22%3E%0D%0A%3Ch2%20style%3D%22color%3A%20%23111115%21important%3B%20font-size%3A%2036px%3B%20font-weight%3A%20bold%3B%20margin-bottom%3A%2030px%3B%20margin-top%3A%2020px%3B%20text-align%3A%20center%3B%20line-height%3A%2036px%3B%22%3E%3Cimg%20class%3D%22aligncenter%20size-full%20wp-image-141%22%20src%3D%22https%3A%2F%2F24.p3k.hu%2Fapp%2Fuploads%2Fsites%2F24%2F2021%2F05%2Fs24-logo-dt.png%22%20alt%3D%22%22%20width%3D%22408%22%20height%3D%2290%22%20%2F%3E%3C%2Fh2%3E%0D%0A%3Ch2%20style%3D%22color%3A%20%23111115%21important%3B%20font-size%3A%2036px%3B%20font-weight%3A%20bold%3B%20margin-bottom%3A%2030px%3B%20margin-top%3A%2020px%3B%20text-align%3A%20center%3B%20line-height%3A%2040px%3B%22%3ECsatlakozz%20a%20Sport24%20k%C3%B6z%C3%B6ss%C3%A9ghez%2C%20mondd%20el%20v%C3%A9lem%C3%A9nyedet%20z%C3%A1rt%20Facebook-csoportunkban%2C%20%C3%A9s%20vegy%C3%A9l%20r%C3%A9szt%20csak%20el%C5%91fizet%C5%91knek%20el%C3%A9rhet%C5%91%20exkluz%C3%ADv%20esem%C3%A9nyeinken.%3C%2Fh2%3E%0D%0A%3C%2Fdiv%3E%0D%0A%3Cp%20style%3D%22background%3A%20%2357A600%3B%20margin-top%3A%2020px%3B%20padding%3A%2020px%3B%20text-align%3A%20center%3B%22%3E%3Ca%20style%3D%22color%3A%20%23ffffff%3B%20font-size%3A%2026px%3B%20font-weight%3A%20600%3B%22%20href%3D%22https%3A%2F%2Fwww.facebook.com%2Fgroups%2F212344460412327%22%3ECSATLAKOZOM%3C%2Fa%3E%3C%2Fp%3E%0D%0A%0D%0A%3C%2Fdiv%3E\"]","type":"rich","thumbnail_url":"https:\/\/s.24.hu\/app\/uploads\/sites\/24\/2024\/02\/ujpest-150x150.jpg","thumbnail_width":150,"thumbnail_height":150}