{"version":"1.0","provider_name":"Sport24","provider_url":"https:\/\/sport24.24.hu","author_name":"Bruckner G\u00e1bor","author_url":"https:\/\/sport24.24.hu\/author\/brucknerg\/","title":"Amikor Pel\u00e9 ugyanazon a meccsen mesterh\u00e1rmassal ford\u00edtott, majd a kapuba \u00e1llt, \u00e9s nem kapott g\u00f3lt","html":"Megdupl\u00e1zta addigi rekordbev\u00e9tel\u00e9t a Gremio hatvan \u00e9vvel ezel\u0151tt, amikor a Brazil Kupa el\u0151d\u00f6nt\u0151j\u00e9nek els\u0151 m\u00e9rk\u0151z\u00e9s\u00e9n a Santost fogadta. A 45 ezer n\u00e9z\u0151 21 milli\u00f3 357 ezer cruzeir\u00f3t szurkolt le, de hi\u00e1ba rem\u00e9nykedett, csak azt l\u00e1thatta, hogy a favorit vend\u00e9gcsapat \u2013 0-1-r\u0151l ford\u00edtva \u2013 3-1-re gy\u0151z. <strong>Paulo Lumumba<\/strong> g\u00f3lj\u00e1ra <strong>Coutinho<\/strong> kett\u0151vel v\u00e1laszolt, \u00e9s a v\u00e9g\u00e9n <strong>Pel\u00e9<\/strong> is bepiszk\u00e1lt egyet.\r\n\r\nEld\u0151lt?\r\n\r\nA visszav\u00e1g\u00f3n alig tizen\u00f6t perc alatt kider\u00fclt, hogy kor\u00e1ntsem. Igaz, a Jornal do Brasil m\u00e1r a 3-1 ut\u00e1n fanyalgott: \u201eA Santos 58 t\u00e1mad\u00e1st vezetett, de alig l\u0151tt kapura.\u201d\r\n\r\nA m\u00e1sodik meccs elej\u00e9n <strong>Pepe<\/strong> menthetetlen\u00fcl a bal sarokba k\u00fcldte a 18 m\u00e9teres szabadr\u00fag\u00e1st, \u00e1m Paulo Lumumba egyhamar egyenl\u00edtett, majd <strong>Marino<\/strong> gur\u00edtott k\u00f6zelr\u0151l az \u00fcres kapuba, hogy az els\u0151 negyed\u00f3ra v\u00e9g\u00e9n \u2013 teljes v\u00e9delmi k\u00e1osz k\u00f6zepette \u2013 Paulo Lumumba \u201eegyenl\u00edtsen\u201d (1-3).\r\n\r\nA Sao Paul\u00f3\u2013i Pacaembu stadion k\u00f6z\u00f6ns\u00e9ge a h\u0151s\u00e9gben is dermedten szeml\u00e9lte a t\u00f6rt\u00e9nteket 1964. janu\u00e1r 19-\u00e9n. <strong>Lula<\/strong> edz\u0151 a braz\u00edliai ny\u00e1rban meleg\u00edteni k\u00fcldte <strong>Joel Camarg\u00f3<\/strong>t, majd f\u00e9l \u00f3ra m\u00falt\u00e1n lecser\u00e9lte a k\u00f6z\u00e9ph\u00e1tv\u00e9d <strong>Joao Carlost<\/strong>, aki \u2013 a korabeli le\u00edr\u00e1sok szerint \u2013 \u201egyenge \u00e9s tan\u00e1cstalan volt\u201d.\r\n\r\nPersze\r\n\r\n<span class=\"highlight-block\">ahol Pel\u00e9 j\u00e1tszott, soha nem kellett k\u00e9ts\u00e9gbe esni. <\/span>\r\n\r\nA Fekete Gy\u00f6ngyszem m\u00e9g az els\u0151 f\u00e9lid\u0151ben sz\u00e9p\u00edtett, miut\u00e1n az el\u0151d\u00f6nt\u0151re megh\u00edvott argentin j\u00e1t\u00e9kvezet\u0151, <strong>Teodoro Nitti<\/strong> 11-est \u00edt\u00e9lt. Pel\u00e9 a h\u00e1l\u00f3ba l\u0151tt, de Nitti \u2013 mivel <strong>Zito<\/strong> k\u00f6zben befutott a 16-oson bel\u00fclre \u2013 \u00fajra r\u00fagatta a b\u00fcntet\u0151t. Pel\u00e9 m\u00e1sodszor sem adott es\u00e9lyt <strong>Alberto<\/strong> kapusnak (2-3).\r\n\r\nA sz\u00fcnet ut\u00e1n a f\u00f6ldkereks\u00e9g egyetlen h\u00e1romszoros labdar\u00fag\u00f3-vil\u00e1gbajnoka fejessel egaliz\u00e1lt, s\u0151t a hajr\u00e1ban \u00fajabb 11-essel \u2013 ism\u00e9tl\u00e9s n\u00e9lk\u00fcl \u2013 ford\u00edtott (4-3), <strong>Carlos Froner<\/strong>, a Gremio edz\u0151je pedig \u00edgy komment\u00e1lt: \u201eFurcsa t\u00e9nyez\u0151k befoly\u00e1solt\u00e1k a v\u00e9geredm\u00e9nyt.\u201d\r\n\r\nA legk\u00fcl\u00f6n\u00f6sebb a befejez\u00e9s volt. <strong>Gilmar<\/strong> nyomta a sz\u00f6veget Nittinek, mire az argentin sportt\u00e1rs megunta a rizs\u00e1t, \u00e9s a 86. percben ki\u00e1ll\u00edtotta a Santos kapus\u00e1t. A finisre \u2013 \u00f3ri\u00e1si ov\u00e1ci\u00f3 k\u00eds\u00e9ret\u00e9ben \u2013 Pel\u00e9 \u00e1llt a h\u00e1l\u00f3 el\u00e9, \u00e9s nem kapott g\u00f3lt. A meccs v\u00e9g\u00e9n a p\u00e1ly\u00e1ra rohan\u00f3 drukkerek a v\u00e1llukon vitt\u00e9k le a p\u00e1ly\u00e1r\u00f3l, m\u00edg Lula nevetve mondta r\u00f3la:\r\n<blockquote class=\"small-quote\">Majdnem olyan j\u00f3, mint Gilmar.<\/blockquote>\r\nHab\u00e1r Gilmar valamivel kevesebb g\u00f3lt szerzett n\u00e1la.\r\n\r\n<img class=\"alignnone size-full wp-image-11753\" src=\"https:\/\/sport24.24.hu\/app\/uploads\/sites\/24\/2024\/01\/pele.jpg\" alt=\"\" width=\"1704\" height=\"959\" \/>\r\n\r\nAkkoriban az a mond\u00e1s j\u00e1rta, hogy van k\u00e1r\u00f3 kir\u00e1ly, k\u0151r kir\u00e1ly, pikk kir\u00e1ly meg futballkir\u00e1ly. A brazil uralkod\u00f3 az 1964-es paulista bajnoks\u00e1g 30 meccs\u00e9n 34-et jegyzett, \u00e9s november 21-\u00e9n nyolcat sz\u00f3rt a Botafogo Ribeirao Pret\u00f3nak (11-0). A Vila Belmiro stadionban mind\u00f6ssze 9437 n\u00e9z\u0151 l\u00e9zengett, de soha nem felejtette el azt a m\u00e9rk\u0151z\u00e9st, amelyen 11-0-n\u00e1l a balsz\u00e9ls\u0151 Pepe tartal\u00e9k mez\u00e9t akasztott\u00e1k ki a k\u00e9zi eredm\u00e9nyjelz\u0151re, mert 11-es sz\u00e1m\u00fa t\u00e1bla m\u00e1r nem volt.\r\n\r\nA vesztes csapat legjobbj\u00e1nak <strong>Galdino Machado<\/strong> kapust v\u00e1lasztott\u00e1k, mivel 25 l\u00f6v\u00e9st mentett. K\u00e9pzelj\u00e9k azt a z\u00e1port! S nem fogj\u00e1k elhinni, de ugyanabban az \u00e9vadban a Botafogo Ribeirao Preto hazai p\u00e1ly\u00e1n 2-0-ra legy\u0151zte az arany\u00e9rmes Santost.\r\n\r\nMachado azonban nem arra volt a legb\u00fcszk\u00e9bb. A 11-0-s veres\u00e9g ut\u00e1n n\u00e9vjegyk\u00e1rty\u00e1t nyomtatott ezzel a sz\u00f6veggel:\r\n<blockquote class=\"small-quote\">Galdino Machado, aki 11 g\u00f3lt kapott a Santost\u00f3l, 8-at Pel\u00e9t\u0151l.<\/blockquote>\r\nA kapusn\u00e1l is rosszabbul j\u00e1rt Osvaldo Brandao. \u0150 a Ribeirao Preto edz\u0151je volt a 11-0 idej\u00e9n \u00e9s a Corinthians tr\u00e9nere 1964. december 6-\u00e1n, amikor a Santos puttonyban vitte a g\u00f3lokat a h\u00e1zigazda \u201eCorhoz\u201d (4-7). Pel\u00e9 n\u00e9gyszer, Coutinho h\u00e1romszor k\u00f6sz\u00f6nt be, azaz Brandao mester k\u00e9t meccsen 15 kapott g\u00f3lt sz\u00e1ml\u00e1lt a kispadr\u00f3l.\r\n\r\nA Brazil Kupa d\u00f6nt\u0151j\u00e9ben \u00fajabb \u201em\u00e9sz\u00e1rl\u00e1s\u201d k\u00f6vetkezett: a Gilmar \u2013 <strong>Ismael<\/strong>, <strong>Mauro<\/strong>, <strong>Haroldo<\/strong>, <strong>Geraldino<\/strong> \u2013 <strong>Lima<\/strong>, <strong>Mengalvio<\/strong> \u2013 <strong>Dorval<\/strong>, Coutinho, Pel\u00e9, Pepe \u00f6ssze\u00e1ll\u00edt\u00e1s\u00fa Santos az els\u0151 meccsen 6-0-ra nyert a Bahia ellen. Pel\u00e9 \u00e9s Pepe k\u00e9t-k\u00e9t, Coutinho \u00e9s Mengalvio egy-egy g\u00f3lt szerzett, majd a visszav\u00e1g\u00f3n a Santos \u2013 Pel\u00e9 dupl\u00e1j\u00e1val \u2013 2-0-ra gy\u0151z\u00f6tt.\r\n\r\nBraz\u00edlia valaha volt legh\u00edresebb klubcsapata 1961 \u00e9s 1969 k\u00f6z\u00f6tt 6-szor h\u00f3d\u00edtotta el a Brazil Kup\u00e1t, \u00e9s 8-szor nyerte el a paulista bajnoki c\u00edmet. Az ut\u00f3bbi 1963-ban (kiv\u00e9telesen) az\u00e9rt sem lehetett az \u00f6v\u00e9, mert a Sao Paulo FC elleni tal\u00e1lkoz\u00f3t <strong>Armando Marques<\/strong> j\u00e1t\u00e9kvezet\u0151 4-1-n\u00e9l k\u00e9nytelen volt lef\u00fajni, mivel m\u00e1r az \u00f6t\u00f6dik Santos-j\u00e1t\u00e9kost \u00e1ll\u00edtotta ki, hat labdar\u00fag\u00f3val pedig \u2013 a szab\u00e1lyok szerint \u2013 nem folytathat\u00f3 a j\u00e1t\u00e9k.\r\n\r\nEz az Armando Marques akkur\u00e1tus sportt\u00e1rs volt,\r\n\r\n<span class=\"highlight-block\">felejthetetlen b\u00edr\u00f3i p\u00e1lyafut\u00e1sa sor\u00e1n n\u00e9gyszer \u00e1ll\u00edtotta ki Pel\u00e9t. <\/span>\r\n\r\nA \u201ekir\u00e1lyt\u201d \u00f6sszesen 13-szor k\u00fcldt\u00e9k le a p\u00e1ly\u00e1r\u00f3l, 5-sz\u00f6r gy\u0151ztes meccsen.\r\n\r\nAz \u00fajs\u00e1g\u00edr\u00f3k megk\u00e9rdezt\u00e9k t\u0151le, mit \u00e9rez a trib\u00fcn\u00f6n, amikor nem j\u00e1tszhat. \u201eAnn\u00e1l nincs rosszabb \u2013 v\u00e1laszolta. \u2013 Soha nem voltam olyan ideges, mint az 1962-es vil\u00e1gbajnoks\u00e1g d\u00f6nt\u0151je alatt Santiag\u00f3ban, ahol nem futballozhattam. Tal\u00e1n csak 1963-ban, a Milan elleni klub Vil\u00e1g Kupa-d\u00f6nt\u0151 m\u00e1sodik \u00e9s harmadik m\u00e9rk\u0151z\u00e9s\u00e9n, amelyeket szint\u00e9n ki kellett hagynom.\u201d\r\n<div class=\"payable-content-section\"><\/div>\r\nHi\u00e1ny\u00e1nak egy\u00e9b vonzata is volt. A Santos valamennyi \u00fagynevezett h\u00edrver\u0151 meccs\u00e9\u00e9rt 30 ezer doll\u00e1rt kapott, felt\u00e9ve, hogy Pel\u00e9 j\u00e1tszott. Ekkora \u00f6sszeget addig csak a BEK els\u0151 \u00f6t ki\u00edr\u00e1s\u00e1t rendre megnyer\u0151 Real Madrid kassz\u00edrozott m\u00e9rk\u0151z\u00e9senk\u00e9nt. A kir\u00e1lyi g\u00e1rda egy\u00e9bk\u00e9nt m\u00e1sf\u00e9l milli\u00f3 doll\u00e1rt k\u00edn\u00e1lt Pel\u00e9\u00e9rt, de Braz\u00edli\u00e1ban \u00e1llami szinten jelentett\u00e9k ki: <strong>Garrincha<\/strong> \u00e9s Pel\u00e9 a vil\u00e1g minden kincs\u00e9\u00e9rt sem elad\u00f3.\r\n\r\nPel\u00e9nek \u00e9s klubcsapat\u00e1nak itthon is nagy hat\u00e1sa volt,\r\n\r\n<span class=\"highlight-block\">1964-ben m\u00e9g a Di\u00f3sgy\u0151ri Vasgy\u00e1rban is Santos FC alakult, <\/span>\r\n\r\ns\u0151t a miskolci \u201ebrazilok\u201d kis\u00edrtak egy tal\u00e1lkoz\u00f3t a DVTK ifj\u00fas\u00e1gi csapat\u00e1val. A bar\u00e1ts\u00e1gos m\u00e9rk\u0151z\u00e9s 5-5-tel z\u00e1rult.\r\n\r\nErr\u0151l a meccsr\u0151l azonban nem \u00edrt a vil\u00e1gsajt\u00f3.\r\n\r\nArr\u00f3l m\u00e1r ink\u00e1bb, hogy a Santos a Brazil Kupa megnyer\u00e9se ut\u00e1n nyolc tal\u00e1lkoz\u00f3b\u00f3l \u00e1ll\u00f3 argentin, uruguayi, perui, chilei, majd n\u00e9gymeccses eur\u00f3pai turn\u00e9ra utazott. D\u00e9l-Amerik\u00e1ban \u00f6t m\u00e9rk\u0151z\u00e9st megnyert, h\u00e1rmat elvesztett; kontinens\u00fcnk\u00f6n k\u00e9tszer gy\u0151z\u00f6tt, egyszer-egyszer d\u00f6ntetlent \u00e9rt el, illetve kikapott.\r\n\r\nMajd hazament futballozni, ha m\u00e1r k\u00fclf\u00f6ld\u00f6n el\u00e9g \u201edezs\u0151t\u201d termelt a szorosan egy\u00fcttm\u0171k\u00f6d\u0151 doll\u00e1rbaloldal \u00e9s a doll\u00e1rjobboldal.\r\n\r\n[prefabricated_shortcode in_app=\"0\" code=\"%3Cdiv%20class%3D%22article_box_border%22%20style%3D%22background%3A%20url%28%27https%3A%2F%2F24.p3k.hu%2Fapp%2Fuploads%2Fsites%2F24%2F2021%2F05%2Fsport24-pattern.png%27%29%20no-repeat%20left%20-16px%20%23f3f3f4%3B%20border%3A%20none%3B%22%3E%0D%0A%3Cdiv%20class%3D%22article_solidheader%22%3E%0D%0A%3Ch2%20style%3D%22color%3A%20%23111115%21important%3B%20font-size%3A%2036px%3B%20font-weight%3A%20bold%3B%20margin-bottom%3A%2030px%3B%20margin-top%3A%2020px%3B%20text-align%3A%20center%3B%20line-height%3A%2036px%3B%22%3E%3Cimg%20class%3D%22aligncenter%20size-full%20wp-image-141%22%20src%3D%22https%3A%2F%2F24.p3k.hu%2Fapp%2Fuploads%2Fsites%2F24%2F2021%2F05%2Fs24-logo-dt.png%22%20alt%3D%22%22%20width%3D%22408%22%20height%3D%2290%22%20%2F%3E%3C%2Fh2%3E%0D%0A%3Ch2%20style%3D%22color%3A%20%23111115%21important%3B%20font-size%3A%2036px%3B%20font-weight%3A%20bold%3B%20margin-bottom%3A%2030px%3B%20margin-top%3A%2020px%3B%20text-align%3A%20center%3B%20line-height%3A%2040px%3B%22%3ECsatlakozz%20a%20Sport24%20k%C3%B6z%C3%B6ss%C3%A9ghez%2C%20mondd%20el%20v%C3%A9lem%C3%A9nyedet%20z%C3%A1rt%20Facebook-csoportunkban%2C%20%C3%A9s%20vegy%C3%A9l%20r%C3%A9szt%20csak%20el%C5%91fizet%C5%91knek%20el%C3%A9rhet%C5%91%20exkluz%C3%ADv%20esem%C3%A9nyeinken.%3C%2Fh2%3E%0D%0A%3C%2Fdiv%3E%0D%0A%3Cp%20style%3D%22background%3A%20%2357A600%3B%20margin-top%3A%2020px%3B%20padding%3A%2020px%3B%20text-align%3A%20center%3B%22%3E%3Ca%20style%3D%22color%3A%20%23ffffff%3B%20font-size%3A%2026px%3B%20font-weight%3A%20600%3B%22%20href%3D%22https%3A%2F%2Fwww.facebook.com%2Fgroups%2F212344460412327%22%3ECSATLAKOZOM%3C%2Fa%3E%3C%2Fp%3E%0D%0A%0D%0A%3C%2Fdiv%3E\"]","type":"rich","thumbnail_url":"https:\/\/s.24.hu\/app\/uploads\/sites\/24\/2024\/01\/pele-150x150.jpg","thumbnail_width":150,"thumbnail_height":150}