{"version":"1.0","provider_name":"Sport24","provider_url":"https:\/\/sport24.24.hu","author_name":"Bruckner G\u00e1bor","author_url":"https:\/\/sport24.24.hu\/author\/brucknerg\/","title":"R\u00e9g l\u00e1ttunk ilyen j\u00f3 kih\u00edv\u00f3t: a Leverkusen k\u00e9szen \u00e1ll, hogy lel\u00f6kje tr\u00f3nj\u00e1r\u00f3l a Bayernt","html":"N\u00e9metorsz\u00e1gban sz\u00e1mos leny\u0171g\u00f6z\u0151 m\u00e9ret\u0171 p\u00e1lyaudvar akad, a leverkuseni azonban nem tartozik k\u00f6z\u00e9j\u00fck. Egyszer\u0171, el\u0151v\u00e1rosi jelleg\u0171, jobb\u00e1ra ing\u00e1z\u00f3kat kiszolg\u00e1l\u00f3 vas\u00fat\u00e1llom\u00e1s\u00e1n fel\u00faj\u00edt\u00e1si-b\u0151v\u00edt\u00e9si munk\u00e1kat v\u00e9geznek, \u00e9s a helyiek n\u00e9mi akaszt\u00f3fahumorral tavaly \u00e9v v\u00e9g\u00e9n m\u00e1r azzal viccel\u0151dtek, hogy\r\n\r\n<span class=\"highlight-block\">nem tudj\u00e1k, mi t\u00f6rt\u00e9nik meg el\u0151bb: v\u00e9gre elk\u00e9sz\u00fcl a vas\u00fat\u00e1llom\u00e1s, vagy bajnok lesz a Bayer Leverkusen?<\/span>\r\n\r\nIsmerve a Vizekusen vagy Neverkusen h\u00edrnev\u00e9t \u2013 mindk\u00e9t g\u00fanyn\u00e9v arra utal, hogy a Bayernek rossz szok\u00e1sa orrhosszal lemaradni a nagy tr\u00f3fe\u00e1kr\u00f3l \u2013, az is nagy sz\u00f3, hogy ez a dilemma egy\u00e1ltal\u00e1n felvet\u0151dik a balsorshoz m\u00e1r r\u00e9g hozz\u00e1szokott szurkol\u00f3kban. M\u00e1rpedig a sal\u00e1t\u00e1st\u00e1l egyre el\u00e9rhet\u0151bbnek l\u00e1tszik: 18 fordul\u00f3 ut\u00e1n a Leverkusennek 48 pontja van, a Bayern M\u00fcnchennek 41 (igaz, a rekordbajnok egy m\u00e9rk\u0151z\u00e9ssel kevesebbet j\u00e1tszott, teh\u00e1t vesztett pontokban csak 4 a k\u00fcl\u00f6nbs\u00e9g), az pedig nem is k\u00e9rd\u00e9s, hogy a k\u00e9t csapatb\u00f3l eddig melyik rukkolt el\u0151 sz\u00f3rakoztat\u00f3bb focival.\r\n\r\nSpoiler: nem a Bayern M\u00fcnchen.\r\n<h2>Most vagy soha?<\/h2>\r\nA Bayern M\u00fcnchen 2012\/13 \u00f3ta tart\u00f3 egyeduralm\u00e1nak \u2013 ez 11, zsin\u00f3rban megnyert bajnoki c\u00edmet jelent \u2013 megt\u00f6r\u00e9s\u00e9hez egyszerre k\u00e9t dolog kell. A rekordbajnoknak mag\u00e1hoz k\u00e9pest rossz id\u00e9nyt kell futnia, kih\u00edv\u00f3j\u00e1nak pedig mag\u00e1hoz k\u00e9pest kiemelked\u0151t. A Bundesliga-rajong\u00f3k tr\u00f3nfoszt\u00e1sra \u00e1h\u00edtoz\u00f3 r\u00e9sze az el\u0151z\u0151 \u00e9vadban l\u00e1thatta, hogy egy mag\u00e1hoz k\u00e9pest pocs\u00e9kul teljes\u00edt\u0151 Bayern M\u00fcnchen \u00f6nmag\u00e1ban nem el\u00e9g a sal\u00e1t\u00e1st\u00e1l elveszt\u00e9s\u00e9hez, a potenci\u00e1lis vet\u00e9lyt\u00e1rsnak v\u00e9gig kell b\u00edrnia a bajnoki versenyfut\u00e1ssal j\u00e1r\u00f3 terhel\u00e9st. A m\u00falt \u00e9v tavasz\u00e1n majd\u2019 minden \u00fct\u0151k\u00e1rtya a Borussia Dortmund kez\u00e9ben volt, de a fekete-s\u00e1rg\u00e1k nem b\u00edrtak a saj\u00e1t idegeikkel, \u00e9s a Mainz elleni 2-2 az utols\u00f3 fordul\u00f3ban azt jelentette, hogy bajnok\u00fcnnepl\u00e9s helyett a (nagyon) keser\u0171 pirula lenyel\u00e9se maradt.\r\n\r\nA 2023\/24-es \u00e9vadban l\u00e1tott Leverkusen viszont er\u0151sebb a legut\u00f3bbi kih\u00edv\u00f3 Dortmundn\u00e1l. Hogy m\u00e1st ne mondjunk, 14 (!) ponttal gy\u0171jt\u00f6tt t\u00f6bbet az els\u0151 18 fordul\u00f3ban, mint a tavalyi BVB, ami eg\u00e9szen nyakt\u00f6r\u0151, klubrekord-d\u00f6nt\u00f6get\u0151 temp\u00f3t jelent. A Leverkusen mostani pontsz\u00e1m\u00e1val a 9. helyen v\u00e9gzett volna a 2022\/23-as Bundesliga v\u00e9gelsz\u00e1mol\u00e1s\u00e1n\u00e1l, \u00e9s, ha a k\u00f6vetkez\u0151 fordul\u00f3ban is gy\u0151zni tud, akkor m\u00e1r fel\u00fclm\u00falja saj\u00e1t el\u0151z\u0151 \u00e9vadbeli pontterm\u00e9s\u00e9t. Enn\u00e9l jobb illusztr\u00e1ci\u00f3 nem kell ahhoz, hogy\r\n\r\n<span class=\"highlight-block\">Xabi Alonso milyen kiv\u00e1l\u00f3 csapatot \u00e9p\u00edtett m\u00e1sf\u00e9l \u00e9v alatt.<\/span>\r\n\r\nA Bayer \u00edg\u00e9retes szezonkezdet\u00e9r\u0151l m\u00e1r szeptemberben \u00edrtunk, \u00e9s a c\u00edmb\u00e9li j\u00f3slat \u2013 mely szerint <a href=\"https:\/\/sport24.24.hu\/foci\/2023\/09\/15\/xabi-alonso-taktikailag-rugalmas-leverkusenje-lehet-a-bayern-idei-kihivoja\/\">a Leverkusen lehet a Bayern M\u00fcnchen legnagyobb kih\u00edv\u00f3ja<\/a> \u2013 m\u00e1r biztosan beigazol\u00f3dik, hiszen a t\u00f6bbi riv\u00e1lis tisztes t\u00e1volb\u00f3l n\u00e9zi csak a gy\u00f3gyszergy\u00e1riak \u00e9s a bajorok h\u00e1t\u00e1t. A leverkusenieknek most vagy soha \u00e9rz\u00e9s\u00fck lehet: a mostanihoz hasonl\u00f3 es\u00e9ly\u00fck a 2001\/2002-es \u2013 a bajnoks\u00e1gban, a N\u00e9met Kup\u00e1ban \u00e9s a Bajnokok Lig\u00e1j\u00e1ban is m\u00e1sodik helyen v\u00e9gzett \u2013 \u201eez\u00fcstcsapat\u201d \u00f3ta nem volt.\r\n\r\n\u201eMost van egy olyan Leverkusen, amely messze fel\u00fclm\u00fal minden v\u00e1rakoz\u00e1st. A Leipzig elleni meccs\u00fck tipikusan olyan tal\u00e1lkoz\u00f3 volt, amelyen az el\u0151z\u0151 \u00e9vek kih\u00edv\u00f3i pontokat hullajtottak volna. De nem tett\u00e9k. K\u00e9tszer h\u00e1tr\u00e1nyba ker\u00fcltek idegenben, de nyertek. M\u00fcnchenben szint\u00e9n k\u00e9tszer h\u00e1tr\u00e1nyba ker\u00fcltek idegenben, de ikszeltek. A Dortmund ellen is h\u00e1tr\u00e1nyb\u00f3l mentettek pontot. Stuttgartban is. Klis\u00e9, de ez a bajnokaspir\u00e1nsok egyik jele\u201d \u2013 hangzott el a <a href=\"https:\/\/www.youtube.com\/watch?v=5fmmhc7eBFw&amp;ab_channel=TheGegenpressingPodcast\" target=\"_blank\" rel=\"noopener\">Gegenpressing podcast<\/a> friss epiz\u00f3dj\u00e1ban. A Kicker szak\u00edr\u00f3ja, <strong>Stephan von Nocks<\/strong> hasonl\u00f3k\u00e9ppen \u00e9rt\u00e9kelt (\u201eAmit a Leverkusen csin\u00e1lt, abban volt valami Bayern-szer\u0171\u201d).\r\n\r\n<iframe class=\"flourish-embed-iframe\" style=\"width: 100%;height: 600px\" title=\"Interactive or visual content\" src=\"https:\/\/flo.uri.sh\/visualisation\/16531429\/embed\" frameborder=\"0\" scrolling=\"no\"><\/iframe>\r\n<div style=\"width: 100%!;margin-top: 4px!important;text-align: right!important\"><a class=\"flourish-credit\" style=\"text-decoration: none!important\" href=\"https:\/\/public.flourish.studio\/visualisation\/16531429\/?utm_source=embed&amp;utm_campaign=visualisation\/16531429\" target=\"_top\" rel=\"noopener\"><img style=\"width: 105px!important;height: 16px!important;border: none!important;margin: 0!important\" src=\"https:\/\/public.flourish.studio\/resources\/made_with_flourish.svg\" alt=\"Made with Flourish\" \/> <\/a><\/div>\r\n&nbsp;\r\n\r\n<strong>Xabi Alonso<\/strong> csapata olyan \u00fctemben gy\u0171jti a pontokat, amelyn\u00e9l jobbat csak <strong>Pep Guardiola<\/strong> lehengerl\u0151 Bayernje mutatott a k\u00f6zelm\u00faltban. R\u00e1ad\u00e1sul \u2013 ismerve a Bundesliga er\u0151viszonyait, ez nagyon nagy dolog \u2013 a Leverkusen minden statisztikai mutat\u00f3ban felveszi a versenyt a Bayernnel: v\u00e9dekez\u00e9sben, passzj\u00e1t\u00e9kban, t\u00e1mad\u00e1sban, \u00e9s m\u00e9g a produktum is tetszet\u0151sebb, mint a bajnoks\u00e1g topfavoritj\u00e1n\u00e1l. A t\u00e1mad\u00f3harmadba az \u00f6sszes Bundesliga-csapat k\u00f6z\u00fcl a Leverkusen juttatja be a legt\u00f6bbsz\u00f6r a labd\u00e1t, egyben a legpontosabban is teszi ezt. A befejez\u00e9sek is j\u00f3k: az agressz\u00edv, kisz\u00e1m\u00edthatatlanul t\u00e1mad\u00f3 Bayer ereje nem fogy el a kapu el\u0151tt, l\u00f6v\u00e9shat\u00e9konys\u00e1gban is a liga \u00e9lmez\u0151ny\u00e9be tartozik.\r\n\r\n<span class=\"highlight-block\">A gy\u00f3gyszergy\u00e1riak rengeteget fejl\u0151dtek hat\u00e9kony labdaj\u00e1rat\u00e1sban <\/span>\r\n\r\n(rendezetlen v\u00e9delem elleni j\u00e1t\u00e9kban m\u00e1r az el\u0151z\u0151 id\u00e9nyben is jeleskedtek), pontr\u00fag\u00e1saik sikeress\u00e9g\u00e9t jelent\u0151sen megdobta a g\u00f3lpasszlist\u00e1n m\u00e1sodik <strong>Alejandro Grimaldo<\/strong> szerz\u0151dtet\u00e9se, a ny\u00e1ron hozott rutinos j\u00e1t\u00e9kosok (Grimaldo, <strong>Granit Xhaka<\/strong>, a Bundesliga \u201efantasykir\u00e1ly\u201d <strong>Jonas Hofmann<\/strong>) mind telital\u00e1latnak bizonyultak, ahogyan a fiatal \u00e9rkez\u0151k k\u00f6z\u00fcl a h\u00e1zi g\u00f3lkir\u00e1ly <strong>Victor Boniface<\/strong> is. \u00c9s persze mindez nagyon \u00edg\u00e9retes v\u00e1zra \u2013 benne a szupertehets\u00e9g <strong>Florian Wirtz-cel<\/strong> \u2013 \u00e9p\u00fclt. A WyScout teljes\u00edtm\u00e9nyindexe szerint a Bundesliga \u00e1lomcsapat\u00e1ba \u00f6t leverkuseni (<strong>Lukas Hradecky<\/strong>, <strong>Jonathan Tah<\/strong>, <strong>Jeremie Frimpong<\/strong>, Grimaldo, Wirtz) f\u00e9r be, de Boniface \u00e9s Hofmann is a tizenegy kapuj\u00e1n d\u00f6r\u00f6mb\u00f6l a posztonk\u00e9nti rangsor alapj\u00e1n.\r\n<div class=\"payable-content-section\"><\/div>\r\nhttps:\/\/www.youtube.com\/watch?v=q-tMawfeCOw\r\n\r\nXabi Alonso egy\u00fcttese a Bundesliga hajr\u00e1kir\u00e1lya: az utols\u00f3 negyed\u00f3r\u00e1ban el\u00e9rt g\u00f3lokat tekintve 8-1-re \u00e1ll, h\u00e1rom rangad\u00f3n (Bayern M\u00fcnchen, Dortmund, Leipzig) fogott pontot vagy pontokat a meccs legv\u00e9g\u00e9n. A t\u00e1mad\u00f3g\u00e9pezet egyel\u0151re meg\u00e1ll\u00edthatatlan: a Bayer minden t\u00e9tm\u00e9rk\u0151z\u00e9s\u00e9n betal\u00e1lt \u2013 ez m\u00e1r 27 tal\u00e1lkoz\u00f3t jelent \u2013, 23 alkalommal pedig legal\u00e1bb k\u00e9tszer az aktu\u00e1lis ellenf\u00e9l h\u00e1l\u00f3j\u00e1ba ker\u00fclt a labda. Ezek a sz\u00e1mok egy cs\u00facsform\u00e1ban j\u00e1tsz\u00f3 Bayern M\u00fcnchennek is becs\u00fclet\u00e9re v\u00e1ln\u00e1nak. A csapatv\u00e9dekez\u00e9s szint\u00e9n kiv\u00e1l\u00f3, b\u00e1r a lipcsei m\u00e9rk\u0151z\u00e9sen az\u00e9rt megl\u00e1tszott, hogy a stabil v\u00e9d\u0151h\u00e1rmas k\u00e9t tagja (<strong>Odilon Kossounou<\/strong>, <strong>Edmond Tapsoba<\/strong>) \u00e9pp az Afrika Kup\u00e1n szerepel. A kulcsemberek hely\u00e9re el\u0151rel\u00e9p\u0151k eddig hozt\u00e1k, amit hozni kell \u2013 az ANK kritikus id\u0151szak\u00e1t eddig k\u00e9t gy\u0151zelemmel tudta le a Bayer.\r\n<h2>Ami a Leverkusen ellen sz\u00f3l<\/h2>\r\nK\u00e9t mondattal is le lehetne rendezni ezt:\r\n<ol>\r\n \t<li>Mert a Bayern M\u00fcnchen a Bayern M\u00fcnchen.<\/li>\r\n \t<li>A Leverkusen pedig a Leverkusen.<\/li>\r\n<\/ol>\r\nA po\u00e9nkod\u00e1st f\u00e9lret\u00e9ve, az\u00e9rt van t\u00f6bb dolog is, ami arra utal, nem lesz v\u00e9gig felh\u0151tlen az \u00e9g Xabi Alonso csapata f\u00f6l\u00f6tt. Az egyik ilyen, hogy a mutat\u00f3k szerint a Leverkusen egyel\u0151re j\u00f3csk\u00e1n t\u00falteljes\u00edt, m\u00edg a Bayern minim\u00e1lisan alulteljes\u00edt \u2013 l\u00e1ttunk m\u00e1r olyat, hogy egy csapat v\u00e9gig a v\u00e1rhat\u00f3 mutat\u00f3it f\u00f6l\u00fclm\u00falva szerepelt (l\u00e1sd az Union Berlin el\u0151z\u0151 id\u00e9nybeli, megh\u00f6kkent\u0151 adatait), de ez az\u00e9rt nem mindennapos.\r\n\r\nA Leverkusen az \u00fagynevezett v\u00e1rhat\u00f3 pontok (expected points) mutat\u00f3ban er\u0151sen pozit\u00edvban van (38,55 v\u00e1rhat\u00f3 pontra 48 t\u00e9nylegesen megszerzett pont, a Bayernnek 42,98-ra van 41). A v\u00e1rhat\u00f3 g\u00f3lokat (xG) messze \u201efel\u00fcll\u00f6vi\u201d a Bayer (10 g\u00f3llal t\u00f6bbet szerzett, mint az a helyzetei min\u0151s\u00e9g\u00e9b\u0151l k\u00f6vetkezne), \u00e9s kevesebb g\u00f3lt kap ann\u00e1l, mint az v\u00e1rhat\u00f3 lenne (a differencia az xGA \u00e9s a kapott g\u00f3lok k\u00f6z\u00f6tt k\u00f6zel 5). Ezek az adatok egy\u00e9rtelm\u0171en arra utalnak, hogy\r\n\r\n<span class=\"highlight-block\">eddig t\u00e9nyleg minden befel\u00e9 pattant, de k\u00e9rd\u00e9s, hogy ez tarthat\u00f3-e v\u00e9gig. <\/span>\r\n\r\nEgy bajnoki \u00e9vadot v\u00e9gig lehet-e vinni \u00fagy, hogy a mutat\u00f3k sz\u00e9ls\u0151s\u00e9gesen pozit\u00edvak \u2013 az, hogy mi lesz k\u00e9s\u0151bb, most aligha \u00e9rdekli a leverkuseni drukkereket.\r\n\r\n[caption id=\"attachment_11764\" align=\"alignnone\" width=\"5086\"]<img class=\"size-full wp-image-11764\" src=\"https:\/\/sport24.24.hu\/app\/uploads\/sites\/24\/2024\/01\/xabi-alonso.jpg\" alt=\"\" width=\"5086\" height=\"3391\" \/> Xabi Alons\u00f3val a sikerek is meg\u00e9rkeztek a Bayer Leverkusenhez.[\/caption]\r\n\r\nSzint\u00e9n k\u00e9rd\u00e9ses, hogy a hi\u00e1nyz\u00f3kkal mik\u00e9nt birk\u00f3zik meg a g\u00e1rda, de tegy\u00fck hozz\u00e1, hogy ebben az id\u00e9nyben a vet\u00e9lyt\u00e1rs Bayern M\u00fcnchennek a Leverkusenn\u00e9l s\u00falyosabb keret\u00f6ssze\u00e1ll\u00edt\u00e1si gondjai vannak. A m\u00fcncheniek t\u00f6rzsg\u00e1rd\u00e1ja 19 f\u0151s, a rot\u00e1ci\u00f3s lehet\u0151s\u00e9g sz\u0171k, a hatos (illetve a v\u00e9dekez\u0151 hatos) lyukas szerepk\u00f6r, a keret kiegyens\u00falyozatlan, \u00e9s <strong>Nusszair Mazraui<\/strong> (ANK), illetve <strong>Kim Min Dzse<\/strong> (\u00c1zsia Kupa) is v\u00e1logatott-torn\u00e1n vesz r\u00e9szt. A Leverkusen rot\u00e1ci\u00f3ja szint\u00e9n viszonylag sz\u0171k, de kiegyens\u00falyozottabb (m\u00e9g ha nem is olyan \u00e9rt\u00e9kes, \u00e9s persze a szt\u00e1r is kevesebb benne), Xabi Alonso eddig j\u00f3l tudta cser\u00e9lgetni a j\u00e1t\u00e9kosait, rugalmasan alkalmazkodott a kih\u00edv\u00e1sokhoz, \u00e9s, ha kellett, j\u00f3l be tudta t\u00f6mni a keletkezett lyukakat.\r\n\r\nMost viszont t\u00e1n kicsit t\u00fal sok lett a lyuk: az Afrika Kup\u00e1n szerepl\u0151ket (Tapsoba, Kossounou, illetve <strong>Amin Adli)<\/strong> m\u00e1r eml\u00edtett\u00fck, Boniface is az ANK-n lenne, de ehelyett megs\u00e9r\u00fclt (leghamarabb m\u00e1rcius v\u00e9g\u00e9n t\u00e9r vissza), a Leipzig elleni rangad\u00f3n pedig kid\u0151lt a k\u00f6z\u00e9pp\u00e1lya egyik fontos l\u00e1ncszeme, a vil\u00e1gbajnok <strong>Exequiel Palacios<\/strong> is.\r\n\r\n<span class=\"highlight-block-small\">A Leverkusennek febru\u00e1r 10-\u00e9n, a Bayern elleni cs\u00facsrangad\u00f3n a legrosszabb esetben n\u00e9gy\u2013\u00f6t kulcsj\u00e1t\u00e9kosa is hi\u00e1nyozhat. <\/span>\r\n\r\nA M\u00f6nchengladbach elleni meccset a \u201ev\u00e9delmi marsall\u201d Jonathan Tah eltilt\u00e1s miatt hagyja ki \u2013 a legjobb \u00f6ssze\u00e1ll\u00edt\u00e1s\u00fa v\u00e9d\u0151sor minden tagja kiesik erre a bajnokira, val\u00f3sz\u00edn\u0171leg a v\u00e9dekez\u0151 k\u00f6z\u00e9pp\u00e1ly\u00e1s <strong>Robert Andrich<\/strong> megy h\u00e1tra Tah hely\u00e9re, de ekkor Palacios mellett \u0151t is p\u00f3tolni kell egy sorral el\u0151r\u00e9bb.\r\n\r\n\u00d6sszegezz\u00fck: a M\u00f6nchengladbach ellen a v\u00e9d\u0151h\u00e1rmas, az egyik legfontosabb k\u00f6z\u00e9pp\u00e1ly\u00e1s, valamint a h\u00e1zi g\u00f3lkir\u00e1ly center nem j\u00e1tszhat; a Bayern elleni cs\u00facsmeccsre pedig \u00e9rdemben csak akkor javul a helyzet, ha az ANK-r\u00f3l visszat\u00e9rnek a kulcsj\u00e1t\u00e9kosok.\r\n\r\nM\u00e9g egy faktort ne hagyjunk figyelmen k\u00edv\u00fcl: mag\u00e1t a Bayern M\u00fcnchent. Lehet, hogy a Bayern nem j\u00e1tszik t\u00fal sz\u00f3rakoztat\u00f3an, \u00e1m eredm\u00e9nyesen igen, b\u00e1rmennyire is f\u00e1sultnak t\u0171nik. A 2,41-es pont\/meccs mutat\u00f3 kiv\u00e1l\u00f3 (a legut\u00f3bbi 20 id\u00e9ny kevesebb mint fel\u00e9ben l\u00e9pte \u00e1t a m\u00fcncheni csapat a 40 pontos hat\u00e1rt 18 fordul\u00f3 ut\u00e1n), csak \u00e9pp az ekszt\u00e1zisban futballoz\u00f3 Leverkusen megfog\u00e1s\u00e1hoz egyel\u0151re nem volt el\u00e9g. A jelenlegi temp\u00f3 egy 82 pontos szezonhoz seg\u00edten\u00e9 hozz\u00e1 a Bayernt, m\u00e1rpedig ennyivel m\u00e9g soha nem szorult csapat a m\u00e1sodik helyre a Bundeslig\u00e1ban (a legt\u00f6bb pontot el\u00e9r\u0151 vicebajnok a Dortmund volt 2015\/16-ban, 78-cal).\r\n\r\n<span class=\"highlight-block\">A Leverkusennek mindv\u00e9gig emberfelettit kell ny\u00fajtania, ha a Bayern ilyen \u00fctemben gy\u0171jti a pontjait. <\/span>\r\n\r\n<strong>Harry Kane<\/strong> ontja a g\u00f3lokat, kvalit\u00e1sban a m\u00fcncheni keret fel\u00fclm\u00falja a Leverkusen\u00e9t, rutinban \u00e9s p\u00e9nz\u00fcgyi lehet\u0151s\u00e9gekben szint\u00fagy, a rekordbajnokn\u00e1l van valami megfoghatatlan, gy\u0151zelmeket eredm\u00e9nyez\u0151 plusz is \u2013 ki\u00e9lezett bajnoki versenyfut\u00e1sban ritk\u00e1n vesz\u00edt a Bayern M\u00fcnchen. No meg ott van m\u00e9g az a plusz motiv\u00e1ci\u00f3 is, hogy senki sem akar egy \u00e9letrajzi bejegyz\u00e9st: akt\u00edv r\u00e9szese volt annak, amikor a Bayern tizenegy id\u00e9ny ut\u00e1n elbukta a bajnoki els\u0151s\u00e9get...\r\n\r\n\u201eVerhetetlen Leverkusen\u201d \u2013 harsogta a Westdeutsche Allgemeine Zeitung c\u00edme a Lipcs\u00e9ben aratott gy\u0151zelem ut\u00e1n. A Kicker olvas\u00f3i szavaz\u00e1s\u00e1n a szurkol\u00f3k h\u00e1romnegyede \u00fagy v\u00e9li, veretlen az\u00e9rt nem marad mindv\u00e9gig a Leverkusen, de a bajnoki c\u00edmre egyre jobb az es\u00e9ly. Ha a Bayer sikerrel veszi a M\u00f6nchengladbach \u00e9s a Darmstadt k\u00e9pezte akad\u00e1lyt, majd febru\u00e1r 10-\u00e9n siker\u00fcl legy\u0151znie a Bayern M\u00fcnchent a BayAren\u00e1ban, akkor az oll\u00f3 nagyra ny\u00edlhat a k\u00e9t \u00e9lcsapat k\u00f6z\u00f6tt. A v\u00e9g\u00e9n m\u00e9g az is el\u0151fordulhat, hogy a Bayer Leverkusen hamarabb nyer bajnoks\u00e1got, mint ahogy a vas\u00fat\u00e1llom\u00e1s elk\u00e9sz\u00fcl.\r\n\r\nNa, az lenne az igazi csoda.\r\n\r\n[prefabricated_shortcode in_app=\"0\" code=\"%3Cdiv%20class%3D%22article_box_border%22%20style%3D%22background%3A%20url%28%27https%3A%2F%2F24.p3k.hu%2Fapp%2Fuploads%2Fsites%2F24%2F2021%2F05%2Fsport24-pattern.png%27%29%20no-repeat%20left%20-16px%20%23f3f3f4%3B%20border%3A%20none%3B%22%3E%0D%0A%3Cdiv%20class%3D%22article_solidheader%22%3E%0D%0A%3Ch2%20style%3D%22color%3A%20%23111115%21important%3B%20font-size%3A%2036px%3B%20font-weight%3A%20bold%3B%20margin-bottom%3A%2030px%3B%20margin-top%3A%2020px%3B%20text-align%3A%20center%3B%20line-height%3A%2036px%3B%22%3E%3Cimg%20class%3D%22aligncenter%20size-full%20wp-image-141%22%20src%3D%22https%3A%2F%2F24.p3k.hu%2Fapp%2Fuploads%2Fsites%2F24%2F2021%2F05%2Fs24-logo-dt.png%22%20alt%3D%22%22%20width%3D%22408%22%20height%3D%2290%22%20%2F%3E%3C%2Fh2%3E%0D%0A%3Ch2%20style%3D%22color%3A%20%23111115%21important%3B%20font-size%3A%2036px%3B%20font-weight%3A%20bold%3B%20margin-bottom%3A%2030px%3B%20margin-top%3A%2020px%3B%20text-align%3A%20center%3B%20line-height%3A%2040px%3B%22%3ECsatlakozz%20a%20Sport24%20k%C3%B6z%C3%B6ss%C3%A9ghez%2C%20mondd%20el%20v%C3%A9lem%C3%A9nyedet%20z%C3%A1rt%20Facebook-csoportunkban%2C%20%C3%A9s%20vegy%C3%A9l%20r%C3%A9szt%20csak%20el%C5%91fizet%C5%91knek%20el%C3%A9rhet%C5%91%20exkluz%C3%ADv%20esem%C3%A9nyeinken.%3C%2Fh2%3E%0D%0A%3C%2Fdiv%3E%0D%0A%3Cp%20style%3D%22background%3A%20%2357A600%3B%20margin-top%3A%2020px%3B%20padding%3A%2020px%3B%20text-align%3A%20center%3B%22%3E%3Ca%20style%3D%22color%3A%20%23ffffff%3B%20font-size%3A%2026px%3B%20font-weight%3A%20600%3B%22%20href%3D%22https%3A%2F%2Fwww.facebook.com%2Fgroups%2F212344460412327%22%3ECSATLAKOZOM%3C%2Fa%3E%3C%2Fp%3E%0D%0A%0D%0A%3C%2Fdiv%3E\"]","type":"rich","thumbnail_url":"https:\/\/s.24.hu\/app\/uploads\/sites\/24\/2024\/01\/bayer-leverkusen-150x150.jpg","thumbnail_width":150,"thumbnail_height":150}