{"version":"1.0","provider_name":"Sport24","provider_url":"https:\/\/sport24.24.hu","author_name":"Bruckner G\u00e1bor","author_url":"https:\/\/sport24.24.hu\/author\/brucknerg\/","title":"T\u00falz\u00e1s lenne azt \u00e1ll\u00edtani, hogy kr\u00edzisben van a Barca, de probl\u00e9ma az\u00e9rt akad b\u0151ven","html":"<strong>Xavi Hernandez<\/strong> Barcelon\u00e1ja egyel\u0151re nem tudja megism\u00e9telni a legut\u00f3bbi, hossz\u00fa t\u00e1v\u00fa j\u00f3 teljes\u00edtm\u00e9nyt. A katal\u00e1nok a Bilba\u00f3val azonos pontsz\u00e1mmal, az \u00e9llovas Giron\u00e1n\u00e1l egy m\u00e9rk\u0151z\u00e9ssel kevesebbet j\u00e1tszva negyedikek a La Lig\u00e1ban. A pillanatnyi helyez\u00e9sen t\u00fal nagyobb probl\u00e9ma, hogy a Real Madrid h\u00e9t, a Girona pedig nyolc ponttal el\u0151zi meg Xavi egy\u00fcttes\u00e9t. A 43 \u00e9ves edz\u0151 2021 november\u00e9ben, t\u00f6rt\u00e9nelmi kr\u00edzisben vette \u00e1t annak a klubnak a kispadj\u00e1t, amelyhez gyerekkora \u00f3ta ezer sz\u00e1llal k\u00f6t\u0151d\u00f6tt \u00e9s amelyben j\u00e1t\u00e9kosk\u00e9nt a legnagyobb sikereit \u00e9rte el. A borzalmas szezonkezdet ut\u00e1n Xavi v\u00e9g\u00fcl a m\u00e1sodik helyre hozta be csapat\u00e1t, az Eur\u00f3pa Lig\u00e1ban a Frankfurt a negyedd\u00f6nt\u0151ben \u00e1llt a katal\u00e1nok \u00fatj\u00e1ba.\r\n\r\nTavaly m\u00e1r siker\u00fclt elh\u00f3d\u00edtani a bajnoki c\u00edmet, \u00e1m a nemzetk\u00f6zi porondon ism\u00e9t alulteljes\u00edt\u00e9s k\u00f6vetkezett: a Barca, b\u00e1r bejutott a Bajnokok Lig\u00e1ja csoportk\u00f6r\u00e9be, ott csak harmadik lett a Bayern \u00e9s a k\u00e9s\u0151bbi d\u00f6nt\u0151s Inter m\u00f6g\u00f6tt, az EL-ben pedig a Manchester United b\u00facs\u00faztatta <strong>Lewandowski\u00e9kat<\/strong> r\u00f6gt\u00f6n az els\u0151 tavaszi p\u00e1rharcban. A mostani \u00e9vadban viszonylag k\u00f6nnyed\u00e9n ment a tov\u00e1bbjut\u00e1s az Antwerp, Shakhtar, Porto h\u00e1rmast megel\u0151zve, de a bajnoks\u00e1gban egyel\u0151re csak negyedik a csapat. Tizenkilenc m\u00e9rk\u0151z\u00e9sen a legut\u00f3bbi produkci\u00f3hoz k\u00e9pest kevesebb g\u00f3lt (42 helyett csak 36-ot) siker\u00fclt szerezni, \u00e9s m\u00e9g szembet\u0171n\u0151bb, hogy az el\u0151z\u0151 bajnoks\u00e1gban bemutatott kit\u0171n\u0151 v\u00e9dekez\u00e9ssel szemben\r\n\r\n<span class=\"highlight-block\">h\u00e1tul most sokkal sebezhet\u0151bb a Barca <\/span>\r\n\r\n(7 helyett 22 kapott g\u00f3l)! Az elm\u00falt hetek m\u00e9dianyilv\u00e1noss\u00e1g\u00e1ban k\u00fcl\u00f6n\u00f6sen a rossz helyzetkihaszn\u00e1l\u00e1sr\u00f3l esett sok sz\u00f3, de val\u00f3ban ez a f\u0151 probl\u00e9ma?\r\n<h2>T\u00e9nyleg t\u00fal sok helyzetet hagy ki a Barcelona?<\/h2>\r\nA Barcelona az eddigi 19 m\u00e9rk\u0151z\u00e9s\u00e9n 45.76-os xG-mutat\u00f3t hozott \u00f6ssze, amely messze a legmagasabb a La Lig\u00e1ban (a rangsorban m\u00e1sodik Bilba\u00f3\u00e9 41.61). Csakhogy ezzel a legnagyobb alulteljes\u00edt\u00e9s is a katal\u00e1nok\u00e9: majdnem t\u00edz g\u00f3llal l\u0151tt\u00e9k alul v\u00e1rhat\u00f3 mutat\u00f3jukat. Ezzel szemben az id\u00e9ny meglepet\u00e9scsapata, az \u00e9llovas Girona 39.89-es xG-re szerzett 46 g\u00f3lt. Az \u0151 eset\u00fck a m\u00e1sik v\u00e9glet, mark\u00e1ns, t\u00f6bb mint hatg\u00f3los t\u00falteljes\u00edt\u00e9s. N\u00e9zz\u00fcnk a k\u00e9t csapatra kicsit r\u00e9szletesebben, az egyszer\u0171s\u00e9g kedv\u00e9\u00e9rt az utols\u00f3 nyolc m\u00e9rk\u0151z\u00e9s mint\u00e1j\u00e1n! A 0.3 feletti xG-\u00e9rt\u00e9k\u0171 l\u00f6v\u00e9seket m\u00e1r \u201enagy\u201d helyzetnek tekintett\u00fck.\r\n\r\n<script id=\"infogram_0_69d53883-7b9d-400e-9ab8-129f93dc1071\" title=\"barcelona\" src=\"https:\/\/e.infogram.com\/js\/dist\/embed.js?JGE\" type=\"text\/javascript\"><\/script>\r\n\r\nL\u00e1that\u00f3, hogy nyolc m\u00e9rk\u0151z\u00e9ses mint\u00e1n a Barca nagyj\u00e1b\u00f3l m\u00e1sf\u00e9lszer annyi l\u00f6v\u00e9ssel pr\u00f3b\u00e1lkozott, m\u00e9gsem tudott sz\u00e1mottev\u0151en magasabb xG-t kialak\u00edtani. Szembet\u0171n\u0151 a magasabb \u00e9rt\u00e9k\u0171 l\u00f6v\u00e9sek hasonl\u00f3 sz\u00e1ma is: a Girona ugyanezt sokkal kevesebb pr\u00f3b\u00e1lkoz\u00e1sb\u00f3l \u00e9rte el. Fontos ugyanakkor \u00e9szrevenni, hogy k\u00f6zepes \u00e9s alacsonyabb xG-\u00e9rt\u00e9k\u0171 l\u00f6v\u00e9sb\u0151l a Barc\u00e1nak van j\u00f3val t\u00f6bb, ezeket hossz\u00fa t\u00e1von \u00f6sszeadva pedig egy csapat \u00e9rthet\u0151en ink\u00e1bb \u201ealulm\u00falja\u201d, mintsem \u201et\u00fall\u00f6vi\u201d az xG-mutat\u00f3j\u00e1t.\r\n\r\nA helyzetkihaszn\u00e1l\u00e1s kapcs\u00e1n azonban tov\u00e1bbra sem ker\u00fclhet\u0151 meg, hogy\r\n\r\n<span class=\"highlight-block-small\">a Girona 25 magasabb \u00e9rt\u00e9k\u0171 l\u00f6v\u00e9s\u00e9b\u0151l 14-et v\u00e1ltott g\u00f3lra, m\u00edg a Barca eset\u00e9ben ez a sz\u00e1m 29-b\u0151l mind\u00f6ssze 5. <\/span>\r\n\r\nA l\u00e1tottak is gyakran ezt t\u00e1masztj\u00e1k al\u00e1, gondoljunk csak a Valencia elleni m\u00e9rk\u0151z\u00e9s hajr\u00e1j\u00e1ban kihagyott k\u00e9t \u00f3ri\u00e1si ziccerre, vagy az Atl\u00e9tico elleni m\u00e9rk\u0151z\u00e9sre. Fontos l\u00e1tni azonban, hogy az xG-mutat\u00f3 nem mindenhat\u00f3, \u00e9s nagyon keveset mond el az adott l\u00f6v\u00e9s kontextus\u00e1r\u00f3l. B\u00e1r maguk a modellek egyre cizell\u00e1ltabbak (figyelembe veszik a sz\u00f6g \u00e9s a t\u00e1vols\u00e1g mellett a v\u00e9d\u0151 helyzet\u00e9t \u00e9s egy\u00e9b t\u00e9nyez\u0151ket, p\u00e9ld\u00e1ul a mez\u0151nyj\u00e1t\u00e9k \u00e9s a sz\u00f6gletszitu\u00e1ci\u00f3k k\u00f6z\u00f6tti k\u00fcl\u00f6nbs\u00e9get is), sok olyan kontextu\u00e1lis t\u00e9nyez\u0151 nem r\u00e9sze ezeknek a modelleknek, amely szorosan \u00f6sszef\u00fcgg egy-egy csapat st\u00edlus\u00e1val. Nagyon l\u00e9nyeges p\u00e9ld\u00e1ul, hogy a t\u00e1mad\u00f3 statikus, \u00e1ll\u00f3 poz\u00edci\u00f3ban, vagy lend\u00fcletb\u0151l, futt\u00e1ban tud-e a kapu el\u00e9 \u00e9rni. Az sem mindegy, hogy a t\u00e1mad\u00f3 v\u00e9delem m\u00f6g\u00e9 besprintelve, vagy a m\u00e1sodik vonalba \u00e9rkezve pr\u00f3b\u00e1lkozik, amikor az ellenf\u00e9l h\u00e1ts\u00f3 sora fizikailag a labda m\u00f6g\u00f6tt helyezkedik. De annak is van jelent\u0151s\u00e9ge, hogy a csapat st\u00edlus\u00e1b\u00f3l ad\u00f3d\u00f3an milyen passzokkal (lapos, magas, sz\u00e9less\u00e9gi, m\u00e9lys\u00e9gi, \u00e1tl\u00f3s) hozza helyzetbe a l\u00f6v\u0151 j\u00e1t\u00e9kosokat. Az is fontos lehet, hogy a l\u00f6v\u0151 milyen messze tart\u00f3zkodik a labd\u00e1t\u00f3l, \u00e9s \u00edgy tov\u00e1bb. Sz\u00e1mtalan olyan komplex, specifikus t\u00e9nyez\u0151, amely \u201ebecsaphat\u201d egy \u00e1ltal\u00e1nos modellt. Ha a Barcelona a Giron\u00e1hoz k\u00e9pest h\u00faszmeccses mint\u00e1n ennyivel kisebb hat\u00e9konys\u00e1ggal v\u00e1ltja g\u00f3lra a helyzeteket, annak j\u00e1t\u00e9kbeli oka is kell, hogy legyen. De vajon mi lehet az?\r\n<h2>A Barcelona labdakihozatala<\/h2>\r\nA Xavi-f\u00e9le Barca \u2013 nem meglep\u0151 m\u00f3don \u2013 <strong>Pep Guardiola<\/strong> nyomdokaiba l\u00e9pve tank\u00f6nyvi poz\u00edci\u00f3s j\u00e1t\u00e9kot j\u00e1tszik. A labdakihozatal ut\u00e1n leggyakrabban 3-2-5-\u00f6s, j\u00f3l kivehet\u0151 alakzatban rendezkednek be a p\u00e1ly\u00e1n, s az ellenfelet sz\u00e9less\u00e9gben sz\u00e9th\u00fazva, a labd\u00e1t j\u00e1ratva igyekeznek helyzeteket kialak\u00edtani. OPPDA-mutat\u00f3juk 14.91-gyel a m\u00e1sodik legmagasabb a Real Madrid\u00e9 m\u00f6g\u00f6tt, teh\u00e1t \u00e1tlagosan ennyi passzt tudnak akci\u00f3nk\u00e9nt teljes\u00edteni a saj\u00e1t t\u00e9rfel\u00fck\u00f6n. A legt\u00f6bb spanyol csapat \u00e9rthet\u0151en nem is igaz\u00e1n pr\u00f3b\u00e1lkozik ellen\u00fck let\u00e1mad\u00e1ssal. Ez\u00e9rt\r\n\r\n<span class=\"highlight-block\">hajlamosak zavarba j\u00f6nni, ha valaki m\u00e9gis bev\u00e1llalja ellen\u00fck a magasabb presszinget; <\/span>\r\n\r\nid\u0151szakosan ezt l\u00e1thattuk a Porto, a Rayo Vallecano vagy \u00e9ppen a Girona ellen is. Az ilyen szitu\u00e1ci\u00f3kban a sz\u00e9lre lehet \u0151ket szor\u00edtani \u2013 a k\u00e9t sz\u00e9l k\u00f6z\u00fcl <strong>Kound\u00e9<\/strong> oldala sebezhet\u0151bb, <strong>Cancelo<\/strong> labd\u00e1val magabiztosabb. A <strong>De Jong<\/strong>, <strong>G\u00fcndogan<\/strong>,<strong> Pedri<\/strong> h\u00e1rmas elvileg szint\u00e9n nagy nyom\u00e1st\u0171r\u00e9s\u0171, de a hirtelen kit\u00e1mad\u00e1s eset\u00e9n a csapat nem mindig tudja megfelel\u0151en igaz\u00edtani a t\u00e1vols\u00e1gokat, \u00edgy gyakran egy \u00e9rint\u00e9s ut\u00e1n, az el\u00f6l l\u00e9v\u0151ket pr\u00f3b\u00e1lj\u00e1k megj\u00e1tszani. De Jong r\u00e1ad\u00e1sul gyakran a k\u00e9t bels\u0151 v\u00e9d\u0151 k\u00f6z\u00e9 l\u00e9p vissza, \u00edgy nem annyira a kulcsfontoss\u00e1g\u00fa ter\u00fcleten, az ellenf\u00e9l els\u0151 \u00e9s m\u00e1sodik sora k\u00f6z\u00f6tt haszn\u00e1lhat\u00f3.\r\n<div class=\"payable-content-section\"><\/div>\r\n<img class=\"alignnone size-full wp-image-11733\" src=\"https:\/\/sport24.24.hu\/app\/uploads\/sites\/24\/2024\/01\/barca1.png\" alt=\"\" width=\"1024\" height=\"576\" \/>\r\n\r\n<em>Labdakihozatal a Rayo Vallecano ellen. Az ellenf\u00e9l emberfog\u00e1ssal let\u00e1mad, ett\u0151l szabadulva a Barcelona-j\u00e1t\u00e9kosok t\u00f6bbs\u00e9ge kifel\u00e9 mozog. De Jong visszal\u00e9p a v\u00e9d\u0151vonalba, \u00e1m h\u00e1tulr\u00f3l megt\u00e1madj\u00e1k \u00e9s szerelik.<\/em>\r\n\r\n<img class=\"alignnone size-full wp-image-11734\" src=\"https:\/\/sport24.24.hu\/app\/uploads\/sites\/24\/2024\/01\/barca2.png\" alt=\"\" width=\"1024\" height=\"576\" \/>\r\n\r\n<em>Labdakihozatal a Girona ellen. Kound\u00e9 nyom\u00e1s alatt, a sz\u00e9len. \u00edvel\u00e9sre k\u00e9nyszer\u00edtik.<\/em>\r\n\r\nSikeres nyom\u00e1s alatti labdakihozatalokat legink\u00e1bb az Atl\u00e9tico Madrid elleni gy\u0151zelem alkalm\u00e1val l\u00e1thattunk. Ehhez azonban az is kellett, hogy az ellenf\u00e9l sz\u00e1rnyv\u00e9d\u0151i nem igaz\u00e1n l\u00e9ptek fel a let\u00e1mad\u00e1shoz, \u00edgy a katal\u00e1nok gyakran tal\u00e1lt\u00e1k magukat l\u00e9tsz\u00e1m- \u00e9s temp\u00f3el\u0151nyben. \u00cdgy k\u00f6nnyebben ki tudt\u00e1k hozni a labd\u00e1t a let\u00e1mad\u00e1ssal szemben, \u00e9s az ellenf\u00e9l t\u00e9rfel\u00e9re \u00e1t\u00e9rve azonnal helyzeteket kialak\u00edtani. Nem v\u00e9letlen, hogy ez a sz\u00e1mok alapj\u00e1n \u2013 viszonylag kev\u00e9s l\u00f6v\u00e9sb\u0151l magas xG-mutat\u00f3 \u2013 a szezon egyik legjobb m\u00e9rk\u0151z\u00e9se volt, \u00e1m t\u00edz g\u00f3lnyi \u201ealulteljes\u00edt\u00e9sb\u0151l\u201d kett\u0151t itt hoztak \u00f6ssze <strong>Lewandowski\u00e9k<\/strong>.\r\n\r\n<img class=\"alignnone size-full wp-image-11735\" src=\"https:\/\/sport24.24.hu\/app\/uploads\/sites\/24\/2024\/01\/barca3.png\" alt=\"\" width=\"1024\" height=\"576\" \/>\r\n\r\n<img class=\"alignnone size-full wp-image-11736\" src=\"https:\/\/sport24.24.hu\/app\/uploads\/sites\/24\/2024\/01\/barca4.png\" alt=\"\" width=\"1024\" height=\"576\" \/>\r\n\r\n<em>Az Atl\u00e9tico elleni els\u0151 g\u00f3l. Ter Stegen egyb\u0151l Pedrihez passzolja fel a labd\u00e1t, aki lek\u00e9sz\u00edti azt Kound\u00e9nak. Az \u0151 passz\u00e1b\u00f3l Raphinha cselez befel\u00e9, aki Joao F\u00e9lix-el r\u00fagat g\u00f3lt.<\/em>\r\n<h2>Probl\u00e9m\u00e1k fel\u00e1llt fal ellen<\/h2>\r\nM\u00e9lyen v\u00e9dekez\u0151 csapatok ellen \u2013 amikor a let\u00e1mad\u00e1st \u00e1tj\u00e1tszva nem lehet k\u00f6zvetlen\u00fcl helyzetet kialak\u00edtani \u2013 Xavi egy\u00fcttes\u00e9nek b\u0151ven akadnak probl\u00e9m\u00e1i. B\u00e1r id\u0151nk\u00e9nt egy-egy visszal\u0151tt labd\u00e1b\u00f3l, vagy bead\u00e1sb\u00f3l siker\u00fcl g\u00f3lt szerezni, \u00e1ltal\u00e1ban ezekben a szitu\u00e1ci\u00f3kban a csapat t\u00fal lassan \u00e9r a kapu el\u00e9, ami miatt nem siker\u00fcl dinamikus, vesz\u00e9lyes helyzeteket kialak\u00edtani. Az \u00e1tt\u00f6r\u00e9s r\u00e1ad\u00e1sul gyakran t\u00f6rt\u00e9nik magas be\u00edvel\u00e9sb\u0151l, amit a t\u00e1mad\u00f3nak nehezebb ell\u0151ni, a v\u00e9d\u0151knek pedig van idej\u00fck reag\u00e1lni. A probl\u00e9ma gy\u00f6kere azonban legink\u00e1bb onnan ered, hogy a Barca j\u00e1t\u00e9ka ezekben a helyzetekben t\u00fals\u00e1gosan is centr\u00e1lis. B\u00e1r a h\u00e1ts\u00f3 sor \u00e9s a G\u00fcndogan, De Jong du\u00f3 testcseleivel \u00e9s tr\u00fckk\u00f6s \u00e1tv\u00e9telekkel val\u00f3ban k\u00e9pes lehet az ellenfelet kicsalogatni, egy m\u00e9lyen v\u00e9dekez\u0151, r\u00f6vid csapat ellen ez val\u00f3sz\u00edn\u0171leg nem nyit t\u00fal sok ter\u00fcletet.\r\n\r\n<span class=\"highlight-block\">A sz\u00e9leket pedig fel\u00e1llt fal ellen nagyon elhanyagolj\u00e1k, <\/span>\r\n\r\n\u00e9s ebben a j\u00e1t\u00e9kosok profilja sem seg\u00edt. A k\u00e9t sz\u00e9ls\u0151v\u00e9d\u0151k mindannyian v\u00e1ltogatj\u00e1k az oldalakat, \u00e9s ink\u00e1bb befel\u00e9 szeretnek j\u00e1tszani, \u00e9s ugyanez igaz a k\u00e9t sz\u00e9ls\u0151, <strong>Raphinha<\/strong> \u00e9s<strong> Joao Felix<\/strong> j\u00e1t\u00e9k\u00e1ra is. Valamennien ink\u00e1bb a v\u00e9delem el\u0151tt, befel\u00e9 cselezve ker\u00fclnek l\u00f6v\u0151helyzetbe, az alapvonalat, a p\u00e1lya teljes hossz\u00e1t alig haszn\u00e1lva. Ezzel nemcsak, hogy nem h\u00fazz\u00e1k sz\u00e9t m\u00e9lys\u00e9gben az ellenf\u00e9l v\u00e9delm\u00e9t \u2013 ami ter\u00fcletet nyitna a m\u00e1sodik hull\u00e1mban \u2013, hanem m\u00e9g ink\u00e1bb k\u00f6z\u00e9pre h\u00fazz\u00e1k az ellenf\u00e9l am\u00fagy is sz\u0171k v\u00e9delmi alakzat\u00e1t. Nem v\u00e9letlen, hogy a helyzetkihaszn\u00e1l\u00e1st tekintve a csapat borzaszt\u00f3an f\u00fcgg Lewandowski j\u00e1t\u00e9k\u00e1t\u00f3l, akinek 11.65-\u00f6s xG-je van, m\u00edg a h\u00e1zi rangsorban m\u00f6g\u00f6tte Raphinha (4.99) \u00e9s Joao F\u00e9lix (4.69) messze lemaradt.\r\n\r\n<img class=\"alignnone size-full wp-image-11737\" src=\"https:\/\/sport24.24.hu\/app\/uploads\/sites\/24\/2024\/01\/barca5.png\" alt=\"\" width=\"1024\" height=\"576\" \/>\r\n\r\n<em>Probl\u00e9m\u00e1k fel\u00e1llt fal ellen, els\u0151 felvon\u00e1s: Raphinha befel\u00e9 h\u00faz, l\u00e1tja, hogy Cancelo \u00e9rkezik sz\u00e9less\u00e9get adni, de ink\u00e1bb elereszt egy kev\u00e9sb\u00e9 vesz\u00e9lyes l\u00f6v\u00e9st.<\/em>\r\n\r\n<img class=\"alignnone size-full wp-image-11738\" src=\"https:\/\/sport24.24.hu\/app\/uploads\/sites\/24\/2024\/01\/barca6.png\" alt=\"\" width=\"1024\" height=\"576\" \/>\r\n\r\n<em>Probl\u00e9m\u00e1k fel\u00e1llt fal ellen, m\u00e1sodik felvon\u00e1s. Bald\u00e9 befel\u00e9 cselez, nem t\u00e1madja az alapvonalat, \u00edgy csak k\u00f6z\u00e9pre h\u00fazza az ellenf\u00e9l sz\u0171k v\u00e9dekez\u00e9s\u00e9t.<\/em>\r\n<h2>Visszaes\u0151 v\u00e9dekez\u00e9s<\/h2>\r\nMint fentebb sz\u00f3 volt r\u00f3la, a sz\u00e1mok alapj\u00e1n a legl\u00e1tv\u00e1nyosabban a Barca v\u00e9dekez\u00e9se esett vissza, hiszen a legut\u00f3bbi \u00e9vadhoz k\u00e9pest nagys\u00e1grendileg hasonl\u00f3 mennyis\u00e9g\u0171 szerzett g\u00f3lra sokkal t\u00f6bbet kapnak. A PPDA-mutat\u00f3 alapj\u00e1n (8.20) a let\u00e1mad\u00e1suk m\u00e9g mindig a m\u00e1sodik legintenz\u00edvebb a mez\u0151nyben, de ez statisztikailag nem sz\u0171ri ki, ha az ellenf\u00e9l kev\u00e9s passzal is \u00e1tj\u00e1tssza a let\u00e1mad\u00e1st. Egy\u00e9bk\u00e9nt\r\n\r\n<span class=\"highlight-block-small\">22 kapott g\u00f3ljukat 22.12 xG-nyi engedett helyzetb\u0151l nyelt\u00e9k be, m\u00edg legut\u00f3bb az eg\u00e9sz szezonban 33.34 xG-re kaptak 20 g\u00f3lt.<\/span>\r\n\r\nA Barcelona \u00e1ltal\u00e1ban 4-1-4-1-ben kezdi meg a let\u00e1mad\u00e1st az ellenf\u00e9l t\u00e9rfel\u00e9n, ahol Lewandowski feladata a labd\u00e1s j\u00e1t\u00e9kos oldalra szor\u00edt\u00e1sa. Id\u0151nk\u00e9nt Raphinha csatlakozik ehhez az els\u0151 sorba, ilyenkor a fel\u00e1ll\u00e1s ink\u00e1bb 4-1-3-2-re hasonl\u00edt, a k\u00f6z\u00e9pp\u00e1ly\u00e1sok pedig egy\u00fcttes er\u0151vel pr\u00f3b\u00e1lj\u00e1k beker\u00edteni az ellenfeleket. Mivel profilra egyik\u00fck sem klasszikus ver\u0151ember, \u00e9rthet\u0151 m\u00f3don a hangs\u00faly ink\u00e1bb a leveg\u0151 elsz\u00edv\u00e1s\u00e1n, a labd\u00e1s k\u00f6r\u00fcli ter\u00fcletek lez\u00e1r\u00e1s\u00e1n van, ahogyan azt annak idej\u00e9n a <strong>Busquets<\/strong>, Xavi, <strong>Iniesta<\/strong> h\u00e1rmast\u00f3l is l\u00e1thattuk, ha nagy ritk\u00e1n nem n\u00e1luk volt a labda. A Barca mostani let\u00e1mad\u00e1s\u00e1val a legnagyobb hi\u00e1nyoss\u00e1g, hogy sokszor nincs el\u00e9g nyom\u00e1s a megfelel\u0151 pillanatban a labd\u00e1t birtokl\u00f3 ellenf\u00e9len, nincs meg az \u00f6sszhang, hogy kinek, merre, meddig kellene z\u00e1rnia. A magasra tolt v\u00e9d\u0151vonal az ilyen szitu\u00e1ci\u00f3k v\u00e9g\u00e9n gyakran tal\u00e1lja mag\u00e1t kiszolg\u00e1ltatott helyzetben, amint azt p\u00e9ld\u00e1ul a Girona elleni m\u00e9rk\u0151z\u00e9sen is l\u00e1thattuk.\r\n\r\n<img class=\"alignnone size-full wp-image-11739\" src=\"https:\/\/sport24.24.hu\/app\/uploads\/sites\/24\/2024\/01\/barca7.png\" alt=\"\" width=\"1024\" height=\"576\" \/>\r\n\r\n<em>A Barcelona 4-1-4-1-ben t\u00e1mad le a Girona ellen, de nincs nyom\u00e1s a labd\u00e1son, az ellenf\u00e9l szabadon ind\u00edthat. A hossz\u00fa labda ut\u00e1n a beindul\u00f3 Cigankov g\u00f3lt r\u00fagat honfit\u00e1rs\u00e1val.<\/em>\r\n\r\n<img class=\"alignnone size-full wp-image-11740\" src=\"https:\/\/sport24.24.hu\/app\/uploads\/sites\/24\/2024\/01\/barca8.png\" alt=\"\" width=\"1024\" height=\"576\" \/>\r\n\r\n<img class=\"alignnone size-full wp-image-11741\" src=\"https:\/\/sport24.24.hu\/app\/uploads\/sites\/24\/2024\/01\/barca9.png\" alt=\"\" width=\"1024\" height=\"576\" \/>\r\n\r\n<em>Sikeres let\u00e1mad\u00e1s. G\u00fcndogan megt\u00e1madja a labd\u00e1t kap\u00f3 k\u00f6z\u00e9pp\u00e1ly\u00e1st, aki oldalra passzol, ott pedig tol\u00f3d\u00e1ssal siker\u00fcl k\u00f6rbe z\u00e1rni a labd\u00e1s embert.<\/em>\r\n\r\nA Barcelona j\u00e1t\u00e9k\u00e1ra teh\u00e1t t\u00falz\u00e1s lenne komoly kr\u00edzisk\u00e9nt tekinteni, de k\u00e9ts\u00e9gtelen:\r\n\r\n<span class=\"highlight-block-small\">labd\u00e1val \u00e9s labda ellen is vannak olyan momentumok, amelyek miatt a Xavi \u00e1ltal meg\u00e1lmodott poz\u00edci\u00f3s j\u00e1t\u00e9k m\u00e9g messze van az ide\u00e1list\u00f3l,<\/span>\r\n\r\nvalamint a profilok \u00f6sszet\u00e9tel\u00e9ben is tal\u00e1lhatunk kivetnival\u00f3t. A katal\u00e1nok esete arra is kit\u0171n\u0151 p\u00e9lda a statisztik\u00e1k rajong\u00f3inak, mi\u00e9rt kell az xG-t \u00f3vatosan \u00e9s nagyon k\u00f6r\u00fcltekint\u0151en kezelni. Azt se felejts\u00fck el: a Girona j\u00f3 szerepl\u00e9se teljesen v\u00e1ratlanul \u00e9rte a mez\u0151nyt, \u00edgy csup\u00e1n a jelenlegi helyez\u00e9sb\u0151l nem szabad messzemen\u0151 k\u00f6vetkeztet\u00e9seket levonni. Eml\u00e9keztet\u0151\u00fcl: a La Lig\u00e1ban a 2012\/13-as \u00e9vad \u00f3ta mindig (!) a Barcelona, Real Madrid, Atl\u00e9tico Madrid h\u00e1rmas v\u00e9gzett a dobog\u00f3n. A Girona lehet tizenk\u00e9t esztend\u0151 (\u00e9s az akkori, Emery-f\u00e9le Valencia) ut\u00e1n az els\u0151 \u201ek\u00edv\u00fcl\u00e1ll\u00f3\u201d csapat, amely belesz\u00f3l a h\u00e1rom \u00f3ri\u00e1s versenyfut\u00e1s\u00e1ba.\r\n\r\nA Barca m\u00e9g a Spanyol Kup\u00e1ban \u00e9s a Bajnokok Lig\u00e1j\u00e1ban is versenyben van. M\u00e1rpedig k\u00e9t \u00e9s f\u00e9l \u00e9v ut\u00e1n a katal\u00e1noknak legink\u00e1bb Eur\u00f3p\u00e1ban kellene bizony\u00edtaniuk, hogy val\u00f3ban a sz\u0171k elithez tartoznak.\r\n\r\n[prefabricated_shortcode in_app=\"0\" code=\"%3Cdiv%20class%3D%22article_box_border%22%20style%3D%22background%3A%20url%28%27https%3A%2F%2F24.p3k.hu%2Fapp%2Fuploads%2Fsites%2F24%2F2021%2F05%2Fsport24-pattern.png%27%29%20no-repeat%20left%20-16px%20%23f3f3f4%3B%20border%3A%20none%3B%22%3E%0D%0A%3Cdiv%20class%3D%22article_solidheader%22%3E%0D%0A%3Ch2%20style%3D%22color%3A%20%23111115%21important%3B%20font-size%3A%2036px%3B%20font-weight%3A%20bold%3B%20margin-bottom%3A%2030px%3B%20margin-top%3A%2020px%3B%20text-align%3A%20center%3B%20line-height%3A%2036px%3B%22%3E%3Cimg%20class%3D%22aligncenter%20size-full%20wp-image-141%22%20src%3D%22https%3A%2F%2F24.p3k.hu%2Fapp%2Fuploads%2Fsites%2F24%2F2021%2F05%2Fs24-logo-dt.png%22%20alt%3D%22%22%20width%3D%22408%22%20height%3D%2290%22%20%2F%3E%3C%2Fh2%3E%0D%0A%3Ch2%20style%3D%22color%3A%20%23111115%21important%3B%20font-size%3A%2036px%3B%20font-weight%3A%20bold%3B%20margin-bottom%3A%2030px%3B%20margin-top%3A%2020px%3B%20text-align%3A%20center%3B%20line-height%3A%2040px%3B%22%3ECsatlakozz%20a%20Sport24%20k%C3%B6z%C3%B6ss%C3%A9ghez%2C%20mondd%20el%20v%C3%A9lem%C3%A9nyedet%20z%C3%A1rt%20Facebook-csoportunkban%2C%20%C3%A9s%20vegy%C3%A9l%20r%C3%A9szt%20csak%20el%C5%91fizet%C5%91knek%20el%C3%A9rhet%C5%91%20exkluz%C3%ADv%20esem%C3%A9nyeinken.%3C%2Fh2%3E%0D%0A%3C%2Fdiv%3E%0D%0A%3Cp%20style%3D%22background%3A%20%2357A600%3B%20margin-top%3A%2020px%3B%20padding%3A%2020px%3B%20text-align%3A%20center%3B%22%3E%3Ca%20style%3D%22color%3A%20%23ffffff%3B%20font-size%3A%2026px%3B%20font-weight%3A%20600%3B%22%20href%3D%22https%3A%2F%2Fwww.facebook.com%2Fgroups%2F212344460412327%22%3ECSATLAKOZOM%3C%2Fa%3E%3C%2Fp%3E%0D%0A%0D%0A%3C%2Fdiv%3E\"]","type":"rich","thumbnail_url":"https:\/\/s.24.hu\/app\/uploads\/sites\/24\/2024\/01\/xavi-150x150.jpg","thumbnail_width":150,"thumbnail_height":150}