{"version":"1.0","provider_name":"Sport24","provider_url":"https:\/\/sport24.24.hu","author_name":"Bruckner G\u00e1bor","author_url":"https:\/\/sport24.24.hu\/author\/brucknerg\/","title":"Spanyolorsz\u00e1gban nyert a magyar v\u00e1logatott, de Mezey visszafogottan \u00e9rt\u00e9kelt","html":"Eg\u00e9szen szokatlan id\u0151pontban, janu\u00e1r 18-\u00e1n j\u00e1tszott hivatalos m\u00e9rk\u0151z\u00e9st negyven \u00e9ve a magyar labdar\u00fag\u00f3-v\u00e1logatott. A h\u00e1zigazda a spanyol csapat volt, amelyet a hatvanadik sz\u00fclet\u00e9snapj\u00e1t 1984. janu\u00e1r 19-\u00e9n \u00fcnnepl\u0151 <strong>Miguel Munoz<\/strong> szakvezet\u0151 dirig\u00e1lt.\r\n\r\nHonfit\u00e1rsaink m\u00e1r k\u00e9t h\u00e9ttel kor\u00e1bban \u00fatra keltek, hogy el\u0151bb Stuttgartban legyenek a parkett \u00f6rd\u00f6gei, majd Franciaorsz\u00e1gban pr\u00f3b\u00e1ljanak nagyp\u00e1ly\u00e1n, \u00e9s Spanyolorsz\u00e1gban is j\u00e1tsszanak egy-k\u00e9t gyakorl\u00f3 meccset.\r\n\r\nA stuttgarti teremtorn\u00e1t megnyert\u00e9k \u2013 a d\u00f6nt\u0151ben a z\u00e1gr\u00e1bi Dinam\u00f3t 6-2-re gy\u0151zt\u00e9k le \u2013, Strasbourgban <strong>Dajka L\u00e1szl\u00f3<\/strong> fejes g\u00f3lj\u00e1val fel\u00fclm\u00falt\u00e1k a helyi egy\u00fcttest (1-0), majd 3-1-et \u00e9rtek el az alicantei Hercules \u00e9s 2-1-et az Elche ellen.\r\n\r\nA porty\u00e1ra a k\u00f6vetkez\u0151 j\u00e1t\u00e9kosokat h\u00edvta meg <strong>Mezey Gy\u00f6rgy<\/strong> sz\u00f6vets\u00e9gi kapit\u00e1ny: <strong>Garaba<\/strong>, <strong>Varga J\u00f3zsef<\/strong>, <strong>Nagy Antal<\/strong>, <strong>Bodonyi<\/strong>, Dajka (mind Honv\u00e9d), <strong>Kov\u00e1cs Attila<\/strong>, <strong>K\u0151halmi<\/strong>, <strong>G\u00e1lhidi<\/strong> (mind Csepel), <strong>Disztl P\u00e9ter<\/strong>, <strong>Csuhay<\/strong>, <strong>Csongr\u00e1di<\/strong> (mindkett\u0151 Videoton), <strong>R\u00f3th<\/strong>, <strong>M\u00e9sz\u00e1ros<\/strong> (mindkett\u0151 P\u00e9cs), <strong>Kardos<\/strong>, <strong>T\u00f6r\u0151csik<\/strong> (mindkett\u0151 \u00dajpest), <strong>Hannich<\/strong>, <strong>Hajsz\u00e1n<\/strong> (mindkett\u0151 Gy\u0151ri ETO), <strong>Farkas Tibor<\/strong> (Vasas), <strong>P\u00e9ter<\/strong> (ZTE).\r\n\r\n<span class=\"highlight-block\">A spanyol sajt\u00f3ban n\u00e9h\u00e1ny futballist\u00e1val \u00e9s klubbal \u00e9pphogy csak ismerkedtek, <\/span>\r\n\r\nM\u00e9sz\u00e1ros Ferenc csapat\u00e1t p\u00e9ld\u00e1ul P\u00e9csi MSC helyett \u201eTecsi MST\u201d-nek, a zalaegerszegi P\u00e9ter Zolt\u00e1n\u00e9t \u201eCTE\"-nek nevezt\u00e9k.\r\n\r\nA vend\u00e9gl\u00e1t\u00f3k keret\u00e9vel nem volt ilyen probl\u00e9ma, makul\u00e1tlanul jelent meg a n\u00e9vsor: <strong>Zubizarreta<\/strong>, <strong>Goicoechea<\/strong>, <strong>De Andres,<\/strong> <strong>Sarabia<\/strong> (mind Bilbao), <strong>Buyo<\/strong>, <strong>Francisco<\/strong> (mindkett\u0151 Sevilla), <strong>Gordillo<\/strong>, <strong>Rincon<\/strong> (mindkett\u0151 Betis), <strong>Camacho<\/strong>, <strong>Santillana<\/strong> (mindkett\u0151 Real Madrid), <strong>Salva<\/strong>, <strong>Senor<\/strong> (mindkett\u0151 Zaragoza), <strong>Maceda<\/strong> (Sporting Gijon), <strong>Carrasco<\/strong>, <strong>Sanchez<\/strong> (mindkett\u0151 Barcelona).\r\n\r\nCadiz v\u00e1ros\u00e1nak t\u00f6rt\u00e9net\u00e9ben az volt a m\u00e1sodik v\u00e1logatott m\u00e9rk\u0151z\u00e9s, az els\u0151t 1979-ben a d\u00e1nok nyert\u00e9k (3-1). A h\u00e1zigazd\u00e1k szakvezet\u0151je <strong>Kubala L\u00e1szl\u00f3<\/strong>, k\u00f6z\u00e9pp\u00e1ly\u00e1sainak egyike <strong>Vicente del Bosque<\/strong>, a tal\u00e1lkoz\u00f3 h\u0151se a belga Lokeren dupl\u00e1z\u00f3 csat\u00e1ra,<strong> Preben Elkjaer-Larsen<\/strong> volt.\r\n\r\nA magyar centert, T\u00f6r\u0151csik Andr\u00e1st a v\u00e1logatottat saj\u00e1t \u2013 Kubal\u00e1val k\u00f6z\u00f6sen vett \u2013 k\u00e9t hotelj\u00e9ben elsz\u00e1ll\u00e1sol\u00f3<strong> \u00d6streicher Emil<\/strong>, a csapat (\u201edisszidens\u201d l\u00e9t\u00e9re) hivatalos menedzsere, a Real Madrid f\u00e9nykor\u00e1nak titk\u00e1ra <strong>Pusk\u00e1s Ferenchez<\/strong> hasonl\u00edtotta. Na, nem p\u00e9nz\u00fcgyileg, mert az \u00fajpesti csel- \u00e9s passzm\u0171v\u00e9sz csak 70 doll\u00e1r k\u00f6lt\u0151p\u00e9nzt kapott az \u00fatra, ak\u00e1r a t\u00f6bbiek.\r\n\r\n\u00c1m a Ramon de Carranza stadionban \u2013 ahol 1988-t\u00f3l otthon volt T\u00f6r\u0151csik \u00fajpesti \u00e9s v\u00e1logatott csapatt\u00e1rsa, a Cadiz kapuj\u00e1t \u00f6t \u00e9ven \u00e1t \u0151rz\u0151 <strong>Szendrei J\u00f3zsef<\/strong> \u2013 nem a Megyeri \u00fati t\u00e1ncos j\u00e1tszotta a f\u0151szerepet. Hab\u00e1r a Diario 16 megjegyezte:\r\n<blockquote class=\"small-quote\">A vend\u00e9gek nagy szerencs\u00e9je, hogy van egy olyan j\u00e1t\u00e9kosuk, mint T\u00f6r\u0151csik.<\/blockquote>\r\nA kimenetel azonban a tatai edz\u0151t\u00e1borra eml\u00e9keztetett, ott is mindig Garaba Imre volt a k\u00f6z\u00e9ppontban, legal\u00e1bbis az egym\u00e1s k\u00f6zti j\u00e1t\u00e9kban rendre \u0151t \u2013 \u00e9s nem a technika \u00f6rd\u00f6geit \u2013 v\u00e1lasztott\u00e1k els\u0151k\u00e9nt.\r\n\r\nhttps:\/\/www.youtube.com\/watch?v=IqB3MTlrBBc&amp;ab_channel=MLSZTVArch%C3%ADv\r\n\r\nCadizban szint\u00e9n a c\u00edmeres mezt \u00f6sszesen 82-szer mag\u00e1ra \u00f6lt\u0151 v\u00e9d\u0151 vitte a pr\u00edmet. H\u00e1tul elt\u00fcntette Carlos Santillan\u00e1t, a Real Madrid 56-szoros v\u00e1logatott k\u00f6z\u00e9pcsat\u00e1r\u00e1t, majd a m\u00e1sodik f\u00e9lid\u0151 derek\u00e1n el\u0151re t\u00f6rt, \u00e9s 28-30 m\u00e9teres l\u00f6v\u00e9s\u00e9vel nagyon meglepte Francisco Buyo kapust meg \u00f6nmag\u00e1t.\r\n<div class=\"payable-content-section\"><\/div>\r\nA meccs ut\u00e1n bevallotta:\r\n<blockquote>Nem nagyon rem\u00e9lhettem, hogy a l\u00f6v\u00e9sem ut\u00e1n a labda a h\u00e1l\u00f3ban k\u00f6t ki. Igaz, er\u0151sen r\u00fagtam r\u00e1, de a kaput\u00f3l messze voltam. Viszont l\u0151n\u00f6m kellett, mert nem l\u00e1ttam a k\u00f6zelben olyan t\u00e1rsat, aki megj\u00e1tszhat\u00f3 lett volna. Azt hiszem, a labda alaposan becsapta Buy\u00f3t, mert \u00e9ppen akkor kanyarodott el t\u0151le, amikor meg akarta fogni.<\/blockquote>\r\nEzzel nyert 1-0-ra a Kov\u00e1cs \u2013 Csuhay, Kardos, Garaba, Varga \u2013 Hannich (Dajka), Nagy, Csongr\u00e1di (P\u00e9ter) \u2013 Bodonyi, T\u00f6r\u0151csik, Hajsz\u00e1n \u00f6sszet\u00e9tel\u0171 magyar egy\u00fcttes, amelyr\u0151l az As c\u00edm\u0171 madridi sportlap azt \u00edrta: \u201eMinden csapatr\u00e9sz\u00e9ben jobb volt.\u201d\r\n\r\nA Diario de Cadiz viszont morgott a veres\u00e9g miatt: \u201eNagyon gyenge meccs volt, a k\u00e9t csapat m\u00e9g k\u00f6z\u00e9pszint\u0171 j\u00e1t\u00e9kot sem produk\u00e1lt. Munoz visszah\u00faz\u00f3d\u00f3, \u00f6tlettelen emberei beleragadtak a magyarok biztons\u00e1gi futballj\u00e1ba.\u201d\r\n\r\nMaga Munoz felh\u00e1borodott a magyarok \u201edurvas\u00e1ga\u201d miatt, \u00e9s k\u00f6zvetlen\u00fcl a m\u00e9rk\u0151z\u00e9s ut\u00e1n kijelentette, hogy a spanyol v\u00e1logatott nem utazik el Budapestre a m\u00e1jusra lek\u00f6t\u00f6tt \u201evisszav\u00e1g\u00f3ra\u201d. M\u00e1snapra megnyugodott, \u00e9s visszakozott: \u201eFelejts\u00e9k el, amit az el\u0151z\u0151 este mondtam, ideges voltam a 0-1 miatt. Megy\u00fcnk a magyar f\u0151v\u00e1rosba, m\u00e9ghozz\u00e1 gy\u0151zni!\u201d\r\n\r\nEbben t\u00e9vedett, az \u00dcll\u0151i \u00fati tal\u00e1lkoz\u00f3 1-1-gyel z\u00e1rult.\r\n\r\nhttps:\/\/www.youtube.com\/watch?v=gWLNUuREC30&amp;ab_channel=MLSZTVArch%C3%ADv\r\n\r\nAz El Pais viszont a j\u00f6v\u0151be l\u00e1tott: \u201eA hideg zuhany idej\u00e9ben \u00e9rkezett\u201d \u2013 v\u00e9lte. S val\u00f3ban,\r\n\r\n<span class=\"highlight-block\">a spanyol v\u00e1logatott n\u00e9h\u00e1ny h\u00f3nappal k\u00e9s\u0151bb az Eur\u00f3pa-bajnoks\u00e1g d\u00f6nt\u0151j\u00e9be jutott.<\/span>\r\n\r\nA N\u00e9pszabads\u00e1g Cadizb\u00f3l azt jelentette: \u201eFelt\u0171nt a v\u00e1logatott szervezetts\u00e9ge, elsz\u00e1nts\u00e1ga, tudatoss\u00e1ga. Ezek a tulajdons\u00e1gok meglehet\u0151sen \u00fajak, alig lehetett l\u00e1tni eddig valamit bel\u0151l\u00fck.\u201d A N\u00e9psport kiemelte: \u201eTaktikailag a magyar v\u00e1logatott uralta a m\u00e9rk\u0151z\u00e9st.\u201d\r\n\r\nHozz\u00e1tette azonban: \u201e\u00d3va kell inten\u00fcnk mindenkit a messzemen\u0151 k\u00f6vetkeztet\u00e9sek levon\u00e1s\u00e1t\u00f3l. Nem sz\u00fcletett \u00faj nagy csapat! Adott egy j\u00f3 elk\u00e9pzel\u00e9st \u00e9s azt a gyakorlatba is \u00e1t\u00fcltetni k\u00e9pes szakvezet\u00e9s, adott a j\u00f3 szellem\u0171, tanulni v\u00e1gy\u00f3, lelkes j\u00e1t\u00e9kosg\u00e1rda, amely alaposan meglepte az ellenf\u00e9lt\u0151l j\u00f3val kevesebbre sz\u00e1m\u00edt\u00f3, el\u0151re \u00fcnnepl\u0151 h\u00e1zigazd\u00e1kat.\u201d\r\n\r\nMezey is m\u00e9rt\u00e9ktart\u00f3 maradt: \u201eK\u00fcl\u00f6n\u00f6sebb konzekvenci\u00e1kat m\u00e1r csak az\u00e9rt sem szabad levonni a gy\u0151zelemb\u0151l, mert m\u00e9g rengeteg a p\u00f3tolnival\u00f3nk. A sikernek m\u00e9gis v\u00e9gtelen\u00fcl \u00f6r\u00fcl\u00f6k, hiszen j\u00f3 alapot ad arra, hogy a j\u00e1t\u00e9kosok b\u00edzzanak az elv\u00e9gzett munk\u00e1ban, mivel nagyon neh\u00e9z, kem\u00e9ny edz\u00e9sekkel tark\u00edtott id\u0151szakban mutatkoztak biztat\u00f3 jelek a csapatj\u00e1t\u00e9kban. Ha a k\u00e9s\u0151bbiek sor\u00e1n is ilyen lend\u00fclettel tudunk dolgozni, akkor nem csak v\u00e1gy\u00e1lom lesz a kijut\u00e1s a mexik\u00f3i vil\u00e1gbajnoks\u00e1gra.\u201d\r\n\r\n<span class=\"highlight-block-small\">A lend\u00fclet megmaradt, a k\u00f6vetkez\u0151 \u00e9vben a magyar labdar\u00fag\u00f3-v\u00e1logatott el\u0151sz\u00f6r lett Magyarorsz\u00e1gon Az \u00e9v csapata, majd 1986-ban m\u00e1ig utolj\u00e1ra szerepelt a vb-n.<\/span>\r\n\r\nNegyven \u00e9ve nem csup\u00e1n a Spanyolorsz\u00e1gban Don Emili\u00f3nak h\u00edvott \u00d6streicher sz\u00e1llod\u00e1ib\u00f3l, a Mirador (Kil\u00e1t\u00f3) I.-b\u0151l \u00e9s II.-b\u0151l ny\u00edlt kecsegtet\u0151 panor\u00e1ma...\r\n\r\n[prefabricated_shortcode in_app=\"0\" code=\"%3Cdiv%20class%3D%22article_box_border%22%20style%3D%22background%3A%20url%28%27https%3A%2F%2F24.p3k.hu%2Fapp%2Fuploads%2Fsites%2F24%2F2021%2F05%2Fsport24-pattern.png%27%29%20no-repeat%20left%20-16px%20%23f3f3f4%3B%20border%3A%20none%3B%22%3E%0D%0A%3Cdiv%20class%3D%22article_solidheader%22%3E%0D%0A%3Ch2%20style%3D%22color%3A%20%23111115%21important%3B%20font-size%3A%2036px%3B%20font-weight%3A%20bold%3B%20margin-bottom%3A%2030px%3B%20margin-top%3A%2020px%3B%20text-align%3A%20center%3B%20line-height%3A%2036px%3B%22%3E%3Cimg%20class%3D%22aligncenter%20size-full%20wp-image-141%22%20src%3D%22https%3A%2F%2F24.p3k.hu%2Fapp%2Fuploads%2Fsites%2F24%2F2021%2F05%2Fs24-logo-dt.png%22%20alt%3D%22%22%20width%3D%22408%22%20height%3D%2290%22%20%2F%3E%3C%2Fh2%3E%0D%0A%3Ch2%20style%3D%22color%3A%20%23111115%21important%3B%20font-size%3A%2036px%3B%20font-weight%3A%20bold%3B%20margin-bottom%3A%2030px%3B%20margin-top%3A%2020px%3B%20text-align%3A%20center%3B%20line-height%3A%2040px%3B%22%3ECsatlakozz%20a%20Sport24%20k%C3%B6z%C3%B6ss%C3%A9ghez%2C%20mondd%20el%20v%C3%A9lem%C3%A9nyedet%20z%C3%A1rt%20Facebook-csoportunkban%2C%20%C3%A9s%20vegy%C3%A9l%20r%C3%A9szt%20csak%20el%C5%91fizet%C5%91knek%20el%C3%A9rhet%C5%91%20exkluz%C3%ADv%20esem%C3%A9nyeinken.%3C%2Fh2%3E%0D%0A%3C%2Fdiv%3E%0D%0A%3Cp%20style%3D%22background%3A%20%2357A600%3B%20margin-top%3A%2020px%3B%20padding%3A%2020px%3B%20text-align%3A%20center%3B%22%3E%3Ca%20style%3D%22color%3A%20%23ffffff%3B%20font-size%3A%2026px%3B%20font-weight%3A%20600%3B%22%20href%3D%22https%3A%2F%2Fwww.facebook.com%2Fgroups%2F212344460412327%22%3ECSATLAKOZOM%3C%2Fa%3E%3C%2Fp%3E%0D%0A%0D%0A%3C%2Fdiv%3E\"]","type":"rich","thumbnail_url":"https:\/\/s.24.hu\/app\/uploads\/sites\/24\/2024\/01\/ns-150x150.jpg","thumbnail_width":150,"thumbnail_height":150}