{"version":"1.0","provider_name":"Sport24","provider_url":"https:\/\/sport24.24.hu","author_name":"Bruckner G\u00e1bor","author_url":"https:\/\/sport24.24.hu\/author\/brucknerg\/","title":"A felismerhetetlens\u00e9gig eltorzult a kor\u00e1bban mintaszer\u0171en m\u0171k\u00f6dtetett Sevilla","html":"A Sevilla aranykora a k\u00e9tezres \u00e9vek elej\u00e9n kezd\u0151d\u00f6tt <strong>Jos\u00e9 Mar\u00eda Del Nido Benavente<\/strong> eln\u00f6ks\u00e9ge alatt, aki 2002-t\u0151l 2013-ig t\u00f6lt\u00f6tte be a posztot. Az\u00e9rt kellett lemondania a klub \u00e9l\u00e9r\u0151l, mert sikkaszt\u00e1s miatt b\u00f6rt\u00f6nbe ker\u00fclt. Hely\u00e9t <strong>Jos\u00e9 Castro Carmona<\/strong> vette \u00e1t, akinek vezet\u00e9s\u00e9vel m\u00e9g nagyobb sikereket \u00e9rt el a csapat. 2017-es szabadul\u00e1sa \u00f3ta azonban Benavente k\u00e9ts\u00e9gbeesetten pr\u00f3b\u00e1lja visszaszerezni a hatalmat, ami sz\u0171nni nem akar\u00f3 visz\u00e1lyt sz\u00edtott a vezet\u0151s\u00e9gben. A Sevilla r\u00e9szv\u00e9nyeit k\u00fcl\u00f6nb\u00f6z\u0151 szem\u00e9lyek \u2013 k\u00f6zt\u00fck maga Benavente is \u2013 \u00e9s szervezetek birtokolj\u00e1k, emiatt teljesen v\u00e1ltoz\u00f3, hogy ki kivel sz\u00f6vetkezik \u00e9ppen. Castr\u00f3nak mindenesetre siker\u00fclt ellehetetlen\u00edtenie Benavent\u00e9t, s\u0151t egy meglep\u0151 h\u00faz\u00e1ssal Benavente fi\u00e1t, <strong>Jos\u00e9 Mar\u00eda Del Nido Carrasc\u00f3t<\/strong> az egyik legf\u0151bb bizalmas\u00e1v\u00e1 \u00e9s a klub aleln\u00f6k\u00e9v\u00e9 tette. Ez a fel\u00e1ll\u00e1s 2023 utols\u00f3 napj\u00e1ig volt \u00edgy, akkor ugyanis megfordult a szereposzt\u00e1s; Carrasc\u00f3t v\u00e1lasztott\u00e1k meg eln\u00f6knek, Castro pedig aleln\u00f6kk\u00e9nt folytatja a tov\u00e1bbiakban. Ett\u0151l f\u00fcggetlen\u00fcl\r\n\r\n<span class=\"highlight-block\">a marakod\u00e1s aligha sz\u0171nik meg, <\/span>\r\n\r\nCarrasco elmond\u00e1sa szerint az apja nem gratul\u00e1lt neki a kinevez\u00e9shez \u00e9s kar\u00e1csonykor sem tal\u00e1lkoztak. Az \u00faj eln\u00f6knek a bossz\u00fav\u00e1gyt\u00f3l f\u0171t\u00f6tt apuka mellett a r\u00e9szv\u00e9nyesek k\u00f6zti \u00e9rdekkapcsolatokkal, a klub neh\u00e9z gazdas\u00e1gi helyzet\u00e9vel \u00e9s a futballcsapat keret\u00e9nek \u00e1talak\u00edt\u00e1s\u00e1val is szembe kell n\u00e9znie.\r\n\r\nEls\u0151 hivatalos eln\u00f6ki sajt\u00f3t\u00e1j\u00e9koztat\u00f3j\u00e1n Carrasco arr\u00f3l besz\u00e9lt, hogy szeretn\u00e9nek ism\u00e9t a fiatalokba fektetni, \u00e9s vissza\u00e1ll\u00edtani azt a modellt, amely igencsak j\u00f6vedelmez\u0151 volt az elm\u00falt k\u00e9t \u00e9vtizedben. A Sevilla kapcs\u00e1n ki kell emelni valakit, aki sokkal t\u00f6bbet tett a sikerek\u00e9rt, mint b\u00e1rki az eddig eml\u00edtettek k\u00f6z\u00fcl. <strong>Ram\u00f3n Rodriguez Verdejo<\/strong> \u2013 vagy ahogyan mindenki ismeri, Monchi \u2013 k\u00e9t ciklusban \u00f6sszesen h\u00fasz \u00e9vet h\u00fazott le a Sevilla sportigazgat\u00f3jak\u00e9nt. Ez id\u0151 alatt nagyj\u00e1b\u00f3l 200 milli\u00f3 eur\u00f3 profitot termelt a klubnak j\u00e1t\u00e9koselad\u00e1sokb\u00f3l; Monchi nev\u00e9hez f\u0171z\u0151dik t\u00f6bbek k\u00f6z\u00f6tt <strong>Dani Alves<\/strong>, <strong>Ivan Rakitic<\/strong>, <strong>Luis Fabiano<\/strong> \u00e9s <strong>Carlos Bacca<\/strong> felfedez\u00e9se, majd tov\u00e1bb \u00e9rt\u00e9kes\u00edt\u00e9se. A sportigazgat\u00f3 j\u00e1t\u00e9kospolitik\u00e1ja mindig is az volt, hogy felkutassa \u00e9s fel\u00e9p\u00edtse a fiatal tehets\u00e9geket, azut\u00e1n pedig j\u00f3 nagy haszonnal eladja \u0151ket a tehet\u0151sebb kluboknak. <strong>Dermot Corrigan<\/strong>, a The Athletic sport\u00fajs\u00e1g\u00edr\u00f3ja szerint azonban ez megv\u00e1ltozott, amikor a Sevill\u00e1n\u00e1l azt \u00e9rezt\u00e9k, hogy <strong>Julen Lopetegui<\/strong> vezet\u00e9s\u00e9vel van es\u00e9ly a bajnoki c\u00edm megszerz\u00e9s\u00e9re.\r\n\r\n<img class=\"alignnone size-full wp-image-11709\" src=\"https:\/\/sport24.24.hu\/app\/uploads\/sites\/24\/2024\/01\/1-6.png\" alt=\"\" width=\"2382\" height=\"1590\" \/>\r\n\r\n2020 \u00e9s 2021 nyar\u00e1n olyan rutinos j\u00e1t\u00e9kosok \u00e9rkeztek a csapathoz, mint <strong>Papu G\u00f3mez<\/strong>, <strong>Erik Lamela<\/strong>, <strong>Thomas Delaney<\/strong> \u00e9s Iv\u00e1n Rakitic. Rakiticet lesz\u00e1m\u00edtva viszont egyik\u00fcknek sem j\u00f6tt be igaz\u00e1n az andal\u00faz kaland, \u00edgy a Sevilla nyak\u00e1n ott maradt t\u00f6bb id\u0151s, tov\u00e1bb m\u00e1r nem \u00e9rt\u00e9kes\u00edthet\u0151 futballista, magas fizet\u00e9ssel. 2022 nyar\u00e1n m\u00e9g tov\u00e1bb romlott a helyzet; a csapat k\u00e9t bels\u0151 v\u00e9d\u0151je, <strong>Jules Kound\u00e9<\/strong> \u00e9s <strong>Diego Carlos<\/strong> t\u00e1vozott, de a hely\u00fckre nem \u00e9rkezett min\u0151s\u00e9gi p\u00f3tl\u00e1s. A brazil <strong>Marca\u00f3t<\/strong> \u00e9s a francia <strong>Tanguy Nianzou-t<\/strong> ugyan a v\u00e9delem k\u00f6zep\u00e9re hozt\u00e1k, de folyamatosan s\u00e9r\u00fclt mindkett\u0151. <strong>Adnan Januzaj<\/strong>, <strong>Kasper Dolberg<\/strong> \u00e9s <strong>Isco<\/strong> leigazol\u00e1sa szint\u00e9n nem volt sikert\u00f6rt\u00e9net. Ebben az id\u0151szakban\r\n\r\n<span class=\"highlight-block\">Monchi munk\u00e1ja is megk\u00e9rd\u0151jelez\u0151d\u00f6tt, <\/span>\r\n\r\nami \u2013 a vezet\u0151s\u00e9gben d\u00fal\u00f3 belharcokkal kieg\u00e9sz\u00fclve \u2013 val\u00f3sz\u00edn\u0171leg nagym\u00e9rt\u00e9kben hozz\u00e1j\u00e1rult a ny\u00e1ri t\u00e1voz\u00e1s\u00e1hoz. Monchi az\u00f3ta az Aston Vill\u00e1t \u00e9p\u00edtgeti igen nagy sikerrel, mik\u00f6zben a Sevill\u00e1n\u00e1l <strong>V\u00edctor Orta<\/strong> vette \u00e1t a hely\u00e9t.\r\n\r\nMostanra ott tartunk, hogy a Sevilla keret\u00e9nek \u00e1tlag\u00e9letkora 2019 \u00f3ta folyamatosan emelkedik, \u00e9s jelenleg az \u00f6t\u00f6dik legid\u0151sebb az \u00f6t eur\u00f3pai topliga 96 csapata k\u00f6z\u00fcl. Ez annak f\u00e9ny\u00e9ben pl\u00e1ne elkeser\u00edt\u0151, hogy a kit\u0171z\u00f6tt c\u00e9l k\u00f6zel\u00e9be sem siker\u00fclt ker\u00fclni (vagyis harcban lenni a bajnoki c\u00edm\u00e9rt), lesz\u00e1m\u00edtva a 2021\/22-es \u00e9vadot, amikor a Sevilla eg\u00e9szen sok\u00e1ig tudta tartani a l\u00e9p\u00e9st a Real Madriddal, de az id\u00e9ny v\u00e9g\u00e9n \u00edgy is csak a negyedik lett.\r\n\r\n<img class=\"alignnone size-full wp-image-11710\" src=\"https:\/\/sport24.24.hu\/app\/uploads\/sites\/24\/2024\/01\/2-5.png\" alt=\"\" width=\"2382\" height=\"1534\" \/>\r\n\r\nA Lopetegui-f\u00e9le Sevilla nem j\u00e1tszott l\u00e1tv\u00e1nyosan, de amit tudott (legink\u00e1bb 1-0-ra nyerni), azt stabilan tudta. Lopetegui is a lass\u00fa, sokpasszos, az ellenf\u00e9l hib\u00e1j\u00e1ra j\u00e1tsz\u00f3 futball h\u00edve, amivel h\u00e1rom egym\u00e1st k\u00f6vet\u0151 \u00e9vben (2020, 2021, 2022) is negyedik lett a csapat. Egy olyan bajnoks\u00e1gban, amelynek mez\u0151ny\u00e9b\u0151l a Real Madrid, a Barcelona \u00e9s az Atl\u00e9tico ennyire kiemelkedik, enn\u00e9l jobb eredm\u00e9nyt nem nagyon lehet el\u00e9rni. A fenti \u00e1br\u00e1n j\u00f3l l\u00e1tszik, hogy Lopetegui utols\u00f3, teljes \u00e9v\u00e9ben a Sevilla labdabirtokl\u00e1sai \u00e1tlagosan n\u00e9gy passzb\u00f3l \u00e1lltak, mik\u00f6zben a labda 1,3 m\u00e9tert haladt el\u0151re m\u00e1sodpercenk\u00e9nt. Egy \u00e9vvel k\u00e9s\u0151bb m\u00e1r csak h\u00e9t bajnoki jutott neki, a kir\u00fag\u00e1s\u00e1t k\u00f6vet\u0151en <strong>Jorge Sampaoli<\/strong> vette \u00e1t az egy\u00fcttes ir\u00e1ny\u00edt\u00e1s\u00e1t, majd a szezon utols\u00f3 k\u00e9t h\u00f3napj\u00e1ra <strong>Jos\u00e9 Luis Mendilibar<\/strong> \u00e9rkezett. A 2022\/23-as \u00e9vad eredm\u00e9nyei teh\u00e1t ennek a h\u00e1rom edz\u0151nek a st\u00edlus\u00e1b\u00f3l tev\u0151dnek \u00f6ssze; semmik\u00e9pp sem jelent\u0151s m\u00e9rt\u00e9kben, de az\u00e9rt\r\n\r\n<span class=\"highlight-block\">a Sevilla tett egy l\u00e9p\u00e9st a gyors, direkt j\u00e1t\u00e9k ir\u00e1ny\u00e1ba.<\/span>\r\n\r\nEz els\u0151sorban Mendilibar hat\u00e1s\u00e1ra t\u00f6rt\u00e9nt, aki kor\u00e1bban nagy sikerrel alkalmazta ezt az egyszer\u0171 focit a spanyol kiscsapatokn\u00e1l, k\u00fcl\u00f6n\u00f6sen az Eibarn\u00e1l. Mendilibarral alapvet\u0151en 2023 nyar\u00e1ig tervezett a Sevilla, de az Eur\u00f3pa Liga-gy\u0151zelem k\u00f6vetkezt\u00e9ben egy \u00e9vvel meghosszabb\u00edtott\u00e1k a szerz\u0151d\u00e9s\u00e9t. V\u00e9g\u00fcl okt\u00f3berig h\u00fazta, a rossz szezonkezdet miatt elk\u00fcldt\u00e9k, a kispadra pedig az uruguayi <strong>Diego Alonso<\/strong> \u00fclt le. Alons\u00f3nak ez volt az els\u0151 eur\u00f3pai munk\u00e1ja, de megmelegedni sem volt ideje, alig k\u00e9t h\u00f3nap ut\u00e1n \u0151t is kir\u00fagt\u00e1k. Az\u00f3ta <strong>Quique S\u00e1nchez Flores<\/strong> ir\u00e1ny\u00edtja a csapatot, aki a k\u00e9tezres \u00e9vek v\u00e9g\u00e9n m\u00e9g kap\u00f3snak sz\u00e1m\u00edtott, de mostan\u00e1ban m\u00e1r csak akkor h\u00edvj\u00e1k, ha t\u00fczet kell oltani. A l\u00e9nyeg, hogy az igazol\u00e1sok mellett az edz\u0151 kiv\u00e1laszt\u00e1s\u00e1val is mell\u00e9 ny\u00fal a Sevilla \u00fajabban. Az \u00e1br\u00e1ra visszat\u00e9rve, a Sevilla most m\u00e1r egy\u00e9rtelm\u0171en a \u201edirekt csapatok\u201d k\u00f6z\u00e9 tartozik, \u00e9s nagyon elt\u00e1volodott att\u00f3l a st\u00edlust\u00f3l, amely a Lopetegui-\u00e9r\u00e1ban jellemezte. (Az eg\u00e9sz spanyol lig\u00e1ra igaz egy\u00e9bk\u00e9nt, hogy gyorsabbak lettek a t\u00e1mad\u00e1sok).\r\n<div class=\"payable-content-section\"><\/div>\r\n<img class=\"alignnone size-full wp-image-11711\" src=\"https:\/\/sport24.24.hu\/app\/uploads\/sites\/24\/2024\/01\/3-6.png\" alt=\"\" width=\"2382\" height=\"1534\" \/>\r\n\r\nAz identit\u00e1sv\u00e1ls\u00e1g m\u00e1s szitu\u00e1ci\u00f3kban is jelentkezik. Szint\u00e9n az elm\u00falt \u00f6t \u00e9vet v\u00e9ve alapul, a Sevilla ebben az \u00e9vadban j\u00e1tszik a legt\u00f6bb bead\u00e1ssal (90 percenk\u00e9nt 31,8). Ez Eur\u00f3p\u00e1ban is kimagasl\u00f3nak sz\u00e1m\u00edt, az \u00f6t eur\u00f3pai topliga csapatai k\u00f6z\u00fcl a Sevill\u00e1nak van a legt\u00f6bb bead\u00e1sa; a sorban m\u00e1sodik francia Brest is csak 25,2-szer r\u00fagja k\u00f6z\u00e9pre a labd\u00e1t 90 percenk\u00e9nt. Nem degrad\u00e1lva a sok bead\u00e1ssal j\u00e1tsz\u00f3 egy\u00fcttesek teljes\u00edtm\u00e9ny\u00e9t, t\u00e9ny, hogy a legegyszer\u0171bb \u00e9s a legkevesebb taktikai utas\u00edt\u00e1st ig\u00e9nyl\u0151 m\u00f3dja annak, hogy a labda az ellenf\u00e9l kapuja el\u00e9 ker\u00fclj\u00f6n, az a bead\u00e1s. Ez is a Mendilibar-foci egyik saj\u00e1tja, ami lehet, hogy j\u00f3l m\u0171k\u00f6dik a kisebb csapatokn\u00e1l, de az eredm\u00e9nyek alapj\u00e1n kijelenthet\u0151: a Sevill\u00e1n\u00e1l nagyon nem j\u00f6tt be. Pedig az andal\u00fazoknak alapvet\u0151en olyan sz\u00e9ls\u0151ik vannak, akik j\u00f3k egy az egy elleni szitu\u00e1ci\u00f3kban, k\u00f6z\u00e9pen pedig <strong>Youssef En-Nesyri<\/strong> fel\u00e9p\u00edt\u00e9sre \u00e9s profilra is az a csat\u00e1r, aki k\u00e9pes \u00e9rkezni a bead\u00e1sokra. A Sevilla m\u00e9gsem tud el\u00e9g hat\u00e9kony lenni ezekb\u0151l a szitu\u00e1ci\u00f3kb\u00f3l, az meg a csapat l\u0151lapj\u00e1n is l\u00e1tszik, hogy nem nagyon van m\u00e1s eszk\u00f6z a tarsoly\u00e1ban.\r\n\r\nAmi a l\u00f6v\u00e9sek poz\u00edci\u00f3j\u00e1b\u00f3l azonnal szembet\u0171nik, hogy vagy k\u00f6zvetlen\u00fcl a kapu el\u0151ter\u00e9b\u0151l pr\u00f3b\u00e1lkoznak (a bead\u00e1sok ut\u00e1n), vagy a tizenhatoson k\u00edv\u00fclr\u0151l.\r\n\r\n<span class=\"highlight-block\">A Sevilla ebben a szezonban m\u00e1r 119-szer l\u0151tt kapura a tizenhatoson k\u00edv\u00fclr\u0151l, ami a legt\u00f6bb a spanyol bajnoks\u00e1gban. <\/span>\r\n\r\nMost m\u00e1r hossz\u00fa \u00e9vek \u00f3ta az a trend a toplig\u00e1kban, hogy folyamatosan n\u0151 a tizenhatoson bel\u00fcli l\u00f6v\u00e9sek ar\u00e1nya, \u00edgy a Sevilla rengeteg \u00e1tl\u00f6v\u00e9si k\u00eds\u00e9rlete aligha tudatos taktikai elem, mindink\u00e1bb a k\u00e9ts\u00e9gbees\u00e9s jele. Erre lehet k\u00f6vetkeztetni abb\u00f3l is, hogy a 305 l\u00f6v\u00e9s a harmadik legt\u00f6bb a La Lig\u00e1ban (csak a Barcelona \u00e9s a Real Madrid pr\u00f3b\u00e1lkozott t\u00f6bbsz\u00f6r), a 0,07-es xG\/l\u00f6v\u00e9s-mutat\u00f3 viszont a legrosszabb. A Sevilla \u00e1tlagos l\u00f6v\u00e9st\u00e1vols\u00e1ga is a tizenhatoson k\u00edv\u00fcl van, 16,55 m\u00e9ter \u2013 csak \u00f6sszehasonl\u00edt\u00e1sk\u00e9ppen: a m\u00falt h\u00e9ten a Premier League 19. helyezettj\u00e9t, <a href=\"https:\/\/sport24.24.hu\/foci\/2024\/01\/12\/burnley-premier-league-vincent-kompany-premier-league\/\">a Burnley-t elemezt\u00fck<\/a>, amely \u00e1tlagosan 15,91 m\u00e9ter t\u00e1volr\u00f3l l\u0151 kapura.\r\n\r\n<img class=\"alignnone size-full wp-image-11712\" src=\"https:\/\/sport24.24.hu\/app\/uploads\/sites\/24\/2024\/01\/4-6.png\" alt=\"\" width=\"2382\" height=\"1534\" \/>\r\n\r\nV\u00e9gezet\u00fcl pedig itt van a Sevilla t\u00edzmeccses xG \u00e9s xGA g\u00f6rg\u0151\u00e1tlaga a 2019\/20-as \u00e9vadt\u00f3l kezd\u0151d\u0151en. Lopetegui els\u0151 k\u00e9t \u00e9s f\u00e9l \u00e9v\u00e9ben a csapat v\u00e1rhat\u00f3 szerzett g\u00f3ljainak sz\u00e1ma (xG) mindig t\u00f6bb volt, mint a v\u00e1rhat\u00f3 kapott g\u00f3ljai\u00e9 (xGA). Mondhatni, a Sevilla a meccsek nagy t\u00f6bbs\u00e9g\u00e9n fel\u00fclm\u00falta ellenfel\u00e9t \u2013 j\u00f6ttek is az eredm\u00e9nyek. A Lopetegui-\u00e9ra utols\u00f3 f\u00e9l \u00e9v\u00e9ben m\u00e1r l\u00e1that\u00f3 visszaes\u00e9s a teljes\u00edtm\u00e9nyben, de k\u00f6zel sem akkora, mint az azt k\u00f6vet\u0151 id\u0151szakban. Mendilibar kinevez\u00e9se r\u00f6vid ideig j\u00f3t tett a csapatnak \u2013 \u00e9s persze ne vegy\u00fck el t\u0151le, hogy megnyerte az Eur\u00f3pa Lig\u00e1t \u2013, de a Sevilla a mai napig nem tudta megk\u00f6zel\u00edteni a kor\u00e1bbi teljes\u00edtm\u00e9ny\u00e9t. S\u0151t. Jelenleg is egy olyan peri\u00f3dusban van, amikor az xGA j\u00f3val nagyobb, mint az xG. Ez is egy\u00e9rtelm\u0171en jelzi, hogy a Sevill\u00e1nak nem fekszik az \u00faj st\u00edlus.\r\n\r\n<img class=\"alignnone size-full wp-image-11713\" src=\"https:\/\/sport24.24.hu\/app\/uploads\/sites\/24\/2024\/01\/5-3.png\" alt=\"\" width=\"2382\" height=\"1534\" \/>\r\n\r\nAz elm\u00falt h\u00fasz \u00e9vben a Sevilla h\u00e9tszer nyerte meg az UEFA Kup\u00e1t\/Eur\u00f3pa Lig\u00e1t, a bajnoks\u00e1gban pedig negyedik er\u0151 lett a Real Madrid, a Barcelona \u00e9s az Atl\u00e9tico m\u00f6g\u00f6tt. A hossz\u00fa \u00e9veken \u00e1t sikeresen \u00e9s nyeres\u00e9gesen m\u0171k\u00f6d\u0151 csapat p\u00e9ldak\u00e9nt szolg\u00e1lt mindenki sz\u00e1m\u00e1ra, \u00e1m n\u00e9h\u00e1ny elhib\u00e1zott d\u00f6nt\u00e9s az \u00e1tigazol\u00e1si piacon \u00e9s az edz\u0151k kiv\u00e1laszt\u00e1s\u00e1n\u00e1l elegend\u0151 volt ahhoz, hogy a felismerhetetlens\u00e9gig torzuljon a klub. Az \u00faj eln\u00f6k Carrasco beiktat\u00e1sa ut\u00e1n v\u00e1ltoz\u00e1sokat \u00edg\u00e9rt, kezdve a t\u00e9li er\u0151s\u00edt\u00e9sekkel (a Sevilla m\u00e1r l\u00e9pett is, \u00e9s k\u00f6lcs\u00f6nben megszerezte <strong>Hannibal Mejbrit<\/strong> a Manchester Unitedt\u0151l), de val\u00f3sz\u00edn\u0171leg hosszabb folyamat lesz \u00fajra ir\u00e1nyba tenni az egy\u00fcttest.\r\n\r\n<span class=\"highlight-block\">Erre a szezonra m\u00e1r b\u0151ven el\u00e9g lesz annyi is, ha nem esik ki a csapat.<\/span>\r\n\r\n<em>A szerz\u0151 Kov\u00e1cs G\u00e1bor, az FTC adatelemz\u0151je.<\/em>\r\n\r\n[prefabricated_shortcode in_app=\"0\" code=\"%3Cdiv%20class%3D%22article_box_border%22%20style%3D%22background%3A%20url%28%27https%3A%2F%2F24.p3k.hu%2Fapp%2Fuploads%2Fsites%2F24%2F2021%2F05%2Fsport24-pattern.png%27%29%20no-repeat%20left%20-16px%20%23f3f3f4%3B%20border%3A%20none%3B%22%3E%0D%0A%3Cdiv%20class%3D%22article_solidheader%22%3E%0D%0A%3Ch2%20style%3D%22color%3A%20%23111115%21important%3B%20font-size%3A%2036px%3B%20font-weight%3A%20bold%3B%20margin-bottom%3A%2030px%3B%20margin-top%3A%2020px%3B%20text-align%3A%20center%3B%20line-height%3A%2036px%3B%22%3E%3Cimg%20class%3D%22aligncenter%20size-full%20wp-image-141%22%20src%3D%22https%3A%2F%2F24.p3k.hu%2Fapp%2Fuploads%2Fsites%2F24%2F2021%2F05%2Fs24-logo-dt.png%22%20alt%3D%22%22%20width%3D%22408%22%20height%3D%2290%22%20%2F%3E%3C%2Fh2%3E%0D%0A%3Ch2%20style%3D%22color%3A%20%23111115%21important%3B%20font-size%3A%2036px%3B%20font-weight%3A%20bold%3B%20margin-bottom%3A%2030px%3B%20margin-top%3A%2020px%3B%20text-align%3A%20center%3B%20line-height%3A%2040px%3B%22%3ECsatlakozz%20a%20Sport24%20k%C3%B6z%C3%B6ss%C3%A9ghez%2C%20mondd%20el%20v%C3%A9lem%C3%A9nyedet%20z%C3%A1rt%20Facebook-csoportunkban%2C%20%C3%A9s%20vegy%C3%A9l%20r%C3%A9szt%20csak%20el%C5%91fizet%C5%91knek%20el%C3%A9rhet%C5%91%20exkluz%C3%ADv%20esem%C3%A9nyeinken.%3C%2Fh2%3E%0D%0A%3C%2Fdiv%3E%0D%0A%3Cp%20style%3D%22background%3A%20%2357A600%3B%20margin-top%3A%2020px%3B%20padding%3A%2020px%3B%20text-align%3A%20center%3B%22%3E%3Ca%20style%3D%22color%3A%20%23ffffff%3B%20font-size%3A%2026px%3B%20font-weight%3A%20600%3B%22%20href%3D%22https%3A%2F%2Fwww.facebook.com%2Fgroups%2F212344460412327%22%3ECSATLAKOZOM%3C%2Fa%3E%3C%2Fp%3E%0D%0A%0D%0A%3C%2Fdiv%3E\"]","type":"rich","thumbnail_url":"https:\/\/s.24.hu\/app\/uploads\/sites\/24\/2024\/01\/sergio-ramos-150x150.jpg","thumbnail_width":150,"thumbnail_height":150}