{"version":"1.0","provider_name":"Sport24","provider_url":"https:\/\/sport24.24.hu","author_name":"Bruckner G\u00e1bor","author_url":"https:\/\/sport24.24.hu\/author\/brucknerg\/","title":"Pusk\u00e1s Ferenc a Mount Everest megh\u00f3d\u00edt\u00f3j\u00e1val egy\u00fctt jutott k\u00fcl\u00f6nleges magass\u00e1gokba","html":"Sok mindent a labdar\u00fag\u00f3-vil\u00e1gbajnoks\u00e1gnak rendeltek al\u00e1 Magyarorsz\u00e1gon hetven \u00e9vvel ezel\u0151tt. A b\u00e9ket\u00e1bor b\u00e1sty\u00e1inak egyik\u00e9ben az el\u0151k\u00e9sz\u00fcletek \u2013 hol m\u00e1sutt? \u2013 a B\u00e9ke utc\u00e1ban kezd\u0151dtek. Angyalf\u00f6ld\u00f6n akkoriban az \u00c9p\u00edt\u0151k j\u00e1tszott, a Vasas a N\u00e9pligetbe k\u00f6lt\u00f6z\u00f6tt, \u00edgy teh\u00e1t a v\u00e1logatott az \u00c9p\u00edt\u0151kkel tal\u00e1lkozott 1954. janu\u00e1r 13-\u00e1n, majd 17-\u00e9n is, \u00e9s \u00f6sszesen 31 g\u00f3lt helyezett el a h\u00e1zigazda h\u00e1l\u00f3j\u00e1ban (17-0, 14-0).\r\n\r\nAz els\u0151 alkalommal 19 futballista l\u00e9pett p\u00e1ly\u00e1ra, miut\u00e1n <strong>Sebes Guszt\u00e1v<\/strong> sz\u00f6vets\u00e9gi kapit\u00e1ny kijelentette: \u201eA vil\u00e1gbajnoks\u00e1gra 40 j\u00e1t\u00e9kost nevez\u00fcnk, \u00e9s a szab\u00e1lyok \u00e9rtelm\u00e9ben csak az elutaz\u00e1s el\u0151tt t\u00edz nappal kell k\u00f6z\u00f6ln\u00fcnk a vil\u00e1gbajnoki k\u00fczdelmekben r\u00e9szt vev\u0151 22 labdar\u00fag\u00f3 nev\u00e9t.\u201d\r\n\r\nM\u00e1sodj\u00e1ra<strong> Pusk\u00e1s Ferenc<\/strong> felment\u00e9st kapott. Pedig minden\u00fctt felt\u0171nt,\r\n\r\n<span class=\"highlight-block\">az NB I-es labdar\u00fag\u00f3k teremk\u00e9zilabda-torn\u00e1j\u00e1n m\u00e9g b\u00edr\u00e1skodott is <\/span>\r\n\r\na Vasas\u2013Soroks\u00e1ri Textil tal\u00e1lkoz\u00f3n. A szokatlan vet\u00e9lked\u0151t a Szentkir\u00e1lyi utcai sportcsarnokban tartott\u00e1k telt h\u00e1z, 500 n\u00e9z\u0151 el\u0151tt, \u00e1m az Esti Budapest c\u00edm\u0171 lap kritikusan jegyezte meg: \u201eA terem t\u00fals\u00e1gosan sz\u0171k a m\u00e9rk\u0151z\u00e9sek megrendez\u00e9s\u00e9re.\u201d\r\n\r\nPusk\u00e1st a b\u00edr\u00f3 szerep\u00e9n\u00e9l nagyobb kit\u00fcntet\u00e9s is \u00e9rte 1954 elej\u00e9n: a tekint\u00e9lyes z\u00fcrichi Sport szavaz\u00e1s\u00e1n \u2013 amelyen 18 orsz\u00e1g sport\u00fajs\u00e1g\u00edr\u00f3i vettek r\u00e9szt \u2013 a vil\u00e1g legjobb sportol\u00f3i k\u00f6z\u00e9 v\u00e1lasztott\u00e1k. A v\u00e9geredm\u00e9ny ez volt: 1. <strong>Fausto Coppi<\/strong> olasz orsz\u00e1g\u00fati ker\u00e9kp\u00e1ros-vil\u00e1gbajnok, 2.<strong> Emil Z\u00e1topek<\/strong> csehszlov\u00e1k fut\u00f3atl\u00e9ta, 3. <strong>Stanley Matthews<\/strong> angol v\u00e1logatott labdar\u00fag\u00f3, 4-5. Pusk\u00e1s Ferenc \u00e9s <strong>Edmund Hillary<\/strong>, a Mount Everest \u00faj-z\u00e9landi megh\u00f3d\u00edt\u00f3ja.\r\n\r\n<span class=\"highlight-block\">Pusk\u00e1s a hegym\u00e1sz\u00f3val egy\u00fctt a cs\u00facson volt, <\/span>\r\n\r\nm\u00e1r csak az\u00e9rt is, mert \u2013 ugyancsak 18 orsz\u00e1g sport\u00fajs\u00e1g\u00edr\u00f3inak voksai alapj\u00e1n \u2013 beker\u00fclt \u201eminden id\u0151k legjobb labdar\u00fag\u00f3csapat\u00e1ba\u201d. Az a szavaz\u00f3k szerint \u00edgy festett: <strong>Zamora<\/strong> (spanyol) \u2013 <strong>Nasazzi<\/strong> (uruguayi), <strong>Hapgood<\/strong> (angol) \u2013 <strong>Andrade<\/strong> (uruguayi), <strong>Ocwirk<\/strong> (osztr\u00e1k), <strong>Csajkovszki<\/strong> (jugoszl\u00e1v) \u2013 Matthews (angol), <strong>Meazza<\/strong> (olasz), <strong>Di Stefano<\/strong> (argentin-spanyol), Pusk\u00e1s, <strong>Orsi<\/strong> (argentin-olasz).\r\n\r\nMire a Szabad Ifj\u00fas\u00e1g \u2013 a 6-3 b\u0171v\u00f6let\u00e9ben kiv\u00e1ltk\u00e9pp kevesellve a magyar k\u00e9pviseletet \u2013 azt \u00edrta, hogy \u201ea f\u00f6ldkereks\u00e9g legjobb tizenegye \u00edgy fest: <strong>Grosics<\/strong> \u2013 <strong>Buz\u00e1nszky<\/strong>, <strong>L\u00f3r\u00e1nt<\/strong>, <strong>Lantos<\/strong> \u2013 <strong>Bozsik<\/strong>, <strong>Zakari\u00e1s<\/strong> \u2013 <strong>Budai II<\/strong>, <strong>Kocsis<\/strong>, <strong>Hidegkuti<\/strong>, Pusk\u00e1s, <strong>Czibor<\/strong>.\u201d\r\n\r\nA (nyugat)n\u00e9met Kicker 1953-as posztonk\u00e9nti vil\u00e1grangsor\u00e1ban Bozsik J\u00f3zsef \u00e9s Pusk\u00e1s az els\u0151, L\u00f3r\u00e1nt Gyula \u00e9s Kocsis S\u00e1ndor a harmadik helyen szerepelt. Ami pedig a londoni diadalt illeti: a v\u00e1logatott 1953 szilveszter\u00e9n a r\u00e9gi Sportcsarnokban j\u00e1rt, hogy megtekintse a F\u0151v\u00e1rosi Variet\u00e9 6:3 a javunkra c\u00edm\u0171 kihelyezett esztr\u00e1d m\u0171sor\u00e1t.\r\n\r\nPusk\u00e1st, a csapat kapit\u00e1ny\u00e1t \u00edgy m\u00e9ltatt\u00e1k itthon:\r\n<blockquote class=\"small-quote\">Kiv\u00e9teles tud\u00e1sa kit\u0171n\u0151 er\u0151nl\u00e9ttel p\u00e1rosult, szinte nem is voltak kihagy\u00e1sai.<\/blockquote>\r\nA f\u00f6ldkereks\u00e9g legragyog\u00f3bb futballist\u00e1i \u2013 \u00e9s nem csup\u00e1n futballist\u00e1i \u2013 k\u00f6z\u00e9 nyilv\u00e1nval\u00f3an nem nagy \u00edv\u0171 besz\u00e9de miatt v\u00e1lasztott\u00e1k, j\u00f3llehet a m\u00e1r akkor is a legh\u00edresebb magyar felsz\u00f3lalt az \u00c9lelmez\u00e9si Dolgoz\u00f3k Szakszervezet\u00e9nek sz\u00e9kh\u00e1z\u00e1ban tartott b\u00e9kenagygy\u0171l\u00e9sen \u2013 ez al\u00f3l nem kapott felment\u00e9st \u2013, \u00e9s a k\u00f6vetkez\u0151ket mondta:\r\n\r\n\u201eA magyar sportol\u00f3k sz\u00e9les t\u00e1bor\u00e1b\u00f3l nekem jutott az a megtisztel\u0151 kit\u00fcntet\u00e9s, hogy magyar n\u00e9p k\u00fcld\u00f6tteinek sor\u00e1ban r\u00e9szt vehettem a n\u00e9pek b\u00e9csi b\u00e9kekongresszus\u00e1n. Elmondhatom, ez az esem\u00e9ny \u00e9letemnek egyik legmaradand\u00f3bb \u00e9lm\u00e9nye. Sok nagy nemzetk\u00f6zi sportesem\u00e9nyen vettem r\u00e9szt, de olyan \u0151szinte megillet\u0151d\u00f6tts\u00e9get ritk\u00e1n \u00e9reztem, mint amikor a kongresszuson k\u00f6zvetlen k\u00f6zelr\u0151l figyelhettem a b\u00e9keszeret\u0151 emberis\u00e9g kiv\u00e1l\u00f3s\u00e1gait, mint <strong>Joliot Curie<\/strong> professzort, a vil\u00e1gh\u00edr\u0171 fizikust, <strong>Ilja Ehrenburgot<\/strong>, a nagy szovjet \u00edr\u00f3t, <strong>Szun Csin-lint<\/strong>, a nagy k\u00ednai forradalm\u00e1rnak, <strong>Szun Jat-szennek<\/strong> az \u00f6zvegy\u00e9t,<strong> Jorge Amad\u00f3t<\/strong>, a nagy brazil \u00edr\u00f3t, <strong>Pablo Nerud\u00e1t<\/strong>, a h\u0151s chilei k\u00f6lt\u0151t, <strong>Konsztantyin Szimonovot<\/strong>, <strong>Louis Aragont<\/strong> \u00e9s a t\u00f6bbieket.\u201d\r\n\r\nA sz\u0171nni nem akar\u00f3 b\u00e9keharcra ezzel buzd\u00edtott:\r\n<blockquote>Lelkes\u00edtsen benn\u00fcnket az a tudat, hogy k\u00fczdelm\u00fcnket a magyar n\u00e9p legjobb fia, n\u00e9p\u00fcnk nagy tan\u00edt\u00f3mestere, a mi szeretett R\u00e1kosi elvt\u00e1rsunk vezeti. Lelkes\u00edtsen benn\u00fcnket az a tudat, hogy er\u0151sek vagyunk, hatalmasak vagyunk, mert vel\u00fcnk egy\u00fctt az egyszer\u0171 emberek sz\u00e1zmilli\u00f3i \u0151rk\u00f6dnek a b\u00e9ke felett, \u00e9s ennek a legy\u0151zhetetlen hadseregnek az \u00e9l\u00e9n a legnagyobb b\u00e9keharcos, Szt\u00e1lin elvt\u00e1rs \u00e1ll!<\/blockquote>\r\n<div class=\"payable-content-section\"><\/div>\r\nMajd kit\u00e9rt a sport felemelked\u00e9s\u00e9re is: \u201e\u201eA n\u00e9pi demokr\u00e1cia, p\u00e1rtunk ir\u00e1nymutat\u00e1sa a testnevel\u00e9s \u00e9s sport olyan m\u00e9ret\u0171 fejl\u0151d\u00e9s\u00e9t teszi lehet\u0151v\u00e9, amilyen n\u00e1lunk a m\u00faltban elk\u00e9pzelhetetlen volt. De nem szabad megel\u00e9gedn\u00fcnk eddigi eredm\u00e9nyeinkkel. \u00dajabb t\u00f6megeket, fiatalokat kell bevonnunk a rendszeres sportol\u00e1sba!\u201d\r\n\r\n<strong>Titkos P\u00e1l<\/strong>, az 1938-as vil\u00e1gbajnoks\u00e1g ez\u00fcst\u00e9rmese, az Orsz\u00e1gos Testnevel\u00e9si \u00e9s Sportbizotts\u00e1g labdar\u00fag\u00f3oszt\u00e1ly\u00e1nak vezet\u0151je meger\u0151s\u00edtette: \u201eA testnevel\u00e9si \u00e9s sportmozgalom az ifj\u00fas\u00e1got, a dolgoz\u00f3k hatalmas t\u00f6megeit er\u0151ss\u00e9, \u00fcgyess\u00e9, k\u00fczd\u0151k\u00e9pess\u00e9 teszi, felk\u00e9sz\u00edti a munk\u00e1ra \u00e9s a haza megv\u00e9d\u00e9s\u00e9re. P\u00e1rtunk \u00e9s korm\u00e1nyunk nagy fontoss\u00e1got tulajdon\u00edt a sportnak, a testnevel\u00e9snek. Ezt bizony\u00edtja az is, hogy \u00e1llami feladatt\u00e1 nyilv\u00e1n\u00edtott\u00e1k a sport \u00e9s a testnevel\u00e9s \u00e1lland\u00f3 fejleszt\u00e9s\u00e9t.\u201d\r\n\r\nAz OTSB ugyanakkor sz\u0171k\u00edtett a sportprogramon: a szervezet vezet\u0151i bejelentett\u00e9k, hogy a labdar\u00fag\u00f3 NB I nyit\u00e1ny\u00e1t febru\u00e1r 27-r\u0151l m\u00e1rcius 6-\u00e1ra halasztj\u00e1k, majd a bajnoks\u00e1g m\u00e1jus 9-\u00e9n, a kilencedik fordul\u00f3val megszakad. (A sorozat \u2013 szovjet mint\u00e1ra \u2013 tavaszi-\u0151szi rendszerben zajlott.) A tizedik k\u00f6rt augusztus 8-\u00e1n \u00e9s 9-\u00e9n rendezt\u00e9k. A sz\u00fcnetet term\u00e9szetesen a vb \u00e9s az azt megel\u0151z\u0151 magyar\u2013angol \u201evisszav\u00e1g\u00f3\u201d miatt tartott\u00e1k.\r\n\r\nSebes megnyugtat\u00f3lag k\u00f6z\u00f6lte: \u201eA vil\u00e1gbajnoks\u00e1gra labdar\u00fag\u00f3ink speci\u00e1lis edz\u00e9sterv alapj\u00e1n k\u00e9sz\u00fclnek. E t\u00e9ren \u00faj\u00edt\u00e1s lesz, hogy az edz\u0151kt\u0151l k\u00e9rt v\u00e9lem\u00e9nyek alapj\u00e1n Grosics, Bozsik, Hidegkuti \u00e9s Pusk\u00e1s nemcsak saj\u00e1t maga, hanem valamennyi labdar\u00fag\u00f3 egy\u00e9ni terv\u00e9t is elk\u00e9sz\u00edti.\u201d\r\n\r\n<span class=\"highlight-block-small\">A bajnoks\u00e1got m\u00e1jusban 96 ezer n\u00e9z\u0151 b\u00facs\u00faztatta a helysz\u00ednen. A h\u00e9t k\u00f6z\u00fcl k\u00e9t m\u00e9rk\u0151z\u00e9sen 70 ezren gy\u0171ltek egybe: a D\u00f3zsa\u2013Vasas Izz\u00f3 (1-1), Kinizsi\u2013V\u00f6r\u00f6s Lobog\u00f3 (3-1) dupla meccsen t\u00f6megek tolongtak a N\u00e9pstadionban.<\/span>\r\n\r\nOtt (\u00e9s nem csak ott) m\u00e1r mindenki Angli\u00e1ra \u00e9s Sv\u00e1jcra v\u00e1rt. Annak ellen\u00e9re is, hogy az angolokat \u2013 illet\u0151leg \u00fajabb els\u00f6pr\u0151 legy\u0151z\u00e9s\u00fcket (7-1) \u2013 legal\u00e1bb a szerencs\u00e9sek l\u00e1thatt\u00e1k, m\u00edg az alpesi h\u00edrekr\u0151l csak a r\u00e1di\u00f3n \u00e9s az \u00fajs\u00e1gokb\u00f3l \u00e9rtes\u00fclhettek a felajzott szurkol\u00f3k meg a szint\u00e9n \u00e1tszellem\u00fclt n\u00e9nik\u00e9k, nagymam\u00e1k...\r\n\r\n[prefabricated_shortcode in_app=\"0\" code=\"%3Cdiv%20class%3D%22article_box_border%22%20style%3D%22background%3A%20url%28%27https%3A%2F%2F24.p3k.hu%2Fapp%2Fuploads%2Fsites%2F24%2F2021%2F05%2Fsport24-pattern.png%27%29%20no-repeat%20left%20-16px%20%23f3f3f4%3B%20border%3A%20none%3B%22%3E%0D%0A%3Cdiv%20class%3D%22article_solidheader%22%3E%0D%0A%3Ch2%20style%3D%22color%3A%20%23111115%21important%3B%20font-size%3A%2036px%3B%20font-weight%3A%20bold%3B%20margin-bottom%3A%2030px%3B%20margin-top%3A%2020px%3B%20text-align%3A%20center%3B%20line-height%3A%2036px%3B%22%3E%3Cimg%20class%3D%22aligncenter%20size-full%20wp-image-141%22%20src%3D%22https%3A%2F%2F24.p3k.hu%2Fapp%2Fuploads%2Fsites%2F24%2F2021%2F05%2Fs24-logo-dt.png%22%20alt%3D%22%22%20width%3D%22408%22%20height%3D%2290%22%20%2F%3E%3C%2Fh2%3E%0D%0A%3Ch2%20style%3D%22color%3A%20%23111115%21important%3B%20font-size%3A%2036px%3B%20font-weight%3A%20bold%3B%20margin-bottom%3A%2030px%3B%20margin-top%3A%2020px%3B%20text-align%3A%20center%3B%20line-height%3A%2040px%3B%22%3ECsatlakozz%20a%20Sport24%20k%C3%B6z%C3%B6ss%C3%A9ghez%2C%20mondd%20el%20v%C3%A9lem%C3%A9nyedet%20z%C3%A1rt%20Facebook-csoportunkban%2C%20%C3%A9s%20vegy%C3%A9l%20r%C3%A9szt%20csak%20el%C5%91fizet%C5%91knek%20el%C3%A9rhet%C5%91%20exkluz%C3%ADv%20esem%C3%A9nyeinken.%3C%2Fh2%3E%0D%0A%3C%2Fdiv%3E%0D%0A%3Cp%20style%3D%22background%3A%20%2357A600%3B%20margin-top%3A%2020px%3B%20padding%3A%2020px%3B%20text-align%3A%20center%3B%22%3E%3Ca%20style%3D%22color%3A%20%23ffffff%3B%20font-size%3A%2026px%3B%20font-weight%3A%20600%3B%22%20href%3D%22https%3A%2F%2Fwww.facebook.com%2Fgroups%2F212344460412327%22%3ECSATLAKOZOM%3C%2Fa%3E%3C%2Fp%3E%0D%0A%0D%0A%3C%2Fdiv%3E\"]","type":"rich","thumbnail_url":"https:\/\/s.24.hu\/app\/uploads\/sites\/24\/2024\/01\/puskas-150x150.jpg","thumbnail_width":150,"thumbnail_height":150}