{"version":"1.0","provider_name":"Sport24","provider_url":"https:\/\/sport24.24.hu","author_name":"Bruckner G\u00e1bor","author_url":"https:\/\/sport24.24.hu\/author\/brucknerg\/","title":"A Premier League szintje m\u00e9g nyilv\u00e1nval\u00f3an t\u00fal magas a \u201emini Citynek\u201d","html":"A Burnleyt 2012 okt\u00f3bere \u00e9s 2022 \u00e1prilisa k\u00f6z\u00f6tt, teh\u00e1t majdnem t\u00edz \u00e9ven \u00e1t, <strong>Sean Dyche<\/strong> ir\u00e1ny\u00edtotta. Dyche futballja a klasszikus angol st\u00edlust id\u00e9zte; alacsony labdabirtokl\u00e1s, hossz\u00fa passzok, pontr\u00fag\u00e1sok ut\u00e1ni g\u00f3lhelyzetek. A 2010-es \u00e9vek m\u00e1sodik fel\u00e9ben a Premier League a sikeres modern eur\u00f3pai futballkult\u00far\u00e1k gy\u0171jt\u0151helye lett, de Dyche Burnley-je m\u00e9g ebben a k\u00f6rnyezetben is meg tudott ragadni. Az elker\u00fclhetetlen v\u00e9g a 2021\/22-es \u00e9vadban j\u00f6tt el, amikor a Burnley a tizennyolcadik helyen v\u00e9gzett, \u00e9s hat \u00e9v ut\u00e1n kiesett az \u00e9lvonalb\u00f3l (Dyche-t m\u00e9g az id\u00e9ny v\u00e9ge el\u0151tt, \u00e1prilisban elk\u00fcldt\u00e9k).\r\n\r\nAzon a ny\u00e1ron\r\n\r\n<span class=\"highlight-block\">a klub vezet\u0151s\u00e9ge <strong>Vincent Kompanyt<\/strong> b\u00edzta meg a feladattal, hogy felr\u00e1zza poraib\u00f3l a csapatot. <\/span>\r\n\r\nAz \u00faj tr\u00e9ner 2016 \u00e9s 2019 k\u00f6z\u00f6tt <strong>Pep Guardiola<\/strong> j\u00e1t\u00e9kosa volt a Manchester Cityn\u00e9l. A katal\u00e1n menedzser \u00e9rezhet\u0151en nagy hat\u00e1ssal volt r\u00e1; miut\u00e1n 2020-ban kinevezt\u00e9k az Anderlecht vezet\u0151edz\u0151j\u00e9nek, a csapat j\u00e1t\u00e9k\u00e1n azonnal \u00e9szrevehet\u0151v\u00e9 v\u00e1ltak Guardiola st\u00edlusjegyei. A Burnley teh\u00e1t tudta mit v\u00e1llal, amikor le\u00fcltette Kompanyt a kispadra 2022 nyar\u00e1n \u2013 l\u00e9nyeg\u00e9ben teljes paradigmav\u00e1lt\u00e1st a Dyche-iskol\u00e1hoz k\u00e9pest.\r\n\r\nMeg\u00e9rkez\u00e9sekor Kompany r\u00f6gt\u00f6n neh\u00e9z helyzetben tal\u00e1lta mag\u00e1t: a kies\u00e9st k\u00f6vet\u0151en az egy\u00fcttes tapasztalt, j\u00f3 \u00e9s m\u00e9g \u00e9rt\u00e9kes\u00edthet\u0151 j\u00e1t\u00e9kosai t\u00e1voztak, \u00fajakra pedig nem volt p\u00e9nz.\r\n\r\n\u201eAz ad\u00f3ss\u00e1gaink miatt nem tudtunk olyan er\u0151s keretet \u00e9p\u00edteni, amilyet szerett\u00fcnk volna. Tudtam azonban, hogy az eln\u00f6k (Alan Pace \u2013 a szerk.) h\u00e1rom\u00e9ves tervben gondolkodik\u201d \u2013 nyilatkozta Kompany a SkySportsnak nemr\u00e9g. A Burnley \u00edgy\r\n\r\n<span class=\"highlight-block\">k\u00e9nytelen volt olcs\u00f3 fiatalokat igazolni, <\/span>\r\n\r\nde vel\u00fck is siker\u00fclt a v\u00e1rtn\u00e1l hamarabb el\u00e9rni a kit\u0171z\u00f6tt c\u00e9lt, \u00e9s visszajutni az \u00e9lvonalba. Ebben az egy \u00e9vben a keret szinte teljesen kicser\u00e9l\u0151d\u00f6tt. A 2021\/22-es \u00e9vadban a Burnley j\u00e1t\u00e9kosainak \u00e1tlag\u00e9letkora 28,5 \u00e9v volt \u2013 a legmagasabb a Premier League-ben. Most az \u00e1tlag\u00e9letkor m\u00e1r csak 25,3 \u00e9v, ami a Chelsea kerete ut\u00e1n a m\u00e1sodik legalacsonyabb.\r\n\r\n<img class=\"alignnone size-full wp-image-11653\" src=\"https:\/\/sport24.24.hu\/app\/uploads\/sites\/24\/2024\/01\/1-5.png\" alt=\"\" width=\"2382\" height=\"1590\" \/>\r\n\r\nA keretprofilb\u00f3l azonnal szembet\u0171nik, hogy a Burnley-nek jelenleg csak hat olyan j\u00e1t\u00e9kosa van, aki m\u00e1r elm\u00falt 29 \u00e9ves, vagyis a tapasztaltabbak k\u00f6z\u00e9 tartozik. K\u00f6z\u00fcl\u00fck r\u00e1ad\u00e1sul <strong>Charlie Taylor<\/strong> az egyetlen, aki rendszeresen j\u00e1tszik, a t\u00f6bbiek kieg\u00e9sz\u00edt\u0151 emberek, vagy m\u00e9g azok sem. A Burnley teljes\u00edtm\u00e9ny\u00e9nek elemz\u00e9sekor vagy meg\u00edt\u00e9l\u00e9sekor teh\u00e1t \u00e9rdemes figyelembe venni, hogy \u00e1talakult, fiatal \u00e9s m\u00e9g rutintalan t\u00e1rsas\u00e1gr\u00f3l besz\u00e9l\u00fcnk.\r\n\r\nEnnek ellen\u00e9re a st\u00edlusv\u00e1lt\u00e1st m\u00e1ris siker\u00fclt \u201elemenedzselnie\u201d Kompanynak. Tavaly febru\u00e1rban \u2013 amikor a Burnley m\u00e9g csak \u00fatban volt a Premier League fel\u00e9 \u2013 a The Athletic k\u00e9sz\u00edtett egy elemz\u00e9st, amelyben k\u00fcl\u00f6nb\u00f6z\u0151 st\u00edlusle\u00edr\u00f3 mutat\u00f3kon kereszt\u00fcl vizsg\u00e1lta, hogy mekkora a hasonl\u00f3s\u00e1g a Burnley \u00e9s a Manchester City j\u00e1t\u00e9ka k\u00f6z\u00f6tt.\r\n\r\n<span class=\"highlight-block\">A Cityhez hasonl\u00f3an a Burnley is a labdabirtokl\u00e1si f\u00e1zisban mutatott kiugr\u00f3 eredm\u00e9nyeket. <\/span>\r\n\r\nAkkor azonban m\u00e9g k\u00fcl\u00f6n lig\u00e1ban j\u00e1tszott a k\u00e9t csapat, most viszont m\u00e1r ugyanabban a k\u00f6rnyezetben versenyeznek mindketten, \u00edgy sokkal relev\u00e1nsabb az \u00f6sszehasonl\u00edt\u00e1suk. Az al\u00e1bbi, Opta-adatb\u00f3l k\u00e9sz\u00fclt elemz\u00e9sben az egy labdabirtokl\u00e1sra jut\u00f3 passzok sz\u00e1m\u00e1t \u00e9s a t\u00e1mad\u00e1sok sebess\u00e9g\u00e9t (vagyis, hogy milyen gyorsas\u00e1ggal halad a labda az ellenf\u00e9l kapuja fel\u00e9) illet\u0151en hat\u00e1rozt\u00e1k meg a csapatok st\u00edlus\u00e1t. Akik a jobb als\u00f3 sarokban tal\u00e1lhat\u00f3k, jellemz\u0151en hosszan j\u00e1ratj\u00e1k a labd\u00e1t, \u00e9s lassan \u00e9p\u00edtkeznek. A bal fels\u0151 sarokban l\u00e9v\u0151 csapatok gyorsak \u00e9s direktek. J\u00f3l l\u00e1tszik, hogy a Burnley \u00e9s a City nincs nagyon messze egym\u00e1st\u00f3l, s\u0151t a City ut\u00e1n a Burnley \u00e9p\u00edti a leglassabban a t\u00e1mad\u00e1sait. Az egy labdabirtokl\u00e1sra jut\u00f3 passzok sz\u00e1m\u00e1ban m\u00e1r nagyobb az elt\u00e9r\u00e9s, de ez fakadhat a j\u00e1t\u00e9kosok min\u0151s\u00e9gbeli k\u00fcl\u00f6nbs\u00e9g\u00e9b\u0151l. Az mindenesetre egy\u00e9rtelm\u0171, hogy mi a Burnley sz\u00e1nd\u00e9ka a labd\u00e1val \u2013 ahogyan az is, hogy mekkora a v\u00e1ltoz\u00e1s a Dyche-korszakhoz k\u00e9pest. Dyche jelenleg az Everton edz\u0151je; a liverpooliak a bal fels\u0151 sarokban tal\u00e1lhat\u00f3k.\r\n<div class=\"payable-content-section\"><\/div>\r\n<img class=\"alignnone size-full wp-image-11654\" src=\"https:\/\/sport24.24.hu\/app\/uploads\/sites\/24\/2024\/01\/2-4.png\" alt=\"\" width=\"2382\" height=\"1590\" \/>\r\n<div class=\"payable-content-section\"><\/div>\r\n\u00d6nmag\u00e1ban a sz\u00e1nd\u00e9k azonban kev\u00e9s a Premier League-ben. Hi\u00e1ba a labdatart\u00e1sra val\u00f3 t\u00f6rekv\u00e9s, ahogy halad(na) el\u0151re a p\u00e1ly\u00e1n, \u00fagy v\u00e1lik egyre s\u00falytalanabb\u00e1 a Burnley. A v\u00e9d\u0151harmadban t\u00f6rt\u00e9nt labda\u00e9rint\u00e9sek sz\u00e1m\u00e1ban m\u00e9g \u00f6t\u00f6dik a csapat, a k\u00f6z\u00e9ps\u0151 harmadban m\u00e1r csak tizenkettedik, a t\u00e1mad\u00f3harmadban tizen\u00f6t\u00f6dik, az ellenf\u00e9l tizenhatos\u00e1n bel\u00fcl pedig tizennyolcadik. A tapasztalat az, hogy a tizenhatoson bel\u00fcli labda\u00e9rint\u00e9sek \u00e9s a szerzett g\u00f3lok sz\u00e1ma k\u00e9z a k\u00e9zben j\u00e1r, \u00edgy nem csoda, hogy a Burnley csak 20 g\u00f3lt \u00e9rt el eddig, ami a m\u00e1sodik legkevesebb a ransgorban. Ilyenform\u00e1n a csapat tabell\u00e1n elfoglalt helyez\u00e9se sem meglep\u0151.\r\n\r\n<img class=\"alignnone size-full wp-image-11655\" src=\"https:\/\/sport24.24.hu\/app\/uploads\/sites\/24\/2024\/01\/3-5.png\" alt=\"\" width=\"2382\" height=\"1590\" \/>\r\n\r\nA 20 szerzett g\u00f3lban az a legdurv\u00e1bb, hogy m\u00e9g \u00edgy is t\u00f6bb, mint amire a Burnley a helyzetei alapj\u00e1n r\u00e1szolg\u00e1lt. A l\u00f6v\u00e9sek karakterisztik\u00e1j\u00e1b\u00f3l is j\u00f3l kivehet\u0151, hogy a t\u00e1mad\u00f3harmadra elfogy az egy\u00fcttes. N\u00e9zz\u00fck egyenk\u00e9nt:\r\n<ul>\r\n \t<li>a 20 r\u00fagott g\u00f3l a m\u00e1sodik legkevesebb,<\/li>\r\n \t<li>a 17,63-as xG szint\u00e9n a m\u00e1sodik legkevesebb,<\/li>\r\n \t<li>a 209 l\u00f6v\u00e9s a harmadik legkevesebb,<\/li>\r\n \t<li>a 0,08-as xG\/l\u00f6v\u00e9s a legkisebb,<\/li>\r\n \t<li>a 15,91 m\u00e9teres \u00e1tlagos l\u00f6v\u00e9st\u00e1vols\u00e1g a negyedik legnagyobb<\/li>\r\n<\/ul>\r\na Premier League-ben. Ez \u00e9s az el\u0151z\u0151 \u00e1bra vil\u00e1gosan mutatja, hogy a Burnley-nek nincsenek meg azok a min\u0151s\u00e9gi j\u00e1t\u00e9kosai el\u00f6l, akik g\u00f3lhelyzetet tudn\u00e1nak kialak\u00edtani, lehet\u0151leg a tizenhatoson bel\u00fcl. A 20 g\u00f3lb\u00f3l hetet egy\u00e9bk\u00e9nt a tizenhatoson k\u00edv\u00fclr\u0151l szereztek, ez megmagyar\u00e1zza, hogy mik\u00e9ppen r\u00faghatt\u00e1k fel\u00fcl az xG-j\u00fcket ilyen teljes\u00edtm\u00e9ny mellett.\r\n\r\n<img class=\"alignnone size-full wp-image-11656\" src=\"https:\/\/sport24.24.hu\/app\/uploads\/sites\/24\/2024\/01\/4-5.png\" alt=\"\" width=\"2382\" height=\"1590\" \/>\r\n\r\nA Burnley eredm\u00e9nyei persze nem csak a min\u0151s\u00e9get n\u00e9lk\u00fcl\u00f6z\u0151 t\u00e1mad\u00f3j\u00e1t\u00e9k k\u00f6vetkezm\u00e9nyei.\r\n\r\n<span class=\"highlight-block\">A csapat v\u00e9dekez\u00e9s\u00e9vel is akadnak gondok, <\/span>\r\n\r\nb\u00e1r a 41 kapott g\u00f3l t\u00falz\u00f3, az ellenfelek l\u00f6v\u00e9seinek min\u0151s\u00e9ge alapj\u00e1n csak 34,5-n\u00e9l kellene tartaniuk. Ebben az esetben r\u00e1ad\u00e1sul a kapusra sem lehet r\u00e1kenni a dolgot, mert<strong> James Trafford<\/strong> PSxG-je \u2013 ami aszerint min\u0151s\u00edti a l\u00f6v\u00e9st, hogy a kapu mely pontj\u00e1ra \u00e9rkezik \u2013 pluszban van (+2,3), azaz \u00edgy is g\u00f3lokt\u00f3l mentette meg csapat\u00e1t. A Burnley-nek a pontr\u00fag\u00e1sok lev\u00e9dekez\u00e9s\u00e9vel komoly probl\u00e9m\u00e1i vannak. Ahogyan az az al\u00e1bbi grafikonon l\u00e1tszik, a csapatok a Burnley ellen dolgozt\u00e1k ki a legjobb min\u0151s\u00e9g\u0171 helyzeteket sz\u00f6glet, bedob\u00e1s, direkt vagy indirekt szabadr\u00fag\u00e1s ut\u00e1n (8,41-es xGA). A t\u00e9nylegesen kapott g\u00f3lok sz\u00e1m\u00e1t tekintve sem sokkal jobb a helyzet, a Burnley ugyanis m\u00e1r nyolc g\u00f3lt kapott ilyen szitu\u00e1ci\u00f3kb\u00f3l, enn\u00e9l t\u00f6bbet (kilencet) csak a Nottingham Forest. Abban a bajnoks\u00e1gban, amelyben a csapatok t\u00f6bbs\u00e9ge m\u00e1r k\u00fcl\u00f6n pontr\u00fag\u00e1selemz\u0151t foglalkoztat, nagyobb hangs\u00falyt kellene fektetni az eff\u00e9le g\u00f3lok elker\u00fcl\u00e9s\u00e9re. Hogy a Burnley-nek ezen a t\u00e9ren b\u0151ven van lemarad\u00e1sa, az a p\u00e1lya m\u00e1sik v\u00e9g\u00e9n is megl\u00e1tszik. Kompany\u00e9k pontr\u00fag\u00e1sok ut\u00e1ni xG-je (5,0) a negyedik legkisebb a mez\u0151nyben, az ezekb\u0151l szerzett k\u00e9t g\u00f3l pedig a m\u00e1sodik legkevesebb.\r\n\r\n<img class=\"alignnone size-full wp-image-11657\" src=\"https:\/\/sport24.24.hu\/app\/uploads\/sites\/24\/2024\/01\/5-2.png\" alt=\"\" width=\"2382\" height=\"1590\" \/>\r\n\r\nM\u00e1r tavaly, a Championshipben is egy\u00e9rtelm\u0171 volt, de most, a Premier League-ben is l\u00e1tjuk, hogy a Burnley \u00faj ir\u00e1nyba indult el Kompany vezet\u00e9s\u00e9vel. Az angol \u00e9lvonal szintje most m\u00e9g nyilv\u00e1nval\u00f3an magas ennek a fiatal csapatnak, de\r\n\r\n<span class=\"highlight-block\">a jelek szerint a vezet\u0151s\u00e9g kitart az edz\u0151, az edz\u0151 pedig a st\u00edlus mellett.<\/span>\r\n\r\nM\u00e1rpedig egy klub akkor k\u00e9pes igaz\u00e1n sikeres lenni hossz\u00fa t\u00e1von, ha meghat\u00e1rozott, j\u00f3l felismerhet\u0151 st\u00edlusa van, amelyhez azt\u00e1n m\u00e1r csak a megfelel\u0151 j\u00e1t\u00e9kosokat \u00e9s taktik\u00e1t kell k\u00f6vetkezetes munk\u00e1val hozz\u00e1rendelni.\r\n\r\n<em>A szerz\u0151 Kov\u00e1cs G\u00e1bor, az FTC adatelemz\u0151je.<\/em>\r\n\r\n[prefabricated_shortcode in_app=\"0\" code=\"%3Cdiv%20class%3D%22article_box_border%22%20style%3D%22background%3A%20url%28%27https%3A%2F%2F24.p3k.hu%2Fapp%2Fuploads%2Fsites%2F24%2F2021%2F05%2Fsport24-pattern.png%27%29%20no-repeat%20left%20-16px%20%23f3f3f4%3B%20border%3A%20none%3B%22%3E%0D%0A%3Cdiv%20class%3D%22article_solidheader%22%3E%0D%0A%3Ch2%20style%3D%22color%3A%20%23111115%21important%3B%20font-size%3A%2036px%3B%20font-weight%3A%20bold%3B%20margin-bottom%3A%2030px%3B%20margin-top%3A%2020px%3B%20text-align%3A%20center%3B%20line-height%3A%2036px%3B%22%3E%3Cimg%20class%3D%22aligncenter%20size-full%20wp-image-141%22%20src%3D%22https%3A%2F%2F24.p3k.hu%2Fapp%2Fuploads%2Fsites%2F24%2F2021%2F05%2Fs24-logo-dt.png%22%20alt%3D%22%22%20width%3D%22408%22%20height%3D%2290%22%20%2F%3E%3C%2Fh2%3E%0D%0A%3Ch2%20style%3D%22color%3A%20%23111115%21important%3B%20font-size%3A%2036px%3B%20font-weight%3A%20bold%3B%20margin-bottom%3A%2030px%3B%20margin-top%3A%2020px%3B%20text-align%3A%20center%3B%20line-height%3A%2040px%3B%22%3ECsatlakozz%20a%20Sport24%20k%C3%B6z%C3%B6ss%C3%A9ghez%2C%20mondd%20el%20v%C3%A9lem%C3%A9nyedet%20z%C3%A1rt%20Facebook-csoportunkban%2C%20%C3%A9s%20vegy%C3%A9l%20r%C3%A9szt%20csak%20el%C5%91fizet%C5%91knek%20el%C3%A9rhet%C5%91%20exkluz%C3%ADv%20esem%C3%A9nyeinken.%3C%2Fh2%3E%0D%0A%3C%2Fdiv%3E%0D%0A%3Cp%20style%3D%22background%3A%20%2357A600%3B%20margin-top%3A%2020px%3B%20padding%3A%2020px%3B%20text-align%3A%20center%3B%22%3E%3Ca%20style%3D%22color%3A%20%23ffffff%3B%20font-size%3A%2026px%3B%20font-weight%3A%20600%3B%22%20href%3D%22https%3A%2F%2Fwww.facebook.com%2Fgroups%2F212344460412327%22%3ECSATLAKOZOM%3C%2Fa%3E%3C%2Fp%3E%0D%0A%0D%0A%3C%2Fdiv%3E\"]","type":"rich","thumbnail_url":"https:\/\/s.24.hu\/app\/uploads\/sites\/24\/2024\/01\/kompany-150x150.jpg","thumbnail_width":150,"thumbnail_height":150}