{"version":"1.0","provider_name":"Sport24","provider_url":"https:\/\/sport24.24.hu","author_name":"Fut\u00f3 Csaba","author_url":"https:\/\/sport24.24.hu\/author\/futocs\/","title":"Hi\u00e1ba gyeng\u00fclt a Leicester, pontrekorddal juthat vissza az \u00e9lvonalba","html":"B\u00e1r a k\u00e9t liga k\u00f6z\u00f6tti szakad\u00e9knak k\u00f6sz\u00f6nhet\u0151en a Premier League kies\u0151i mindig j\u00f3kora el\u0151nnyel indulnak a m\u00e1sodoszt\u00e1lyban, a h\u00e1rom csapat k\u00f6z\u00fcl az\u00e9rt legal\u00e1bb az egyik l\u00e1tv\u00e1nyosan k\u00fcszk\u00f6dni szokott, \u00e9s nem t\u00f6rt\u00e9nt m\u00e9g olyan, hogy mindh\u00e1rom kies\u0151 egyb\u0151l visszajutott volna. Id\u00e9n most sim\u00e1n megt\u00f6rhet ez a sorozat:\r\n\r\n<span class=\"highlight-block-small\">kicsivel t\u00fal a szezon fel\u00e9n ugyanis n\u00e9gy csapat h\u00fazott el a mez\u0151nyt\u0151l, k\u00f6zt\u00fck a h\u00e1rom friss kies\u0151 (Leicester, Southampton, Leeds), \u00e9s egyetlen D\u00e1vidk\u00e9nt az \u00fajonc Ipswich tartja csak a l\u00e9p\u00e9st vel\u00fck.<\/span>\r\n\r\nS\u0151t, <strong>Kieran McKenna<\/strong> csapata (<a href=\"https:\/\/sport24.24.hu\/foci\/2023\/11\/03\/ipswich-town-feljutas-utan-meneteles-championship-kieran-mckenna\/\">melyr\u0151l \u0151sszel \u00edrtunk b\u0151vebben<\/a>) m\u00e9g mindig automatikus feljut\u00f3 helyen \u00e1ll ugyan, \u00e1m egy\u00e9rtelm\u0171en hull\u00e1mv\u00f6lgybe ker\u00fclt, az elm\u00falt \u00f6t meccs\u00e9n nyeretlen maradt, \u00e9s m\u00e1r csak h\u00e1rom ponttal el\u0151zi a f\u00e9lelmetes form\u00e1ba lend\u00fcl\u0151 Southamptont. Korai m\u00e9g persze temetni az Ipswichet, de a pap\u00edrforma \u00e9s a keretek er\u0151ss\u00e9ge azt s\u00fagja, nem fogja v\u00e9gig b\u00edrni ezt a temp\u00f3t, \u00e9s akkor m\u00e1r csak a play-offban b\u00edzhat, ak\u00e1rcsak a t\u00f6bbi \u00fcld\u00f6z\u0151.\r\n\r\n\u00d6nmag\u00e1ban nem meglepet\u00e9s, hogy ez a h\u00e1rom csapat j\u00f3l teljes\u00edt, hiszen m\u00e1r <a href=\"https:\/\/sport24.24.hu\/foci\/2023\/08\/03\/championship-2023-2024-ideny-beharangozo\/\">az id\u00e9ny el\u0151tti beharangoz\u00f3nkban<\/a> is meg\u00e1llap\u00edtottuk, legut\u00f3bb nem a szok\u00e1sos \u201ejoj\u00f3csapatok\u201d estek ki a Premier League-b\u0151l, hanem \u00e9vek \u00f3ta stabilan az \u00e9lvonalban szerepl\u0151, massz\u00edv klubok, komoly infrastrukt\u00far\u00e1val \u00e9s tulajdonosi h\u00e1tt\u00e9rrel. Arra azonban kevesen sz\u00e1m\u00edtottak, hogy ezek ennyire domin\u00e1lni fogj\u00e1k a mez\u0151nyt, azt pedig v\u00e9gk\u00e9pp senki nem v\u00e1rta, hogy az anyagi megszor\u00edt\u00e1sok \u00e9s bels\u0151 ellent\u00e9tek s\u00fajtotta Leicester ilyen gyorsan talpra \u00e1lljon: 26 meccsen 65 pontot szerzett, \u00e9s ha tartani tudja ezt a form\u00e1t, akkor sim\u00e1n megd\u00f6nti a Championship jelenlegi rekordj\u00e1t, melyet a Reading \u00e1ll\u00edtott fel m\u00e9g 2006-ban.\r\n\r\nA Leicester kies\u00e9sekor m\u00e9g aggaszt\u00f3nak t\u0171ntek a neh\u00e9zs\u00e9gek, amivel a klub szembes\u00fclni k\u00e9nyszer\u00fclt:\r\n<blockquote>A City b\u00e9rk\u00f6lts\u00e9ge (182 milli\u00f3 font) a hetedik \u2013 a topklubok ut\u00e1ni legmagasabb \u2013 volt a Premier League-ben, most a Telegraph inform\u00e1ci\u00f3i szerint 35\u201350 sz\u00e1zal\u00e9kos b\u00e9rcs\u00f6kkent\u00e9s is elk\u00e9pzelhet\u0151 a kies\u00e9s miatt. K\u00fcl\u00f6n probl\u00e9m\u00e1t jelenthetnek azok a j\u00e1t\u00e9kosok, akiknek nincs kies\u00e9s eset\u00e9n \u00e9letbe l\u00e9ptethet\u0151 fizet\u00e9scs\u00f6kkent\u00e9si z\u00e1rad\u00e9k a szerz\u0151d\u00e9s\u00fckben. A kies\u0151knek juttatott extra p\u00e9nzt (parachute money) elnyeli a Leicester \u00e1ltal felvett k\u00f6lcs\u00f6n visszafizet\u00e9se, a bev\u00e9tel nagyj\u00e1b\u00f3l a harmad\u00e1ra esik vissza<\/blockquote>\r\n\u2013 <a href=\"https:\/\/sport24.24.hu\/foci\/2023\/05\/31\/leicester-city-premier-league-kieses\/\">\u00edrtuk<\/a> m\u00e1jusban.\r\n\r\nA klub, amely 2016-ban m\u00e9g bajnoks\u00e1got nyert, majd a kies\u00e9s el\u0151tti id\u00e9nyekben k\u00e9t 5. \u00e9s egy 8. helyet, illetve egy-egy FA Kupa-gy\u0151zelmet \u00e9s Eur\u00f3pai Konferencia Liga-el\u0151d\u00f6nt\u0151t tudott felmutatni, k\u00e9nytelen volt ki\u00e1rus\u00edtani a legjobbjait. Elment t\u00f6bbek k\u00f6z\u00f6tt <strong>James Maddison<\/strong>, <strong>Harvey Barnes<\/strong>, <strong>Youri Tielemans<\/strong>, <strong>Timothy Castagne<\/strong>, <strong>Caglar S\u00f6y\u00fcnc\u00fc<\/strong>, <strong>Jonny Evans<\/strong> \u00e9s k\u00f6lcs\u00f6nbe <strong>Boubakary Soumare<\/strong> is, \u00e9s t\u00e1vozott az a <strong>Dean Smith<\/strong> is, aki B<strong>rendan Rodgers<\/strong> meneszt\u00e9se ut\u00e1n pr\u00f3b\u00e1lta bent tartani a csapatot, kev\u00e9s sikerrel.\r\n\r\n<img class=\"alignnone size-full wp-image-11648\" src=\"https:\/\/sport24.24.hu\/app\/uploads\/sites\/24\/2024\/01\/enzo-maresca.jpg\" alt=\"\" width=\"4339\" height=\"2441\" \/>\r\n\r\n<strong>Enzo Maresc\u00e1ra<\/strong>, <strong>Pep Guardiola<\/strong> addigi m\u00e1sodedz\u0151j\u00e9re v\u00e1rt a feladat, hogy \u00f6sszekapja a csapatot. Az olasz szakember kinevez\u00e9s\u00e9vel v\u00e1llalt n\u00e9mi kock\u00e1zatot a klub, hiszen vezet\u0151edz\u0151k\u00e9nt el\u0151tte nem sokat tudott felmutatni, de\r\n\r\n<span class=\"highlight-block-small\">ma m\u00e1r l\u00e1tszik, hogy Maresca t\u00f6k\u00e9letes v\u00e1laszt\u00e1s volt.<\/span>\r\n\r\nNemcsak az\u00e9rt, mert olyan, \u00faj taktik\u00e1t dolgozott ki, amely a riv\u00e1lisok f\u00f6l\u00e9 emelte a R\u00f3k\u00e1kat, de az\u00e9rt is, mert helyre\u00e1ll\u00edtotta a csapategys\u00e9get az \u00f6lt\u00f6z\u0151ben.\r\n<div class=\"payable-content-section\"><\/div>\r\nEz ugyan csak ut\u00f3lag v\u00e1lt nyilv\u00e1nval\u00f3v\u00e1, de amilyen sikeresen dolgozott Brendan Rodgers az els\u0151 leicesteri \u00e9veiben, az utols\u00f3 id\u00e9ny\u00e9ben megromlott a viszonya nemcsak a klubvezet\u00e9ssel, hanem a csapaton bel\u00fcl is toxikus l\u00e9gk\u00f6r alakult ki. J\u00f3val t\u00f6bb j\u00e1t\u00e9kos akart t\u00e1vozni, mint ah\u00e1nyan v\u00e9g\u00fcl is elmentek, de n\u00e9h\u00e1nyan Maresca els\u0151 hete ut\u00e1n meggondolt\u00e1k magukat, \u00e9s annak ellen\u00e9re is maradtak, hogy az edz\u0151 nem sz\u00e1molt vel\u00fck kezd\u0151k\u00e9nt, mint p\u00e9ld\u00e1ul a csat\u00e1r <strong>Patson Daka<\/strong>.\r\n\r\nNaponta dupla, intenz\u00edv edz\u00e9sek \u00e9s t\u00f6bbsz\u00f6ri vide\u00f3elemz\u00e9s jellemezte az els\u0151 heteket: az edz\u00e9seket a p\u00e1ly\u00e1in elhelyezett kamer\u00e1k seg\u00edts\u00e9g\u00e9vel filmezt\u00e9k, \u00e9s Maresca az edz\u00e9s ut\u00e1ni eligaz\u00edt\u00e1sokon \u00e1tbesz\u00e9lte a j\u00e1t\u00e9kosokkal, hogy min dolgoztak:\r\n<blockquote>Fontos, hogy az edz\u00e9s ne legyen unalmas, mindig dinamikus legyen. Minden nap \u00fajnak kell hatnia, a j\u00e1t\u00e9kosoknak pedig k\u00edv\u00e1ncsinak kell lenni\u00fck, l\u00e1tniuk \u00e9s \u00e9rteni\u00fck kell mindent<\/blockquote>\r\n\u2013 <a href=\"https:\/\/theathletic.com\/5152272\/2023\/12\/24\/enzo-maresca-leicester-city-ranieri-promotion\/\">mondta<\/a> Maresca az Athleticnek, mint ahogy arr\u00f3l is besz\u00e9lt, mindig nyitva \u00e1ll az ajtaja a j\u00e1t\u00e9kosai el\u0151tt, akikkel szemben teljes \u0151szintes\u00e9gre t\u00f6rekszik, cser\u00e9be \u0151 is elv\u00e1rja t\u0151l\u00fck a tiszteletet. \u00c9s a jelek szerint a futballist\u00e1k t\u00f6k\u00e9letesen meg\u00e9rtett\u00e9k, mit v\u00e1r t\u0151l\u00fck a szakvezet\u00e9s.\r\n\r\nMaresca a p\u00e1ly\u00e1n is \u00faj\u00edtott: bevezette a Manchester Cityn\u00e9l m\u00e1r l\u00e1tott \u201einverted fullback\u201d, azaz a k\u00f6z\u00e9pp\u00e1ly\u00e1ra feltolt sz\u00e9ls\u0151h\u00e1tv\u00e9d fogalm\u00e1t. Ez annyit jelent, hogy alapb\u00f3l n\u00e9gy v\u00e9d\u0151vel \u00e1ll fel a Leicester, de t\u00e1mad\u00e1skor a jobbh\u00e1tv\u00e9d <strong>Ricardo Pereira<\/strong> fell\u00e9p a k\u00f6z\u00e9pp\u00e1ly\u00e1ra, \u00e9s \u00edgy labdaveszt\u00e9s eset\u00e9n is emberf\u00f6l\u00e9nyben marad a csapat, mely azzal is j\u00e1r, hogy a balh\u00e1tv\u00e9d ilyenkor k\u00f6z\u00e9pre h\u00faz\u00f3dik. (A taktikai elgondol\u00e1s l\u00e9nyeg\u00e9t Maresca \u00e9rthet\u0151en elmagyar\u00e1zza ebben az al\u00e1bbi vide\u00f3ban.)\r\n\r\nhttps:\/\/www.youtube.com\/watch?v=qyUu1PN8ELA&amp;ab_channel=TheCoaches%27Voice\r\n\r\nEhhez persze \u00faj j\u00e1t\u00e9kosok is kellettek, \u00e9s a Leicester ugyan csak az elad\u00e1sokb\u00f3l befolyt \u00f6sszegek t\u00f6red\u00e9k\u00e9t k\u00f6lt\u00f6tte \u00faj igazol\u00e1sokra, az \u00e9rkez\u0151k szinte mind er\u0151s\u00edtett\u00e9k a csapatot: <strong>Conor Coady<\/strong> \u00e9s <strong>Harry Winks<\/strong> az angol v\u00e1logatottban is j\u00e1tszottak, k\u00f6z\u00fcl\u00fck k\u00fcl\u00f6n\u00f6sen az ut\u00f3bbi v\u00e1lt be nagyon. Winks a Tottenhamn\u00e9l nem tudott megragadni, \u00e1m a Leicestern\u00e9l az egyik legfontosabb ember lett sz\u0171r\u0151 k\u00f6z\u00e9pp\u00e1ly\u00e1sk\u00e9nt, a poszton \u0151 a legjobb a Championshipben. Az \u00faj igazol\u00e1sok k\u00f6z\u00fcl ki kell m\u00e9g emelni a Manchester Cityt\u0151l k\u00f6lcs\u00f6nbe \u00e9rkez\u0151, U19-es Eur\u00f3pa-bajnok <strong>Callum Doyle-t<\/strong>, aki s\u00e9r\u00fcl\u00e9s\u00e9ig remek\u00fcl ell\u00e1tta a balh\u00e1tv\u00e9d szerep\u00e9t, noha alapb\u00f3l k\u00f6z\u00e9ph\u00e1tv\u00e9d, \u00e1m Maresc\u00e1n\u00e1l mindk\u00e9t poszton kompetensnek kellett lennie; illetve a <strong>Kasper Schmeichel<\/strong> t\u00e1voz\u00e1sa \u00f3ta megoldatlan kapusposztra \u00e9rkezett egy ugyancsak d\u00e1n kapus, <strong>Mads Hermansen<\/strong>, \u00e9s visszahozt\u00e1k Franciaorsz\u00e1gb\u00f3l az Arsenal-nevel\u00e9s sz\u00e9ls\u0151t, <strong>Stephy Mavididit<\/strong>. Hoztak csat\u00e1rt is, de az Everton fiatal t\u00e1mad\u00f3ja,<strong> Tom Cannon<\/strong> s\u00e9r\u00fclten \u00e9rkezett, \u00e9s csak decemberben l\u00e9phetett v\u00e9gre p\u00e1ly\u00e1ra, \u00edgy addig <strong>Kelechi Icheanach\u00f3ra<\/strong> \u00e9s a v\u00e9lhet\u0151en utols\u00f3 leicesteri id\u00e9ny\u00e9ben l\u00e1that\u00f3<strong> Jamie Vardyra<\/strong> maradt a g\u00f3ll\u00f6v\u00e9s. A k\u00f6lcs\u00f6nj\u00e1t\u00e9kosok k\u00f6z\u00fcl pedig kiemelkedik m\u00e9g a Sportingt\u00f3l \u00e9rkez\u0151 fiatal jobbsz\u00e9ls\u0151, <strong>Abdul Fatawu<\/strong>.\r\n\r\n<span class=\"highlight-block-small\">T\u00e9ny, hogy a riv\u00e1lisok t\u00f6bbs\u00e9ge nem is \u00e1lmodhat hasonl\u00f3 igazol\u00e1sokr\u00f3l, de ekkora a szakad\u00e9k a k\u00e9t liga k\u00f6z\u00f6tt: csak Maddison\u00e9rt annyi p\u00e9nzt kapott a klub, hogy abb\u00f3l m\u00e1r egy f\u00e9l csapatra val\u00f3, ezen a szinten min\u0151s\u00e9gi j\u00e1t\u00e9kost hozhatott.<\/span>\r\n\r\n[caption id=\"attachment_11649\" align=\"alignnone\" width=\"4938\"]<img class=\"size-full wp-image-11649\" src=\"https:\/\/sport24.24.hu\/app\/uploads\/sites\/24\/2024\/01\/harry-winks.jpg\" alt=\"\" width=\"4938\" height=\"2778\" \/> Harry Winks[\/caption]\r\n\r\nAz itt marad\u00f3 j\u00e1t\u00e9kosok k\u00f6z\u00fcl egy\u00e9rtelm\u0171en a saj\u00e1t nevel\u00e9s\u0171 <strong>Kiernan Dewsbury-Hall<\/strong> lett a kulcsfigura: a k\u00f6z\u00e9pp\u00e1ly\u00e1s szabadabb szerepk\u00f6rben j\u00e1tszik, mint tavaly, \u00e9s mostanra l\u00e1tszik igaz\u00e1n, mennyire nagyszer\u0171 futballista, a j\u00e1t\u00e9k minden elem\u00e9ben a mez\u0151ny f\u00f6l\u00e9 tud n\u0151ni, \u00e9s ez l\u00e1tszik a statisztik\u00e1in is. Biztos pont volt a marad\u00f3k k\u00f6z\u00fcl <strong>Wout Faes<\/strong> \u00e9s a m\u00e1r eml\u00edtett Pereira, m\u00edg <strong>Wilfred Ndidi<\/strong> ugyan eleinte t\u00e1vozni akart, de Maresca meggy\u0151zte, hogy sz\u00e1m\u00edt r\u00e1, r\u00e1ad\u00e1sul \u00faj, t\u00e1mad\u00f3bb szerepk\u00f6rben j\u00e1tszatta a k\u00f6z\u00e9pp\u00e1ly\u00e1st, aki meg is h\u00e1l\u00e1lta ezt. Ugyancsak kegyvesztett volt kor\u00e1bban a d\u00e1n v\u00e1logatott v\u00e9d\u0151,<strong> Jannik Vestergaard<\/strong>, \u00e1m Maresc\u00e1n\u00e1l \u0151 is megtal\u00e1lta a hely\u00e9t.\r\n\r\nA labdabirtokl\u00e1sra \u00e9p\u00fcl\u0151, h\u00e1tulr\u00f3l \u00e9p\u00edtkez\u0151 j\u00e1t\u00e9kst\u00edlust is gyorsan siker\u00fclt meghonos\u00edtani a csapatn\u00e1l, mely rep\u00fcl\u0151rajtot vett, \u00e9s gyakorlatilag a kezdett\u0151l fogva vezeti a tabell\u00e1t. Most m\u00e1r t\u00e9nyleg csak valami v\u00e1ratlan katasztr\u00f3fa \u00e1ll\u00edthatja meg a Leicestert a feljut\u00e1s fel\u00e9 vezet\u0151 \u00faton (tizenh\u00e1rom pont az el\u0151nye a harmadik Southamptonnal szemben, \u00e9s az els\u0151 kett\u0151 helyezett jut fel automatikusan). A Premier League persze m\u00e1r egy m\u00e1sik t\u00f6rt\u00e9net lehet: a Leicester er\u0151sebb ellenfelekkel fog j\u00e1tszani, nem fogj\u00e1k ennyit birtokolni a labd\u00e1t \u00e9s \u00edgy tov\u00e1bb. L\u00e1thatjuk, hogy a tavaly szint\u00e9n kimagasl\u00f3an szerepl\u0151 Burnley mennyire szenved a Premier League-ben, teh\u00e1t \u00faj \u00e9s m\u00e9g nehezebb kih\u00edv\u00e1sok v\u00e1rj\u00e1k Enzo Maresc\u00e1t, aki azonban az els\u0151 akad\u00e1lyt egyel\u0151re \u00fagy t\u0171nik, k\u00f6nnyed\u00e9n fogja \u00e1tugrani.","type":"rich","thumbnail_url":"https:\/\/s.24.hu\/app\/uploads\/sites\/24\/2024\/01\/leicester-city-150x150.jpg","thumbnail_width":150,"thumbnail_height":150}