{"version":"1.0","provider_name":"Sport24","provider_url":"https:\/\/sport24.24.hu","author_name":"Bruckner G\u00e1bor","author_url":"https:\/\/sport24.24.hu\/author\/brucknerg\/","title":"Figyelem, itt j\u00f6n a Bologna a teheraut\u00f3t odahagy\u00f3 sof\u0151rrel!","html":"\u201eFigyelem, itt j\u00f6n a Bologna!\u201d \u2013 \u00edrta szalagc\u00edm\u00e9ben a torin\u00f3i Tuttosport, miut\u00e1n 1963. december 29-\u00e9n a Bologna fel\u00fclm\u00falta a Juventust a Serie A-ban (2-1).\r\n\r\nA piros-k\u00e9k egy\u00fcttes akkor\r\n\r\n<span class=\"highlight-block\">m\u00e1r az \u00f6t\u00f6dik bajnoki meccs\u00e9t nyerte meg zsin\u00f3rban<\/span>\r\n\r\n\u2013 el\u0151tte a Vicenz\u00e1t 3-0-ra, a Barit 1-0-ra, a Catani\u00e1t 3-1-re, a Mantov\u00e1t 2-1-re gy\u0151zte le \u2013, majd ragyog\u00f3 sorozat\u00e1t a k\u00f6vetkez\u0151 \u00f6t fordul\u00f3ban megdupl\u00e1zta (Messina 2-0, Lazio 2-1, AS Roma 4-0, Genoa 2-0, Torino 4-1).\r\n\r\nAz \u00fajs\u00e1g k\u00e9sei reflexe alighanem annak sz\u00f3lt, hogy a Grande Torino 1949-es rep\u00fcl\u0151g\u00e9p-katasztr\u00f3f\u00e1ja \u00f3ta a Juventus, Internazionale, Milan triumvir\u00e1tus uralkodott Olaszorsz\u00e1gban: csak az 1956-os Fiorentina-diadal volt kiv\u00e9tel, k\u00fcl\u00f6nben rendre a nagy h\u00e1rmas tagjai vitt\u00e9k el a p\u00e1lm\u00e1t.\r\n\r\nAz 1955\/56-os Fiorentin\u00e1t ugyan\u00fagy <strong>Fulvio Bernardini<\/strong> edz\u0151 dirig\u00e1lta, ak\u00e1r az 1963\/64-es Bologn\u00e1t. \u0150 az egyetlen tr\u00e9ner az olasz futball t\u00f6rt\u00e9net\u00e9ben, aki k\u00e9t csapatot is bajnoki c\u00edmre vezetett, \u00e9s az arany\u00e9rmesek egyike sem az Internazionale, a Juventus vagy a Milan volt.\r\n\r\nA Bologna sikereinek m\u00e1sik let\u00e9tem\u00e9nyes\u00e9t <strong>Renato dall\u2019Ar\u00e1nak<\/strong> h\u00edvt\u00e1k. A hajdani klubeln\u00f6k jelent\u0151s\u00e9g\u00e9t mi sem bizony\u00edtja jobban, mint hogy r\u00f3la nevezt\u00e9k el a bolognai stadiont. Az el\u00f6lj\u00e1r\u00f3 1962-ben szem\u00e9lyesen ment <strong>Helmut Haller\u00e9rt<\/strong> Augsburgba, ahol a k\u00f6z\u00e9pp\u00e1ly\u00e1s az edz\u00e9sek \u00e9s a kamionsof\u0151ri k\u00f6telezetts\u00e9gei k\u00f6z\u00f6tt osztotta meg idej\u00e9t.\r\n\r\n[caption id=\"attachment_11477\" align=\"alignnone\" width=\"3905\"]<img class=\"size-full wp-image-11477\" src=\"https:\/\/sport24.24.hu\/app\/uploads\/sites\/24\/2023\/12\/helmut-haller.jpg\" alt=\"\" width=\"3905\" height=\"2862\" \/> Helmut Haller l\u0151 kapura a n\u00e9met v\u00e1logatottban.[\/caption]\r\n\r\nVisszafel\u00e9 a korifeus aut\u00f3ja megcs\u00faszott, az \u00e1rokban k\u00f6t\u00f6tt ki. Dall\u2019Ara kiugrott a kocsib\u00f3l, \u00e9s az agg\u00f3d\u00f3 k\u00f6r\u00fclseregl\u0151knek a szerz\u0151d\u00e9st lobogtatta: \u201eAl\u00e1\u00edrtuk, m\u00e1s nem sz\u00e1m\u00edt!\u201d\r\n\r\nMajd m\u00e1r odahaza, Bologn\u00e1ban kijelentette:\r\n<blockquote>Haller h\u00e1romszor jobb Omar Sivorin\u00e1l, a Juventus 1961-es aranylabd\u00e1s\u00e1n\u00e1l. Sivori egy-, Haller k\u00e9tl\u00e1bas, \u00e9s Helmutnak \u00e9n vagyok az eln\u00f6ke.<\/blockquote>\r\nA teheraut\u00f3 vol\u00e1nj\u00e1t odahagy\u00f3 labdar\u00fag\u00f3 750 000 nyugatn\u00e9met m\u00e1rk\u00e1t kapott az \u00e1tigazol\u00e1s\u00e9rt, \u00e9s \u00e9vi 200 000 m\u00e1rk\u00e1s garant\u00e1lt fizet\u00e9ssel kalkul\u00e1lhatott. Meg\u00e9rte az \u00e1r\u00e1t: h\u00e1rom vb-n szerepelt \u2013 1962, 1966, 1970 \u2013, az ut\u00f3bbi kett\u0151n ez\u00fcst-, illetve bronz\u00e9rmet nyert az NSZK v\u00e1logatottj\u00e1nak tagjak\u00e9nt.\r\n\r\nBologn\u00e1ban volt m\u00e1r egy l\u00e9gi\u00f3s, a d\u00e1n <strong>Harald Nielsen<\/strong>, aki szint\u00e9n Black Jackkel \u00e9rt fel: 21 g\u00f3lj\u00e1val \u0151 lett az 1963\/64-es it\u00e1liai \u00e9vad g\u00f3lkir\u00e1lya. Hat \u00e9vadot t\u00f6lt\u00f6tt a csapatn\u00e1l, ez alatt 157 bajnoki meccsen 104 g\u00f3lt termelt, majd akkori rekord\u00f6sszeg\u00e9rt igazolt az Internazional\u00e9hoz, \u00e1m Mil\u00e1n\u00f3ban \u2013 h\u00e1ts\u00e9r\u00fcl\u00e9se miatt \u2013 nem \u00e9rt el hasonl\u00f3 sikereket.\r\n\r\nNem \u00e1llom meg, hogy k\u00f6zbe ne vessem: a Bologna 1962 \u0151sz\u00e9n \u2013 Hallerest\u00fcl, Nielsenest\u00fcl, tov\u00e1bb\u00e1 az uruguayi<strong> Hector de Marc\u00f3t<\/strong> is felvonultatva \u2013 a Vasassal v\u00edvta a K\u00f6z\u00e9p-eur\u00f3pai Kupa d\u00f6nt\u0151j\u00e9t, \u00e9s a budapesti piros-k\u00e9kek 5-1, 1-2-vel h\u00f3d\u00edtott\u00e1k el a tr\u00f3fe\u00e1t. A N\u00e9pstadionban rendezett els\u0151 m\u00e9rk\u0151z\u00e9sen a jobbfedezet (!) <strong>Bundzs\u00e1k Dezs\u0151<\/strong> n\u00e9gy g\u00f3lt \u00e9rt el.\r\n\r\n<img class=\"alignnone size-full wp-image-11475\" src=\"https:\/\/sport24.24.hu\/app\/uploads\/sites\/24\/2023\/12\/vasas-bologna.jpg\" alt=\"\" width=\"1300\" height=\"857\" \/>\r\n<div class=\"payable-content-section\"><\/div>\r\nAz olasz bajnoki rangad\u00f3n Nielsen szerzett vezet\u00e9st, j\u00f3llehet a centernek m\u00e1r a harmadik percben megh\u00faz\u00f3dott a combja. Amikor a h\u00e1l\u00f3ba l\u0151tt, \u00e9ppen <strong>Sandro Salvador\u00e9t<\/strong>, a Juventus v\u00e1logatott k\u00f6z\u00e9ph\u00e1tv\u00e9dj\u00e9t \u00e1polt\u00e1k a partvonal ment\u00e9n\u2026\r\n\r\nAzt\u00e1n a m\u00e1sodik f\u00e9lid\u0151 elej\u00e9n a szint\u00e9n v\u00e1logatott <strong>Giacomo Bulgarelli<\/strong> 2-0-ra alak\u00edtotta az \u00e1ll\u00e1st, majd a Real Madridban is j\u00e1tsz\u00f3 spanyol <strong>Luis del Sol<\/strong> 11-es\u00e9t <strong>William Negri<\/strong> kiv\u00e9dte. A kapusr\u00f3l Dall\u2019Ara azt mondta: \u201eAkkor lett teljes a csapat, amikor \u0151t szerz\u0151dtett\u00fck a Mantov\u00e1t\u00f3l.\u201d\r\n\r\n<strong>Sivori<\/strong> hi\u00e1ba sz\u00e9p\u00edtett 2-1-re, a Juv\u00e9nak nem maradt es\u00e9lye az egyenl\u00edt\u00e9sre, mert a hajr\u00e1ban Bulgarelli nem engedett elv\u00e9gezni egy szabadr\u00fag\u00e1st, mire Ernesto Castano arcul csapta. <strong>Francesco Francescon<\/strong>i j\u00e1t\u00e9kvezet\u0151 azonnal ki\u00e1ll\u00edtotta a torin\u00f3i v\u00e9d\u0151t, mert nem bokszmeccs volt m\u0171soron.\r\n\r\n<span class=\"highlight-block\">A Bologna azt\u00e1n egyenes \u00faton haladt a bajnoki c\u00edm fel\u00e9, <\/span>\r\n\r\nm\u00edgnem 1964. febru\u00e1r 2-\u00e1n, a Torino 4-1-es legy\u0151z\u00e9se ut\u00e1n a doppingellen\u0151rz\u00e9s amfetaminszer\u0171 anyagok jelenl\u00e9t\u00e9t bizony\u00edtotta <strong>Romano Fogli<\/strong>, <strong>Ezio Pascutti<\/strong>, <strong>Mirko Pavinato<\/strong>, <strong>Marino Perani<\/strong> \u00e9s <strong>Paride Tumburus<\/strong> szervezet\u00e9ben.\r\n\r\nA kontroll az\u00e9rt szigorodott, mert 1962 \u00e1prilis\u00e1ban az Internazionale, a Bologna, a Mantova \u00e9s a Milan nyolc j\u00e1t\u00e9kos\u00e1n\u00e1l \u00e1llap\u00edtottak meg doppingra utal\u00f3 t\u00fcneteket, <strong>Franco Zagli\u00f3t<\/strong> (Inter) t\u00f6r\u00f6lt\u00e9k a vil\u00e1gbajnoks\u00e1gra nevezettek list\u00e1j\u00e1r\u00f3l, <strong>Gigi Radic\u00e9t<\/strong> (Milan) p\u00e9nzb\u00fcntet\u00e9sre \u00edt\u00e9lt\u00e9k. Azt\u00e1n 1963 febru\u00e1rj\u00e1ban h\u00e9t n\u00e1polyi labdar\u00fag\u00f3t \u00e9rtek doppingol\u00e1son, \u00e9s hosszabb-r\u00f6videbb idej\u0171 felf\u00fcggeszt\u00e9ssel s\u00fajtott\u00e1k \u0151ket. Majd 1963 j\u00falius\u00e1ban a Genoa n\u00e9gy futballist\u00e1j\u00e1t meszelt\u00e9k el tiltott szerek haszn\u00e1lata miatt, m\u00edg a klubnak 9 milli\u00f3 l\u00edr\u00e1s p\u00e9nzb\u00fcntet\u00e9st kellett fizetnie.\r\n\r\nA sportb\u00edr\u00f3s\u00e1g a Bologn\u00e1t\u00f3l h\u00e1rom pontot levont \u2013 ezzel a m\u00e1sodik helyre l\u00f6kte vissza a csapatot \u2013, Bernardinit f\u00e9l \u00e9vre eltiltotta, a j\u00e1t\u00e9kosokat felmentette. Az edz\u0151 azt mondta:\r\n<blockquote class=\"small-quote\">\u00dagy \u00e9rzem magam, mintha egy felh\u0151karcol\u00f3 tetej\u00e9r\u0151l zuhantam volna le.<\/blockquote>\r\nA klub fellebbezett, \u00e9s m\u00e1sodfokon a Bologn\u00e1t felmentett\u00e9k minden felel\u0151ss\u00e9g al\u00f3l. M\u00e9gpedig az\u00e9rt, mert kider\u00fclt: a k\u00e9mcs\u00f6vek \u0151rz\u00e9s\u00e9nek k\u00f6r\u00fclm\u00e9nyei tragikomikusak voltak, az \u00fcvegcs\u00e9k lez\u00e1ratlanul \u00e1lltak egy h\u0171t\u0151szekr\u00e9nyben.\r\n\r\nEz\u00e9rt \u00faj elemz\u00e9st rendeltek el, \u00e9s a m\u00e1sodik anal\u00edzis negat\u00edv eredm\u00e9nnyel z\u00e1rult.\r\n\r\nBebizonyosodott, hogy a Bologna elleni \u00f6sszeesk\u00fcv\u00e9sr\u0151l volt sz\u00f3, s\u0151t az els\u0151 ellen\u0151rz\u00e9st fel\u00fcl\u00edr\u00f3k arra is r\u00e1mutattak:\r\n\r\n<span class=\"highlight-block\">az eredetileg vizsg\u00e1lt mint\u00e1kban tal\u00e1lt amfetamin mennyis\u00e9ge egy lovat is ki\u00fct\u00f6tt volna.<\/span>\r\n\r\nMivel a Bologna \u00e9s az Inter azonos pontsz\u00e1mmal z\u00e1rta a bajnoks\u00e1got, a Serie A t\u00f6rt\u00e9net\u00e9nek egyetlen r\u00e1j\u00e1tsz\u00e1s\u00e1t tartott\u00e1k 1964. j\u00fanius 7-\u00e9n R\u00f3m\u00e1ban. Az Internazionale t\u00edz nappal kor\u00e1bban \u2013a Real Madrid 3-1-es b\u00e9csi legy\u0151z\u00e9s\u00e9vel \u2013 elh\u00f3d\u00edtotta a BEK-et (1963-ban a Milan volt a Bajnokcsapatok Eur\u00f3pa Kup\u00e1ja-gy\u0151ztes).\r\n\r\nA bajnoki d\u00f6nt\u0151t a Bologna nyerte \u2013 Fogli \u00e9s Nielsen g\u00f3lj\u00e1val \u2013 2-0-ra.\r\n\r\nhttps:\/\/www.youtube.com\/watch?v=EYWFz7qO9vU&amp;ab_channel=Enki2011\r\n\r\nDall'Ara azt m\u00e1r nem \u00e9rte meg: mik\u00f6zben n\u00e9gy nappal a cs\u00facstal\u00e1lkoz\u00f3 el\u0151tt <strong>Angelo Morattival<\/strong>, az Internazionale klubeln\u00f6k\u00e9vel t\u00e1rgyalt, sz\u00edvrohamot kapott, \u00e9s meghalt.\r\n\r\nAmikor a BEK 1964\/65-\u00f6s \u00e9vad\u00e1nak els\u0151 fordul\u00f3 fordul\u00f3j\u00e1ban az Anderlecht az 1-0-t \u00e9s 1-2-t k\u00f6vet\u0151 harmadik m\u00e9rk\u0151z\u00e9s, a barcelonai 0-0 ut\u00e1n p\u00e9nzfeldob\u00e1ssal jutott tov\u00e1bb, t\u00f6bb bolognainak esz\u00e9be jutott, hogy \u201ecsaknem sz\u00edvrohamot kaptam\u201d.\r\n\r\nDe m\u00e9g v\u00e9letlen\u00fcl sem ejtette ki a sz\u00e1j\u00e1n, mire gondolt, vagy ha mondta volna, elharapta.\r\n\r\n[prefabricated_shortcode in_app=\"0\" code=\"%3Cdiv%20class%3D%22article_box_border%22%20style%3D%22background%3A%20url%28%27https%3A%2F%2F24.p3k.hu%2Fapp%2Fuploads%2Fsites%2F24%2F2021%2F05%2Fsport24-pattern.png%27%29%20no-repeat%20left%20-16px%20%23f3f3f4%3B%20border%3A%20none%3B%22%3E%0D%0A%3Cdiv%20class%3D%22article_solidheader%22%3E%0D%0A%3Ch2%20style%3D%22color%3A%20%23111115%21important%3B%20font-size%3A%2036px%3B%20font-weight%3A%20bold%3B%20margin-bottom%3A%2030px%3B%20margin-top%3A%2020px%3B%20text-align%3A%20center%3B%20line-height%3A%2036px%3B%22%3E%3Cimg%20class%3D%22aligncenter%20size-full%20wp-image-141%22%20src%3D%22https%3A%2F%2F24.p3k.hu%2Fapp%2Fuploads%2Fsites%2F24%2F2021%2F05%2Fs24-logo-dt.png%22%20alt%3D%22%22%20width%3D%22408%22%20height%3D%2290%22%20%2F%3E%3C%2Fh2%3E%0D%0A%3Ch2%20style%3D%22color%3A%20%23111115%21important%3B%20font-size%3A%2036px%3B%20font-weight%3A%20bold%3B%20margin-bottom%3A%2030px%3B%20margin-top%3A%2020px%3B%20text-align%3A%20center%3B%20line-height%3A%2040px%3B%22%3ECsatlakozz%20a%20Sport24%20k%C3%B6z%C3%B6ss%C3%A9ghez%2C%20mondd%20el%20v%C3%A9lem%C3%A9nyedet%20z%C3%A1rt%20Facebook-csoportunkban%2C%20%C3%A9s%20vegy%C3%A9l%20r%C3%A9szt%20csak%20el%C5%91fizet%C5%91knek%20el%C3%A9rhet%C5%91%20exkluz%C3%ADv%20esem%C3%A9nyeinken.%3C%2Fh2%3E%0D%0A%3C%2Fdiv%3E%0D%0A%3Cp%20style%3D%22background%3A%20%2357A600%3B%20margin-top%3A%2020px%3B%20padding%3A%2020px%3B%20text-align%3A%20center%3B%22%3E%3Ca%20style%3D%22color%3A%20%23ffffff%3B%20font-size%3A%2026px%3B%20font-weight%3A%20600%3B%22%20href%3D%22https%3A%2F%2Fwww.facebook.com%2Fgroups%2F212344460412327%22%3ECSATLAKOZOM%3C%2Fa%3E%3C%2Fp%3E%0D%0A%0D%0A%3C%2Fdiv%3E\"]","type":"rich","thumbnail_url":"https:\/\/s.24.hu\/app\/uploads\/sites\/24\/2023\/12\/fulvio-bernardini-150x150.jpg","thumbnail_width":150,"thumbnail_height":150}